{"id":33093,"date":"2026-08-28T18:23:43","date_gmt":"2026-08-28T16:23:43","guid":{"rendered":"https:\/\/itbranschen.com\/?post_type=ajde_events&#038;p=33093"},"modified":"2026-08-31T18:12:03","modified_gmt":"2026-08-31T16:12:03","slug":"vahittaiskauppa-ja-verkkokauppa-kuka-voittaa-ja-kuka-haviaa","status":"publish","type":"ajde_events","link":"https:\/\/itbranschen.com\/fi\/events\/detaljhandel-och-e-handel-vem-vinner-och-vem-forlorar\/","title":{"rendered":"V\u00e4hitt\u00e4iskauppa ja verkkokauppa \u2013 kuka voittaa ja kuka h\u00e4vi\u00e4\u00e4?"},"content":{"rendered":"<p class=\"wp-block-paragraph\">V\u00e4hitt\u00e4iskauppa ja verkkokauppa k\u00e4yv\u00e4t l\u00e4pi yht\u00e4 dramaattisimmista muutoksista vuosikymmeniin. Kuluttajak\u00e4ytt\u00e4ytymisen muutokset, toimitusketjun paineet, uudet teknologiat ja teko\u00e4lypohjaisen personoinnin lis\u00e4\u00e4ntyminen muokkaavat sit\u00e4, miten br\u00e4ndit kilpailevat huomiosta, asiakasuskollisuudesta ja markkinaosuuksista. Perinteiset v\u00e4hitt\u00e4iskauppiaat uudistuvat, digitaalisesti suuntautuneet toimijat skaalautuvat aggressiivisesti, ja t\u00e4ysin uusia liiketoimintamalleja on syntym\u00e4ss\u00e4.<\/p>\n\n\n\n<p class=\"wp-block-paragraph\">T\u00e4m\u00e4n tapahtuman aikana tutkimme, mitk\u00e4 strategiat erottavat huomisen voittajat muista.<\/p>\n\n\n\n<p class=\"wp-block-paragraph\"><a href=\"https:\/\/itbranschen.com\/tag\/b2b-e-handel-sverige\/\" data-type=\"post_tag\" data-id=\"1251\">V\u00e4hitt\u00e4iskauppa ja verkkokauppa<\/a> on k\u00e4ym\u00e4ss\u00e4 l\u00e4pi yht\u00e4 dramaattisimmista muutoksista vuosikymmeniin.<\/p>\n\n\n\n<p class=\"wp-block-paragraph\">Kuluttajak\u00e4ytt\u00e4ytymisen muutokset, toimitusketjun paineet, uudet teknologiat ja teko\u00e4lypohjaisen personoinnin lis\u00e4\u00e4ntyminen muokkaavat sit\u00e4, miten br\u00e4ndit kilpailevat huomiosta, asiakasuskollisuudesta ja markkinaosuuksista.<\/p>\n\n\n\n<p class=\"wp-block-paragraph\">Perinteiset v\u00e4hitt\u00e4iskauppiaat uudistuvat, digitaaliset toimijat skaalautuvat aggressiivisesti ja t\u00e4ysin uusia liiketoimintamalleja on syntym\u00e4ss\u00e4.<\/p>\n\n\n\n<p class=\"wp-block-paragraph\">T\u00e4m\u00e4n tapahtuman aikana tutkimme, mitk\u00e4 strategiat erottavat huomisen voittajat muista.<\/p>\n\n\n\n<p class=\"wp-block-paragraph\"><a href=\"https:\/\/www.linkedin.com\/in\/katarzyna-moleda-enterculture\/\" target=\"_blank\" rel=\"noreferrer noopener\"><strong>Katarzyna Mol\u0119da<\/strong><\/a> , varapuheenjohtaja, <a href=\"https:\/\/www.linkedin.com\/company\/sphk\/\" target=\"_blank\" rel=\"noreferrer noopener\"><strong>Ruotsalais-puolalainen kauppakamari<\/strong><\/a> \u2013 Tervetulotoivotukset<\/p>\n\n\n\n<p class=\"wp-block-paragraph\"><a href=\"https:\/\/www.linkedin.com\/in\/micke-hermansson-236a43137\/en\/\" target=\"_blank\" rel=\"noreferrer noopener\"><strong>Michael Hermansson<\/strong><\/a> , kansainv\u00e4linen p\u00e4\u00e4puhuja, 15 kirjan kirjoittaja \u2013 The Presentation Boost: How to Reach Your Customer Base<\/p>\n\n\n\n<p class=\"wp-block-paragraph\"><a href=\"https:\/\/www.linkedin.com\/in\/yvonnemagnusson\/\" target=\"_blank\" rel=\"noopener\"><strong>Yvonne Magnusson<\/strong><\/a> , toimitusjohtaja, shiftretail@CFM AB \u2013 Teko\u00e4lyll\u00e4 toimiva v\u00e4hitt\u00e4iskaupan tulevaisuus: Voittaminen agenttikaupan aikakaudella<\/p>\n\n\n\n<p class=\"wp-block-paragraph\"><a href=\"https:\/\/www.linkedin.com\/in\/maciejbiesiada\/\" target=\"_blank\" rel=\"noreferrer noopener\"><strong>Maciej Biesiada<\/strong><\/a> , toimitusjohtaja, <a href=\"https:\/\/www.linkedin.com\/company\/biesiada-invest\/\" target=\"_blank\" rel=\"noreferrer noopener\"><strong>Biesiada Invest<\/strong><\/a> \u2013 Ikonisen br\u00e4ndin tukeminen: Dukan uudelleen keksiminen uudelle aikakaudelle<\/p>\n\n\n\n<p class=\"wp-block-paragraph\"><a href=\"https:\/\/www.linkedin.com\/in\/aleksandra-gepert\/\" target=\"_blank\" rel=\"noreferrer noopener\"><strong>Aleksandra Gepert<\/strong><\/a> , Vanhempi konsultointijohtaja, <a href=\"https:\/\/www.linkedin.com\/company\/clouds-on-mars\/\" target=\"_blank\" rel=\"noreferrer noopener\"><strong>Pilvi\u00e4 Marsissa<\/strong><\/a> \u2013 Teko\u00e4lyn avulla v\u00e4hitt\u00e4iskaupan voittaminen alkaa ennen teko\u00e4ly\u00e4: Data, ontologia ja johtajuus kilpailuetuna<\/p>\n\n\n\n<p class=\"wp-block-paragraph\"><a href=\"https:\/\/www.linkedin.com\/in\/hannakarppi\/\" target=\"_blank\" rel=\"noopener\"><strong>Hanna Karppi<\/strong><\/a> , digitaalisen osallisuuden johtaja, <a href=\"https:\/\/www.linkedin.com\/company\/nexer-digital\/\" target=\"_blank\" rel=\"noreferrer noopener\"><strong>Nexer Digital<\/strong><\/a> \u2013 Osallisuus v\u00e4hitt\u00e4iskaupan ja verkkokaupan kasvun ajurina<\/p>\n\n\n\n<p class=\"wp-block-paragraph\"><a href=\"https:\/\/www.linkedin.com\/in\/adam-morawski\/\" target=\"_blank\" rel=\"noreferrer noopener\"><strong>Adam Morawski<\/strong><\/a> , perustaja <a href=\"https:\/\/www.linkedin.com\/company\/morawski-&amp;-partners-international-lawyers\/\" target=\"_blank\" rel=\"noreferrer noopener\"><strong>MORAWSKI &amp; PARTNERS Kansainv\u00e4liset lakimiehet<\/strong><\/a> \u2013 V\u00e4hitt\u00e4iskauppavalmius: Ulkomaiset tuotemerkit asettuvat Puolaan. Case-tutkimus: Kaksi Lululemon-myym\u00e4l\u00e4\u00e4 avautuu Varsovassa<\/p>\n\n\n\n<p class=\"wp-block-paragraph\">Paneelikeskustelu: Seuraava v\u00e4hitt\u00e4iskaupan vallankumous: Mik\u00e4 m\u00e4\u00e4rittelee menestyksen? Mukana: <a href=\"https:\/\/www.linkedin.com\/in\/ralucaresmerita\/\" target=\"_blank\" rel=\"noreferrer noopener\"><strong>Raluca T\u0103t\u0103ru\u0219anu<\/strong><\/a> , EMEA- ja APAC-alueen myyntijohtaja, <a href=\"https:\/\/www.linkedin.com\/company\/druidai\/\" target=\"_blank\" rel=\"noreferrer noopener\"><strong>Druidin teko\u00e4ly<\/strong><\/a> , <a href=\"https:\/\/www.linkedin.com\/in\/monika-ferreira\/\" target=\"_blank\" rel=\"noreferrer noopener\"><strong>Monika Ferreira<\/strong><\/a> , perustaja, strateginen neuvonantaja, Franchise 2.0 -kasvu- ja johtamismallin luoja, skaalautuva strategina, <a href=\"https:\/\/www.linkedin.com\/in\/pingis-ingegerd-anna-kristina-berg-hadenius-6935b427\/\" target=\"_blank\" rel=\"noreferrer noopener\"><strong>Pingis Ingegerd Anna Kristina Berg-Hadenius<\/strong><\/a> , hallituksen puheenjohtaja, <a href=\"https:\/\/www.linkedin.com\/company\/by-benson\/\" target=\"_blank\" rel=\"noreferrer noopener\"><strong>Bensonin toimesta<\/strong><\/a> , verkkokaupan yritt\u00e4j\u00e4,<\/p>\n\n\n\n<p class=\"wp-block-paragraph\"><a href=\"https:\/\/www.linkedin.com\/in\/jacek-ziolkowski\/en\/\" target=\"_blank\" rel=\"noreferrer noopener\"><strong>Jacek Ziolkowski<\/strong><\/a> , <a href=\"https:\/\/www.linkedin.com\/in\/adamrogowski\/\" target=\"_blank\" rel=\"noreferrer noopener\"><strong>Adam Rogowski<\/strong><\/a> , Toimitusjohtajat, <a href=\"https:\/\/www.linkedin.com\/company\/sphk\/\" target=\"_blank\" rel=\"noreferrer noopener\"><strong>Ruotsalais-puolalainen kauppakamari<\/strong><\/a> \u2013 \u201cLoppup\u00e4\u00e4telm\u00e4t\u201d<\/p>\n\n\n\n<h2 class=\"wp-block-heading\">Verkostoituminen<\/h2>\n\n\n\n<p class=\"wp-block-paragraph\">Moderaattori: <a href=\"https:\/\/www.linkedin.com\/in\/sofia-valentin-bb403814\/\" target=\"_blank\" rel=\"noreferrer noopener\"><strong>Sofia Valentin<\/strong><\/a> , toimitusjohtaja, <a href=\"https:\/\/www.linkedin.com\/company\/joy-shop-ab\/\" target=\"_blank\" rel=\"noreferrer noopener\"><strong>JOY-kauppa<\/strong><\/a><br>Verkkomarkkinointi: <a href=\"https:\/\/www.linkedin.com\/in\/jesper-regula\/\" target=\"_blank\" rel=\"noreferrer noopener\"><strong>Jesper Regula<\/strong><\/a> , verkkokaupan p\u00e4\u00e4llikk\u00f6, <a href=\"https:\/\/www.linkedin.com\/company\/sphk\/\" target=\"_blank\" rel=\"noreferrer noopener\"><strong>Ruotsalais-puolalainen kauppakamari<\/strong><\/a><\/p>\n\n\n\n<p class=\"wp-block-paragraph\"><strong>V\u00e4hitt\u00e4iskauppa ja verkkokauppa: kuka voittaa ja kuka h\u00e4vi\u00e4\u00e4? Ilmainen tapahtuma<\/strong><\/p>\n\n\n\n<p class=\"wp-block-paragraph\">21. syyskuuta 2026 klo 13.00\u201315.30 CET<\/p>\n\n\n\n<p class=\"wp-block-paragraph\">Generator Stockholm, Torsgatan 10 ja verkossa<\/p>\n\n\n\n<p class=\"wp-block-paragraph\"><strong>Rekister\u00f6inti:<\/strong><\/p>\n\n\n\n<p class=\"wp-block-paragraph\"><strong>Henkil\u00f6kohtainen l\u00e4sn\u00e4olo: <a href=\"https:\/\/lnkd.in\/dj2fBeDr\" target=\"_blank\" rel=\"noreferrer noopener sponsored\">https:\/\/lnkd.in\/dj2fBeDr<\/a><\/strong><\/p>\n\n\n\n<p class=\"wp-block-paragraph\"><strong>Verkkosivusto: Rekister\u00f6idy LinkedInin kautta.<\/strong><\/p>\n\n\n\n<p class=\"wp-block-paragraph\"><\/p>","protected":false},"author":1,"featured_media":33107,"menu_order":0,"comment_status":"closed","ping_status":"closed","template":"","meta":[],"tags":[1441,1429,24,8514,1422,8515,67,2454,1145,8516,8517,865,185,1768,1782,751,1155,1578,8518,89,866,7,8519,8520],"event_type":[7473],"event_type_2":[],"class_list":["post-33093","ajde_events","type-ajde_events","status-publish","has-post-thumbnail","tag-affarsutveckling","tag-agentisk-ai","tag-ai","tag-ai-driven-personalisering","tag-artificiell-intelligens","tag-clouds-on-mars","tag-detaljhandel","tag-digital-handel","tag-digitalisering","tag-druid-ai","tag-duka","tag-e-handel","tag-event","tag-it-branschen-2","tag-it-nyheter","tag-it-branschen","tag-konsumentbeteende","tag-kundupplevelse","tag-nexer-digital","tag-nyheter","tag-retail","tag-stockholm","tag-svensk-polska-handelskammaren","tag-swedish-romanian-chamber-of-commerce","event_type-konferens","cs-entry","cs-video-wrap"],"_links":{"self":[{"href":"https:\/\/itbranschen.com\/fi\/wp-json\/wp\/v2\/ajde_events\/33093","targetHints":{"allow":["GET"]}}],"collection":[{"href":"https:\/\/itbranschen.com\/fi\/wp-json\/wp\/v2\/ajde_events"}],"about":[{"href":"https:\/\/itbranschen.com\/fi\/wp-json\/wp\/v2\/types\/ajde_events"}],"author":[{"embeddable":true,"href":"https:\/\/itbranschen.com\/fi\/wp-json\/wp\/v2\/users\/1"}],"replies":[{"embeddable":true,"href":"https:\/\/itbranschen.com\/fi\/wp-json\/wp\/v2\/comments?post=33093"}],"wp:featuredmedia":[{"embeddable":true,"href":"https:\/\/itbranschen.com\/fi\/wp-json\/wp\/v2\/media\/33107"}],"wp:attachment":[{"href":"https:\/\/itbranschen.com\/fi\/wp-json\/wp\/v2\/media?parent=33093"}],"wp:term":[{"taxonomy":"post_tag","embeddable":true,"href":"https:\/\/itbranschen.com\/fi\/wp-json\/wp\/v2\/tags?post=33093"},{"taxonomy":"event_type","embeddable":true,"href":"https:\/\/itbranschen.com\/fi\/wp-json\/wp\/v2\/event_type?post=33093"},{"taxonomy":"event_type_2","embeddable":true,"href":"https:\/\/itbranschen.com\/fi\/wp-json\/wp\/v2\/event_type_2?post=33093"}],"curies":[{"name":"wp","href":"https:\/\/api.w.org\/{rel}","templated":true}]}}