{"id":28443,"date":"2026-07-09T22:43:22","date_gmt":"2026-07-09T20:43:22","guid":{"rendered":"https:\/\/itbranschen.com\/?post_type=ajde_events&#038;p=28443"},"modified":"2026-07-24T14:52:07","modified_gmt":"2026-07-24T12:52:07","slug":"puolustusmassan-kokonaismaara-2026","status":"publish","type":"ajde_events","link":"https:\/\/itbranschen.com\/fi\/events\/totalforsvarsmassan-2026\/","title":{"rendered":"Kokonaispuolustusmessut"},"content":{"rendered":"<p class=\"wp-block-paragraph\"><strong><a href=\"https:\/\/itbranschen.com\/tag\/totalforsvarsmassan\/\" data-type=\"post_tag\" data-id=\"2826\">Kokonaispuolustusmessut<\/a> on Ruotsin johtava kokonaisvaltaisen puolustuksen, yhteiskunnallisen turvallisuuden ja kansallisen valmiuden kohtaamispaikka. Se kokoaa yhteen p\u00e4\u00e4t\u00f6ksentekij\u00e4t, viranomaiset, asevoimat, yritysmaailman, kunnat, alueet, tutkimuslaitokset ja teknologiatoimittajat vahvistaakseen yhdess\u00e4 Ruotsin selviytymiskyky\u00e4 tulevaisuuden haasteiden edess\u00e4.<\/strong><\/p>\n\n\n\n<p class=\"wp-block-paragraph\">Aikana, jolloin turvallisuustilanne muuttuu nopeasti, siviili- ja sotilastoimijoiden yhteisty\u00f6ll\u00e4 on ratkaiseva rooli. Total Defence Fair toimii kansallisena alustana, jossa tieto, innovaatio ja kokemus yhdistyv\u00e4t tulevaisuuden kokonaisvaltaisen puolustuksen kehitt\u00e4miseksi. Inspiroivien luentojen, asiantuntijapaneelien, n\u00e4yttelyiden ja k\u00e4yt\u00e4nn\u00f6n demonstraatioiden kautta k\u00e4vij\u00e4t saavat ainutlaatuisen n\u00e4kemyksen puolustuksen uusimmista ratkaisuista, <a href=\"https:\/\/itbranschen.com\/category\/cybersakerhet\/\">kyberturvallisuus<\/a>, kriittinen infrastruktuuri, h\u00e4t\u00e4valmius ja siviilikriisinsietokyky.<\/p>\n\n\n\n<p class=\"wp-block-paragraph\">Messut j\u00e4rjestet\u00e4\u00e4n rinnakkain <strong><a href=\"https:\/\/totalforsvarsmassan.se\/\" target=\"_blank\" data-schema-attribute=\"mentions\" rel=\"noreferrer noopener sponsored\">SUOJAUS<\/a><\/strong>, Pohjoismaiden johtava turvallisuuden, palontorjunnan ja pelastuspalvelun kohtaamispaikka, luoden ainutlaatuisen areenan, jossa koko turvallisuuden ja h\u00e4t\u00e4valmiuden ekosysteemi on koottu saman katon alle.<\/p>\n\n\n\n<h2 class=\"wp-block-heading\">N\u00e4ytteilleasettajille<\/h2>\n\n\n\n<p class=\"wp-block-paragraph\">N\u00e4ytteilleasettajan roolissa sinulla on mahdollisuus tavata yksi Ruotsin p\u00e4tevimmist\u00e4 kohderyhmist\u00e4 kokonaisvaltaisen puolustuksen ja yleisen turvallisuuden alalla. T\u00e4\u00e4lt\u00e4 l\u00f6yd\u00e4t p\u00e4\u00e4t\u00f6ksentekij\u00f6it\u00e4 valtion virastoista, kunnista, alueilta, asevoimista, v\u00e4est\u00f6nsuojelusta, sinisten valojen viranomaisista, julkiselta sektorilta ja johtavista yrityksist\u00e4, jotka vastaavat Ruotsin turvallisuudesta ja valmiudesta.<\/p>\n\n\n\n<p class=\"wp-block-paragraph\">Messut tarjoavat tehokkaan alustan:<\/p>\n\n\n\n<ul class=\"wp-block-list\">\n<li>Esittele uusia tuotteita, palveluita ja innovaatioita.<\/li>\n\n\n\n<li>Luo suhteita p\u00e4\u00e4t\u00f6ksentekij\u00f6ihin ja ostajiin.<\/li>\n\n\n\n<li>Tunnista uusia liiketoimintamahdollisuuksia ja strategisia kumppanuuksia.<\/li>\n\n\n\n<li>Vahvistaa br\u00e4ndi\u00e4 puolustus- ja turvallisuusalalla.<\/li>\n\n\n\n<li>Osallistu Ruotsin tulevan kokonaisvaltaisen puolustuksen kehitt\u00e4miseen.<\/li>\n<\/ul>\n\n\n\n<h2 class=\"wp-block-heading\">Vierailijoille<\/h2>\n\n\n\n<p class=\"wp-block-paragraph\">Total Defence Fair tarjoaa kolme p\u00e4iv\u00e4\u00e4 t\u00e4ynn\u00e4 tietoa, inspiraatiota ja verkostoitumista. T\u00e4\u00e4ll\u00e4 tapaat viranomaisia, asevoimia, turvallisuusyrityksi\u00e4, teknologiatoimittajia, tutkimusorganisaatioita ja vapaaehtoisj\u00e4rjest\u00f6j\u00e4, jotka yhdess\u00e4 osoittavat, kuinka Ruotsi vahvistaa kyky\u00e4\u00e4n vastata tulevaisuuden turvallisuushaasteisiin.<\/p>\n\n\n\n<p class=\"wp-block-paragraph\">K\u00e4vij\u00e4t p\u00e4\u00e4sev\u00e4t tutustumaan uusimpiin innovaatioihin seuraavilla aloilla:<\/p>\n\n\n\n<ul class=\"wp-block-list\">\n<li><a href=\"https:\/\/itbranschen.com\/category\/cybersakerhet\/\">Kyberturvallisuus<\/a><\/li>\n\n\n\n<li><a href=\"https:\/\/itbranschen.com\/category\/artificiell-intelligens\/\">Teko\u00e4ly<\/a> ja <a href=\"https:\/\/itbranschen.com\/category\/digitalisering\/\">digitalisointi<\/a><\/li>\n\n\n\n<li>Kriittinen infrastruktuuri<\/li>\n\n\n\n<li>Viestint\u00e4j\u00e4rjestelm\u00e4<\/li>\n\n\n\n<li>Kriisinhallinta ja valmius<\/li>\n\n\n\n<li>Puolustusteknologia<\/li>\n\n\n\n<li>V\u00e4est\u00f6nsuojelu<\/li>\n\n\n\n<li>Yhteis\u00f6n suojelu<\/li>\n\n\n\n<li>Logistiikka ja toimitusketju<\/li>\n\n\n\n<li>Drooniteknologia ja autonomiset j\u00e4rjestelm\u00e4t<\/li>\n<\/ul>\n\n\n\n<p class=\"wp-block-paragraph\">Ty\u00f6skenteletp\u00e4 sitten julkisella sektorilla, liike-el\u00e4m\u00e4ss\u00e4 tai puolustusteollisuudessa, messut tarjoavat arvokasta tietoa ja mahdollisuuksia luoda uusia yhteisty\u00f6mahdollisuuksia.<\/p>\n\n\n\n<h2 class=\"wp-block-heading\">Mit\u00e4 messuilla tapahtuu?<\/h2>\n\n\n\n<p class=\"wp-block-paragraph\">Kolmen intensiivisen p\u00e4iv\u00e4n aikana tarjotaan laaja ohjelma, johon kuuluu p\u00e4\u00e4puhujia, paneelikeskusteluja, asiantuntijaseminaareja ja tulevaisuudenn\u00e4kemyksi\u00e4 Ruotsin johtavilta kokonaisvaltaisen puolustuksen ja yhteiskuntaturvallisuuden asiantuntijoilta.<\/p>\n\n\n\n<p class=\"wp-block-paragraph\">Ohjelmaan kuuluu muun muassa:<\/p>\n\n\n\n<ul class=\"wp-block-list\">\n<li>Ajankohtaiset globaalit analyysit ja turvallisuuspoliittiset n\u00e4k\u00f6kulmat.<\/li>\n\n\n\n<li>Paneelikeskusteluja Ruotsin tulevasta kokonaisvaltaisesta maanpuolustuksesta.<\/li>\n\n\n\n<li>Teknisi\u00e4 demonstraatioita ja tuotelanseerauksia.<\/li>\n\n\n\n<li>Seminaarit aiheesta <a href=\"https:\/\/itbranschen.com\/category\/cybersakerhet\/\">kyberturvallisuus<\/a>, <a href=\"https:\/\/itbranschen.com\/category\/artificiell-intelligens\/\">Teko\u00e4ly<\/a> ja kriittinen infrastruktuuri.<\/li>\n\n\n\n<li>Verkostoitumista ja yritystapaamisia.<\/li>\n\n\n\n<li>Innovaatioalueet, joilla esitell\u00e4\u00e4n uusia ratkaisuja.<\/li>\n\n\n\n<li>Mahdollisuus tavata johtavia viranomaisia, yrityksi\u00e4 ja organisaatioita.<\/li>\n<\/ul>\n\n\n\n<p class=\"wp-block-paragraph\">Total Defence Fair on enemm\u00e4n kuin perinteiset messut. Se on strateginen kohtaamispaikka, jossa tieto, innovaatio ja yhteisty\u00f6 vahvistavat Ruotsin turvallisuutta, valmiutta ja selviytymiskyky\u00e4 tulevaisuuden haasteiden edess\u00e4.<\/p>","protected":false},"author":1,"featured_media":28444,"menu_order":0,"comment_status":"closed","ping_status":"closed","template":"","meta":[],"tags":[24,1422,7488,5165,3711,31,1145,3019,3427,2827,7489,2790,5633,1731,588,2185,3018,1340,2783,5163,7487,2179,2823,7,2824,5162,2826,5632],"event_type":[7490],"event_type_2":[],"class_list":["post-28443","ajde_events","type-ajde_events","status-publish","has-post-thumbnail","tag-ai","tag-artificiell-intelligens","tag-blaljus","tag-civilforsvar","tag-cyberforsvar","tag-cybersakerhet","tag-digitalisering","tag-forsvarsindustri","tag-forsvarsmakten","tag-forsvarsteknik","tag-it-branschen-3","tag-kommuner","tag-krisberedskap","tag-kritisk-infrastruktur","tag-msb","tag-myndigheter","tag-nationell-sakerhet","tag-offentlig-sektor","tag-regioner","tag-sakerhetsbranschen","tag-sakerhetsteknik","tag-samhallssakerhet","tag-skydd","tag-stockholm","tag-stockholmsmassan","tag-totalforsvar","tag-totalforsvarsmassan","tag-totalforsvarsmassan-2026","event_location-stockholmsmassan","event_organizer-stockholmsmassan","event_type-massa","cs-entry","cs-video-wrap"],"_links":{"self":[{"href":"https:\/\/itbranschen.com\/fi\/wp-json\/wp\/v2\/ajde_events\/28443","targetHints":{"allow":["GET"]}}],"collection":[{"href":"https:\/\/itbranschen.com\/fi\/wp-json\/wp\/v2\/ajde_events"}],"about":[{"href":"https:\/\/itbranschen.com\/fi\/wp-json\/wp\/v2\/types\/ajde_events"}],"author":[{"embeddable":true,"href":"https:\/\/itbranschen.com\/fi\/wp-json\/wp\/v2\/users\/1"}],"replies":[{"embeddable":true,"href":"https:\/\/itbranschen.com\/fi\/wp-json\/wp\/v2\/comments?post=28443"}],"wp:featuredmedia":[{"embeddable":true,"href":"https:\/\/itbranschen.com\/fi\/wp-json\/wp\/v2\/media\/28444"}],"wp:attachment":[{"href":"https:\/\/itbranschen.com\/fi\/wp-json\/wp\/v2\/media?parent=28443"}],"wp:term":[{"taxonomy":"post_tag","embeddable":true,"href":"https:\/\/itbranschen.com\/fi\/wp-json\/wp\/v2\/tags?post=28443"},{"taxonomy":"event_type","embeddable":true,"href":"https:\/\/itbranschen.com\/fi\/wp-json\/wp\/v2\/event_type?post=28443"},{"taxonomy":"event_type_2","embeddable":true,"href":"https:\/\/itbranschen.com\/fi\/wp-json\/wp\/v2\/event_type_2?post=28443"}],"curies":[{"name":"wp","href":"https:\/\/api.w.org\/{rel}","templated":true}]}}