{"id":6,"date":"2023-12-18T05:23:16","date_gmt":"2023-12-18T05:23:16","guid":{"rendered":"https:\/\/newsreader.codesupply.co\/news\/?page_id=6"},"modified":"2026-08-21T09:35:32","modified_gmt":"2026-08-21T07:35:32","slug":"startseite","status":"publish","type":"page","link":"https:\/\/itbranschen.com\/de\/","title":{"rendered":"IT-Branche"},"content":{"rendered":"\t\t<div data-elementor-type=\"wp-page\" data-elementor-id=\"6\" class=\"elementor elementor-6\" data-elementor-post-type=\"page\">\n\t\t\t\t<div class=\"elementor-element elementor-element-208a063 e-flex e-con-boxed e-con e-parent\" data-id=\"208a063\" data-element_type=\"container\" data-e-type=\"container\">\n\t\t\t\t\t<div class=\"e-con-inner\">\n\t\t<div class=\"elementor-element elementor-element-e87457b e-con-full e-flex e-con e-child\" data-id=\"e87457b\" data-element_type=\"container\" data-e-type=\"container\">\n\t\t<div class=\"elementor-element elementor-element-545ec35 e-con-full e-flex e-con e-child\" data-id=\"545ec35\" data-element_type=\"container\" data-e-type=\"container\">\n\t\t\t\t<div class=\"elementor-element elementor-element-d8783ed elementor-widget elementor-widget-shortcode\" data-id=\"d8783ed\" data-element_type=\"widget\" data-e-type=\"widget\" data-settings=\"{&quot;ekit_we_effect_on&quot;:&quot;none&quot;}\" data-widget_type=\"shortcode.default\">\n\t\t\t\t<div class=\"elementor-widget-container\">\n\t\t\t\t\t\t\t<div class=\"elementor-shortcode\">\r\n    <div class=\"itb-live-box\">\r\n\r\n        <div class=\"itb-inner\">\r\n\r\n            <span class=\"itb-stat\">\r\n\r\n                <strong class=\"itb-live\">...<\/strong>\r\n\r\n                <span class=\"itb-label\">\r\n                    L\u00c4SER NU\r\n                <\/span>\r\n\r\n            <\/span>\r\n\r\n            <span class=\"itb-sep\">|<\/span>\r\n\r\n            <span class=\"itb-stat\">\r\n\r\n                <strong class=\"itb-monthly\">...<\/strong>\r\n\r\n                <span\r\n                    class=\"itb-label itb-month-label notranslate\"\r\n                    translate=\"no\"\r\n                >\r\n                    \/ M\u00c5N\r\n                <\/span>\r\n\r\n            <\/span>\r\n\r\n        <\/div>\r\n\r\n    <\/div>\r\n\r\n\r\n    <style>\r\n\r\n    .itb-live-box{\r\n\r\n        width:100%;\r\n\r\n        background:#cd0100;\r\n\r\n        padding:8px 0;\r\n\r\n        overflow:hidden;\r\n\r\n        box-sizing:border-box;\r\n    }\r\n\r\n\r\n    .itb-inner{\r\n\r\n        width:100%;\r\n\r\n        max-width:1320px;\r\n\r\n        margin:0 auto;\r\n\r\n        padding:0 16px;\r\n\r\n        box-sizing:border-box;\r\n\r\n        display:flex;\r\n\r\n        align-items:center;\r\n\r\n        justify-content:center;\r\n\r\n        flex-wrap:nowrap;\r\n\r\n        gap:1em;\r\n\r\n        color:#fff;\r\n\r\n        font-size:11.5px;\r\n\r\n        line-height:1.2;\r\n\r\n        font-weight:600;\r\n\r\n        white-space:nowrap;\r\n\r\n        min-width:0;\r\n\r\n        text-align:center;\r\n    }\r\n\r\n\r\n    .itb-inner::before{\r\n\r\n        content:\"\";\r\n\r\n        flex:0 0 auto;\r\n\r\n        width:.62em;\r\n\r\n        height:.62em;\r\n\r\n        background:#fff;\r\n\r\n        border-radius:50%;\r\n\r\n        animation:itbBlink 1s infinite;\r\n    }\r\n\r\n\r\n    .itb-stat{\r\n\r\n        display:inline-flex;\r\n\r\n        align-items:center;\r\n\r\n        justify-content:center;\r\n\r\n        gap:.45em;\r\n\r\n        white-space:nowrap;\r\n\r\n        flex:0 0 auto;\r\n    }\r\n\r\n\r\n    .itb-live,\r\n    .itb-monthly{\r\n\r\n        font-size:inherit;\r\n\r\n        line-height:inherit;\r\n\r\n        font-weight:700;\r\n    }\r\n\r\n\r\n    .itb-label{\r\n\r\n        font-size:inherit;\r\n\r\n        line-height:inherit;\r\n\r\n        font-weight:600;\r\n    }\r\n\r\n\r\n    .itb-sep{\r\n\r\n        font-size:inherit;\r\n\r\n        line-height:inherit;\r\n\r\n        font-weight:600;\r\n\r\n        flex:0 0 auto;\r\n    }\r\n\r\n\r\n    @media (max-width:1024px){\r\n\r\n        .itb-inner{\r\n\r\n            font-size:11.5px;\r\n\r\n            justify-content:center;\r\n\r\n            text-align:center;\r\n\r\n            padding-left:14px;\r\n\r\n            padding-right:14px;\r\n\r\n            gap:.9em;\r\n        }\r\n    }\r\n\r\n\r\n    @media (max-width:600px){\r\n\r\n        .itb-live-box{\r\n\r\n            padding:8px 0;\r\n        }\r\n\r\n\r\n        .itb-inner{\r\n\r\n            font-size:11.5px;\r\n\r\n            justify-content:center;\r\n\r\n            text-align:center;\r\n\r\n            padding-left:12px;\r\n\r\n            padding-right:12px;\r\n\r\n            gap:.8em;\r\n        }\r\n    }\r\n\r\n\r\n    @keyframes itbBlink{\r\n\r\n        50%{\r\n\r\n            opacity:.3;\r\n        }\r\n    }\r\n\r\n\r\n    .itb-up{\r\n\r\n        color:#00ff9c;\r\n    }\r\n\r\n\r\n    .itb-down{\r\n\r\n        color:#ffb3b3;\r\n    }\r\n\r\n    <\/style>\r\n\r\n\r\n    <script>\r\n\r\n    if (!window.itbUpdaterStarted) {\r\n\r\n        window.itbUpdaterStarted = true;\r\n\r\n\r\n        var itbMonthLabel = {\r\n\r\n            sv: '\/ M\u00c5N',\r\n\r\n            en: '\/ MONTH',\r\n\r\n            nl: '\/ MAAND',\r\n\r\n            fi: '\/ KUUKAUSI',\r\n\r\n            de: '\/ MONAT',\r\n\r\n            da: '\/ M\u00c5NED',\r\n\r\n            no: '\/ M\u00c5NED',\r\n\r\n            fr: '\/ MOIS',\r\n\r\n            es: '\/ MES',\r\n\r\n            it: '\/ MESE',\r\n\r\n            pt: '\/ M\u00caS',\r\n\r\n            pl: '\/ MIES'\r\n        };\r\n\r\n\r\n        var itbLangAlias = {\r\n\r\n            nb: 'no',\r\n\r\n            nn: 'no',\r\n\r\n            nob: 'no'\r\n        };\r\n\r\n\r\n        function itbCurrentLang() {\r\n\r\n            var code = '';\r\n\r\n            var m = document.cookie.match(\r\n                \/googtrans=\\\/[^\\\/]*\\\/([^;]+)\/\r\n            );\r\n\r\n            if (m && m[1]) {\r\n\r\n                code = m[1];\r\n\r\n            } else {\r\n\r\n                var sel = document.querySelector(\r\n                    '.goog-te-combo'\r\n                );\r\n\r\n                if (sel && sel.value) {\r\n\r\n                    code = sel.value;\r\n\r\n                } else {\r\n\r\n                    code =\r\n                        document.documentElement.getAttribute('lang')\r\n                        || 'sv';\r\n                }\r\n            }\r\n\r\n            code = code\r\n                .toLowerCase()\r\n                .split('-')[0];\r\n\r\n            return itbLangAlias[code] || code;\r\n        }\r\n\r\n\r\n        function applyITBMonthLabel() {\r\n\r\n            var label =\r\n                itbMonthLabel[itbCurrentLang()]\r\n                || itbMonthLabel.en;\r\n\r\n            document\r\n                .querySelectorAll('.itb-month-label')\r\n                .forEach(function(el) {\r\n\r\n                    if (el.textContent !== label) {\r\n\r\n                        el.textContent = label;\r\n                    }\r\n                });\r\n        }\r\n\r\n\r\n        var itbFitTimer = null;\r\n\r\n\r\n        function fitITBBar() {\r\n\r\n            var vw =\r\n                document.documentElement.clientWidth\r\n                || window.innerWidth\r\n                || 360;\r\n\r\n            document\r\n                .querySelectorAll('.itb-inner')\r\n                .forEach(function(inner) {\r\n\r\n                    inner.style.fontSize = '11.5px';\r\n\r\n                    var size = 11.5;\r\n\r\n                    var min = 7;\r\n\r\n                    var guard = 120;\r\n\r\n                    while (\r\n                        size > min\r\n                        &&\r\n                        guard-- > 0\r\n                        &&\r\n                        (\r\n                            inner.scrollWidth >\r\n                            inner.clientWidth + 1\r\n                            ||\r\n                            inner.scrollWidth >\r\n                            vw - 24\r\n                        )\r\n                    ) {\r\n\r\n                        size -= 0.5;\r\n\r\n                        inner.style.fontSize =\r\n                            size + 'px';\r\n                    }\r\n                });\r\n        }\r\n\r\n\r\n        function itbRefresh() {\r\n\r\n            applyITBMonthLabel();\r\n\r\n            clearTimeout(itbFitTimer);\r\n\r\n            itbFitTimer =\r\n                setTimeout(\r\n                    fitITBBar,\r\n                    60\r\n                );\r\n        }\r\n\r\n\r\n        window.addEventListener(\r\n            'resize',\r\n            itbRefresh\r\n        );\r\n\r\n\r\n        (function() {\r\n\r\n            var box =\r\n                document.querySelector(\r\n                    '.itb-live-box'\r\n                );\r\n\r\n            if (\r\n                box\r\n                &&\r\n                window.MutationObserver\r\n            ) {\r\n\r\n                new MutationObserver(\r\n                    itbRefresh\r\n                ).observe(\r\n                    box,\r\n                    {\r\n                        subtree:true,\r\n                        childList:true,\r\n                        characterData:true\r\n                    }\r\n                );\r\n            }\r\n\r\n        })();\r\n\r\n\r\n        setInterval(\r\n            itbRefresh,\r\n            1500\r\n        );\r\n\r\n\r\n        itbRefresh();\r\n\r\n\r\n        function itbNumber(value) {\r\n\r\n            return Number(value)\r\n                .toLocaleString('sv-SE');\r\n        }\r\n\r\n\r\n        function animateValue(\r\n            el,\r\n            start,\r\n            end,\r\n            duration\r\n        ) {\r\n\r\n            let startTime = null;\r\n\r\n            function step(timestamp) {\r\n\r\n                if (!startTime) {\r\n\r\n                    startTime = timestamp;\r\n                }\r\n\r\n                const progress =\r\n                    Math.min(\r\n                        (timestamp - startTime)\r\n                        \/ duration,\r\n                        1\r\n                    );\r\n\r\n                const value =\r\n                    Math.floor(\r\n                        start\r\n                        +\r\n                        (end - start)\r\n                        *\r\n                        progress\r\n                    );\r\n\r\n                el.innerText =\r\n                    itbNumber(value);\r\n\r\n                if (progress < 1) {\r\n\r\n                    requestAnimationFrame(step);\r\n                }\r\n            }\r\n\r\n            requestAnimationFrame(step);\r\n        }\r\n\r\n\r\n        async function updateITBStats() {\r\n\r\n            try {\r\n\r\n                const res =\r\n                    await fetch(\r\n\r\n                        'https:\/\/itbranschen.com\/wp-admin\/admin-ajax.php?action=itb_stats&ts='\r\n                        +\r\n                        Date.now(),\r\n\r\n                        {\r\n                            cache:'no-store',\r\n                            credentials:'same-origin'\r\n                        }\r\n                    );\r\n\r\n\r\n                const data =\r\n                    await res.json();\r\n\r\n\r\n                if (\r\n                    !data\r\n                    ||\r\n                    data.success === false\r\n                ) {\r\n\r\n                    return;\r\n                }\r\n\r\n\r\n                document\r\n                    .querySelectorAll('.itb-live')\r\n                    .forEach(function(el) {\r\n\r\n                        const current =\r\n                            parseInt(\r\n                                el.innerText.replace(\r\n                                    \/\\D\/g,\r\n                                    ''\r\n                                )\r\n                            )\r\n                            || 0;\r\n\r\n                        const next =\r\n                            parseInt(data.live)\r\n                            || 0;\r\n\r\n\r\n                        if (\r\n                            next > 0\r\n                            &&\r\n                            current !== next\r\n                        ) {\r\n\r\n                            el.classList.remove(\r\n                                'itb-up',\r\n                                'itb-down'\r\n                            );\r\n\r\n                            el.classList.add(\r\n                                next > current\r\n                                ? 'itb-up'\r\n                                : 'itb-down'\r\n                            );\r\n\r\n\r\n                            animateValue(\r\n                                el,\r\n                                current,\r\n                                next,\r\n                                500\r\n                            );\r\n\r\n\r\n                            setTimeout(\r\n                                function() {\r\n\r\n                                    el.classList.remove(\r\n                                        'itb-up',\r\n                                        'itb-down'\r\n                                    );\r\n\r\n                                },\r\n                                900\r\n                            );\r\n                        }\r\n                    });\r\n\r\n\r\n                document\r\n                    .querySelectorAll('.itb-monthly')\r\n                    .forEach(function(el) {\r\n\r\n                        const current =\r\n                            parseInt(\r\n                                el.innerText.replace(\r\n                                    \/\\D\/g,\r\n                                    ''\r\n                                )\r\n                            )\r\n                            || 0;\r\n\r\n                        const next =\r\n                            parseInt(data.monthly)\r\n                            || 0;\r\n\r\n\r\n                        if (\r\n                            next > 0\r\n                            &&\r\n                            current !== next\r\n                        ) {\r\n\r\n                            animateValue(\r\n                                el,\r\n                                current,\r\n                                next,\r\n                                700\r\n                            );\r\n                        }\r\n                    });\r\n\r\n            } catch(e) {}\r\n        }\r\n\r\n\r\n        async function loopUpdate() {\r\n\r\n            if (!document.hidden) {\r\n\r\n                await updateITBStats();\r\n            }\r\n\r\n            setTimeout(\r\n                loopUpdate,\r\n                60000\r\n            );\r\n        }\r\n\r\n\r\n        loopUpdate();\r\n    }\r\n\r\n    <\/script>\r\n\r\n    <\/div>\n\t\t\t\t\t\t<\/div>\n\t\t\t\t<\/div>\n\t\t\t\t<div class=\"elementor-element elementor-element-ba93e5e elementor-widget elementor-widget-cs-heading\" data-id=\"ba93e5e\" data-element_type=\"widget\" data-e-type=\"widget\" data-settings=\"{&quot;ekit_we_effect_on&quot;:&quot;none&quot;}\" data-widget_type=\"cs-heading.default\">\n\t\t\t\t<div class=\"elementor-widget-container\">\n\t\t\t\t\t\t\t\t\t\t<section class=\"cs-heading\">\n\t\t\t\t<div class=\"cs-heading__container \">\n\t\t\t\t\t<h2 class=\"cs-heading__content\">\n\t\t\t\t\t\tSenaste Nytt\t\t\t\t\t<\/h2>\n\n\t\t\t\t\t\t\t\t\t<\/div>\n\t\t\t<\/section>\n\t\t\t\t\t\t\t\t<\/div>\n\t\t\t\t<\/div>\n\t\t\t\t<div class=\"elementor-element elementor-element-35d1c1c elementor-widget elementor-widget-cs-posts\" data-id=\"35d1c1c\" data-element_type=\"widget\" data-e-type=\"widget\" data-settings=\"{&quot;ekit_we_effect_on&quot;:&quot;none&quot;}\" data-widget_type=\"cs-posts.default\">\n\t\t\t\t<div class=\"elementor-widget-container\">\n\t\t\t\t\t\t\t\t<section class=\"cs-posts cs-posts__standard\">\n\t\t\t\t\t\t\t\t\t\t<div class=\"cs-posts-area cs-posts-area-elementor \" data-posts-area=\"\">\n\t\t\t\t\t\t\t<div class=\"cs-posts-area__outer\">\n\t\t\t\t\t\t\t\t<div\n\t\t\t\t\t\t\t\tclass=\"cs-posts-area__main\"\n\t\t\t\t\t\t\t\tdata-pc=\"1\"\n\t\t\t\t\t\t\t\tdata-lt=\"1\"\n\t\t\t\t\t\t\t\tdata-tb=\"1\"\n\t\t\t\t\t\t\t\tdata-mb=\"1\"\n\t\t\t\t\t\t\t\t>\n\t\t\t\t\t\t\t\t\t\n<article class=\"post-33178 post type-post status-publish format-standard has-post-thumbnail category-artificiell-intelligens tag-advise tag-ai tag-artificiell-intelligens tag-business-central tag-business-intelligence tag-ekonomistyrning tag-finansiell-analys tag-finansiell-intelligens tag-fintech tag-fortnox tag-it-branschen-2 tag-it-kanalen-2 tag-it-nyheter tag-it-branschen tag-it-kanalen tag-norden tag-nyheter tag-roger-ai tag-sverige tag-tillvaxtforetag tag-visma cs-entry cs-video-wrap\">\n\t<div class=\"cs-entry__outer\">\n\t\t\t\t\t<div class=\"cs-entry__inner cs-entry__overlay cs-entry__thumbnail cs-overlay-ratio cs-ratio-landscape-16-9\">\n\n\t\t\t\t<div class=\"cs-overlay-background\">\n\t\t\t\t\t<img fetchpriority=\"high\" decoding=\"async\" width=\"332\" height=\"187\" src=\"https:\/\/itbranschen.com\/wp-content\/uploads\/2026\/09\/Advise-tar-in-kapital-for-att-erbjuda-svenska-foretag-plattform-for-finansiell-intelligens-332x187.jpg\" class=\"attachment-csco-thumbnail-uncropped size-csco-thumbnail-uncropped wp-post-image\" alt=\"Advise tar in 28 miljoner och lanserar AI-plattform i Sverige | IT-Branschen\" srcset=\"https:\/\/itbranschen.com\/wp-content\/uploads\/2026\/09\/Advise-tar-in-kapital-for-att-erbjuda-svenska-foretag-plattform-for-finansiell-intelligens-332x187.jpg 332w, https:\/\/itbranschen.com\/wp-content\/uploads\/2026\/09\/Advise-tar-in-kapital-for-att-erbjuda-svenska-foretag-plattform-for-finansiell-intelligens-300x169.jpg 300w, https:\/\/itbranschen.com\/wp-content\/uploads\/2026\/09\/Advise-tar-in-kapital-for-att-erbjuda-svenska-foretag-plattform-for-finansiell-intelligens-1024x576.jpg 1024w, https:\/\/itbranschen.com\/wp-content\/uploads\/2026\/09\/Advise-tar-in-kapital-for-att-erbjuda-svenska-foretag-plattform-for-finansiell-intelligens-768x432.jpg 768w, https:\/\/itbranschen.com\/wp-content\/uploads\/2026\/09\/Advise-tar-in-kapital-for-att-erbjuda-svenska-foretag-plattform-for-finansiell-intelligens-18x10.jpg 18w, https:\/\/itbranschen.com\/wp-content\/uploads\/2026\/09\/Advise-tar-in-kapital-for-att-erbjuda-svenska-foretag-plattform-for-finansiell-intelligens-664x374.jpg 664w, https:\/\/itbranschen.com\/wp-content\/uploads\/2026\/09\/Advise-tar-in-kapital-for-att-erbjuda-svenska-foretag-plattform-for-finansiell-intelligens-688x387.jpg 688w, https:\/\/itbranschen.com\/wp-content\/uploads\/2026\/09\/Advise-tar-in-kapital-for-att-erbjuda-svenska-foretag-plattform-for-finansiell-intelligens-1044x587.jpg 1044w, https:\/\/itbranschen.com\/wp-content\/uploads\/2026\/09\/Advise-tar-in-kapital-for-att-erbjuda-svenska-foretag-plattform-for-finansiell-intelligens.jpg 1200w\" sizes=\"(max-width: 332px) 100vw, 332px\" title=\"| IT-Branschen\">\t\t\t\t\t<img decoding=\"async\" width=\"688\" height=\"387\" src=\"https:\/\/itbranschen.com\/wp-content\/uploads\/2026\/09\/Advise-tar-in-kapital-for-att-erbjuda-svenska-foretag-plattform-for-finansiell-intelligens-688x387.jpg\" class=\"attachment-csco-medium size-csco-medium wp-post-image\" alt=\"Advise tar in 28 miljoner och lanserar AI-plattform i Sverige | IT-Branschen\" srcset=\"https:\/\/itbranschen.com\/wp-content\/uploads\/2026\/09\/Advise-tar-in-kapital-for-att-erbjuda-svenska-foretag-plattform-for-finansiell-intelligens-688x387.jpg 688w, https:\/\/itbranschen.com\/wp-content\/uploads\/2026\/09\/Advise-tar-in-kapital-for-att-erbjuda-svenska-foretag-plattform-for-finansiell-intelligens-300x169.jpg 300w, https:\/\/itbranschen.com\/wp-content\/uploads\/2026\/09\/Advise-tar-in-kapital-for-att-erbjuda-svenska-foretag-plattform-for-finansiell-intelligens-1024x576.jpg 1024w, https:\/\/itbranschen.com\/wp-content\/uploads\/2026\/09\/Advise-tar-in-kapital-for-att-erbjuda-svenska-foretag-plattform-for-finansiell-intelligens-768x432.jpg 768w, https:\/\/itbranschen.com\/wp-content\/uploads\/2026\/09\/Advise-tar-in-kapital-for-att-erbjuda-svenska-foretag-plattform-for-finansiell-intelligens-18x10.jpg 18w, https:\/\/itbranschen.com\/wp-content\/uploads\/2026\/09\/Advise-tar-in-kapital-for-att-erbjuda-svenska-foretag-plattform-for-finansiell-intelligens-332x187.jpg 332w, https:\/\/itbranschen.com\/wp-content\/uploads\/2026\/09\/Advise-tar-in-kapital-for-att-erbjuda-svenska-foretag-plattform-for-finansiell-intelligens-664x374.jpg 664w, https:\/\/itbranschen.com\/wp-content\/uploads\/2026\/09\/Advise-tar-in-kapital-for-att-erbjuda-svenska-foretag-plattform-for-finansiell-intelligens-1044x587.jpg 1044w, https:\/\/itbranschen.com\/wp-content\/uploads\/2026\/09\/Advise-tar-in-kapital-for-att-erbjuda-svenska-foretag-plattform-for-finansiell-intelligens.jpg 1200w\" sizes=\"(max-width: 688px) 100vw, 688px\" title=\"| IT-Branschen\">\t\t\t\t<\/div>\n\n\t\t\t\t\n\t\t\t\t\n\t\t\t\t<a href=\"https:\/\/itbranschen.com\/de\/advise-ai-plattform-sverige\/\" class=\"cs-overlay-link\" title=\"Advise tar in 28 miljoner och lanserar AI-plattform i Sverige\"><\/a>\n\t\t\t<\/div>\n\t\t\n\t\t<div class=\"cs-entry__inner cs-entry__content\">\n\n\t\t\t<div class=\"cs-entry__post-meta\" ><div class=\"cs-meta-category\"><ul class=\"post-categories\">\n\t<li><a href=\"https:\/\/itbranschen.com\/de\/category\/artificiell-intelligens\/\" rel=\"category tag\">Artificiell intelligens<\/a><\/li><\/ul><\/div><\/div>\n\t\t\t<h2 class=\"cs-entry__title\"><a href=\"https:\/\/itbranschen.com\/de\/advise-ai-plattform-sverige\/\">Advise tar in 28 miljoner och lanserar AI-plattform i Sverige<\/a><\/h2>\n\t\t\t\n\t\t\t<div class=\"cs-entry__post-meta\" ><div class=\"cs-meta-author\"><span class=\"cs-meta-author-by\">by<\/span><a class=\"cs-meta-author-link url fn n\" href=\"https:\/\/itbranschen.com\/de\"><span class=\"cs-meta-author-name\">IT-Branschen<\/span><\/a><\/div><div class=\"cs-meta-date\">September 1, 2026<\/div><\/div>\t\t<\/div>\n\t<\/div>\n<\/article>\n\n<article class=\"post-33163 post type-post status-publish format-standard has-post-thumbnail category-artificiell-intelligens tag-agent-gateway tag-ai tag-ai-agenter tag-ai-infrastruktur tag-datasakerhet tag-enterprise-ai-2-8 tag-foretags-ai-2 tag-generativ-ai tag-gpu tag-hybrid-cloud tag-it-branschen-2 tag-it-kanalen-2 tag-it-nyheter tag-it-branschen tag-it-kanalen tag-kostnadsstyrning tag-llm tag-norden tag-nutanix tag-nutanix-enterprise-ai tag-nyheter tag-privat-inferens tag-private-ai tag-sprakmodeller tag-tokenbudget tag-tokenomics cs-entry cs-video-wrap\">\n\t<div class=\"cs-entry__outer\">\n\t\t\t\t\t<div class=\"cs-entry__inner cs-entry__overlay cs-entry__thumbnail cs-overlay-ratio cs-ratio-landscape-16-9\">\n\n\t\t\t\t<div class=\"cs-overlay-background\">\n\t\t\t\t\t<img decoding=\"async\" width=\"332\" height=\"187\" src=\"https:\/\/itbranschen.com\/wp-content\/uploads\/2026\/08\/Mats-Ericson-332x187.jpg\" class=\"attachment-csco-thumbnail-uncropped size-csco-thumbnail-uncropped wp-post-image\" alt=\"Mats Ericson, regionchef f\u00f6r Norden och Baltikum p\u00e5 Nutanix, leder f\u00f6retagets satsning p\u00e5 hybrid multicloud, AI och cloud native i den nordiska och baltiska marknaden.\" srcset=\"https:\/\/itbranschen.com\/wp-content\/uploads\/2026\/08\/Mats-Ericson-332x187.jpg 332w, https:\/\/itbranschen.com\/wp-content\/uploads\/2026\/08\/Mats-Ericson-300x169.jpg 300w, https:\/\/itbranschen.com\/wp-content\/uploads\/2026\/08\/Mats-Ericson-1024x576.jpg 1024w, https:\/\/itbranschen.com\/wp-content\/uploads\/2026\/08\/Mats-Ericson-768x432.jpg 768w, https:\/\/itbranschen.com\/wp-content\/uploads\/2026\/08\/Mats-Ericson-18x10.jpg 18w, https:\/\/itbranschen.com\/wp-content\/uploads\/2026\/08\/Mats-Ericson-664x374.jpg 664w, https:\/\/itbranschen.com\/wp-content\/uploads\/2026\/08\/Mats-Ericson-688x387.jpg 688w, https:\/\/itbranschen.com\/wp-content\/uploads\/2026\/08\/Mats-Ericson-1044x587.jpg 1044w, https:\/\/itbranschen.com\/wp-content\/uploads\/2026\/08\/Mats-Ericson.jpg 1200w\" sizes=\"(max-width: 332px) 100vw, 332px\" title=\"| IT-Branschen\">\t\t\t\t\t<img loading=\"lazy\" decoding=\"async\" width=\"688\" height=\"387\" src=\"https:\/\/itbranschen.com\/wp-content\/uploads\/2026\/08\/Mats-Ericson-688x387.jpg\" class=\"attachment-csco-medium size-csco-medium wp-post-image\" alt=\"Mats Ericson, regionchef f\u00f6r Norden och Baltikum p\u00e5 Nutanix, leder f\u00f6retagets satsning p\u00e5 hybrid multicloud, AI och cloud native i den nordiska och baltiska marknaden.\" srcset=\"https:\/\/itbranschen.com\/wp-content\/uploads\/2026\/08\/Mats-Ericson-688x387.jpg 688w, https:\/\/itbranschen.com\/wp-content\/uploads\/2026\/08\/Mats-Ericson-300x169.jpg 300w, https:\/\/itbranschen.com\/wp-content\/uploads\/2026\/08\/Mats-Ericson-1024x576.jpg 1024w, https:\/\/itbranschen.com\/wp-content\/uploads\/2026\/08\/Mats-Ericson-768x432.jpg 768w, https:\/\/itbranschen.com\/wp-content\/uploads\/2026\/08\/Mats-Ericson-18x10.jpg 18w, https:\/\/itbranschen.com\/wp-content\/uploads\/2026\/08\/Mats-Ericson-332x187.jpg 332w, https:\/\/itbranschen.com\/wp-content\/uploads\/2026\/08\/Mats-Ericson-664x374.jpg 664w, https:\/\/itbranschen.com\/wp-content\/uploads\/2026\/08\/Mats-Ericson-1044x587.jpg 1044w, https:\/\/itbranschen.com\/wp-content\/uploads\/2026\/08\/Mats-Ericson.jpg 1200w\" sizes=\"(max-width: 688px) 100vw, 688px\" title=\"| IT-Branschen\">\t\t\t\t<\/div>\n\n\t\t\t\t\n\t\t\t\t\n\t\t\t\t<a href=\"https:\/\/itbranschen.com\/de\/nutanix-enterprise-ai-2-8-ai-kostnader\/\" class=\"cs-overlay-link\" title=\"Nutanix stryper AI kostnadsfestbranschen\"><\/a>\n\t\t\t<\/div>\n\t\t\n\t\t<div class=\"cs-entry__inner cs-entry__content\">\n\n\t\t\t<div class=\"cs-entry__post-meta\" ><div class=\"cs-meta-category\"><ul class=\"post-categories\">\n\t<li><a href=\"https:\/\/itbranschen.com\/de\/category\/artificiell-intelligens\/\" rel=\"category tag\">Artificiell intelligens<\/a><\/li><\/ul><\/div><\/div>\n\t\t\t<h2 class=\"cs-entry__title\"><a href=\"https:\/\/itbranschen.com\/de\/nutanix-enterprise-ai-2-8-ai-kostnader\/\">Nutanix stryper AI kostnadsfestbranschen<\/a><\/h2>\n\t\t\t\n\t\t\t<div class=\"cs-entry__post-meta\" ><div class=\"cs-meta-author\"><span class=\"cs-meta-author-by\">by<\/span><a class=\"cs-meta-author-link url fn n\" href=\"https:\/\/itbranschen.com\/de\"><span class=\"cs-meta-author-name\">IT-Branschen<\/span><\/a><\/div><div class=\"cs-meta-date\">September 1, 2026<\/div><\/div>\t\t<\/div>\n\t<\/div>\n<\/article>\n\t\t\t\t\t\t\t\t<\/div>\n\t\t\t\t\t\t\t<\/div>\n\t\t\t\t\t\t<\/div>\n\t\t\t\t\t\t\t\t<\/section>\n\t\t\t\t\t\t<\/div>\n\t\t\t\t<\/div>\n\t\t\t\t<div class=\"elementor-element elementor-element-1ebb3d0 cs-dividerhorizontal cs-divider-tablethorizontal cs-divider-mobilehorizontal elementor-widget elementor-widget-cs-divider\" data-id=\"1ebb3d0\" data-element_type=\"widget\" data-e-type=\"widget\" data-settings=\"{&quot;ekit_we_effect_on&quot;:&quot;none&quot;}\" data-widget_type=\"cs-divider.default\">\n\t\t\t\t<div class=\"elementor-widget-container\">\n\t\t\t\t\t\t\t<section class=\"cs-divider cs-divider-horizontal\"><\/section>\n\t\t\t\t\t\t<\/div>\n\t\t\t\t<\/div>\n\t\t\t\t<div class=\"elementor-element elementor-element-7e1f0cd elementor-widget elementor-widget-cs-posts\" data-id=\"7e1f0cd\" data-element_type=\"widget\" data-e-type=\"widget\" data-settings=\"{&quot;ekit_we_effect_on&quot;:&quot;none&quot;}\" data-widget_type=\"cs-posts.default\">\n\t\t\t\t<div class=\"elementor-widget-container\">\n\t\t\t\t\t\t\t\t<section class=\"cs-posts cs-posts__horizontal\">\n\t\t\t\t\t\t\t\t\t\t<div class=\"cs-posts-area cs-posts-area-elementor \" data-posts-area=\"\">\n\t\t\t\t\t\t\t<div class=\"cs-posts-area__outer\">\n\t\t\t\t\t\t\t\t<div\n\t\t\t\t\t\t\t\tclass=\"cs-posts-area__main cs-posts-area__main-divider\"\n\t\t\t\t\t\t\t\tdata-pc=\"1\"\n\t\t\t\t\t\t\t\tdata-lt=\"2\"\n\t\t\t\t\t\t\t\tdata-tb=\"1\"\n\t\t\t\t\t\t\t\tdata-mb=\"1\"\n\t\t\t\t\t\t\t\t>\n\t\t\t\t\t\t\t\t\t\n<article class=\"post-33143 post type-post status-publish format-standard has-post-thumbnail category-nyheter tag-ai-nyheter tag-archer-8-ultra tag-berlin tag-connectivity tag-deco-8-ultra tag-ifa-2026 tag-it-branschen-2 tag-it-branschen tag-it-kanalen tag-mesh tag-natverk tag-nyheter tag-router tag-smart-home tag-stabilityengine tag-tp-link tag-tradlost-natverk tag-wi-fi tag-wi-fi-8 tag-wlan cs-entry cs-video-wrap\">\n\t<div class=\"cs-entry__outer cs-entry__outer-small cs-entry__outer-thumbnail-left\">\n\t\t\t\t\t<div class=\"cs-entry__inner cs-entry__overlay cs-entry__thumbnail cs-overlay-ratio cs-ratio-square\">\n\n\t\t\t\t<div class=\"cs-overlay-background\">\n\t\t\t\t\t<img loading=\"lazy\" decoding=\"async\" width=\"332\" height=\"187\" src=\"https:\/\/itbranschen.com\/wp-content\/uploads\/2026\/09\/TP-Link-presenterar-nya-Wi-Fi-332x187.jpg\" class=\"attachment-csco-thumbnail-uncropped size-csco-thumbnail-uncropped wp-post-image\" alt=\"TP-Link presenterar nya Wi-Fi 8-produkter p\u00e5 IFA 2026 | IT-Branschen\" srcset=\"https:\/\/itbranschen.com\/wp-content\/uploads\/2026\/09\/TP-Link-presenterar-nya-Wi-Fi-332x187.jpg 332w, https:\/\/itbranschen.com\/wp-content\/uploads\/2026\/09\/TP-Link-presenterar-nya-Wi-Fi-300x169.jpg 300w, https:\/\/itbranschen.com\/wp-content\/uploads\/2026\/09\/TP-Link-presenterar-nya-Wi-Fi-1024x576.jpg 1024w, https:\/\/itbranschen.com\/wp-content\/uploads\/2026\/09\/TP-Link-presenterar-nya-Wi-Fi-768x432.jpg 768w, https:\/\/itbranschen.com\/wp-content\/uploads\/2026\/09\/TP-Link-presenterar-nya-Wi-Fi-18x10.jpg 18w, https:\/\/itbranschen.com\/wp-content\/uploads\/2026\/09\/TP-Link-presenterar-nya-Wi-Fi-664x374.jpg 664w, https:\/\/itbranschen.com\/wp-content\/uploads\/2026\/09\/TP-Link-presenterar-nya-Wi-Fi-688x387.jpg 688w, https:\/\/itbranschen.com\/wp-content\/uploads\/2026\/09\/TP-Link-presenterar-nya-Wi-Fi-1044x587.jpg 1044w, https:\/\/itbranschen.com\/wp-content\/uploads\/2026\/09\/TP-Link-presenterar-nya-Wi-Fi.jpg 1200w\" sizes=\"(max-width: 332px) 100vw, 332px\" title=\"| IT-Branschen\">\t\t\t\t\t<img loading=\"lazy\" decoding=\"async\" width=\"332\" height=\"186\" src=\"https:\/\/itbranschen.com\/wp-content\/uploads\/2026\/09\/TP-Link-presenterar-nya-Wi-Fi-332x186.jpg\" class=\"attachment-csco-thumbnail size-csco-thumbnail wp-post-image\" alt=\"TP-Link presenterar nya Wi-Fi 8-produkter p\u00e5 IFA 2026 | IT-Branschen\" srcset=\"https:\/\/itbranschen.com\/wp-content\/uploads\/2026\/09\/TP-Link-presenterar-nya-Wi-Fi-332x187.jpg 332w, https:\/\/itbranschen.com\/wp-content\/uploads\/2026\/09\/TP-Link-presenterar-nya-Wi-Fi-300x169.jpg 300w, https:\/\/itbranschen.com\/wp-content\/uploads\/2026\/09\/TP-Link-presenterar-nya-Wi-Fi-1024x576.jpg 1024w, https:\/\/itbranschen.com\/wp-content\/uploads\/2026\/09\/TP-Link-presenterar-nya-Wi-Fi-768x432.jpg 768w, https:\/\/itbranschen.com\/wp-content\/uploads\/2026\/09\/TP-Link-presenterar-nya-Wi-Fi-18x10.jpg 18w, https:\/\/itbranschen.com\/wp-content\/uploads\/2026\/09\/TP-Link-presenterar-nya-Wi-Fi-664x374.jpg 664w, https:\/\/itbranschen.com\/wp-content\/uploads\/2026\/09\/TP-Link-presenterar-nya-Wi-Fi-688x387.jpg 688w, https:\/\/itbranschen.com\/wp-content\/uploads\/2026\/09\/TP-Link-presenterar-nya-Wi-Fi-1044x587.jpg 1044w, https:\/\/itbranschen.com\/wp-content\/uploads\/2026\/09\/TP-Link-presenterar-nya-Wi-Fi.jpg 1200w\" sizes=\"(max-width: 332px) 100vw, 332px\" title=\"| IT-Branschen\">\t\t\t\t<\/div>\n\n\t\t\t\t\t\t\t<div class=\"cs-video-wrapper\" data-video-id=\"mCsHrwG32pc\" data-video-start=\"0\" data-video-end=\"0\">\n\t\t\t\t<div class=\"cs-video-inner\"><\/div>\n\t\t\t\t<div class=\"cs-video-loader\"><\/div>\n\t\t\t<\/div>\n\t\t\t\t\t\t\n\t\t\t\t\n\t\t\t\t<a href=\"https:\/\/itbranschen.com\/de\/tp-link-archer-8-ultra-deco-8-ultra-wifi-8\/\" class=\"cs-overlay-link\" title=\"TP-Link presenterar nya Wi-Fi 8-produkter p\u00e5 IFA 2026\"><\/a>\n\t\t\t<\/div>\n\t\t\n\t\t<div class=\"cs-entry__inner cs-entry__content cs-entry__content-horizontal\">\n\t\t\t<div class=\"cs-entry__post-meta\" ><div class=\"cs-meta-category\"><ul class=\"post-categories\">\n\t<li><a href=\"https:\/\/itbranschen.com\/de\/category\/nyheter\/\" rel=\"category tag\">Nyheter<\/a><\/li><\/ul><\/div><\/div>\n\t\t\t<h2 class=\"cs-entry__title\"><a href=\"https:\/\/itbranschen.com\/de\/tp-link-archer-8-ultra-deco-8-ultra-wifi-8\/\">TP-Link presenterar nya Wi-Fi 8-produkter p\u00e5 IFA 2026<\/a><\/h2>\n\t\t\t\n\t\t\t<div class=\"cs-entry__post-meta\" ><div class=\"cs-meta-author\"><span class=\"cs-meta-author-by\">by<\/span><a class=\"cs-meta-author-link url fn n\" href=\"https:\/\/itbranschen.com\/de\"><span class=\"cs-meta-author-name\">IT-Branschen<\/span><\/a><\/div><div class=\"cs-meta-date\">September 1, 2026<\/div><\/div>\t\t<\/div>\n\t<\/div>\n<\/article>\n\n<article class=\"post-33077 post type-post status-publish format-standard has-post-thumbnail category-karriar tag-affarsutveckling tag-b2b tag-cco tag-gibon tag-gibongruppen tag-it-branschen-2 tag-it-kanalen-2 tag-it-branschen tag-it-kanalen tag-katrin-lindahl-wallin tag-kundvarde tag-ledarskap tag-marknadsforing tag-tillvaxt tag-tjanstepaketering tag-yvonne-dahlberg cs-entry cs-video-wrap\">\n\t<div class=\"cs-entry__outer cs-entry__outer-small cs-entry__outer-thumbnail-left\">\n\t\t\t\t\t<div class=\"cs-entry__inner cs-entry__overlay cs-entry__thumbnail cs-overlay-ratio cs-ratio-square\">\n\n\t\t\t\t<div class=\"cs-overlay-background\">\n\t\t\t\t\t<img loading=\"lazy\" decoding=\"async\" width=\"332\" height=\"187\" src=\"https:\/\/itbranschen.com\/wp-content\/uploads\/2026\/08\/Yvonne-Dahlberg-332x187.jpg\" class=\"attachment-csco-thumbnail-uncropped size-csco-thumbnail-uncropped wp-post-image\" alt=\"IT-Branschen\" srcset=\"https:\/\/itbranschen.com\/wp-content\/uploads\/2026\/08\/Yvonne-Dahlberg-332x187.jpg 332w, https:\/\/itbranschen.com\/wp-content\/uploads\/2026\/08\/Yvonne-Dahlberg-300x169.jpg 300w, https:\/\/itbranschen.com\/wp-content\/uploads\/2026\/08\/Yvonne-Dahlberg-1024x576.jpg 1024w, https:\/\/itbranschen.com\/wp-content\/uploads\/2026\/08\/Yvonne-Dahlberg-768x432.jpg 768w, https:\/\/itbranschen.com\/wp-content\/uploads\/2026\/08\/Yvonne-Dahlberg-18x10.jpg 18w, https:\/\/itbranschen.com\/wp-content\/uploads\/2026\/08\/Yvonne-Dahlberg-664x374.jpg 664w, https:\/\/itbranschen.com\/wp-content\/uploads\/2026\/08\/Yvonne-Dahlberg-688x387.jpg 688w, https:\/\/itbranschen.com\/wp-content\/uploads\/2026\/08\/Yvonne-Dahlberg-1044x587.jpg 1044w, https:\/\/itbranschen.com\/wp-content\/uploads\/2026\/08\/Yvonne-Dahlberg.jpg 1200w\" sizes=\"(max-width: 332px) 100vw, 332px\" title=\"| IT-Branschen\">\t\t\t\t\t<img loading=\"lazy\" decoding=\"async\" width=\"332\" height=\"186\" src=\"https:\/\/itbranschen.com\/wp-content\/uploads\/2026\/08\/Yvonne-Dahlberg-332x186.jpg\" class=\"attachment-csco-thumbnail size-csco-thumbnail wp-post-image\" alt=\"IT-Branschen\" srcset=\"https:\/\/itbranschen.com\/wp-content\/uploads\/2026\/08\/Yvonne-Dahlberg-332x187.jpg 332w, https:\/\/itbranschen.com\/wp-content\/uploads\/2026\/08\/Yvonne-Dahlberg-300x169.jpg 300w, https:\/\/itbranschen.com\/wp-content\/uploads\/2026\/08\/Yvonne-Dahlberg-1024x576.jpg 1024w, https:\/\/itbranschen.com\/wp-content\/uploads\/2026\/08\/Yvonne-Dahlberg-768x432.jpg 768w, https:\/\/itbranschen.com\/wp-content\/uploads\/2026\/08\/Yvonne-Dahlberg-18x10.jpg 18w, https:\/\/itbranschen.com\/wp-content\/uploads\/2026\/08\/Yvonne-Dahlberg-664x374.jpg 664w, https:\/\/itbranschen.com\/wp-content\/uploads\/2026\/08\/Yvonne-Dahlberg-688x387.jpg 688w, https:\/\/itbranschen.com\/wp-content\/uploads\/2026\/08\/Yvonne-Dahlberg-1044x587.jpg 1044w, https:\/\/itbranschen.com\/wp-content\/uploads\/2026\/08\/Yvonne-Dahlberg.jpg 1200w\" sizes=\"(max-width: 332px) 100vw, 332px\" title=\"| IT-Branschen\">\t\t\t\t<\/div>\n\n\t\t\t\t\n\t\t\t\t\n\t\t\t\t<a href=\"https:\/\/itbranschen.com\/de\/yvonne-dahlberg-cco-gibongruppen\/\" class=\"cs-overlay-link\" title=\"Yvonne Dahlberg blir ny CCO f\u00f6r Gibongruppen\"><\/a>\n\t\t\t<\/div>\n\t\t\n\t\t<div class=\"cs-entry__inner cs-entry__content cs-entry__content-horizontal\">\n\t\t\t<div class=\"cs-entry__post-meta\" ><div class=\"cs-meta-category\"><ul class=\"post-categories\">\n\t<li><a href=\"https:\/\/itbranschen.com\/de\/category\/karriar\/\" rel=\"category tag\">Karri\u00e4r<\/a><\/li><\/ul><\/div><\/div>\n\t\t\t<h2 class=\"cs-entry__title\"><a href=\"https:\/\/itbranschen.com\/de\/yvonne-dahlberg-cco-gibongruppen\/\">Yvonne Dahlberg blir ny CCO f\u00f6r Gibongruppen<\/a><\/h2>\n\t\t\t\n\t\t\t<div class=\"cs-entry__post-meta\" ><div class=\"cs-meta-author\"><span class=\"cs-meta-author-by\">by<\/span><a class=\"cs-meta-author-link url fn n\" href=\"https:\/\/itbranschen.com\/de\"><span class=\"cs-meta-author-name\">IT-Branschen<\/span><\/a><\/div><div class=\"cs-meta-date\">August 28, 2026<\/div><\/div>\t\t<\/div>\n\t<\/div>\n<\/article>\n\n<article class=\"post-33059 post type-post status-publish format-standard has-post-thumbnail category-nyheter tag-affarsvarde tag-ai tag-ai-roi tag-ai-infrastruktur tag-ai-investeringar-2 tag-ai-produktivitet-2 tag-ai-strategi-2 tag-artificiell-intelligens tag-cognizant tag-data tag-digital-transformation tag-enterprise-ai tag-global-2000 tag-it-branschen-2 tag-it-kanalen-2 tag-it-nyheter-ai-nyheter tag-it-branschen tag-it-kanalen tag-nordisk-it-media tag-nyheter tag-sverige tag-tech-tidningen cs-entry cs-video-wrap\">\n\t<div class=\"cs-entry__outer cs-entry__outer-small cs-entry__outer-thumbnail-left\">\n\t\t\t\t\t<div class=\"cs-entry__inner cs-entry__overlay cs-entry__thumbnail cs-overlay-ratio cs-ratio-square\">\n\n\t\t\t\t<div class=\"cs-overlay-background\">\n\t\t\t\t\t<img loading=\"lazy\" decoding=\"async\" width=\"332\" height=\"187\" src=\"https:\/\/itbranschen.com\/wp-content\/uploads\/2026\/08\/Cognizant-332x187.jpg\" class=\"attachment-csco-thumbnail-uncropped size-csco-thumbnail-uncropped wp-post-image\" alt=\"IT-Branschen\" srcset=\"https:\/\/itbranschen.com\/wp-content\/uploads\/2026\/08\/Cognizant-332x187.jpg 332w, https:\/\/itbranschen.com\/wp-content\/uploads\/2026\/08\/Cognizant-300x169.jpg 300w, https:\/\/itbranschen.com\/wp-content\/uploads\/2026\/08\/Cognizant-1024x576.jpg 1024w, https:\/\/itbranschen.com\/wp-content\/uploads\/2026\/08\/Cognizant-768x432.jpg 768w, https:\/\/itbranschen.com\/wp-content\/uploads\/2026\/08\/Cognizant-18x10.jpg 18w, https:\/\/itbranschen.com\/wp-content\/uploads\/2026\/08\/Cognizant-664x374.jpg 664w, https:\/\/itbranschen.com\/wp-content\/uploads\/2026\/08\/Cognizant-688x387.jpg 688w, https:\/\/itbranschen.com\/wp-content\/uploads\/2026\/08\/Cognizant-1044x587.jpg 1044w, https:\/\/itbranschen.com\/wp-content\/uploads\/2026\/08\/Cognizant.jpg 1200w\" sizes=\"(max-width: 332px) 100vw, 332px\" title=\"| IT-Branschen\">\t\t\t\t\t<img loading=\"lazy\" decoding=\"async\" width=\"332\" height=\"186\" src=\"https:\/\/itbranschen.com\/wp-content\/uploads\/2026\/08\/Cognizant-332x186.jpg\" class=\"attachment-csco-thumbnail size-csco-thumbnail wp-post-image\" alt=\"IT-Branschen\" srcset=\"https:\/\/itbranschen.com\/wp-content\/uploads\/2026\/08\/Cognizant-332x187.jpg 332w, https:\/\/itbranschen.com\/wp-content\/uploads\/2026\/08\/Cognizant-300x169.jpg 300w, https:\/\/itbranschen.com\/wp-content\/uploads\/2026\/08\/Cognizant-1024x576.jpg 1024w, https:\/\/itbranschen.com\/wp-content\/uploads\/2026\/08\/Cognizant-768x432.jpg 768w, https:\/\/itbranschen.com\/wp-content\/uploads\/2026\/08\/Cognizant-18x10.jpg 18w, https:\/\/itbranschen.com\/wp-content\/uploads\/2026\/08\/Cognizant-664x374.jpg 664w, https:\/\/itbranschen.com\/wp-content\/uploads\/2026\/08\/Cognizant-688x387.jpg 688w, https:\/\/itbranschen.com\/wp-content\/uploads\/2026\/08\/Cognizant-1044x587.jpg 1044w, https:\/\/itbranschen.com\/wp-content\/uploads\/2026\/08\/Cognizant.jpg 1200w\" sizes=\"(max-width: 332px) 100vw, 332px\" title=\"| IT-Branschen\">\t\t\t\t<\/div>\n\n\t\t\t\t\t\t\t<div class=\"cs-video-wrapper\" data-video-id=\"lBMvKrvwEFw\" data-video-start=\"0\" data-video-end=\"0\">\n\t\t\t\t<div class=\"cs-video-inner\"><\/div>\n\t\t\t\t<div class=\"cs-video-loader\"><\/div>\n\t\t\t<\/div>\n\t\t\t\t\t\t\n\t\t\t\t\n\t\t\t\t<a href=\"https:\/\/itbranschen.com\/de\/ai-gapet-4700-miljarder-affarsvarde\/\" class=\"cs-overlay-link\" title=\"Studie: 4 700 miljarder dollar i outnyttjat aff\u00e4rsv\u00e4rde fr\u00e5n AI\"><\/a>\n\t\t\t<\/div>\n\t\t\n\t\t<div class=\"cs-entry__inner cs-entry__content cs-entry__content-horizontal\">\n\t\t\t<div class=\"cs-entry__post-meta\" ><div class=\"cs-meta-category\"><ul class=\"post-categories\">\n\t<li><a href=\"https:\/\/itbranschen.com\/de\/category\/nyheter\/\" rel=\"category tag\">Nyheter<\/a><\/li><\/ul><\/div><\/div>\n\t\t\t<h2 class=\"cs-entry__title\"><a href=\"https:\/\/itbranschen.com\/de\/ai-gapet-4700-miljarder-affarsvarde\/\">Studie: 4 700 miljarder dollar i outnyttjat aff\u00e4rsv\u00e4rde fr\u00e5n AI<\/a><\/h2>\n\t\t\t\n\t\t\t<div class=\"cs-entry__post-meta\" ><div class=\"cs-meta-author\"><span class=\"cs-meta-author-by\">by<\/span><a class=\"cs-meta-author-link url fn n\" href=\"https:\/\/itbranschen.com\/de\"><span class=\"cs-meta-author-name\">IT-Branschen<\/span><\/a><\/div><div class=\"cs-meta-date\">August 28, 2026<\/div><\/div>\t\t<\/div>\n\t<\/div>\n<\/article>\n\t\t\t\t\t\t\t\t<\/div>\n\t\t\t\t\t\t\t<\/div>\n\t\t\t\t\t\t<\/div>\n\t\t\t\t\t\t\t\t<\/section>\n\t\t\t\t\t\t<\/div>\n\t\t\t\t<\/div>\n\t\t\t\t<div class=\"elementor-element elementor-element-c4be972 elementor-widget elementor-widget-spacer\" data-id=\"c4be972\" data-element_type=\"widget\" data-e-type=\"widget\" data-settings=\"{&quot;ekit_we_effect_on&quot;:&quot;none&quot;}\" data-widget_type=\"spacer.default\">\n\t\t\t\t<div class=\"elementor-widget-container\">\n\t\t\t\t\t\t\t<div class=\"elementor-spacer\">\n\t\t\t<div class=\"elementor-spacer-inner\"><\/div>\n\t\t<\/div>\n\t\t\t\t\t\t<\/div>\n\t\t\t\t<\/div>\n\t\t\t\t<div class=\"elementor-element elementor-element-1c3b38c elementor-widget elementor-widget-wp-widget-advads_ad_widget\" data-id=\"1c3b38c\" data-element_type=\"widget\" data-e-type=\"widget\" data-settings=\"{&quot;ekit_we_effect_on&quot;:&quot;none&quot;}\" data-widget_type=\"wp-widget-advads_ad_widget.default\">\n\t\t\t\t<div class=\"elementor-widget-container\">\n\t\t\t\t\t<div id=\"itbra-slider-4053\" class=\"custom-slider itbra-slider-2445831286 itbra-slider\"><ul><li><div id=\"itbra-3694894589\" style=\"margin-left: auto;margin-right: auto;text-align: center;clear: both;\"><div style=\"position: relative; display: inline-block; width:100%; max-width:300px;\">\r\n\r\n  <a href=\"https:\/\/itbranschen.com\/om-oss-it-branschen\/\" target=\"_blank\" rel=\"noopener\">\r\n    <img decoding=\"async\" alt=\"IT-Branschen, l\u00e5t dina id\u00e9er lyfta med nordisk B2B-media\" src=\"https:\/\/itbranschen.com\/wp-content\/uploads\/2026\/07\/ITB-Nordic-3.jpg\" style=\"width:100%; height:auto; display:block;\" title=\"| IT-Branschen\">\r\n  <\/a>\r\n\r\n  <div style=\"\r\n    position:absolute;\r\n    bottom:8px;\r\n    left:8px;\r\n    font-size:11px;\r\n    background:rgba(255,255,255,0.9);\r\n    padding:3px 7px;\r\n    border-radius:3px;\r\n    font-weight:600;\r\n    letter-spacing:0.5px;\r\n  \">\r\n    EGET INNEH\u00c5LL\r\n  <\/div>\r\n\r\n<\/div><\/div><br style=\"clear: both; display: block; float: none;\"\/><\/li><li><div id=\"itbra-2334795913\" style=\"margin-left: auto;margin-right: auto;text-align: center;clear: both;\"><div style=\"position: relative; display: inline-block; width:100%; max-width:300px;\">\r\n\r\n  <a href=\"https:\/\/itbranschen.com\/om-oss-it-branschen\/\" target=\"_blank\" rel=\"noopener\">\r\n    <img decoding=\"async\" alt=\"IT-Branschen, \u00f6ka din synlighet med nordisk B2B-media\" src=\"https:\/\/itbranschen.com\/wp-content\/uploads\/2026\/07\/ITB-Nordic-4.jpg\" style=\"width:100%; height:auto; display:block;\" title=\"| IT-Branschen\">\r\n  <\/a>\r\n\r\n  <div style=\"\r\n    position:absolute;\r\n    bottom:8px;\r\n    left:8px;\r\n    font-size:11px;\r\n    background:rgba(255,255,255,0.9);\r\n    padding:3px 7px;\r\n    border-radius:3px;\r\n    font-weight:600;\r\n    letter-spacing:0.5px;\r\n  \">\r\n    EGET INNEH\u00c5LL\r\n  <\/div>\r\n\r\n<\/div><\/div><br style=\"clear: both; display: block; float: none;\"\/><\/li><li><div id=\"itbra-2838779392\" style=\"margin-left: auto;margin-right: auto;text-align: center;clear: both;\"><div style=\"position: relative; display: inline-block; width:100%; max-width:300px;\">\r\n\r\n  <a href=\"https:\/\/italy.cybertechconference.com\/Media_Partners_Registration\/?utm_source=IT-Branschen&amp;utm_medium=display&amp;utm_campaign=cybertech_europe_2026\" target=\"_blank\" rel=\"noopener noreferrer\">\r\n    <img decoding=\"async\" \r\n      src=\"https:\/\/itbranschen.com\/wp-content\/uploads\/2026\/08\/Cybertech-Europe-IT-Branschen-Official-Partner-x.jpg\"\r\n      alt=\"Cybertech Europe 2026 i Rom med IT-Branschen som officiell mediepartner\"\r\n      title=\"Cybertech Europe 2026 Rome Official Media Partner Banner | IT-Branschen\"\r\n      style=\"width:100%; height:auto; display:block;\"\r\n    >\r\n  <\/a>\r\n\r\n  <div style=\"\r\n    position:absolute;\r\n    bottom:8px;\r\n    left:8px;\r\n    font-size:11px;\r\n    background:rgba(255,255,255,0.9);\r\n    padding:3px 7px;\r\n    border-radius:3px;\r\n    font-weight:600;\r\n    letter-spacing:0.5px;\r\n  \">\r\n    ANNONS\r\n  <\/div>\r\n\r\n<\/div><\/div><br style=\"clear: both; display: block; float: none;\"\/><\/li><li><div id=\"itbra-576545785\" style=\"margin-left: auto;margin-right: auto;text-align: center;clear: both;\"><div style=\"position: relative; display: inline-block; width:100%; max-width:300px;\">\r\n\r\n  <a href=\"https:\/\/vortiqxconsilium.com\/\" target=\"_blank\" rel=\"sponsored noopener noreferrer\">\r\n    <img decoding=\"async\"\r\n      src=\"https:\/\/itbranschen.com\/wp-content\/uploads\/2026\/07\/VORTIQ-X-banner.jpg\"\r\n      alt=\"VORTIQ-X AI Governance som omvandlar tokenekonomi till styrbart aff\u00e4rsv\u00e4rde.\"\r\n      title=\"VORTIQ-X AI Governance | Fr\u00e5n tokenekonomi till styrbart aff\u00e4rsv\u00e4rde\"\r\n      style=\"width:100%; height:auto; display:block;\"\r\n    >\r\n  <\/a>\r\n\r\n  <div style=\"\r\n    position:absolute;\r\n    bottom:8px;\r\n    left:8px;\r\n    font-size:11px;\r\n    background:rgba(255,255,255,0.9);\r\n    padding:3px 7px;\r\n    border-radius:3px;\r\n    font-weight:600;\r\n    letter-spacing:0.5px;\r\n  \">\r\n    ANNONS\r\n  <\/div>\r\n\r\n<\/div><\/div><br style=\"clear: both; display: block; float: none;\"\/><\/li><li><div id=\"itbra-4177743375\" style=\"margin-left: auto;margin-right: auto;text-align: center;clear: both;\"><div style=\"position: relative; display: inline-block; width:100%; max-width:300px;\">\r\n\r\n  <a href=\"https:\/\/interflexgroup.se\/\" target=\"_blank\" rel=\"sponsored noopener\">\r\n    <img decoding=\"async\" alt=\"InterFlex Group, partner f\u00f6r leverant\u00f6rer i IT-branschen, annons\" title=\"Interflex Group Banner | IT-Branschen\" src=\"https:\/\/itbranschen.com\/wp-content\/uploads\/2026\/07\/ITB-Nordic-1.jpg\" style=\"width:100%; height:auto; display:block;\">\r\n  <\/a>\r\n\r\n  <div style=\"\r\n    position:absolute;\r\n    bottom:8px;\r\n    left:8px;\r\n    font-size:11px;\r\n    background:rgba(255,255,255,0.9);\r\n    padding:3px 7px;\r\n    border-radius:3px;\r\n    font-weight:600;\r\n    letter-spacing:0.5px;\r\n  \">\r\n    ANNONS\r\n  <\/div>\r\n\r\n<\/div><\/div><br style=\"clear: both; display: block; float: none;\"\/><\/li><li><div id=\"itbra-3741839716\" style=\"margin-left: auto;margin-right: auto;text-align: center;clear: both;\"><div style=\"position: relative; display: inline-block; width:100%; max-width:300px;\">\r\n\r\n  <a href=\"https:\/\/www.youtube.com\/@MagicChats\/videos\" target=\"_blank\" rel=\"sponsored noopener\">\r\n    <img decoding=\"async\" \r\n      alt=\"Magic Chats YouTube Channel | IT-Branschen\" \r\n      title=\"Magic Chats YouTube Channel | IT-Branschen\" \r\n      src=\"https:\/\/itbranschen.com\/wp-content\/uploads\/2026\/07\/Magic-Chats-Maciek-Szczesniak-youtube.jpg\" \r\n      style=\"width:100%; height:auto; display:block;\"\r\n    >\r\n  <\/a>\r\n\r\n  <div style=\"\r\n    position:absolute;\r\n    bottom:8px;\r\n    left:8px;\r\n    font-size:11px;\r\n    background:rgba(255,255,255,0.9);\r\n    padding:3px 7px;\r\n    border-radius:3px;\r\n    font-weight:600;\r\n    letter-spacing:0.5px;\r\n    color:#000;\r\n    z-index:10;\r\n  \">\r\n    SPONSRAD\r\n  <\/div>\r\n\r\n<\/div><\/div><br style=\"clear: both; display: block; float: none;\"\/><\/li><li><div id=\"itbra-3274366163\" style=\"margin-left: auto;margin-right: auto;text-align: center;clear: both;\"><div style=\"position: relative; display: inline-block; width:100%; max-width:300px;\">\r\n\r\n  <a href=\"https:\/\/www.journeyofficial.eu\/products\/loc8-versa-magsafe-money-clip-wallet-stand\" target=\"_blank\" rel=\"sponsored nofollow noopener\">\r\n \r\n    <img decoding=\"async\" alt=\"Journey LOC8 VERSA | IT-Branschen\" title=\"Journey Banner | IT-Branschen\" src=\"https:\/\/itbranschen.com\/wp-content\/uploads\/2026\/07\/JOURNEY-LOC-Versa.jpg\" style=\"width:100%; height:auto; display:block;\">\r\n  <\/a>\r\n\r\n  <div style=\"\r\n    position:absolute;\r\n    bottom:8px;\r\n    left:8px;\r\n    font-size:11px;\r\n    background:rgba(255,255,255,0.9);\r\n    padding:3px 7px;\r\n    border-radius:3px;\r\n    font-weight:600;\r\n    letter-spacing:0.5px;\r\n  \">\r\n    ANNONS\r\n  <\/div>\r\n\r\n<\/div><\/div><br style=\"clear: both; display: block; float: none;\"\/><\/li><\/ul><\/div><script>( window.advanced_ads_ready || jQuery( document ).ready ).call( null, function() {var $itbraslider2445831286 = jQuery( \".itbra-slider-2445831286\" );$itbraslider2445831286.on( \"unslider.ready\", function() { jQuery( \"div.custom-slider ul li\" ).css( \"display\", \"block\" ); });$itbraslider2445831286.unslider({ delay:15000, autoplay:true, nav:false, arrows:false, infinite:true });$itbraslider2445831286.on(\"mouseover\", function() {$itbraslider2445831286.unslider(\"stop\");}).on(\"mouseout\", function() {$itbraslider2445831286.unslider(\"start\");});});<\/script>\t\t\t\t<\/div>\n\t\t\t\t<\/div>\n\t\t\t\t<\/div>\n\t\t\t\t<div class=\"elementor-element elementor-element-4e05cfc cs-dividervertical cs-divider-tablethorizontal cs-divider-mobilehorizontal elementor-widget elementor-widget-cs-divider\" data-id=\"4e05cfc\" data-element_type=\"widget\" data-e-type=\"widget\" data-settings=\"{&quot;ekit_we_effect_on&quot;:&quot;none&quot;}\" data-widget_type=\"cs-divider.default\">\n\t\t\t\t<div class=\"elementor-widget-container\">\n\t\t\t\t\t\t\t<section class=\"cs-divider cs-divider-vertical\"><\/section>\n\t\t\t\t\t\t<\/div>\n\t\t\t\t<\/div>\n\t\t<div class=\"elementor-element elementor-element-359921a e-con-full e-flex e-con e-child\" data-id=\"359921a\" data-element_type=\"container\" data-e-type=\"container\">\n\t\t<div class=\"elementor-element elementor-element-9a46db9 e-con-full e-flex e-con e-child\" data-id=\"9a46db9\" data-element_type=\"container\" data-e-type=\"container\">\n\t\t\t\t<div class=\"elementor-element elementor-element-56cdc6c elementor-widget elementor-widget-cs-posts\" data-id=\"56cdc6c\" data-element_type=\"widget\" data-e-type=\"widget\" data-settings=\"{&quot;ekit_we_effect_on&quot;:&quot;none&quot;}\" data-widget_type=\"cs-posts.default\">\n\t\t\t\t<div class=\"elementor-widget-container\">\n\t\t\t\t\t\t\t\t<section class=\"cs-posts cs-posts__standard\">\n\t\t\t\t\t\t\t\t\t\t<div class=\"cs-posts-area cs-posts-area-elementor \" data-posts-area=\"\">\n\t\t\t\t\t\t\t<div class=\"cs-posts-area__outer\">\n\t\t\t\t\t\t\t\t<div\n\t\t\t\t\t\t\t\tclass=\"cs-posts-area__main\"\n\t\t\t\t\t\t\t\tdata-pc=\"1\"\n\t\t\t\t\t\t\t\tdata-lt=\"1\"\n\t\t\t\t\t\t\t\tdata-tb=\"1\"\n\t\t\t\t\t\t\t\tdata-mb=\"1\"\n\t\t\t\t\t\t\t\t>\n\t\t\t\t\t\t\t\t\t\n<article class=\"post-33034 post type-post status-publish format-standard has-post-thumbnail category-nyheter tag-alcatel-lucent tag-ale tag-cybersakerhet tag-damovo tag-digital-suveranitet-2 tag-hybridmoln tag-it-branschen-2 tag-it-kanalen-2 tag-it-nyheter tag-it-sakerhet-nyheter-sverige tag-it-branschen tag-it-kanalen tag-kritisk-infrastruktur tag-kritisk-kommunikation tag-managed-services tag-nis2 tag-norden tag-nyheter tag-offentlig-sektor tag-svensk-it-nyhetssajt tag-sverige tag-tech-tidningen tag-verksamhetskritisk-kommunikation cs-entry cs-video-wrap\">\n\t<div class=\"cs-entry__outer\">\n\t\t\t\t\t<div class=\"cs-entry__inner cs-entry__overlay cs-entry__thumbnail cs-overlay-ratio cs-ratio-landscape-16-9\">\n\n\t\t\t\t<div class=\"cs-overlay-background\">\n\t\t\t\t\t<img loading=\"lazy\" decoding=\"async\" width=\"332\" height=\"187\" src=\"https:\/\/itbranschen.com\/wp-content\/uploads\/2026\/08\/Jorgen-Grohn-Managing-Director-pa-Damovo-Nordics-332x187.jpg\" class=\"attachment-csco-thumbnail-uncropped size-csco-thumbnail-uncropped wp-post-image\" alt=\"IT-Branschen\" srcset=\"https:\/\/itbranschen.com\/wp-content\/uploads\/2026\/08\/Jorgen-Grohn-Managing-Director-pa-Damovo-Nordics-332x187.jpg 332w, https:\/\/itbranschen.com\/wp-content\/uploads\/2026\/08\/Jorgen-Grohn-Managing-Director-pa-Damovo-Nordics-300x169.jpg 300w, https:\/\/itbranschen.com\/wp-content\/uploads\/2026\/08\/Jorgen-Grohn-Managing-Director-pa-Damovo-Nordics-1024x576.jpg 1024w, https:\/\/itbranschen.com\/wp-content\/uploads\/2026\/08\/Jorgen-Grohn-Managing-Director-pa-Damovo-Nordics-768x432.jpg 768w, https:\/\/itbranschen.com\/wp-content\/uploads\/2026\/08\/Jorgen-Grohn-Managing-Director-pa-Damovo-Nordics-18x10.jpg 18w, https:\/\/itbranschen.com\/wp-content\/uploads\/2026\/08\/Jorgen-Grohn-Managing-Director-pa-Damovo-Nordics-664x374.jpg 664w, https:\/\/itbranschen.com\/wp-content\/uploads\/2026\/08\/Jorgen-Grohn-Managing-Director-pa-Damovo-Nordics-688x387.jpg 688w, https:\/\/itbranschen.com\/wp-content\/uploads\/2026\/08\/Jorgen-Grohn-Managing-Director-pa-Damovo-Nordics-1044x587.jpg 1044w, https:\/\/itbranschen.com\/wp-content\/uploads\/2026\/08\/Jorgen-Grohn-Managing-Director-pa-Damovo-Nordics.jpg 1200w\" sizes=\"(max-width: 332px) 100vw, 332px\" title=\"| IT-Branschen\">\t\t\t\t\t<img loading=\"lazy\" decoding=\"async\" width=\"1200\" height=\"675\" src=\"https:\/\/itbranschen.com\/wp-content\/uploads\/2026\/08\/Jorgen-Grohn-Managing-Director-pa-Damovo-Nordics.jpg\" class=\"attachment-csco-extra-large-2x size-csco-extra-large-2x wp-post-image\" alt=\"IT-Branschen\" srcset=\"https:\/\/itbranschen.com\/wp-content\/uploads\/2026\/08\/Jorgen-Grohn-Managing-Director-pa-Damovo-Nordics.jpg 1200w, https:\/\/itbranschen.com\/wp-content\/uploads\/2026\/08\/Jorgen-Grohn-Managing-Director-pa-Damovo-Nordics-300x169.jpg 300w, https:\/\/itbranschen.com\/wp-content\/uploads\/2026\/08\/Jorgen-Grohn-Managing-Director-pa-Damovo-Nordics-1024x576.jpg 1024w, https:\/\/itbranschen.com\/wp-content\/uploads\/2026\/08\/Jorgen-Grohn-Managing-Director-pa-Damovo-Nordics-768x432.jpg 768w, https:\/\/itbranschen.com\/wp-content\/uploads\/2026\/08\/Jorgen-Grohn-Managing-Director-pa-Damovo-Nordics-18x10.jpg 18w, https:\/\/itbranschen.com\/wp-content\/uploads\/2026\/08\/Jorgen-Grohn-Managing-Director-pa-Damovo-Nordics-332x187.jpg 332w, https:\/\/itbranschen.com\/wp-content\/uploads\/2026\/08\/Jorgen-Grohn-Managing-Director-pa-Damovo-Nordics-664x374.jpg 664w, https:\/\/itbranschen.com\/wp-content\/uploads\/2026\/08\/Jorgen-Grohn-Managing-Director-pa-Damovo-Nordics-688x387.jpg 688w, https:\/\/itbranschen.com\/wp-content\/uploads\/2026\/08\/Jorgen-Grohn-Managing-Director-pa-Damovo-Nordics-1044x587.jpg 1044w\" sizes=\"(max-width: 1200px) 100vw, 1200px\" title=\"| IT-Branschen\">\t\t\t\t<\/div>\n\n\t\t\t\t\n\t\t\t\t\n\t\t\t\t<a href=\"https:\/\/itbranschen.com\/de\/damovo-alcatel-lucent-kritisk-kommunikation\/\" class=\"cs-overlay-link\" title=\"Damovo och Alcatel-Lucent st\u00e4rker kritisk kommunikation i Norden\"><\/a>\n\t\t\t<\/div>\n\t\t\n\t\t<div class=\"cs-entry__inner cs-entry__content\">\n\n\t\t\t<div class=\"cs-entry__post-meta\" ><div class=\"cs-meta-category\"><ul class=\"post-categories\">\n\t<li><a href=\"https:\/\/itbranschen.com\/de\/category\/nyheter\/\" rel=\"category tag\">Nyheter<\/a><\/li><\/ul><\/div><\/div>\n\t\t\t<h2 class=\"cs-entry__title\"><a href=\"https:\/\/itbranschen.com\/de\/damovo-alcatel-lucent-kritisk-kommunikation\/\">Damovo och Alcatel-Lucent st\u00e4rker kritisk kommunikation i Norden<\/a><\/h2>\n\t\t\t\n\t\t\t<div class=\"cs-entry__post-meta\" ><div class=\"cs-meta-author\"><span class=\"cs-meta-author-by\">by<\/span><a class=\"cs-meta-author-link url fn n\" href=\"https:\/\/itbranschen.com\/de\"><span class=\"cs-meta-author-name\">IT-Branschen<\/span><\/a><\/div><div class=\"cs-meta-date\">August 28, 2026<\/div><\/div>\t\t<\/div>\n\t<\/div>\n<\/article>\n\t\t\t\t\t\t\t\t<\/div>\n\t\t\t\t\t\t\t<\/div>\n\t\t\t\t\t\t<\/div>\n\t\t\t\t\t\t\t\t<\/section>\n\t\t\t\t\t\t<\/div>\n\t\t\t\t<\/div>\n\t\t\t\t<\/div>\n\t\t<div class=\"elementor-element elementor-element-09586c5 e-con-full e-flex e-con e-child\" data-id=\"09586c5\" data-element_type=\"container\" data-e-type=\"container\">\n\t\t\t\t<div class=\"elementor-element elementor-element-a149069 elementor-widget elementor-widget-cs-posts\" data-id=\"a149069\" data-element_type=\"widget\" data-e-type=\"widget\" data-settings=\"{&quot;ekit_we_effect_on&quot;:&quot;none&quot;}\" data-widget_type=\"cs-posts.default\">\n\t\t\t\t<div class=\"elementor-widget-container\">\n\t\t\t\t\t\t\t\t<section class=\"cs-posts cs-posts__standard\">\n\t\t\t\t\t\t\t\t\t\t<div class=\"cs-posts-area cs-posts-area-elementor \" data-posts-area=\"\">\n\t\t\t\t\t\t\t<div class=\"cs-posts-area__outer\">\n\t\t\t\t\t\t\t\t<div\n\t\t\t\t\t\t\t\tclass=\"cs-posts-area__main\"\n\t\t\t\t\t\t\t\tdata-pc=\"2\"\n\t\t\t\t\t\t\t\tdata-lt=\"2\"\n\t\t\t\t\t\t\t\tdata-tb=\"2\"\n\t\t\t\t\t\t\t\tdata-mb=\"1\"\n\t\t\t\t\t\t\t\t>\n\t\t\t\t\t\t\t\t\t\n<article class=\"post-33015 post type-post status-publish format-standard has-post-thumbnail category-nyheter tag-agentisk-ai tag-ai tag-ai-agenter tag-ai-kostnader tag-enterprise-ai tag-finops tag-gemini tag-gemini-enterprise tag-generativ-ai tag-google-cloud tag-it-branschen-2 tag-it-kanalen-2 tag-it-kanalen tag-kostnadshantering tag-molntjanster tag-nordisk-it-media tag-pay-as-you-go tag-svensk-it-nyhetssajt tag-sverige cs-entry cs-video-wrap\">\n\t<div class=\"cs-entry__outer\">\n\t\t\t\t\t<div class=\"cs-entry__inner cs-entry__overlay cs-entry__thumbnail cs-overlay-ratio cs-ratio-landscape-16-9\">\n\n\t\t\t\t<div class=\"cs-overlay-background\">\n\t\t\t\t\t<img loading=\"lazy\" decoding=\"async\" width=\"332\" height=\"187\" src=\"https:\/\/itbranschen.com\/wp-content\/uploads\/2026\/08\/Google-Cloud-introducerar-pay-as-you-go-for-AI-agenter-i-Gemini-Enterprise-332x187.jpg\" class=\"attachment-csco-thumbnail-uncropped size-csco-thumbnail-uncropped wp-post-image\" alt=\"IT-Branschen\" srcset=\"https:\/\/itbranschen.com\/wp-content\/uploads\/2026\/08\/Google-Cloud-introducerar-pay-as-you-go-for-AI-agenter-i-Gemini-Enterprise-332x187.jpg 332w, https:\/\/itbranschen.com\/wp-content\/uploads\/2026\/08\/Google-Cloud-introducerar-pay-as-you-go-for-AI-agenter-i-Gemini-Enterprise-300x169.jpg 300w, https:\/\/itbranschen.com\/wp-content\/uploads\/2026\/08\/Google-Cloud-introducerar-pay-as-you-go-for-AI-agenter-i-Gemini-Enterprise-1024x576.jpg 1024w, https:\/\/itbranschen.com\/wp-content\/uploads\/2026\/08\/Google-Cloud-introducerar-pay-as-you-go-for-AI-agenter-i-Gemini-Enterprise-768x432.jpg 768w, https:\/\/itbranschen.com\/wp-content\/uploads\/2026\/08\/Google-Cloud-introducerar-pay-as-you-go-for-AI-agenter-i-Gemini-Enterprise-18x10.jpg 18w, https:\/\/itbranschen.com\/wp-content\/uploads\/2026\/08\/Google-Cloud-introducerar-pay-as-you-go-for-AI-agenter-i-Gemini-Enterprise-664x374.jpg 664w, https:\/\/itbranschen.com\/wp-content\/uploads\/2026\/08\/Google-Cloud-introducerar-pay-as-you-go-for-AI-agenter-i-Gemini-Enterprise-688x387.jpg 688w, https:\/\/itbranschen.com\/wp-content\/uploads\/2026\/08\/Google-Cloud-introducerar-pay-as-you-go-for-AI-agenter-i-Gemini-Enterprise-1044x587.jpg 1044w, https:\/\/itbranschen.com\/wp-content\/uploads\/2026\/08\/Google-Cloud-introducerar-pay-as-you-go-for-AI-agenter-i-Gemini-Enterprise.jpg 1200w\" sizes=\"(max-width: 332px) 100vw, 332px\" title=\"| IT-Branschen\">\t\t\t\t\t<img loading=\"lazy\" decoding=\"async\" width=\"688\" height=\"387\" src=\"https:\/\/itbranschen.com\/wp-content\/uploads\/2026\/08\/Google-Cloud-introducerar-pay-as-you-go-for-AI-agenter-i-Gemini-Enterprise-688x387.jpg\" class=\"attachment-csco-medium size-csco-medium wp-post-image\" alt=\"IT-Branschen\" srcset=\"https:\/\/itbranschen.com\/wp-content\/uploads\/2026\/08\/Google-Cloud-introducerar-pay-as-you-go-for-AI-agenter-i-Gemini-Enterprise-688x387.jpg 688w, https:\/\/itbranschen.com\/wp-content\/uploads\/2026\/08\/Google-Cloud-introducerar-pay-as-you-go-for-AI-agenter-i-Gemini-Enterprise-300x169.jpg 300w, https:\/\/itbranschen.com\/wp-content\/uploads\/2026\/08\/Google-Cloud-introducerar-pay-as-you-go-for-AI-agenter-i-Gemini-Enterprise-1024x576.jpg 1024w, https:\/\/itbranschen.com\/wp-content\/uploads\/2026\/08\/Google-Cloud-introducerar-pay-as-you-go-for-AI-agenter-i-Gemini-Enterprise-768x432.jpg 768w, https:\/\/itbranschen.com\/wp-content\/uploads\/2026\/08\/Google-Cloud-introducerar-pay-as-you-go-for-AI-agenter-i-Gemini-Enterprise-18x10.jpg 18w, https:\/\/itbranschen.com\/wp-content\/uploads\/2026\/08\/Google-Cloud-introducerar-pay-as-you-go-for-AI-agenter-i-Gemini-Enterprise-332x187.jpg 332w, https:\/\/itbranschen.com\/wp-content\/uploads\/2026\/08\/Google-Cloud-introducerar-pay-as-you-go-for-AI-agenter-i-Gemini-Enterprise-664x374.jpg 664w, https:\/\/itbranschen.com\/wp-content\/uploads\/2026\/08\/Google-Cloud-introducerar-pay-as-you-go-for-AI-agenter-i-Gemini-Enterprise-1044x587.jpg 1044w, https:\/\/itbranschen.com\/wp-content\/uploads\/2026\/08\/Google-Cloud-introducerar-pay-as-you-go-for-AI-agenter-i-Gemini-Enterprise.jpg 1200w\" sizes=\"(max-width: 688px) 100vw, 688px\" title=\"| IT-Branschen\">\t\t\t\t<\/div>\n\n\t\t\t\t\t\t\t<div class=\"cs-video-wrapper\" data-video-id=\"dnwmxz2vkQQ\" data-video-start=\"0\" data-video-end=\"0\">\n\t\t\t\t<div class=\"cs-video-inner\"><\/div>\n\t\t\t\t<div class=\"cs-video-loader\"><\/div>\n\t\t\t<\/div>\n\t\t\t\t\t\t\n\t\t\t\t\n\t\t\t\t<a href=\"https:\/\/itbranschen.com\/de\/google-cloud-pay-as-you-go-ai-agenter\/\" class=\"cs-overlay-link\" title=\"Google Cloud introducerar pay-as-you-go f\u00f6r AI-agenter i Gemini Enterprise\"><\/a>\n\t\t\t<\/div>\n\t\t\n\t\t<div class=\"cs-entry__inner cs-entry__content\">\n\n\t\t\t<div class=\"cs-entry__post-meta\" ><div class=\"cs-meta-category\"><ul class=\"post-categories\">\n\t<li><a href=\"https:\/\/itbranschen.com\/de\/category\/nyheter\/\" rel=\"category tag\">Nyheter<\/a><\/li><\/ul><\/div><\/div>\n\t\t\t<h2 class=\"cs-entry__title\"><a href=\"https:\/\/itbranschen.com\/de\/google-cloud-pay-as-you-go-ai-agenter\/\">Google Cloud introducerar pay-as-you-go f\u00f6r AI-agenter i Gemini Enterprise<\/a><\/h2>\n\t\t\t\n\t\t\t<div class=\"cs-entry__post-meta\" ><div class=\"cs-meta-date\">August 27, 2026<\/div><\/div>\t\t<\/div>\n\t<\/div>\n<\/article>\n\n<article class=\"post-33001 post type-post status-publish format-standard has-post-thumbnail category-nyheter tag-ai tag-check-point tag-check-point-software tag-cyberattacker tag-cyberbrott tag-cybersakerhet tag-e-postsakerhet tag-email-security tag-foretagssakerhet tag-it-branschen-2 tag-it-kanalen-2 tag-it-nyheter tag-it-branschen tag-it-kanalen tag-natfiske tag-nordisk-it-media tag-nyheter tag-phishing tag-social-engineering tag-sverige cs-entry cs-video-wrap\">\n\t<div class=\"cs-entry__outer\">\n\t\t\t\t\t<div class=\"cs-entry__inner cs-entry__overlay cs-entry__thumbnail cs-overlay-ratio cs-ratio-landscape-16-9\">\n\n\t\t\t\t<div class=\"cs-overlay-background\">\n\t\t\t\t\t<img loading=\"lazy\" decoding=\"async\" width=\"332\" height=\"187\" src=\"https:\/\/itbranschen.com\/wp-content\/uploads\/2026\/08\/Check-Point-Software-natfiskekampanj-332x187.jpg\" class=\"attachment-csco-thumbnail-uncropped size-csco-thumbnail-uncropped wp-post-image\" alt=\"IT-Branschen\" srcset=\"https:\/\/itbranschen.com\/wp-content\/uploads\/2026\/08\/Check-Point-Software-natfiskekampanj-332x187.jpg 332w, https:\/\/itbranschen.com\/wp-content\/uploads\/2026\/08\/Check-Point-Software-natfiskekampanj-300x169.jpg 300w, https:\/\/itbranschen.com\/wp-content\/uploads\/2026\/08\/Check-Point-Software-natfiskekampanj-1024x576.jpg 1024w, https:\/\/itbranschen.com\/wp-content\/uploads\/2026\/08\/Check-Point-Software-natfiskekampanj-768x432.jpg 768w, https:\/\/itbranschen.com\/wp-content\/uploads\/2026\/08\/Check-Point-Software-natfiskekampanj-18x10.jpg 18w, https:\/\/itbranschen.com\/wp-content\/uploads\/2026\/08\/Check-Point-Software-natfiskekampanj-664x374.jpg 664w, https:\/\/itbranschen.com\/wp-content\/uploads\/2026\/08\/Check-Point-Software-natfiskekampanj-688x387.jpg 688w, https:\/\/itbranschen.com\/wp-content\/uploads\/2026\/08\/Check-Point-Software-natfiskekampanj-1044x587.jpg 1044w, https:\/\/itbranschen.com\/wp-content\/uploads\/2026\/08\/Check-Point-Software-natfiskekampanj.jpg 1200w\" sizes=\"(max-width: 332px) 100vw, 332px\" title=\"| IT-Branschen\">\t\t\t\t\t<img loading=\"lazy\" decoding=\"async\" width=\"688\" height=\"387\" src=\"https:\/\/itbranschen.com\/wp-content\/uploads\/2026\/08\/Check-Point-Software-natfiskekampanj-688x387.jpg\" class=\"attachment-csco-medium size-csco-medium wp-post-image\" alt=\"IT-Branschen\" srcset=\"https:\/\/itbranschen.com\/wp-content\/uploads\/2026\/08\/Check-Point-Software-natfiskekampanj-688x387.jpg 688w, https:\/\/itbranschen.com\/wp-content\/uploads\/2026\/08\/Check-Point-Software-natfiskekampanj-300x169.jpg 300w, https:\/\/itbranschen.com\/wp-content\/uploads\/2026\/08\/Check-Point-Software-natfiskekampanj-1024x576.jpg 1024w, https:\/\/itbranschen.com\/wp-content\/uploads\/2026\/08\/Check-Point-Software-natfiskekampanj-768x432.jpg 768w, https:\/\/itbranschen.com\/wp-content\/uploads\/2026\/08\/Check-Point-Software-natfiskekampanj-18x10.jpg 18w, https:\/\/itbranschen.com\/wp-content\/uploads\/2026\/08\/Check-Point-Software-natfiskekampanj-332x187.jpg 332w, https:\/\/itbranschen.com\/wp-content\/uploads\/2026\/08\/Check-Point-Software-natfiskekampanj-664x374.jpg 664w, https:\/\/itbranschen.com\/wp-content\/uploads\/2026\/08\/Check-Point-Software-natfiskekampanj-1044x587.jpg 1044w, https:\/\/itbranschen.com\/wp-content\/uploads\/2026\/08\/Check-Point-Software-natfiskekampanj.jpg 1200w\" sizes=\"(max-width: 688px) 100vw, 688px\" title=\"| IT-Branschen\">\t\t\t\t<\/div>\n\n\t\t\t\t\n\t\t\t\t\n\t\t\t\t<a href=\"https:\/\/itbranschen.com\/de\/check-point-natfiskekampanj-9000-organisationer\/\" class=\"cs-overlay-link\" title=\"Check Point Software stoppar omfattande n\u00e4tfiskekampanj riktad mot 9000 organisationer\"><\/a>\n\t\t\t<\/div>\n\t\t\n\t\t<div class=\"cs-entry__inner cs-entry__content\">\n\n\t\t\t<div class=\"cs-entry__post-meta\" ><div class=\"cs-meta-category\"><ul class=\"post-categories\">\n\t<li><a href=\"https:\/\/itbranschen.com\/de\/category\/nyheter\/\" rel=\"category tag\">Nyheter<\/a><\/li><\/ul><\/div><\/div>\n\t\t\t<h2 class=\"cs-entry__title\"><a href=\"https:\/\/itbranschen.com\/de\/check-point-natfiskekampanj-9000-organisationer\/\">Check Point Software stoppar omfattande n\u00e4tfiskekampanj riktad mot 9000 organisationer<\/a><\/h2>\n\t\t\t\n\t\t\t<div class=\"cs-entry__post-meta\" ><div class=\"cs-meta-date\">August 27, 2026<\/div><\/div>\t\t<\/div>\n\t<\/div>\n<\/article>\n\t\t\t\t\t\t\t\t<\/div>\n\t\t\t\t\t\t\t<\/div>\n\t\t\t\t\t\t<\/div>\n\t\t\t\t\t\t\t\t<\/section>\n\t\t\t\t\t\t<\/div>\n\t\t\t\t<\/div>\n\t\t\t\t<\/div>\n\t\t\t\t<div class=\"elementor-element elementor-element-43c1f7b cs-dividerhorizontal cs-divider-tablethorizontal cs-divider-mobilehorizontal elementor-widget elementor-widget-cs-divider\" data-id=\"43c1f7b\" data-element_type=\"widget\" data-e-type=\"widget\" data-settings=\"{&quot;ekit_we_effect_on&quot;:&quot;none&quot;}\" data-widget_type=\"cs-divider.default\">\n\t\t\t\t<div class=\"elementor-widget-container\">\n\t\t\t\t\t\t\t<section class=\"cs-divider cs-divider-horizontal\"><\/section>\n\t\t\t\t\t\t<\/div>\n\t\t\t\t<\/div>\n\t\t<div class=\"elementor-element elementor-element-81a84cd e-con-full e-flex e-con e-child\" data-id=\"81a84cd\" data-element_type=\"container\" data-e-type=\"container\">\n\t\t\t\t<div class=\"elementor-element elementor-element-2010172 elementor-widget elementor-widget-cs-posts\" data-id=\"2010172\" data-element_type=\"widget\" data-e-type=\"widget\" data-settings=\"{&quot;ekit_we_effect_on&quot;:&quot;none&quot;}\" data-widget_type=\"cs-posts.default\">\n\t\t\t\t<div class=\"elementor-widget-container\">\n\t\t\t\t\t\t\t\t<section class=\"cs-posts cs-posts__horizontal\">\n\t\t\t\t\t\t\t\t\t\t<div class=\"cs-posts-area cs-posts-area-elementor \" data-posts-area=\"\">\n\t\t\t\t\t\t\t<div class=\"cs-posts-area__outer\">\n\t\t\t\t\t\t\t\t<div\n\t\t\t\t\t\t\t\tclass=\"cs-posts-area__main cs-posts-area__main-divider\"\n\t\t\t\t\t\t\t\tdata-pc=\"1\"\n\t\t\t\t\t\t\t\tdata-lt=\"2\"\n\t\t\t\t\t\t\t\tdata-tb=\"1\"\n\t\t\t\t\t\t\t\tdata-mb=\"1\"\n\t\t\t\t\t\t\t\t>\n\t\t\t\t\t\t\t\t\t\n<article class=\"post-32991 post type-post status-publish format-standard has-post-thumbnail category-nyheter tag-ai tag-ai-kompetens-2 tag-arbetsmarknad tag-digitalisering tag-framtidens-jobb tag-it-branschen-2 tag-it-kanalen-2 tag-it-nyheter tag-it-sakerhet-nyheter-sverige tag-it-branschen tag-it-kanalen tag-kompetens tag-kompetensforsorjning tag-nordisk-it-media tag-nyheter tag-pearson tag-rekrytering tag-servicenow tag-sverige tag-tech tag-tech-tidningen tag-vard cs-entry cs-video-wrap\">\n\t<div class=\"cs-entry__outer cs-entry__outer-medium cs-entry__outer-thumbnail-right\">\n\t\t\t\t\t<div class=\"cs-entry__inner cs-entry__overlay cs-entry__thumbnail cs-overlay-ratio cs-ratio-landscape-16-9\">\n\n\t\t\t\t<div class=\"cs-overlay-background\">\n\t\t\t\t\t<img loading=\"lazy\" decoding=\"async\" width=\"332\" height=\"187\" src=\"https:\/\/itbranschen.com\/wp-content\/uploads\/2026\/08\/Techsektorn-vantas-vaxa-snabbast-pa-svensk-arbetsmarknad-till-332x187.jpg\" class=\"attachment-csco-thumbnail-uncropped size-csco-thumbnail-uncropped wp-post-image\" alt=\"IT-Branschen\" srcset=\"https:\/\/itbranschen.com\/wp-content\/uploads\/2026\/08\/Techsektorn-vantas-vaxa-snabbast-pa-svensk-arbetsmarknad-till-332x187.jpg 332w, https:\/\/itbranschen.com\/wp-content\/uploads\/2026\/08\/Techsektorn-vantas-vaxa-snabbast-pa-svensk-arbetsmarknad-till-300x169.jpg 300w, https:\/\/itbranschen.com\/wp-content\/uploads\/2026\/08\/Techsektorn-vantas-vaxa-snabbast-pa-svensk-arbetsmarknad-till-1024x576.jpg 1024w, https:\/\/itbranschen.com\/wp-content\/uploads\/2026\/08\/Techsektorn-vantas-vaxa-snabbast-pa-svensk-arbetsmarknad-till-768x432.jpg 768w, https:\/\/itbranschen.com\/wp-content\/uploads\/2026\/08\/Techsektorn-vantas-vaxa-snabbast-pa-svensk-arbetsmarknad-till-18x10.jpg 18w, https:\/\/itbranschen.com\/wp-content\/uploads\/2026\/08\/Techsektorn-vantas-vaxa-snabbast-pa-svensk-arbetsmarknad-till-664x374.jpg 664w, https:\/\/itbranschen.com\/wp-content\/uploads\/2026\/08\/Techsektorn-vantas-vaxa-snabbast-pa-svensk-arbetsmarknad-till-688x387.jpg 688w, https:\/\/itbranschen.com\/wp-content\/uploads\/2026\/08\/Techsektorn-vantas-vaxa-snabbast-pa-svensk-arbetsmarknad-till-1044x587.jpg 1044w, https:\/\/itbranschen.com\/wp-content\/uploads\/2026\/08\/Techsektorn-vantas-vaxa-snabbast-pa-svensk-arbetsmarknad-till.jpg 1200w\" sizes=\"(max-width: 332px) 100vw, 332px\" title=\"| IT-Branschen\">\t\t\t\t\t<img loading=\"lazy\" decoding=\"async\" width=\"332\" height=\"186\" src=\"https:\/\/itbranschen.com\/wp-content\/uploads\/2026\/08\/Techsektorn-vantas-vaxa-snabbast-pa-svensk-arbetsmarknad-till-332x186.jpg\" class=\"attachment-csco-thumbnail size-csco-thumbnail wp-post-image\" alt=\"IT-Branschen\" srcset=\"https:\/\/itbranschen.com\/wp-content\/uploads\/2026\/08\/Techsektorn-vantas-vaxa-snabbast-pa-svensk-arbetsmarknad-till-332x187.jpg 332w, https:\/\/itbranschen.com\/wp-content\/uploads\/2026\/08\/Techsektorn-vantas-vaxa-snabbast-pa-svensk-arbetsmarknad-till-300x169.jpg 300w, https:\/\/itbranschen.com\/wp-content\/uploads\/2026\/08\/Techsektorn-vantas-vaxa-snabbast-pa-svensk-arbetsmarknad-till-1024x576.jpg 1024w, https:\/\/itbranschen.com\/wp-content\/uploads\/2026\/08\/Techsektorn-vantas-vaxa-snabbast-pa-svensk-arbetsmarknad-till-768x432.jpg 768w, https:\/\/itbranschen.com\/wp-content\/uploads\/2026\/08\/Techsektorn-vantas-vaxa-snabbast-pa-svensk-arbetsmarknad-till-18x10.jpg 18w, https:\/\/itbranschen.com\/wp-content\/uploads\/2026\/08\/Techsektorn-vantas-vaxa-snabbast-pa-svensk-arbetsmarknad-till-664x374.jpg 664w, https:\/\/itbranschen.com\/wp-content\/uploads\/2026\/08\/Techsektorn-vantas-vaxa-snabbast-pa-svensk-arbetsmarknad-till-688x387.jpg 688w, https:\/\/itbranschen.com\/wp-content\/uploads\/2026\/08\/Techsektorn-vantas-vaxa-snabbast-pa-svensk-arbetsmarknad-till-1044x587.jpg 1044w, https:\/\/itbranschen.com\/wp-content\/uploads\/2026\/08\/Techsektorn-vantas-vaxa-snabbast-pa-svensk-arbetsmarknad-till.jpg 1200w\" sizes=\"(max-width: 332px) 100vw, 332px\" title=\"| IT-Branschen\">\t\t\t\t<\/div>\n\n\t\t\t\t\n\t\t\t\t\n\t\t\t\t<a href=\"https:\/\/itbranschen.com\/de\/techsektorn-jobb-sverige-2031\/\" class=\"cs-overlay-link\" title=\"Techsektorn v\u00e4ntas v\u00e4xa snabbast p\u00e5 svensk arbetsmarknad till 2031\"><\/a>\n\t\t\t<\/div>\n\t\t\n\t\t<div class=\"cs-entry__inner cs-entry__content cs-entry__content-horizontal\">\n\t\t\t<div class=\"cs-entry__post-meta\" ><div class=\"cs-meta-category\"><ul class=\"post-categories\">\n\t<li><a href=\"https:\/\/itbranschen.com\/de\/category\/nyheter\/\" rel=\"category tag\">Nyheter<\/a><\/li><\/ul><\/div><\/div>\n\t\t\t<h2 class=\"cs-entry__title\"><a href=\"https:\/\/itbranschen.com\/de\/techsektorn-jobb-sverige-2031\/\">Techsektorn v\u00e4ntas v\u00e4xa snabbast p\u00e5 svensk arbetsmarknad till 2031<\/a><\/h2>\n\t\t\t\t\t\t\t\t<div class=\"cs-entry__excerpt\">\n\t\t\t\t\t\t\u200b\ufeffTechsektorn v\u00e4xer snabbast i procent till 2031, men v\u00e5rden skapar flest nya jobb. AI och digital kompetens blir avg\u00f6rande f\u00f6r att integrera teknik i arbetsfl\u00f6den och f\u00f6r\u00e4ndra&hellip;\t\t\t\t\t<\/div>\n\t\t\t\t\t\n\t\t\t<div class=\"cs-entry__post-meta\" ><div class=\"cs-meta-author\"><span class=\"cs-meta-author-by\">by<\/span><a class=\"cs-meta-author-link url fn n\" href=\"https:\/\/itbranschen.com\/de\"><span class=\"cs-meta-author-name\">IT-Branschen<\/span><\/a><\/div><div class=\"cs-meta-date\">August 27, 2026<\/div><\/div>\t\t<\/div>\n\t<\/div>\n<\/article>\n\n<article class=\"post-32976 post type-post status-publish format-standard has-post-thumbnail category-nyheter tag-ai tag-cisa tag-cve-2026-60004 tag-cybersakerhet tag-devops tag-fjarrkorning-av-kod tag-git tag-gitea tag-incidentrespons tag-it-branschen-2 tag-it-sakerhet-nyheter-sverige tag-it-branschen tag-it-kanalen tag-kev tag-kodinjektion tag-oppen-kallkod tag-patchning tag-rce tag-sarbarhet tag-svensk-it-nyhetssajt tag-sverige tag-tech-tidningen cs-entry cs-video-wrap\">\n\t<div class=\"cs-entry__outer cs-entry__outer-medium cs-entry__outer-thumbnail-right\">\n\t\t\t\t\t<div class=\"cs-entry__inner cs-entry__overlay cs-entry__thumbnail cs-overlay-ratio cs-ratio-landscape-16-9\">\n\n\t\t\t\t<div class=\"cs-overlay-background\">\n\t\t\t\t\t<img loading=\"lazy\" decoding=\"async\" width=\"332\" height=\"187\" src=\"https:\/\/itbranschen.com\/wp-content\/uploads\/2026\/08\/Kritisk-Gitea-sarbarhet-utnyttjas-aktivt-332x187.jpg\" class=\"attachment-csco-thumbnail-uncropped size-csco-thumbnail-uncropped wp-post-image\" alt=\"IT-Branschen\" srcset=\"https:\/\/itbranschen.com\/wp-content\/uploads\/2026\/08\/Kritisk-Gitea-sarbarhet-utnyttjas-aktivt-332x187.jpg 332w, https:\/\/itbranschen.com\/wp-content\/uploads\/2026\/08\/Kritisk-Gitea-sarbarhet-utnyttjas-aktivt-300x169.jpg 300w, https:\/\/itbranschen.com\/wp-content\/uploads\/2026\/08\/Kritisk-Gitea-sarbarhet-utnyttjas-aktivt-1024x576.jpg 1024w, https:\/\/itbranschen.com\/wp-content\/uploads\/2026\/08\/Kritisk-Gitea-sarbarhet-utnyttjas-aktivt-768x432.jpg 768w, https:\/\/itbranschen.com\/wp-content\/uploads\/2026\/08\/Kritisk-Gitea-sarbarhet-utnyttjas-aktivt-18x10.jpg 18w, https:\/\/itbranschen.com\/wp-content\/uploads\/2026\/08\/Kritisk-Gitea-sarbarhet-utnyttjas-aktivt-664x374.jpg 664w, https:\/\/itbranschen.com\/wp-content\/uploads\/2026\/08\/Kritisk-Gitea-sarbarhet-utnyttjas-aktivt-688x387.jpg 688w, https:\/\/itbranschen.com\/wp-content\/uploads\/2026\/08\/Kritisk-Gitea-sarbarhet-utnyttjas-aktivt-1044x587.jpg 1044w, https:\/\/itbranschen.com\/wp-content\/uploads\/2026\/08\/Kritisk-Gitea-sarbarhet-utnyttjas-aktivt.jpg 1200w\" sizes=\"(max-width: 332px) 100vw, 332px\" title=\"| IT-Branschen\">\t\t\t\t\t<img loading=\"lazy\" decoding=\"async\" width=\"332\" height=\"186\" src=\"https:\/\/itbranschen.com\/wp-content\/uploads\/2026\/08\/Kritisk-Gitea-sarbarhet-utnyttjas-aktivt-332x186.jpg\" class=\"attachment-csco-thumbnail size-csco-thumbnail wp-post-image\" alt=\"IT-Branschen\" srcset=\"https:\/\/itbranschen.com\/wp-content\/uploads\/2026\/08\/Kritisk-Gitea-sarbarhet-utnyttjas-aktivt-332x187.jpg 332w, https:\/\/itbranschen.com\/wp-content\/uploads\/2026\/08\/Kritisk-Gitea-sarbarhet-utnyttjas-aktivt-300x169.jpg 300w, https:\/\/itbranschen.com\/wp-content\/uploads\/2026\/08\/Kritisk-Gitea-sarbarhet-utnyttjas-aktivt-1024x576.jpg 1024w, https:\/\/itbranschen.com\/wp-content\/uploads\/2026\/08\/Kritisk-Gitea-sarbarhet-utnyttjas-aktivt-768x432.jpg 768w, https:\/\/itbranschen.com\/wp-content\/uploads\/2026\/08\/Kritisk-Gitea-sarbarhet-utnyttjas-aktivt-18x10.jpg 18w, https:\/\/itbranschen.com\/wp-content\/uploads\/2026\/08\/Kritisk-Gitea-sarbarhet-utnyttjas-aktivt-664x374.jpg 664w, https:\/\/itbranschen.com\/wp-content\/uploads\/2026\/08\/Kritisk-Gitea-sarbarhet-utnyttjas-aktivt-688x387.jpg 688w, https:\/\/itbranschen.com\/wp-content\/uploads\/2026\/08\/Kritisk-Gitea-sarbarhet-utnyttjas-aktivt-1044x587.jpg 1044w, https:\/\/itbranschen.com\/wp-content\/uploads\/2026\/08\/Kritisk-Gitea-sarbarhet-utnyttjas-aktivt.jpg 1200w\" sizes=\"(max-width: 332px) 100vw, 332px\" title=\"| IT-Branschen\">\t\t\t\t<\/div>\n\n\t\t\t\t\n\t\t\t\t\n\t\t\t\t<a href=\"https:\/\/itbranschen.com\/de\/gitea-sarbarhet-utnyttjas-aktivt\/\" class=\"cs-overlay-link\" title=\"Kritisk Gitea-s\u00e5rbarhet utnyttjas aktivt\"><\/a>\n\t\t\t<\/div>\n\t\t\n\t\t<div class=\"cs-entry__inner cs-entry__content cs-entry__content-horizontal\">\n\t\t\t<div class=\"cs-entry__post-meta\" ><div class=\"cs-meta-category\"><ul class=\"post-categories\">\n\t<li><a href=\"https:\/\/itbranschen.com\/de\/category\/nyheter\/\" rel=\"category tag\">Nyheter<\/a><\/li><\/ul><\/div><\/div>\n\t\t\t<h2 class=\"cs-entry__title\"><a href=\"https:\/\/itbranschen.com\/de\/gitea-sarbarhet-utnyttjas-aktivt\/\">Kritisk Gitea-s\u00e5rbarhet utnyttjas aktivt<\/a><\/h2>\n\t\t\t\t\t\t\t\t<div class=\"cs-entry__excerpt\">\n\t\t\t\t\t\t\u200b\ufeffEn kritisk s\u00e5rbarhet i Gitea m\u00f6jligg\u00f6r k\u00f6rning av skadliga kommandon via Git-hooks, riskerar k\u00e4llkod och hemligheter, och kr\u00e4ver snabb uppgradering och s\u00e4kerhets\u00e5tg\u00e4rder.\ufeff\u200b\t\t\t\t\t<\/div>\n\t\t\t\t\t\n\t\t\t<div class=\"cs-entry__post-meta\" ><div class=\"cs-meta-author\"><span class=\"cs-meta-author-by\">by<\/span><a class=\"cs-meta-author-link url fn n\" href=\"https:\/\/itbranschen.com\/de\"><span class=\"cs-meta-author-name\">Mario Leif Birger Hansen<\/span><\/a><\/div><div class=\"cs-meta-date\">August 27, 2026<\/div><\/div>\t\t<\/div>\n\t<\/div>\n<\/article>\n\n<article class=\"post-32962 post type-post status-publish format-standard has-post-thumbnail category-nyheter tag-combinedx tag-digital-transformation tag-foretagsforvarv tag-it-branschen-2 tag-it-kanalen-2 tag-it-nyheter tag-it-branschen tag-it-kanalen tag-it-konsulter-2 tag-itkanalen tag-managed-services tag-netgain tag-norden tag-norge tag-ntt-data tag-ntt-data-business-solutions tag-nyheter tag-servicenow tag-sverige tag-the-cloud-people cs-entry cs-video-wrap\">\n\t<div class=\"cs-entry__outer cs-entry__outer-medium cs-entry__outer-thumbnail-right\">\n\t\t\t\t\t<div class=\"cs-entry__inner cs-entry__overlay cs-entry__thumbnail cs-overlay-ratio cs-ratio-landscape-16-9\">\n\n\t\t\t\t<div class=\"cs-overlay-background\">\n\t\t\t\t\t<img loading=\"lazy\" decoding=\"async\" width=\"332\" height=\"187\" src=\"https:\/\/itbranschen.com\/wp-content\/uploads\/2026\/08\/NTT-DATA-koper-Netgain-332x187.jpg\" class=\"attachment-csco-thumbnail-uncropped size-csco-thumbnail-uncropped wp-post-image\" alt=\"IT-Branschen\" srcset=\"https:\/\/itbranschen.com\/wp-content\/uploads\/2026\/08\/NTT-DATA-koper-Netgain-332x187.jpg 332w, https:\/\/itbranschen.com\/wp-content\/uploads\/2026\/08\/NTT-DATA-koper-Netgain-300x169.jpg 300w, https:\/\/itbranschen.com\/wp-content\/uploads\/2026\/08\/NTT-DATA-koper-Netgain-1024x576.jpg 1024w, https:\/\/itbranschen.com\/wp-content\/uploads\/2026\/08\/NTT-DATA-koper-Netgain-768x432.jpg 768w, https:\/\/itbranschen.com\/wp-content\/uploads\/2026\/08\/NTT-DATA-koper-Netgain-18x10.jpg 18w, https:\/\/itbranschen.com\/wp-content\/uploads\/2026\/08\/NTT-DATA-koper-Netgain-664x374.jpg 664w, https:\/\/itbranschen.com\/wp-content\/uploads\/2026\/08\/NTT-DATA-koper-Netgain-688x387.jpg 688w, https:\/\/itbranschen.com\/wp-content\/uploads\/2026\/08\/NTT-DATA-koper-Netgain-1044x587.jpg 1044w, https:\/\/itbranschen.com\/wp-content\/uploads\/2026\/08\/NTT-DATA-koper-Netgain.jpg 1200w\" sizes=\"(max-width: 332px) 100vw, 332px\" title=\"| IT-Branschen\">\t\t\t\t\t<img loading=\"lazy\" decoding=\"async\" width=\"332\" height=\"186\" src=\"https:\/\/itbranschen.com\/wp-content\/uploads\/2026\/08\/NTT-DATA-koper-Netgain-332x186.jpg\" class=\"attachment-csco-thumbnail size-csco-thumbnail wp-post-image\" alt=\"IT-Branschen\" srcset=\"https:\/\/itbranschen.com\/wp-content\/uploads\/2026\/08\/NTT-DATA-koper-Netgain-332x187.jpg 332w, https:\/\/itbranschen.com\/wp-content\/uploads\/2026\/08\/NTT-DATA-koper-Netgain-300x169.jpg 300w, https:\/\/itbranschen.com\/wp-content\/uploads\/2026\/08\/NTT-DATA-koper-Netgain-1024x576.jpg 1024w, https:\/\/itbranschen.com\/wp-content\/uploads\/2026\/08\/NTT-DATA-koper-Netgain-768x432.jpg 768w, https:\/\/itbranschen.com\/wp-content\/uploads\/2026\/08\/NTT-DATA-koper-Netgain-18x10.jpg 18w, https:\/\/itbranschen.com\/wp-content\/uploads\/2026\/08\/NTT-DATA-koper-Netgain-664x374.jpg 664w, https:\/\/itbranschen.com\/wp-content\/uploads\/2026\/08\/NTT-DATA-koper-Netgain-688x387.jpg 688w, https:\/\/itbranschen.com\/wp-content\/uploads\/2026\/08\/NTT-DATA-koper-Netgain-1044x587.jpg 1044w, https:\/\/itbranschen.com\/wp-content\/uploads\/2026\/08\/NTT-DATA-koper-Netgain.jpg 1200w\" sizes=\"(max-width: 332px) 100vw, 332px\" title=\"| IT-Branschen\">\t\t\t\t<\/div>\n\n\t\t\t\t\n\t\t\t\t\n\t\t\t\t<a href=\"https:\/\/itbranschen.com\/de\/ntt-data-koper-netgain\/\" class=\"cs-overlay-link\" title=\"NTT DATA k\u00f6per Netgain och st\u00e4rker ServiceNow-verksamheten i Sverige\"><\/a>\n\t\t\t<\/div>\n\t\t\n\t\t<div class=\"cs-entry__inner cs-entry__content cs-entry__content-horizontal\">\n\t\t\t<div class=\"cs-entry__post-meta\" ><div class=\"cs-meta-category\"><ul class=\"post-categories\">\n\t<li><a href=\"https:\/\/itbranschen.com\/de\/category\/nyheter\/\" rel=\"category tag\">Nyheter<\/a><\/li><\/ul><\/div><\/div>\n\t\t\t<h2 class=\"cs-entry__title\"><a href=\"https:\/\/itbranschen.com\/de\/ntt-data-koper-netgain\/\">NTT DATA k\u00f6per Netgain och st\u00e4rker ServiceNow-verksamheten i Sverige<\/a><\/h2>\n\t\t\t\t\t\t\t\t<div class=\"cs-entry__excerpt\">\n\t\t\t\t\t\t\u200b\ufeffNTT DATA k\u00f6per Netgain och skapar Sveriges st\u00f6rsta renodlade ServiceNow-verksamhet, vilket st\u00e4rker deras kapacitet och ger Netgain tillg\u00e5ng till ett st\u00f6rre nordiskt och&hellip;\t\t\t\t\t<\/div>\n\t\t\t\t\t\n\t\t\t<div class=\"cs-entry__post-meta\" ><div class=\"cs-meta-author\"><span class=\"cs-meta-author-by\">by<\/span><a class=\"cs-meta-author-link url fn n\" href=\"https:\/\/itbranschen.com\/de\"><span class=\"cs-meta-author-name\">Mateo Sandstr\u00f6m<\/span><\/a><\/div><div class=\"cs-meta-date\">August 27, 2026<\/div><\/div>\t\t<\/div>\n\t<\/div>\n<\/article>\n\n<article class=\"post-32942 post type-post status-publish format-standard has-post-thumbnail category-nyheter tag-ai tag-cybersakerhet tag-digg tag-digital-infrastruktur tag-digitalisering tag-digitaliseringsmyndigheten tag-it-branschen-2 tag-it-kanalen-2 tag-it-nyheter tag-it-branschen tag-it-kanalen tag-it-konsulttjanster tag-myndigheten-for-digital-forvaltning tag-nordisk-it-media tag-nyheter tag-offentlig-sektor tag-ramavtal tag-sigma-technology tag-sigma-technology-it-infra tag-svensk-it-nyhetssajt tag-sverige tag-tech-tidningen cs-entry cs-video-wrap\">\n\t<div class=\"cs-entry__outer cs-entry__outer-medium cs-entry__outer-thumbnail-right\">\n\t\t\t\t\t<div class=\"cs-entry__inner cs-entry__overlay cs-entry__thumbnail cs-overlay-ratio cs-ratio-landscape-16-9\">\n\n\t\t\t\t<div class=\"cs-overlay-background\">\n\t\t\t\t\t<img loading=\"lazy\" decoding=\"async\" width=\"332\" height=\"187\" src=\"https:\/\/itbranschen.com\/wp-content\/uploads\/2026\/08\/Sigma-Technology-Digg-332x187.jpg\" class=\"attachment-csco-thumbnail-uncropped size-csco-thumbnail-uncropped wp-post-image\" alt=\"IT-Branschen\" srcset=\"https:\/\/itbranschen.com\/wp-content\/uploads\/2026\/08\/Sigma-Technology-Digg-332x187.jpg 332w, https:\/\/itbranschen.com\/wp-content\/uploads\/2026\/08\/Sigma-Technology-Digg-300x169.jpg 300w, https:\/\/itbranschen.com\/wp-content\/uploads\/2026\/08\/Sigma-Technology-Digg-1024x576.jpg 1024w, https:\/\/itbranschen.com\/wp-content\/uploads\/2026\/08\/Sigma-Technology-Digg-768x432.jpg 768w, https:\/\/itbranschen.com\/wp-content\/uploads\/2026\/08\/Sigma-Technology-Digg-18x10.jpg 18w, https:\/\/itbranschen.com\/wp-content\/uploads\/2026\/08\/Sigma-Technology-Digg-664x374.jpg 664w, https:\/\/itbranschen.com\/wp-content\/uploads\/2026\/08\/Sigma-Technology-Digg-688x387.jpg 688w, https:\/\/itbranschen.com\/wp-content\/uploads\/2026\/08\/Sigma-Technology-Digg-1044x587.jpg 1044w, https:\/\/itbranschen.com\/wp-content\/uploads\/2026\/08\/Sigma-Technology-Digg.jpg 1200w\" sizes=\"(max-width: 332px) 100vw, 332px\" title=\"| IT-Branschen\">\t\t\t\t\t<img loading=\"lazy\" decoding=\"async\" width=\"332\" height=\"186\" src=\"https:\/\/itbranschen.com\/wp-content\/uploads\/2026\/08\/Sigma-Technology-Digg-332x186.jpg\" class=\"attachment-csco-thumbnail size-csco-thumbnail wp-post-image\" alt=\"IT-Branschen\" srcset=\"https:\/\/itbranschen.com\/wp-content\/uploads\/2026\/08\/Sigma-Technology-Digg-332x187.jpg 332w, https:\/\/itbranschen.com\/wp-content\/uploads\/2026\/08\/Sigma-Technology-Digg-300x169.jpg 300w, https:\/\/itbranschen.com\/wp-content\/uploads\/2026\/08\/Sigma-Technology-Digg-1024x576.jpg 1024w, https:\/\/itbranschen.com\/wp-content\/uploads\/2026\/08\/Sigma-Technology-Digg-768x432.jpg 768w, https:\/\/itbranschen.com\/wp-content\/uploads\/2026\/08\/Sigma-Technology-Digg-18x10.jpg 18w, https:\/\/itbranschen.com\/wp-content\/uploads\/2026\/08\/Sigma-Technology-Digg-664x374.jpg 664w, https:\/\/itbranschen.com\/wp-content\/uploads\/2026\/08\/Sigma-Technology-Digg-688x387.jpg 688w, https:\/\/itbranschen.com\/wp-content\/uploads\/2026\/08\/Sigma-Technology-Digg-1044x587.jpg 1044w, https:\/\/itbranschen.com\/wp-content\/uploads\/2026\/08\/Sigma-Technology-Digg.jpg 1200w\" sizes=\"(max-width: 332px) 100vw, 332px\" title=\"| IT-Branschen\">\t\t\t\t<\/div>\n\n\t\t\t\t\n\t\t\t\t\n\t\t\t\t<a href=\"https:\/\/itbranschen.com\/de\/sigma-technology-digg-ramavtal\/\" class=\"cs-overlay-link\" title=\"Sigma Technology blir leverant\u00f6r till Digg genom nytt ramavtal f\u00f6r IT-konsulttj\u00e4nster\"><\/a>\n\t\t\t<\/div>\n\t\t\n\t\t<div class=\"cs-entry__inner cs-entry__content cs-entry__content-horizontal\">\n\t\t\t<div class=\"cs-entry__post-meta\" ><div class=\"cs-meta-category\"><ul class=\"post-categories\">\n\t<li><a href=\"https:\/\/itbranschen.com\/de\/category\/nyheter\/\" rel=\"category tag\">Nyheter<\/a><\/li><\/ul><\/div><\/div>\n\t\t\t<h2 class=\"cs-entry__title\"><a href=\"https:\/\/itbranschen.com\/de\/sigma-technology-digg-ramavtal\/\">Sigma Technology blir leverant\u00f6r till Digg genom nytt ramavtal f\u00f6r IT-konsulttj\u00e4nster<\/a><\/h2>\n\t\t\t\t\t\t\t\t<div class=\"cs-entry__excerpt\">\n\t\t\t\t\t\t\u200b\ufeffSigma Technology IT Infra tecknar nytt ramavtal med Digg f\u00f6r IT-konsulttj\u00e4nster inom offentlig sektor, med fokus p\u00e5 digital infrastruktur och s\u00e4kerhetskritiska l\u00f6sningar.\ufeff\u200b\t\t\t\t\t<\/div>\n\t\t\t\t\t\n\t\t\t<div class=\"cs-entry__post-meta\" ><div class=\"cs-meta-author\"><span class=\"cs-meta-author-by\">by<\/span><a class=\"cs-meta-author-link url fn n\" href=\"https:\/\/itbranschen.com\/de\"><span class=\"cs-meta-author-name\">IT-Branschen<\/span><\/a><\/div><div class=\"cs-meta-date\">August 26, 2026<\/div><\/div>\t\t<\/div>\n\t<\/div>\n<\/article>\n\t\t\t\t\t\t\t\t<\/div>\n\t\t\t\t\t\t\t<\/div>\n\t\t\t\t\t\t<\/div>\n\t\t\t\t\t\t\t\t<\/section>\n\t\t\t\t\t\t<\/div>\n\t\t\t\t<\/div>\n\t\t\t\t<\/div>\n\t\t\t\t<\/div>\n\t\t\t\t<div class=\"elementor-element elementor-element-0407fe1 cs-dividervertical cs-divider-tabletvertical elementor-widget-mobile__width-inherit cs-divider-mobilehorizontal elementor-widget elementor-widget-cs-divider\" data-id=\"0407fe1\" data-element_type=\"widget\" data-e-type=\"widget\" data-settings=\"{&quot;ekit_we_effect_on&quot;:&quot;none&quot;}\" data-widget_type=\"cs-divider.default\">\n\t\t\t\t<div class=\"elementor-widget-container\">\n\t\t\t\t\t\t\t<section class=\"cs-divider cs-divider-vertical\"><\/section>\n\t\t\t\t\t\t<\/div>\n\t\t\t\t<\/div>\n\t\t<div class=\"elementor-element elementor-element-17faf12 e-con-full e-flex e-con e-child\" data-id=\"17faf12\" data-element_type=\"container\" data-e-type=\"container\">\n\t\t<div class=\"elementor-element elementor-element-d8ca21f e-con-full e-flex e-con e-child\" data-id=\"d8ca21f\" data-element_type=\"container\" data-e-type=\"container\">\n\t\t\t\t<div class=\"elementor-element elementor-element-17dfc9f elementor-widget elementor-widget-wp-widget-advads_ad_widget\" data-id=\"17dfc9f\" data-element_type=\"widget\" data-e-type=\"widget\" data-settings=\"{&quot;ekit_we_effect_on&quot;:&quot;none&quot;}\" data-widget_type=\"wp-widget-advads_ad_widget.default\">\n\t\t\t\t<div class=\"elementor-widget-container\">\n\t\t\t\t\t<div id=\"itbra-slider-4053\" class=\"custom-slider itbra-slider-2115851559 itbra-slider\"><ul><li><div id=\"itbra-4177743375\" style=\"margin-left: auto;margin-right: auto;text-align: center;clear: both;\"><div style=\"position: relative; display: inline-block; width:100%; max-width:300px;\">\r\n\r\n  <a href=\"https:\/\/interflexgroup.se\/\" target=\"_blank\" rel=\"sponsored noopener\">\r\n    <img decoding=\"async\" alt=\"InterFlex Group, partner f\u00f6r leverant\u00f6rer i IT-branschen, annons\" title=\"Interflex Group Banner | IT-Branschen\" src=\"https:\/\/itbranschen.com\/wp-content\/uploads\/2026\/07\/ITB-Nordic-1.jpg\" style=\"width:100%; height:auto; display:block;\">\r\n  <\/a>\r\n\r\n  <div style=\"\r\n    position:absolute;\r\n    bottom:8px;\r\n    left:8px;\r\n    font-size:11px;\r\n    background:rgba(255,255,255,0.9);\r\n    padding:3px 7px;\r\n    border-radius:3px;\r\n    font-weight:600;\r\n    letter-spacing:0.5px;\r\n  \">\r\n    ANNONS\r\n  <\/div>\r\n\r\n<\/div><\/div><br style=\"clear: both; display: block; float: none;\"\/><\/li><li><div id=\"itbra-3274366163\" style=\"margin-left: auto;margin-right: auto;text-align: center;clear: both;\"><div style=\"position: relative; display: inline-block; width:100%; max-width:300px;\">\r\n\r\n  <a href=\"https:\/\/www.journeyofficial.eu\/products\/loc8-versa-magsafe-money-clip-wallet-stand\" target=\"_blank\" rel=\"sponsored nofollow noopener\">\r\n \r\n    <img decoding=\"async\" alt=\"Journey LOC8 VERSA | IT-Branschen\" title=\"Journey Banner | IT-Branschen\" src=\"https:\/\/itbranschen.com\/wp-content\/uploads\/2026\/07\/JOURNEY-LOC-Versa.jpg\" style=\"width:100%; height:auto; display:block;\">\r\n  <\/a>\r\n\r\n  <div style=\"\r\n    position:absolute;\r\n    bottom:8px;\r\n    left:8px;\r\n    font-size:11px;\r\n    background:rgba(255,255,255,0.9);\r\n    padding:3px 7px;\r\n    border-radius:3px;\r\n    font-weight:600;\r\n    letter-spacing:0.5px;\r\n  \">\r\n    ANNONS\r\n  <\/div>\r\n\r\n<\/div><\/div><br style=\"clear: both; display: block; float: none;\"\/><\/li><li><div id=\"itbra-2334795913\" style=\"margin-left: auto;margin-right: auto;text-align: center;clear: both;\"><div style=\"position: relative; display: inline-block; width:100%; max-width:300px;\">\r\n\r\n  <a href=\"https:\/\/itbranschen.com\/om-oss-it-branschen\/\" target=\"_blank\" rel=\"noopener\">\r\n    <img decoding=\"async\" alt=\"IT-Branschen, \u00f6ka din synlighet med nordisk B2B-media\" src=\"https:\/\/itbranschen.com\/wp-content\/uploads\/2026\/07\/ITB-Nordic-4.jpg\" style=\"width:100%; height:auto; display:block;\" title=\"| IT-Branschen\">\r\n  <\/a>\r\n\r\n  <div style=\"\r\n    position:absolute;\r\n    bottom:8px;\r\n    left:8px;\r\n    font-size:11px;\r\n    background:rgba(255,255,255,0.9);\r\n    padding:3px 7px;\r\n    border-radius:3px;\r\n    font-weight:600;\r\n    letter-spacing:0.5px;\r\n  \">\r\n    EGET INNEH\u00c5LL\r\n  <\/div>\r\n\r\n<\/div><\/div><br style=\"clear: both; display: block; float: none;\"\/><\/li><li><div id=\"itbra-3741839716\" style=\"margin-left: auto;margin-right: auto;text-align: center;clear: both;\"><div style=\"position: relative; display: inline-block; width:100%; max-width:300px;\">\r\n\r\n  <a href=\"https:\/\/www.youtube.com\/@MagicChats\/videos\" target=\"_blank\" rel=\"sponsored noopener\">\r\n    <img decoding=\"async\" \r\n      alt=\"Magic Chats YouTube Channel | IT-Branschen\" \r\n      title=\"Magic Chats YouTube Channel | IT-Branschen\" \r\n      src=\"https:\/\/itbranschen.com\/wp-content\/uploads\/2026\/07\/Magic-Chats-Maciek-Szczesniak-youtube.jpg\" \r\n      style=\"width:100%; height:auto; display:block;\"\r\n    >\r\n  <\/a>\r\n\r\n  <div style=\"\r\n    position:absolute;\r\n    bottom:8px;\r\n    left:8px;\r\n    font-size:11px;\r\n    background:rgba(255,255,255,0.9);\r\n    padding:3px 7px;\r\n    border-radius:3px;\r\n    font-weight:600;\r\n    letter-spacing:0.5px;\r\n    color:#000;\r\n    z-index:10;\r\n  \">\r\n    SPONSRAD\r\n  <\/div>\r\n\r\n<\/div><\/div><br style=\"clear: both; display: block; float: none;\"\/><\/li><li><div id=\"itbra-2838779392\" style=\"margin-left: auto;margin-right: auto;text-align: center;clear: both;\"><div style=\"position: relative; display: inline-block; width:100%; max-width:300px;\">\r\n\r\n  <a href=\"https:\/\/italy.cybertechconference.com\/Media_Partners_Registration\/?utm_source=IT-Branschen&amp;utm_medium=display&amp;utm_campaign=cybertech_europe_2026\" target=\"_blank\" rel=\"noopener noreferrer\">\r\n    <img decoding=\"async\" \r\n      src=\"https:\/\/itbranschen.com\/wp-content\/uploads\/2026\/08\/Cybertech-Europe-IT-Branschen-Official-Partner-x.jpg\"\r\n      alt=\"Cybertech Europe 2026 i Rom med IT-Branschen som officiell mediepartner\"\r\n      title=\"Cybertech Europe 2026 Rome Official Media Partner Banner | IT-Branschen\"\r\n      style=\"width:100%; height:auto; display:block;\"\r\n    >\r\n  <\/a>\r\n\r\n  <div style=\"\r\n    position:absolute;\r\n    bottom:8px;\r\n    left:8px;\r\n    font-size:11px;\r\n    background:rgba(255,255,255,0.9);\r\n    padding:3px 7px;\r\n    border-radius:3px;\r\n    font-weight:600;\r\n    letter-spacing:0.5px;\r\n  \">\r\n    ANNONS\r\n  <\/div>\r\n\r\n<\/div><\/div><br style=\"clear: both; display: block; float: none;\"\/><\/li><li><div id=\"itbra-576545785\" style=\"margin-left: auto;margin-right: auto;text-align: center;clear: both;\"><div style=\"position: relative; display: inline-block; width:100%; max-width:300px;\">\r\n\r\n  <a href=\"https:\/\/vortiqxconsilium.com\/\" target=\"_blank\" rel=\"sponsored noopener noreferrer\">\r\n    <img decoding=\"async\"\r\n      src=\"https:\/\/itbranschen.com\/wp-content\/uploads\/2026\/07\/VORTIQ-X-banner.jpg\"\r\n      alt=\"VORTIQ-X AI Governance som omvandlar tokenekonomi till styrbart aff\u00e4rsv\u00e4rde.\"\r\n      title=\"VORTIQ-X AI Governance | Fr\u00e5n tokenekonomi till styrbart aff\u00e4rsv\u00e4rde\"\r\n      style=\"width:100%; height:auto; display:block;\"\r\n    >\r\n  <\/a>\r\n\r\n  <div style=\"\r\n    position:absolute;\r\n    bottom:8px;\r\n    left:8px;\r\n    font-size:11px;\r\n    background:rgba(255,255,255,0.9);\r\n    padding:3px 7px;\r\n    border-radius:3px;\r\n    font-weight:600;\r\n    letter-spacing:0.5px;\r\n  \">\r\n    ANNONS\r\n  <\/div>\r\n\r\n<\/div><\/div><br style=\"clear: both; display: block; float: none;\"\/><\/li><li><div id=\"itbra-3694894589\" style=\"margin-left: auto;margin-right: auto;text-align: center;clear: both;\"><div style=\"position: relative; display: inline-block; width:100%; max-width:300px;\">\r\n\r\n  <a href=\"https:\/\/itbranschen.com\/om-oss-it-branschen\/\" target=\"_blank\" rel=\"noopener\">\r\n    <img decoding=\"async\" alt=\"IT-Branschen, l\u00e5t dina id\u00e9er lyfta med nordisk B2B-media\" src=\"https:\/\/itbranschen.com\/wp-content\/uploads\/2026\/07\/ITB-Nordic-3.jpg\" style=\"width:100%; height:auto; display:block;\" title=\"| IT-Branschen\">\r\n  <\/a>\r\n\r\n  <div style=\"\r\n    position:absolute;\r\n    bottom:8px;\r\n    left:8px;\r\n    font-size:11px;\r\n    background:rgba(255,255,255,0.9);\r\n    padding:3px 7px;\r\n    border-radius:3px;\r\n    font-weight:600;\r\n    letter-spacing:0.5px;\r\n  \">\r\n    EGET INNEH\u00c5LL\r\n  <\/div>\r\n\r\n<\/div><\/div><br style=\"clear: both; display: block; float: none;\"\/><\/li><\/ul><\/div><script>( window.advanced_ads_ready || jQuery( document ).ready ).call( null, function() {var $itbraslider2115851559 = jQuery( \".itbra-slider-2115851559\" );$itbraslider2115851559.on( \"unslider.ready\", function() { jQuery( \"div.custom-slider ul li\" ).css( \"display\", \"block\" ); });$itbraslider2115851559.unslider({ delay:15000, autoplay:true, nav:false, arrows:false, infinite:true });$itbraslider2115851559.on(\"mouseover\", function() {$itbraslider2115851559.unslider(\"stop\");}).on(\"mouseout\", function() {$itbraslider2115851559.unslider(\"start\");});});<\/script>\t\t\t\t<\/div>\n\t\t\t\t<\/div>\n\t\t\t\t<\/div>\n\t\t<div class=\"elementor-element elementor-element-f71c483 e-con-full e-flex e-con e-child\" data-id=\"f71c483\" data-element_type=\"container\" data-e-type=\"container\">\n\t\t\t\t<div class=\"elementor-element elementor-element-9046716 elementor-widget elementor-widget-cs-heading\" data-id=\"9046716\" data-element_type=\"widget\" data-e-type=\"widget\" data-settings=\"{&quot;ekit_we_effect_on&quot;:&quot;none&quot;}\" data-widget_type=\"cs-heading.default\">\n\t\t\t\t<div class=\"elementor-widget-container\">\n\t\t\t\t\t\t\t\t\t\t<section class=\"cs-heading\">\n\t\t\t\t<div class=\"cs-heading__container \">\n\t\t\t\t\t<h2 class=\"cs-heading__content\">\n\t\t\t\t\t\tPartnerzone\t\t\t\t\t<\/h2>\n\n\t\t\t\t\t\t\t\t\t<\/div>\n\t\t\t<\/section>\n\t\t\t\t\t\t\t\t<\/div>\n\t\t\t\t<\/div>\n\t\t\t\t<div class=\"elementor-element elementor-element-a2db768 elementor-widget elementor-widget-image-carousel\" data-id=\"a2db768\" data-element_type=\"widget\" data-e-type=\"widget\" data-settings=\"{&quot;slides_to_show&quot;:&quot;1&quot;,&quot;navigation&quot;:&quot;none&quot;,&quot;effect&quot;:&quot;fade&quot;,&quot;speed&quot;:450,&quot;autoplay&quot;:&quot;yes&quot;,&quot;autoplay_speed&quot;:5000,&quot;infinite&quot;:&quot;yes&quot;,&quot;ekit_we_effect_on&quot;:&quot;none&quot;}\" data-widget_type=\"image-carousel.default\">\n\t\t\t\t<div class=\"elementor-widget-container\">\n\t\t\t\t\t\t\t<div class=\"elementor-image-carousel-wrapper swiper\" role=\"region\" aria-roledescription=\"carousel\" aria-label=\"Partnerzone\" dir=\"ltr\">\n\t\t\t<div class=\"elementor-image-carousel swiper-wrapper\" aria-live=\"off\">\n\t\t\t\t\t\t\t\t<div class=\"swiper-slide\" role=\"group\" aria-roledescription=\"slide\" aria-label=\"1 av 2\"><a data-elementor-open-lightbox=\"yes\" data-elementor-lightbox-slideshow=\"a2db768\" data-elementor-lightbox-title=\"Partner-Logos-2025\" data-elementor-lightbox-description=\"Microsoft Partners 2025\" data-e-action-hash=\"#elementor-action%3Aaction%3Dlightbox%26settings%3DeyJpZCI6MTEzNDksInVybCI6Imh0dHBzOlwvXC9pdGJyYW5zY2hlbi5jb21cL3dwLWNvbnRlbnRcL3VwbG9hZHNcLzIwMjVcLzAzXC9QYXJ0bmVyLUxvZ29zLTIwMjUucG5nIiwic2xpZGVzaG93IjoiYTJkYjc2OCJ9\" href=\"https:\/\/www.microsoft.com\/sv-se\/\" target=\"_blank\" rel=\"noopener\"><figure class=\"swiper-slide-inner\"><img decoding=\"async\" class=\"swiper-slide-image\" src=\"https:\/\/itbranschen.com\/wp-content\/uploads\/2025\/03\/Partner-Logos-2025.png\" alt=\"Microsoft Partners 2025\" title=\"| IT-Branschen\"><\/figure><\/a><\/div><div class=\"swiper-slide\" role=\"group\" aria-roledescription=\"slide\" aria-label=\"2 av 2\"><a data-elementor-open-lightbox=\"yes\" data-elementor-lightbox-slideshow=\"a2db768\" data-elementor-lightbox-title=\"Cybertech Europe Logo | Cybersecurity Event | IT Branschen\" data-elementor-lightbox-description=\"Official Cybertech Europe logo used in IT Branschen coverage of cybersecurity events, enterprise security news, threat intelligence, cyber innovation and industry updates across Sweden and Europe.\" data-e-action-hash=\"#elementor-action%3Aaction%3Dlightbox%26settings%3DeyJpZCI6MjU3NTcsInVybCI6Imh0dHBzOlwvXC9pdGJyYW5zY2hlbi5jb21cL3dwLWNvbnRlbnRcL3VwbG9hZHNcLzIwMjZcLzA1XC9jeWJlcnRlY2gtZXVyb3BlLWxvZ28ucG5nIiwic2xpZGVzaG93IjoiYTJkYjc2OCJ9\" href=\"https:\/\/www.microsoft.com\/sv-se\/\" target=\"_blank\" rel=\"noopener\"><figure class=\"swiper-slide-inner\"><img decoding=\"async\" class=\"swiper-slide-image\" src=\"https:\/\/itbranschen.com\/wp-content\/uploads\/2026\/05\/cybertech-europe-logo.png\" alt=\"Cybertech Europe logo for cybersecurity event coverage on IT Branschen\" title=\"| IT-Branschen\"><\/figure><\/a><\/div>\t\t\t<\/div>\n\t\t\t\t\t\t\t\n\t\t\t\t\t\t\t\t\t<\/div>\n\t\t\t\t\t\t<\/div>\n\t\t\t\t<\/div>\n\t\t\t\t<div class=\"elementor-element elementor-element-9568fde elementor-widget elementor-widget-shortcode\" data-id=\"9568fde\" data-element_type=\"widget\" data-e-type=\"widget\" data-settings=\"{&quot;ekit_we_effect_on&quot;:&quot;none&quot;}\" data-widget_type=\"shortcode.default\">\n\t\t\t\t<div class=\"elementor-widget-container\">\n\t\t\t\t\t\t\t<div class=\"elementor-shortcode\"><div class=\"itb-side-events\"><div class=\"itb-side-events__title\">Kommande event<\/div><!-- EventON Calendar --><div id='evcal_calendar_497' class='list_cal ajde_evcal_calendar sev cev color esty_2 ul etttc_custom ' data-cal=''><div id='evcal_head' class='calendar_header ' ><div class='evo_cal_above evodfx evofx_dr_r marb5 evofx_ww'><button class='cal_head_btn evo-gototoday-btn' style='' data-mo='9' data-yr='2026' data-dy='' aria-label='Go to today'>Aktuell m\u00e5nad<\/button><\/div><div class='evo_cal_above_content'><\/div><div class='evo_header_title '><\/div><\/div><div id='eventon_loadbar_section'><div id='eventon_loadbar'><\/div><\/div><!-- Events List --><div class='evo_events_list_box'><div id='evcal_list' class='eventon_events_list '><div id=\"event_32391_0\" class=\"eventon_list_event evo_eventtop scheduled  event clrD event_32391_0\" data-event_id=\"32391\" data-ri=\"0r\" data-time=\"1788359400-1788364800\" data-colr=\"#5d3081\" itemscope itemtype='http:\/\/schema.org\/Event'><div class=\"evo_event_schema\" style=\"display:none\" ><a itemprop=\"url\" href=\"https:\/\/itbranschen.com\/de\/events\/adb-safegate-x-women-in-tech-sweden-meetup\/\"><\/a><meta itemprop='image' content=\"https:\/\/itbranschen.com\/wp-content\/uploads\/2026\/08\/ADB-SAFEGATE-x-Women-in-Tech-Sweden.jpg\" \/><meta itemprop='startDate' content=\"2026-9-2T16:30+2:00\" \/><meta itemprop='endDate' content=\"2026-9-2T18:00+2:00\" \/><meta itemprop='eventStatus' content=\"https:\/\/schema.org\/EventScheduled\" \/><meta itemprop='eventAttendanceMode'   itemscope itemtype=\"https:\/\/schema.org\/OfflineEventAttendanceMode\"\/><script type=\"application\/ld+json\">{\"@context\": \"http:\/\/schema.org\",\"@type\": \"Event\",\n\t\t\t\t\"@id\": \"event_32391_0\",\n\t\t\t\t\"eventAttendanceMode\":\"https:\/\/schema.org\/OfflineEventAttendanceMode\",\n\t\t\t\t\"eventStatus\":\"https:\/\/schema.org\/EventScheduled\",\n\t\t\t\t\"name\": \"ADB SAFEGATE x Women in Tech Sweden Meetup\",\n\t\t\t\t\"url\": \"https:\/\/itbranschen.com\/de\/events\/adb-safegate-x-women-in-tech-sweden-meetup\/\",\n\t\t\t\t\"startDate\": \"2026-9-2T16:30+2:00\",\n\t\t\t\t\"endDate\": \"2026-9-2T18:00+2:00\",\n\t\t\t\t\"image\":\"https:\/\/itbranschen.com\/wp-content\/uploads\/2026\/08\/ADB-SAFEGATE-x-Women-in-Tech-Sweden.jpg\", \n\t\t\t\t\"description\":\"<p><\/p> <p class=\"wp-block-paragraph\">Den 2 september 2026 bjuder <strong><a href='https:\/\/adbsafegate.com\/what-we-do\/' target='_blank' rel='noreferrer noopener'>ADB SAFEGATE<\/a><\/strong> och <strong><a href='https:\/\/womenintech.se\/' target='_blank' rel='noreferrer noopener'>Women in Tech Sweden<\/a><\/strong> in till en meetup i Malm\u00f6 med fokus p\u00e5 tekniken, m\u00e4nniskorna och id\u00e9erna som formar framtidens flygindustri.<\/p> <p><\/p> <p><\/p> <p class=\"wp-block-paragraph\">Bakom varje flygplan som landar, taxar \u00f6ver flygplatsomr\u00e5det och anl\u00e4nder till sin gate finns avancerade tekniska system och ett omfattande samspel mellan m\u00e4nniskor, mjukvara och infrastruktur. Under kv\u00e4llen f\u00e5r deltagarna en inblick i den teknik som arbetar bakom kulisserna och hur innovation bidrar till att utveckla framtidens flygplatser och flygverksamhet.<\/p> <p><\/p> <p><\/p> <p class=\"wp-block-paragraph\">Eventet riktar sig inte enbart till personer med erfarenhet fr\u00e5n flygindustrin. Deltagare inom bland annat <strong>IT, engineering, produktutveckling, teknik och business<\/strong>, liksom personer som \u00e4r nyfikna p\u00e5 flygindustrins digitala utveckling, \u00e4r v\u00e4lkomna att ans\u00f6ka om en plats.<\/p> <p><\/p> <p><\/p> <p class=\"wp-block-paragraph\">Kv\u00e4llen kombinerar kunskapsutbyte med networking, mat och m\u00f6jligheter att tr\u00e4ffa andra medlemmar fr\u00e5n <a href='https:\/\/itbranschen.com\/tag\/women-in-tech-sweden\/' data-type='post_tag' data-id='3414'>Women in Tech<\/a>-communityn.<\/p> <p><\/p> <p><\/p> <p class=\"wp-block-paragraph\"><strong>Datum:<\/strong> 2 september 2026<br \/><strong>Start:<\/strong> 16:30<br \/><strong>Plats:<\/strong> ADB SAFEGATE, Malm\u00f6<br \/><strong>Arrang\u00f6rer:<\/strong> ADB SAFEGATE och Women in Tech Sweden<br \/><strong>Format:<\/strong> Meetup, networking och branschinsikter<br \/><strong>Deltagande:<\/strong> Ans\u00f6kan kr\u00e4vs. Bekr\u00e4ftelse skickas n\u00e4r en plats har tilldelats.<\/p> <p><\/p> <p><\/p> <h3 class='wp-block-heading'>Om eventet<\/h3> <p><\/p> <p><\/p> <p class=\"wp-block-paragraph\">Flygindustrin \u00e4r beroende av avancerad teknik f\u00f6r att hantera allt fr\u00e5n landning och taxning till gate-operationer och effektiva fl\u00f6den p\u00e5 flygplatser. Under meetuppen f\u00e5r deltagarna m\u00f6jlighet att komma n\u00e4rmare den tekniska milj\u00f6 som normalt arbetar bakom kulisserna och samtidigt m\u00f6ta m\u00e4nniskor som arbetar med framtidens l\u00f6sningar inom aviation.<\/p> <p><\/p> <p><\/p> <p class=\"wp-block-paragraph\">Ett event f\u00f6r dig som vill uppt\u00e4cka hur <strong>teknik, innovation och m\u00e4nniskor tillsammans formar framtidens flygplatser<\/strong>.<\/p> <p><\/p> <p><\/p> <p class=\"wp-block-paragraph\"><strong>Registrera dig h\u00e4r: <a href='https:\/\/wit.confetti.events\/adb-safegate-x-women-in-tech-sweden?'>https:\/\/wit.confetti.events\/adb-safegate-x-women-in-tech-sweden?<\/a><\/strong><\/p> <p><\/p> <p><\/p> <p class=\"wp-block-paragraph\"><\/p> \"}<\/script><\/div>\n\t\t\t\t<p class=\"desc_trig_outter\" style=\"\"><a data-gmap_status=\"null\" data-gmtrig=\"1\" data-exlk=\"0\" style=\"background-color: #5d3081;\" id=\"evc_178835940032391\" href=\"#\" class=\"desc_trig featured_event 1 sin_val evcal_list_a\" data-ux_val=\"3\" data-ux_val_mob=\"-\"  ><span class='evoet_in'><span class='evoet_c2 evoet_cx '><span class='evoet_dayblock evcal_cblock ' data-bgcolor='#5d3081' data-smon='september' data-syr='2026' data-bub=''><span class='evo_start  evofxdrc'><em class='date'>02<\/em><em class='month'>sep<\/em><em class='time'>4:30 em<\/em><\/span><span class='evo_end only_time evofxdrc'><em class='time'>6:00 em<\/em><\/span><\/span><\/span><span class='evoet_c3 evoet_cx evcal_desc hide_eventtopdata '><span class='evoet_title evcal_desc2 evcal_event_title ' itemprop='name'>ADB SAFEGATE x Women in Tech Sweden Meetup<\/span><span class='evoet_cy evoet_subtitle evo_below_title' ><span class='evcal_event_subtitle ' >Uppt\u00e4ck tekniken bakom framtidens flygplatser<\/span><\/span><\/span><\/span><span class='evoet_data' style='display:none' data-d=\"{&quot;loc.n&quot;:&quot;&quot;,&quot;orgs&quot;:[],&quot;tags&quot;:{&quot;featured&quot;:&quot;Utvalt&quot;}}\" data-bgc=\"#5d3081\" data-bggrad=\"\" ><\/span><\/a><\/p><div class='event_description evcal_eventcard ' style=\"display:none\"><div class='evocard_row'><div id='event_ftimage' class='evocard_box ftimage' data-c='' \n\t\t\t\t\tstyle=''><div class='evocard_main_image_hold' data-t='L\u00e4ser in bild..'><div class='evocard_main_image evo_img_triglb evocd_img_full evobr15 evobgsc evobgpc evodfx evofx_jc_c evofx_ai_c evofz48 full' style='height:400px; background-image:url();' data-f=\"https:\/\/itbranschen.com\/wp-content\/uploads\/2026\/08\/ADB-SAFEGATE-x-Women-in-Tech-Sweden.jpg\" data-h=\"675\" data-w=\"1200\" data-ratio=\"0.5625\" data-event_id=\"32391\" data-ri=\"0\"  data-t='L\u00e4ser in bild..'><span style='height:400px; background-image:url(https:\/\/itbranschen.com\/wp-content\/uploads\/2026\/08\/ADB-SAFEGATE-x-Women-in-Tech-Sweden.jpg)'><\/span><\/div><\/div><\/div><\/div><!-- row close --><div class='evocard_row'><div id='event_eventdetails' class='evocard_box eventdetails' data-c='' \n\t\t\t\t\tstyle=''><div class=\"evo_metarow_details evorow evcal_evdata_row evcal_event_details\">\n    <div class=\"event_excerpt\" style=\"display:none\"><h3 class=\"padb5 evo_h3\">Evenemangsdetaljer<\/h3><p>Den 2 september 2026 bjuder ADB SAFEGATE och Women in Tech Sweden in till en meetup i Malm\u00f6 med fokus<\/p><\/div><span class='evcal_evdata_icons'><i class='fa fa-align-justify'><\/i><\/span>    <div class=\"evcal_evdata_cell \">\n        <div class=\"eventon_full_description\">\n            <h3 class=\"padb5 evo_h3\"><span class='evcal_evdata_icons'><i class='fa fa-align-justify'><\/i><\/span>Evenemangsdetaljer<\/h3>\n            <div class=\"eventon_desc_in\" itemprop=\"description\">\n                <p><\/p>\n<p class=\"wp-block-paragraph\">Den 2 september 2026 bjuder <strong><a href=\"https:\/\/adbsafegate.com\/what-we-do\/\" target=\"_blank\" rel=\"noreferrer noopener\">ADB SAFEGATE<\/a><\/strong> och <strong><a href=\"https:\/\/womenintech.se\/\" target=\"_blank\" rel=\"noreferrer noopener\">Women in Tech Sweden<\/a><\/strong> in till en meetup i Malm\u00f6 med fokus p\u00e5 tekniken, m\u00e4nniskorna och id\u00e9erna som formar framtidens flygindustri.<\/p>\n<p><\/p>\n<p><\/p>\n<p class=\"wp-block-paragraph\">Bakom varje flygplan som landar, taxar \u00f6ver flygplatsomr\u00e5det och anl\u00e4nder till sin gate finns avancerade tekniska system och ett omfattande samspel mellan m\u00e4nniskor, mjukvara och infrastruktur. Under kv\u00e4llen f\u00e5r deltagarna en inblick i den teknik som arbetar bakom kulisserna och hur innovation bidrar till att utveckla framtidens flygplatser och flygverksamhet.<\/p>\n<p><\/p>\n<p><\/p>\n<p class=\"wp-block-paragraph\">Eventet riktar sig inte enbart till personer med erfarenhet fr\u00e5n flygindustrin. Deltagare inom bland annat <strong>IT, engineering, produktutveckling, teknik och business<\/strong>, liksom personer som \u00e4r nyfikna p\u00e5 flygindustrins digitala utveckling, \u00e4r v\u00e4lkomna att ans\u00f6ka om en plats.<\/p>\n<p><\/p>\n<p><\/p>\n<p class=\"wp-block-paragraph\">Kv\u00e4llen kombinerar kunskapsutbyte med networking, mat och m\u00f6jligheter att tr\u00e4ffa andra medlemmar fr\u00e5n <a href=\"https:\/\/itbranschen.com\/tag\/women-in-tech-sweden\/\" data-type=\"post_tag\" data-id=\"3414\">Women in Tech<\/a>-communityn.<\/p>\n<p><\/p>\n<p><\/p>\n<p class=\"wp-block-paragraph\"><strong>Datum:<\/strong> 2 september 2026<br \/><strong>Start:<\/strong> 16:30<br \/><strong>Plats:<\/strong> ADB SAFEGATE, Malm\u00f6<br \/><strong>Arrang\u00f6rer:<\/strong> ADB SAFEGATE och Women in Tech Sweden<br \/><strong>Format:<\/strong> Meetup, networking och branschinsikter<br \/><strong>Deltagande:<\/strong> Ans\u00f6kan kr\u00e4vs. Bekr\u00e4ftelse skickas n\u00e4r en plats har tilldelats.<\/p>\n<p><\/p>\n<p><\/p>\n<h3 class=\"wp-block-heading\">Om eventet<\/h3>\n<p><\/p>\n<p><\/p>\n<p class=\"wp-block-paragraph\">Flygindustrin \u00e4r beroende av avancerad teknik f\u00f6r att hantera allt fr\u00e5n landning och taxning till gate-operationer och effektiva fl\u00f6den p\u00e5 flygplatser. Under meetuppen f\u00e5r deltagarna m\u00f6jlighet att komma n\u00e4rmare den tekniska milj\u00f6 som normalt arbetar bakom kulisserna och samtidigt m\u00f6ta m\u00e4nniskor som arbetar med framtidens l\u00f6sningar inom aviation.<\/p>\n<p><\/p>\n<p><\/p>\n<p class=\"wp-block-paragraph\">Ett event f\u00f6r dig som vill uppt\u00e4cka hur <strong>teknik, innovation och m\u00e4nniskor tillsammans formar framtidens flygplatser<\/strong>.<\/p>\n<p><\/p>\n<p><\/p>\n<p class=\"wp-block-paragraph\"><strong>Registrera dig h\u00e4r: <a href=\"https:\/\/wit.confetti.events\/adb-safegate-x-women-in-tech-sweden?\" target=\"_blank\" rel=\"noopener\">https:\/\/wit.confetti.events\/adb-safegate-x-women-in-tech-sweden?<\/a><\/strong><\/p>\n<p><\/p>\n<p><\/p>\n<p class=\"wp-block-paragraph\"><\/p>\n            <\/div>\n            <div class='clear'><\/div>        <\/div>\n    <\/div>\n<\/div><\/div><\/div><!-- row close --><div class='evocard_row'><div id='event_time' class='evocard_box time' data-c='' \n\t\t\t\t\tstyle=''><div class='evo_metarow_time evorow evcal_evdata_row evcal_evrow_sm '>\n\t\t<span class='evcal_evdata_icons'><i class='fa fa-clock'><\/i><\/span>\n\t\t<div class='evcal_evdata_cell'>\t\t\t\t\t\t\t\n\t\t\t<h3 class='evo_h3'><span class='evcal_evdata_icons'><i class='fa fa-clock'><\/i><\/span>Tid<\/h3><div><span class='evo_eventcard_time_t evogap5 evofxww'><span class=\"start\">september 2, 2026<\/span> <span class=\"stime\">4:30 em<\/span> - <span class=\"etime\">6:00 em<\/span><\/span><span class='evo_tz marr5'>(GMT+02:00)<\/span><\/div>\n\t\t<\/div>\n\t<\/div><\/div><\/div><!-- row close --><div class='evocard_row bx2 bx'><div id='event_learnmore' class='evocard_box learnmore' data-c='' \n\t\t\t\t\tstyle=''><div class='evo_metarow_learnM evo_metarow_learnmore evorow'>\n\t\t\t\t\t\t\t<a class=\"evcal_evdata_row evo_clik_row \" href=\"https:\/\/wit.confetti.events\/adb-safegate-x-women-in-tech-sweden\/\" target=\"_blank\" rel=\"noopener\">\n\t\t\t\t\t\t\t\t<span class='evcal_evdata_icons'><i class='fa fa-link'><\/i><\/span>\n\t\t\t\t\t\t\t\t<h3 class='evo_h3'>\"L\u00e4s mer<\/h3>\n\t\t\t\t\t\t\t<\/a>\n\t\t\t\t\t\t\t<\/div><\/div><div id='event_addtocal' class='evocard_box addtocal' data-c='' \n\t\t\t\t\tstyle=''><div class='evo_metarow_ICS evorow evcal_evdata_row'>\n\t\t\t<span class='evcal_evdata_icons'><i class='fa fa-calendar-o'><\/i><\/span>\n\t\t\t<div class='evcal_evdata_cell'>\n\t\t\t\t<p><a href=\"https:\/\/itbranschen.com\/de\/export-events\/32391_0\/?key=f5ade1463c\" rel=\"nofollow\" class=\"evo_ics_nCal\" title=\"L\u00e4gg till i din kalender\">Kalender<\/a><a href=\"https:\/\/www.google.com\/calendar\/event?action=TEMPLATE&amp;text=ADB%20SAFEGATE%20x%20Women%20in%20Tech%20Sweden%20Meetup&amp;dates=20260902T143000Z\/20260902T160000Z&amp;ctz=Europe%2FStockholm&amp;details=ADB%20SAFEGATE%20x%20Women%20in%20Tech%20Sweden%20Meetup&amp;location=\" target=\"_blank\" rel=\"nofollow noopener\" class=\"evo_ics_gCal\" title=\"L\u00e4gg till i Google Kalender\">GoogleCal<\/a><\/p>\t\n\t\t\t<\/div>\n\t\t<\/div><\/div><\/div><!-- row close --><button class='evo_card_row_end evcal_close' title='\"St\u00e4ng evenemang'><\/button><\/div><div class='clear end'><\/div><\/div><div id=\"event_32084_0\" class=\"eventon_list_event evo_eventtop scheduled  event clrD event_32084_0\" data-event_id=\"32084\" data-ri=\"0r\" data-time=\"1789464600-1789488000\" data-colr=\"#ff282c\" itemscope itemtype='http:\/\/schema.org\/Event'><div class=\"evo_event_schema\" style=\"display:none\" ><a itemprop=\"url\" href=\"https:\/\/itbranschen.com\/de\/events\/xcelerate-stockholm-2026\/\"><\/a><meta itemprop='image' content=\"https:\/\/itbranschen.com\/wp-content\/uploads\/2026\/08\/Xcelerate-Stockholm.jpg\" \/><meta itemprop='startDate' content=\"2026-9-15T11:30+2:00\" \/><meta itemprop='endDate' content=\"2026-9-15T18:00+2:00\" \/><meta itemprop='eventStatus' content=\"https:\/\/schema.org\/EventScheduled\" \/><meta itemprop='eventAttendanceMode'   itemscope itemtype=\"https:\/\/schema.org\/OfflineEventAttendanceMode\"\/><script type=\"application\/ld+json\">{\"@context\": \"http:\/\/schema.org\",\"@type\": \"Event\",\n\t\t\t\t\"@id\": \"event_32084_0\",\n\t\t\t\t\"eventAttendanceMode\":\"https:\/\/schema.org\/OfflineEventAttendanceMode\",\n\t\t\t\t\"eventStatus\":\"https:\/\/schema.org\/EventScheduled\",\n\t\t\t\t\"name\": \"Xcelerate Stockholm 2026\",\n\t\t\t\t\"url\": \"https:\/\/itbranschen.com\/de\/events\/xcelerate-stockholm-2026\/\",\n\t\t\t\t\"startDate\": \"2026-9-15T11:30+2:00\",\n\t\t\t\t\"endDate\": \"2026-9-15T18:00+2:00\",\n\t\t\t\t\"image\":\"https:\/\/itbranschen.com\/wp-content\/uploads\/2026\/08\/Xcelerate-Stockholm.jpg\", \n\t\t\t\t\"description\":\"<p><\/p> <p class=\"wp-block-paragraph\">Xcelerate Stockholm \u00e4r Fastlys exklusiva halvdags-event f\u00f6r teknik-, utvecklings- och s\u00e4kerhetsledare som vill ligga i framkant inom AI, applikationss\u00e4kerhet och moderna digitala plattformar.<\/p> <p><\/p> <p><\/p> <p class=\"wp-block-paragraph\">Under eftermiddagen samlar Fastly beslutsfattare och tekniska experter fr\u00e5n olika branscher f\u00f6r att dela erfarenheter kring hur organisationer bygger snabba, s\u00e4kra och AI-drivna digitala upplevelser. Deltagarna f\u00e5r konkreta insikter i hur Fastlys plattform anv\u00e4nds f\u00f6r att integrera AI i produkter och tj\u00e4nster, hur lagerbaserad och utvecklarv\u00e4nlig s\u00e4kerhet kan st\u00e4rka skyddet utan att bromsa innovation samt hur f\u00f6retag kan accelerera sin digitala utveckling.<\/p> <p><\/p> <p><\/p> <figure class='wp-block-embed is-type-video is-provider-youtube wp-block-embed-youtube wp-embed-aspect-16-9 wp-has-aspect-ratio'> <div class='wp-block-embed__wrapper'> <iframe title='Xcelerate 2025 Highlight Reel' width='1200' height='675' src='https:\/\/www.youtube.com\/embed\/d_WJqWosQB4?feature=oembed' frameborder='0' allow='accelerometer; autoplay; clipboard-write; encrypted-media; gyroscope; picture-in-picture; web-share' referrerpolicy='strict-origin-when-cross-origin' allowfullscreen><\/iframe> <\/div> <\/figure> <p><\/p> <p><\/p> <p class=\"wp-block-paragraph\">Ut\u00f6ver sessionerna erbjuder Xcelerate m\u00f6jlighet att n\u00e4tverka med andra teknikledare, tr\u00e4ffa Fastlys ledning och tekniska experter samt diskutera konkreta anv\u00e4ndningsfall och tekniska utmaningar i mindre samtal.<\/p> <p><\/p> <p><\/p> <p class=\"wp-block-paragraph\"><strong>Datum:<\/strong> 15 september 2026<br \/><strong>Tid:<\/strong> 11.30\u201318.00 CEST<br \/><strong>Plats:<\/strong> Brygghuset, Norrtullsgatan 12N, Stockholm<br \/><strong>Arrang\u00f6r:<\/strong> Fastly<br \/><strong>Pris:<\/strong> Kostnadsfritt, men antalet platser \u00e4r begr\u00e4nsat.<\/p> <p><\/p> <p><\/p> <p class=\"wp-block-paragraph\"><a href='https:\/\/www.fastly.com\/events\/xcelerate-stockholm' target='_blank' rel='noreferrer noopener' data-schema-attribute='mentions'><strong>Anm\u00e4l dig till Xcelerate Stockholm 2026<\/strong><\/a><\/p> <p><\/p> <p><\/p> <p class=\"wp-block-paragraph\"><\/p> \"}<\/script><\/div>\n\t\t\t\t<p class=\"desc_trig_outter\" style=\"\"><a data-gmap_status=\"null\" data-exlk=\"0\" style=\"background-color: #ff282c;\" id=\"evc_178946460032084\" href=\"#\" class=\"desc_trig featured_event 1 sin_val evcal_list_a\" data-ux_val=\"3\" data-ux_val_mob=\"-\"  ><span class='evoet_in'><span class='evoet_c2 evoet_cx '><span class='evoet_dayblock evcal_cblock ' data-bgcolor='#ff282c' data-smon='september' data-syr='2026' data-bub=''><span class='evo_start  evofxdrc'><em class='date'>15<\/em><em class='month'>sep<\/em><em class='time'>11:30 fm<\/em><\/span><span class='evo_end only_time evofxdrc'><em class='time'>6:00 em<\/em><\/span><\/span><\/span><span class='evoet_c3 evoet_cx evcal_desc hide_eventtopdata '><span class='evoet_title evcal_desc2 evcal_event_title ' itemprop='name'>Xcelerate Stockholm 2026<\/span><span class='evoet_cy evoet_subtitle evo_below_title' ><span class='evcal_event_subtitle ' >Fastlys exklusiva event f\u00f6r AI, s\u00e4kerhet och moderna digitala upplevelser<\/span><\/span><\/span><\/span><span class='evoet_data' style='display:none' data-d=\"{&quot;loc.n&quot;:&quot;&quot;,&quot;orgs&quot;:[],&quot;tags&quot;:{&quot;featured&quot;:&quot;Utvalt&quot;}}\" data-bgc=\"#ff282c\" data-bggrad=\"\" ><\/span><\/a><\/p><div class='event_description evcal_eventcard ' style=\"display:none\"><div class='evocard_row'><div id='event_ftimage' class='evocard_box ftimage' data-c='' \n\t\t\t\t\tstyle=''><div class='evocard_main_image_hold' data-t='L\u00e4ser in bild..'><div class='evocard_main_image evo_img_triglb evocd_img_full evobr15 evobgsc evobgpc evodfx evofx_jc_c evofx_ai_c evofz48 full' style='height:400px; background-image:url();' data-f=\"https:\/\/itbranschen.com\/wp-content\/uploads\/2026\/08\/Xcelerate-Stockholm.jpg\" data-h=\"675\" data-w=\"1200\" data-ratio=\"0.5625\" data-event_id=\"32084\" data-ri=\"0\"  data-t='L\u00e4ser in bild..'><span style='height:400px; background-image:url(https:\/\/itbranschen.com\/wp-content\/uploads\/2026\/08\/Xcelerate-Stockholm.jpg)'><\/span><\/div><\/div><\/div><\/div><!-- row close --><div class='evocard_row'><div id='event_eventdetails' class='evocard_box eventdetails' data-c='' \n\t\t\t\t\tstyle=''><div class=\"evo_metarow_details evorow evcal_evdata_row evcal_event_details\">\n    <div class=\"event_excerpt\" style=\"display:none\"><h3 class=\"padb5 evo_h3\">Evenemangsdetaljer<\/h3><p>Xcelerate Stockholm \u00e4r Fastlys exklusiva halvdags-event f\u00f6r teknik-, utvecklings- och s\u00e4kerhetsledare som vill ligga i framkant inom AI, applikationss\u00e4kerhet och moderna digitala plattformar.\n\n\nUnder eftermiddagen<\/p><\/div><span class='evcal_evdata_icons'><i class='fa fa-align-justify'><\/i><\/span>    <div class=\"evcal_evdata_cell \">\n        <div class=\"eventon_full_description\">\n            <h3 class=\"padb5 evo_h3\"><span class='evcal_evdata_icons'><i class='fa fa-align-justify'><\/i><\/span>Evenemangsdetaljer<\/h3>\n            <div class=\"eventon_desc_in\" itemprop=\"description\">\n                <p><\/p>\n<p class=\"wp-block-paragraph\">Xcelerate Stockholm \u00e4r Fastlys exklusiva halvdags-event f\u00f6r teknik-, utvecklings- och s\u00e4kerhetsledare som vill ligga i framkant inom AI, applikationss\u00e4kerhet och moderna digitala plattformar.<\/p>\n<p><\/p>\n<p><\/p>\n<p class=\"wp-block-paragraph\">Under eftermiddagen samlar Fastly beslutsfattare och tekniska experter fr\u00e5n olika branscher f\u00f6r att dela erfarenheter kring hur organisationer bygger snabba, s\u00e4kra och AI-drivna digitala upplevelser. Deltagarna f\u00e5r konkreta insikter i hur Fastlys plattform anv\u00e4nds f\u00f6r att integrera AI i produkter och tj\u00e4nster, hur lagerbaserad och utvecklarv\u00e4nlig s\u00e4kerhet kan st\u00e4rka skyddet utan att bromsa innovation samt hur f\u00f6retag kan accelerera sin digitala utveckling.<\/p>\n<p><\/p>\n<p><\/p>\n<figure class=\"wp-block-embed is-type-video is-provider-youtube wp-block-embed-youtube wp-embed-aspect-16-9 wp-has-aspect-ratio\">\n<div class=\"wp-block-embed__wrapper\">\n<iframe title=\"Xcelerate 2025 Highlight Reel\" width=\"1200\" height=\"675\" src=\"https:\/\/www.youtube.com\/embed\/d_WJqWosQB4?feature=oembed\" frameborder=\"0\" allow=\"accelerometer; autoplay; clipboard-write; encrypted-media; gyroscope; picture-in-picture; web-share\" referrerpolicy=\"strict-origin-when-cross-origin\" allowfullscreen><\/iframe>\n<\/div>\n<\/figure>\n<p><\/p>\n<p><\/p>\n<p class=\"wp-block-paragraph\">Ut\u00f6ver sessionerna erbjuder Xcelerate m\u00f6jlighet att n\u00e4tverka med andra teknikledare, tr\u00e4ffa Fastlys ledning och tekniska experter samt diskutera konkreta anv\u00e4ndningsfall och tekniska utmaningar i mindre samtal.<\/p>\n<p><\/p>\n<p><\/p>\n<p class=\"wp-block-paragraph\"><strong>Datum:<\/strong> 15 september 2026<br \/><strong>Tid:<\/strong> 11.30\u201318.00 CEST<br \/><strong>Plats:<\/strong> Brygghuset, Norrtullsgatan 12N, Stockholm<br \/><strong>Arrang\u00f6r:<\/strong> Fastly<br \/><strong>Pris:<\/strong> Kostnadsfritt, men antalet platser \u00e4r begr\u00e4nsat.<\/p>\n<p><\/p>\n<p><\/p>\n<p class=\"wp-block-paragraph\"><a href=\"https:\/\/www.fastly.com\/events\/xcelerate-stockholm\" target=\"_blank\" rel=\"noreferrer noopener\" data-schema-attribute=\"mentions\"><strong>Anm\u00e4l dig till Xcelerate Stockholm 2026<\/strong><\/a><\/p>\n<p><\/p>\n<p><\/p>\n<p class=\"wp-block-paragraph\"><\/p>\n            <\/div>\n            <div class='clear'><\/div>        <\/div>\n    <\/div>\n<\/div><\/div><\/div><!-- row close --><div class='evocard_row'><div id='event_time' class='evocard_box time' data-c='' \n\t\t\t\t\tstyle=''><div class='evo_metarow_time evorow evcal_evdata_row evcal_evrow_sm '>\n\t\t<span class='evcal_evdata_icons'><i class='fa fa-clock'><\/i><\/span>\n\t\t<div class='evcal_evdata_cell'>\t\t\t\t\t\t\t\n\t\t\t<h3 class='evo_h3'><span class='evcal_evdata_icons'><i class='fa fa-clock'><\/i><\/span>Tid<\/h3><div><span class='evo_eventcard_time_t evogap5 evofxww'><span class=\"start\">september 15, 2026<\/span> <span class=\"stime\">11:30 fm<\/span> - <span class=\"etime\">6:00 em<\/span><\/span><span class='evo_tz marr5'>(GMT+02:00)<\/span><\/div>\n\t\t<\/div>\n\t<\/div><\/div><\/div><!-- row close --><div class='evocard_row bx2 bx'><div id='event_learnmore' class='evocard_box learnmore' data-c='' \n\t\t\t\t\tstyle=''><div class='evo_metarow_learnM evo_metarow_learnmore evorow'>\n\t\t\t\t\t\t\t<a class=\"evcal_evdata_row evo_clik_row \" href=\"https:\/\/www.fastly.com\/events\/xcelerate-stockholm#contact-form\" target=\"_blank\" rel=\"noopener\">\n\t\t\t\t\t\t\t\t<span class='evcal_evdata_icons'><i class='fa fa-link'><\/i><\/span>\n\t\t\t\t\t\t\t\t<h3 class='evo_h3'>\"L\u00e4s mer<\/h3>\n\t\t\t\t\t\t\t<\/a>\n\t\t\t\t\t\t\t<\/div><\/div><div id='event_addtocal' class='evocard_box addtocal' data-c='' \n\t\t\t\t\tstyle=''><div class='evo_metarow_ICS evorow evcal_evdata_row'>\n\t\t\t<span class='evcal_evdata_icons'><i class='fa fa-calendar-o'><\/i><\/span>\n\t\t\t<div class='evcal_evdata_cell'>\n\t\t\t\t<p><a href=\"https:\/\/itbranschen.com\/de\/export-events\/32084_0\/?key=f5ade1463c\" rel=\"nofollow\" class=\"evo_ics_nCal\" title=\"L\u00e4gg till i din kalender\">Kalender<\/a><a href=\"https:\/\/www.google.com\/calendar\/event?action=TEMPLATE&amp;text=Xcelerate%20Stockholm%202026&amp;dates=20260915T093000Z\/20260915T160000Z&amp;ctz=Europe%2FStockholm&amp;details=Xcelerate%20Stockholm%202026&amp;location=\" target=\"_blank\" rel=\"nofollow noopener\" class=\"evo_ics_gCal\" title=\"L\u00e4gg till i Google Kalender\">GoogleCal<\/a><\/p>\t\n\t\t\t<\/div>\n\t\t<\/div><\/div><\/div><!-- row close --><button class='evo_card_row_end evcal_close' title='\"St\u00e4ng evenemang'><\/button><\/div><div class='clear end'><\/div><\/div><div id=\"event_28428_0\" class=\"eventon_list_event evo_eventtop scheduled  event clrD event_28428_0\" data-event_id=\"28428\" data-ri=\"0r\" data-time=\"1789552800-1789576200\" data-colr=\"#ee0c5f\" itemscope itemtype='http:\/\/schema.org\/Event'><div class=\"evo_event_schema\" style=\"display:none\" ><a itemprop=\"url\" href=\"https:\/\/itbranschen.com\/de\/events\/check-point-advantage-stockholm\/\"><\/a><meta itemprop='image' content=\"https:\/\/itbranschen.com\/wp-content\/uploads\/2026\/07\/Check-Point-Advantage-Stockholm.jpg\" \/><meta itemprop='startDate' content=\"2026-9-16T12:00+2:00\" \/><meta itemprop='endDate' content=\"2026-9-16T18:30+2:00\" \/><meta itemprop='eventStatus' content=\"https:\/\/schema.org\/EventScheduled\" \/><meta itemprop='eventAttendanceMode'   itemscope itemtype=\"https:\/\/schema.org\/OfflineEventAttendanceMode\"\/><div style=\"display:none\" itemprop=\"location\" itemscope itemtype=\"http:\/\/schema.org\/Place\"><span itemprop=\"name\">Space<\/span><span itemprop=\"address\" itemscope itemtype=\"http:\/\/schema.org\/PostalAddress\"><item itemprop=\"streetAddress\">Sergels Torg 2<\/item><\/span><\/div><div itemprop=\"organizer\" itemscope=\"\" itemtype=\"http:\/\/schema.org\/Organization\"><meta itemprop=\"name\" content=\"Check Point Software Technologies\">\n\t\t\t\t    \t<\/div><div itemprop=\"performer\" itemscope=\"\" itemtype=\"http:\/\/schema.org\/Person\"><meta itemprop=\"name\" content=\"Check Point Software Technologies\"><\/div><script type=\"application\/ld+json\">{\"@context\": \"http:\/\/schema.org\",\"@type\": \"Event\",\n\t\t\t\t\"@id\": \"event_28428_0\",\n\t\t\t\t\"eventAttendanceMode\":\"https:\/\/schema.org\/OfflineEventAttendanceMode\",\n\t\t\t\t\"eventStatus\":\"https:\/\/schema.org\/EventScheduled\",\n\t\t\t\t\"name\": \"Check Point Advantage Stockholm\",\n\t\t\t\t\"url\": \"https:\/\/itbranschen.com\/de\/events\/check-point-advantage-stockholm\/\",\n\t\t\t\t\"startDate\": \"2026-9-16T12:00+2:00\",\n\t\t\t\t\"endDate\": \"2026-9-16T18:30+2:00\",\n\t\t\t\t\"image\":\"https:\/\/itbranschen.com\/wp-content\/uploads\/2026\/07\/Check-Point-Advantage-Stockholm.jpg\", \n\t\t\t\t\"description\":\"<p><\/p> <p class=\"wp-block-paragraph\"><strong>Check Point Advantage 2026 Stockholm<\/strong> samlar IT- och cybers\u00e4kerhetsledare, s\u00e4kerhetsspecialister, beslutsfattare och tekniska experter f\u00f6r en heldag med fokus p\u00e5 framtidens <a href='https:\/\/itbranschen.com\/category\/cybersakerhet\/'>cybers\u00e4kerhet<\/a> i en <a href='https:\/\/itbranschen.com\/category\/artificiell-intelligens\/'>AI<\/a>-driven v\u00e4rld. Under konferensen presenteras de senaste trenderna inom <a href='https:\/\/itbranschen.com\/category\/artificiell-intelligens\/'>AI<\/a>, hotlandskap, molns\u00e4kerhet, n\u00e4tverkss\u00e4kerhet och cyberresiliens, tillsammans med praktiska strategier f\u00f6r att skydda verksamheter mot dagens och morgondagens cyberhot.<\/p> <p><\/p> <p><\/p> <p class=\"wp-block-paragraph\">Deltagarna f\u00e5r ta del av inspirerande keynote-presentationer, tekniska sessioner, kundcase och produktnyheter fr\u00e5n <a href='https:\/\/itbranschen.com\/tag\/check-point\/' data-type='post_tag' data-id='1269'>Check Point Software<\/a> samt m\u00f6jlighet att n\u00e4tverka med branschkollegor, s\u00e4kerhetsexperter och partners. Evenemanget ger konkreta insikter om hur organisationer kan st\u00e4rka sin s\u00e4kerhetsarkitektur, s\u00e4kra <a href='https:\/\/itbranschen.com\/category\/artificiell-intelligens\/'>AI<\/a>-anv\u00e4ndning, f\u00f6rb\u00e4ttra hotdetektering och bygga en mer motst\u00e5ndskraftig digital verksamhet.<\/p> <p><\/p> <p><\/p> <p class=\"wp-block-paragraph\">Oavsett om du arbetar med IT-drift, <a href='https:\/\/itbranschen.com\/category\/cybersakerhet\/'>informationss\u00e4kerhet<\/a>, molninfrastruktur, n\u00e4tverk eller cybers\u00e4kerhetsstrategi erbjuder Check Point Advantage 2026 Stockholm v\u00e4rdefull kunskap, inspiration och m\u00f6jligheter att knyta nya aff\u00e4rskontakter inom den nordiska cybers\u00e4kerhetsbranschen.<\/p> <p><\/p> <p><\/p> <p class=\"wp-block-paragraph\"><strong>Onsdag den 16 september<\/strong><\/p> <p><\/p> <p><\/p> <p class=\"wp-block-paragraph\">12:00 &#8211; 18:30 Space, Sergels Torg 2<\/p> <p><\/p> <p><\/p> <p class=\"wp-block-paragraph\"><a href='https:\/\/events.checkpoint.com\/advantage-2026-stockholm' target='_blank' rel='noreferrer noopener'><strong>https:\/\/events.checkpoint.com\/advantage-2026-stockholm<\/strong><\/a><\/p> <p><\/p> <p><\/p> <p class=\"wp-block-paragraph\"><\/p> \",\"location\":[{\"@type\":\"Place\",\"name\":\"Space\",\"address\":{\"@type\": \"PostalAddress\",\"streetAddress\":\"Sergels Torg 2\"}}],\"organizer\":[{\"@type\":\"Organization\",\"name\":\"Check Point Software Technologies\"}]}<\/script><\/div>\n\t\t\t\t<p class=\"desc_trig_outter\" style=\"\"><a data-gmtrig=\"1\" data-exlk=\"0\" style=\"background-color: #ee0c5f;\" id=\"evc_178955280028428\" href=\"#\" class=\"desc_trig featured_event 1 sin_val evcal_list_a\" data-ux_val=\"3\" data-ux_val_mob=\"-\"  ><span class='evoet_in'><span class='evoet_c2 evoet_cx '><span class='evoet_dayblock evcal_cblock ' data-bgcolor='#ee0c5f' data-smon='september' data-syr='2026' data-bub=''><span class='evo_start  evofxdrc'><em class='date'>16<\/em><em class='month'>sep<\/em><em class='time'>12:00 em<\/em><\/span><span class='evo_end only_time evofxdrc'><em class='time'>6:30 em<\/em><\/span><\/span><\/span><span class='evoet_c3 evoet_cx evcal_desc hide_eventtopdata '><span class='evoet_title evcal_desc2 evcal_event_title ' itemprop='name'>Check Point Advantage Stockholm<\/span><span class='event_location_attrs evodni'  data-location_address=\"Sergels Torg 2\" data-location_type=\"lonlat\" data-location_name=\"Space\" data-location_url=\"https:\/\/itbranschen.com\/de\/event-location\/space\/\" data-location_status=\"true\" data-locid=\"7476\" data-latlng=\"59.3330877,18.0642244\"><\/span><span class='evoet_cy evoet_subtitle evo_below_title' ><span class='evcal_event_subtitle ' >AI-driven cybers\u00e4kerhet, Zero Trust och framtidens s\u00e4kerhetsstrategier<\/span><\/span><\/span><\/span><span class='evoet_data' style='display:none' data-d=\"{&quot;loc.n&quot;:&quot;Space&quot;,&quot;orgs&quot;:{&quot;7477&quot;:&quot;Check Point Software Technologies&quot;},&quot;tags&quot;:{&quot;featured&quot;:&quot;Utvalt&quot;}}\" data-bgc=\"#ee0c5f\" data-bggrad=\"\" ><\/span><\/a><\/p><div class='event_description evcal_eventcard ' style=\"display:none\"><div class='evocard_row'><div id='event_ftimage' class='evocard_box ftimage' data-c='' \n\t\t\t\t\tstyle=''><div class='evocard_main_image_hold' data-t='L\u00e4ser in bild..'><div class='evocard_main_image evo_img_triglb evocd_img_full evobr15 evobgsc evobgpc evodfx evofx_jc_c evofx_ai_c evofz48 full' style='height:400px; background-image:url();' data-f=\"https:\/\/itbranschen.com\/wp-content\/uploads\/2026\/07\/Check-Point-Advantage-Stockholm.jpg\" data-h=\"675\" data-w=\"1200\" data-ratio=\"0.5625\" data-event_id=\"28428\" data-ri=\"0\"  data-t='L\u00e4ser in bild..'><span style='height:400px; background-image:url(https:\/\/itbranschen.com\/wp-content\/uploads\/2026\/07\/Check-Point-Advantage-Stockholm.jpg)'><\/span><\/div><\/div><\/div><\/div><!-- row close --><div class='evocard_row'><div id='event_eventdetails' class='evocard_box eventdetails' data-c='' \n\t\t\t\t\tstyle=''><div class=\"evo_metarow_details evorow evcal_evdata_row evcal_event_details\">\n    <div class=\"event_excerpt\" style=\"display:none\"><h3 class=\"padb5 evo_h3\">Evenemangsdetaljer<\/h3><p>Check Point Advantage 2026 Stockholm samlar IT- och cybers\u00e4kerhetsledare, s\u00e4kerhetsspecialister, beslutsfattare och tekniska experter f\u00f6r en heldag med fokus p\u00e5 framtidens cybers\u00e4kerhet i en AI-driven v\u00e4rld.<\/p><\/div><span class='evcal_evdata_icons'><i class='fa fa-align-justify'><\/i><\/span>    <div class=\"evcal_evdata_cell \">\n        <div class=\"eventon_full_description\">\n            <h3 class=\"padb5 evo_h3\"><span class='evcal_evdata_icons'><i class='fa fa-align-justify'><\/i><\/span>Evenemangsdetaljer<\/h3>\n            <div class=\"eventon_desc_in\" itemprop=\"description\">\n                <p><\/p>\n<p class=\"wp-block-paragraph\"><strong>Check Point Advantage 2026 Stockholm<\/strong> samlar IT- och cybers\u00e4kerhetsledare, s\u00e4kerhetsspecialister, beslutsfattare och tekniska experter f\u00f6r en heldag med fokus p\u00e5 framtidens <a href=\"https:\/\/itbranschen.com\/category\/cybersakerhet\/\">cybers\u00e4kerhet<\/a> i en <a href=\"https:\/\/itbranschen.com\/category\/artificiell-intelligens\/\">AI<\/a>-driven v\u00e4rld. Under konferensen presenteras de senaste trenderna inom <a href=\"https:\/\/itbranschen.com\/category\/artificiell-intelligens\/\">AI<\/a>, hotlandskap, molns\u00e4kerhet, n\u00e4tverkss\u00e4kerhet och cyberresiliens, tillsammans med praktiska strategier f\u00f6r att skydda verksamheter mot dagens och morgondagens cyberhot.<\/p>\n<p><\/p>\n<p><\/p>\n<p class=\"wp-block-paragraph\">Deltagarna f\u00e5r ta del av inspirerande keynote-presentationer, tekniska sessioner, kundcase och produktnyheter fr\u00e5n <a href=\"https:\/\/itbranschen.com\/tag\/check-point\/\" data-type=\"post_tag\" data-id=\"1269\">Check Point Software<\/a> samt m\u00f6jlighet att n\u00e4tverka med branschkollegor, s\u00e4kerhetsexperter och partners. Evenemanget ger konkreta insikter om hur organisationer kan st\u00e4rka sin s\u00e4kerhetsarkitektur, s\u00e4kra <a href=\"https:\/\/itbranschen.com\/category\/artificiell-intelligens\/\">AI<\/a>-anv\u00e4ndning, f\u00f6rb\u00e4ttra hotdetektering och bygga en mer motst\u00e5ndskraftig digital verksamhet.<\/p>\n<p><\/p>\n<p><\/p>\n<p class=\"wp-block-paragraph\">Oavsett om du arbetar med IT-drift, <a href=\"https:\/\/itbranschen.com\/category\/cybersakerhet\/\">informationss\u00e4kerhet<\/a>, molninfrastruktur, n\u00e4tverk eller cybers\u00e4kerhetsstrategi erbjuder Check Point Advantage 2026 Stockholm v\u00e4rdefull kunskap, inspiration och m\u00f6jligheter att knyta nya aff\u00e4rskontakter inom den nordiska cybers\u00e4kerhetsbranschen.<\/p>\n<p><\/p>\n<p><\/p>\n<p class=\"wp-block-paragraph\"><strong>Onsdag den 16 september<\/strong><\/p>\n<p><\/p>\n<p><\/p>\n<p class=\"wp-block-paragraph\">12:00 &#8211; 18:30 Space, Sergels Torg 2<\/p>\n<p><\/p>\n<p><\/p>\n<p class=\"wp-block-paragraph\"><a href=\"https:\/\/events.checkpoint.com\/advantage-2026-stockholm\" target=\"_blank\" rel=\"noreferrer noopener\"><strong>https:\/\/events.checkpoint.com\/advantage-2026-stockholm<\/strong><\/a><\/p>\n<p><\/p>\n<p><\/p>\n<p class=\"wp-block-paragraph\"><\/p>\n            <\/div>\n            <div class='clear'><\/div>        <\/div>\n    <\/div>\n<\/div><\/div><\/div><!-- row close --><div class='evocard_row'><div id='event_health' class='evocard_box health' data-c='' \n\t\t\t\t\tstyle=''><div class='evo_metarow_health evorow evcal_evdata_row'>\n\t<span class='evcal_evdata_icons'><i class='fa fa-heartbeat'><\/i><\/span>\n\t<div class='evcal_evdata_cell'>\n\t\t<h3 class='evo_h3'>H\u00e4lsoriktlinjer f\u00f6r det h\u00e4r evenemanget<\/h3>\n\t\t<div class='evcal_cell'>\n\t\t\t<div class='evo_card_health_boxes'>\n\t\t\t<div class='evo_health_b_o'><div class='evo_health_b'><svg class='evo_svg_icon' enable-background='new 0 0 20 20' height='20' viewBox='0 0 512 512' width='20' xmlns='http:\/\/www.w3.org\/2000\/svg'><path d=\"m291.638 213.197c-2.93-2.929-7.678-2.929-10.607 0s-2.929 7.678 0 10.606l9.697 9.697h-69.454l9.697-9.697c2.929-2.929 2.929-7.678 0-10.606-2.93-2.929-7.678-2.929-10.607 0l-22.5 22.5c-2.929 2.929-2.929 7.678 0 10.606l22.5 22.5c1.465 1.464 3.385 2.197 5.304 2.197s3.839-.732 5.304-2.197c2.929-2.929 2.929-7.678 0-10.606l-9.697-9.697h69.454l-9.697 9.697c-2.929 2.929-2.929 7.678 0 10.606 1.465 1.464 3.385 2.197 5.304 2.197s3.839-.732 5.304-2.197l22.5-22.5c2.929-2.929 2.929-7.678 0-10.606z\"\/><path d=\"m143.167 150.5h-105.667c-20.678 0-37.5 16.822-37.5 37.5 0 4.142 3.357 7.5 7.5 7.5s7.5-3.358 7.5-7.5c0-12.407 10.094-22.5 22.5-22.5h105.667c12.406 0 22.5 10.093 22.5 22.5l-.001 121.5c0 3.991-3.225 7-7.5 7s-7.5-3.009-7.5-7v-121c0-4.142-3.357-7.5-7.5-7.5s-7.5 3.358-7.5 7.5v267.083c0 5.917-5.228 10.917-11.416 10.917-6.295 0-11.417-5.122-11.417-11.417v-146.083c0-4.142-3.357-7.5-7.5-7.5h-30c-4.143 0-7.5 3.358-7.5 7.5v146.083c0 6.295-5.121 11.417-11.416 11.417-6.188 0-11.417-4.999-11.417-10.917v-267.083c0-4.142-3.357-7.5-7.5-7.5s-7.5 3.358-7.5 7.5v120.5c0 4.136-3.364 7.5-7.5 7.5s-7.5-3.364-7.5-7.5v-91c0-4.142-3.357-7.5-7.5-7.5s-7.5 3.358-7.5 7.5v91c0 12.407 10.094 22.5 22.5 22.5 2.629 0 5.153-.458 7.5-1.29v125.374c0 14.291 11.851 25.917 26.417 25.917 14.565 0 26.416-11.851 26.416-26.417v-138.584h15v138.583c0 14.566 11.851 26.417 26.417 26.417 14.565 0 26.416-11.626 26.416-25.917v-125.296c2.337.784 4.857 1.213 7.5 1.213 12.617 0 22.5-9.664 22.5-22l.001-121.5c0-20.678-16.822-37.5-37.5-37.5z\"\/><path d=\"m90.005 135.5c28.948 0 52.5-23.551 52.5-52.5s-23.552-52.5-52.5-52.5-52.5 23.551-52.5 52.5 23.552 52.5 52.5 52.5zm0-90c20.678 0 37.5 16.822 37.5 37.5s-16.822 37.5-37.5 37.5-37.5-16.822-37.5-37.5 16.822-37.5 37.5-37.5z\"\/><path d=\"m474.5 150.5h-105.666c-20.678 0-37.5 16.822-37.5 37.5l-.001 121c0 12.407 10.094 22.5 22.5 22.5 2.629 0 5.153-.458 7.5-1.29v125.374c0 14.291 11.851 25.917 26.416 25.917 14.566 0 26.417-11.851 26.417-26.417v-138.584h15l.001 138.583c0 14.566 11.851 26.417 26.416 26.417 14.566 0 26.417-11.626 26.417-25.917v-125.296c2.337.784 4.858 1.213 7.5 1.213 12.617 0 22.5-9.664 22.5-22v-121.5c0-20.678-16.822-37.5-37.5-37.5zm22.5 159c0 3.991-3.225 7-7.5 7s-7.5-3.009-7.5-7c0-.011-.001-121-.001-121 0-4.142-3.357-7.5-7.5-7.5s-7.5 3.358-7.5 7.5l.001 267.083c0 5.917-5.229 10.917-11.417 10.917-6.295 0-11.416-5.122-11.416-11.417l-.001-146.083c0-4.142-3.357-7.5-7.5-7.5h-30c-1.989 0-3.896.79-5.304 2.197-1.406 1.406-2.196 3.314-2.196 5.303l.001 146.083c0 6.295-5.122 11.417-11.417 11.417-6.188 0-11.416-4.999-11.416-10.917l-.001-267.083c0-4.142-3.357-7.5-7.5-7.5s-7.5 3.358-7.5 7.5v120.491c0 4.144-3.365 7.509-7.5 7.509s-7.5-3.364-7.5-7.5l.001-121c0-12.407 10.094-22.5 22.5-22.5h105.666c12.406 0 22.5 10.093 22.5 22.5z\"\/><path d=\"m421.338 135.5c28.948 0 52.5-23.551 52.5-52.5s-23.552-52.5-52.5-52.5-52.5 23.551-52.5 52.5 23.552 52.5 52.5 52.5zm0-90c20.678 0 37.5 16.822 37.5 37.5s-16.822 37.5-37.5 37.5-37.5-16.822-37.5-37.5 16.822-37.5 37.5-37.5z\"\/><\/svg><span>Fysiskt avst\u00e5nd uppr\u00e4tth\u00e5lls<\/span>\n\t\t\t\t<\/div><\/div>\n\t\t\t<\/div>\n\n\t\t\t\t\t\t\t\n\n\t\t<\/div>\n\t<\/div>\n<\/div>\n<\/div><\/div><!-- row close --><div class='evocard_row bx2 bx'><div id='event_time' class='evocard_box time' data-c='' \n\t\t\t\t\tstyle=''><div class='evo_metarow_time evorow evcal_evdata_row evcal_evrow_sm '>\n\t\t<span class='evcal_evdata_icons'><i class='fa fa-clock'><\/i><\/span>\n\t\t<div class='evcal_evdata_cell'>\t\t\t\t\t\t\t\n\t\t\t<h3 class='evo_h3'><span class='evcal_evdata_icons'><i class='fa fa-clock'><\/i><\/span>Tid<\/h3><div><span class='evo_eventcard_time_t evogap5 evofxww'><span class=\"start\">september 16, 2026<\/span> <span class=\"stime\">12:00 em<\/span> - <span class=\"etime\">6:30 em<\/span><\/span><span class='evo_tz marr5'>(GMT+02:00)<\/span><span class='evo_time_dur evodfx evofxdrr evofxaic evoop5'><i class='fa fa-hourglass-half evofz14i evomarr10'><\/i>Varaktighet  6 Timmar 30 Minuter<\/span><\/div>\n\t\t<\/div>\n\t<\/div><\/div><div id='event_location' class='evocard_box location' data-c='' \n\t\t\t\t\tstyle=''><div class='evcal_evdata_row evo_metarow_time_location evorow '>\n\t\t\n\t\t\t<span class='evcal_evdata_icons'><i class='fa fa-map-marker'><\/i><\/span>\n\t\t\t<div class='evcal_evdata_cell' data-loc_tax_id='7476'><h3 class='evo_h3 evodfx'><span class='evcal_evdata_icons'><i class='fa fa-map-marker'><\/i><\/span><a class=\"evo_event_loc_link evocl1i\" target=\"_blank\" href=\"https:\/\/spacestockholm.se\/\" rel=\"noopener\">Plats<\/a><\/h3><p class='evo_location_name evofwb evofz16i'><a class=\"evo_event_loc_link evocl1i\" target=\"_blank\" href=\"https:\/\/spacestockholm.se\/\" rel=\"noopener\">Space<\/a><\/p><p class='evo_location_address evodfxi evofxaic evogap10'><a class=\"evo_event_loc_link evocl1i\" target=\"_blank\" href=\"https:\/\/spacestockholm.se\/\" rel=\"noopener\">Sergels Torg 2<\/a><button class='evo_copy_address evobuttonA evocurp evohoop7 evopad5' style='' data-txt='Sergels Torg 2' data-t='Adressen har kopierats till urklipp!'><i class='far fa-copy evofz16i' title='Kopiera destinationsadress!' aria-label='Kopiera destinationsadress!'><\/i><\/button><\/p><div class='evodfx evofxdrr evogap10 evofxaic evomart20i'><div class=''><button class='evosp_trigger evobrn evoboxsn evobgclg20 evoff_2 evodfx evofxdrr evogap5 evofxaic evocurp evofwb evoHKx2 evoHbgclg30 evopad5-10i evobr10 evocl1i evofz14i' data-lbvals=\"{&quot;lbdata&quot;:{&quot;class&quot;:&quot;evo_location_lb_7476&quot;,&quot;additional_class&quot;:&quot;lb_max&quot;,&quot;title&quot;:&quot;Space&quot;},&quot;adata&quot;:{&quot;a&quot;:&quot;eventon_get_tax_card_content&quot;,&quot;end&quot;:&quot;client&quot;,&quot;data&quot;:{&quot;lang&quot;:&quot;L1&quot;,&quot;term_id&quot;:7476,&quot;tax&quot;:&quot;event_location&quot;,&quot;load_lbcontent&quot;:true}},&quot;uid&quot;:&quot;eventon_get_tax_card_content&quot;}\" data-d=\"{&quot;sp_id&quot;:&quot;evo_location_7476&quot;,&quot;adata&quot;:{&quot;a&quot;:&quot;eventon_get_tax_card_content&quot;,&quot;data&quot;:{&quot;eventid&quot;:28428,&quot;ri&quot;:0,&quot;term_id&quot;:7476,&quot;tax&quot;:&quot;event_location&quot;,&quot;load_lbcontent&quot;:true,&quot;lang&quot;:&quot;L1&quot;}},&quot;size&quot;:&quot;lar&quot;,&quot;fresh_content&quot;:true}\" >Andra evenemang<i class='fa fa-chevron-right evofz12i evokid evotrans' aria-hidden='true' style='margin-top:2px;'><\/i><\/button><\/div><\/div><\/div>\n\t\t\n\t<\/div><\/div><\/div><!-- row close --><div class='evocard_row bx2 bx'><div id='event_learnmore' class='evocard_box learnmore' data-c='' \n\t\t\t\t\tstyle=''><div class='evo_metarow_learnM evo_metarow_learnmore evorow'>\n\t\t\t\t\t\t\t<a class=\"evcal_evdata_row evo_clik_row \" href=\"https:\/\/events.checkpoint.com\/advantage-2026-stockholm\" target=\"_blank\" rel=\"noopener\">\n\t\t\t\t\t\t\t\t<span class='evcal_evdata_icons'><i class='fa fa-link'><\/i><\/span>\n\t\t\t\t\t\t\t\t<h3 class='evo_h3'>\"L\u00e4s mer<\/h3>\n\t\t\t\t\t\t\t<\/a>\n\t\t\t\t\t\t\t<\/div><\/div><div id='event_addtocal' class='evocard_box addtocal' data-c='' \n\t\t\t\t\tstyle=''><div class='evo_metarow_ICS evorow evcal_evdata_row'>\n\t\t\t<span class='evcal_evdata_icons'><i class='fa fa-calendar-o'><\/i><\/span>\n\t\t\t<div class='evcal_evdata_cell'>\n\t\t\t\t<p><a href=\"https:\/\/itbranschen.com\/de\/export-events\/28428_0\/?key=f5ade1463c\" rel=\"nofollow\" class=\"evo_ics_nCal\" title=\"L\u00e4gg till i din kalender\">Kalender<\/a><a href=\"https:\/\/www.google.com\/calendar\/event?action=TEMPLATE&amp;text=Check%20Point%20Advantage%20Stockholm&amp;dates=20260916T100000Z\/20260916T163000Z&amp;ctz=Europe%2FStockholm&amp;details=Check%20Point%20Advantage%20Stockholm&amp;location=Space%20Sergels%20Torg%202\" target=\"_blank\" rel=\"nofollow noopener\" class=\"evo_ics_gCal\" title=\"L\u00e4gg till i Google Kalender\">GoogleCal<\/a><\/p>\t\n\t\t\t<\/div>\n\t\t<\/div><\/div><\/div><!-- row close --><div class='evocard_row'><div id='event_organizer' class='evocard_box organizer' data-c='' \n\t\t\t\t\tstyle=''><div class='evo_metarow_organizer evorow evcal_evdata_row evcal_evrow_sm '>\n\t\t<span class='evcal_evdata_icons'><i class='fa fa-microphone'><\/i><\/span>\n\t\t<div class='evcal_evdata_cell'>\t\t\t\t\t\t\t\n\t\t\t<h3 class='evo_h3'>Arrang\u00f6r<\/h3><div class='evo_evdata_cell_content evodfx evofxww evofxdrr evogap30'><div class='evo_card_organizer evofx_1 evodfx evofxdrr evogap15'><p class='evo_data_val evo_card_organizer_image'>\n\t\t\t<img decoding=\"async\" class=\"evosp_trigger evo_curp evo_transit_all evo_trans_sc1_03 evo_boxsh_1\" data-d=\"{&quot;sp_id&quot;:&quot;evo_organizer_7477&quot;,&quot;adata&quot;:{&quot;a&quot;:&quot;eventon_get_tax_card_content&quot;,&quot;data&quot;:{&quot;eventid&quot;:28428,&quot;ri&quot;:0,&quot;term_id&quot;:7477,&quot;tax&quot;:&quot;event_organizer&quot;,&quot;load_lbcontent&quot;:true,&quot;lang&quot;:&quot;L1&quot;}},&quot;size&quot;:&quot;lar&quot;,&quot;fresh_content&quot;:true}\" src=\"https:\/\/itbranschen.com\/wp-content\/uploads\/2026\/07\/Check-Point-Software-300x300.png\" alt=\"Check Point Software Technologies logotyp f\u00f6r Check Point Advantage Stockholm 2026\" title=\"| IT-Branschen\"><\/p><div class='evodfx evofxdrc evofxjcfs'><h4 class='evo_org_name evo_h4 marb5 evottui evocl1i evopadb10i'><span class='evo_card_organizer_name_t marb5'><a target=\"_blank\" href=\"https:\/\/itbranschen.com\/de\/event-organizer\/check-point-software-technologies\/\" class=\"evocl1i\">Check Point Software Technologies<\/a><\/span><\/h4><div class='evo_org_details'>Global ledare inom cybers\u00e4kerhet som hj\u00e4lper f\u00f6retag och organisationer att skydda n\u00e4tverk, molnmilj\u00f6er, arbetsplatser och AI-drivna verksamheter mot dagens och morgondagens cyberhot.<button class='evo_organizer_more_trig evonobtn2 evobutton evoff_2 evobgclg30 evoHbgclg50 evoop7 evohoop10 evotrans evobr5 evomarl5 evofz12' style='    padding: 2px 5px;font-size: 11px;'>L\u00e4s mer.<\/button><\/div><div class='evo_org_details_full evodni'>Check Point Software Technologies \u00e4r en av v\u00e4rldens ledande leverant\u00f6rer av cybers\u00e4kerhetsl\u00f6sningar med \u00f6ver 30 \u00e5rs erfarenhet av att skydda f\u00f6retag, myndigheter och kritisk infrastruktur. F\u00f6retaget erbjuder en enhetlig s\u00e4kerhetsplattform som omfattar n\u00e4tverkss\u00e4kerhet, molns\u00e4kerhet, endpointskydd, identitetshantering, AI-baserad hotdetektering och s\u00e4kerhetsoperationer. Genom innovation, avancerad hotintelligens och global forskning hj\u00e4lper Check Point organisationer att f\u00f6rebygga cyberattacker och st\u00e4rka sin digitala motst\u00e5ndskraft.<\/div><p class='evo_card_organizer_more'><a class=' evosp_trigger mart10 evodifx evofxdrr evogap5 evofxaic evocurp evofwb evoHKx2 evobgclg20 evoHbgclg40 evopad5-10i evobr10 evocl1i evofz14i' data-d=\"{&quot;sp_id&quot;:&quot;evo_organizer_7477&quot;,&quot;adata&quot;:{&quot;a&quot;:&quot;eventon_get_tax_card_content&quot;,&quot;data&quot;:{&quot;eventid&quot;:28428,&quot;ri&quot;:0,&quot;term_id&quot;:7477,&quot;tax&quot;:&quot;event_organizer&quot;,&quot;load_lbcontent&quot;:true,&quot;lang&quot;:&quot;L1&quot;}},&quot;size&quot;:&quot;lar&quot;,&quot;fresh_content&quot;:true}\" >L\u00e4s mer<i class='fa fa-chevron-right evofz12i evokid evotrans' aria-hidden='true' style='margin-top:2px;'><\/i><\/a><\/p><\/div><\/div><!-- evo_card_organizer--><\/div><\/div>\t<\/div><\/div><\/div><!-- row close --><div class='evocard_row'><div id='event_gmap' class='evocard_box gmap' data-c='' \n\t\t\t\t\tstyle=''><div class='evo_map evoposr evoh100p'><div class='evo_metarow_gmap evcal_evdata_row evorow evcal_gmaps evc17895528006a96d0d6ecbf228428_gmap place' id='evc17895528006a96d0d6ecbf228428_gmap' style='max-width:none' data-name=\"Space\" data-address=\"Sergels Torg 2\" data-latlng=\"59.3330877,18.0642244\" data-location_type=\"place\" data-scroll=\"yes\" data-mty=\"roadmap\" data-zoom=\"14\" data-mapIcon=\"\" data-delay=\"400\" data-map_canvas_id=\"evc17895528006a96d0d6ecbf228428_gmap\" >\n\t\t<span class='evo_map_load_out evoposr evodb evobr15'>\n\t\t<i class='fa fa-location-dot evoposa'><\/i><span class='evo_map_load evoposr evodb'>\t\t\t\t\t\n\t\t\t\t\t<i class='a'><\/i>\n\t\t\t\t\t<i class='b'><\/i>\n\t\t\t\t\t<i class='c'><\/i>\n\t\t\t\t\t<i class='d'><\/i>\n\t\t\t\t\t<i class='e'><\/i>\n\t\t\t\t\t<i class='f'><\/i>\n\t\t\t\t<\/span><\/span>\n\t<\/div><div class='evo_gmap_bottom evoposa evobot0'><\/div><\/div><\/div><\/div><!-- row close --><div class='evocard_row'><div id='event_getdirection' class='evocard_box getdirection' data-c='' \n\t\t\t\t\tstyle=''><div class='evo_metarow_getDr evorow evcal_evdata_row evcal_evrow_sm getdirections'>\n\t\t<form action='https:\/\/maps.google.com\/maps' method='get' target='_blank'>\n\t\t\t<input type='hidden' name='daddr' value=\"Sergels Torg 2\"\/> \n\t\t\t<div class='evo_get_direction_content evofxdrr evofxww evogap10'>\n\t\t\t\t<span class='evogetdir_header evodfx evofxdrr evofxaic evogap10'>\n\t\t\t\t\t<i class='mainicon fa fa-route evofz24i' aria-hidden='true'><\/i> \n\t\t\t\t\t<h3 class='evo_h3 evopad0i' style='padding-bottom:5px;'>F\u00e5 v\u00e4gbeskrivning<\/h3>\n\t\t\t\t<\/span>\t\t\t\t<p class=''>How do you plan to get there?<\/p>\n\t\t\t\t<div class='evodfx evofxdrr evofxaic evogap5'>\n\t\t\t\t\t\t\t\t\t\t\t<a href=\"https:\/\/www.google.com\/maps\/dir\/?api=1&amp;origin=Current+Location&amp;destination=Sergels+Torg+2&amp;travelmode=best\" target=\"_blank\" rel=\"noreferrer noopener\" aria-label=\"Best Route\" class=\"evodfx evofxdrr evogap5 evofxaic evocurp evohoop7o evofwb evoHKx2 evoHbgclg20 evopad10i evobr10 evocl1i evofz14i evonobtn\"><i class='fa fa-diamond-turn-right evotooltipfree' title='Best Route'><\/i><\/a>\t\t\t\t\t\t<a href=\"https:\/\/www.google.com\/maps\/dir\/?api=1&amp;origin=Current+Location&amp;destination=Sergels+Torg+2&amp;travelmode=driving\" target=\"_blank\" rel=\"noreferrer noopener\" aria-label=\"Driving\" class=\"evodfx evofxdrr evogap5 evofxaic evocurp evohoop7o evofwb evoHKx2 evoHbgclg20 evopad10i evobr10 evocl1i evofz14i evonobtn\"><i class='fa fa-car evotooltipfree' title='Driving'><\/i><\/a>\t\t\t\t\t\t<a href=\"https:\/\/www.google.com\/maps\/dir\/?api=1&amp;origin=Current+Location&amp;destination=Sergels+Torg+2&amp;travelmode=transit\" target=\"_blank\" rel=\"noreferrer noopener\" aria-label=\"Transit\" class=\"evodfx evofxdrr evogap5 evofxaic evocurp evohoop7o evofwb evoHKx2 evoHbgclg20 evopad10i evobr10 evocl1i evofz14i evonobtn\"><i class='fa fa-bus evotooltipfree' title='Transit'><\/i><\/a>\t\t\t\t\t\t<a href=\"https:\/\/www.google.com\/maps\/dir\/?api=1&amp;origin=Current+Location&amp;destination=Sergels+Torg+2&amp;travelmode=walking\" target=\"_blank\" rel=\"noreferrer noopener\" aria-label=\"Walking\" class=\"evodfx evofxdrr evogap5 evofxaic evocurp evohoop7o evofwb evoHKx2 evoHbgclg20 evopad10i evobr10 evocl1i evofz14i evonobtn\"><i class='fa fa-person-walking evotooltipfree' title='Walking'><\/i><\/a>\t\t\t\t\t\t<a href=\"https:\/\/www.google.com\/maps\/dir\/?api=1&amp;origin=Current+Location&amp;destination=Sergels+Torg+2&amp;travelmode=bicycling\" target=\"_blank\" rel=\"noreferrer noopener\" aria-label=\"Bicycling\" class=\"evodfx evofxdrr evogap5 evofxaic evocurp evohoop7o evofwb evoHKx2 evoHbgclg20 evopad10i evobr10 evocl1i evofz14i evonobtn\"><i class='fa fa-person-biking evotooltipfree' title='Bicycling'><\/i><\/a>\t\n\t\t\t\t<\/div>\n\n\t\t\t\t<\/div>\n\t\t<\/form>\n\t<\/div><\/div><\/div><!-- row close --><button class='evo_card_row_end evcal_close' title='\"St\u00e4ng evenemang'><\/button><\/div><div class='clear end'><\/div><\/div><div id=\"event_33093_0\" class=\"eventon_list_event evo_eventtop scheduled  event clrD event_33093_0\" data-event_id=\"33093\" data-ri=\"0r\" data-time=\"1789988400-1789997400\" data-colr=\"#023151\" itemscope itemtype='http:\/\/schema.org\/Event'><div class=\"evo_event_schema\" style=\"display:none\" ><a itemprop=\"url\" href=\"https:\/\/itbranschen.com\/de\/events\/detaljhandel-och-e-handel-vem-vinner-och-vem-forlorar\/\"><\/a><meta itemprop='image' content=\"https:\/\/itbranschen.com\/wp-content\/uploads\/2026\/08\/Svensk-polska-handelskammaren.jpg\" \/><meta itemprop='startDate' content=\"2026-9-21T13:00+2:00\" \/><meta itemprop='endDate' content=\"2026-9-21T15:30+2:00\" \/><meta itemprop='eventStatus' content=\"https:\/\/schema.org\/EventScheduled\" \/><meta itemprop='eventAttendanceMode'   itemscope itemtype=\"https:\/\/schema.org\/MixedEventAttendanceMode\"\/><script type=\"application\/ld+json\">{\"@context\": \"http:\/\/schema.org\",\"@type\": \"Event\",\n\t\t\t\t\"@id\": \"event_33093_0\",\n\t\t\t\t\"eventAttendanceMode\":\"https:\/\/schema.org\/MixedEventAttendanceMode\",\n\t\t\t\t\"eventStatus\":\"https:\/\/schema.org\/EventScheduled\",\n\t\t\t\t\"name\": \"Detaljhandel och e-handel \u2013 vem vinner och vem f\u00f6rlorar?\",\n\t\t\t\t\"url\": \"https:\/\/itbranschen.com\/de\/events\/detaljhandel-och-e-handel-vem-vinner-och-vem-forlorar\/\",\n\t\t\t\t\"startDate\": \"2026-9-21T13:00+2:00\",\n\t\t\t\t\"endDate\": \"2026-9-21T15:30+2:00\",\n\t\t\t\t\"image\":\"https:\/\/itbranschen.com\/wp-content\/uploads\/2026\/08\/Svensk-polska-handelskammaren.jpg\", \n\t\t\t\t\"description\":\"<p><\/p> <p class=\"wp-block-paragraph\">Detaljhandels- och e-handelssektorerna genomg\u00e5r en av de mest dramatiska f\u00f6r\u00e4ndringarna p\u00e5 \u00e5rtionden. F\u00f6r\u00e4ndringar i konsumentbeteende, tryck i leveranskedjorna, ny teknik och uppkomsten av AI-driven personalisering omformar hur varum\u00e4rken konkurrerar om uppm\u00e4rksamhet, lojalitet och marknadsandelar. Traditionella \u00e5terf\u00f6rs\u00e4ljare \u00e5teruppfinner sig sj\u00e4lva, digitalt orienterade akt\u00f6rer skalar aggressivt upp och helt nya aff\u00e4rsmodeller dyker upp.<\/p> <p><\/p> <p><\/p> <p class=\"wp-block-paragraph\">Under detta evenemang kommer vi att unders\u00f6ka vilka strategier som kommer att skilja morgondagens vinnare fr\u00e5n resten.<\/p> <p><\/p> <p><\/p> <p class=\"wp-block-paragraph\"><a href='https:\/\/itbranschen.com\/tag\/b2b-e-handel-sverige\/' data-type='post_tag' data-id='1251'>Detaljhandels- och e-handelssektorerna<\/a> genomg\u00e5r en av de mest dramatiska f\u00f6r\u00e4ndringarna p\u00e5 \u00e5rtionden.<\/p> <p><\/p> <p><\/p> <p class=\"wp-block-paragraph\">F\u00f6r\u00e4ndringar i konsumentbeteende, tryck i leveranskedjorna, ny teknik och \u00f6kningen av AI-driven personalisering omformar hur varum\u00e4rken konkurrerar om uppm\u00e4rksamhet, lojalitet och marknadsandelar.<\/p> <p><\/p> <p><\/p> <p class=\"wp-block-paragraph\">Traditionella \u00e5terf\u00f6rs\u00e4ljare \u00e5teruppfinner sig sj\u00e4lva, digitalt f\u00f6rst akt\u00f6rer skalar aggressivt upp och helt nya aff\u00e4rsmodeller dyker upp.<\/p> <p><\/p> <p><\/p> <p class=\"wp-block-paragraph\">Under detta evenemang kommer vi att unders\u00f6ka vilka strategier som kommer att skilja morgondagens vinnare fr\u00e5n resten.<\/p> <p><\/p> <p><\/p> <p class=\"wp-block-paragraph\"><a href='https:\/\/www.linkedin.com\/in\/katarzyna-moleda-enterculture\/' target='_blank' rel='noreferrer noopener'><strong>Katarzyna Mol\u0119da<\/strong><\/a> , vice ordf\u00f6rande, <a href='https:\/\/www.linkedin.com\/company\/sphk\/' target='_blank' rel='noreferrer noopener'><strong>Svensk-polska handelskammaren<\/strong><\/a> &#8211; V\u00e4lkomstord<\/p> <p><\/p> <p><\/p> <p class=\"wp-block-paragraph\"><a href='https:\/\/www.linkedin.com\/in\/micke-hermansson-236a43137\/en\/' target='_blank' rel='noreferrer noopener'><strong>Mikael Hermansson<\/strong><\/a> , internationell huvudtalare, f\u00f6rfattare till 15 b\u00f6cker &#8211; Presentationsboosten: Hur du n\u00e5r ut till din kundbas<\/p> <p><\/p> <p><\/p> <p class=\"wp-block-paragraph\"><a href='https:\/\/www.linkedin.com\/in\/yvonnemagnusson\/'><strong>Yvonne Magnusson<\/strong><\/a> , VD, shiftretail@CFM AB &#8211; Den AI-drivna framtiden f\u00f6r detaljhandel: Att vinna i den agentiska handelns tids\u00e5lder<\/p> <p><\/p> <p><\/p> <p class=\"wp-block-paragraph\"><a href='https:\/\/www.linkedin.com\/in\/maciejbiesiada\/' target='_blank' rel='noreferrer noopener'><strong>Maciej Biesiada<\/strong><\/a> , VD, <a href='https:\/\/www.linkedin.com\/company\/biesiada-invest\/' target='_blank' rel='noreferrer noopener'><strong>Biesiada Invest<\/strong><\/a> &#8211; Boosting an Iconic Brand: Reinventing Duka for a New Era<\/p> <p><\/p> <p><\/p> <p class=\"wp-block-paragraph\"><a href='https:\/\/www.linkedin.com\/in\/aleksandra-gepert\/' target='_blank' rel='noreferrer noopener'><strong>Aleksandra Gepert<\/strong><\/a> , Senior Consulting Lead, <a href='https:\/\/www.linkedin.com\/company\/clouds-on-mars\/' target='_blank' rel='noreferrer noopener'><strong>Clouds On Mars<\/strong><\/a> &#8211; Att vinna detaljhandeln med AI b\u00f6rjar f\u00f6re AI: Data, ontologi och ledarskap som konkurrensf\u00f6rdelar<\/p> <p><\/p> <p><\/p> <p class=\"wp-block-paragraph\"><a href='https:\/\/www.linkedin.com\/in\/hannakarppi\/'><strong>Hanna Karppi<\/strong><\/a> , chef f\u00f6r digital inkludering, <a href='https:\/\/www.linkedin.com\/company\/nexer-digital\/' target='_blank' rel='noreferrer noopener'><strong>Nexer Digital<\/strong><\/a> &#8211; Inkludering som en drivkraft f\u00f6r tillv\u00e4xt inom detaljhandel och e-handel<\/p> <p><\/p> <p><\/p> <p class=\"wp-block-paragraph\"><a href='https:\/\/www.linkedin.com\/in\/adam-morawski\/' target='_blank' rel='noreferrer noopener'><strong>Adam Morawski<\/strong><\/a> , grundare <a href='https:\/\/www.linkedin.com\/company\/morawski-&amp;-partners-international-lawyers\/' target='_blank' rel='noreferrer noopener'><strong>MORAWSKI &amp; PARTNERS Internationella advokater<\/strong><\/a> &#8211; Redo f\u00f6r detaljhandeln: Utl\u00e4ndska varum\u00e4rken etablerar sig i Polen. Fallstudie: 2 Lululemon-butiker \u00f6ppnar i Warszawa<\/p> <p><\/p> <p><\/p> <p class=\"wp-block-paragraph\">Paneldiskussion: N\u00e4sta detaljhandelsrevolution: Vad kommer att definiera framg\u00e5ng med bland andra: <a href='https:\/\/www.linkedin.com\/in\/ralucaresmerita\/' target='_blank' rel='noreferrer noopener'><strong>Raluca T\u0103t\u0103ru\u0219anu<\/strong><\/a> , vice vd f\u00f6r f\u00f6rs\u00e4ljning EMEA&amp;APAC, <a href='https:\/\/www.linkedin.com\/company\/druidai\/' target='_blank' rel='noreferrer noopener'><strong>Druid AI<\/strong><\/a> , <a href='https:\/\/www.linkedin.com\/in\/monika-ferreira\/' target='_blank' rel='noreferrer noopener'><strong>Monika Ferreira<\/strong><\/a> , grundare, strategisk r\u00e5dgivare, Franchise 2.0 Growth &amp; Management Model Creator, Scaling Up Strategist, <a href='https:\/\/www.linkedin.com\/in\/pingis-ingegerd-anna-kristina-berg-hadenius-6935b427\/' target='_blank' rel='noreferrer noopener'><strong>Pingis Ingegerd Anna Kristina Berg-Hadenius<\/strong><\/a> , styrelseordf\u00f6rande, <a href='https:\/\/www.linkedin.com\/company\/by-benson\/' target='_blank' rel='noreferrer noopener'><strong>av Benson<\/strong><\/a> , e-handelsentrepren\u00f6r,<\/p> <p><\/p> <p><\/p> <p class=\"wp-block-paragraph\"><a href='https:\/\/www.linkedin.com\/in\/jacek-ziolkowski\/en\/' target='_blank' rel='noreferrer noopener'><strong>Jacek Ziolkowski<\/strong><\/a> , <a href='https:\/\/www.linkedin.com\/in\/adamrogowski\/' target='_blank' rel='noreferrer noopener'><strong>Adam Rogowski<\/strong><\/a> , Co-CEOs, <a href='https:\/\/www.linkedin.com\/company\/sphk\/' target='_blank' rel='noreferrer noopener'><strong>Svensk-Polska Handelskammaren<\/strong><\/a> &#8211; &#8220;Avslutande kommentarer&#8221;<\/p> <p><\/p> <p><\/p> <h2 class='wp-block-heading'>N\u00e4tverkande<\/h2> <p><\/p> <p><\/p> <p class=\"wp-block-paragraph\">Moderator: <a href='https:\/\/www.linkedin.com\/in\/sofia-valentin-bb403814\/' target='_blank' rel='noreferrer noopener'><strong>Sofia Valentin<\/strong><\/a> , VD, <a href='https:\/\/www.linkedin.com\/company\/joy-shop-ab\/' target='_blank' rel='noreferrer noopener'><strong>JOY Shop<\/strong><\/a><br \/>E-marknadsf\u00f6ring: <a href='https:\/\/www.linkedin.com\/in\/jesper-regula\/' target='_blank' rel='noreferrer noopener'><strong>Jesper Regula<\/strong><\/a> , e-marknadsf\u00f6ringschef, <a href='https:\/\/www.linkedin.com\/company\/sphk\/' target='_blank' rel='noreferrer noopener'><strong>Svensk-polska handelskammaren<\/strong><\/a><\/p> <p><\/p> <p><\/p> <p class=\"wp-block-paragraph\"><strong>Detaljhandel och e-handel: vem vinner och vem f\u00f6rlorar? Ett kostnadsfritt evenemang<\/strong><\/p> <p><\/p> <p><\/p> <p class=\"wp-block-paragraph\">21 september 2026, kl. 13.00\u201315.30 CET<\/p> <p><\/p> <p><\/p> <p class=\"wp-block-paragraph\">Generator Stockholm, Torsgatan 10, samt online<\/p> <p><\/p> <p><\/p> <p class=\"wp-block-paragraph\"><strong>Anm\u00e4lan:<\/strong><\/p> <p><\/p> <p><\/p> <p class=\"wp-block-paragraph\"><strong>Personlig n\u00e4rvaro: <a href='https:\/\/lnkd.in\/dj2fBeDr' target='_blank' rel='noreferrer noopener sponsored'>https:\/\/lnkd.in\/dj2fBeDr<\/a><\/strong><\/p> <p><\/p> <p><\/p> <p class=\"wp-block-paragraph\"><strong>Online-n\u00e4rvaro: V\u00e4nligen registrera dig via LinkedIn.<\/strong><\/p> <p><\/p> <p><\/p> <p class=\"wp-block-paragraph\"><\/p> \"}<\/script><\/div>\n\t\t\t\t<p class=\"desc_trig_outter\" style=\"\"><a data-gmap_status=\"null\" data-gmtrig=\"1\" data-exlk=\"0\" style=\"background-color: #023151;\" id=\"evc_178998840033093\" href=\"#\" class=\"desc_trig featured_event 1 sin_val evcal_list_a\" data-ux_val=\"3\" data-ux_val_mob=\"-\"  ><span class='evoet_in'><span class='evoet_c2 evoet_cx '><span class='evoet_dayblock evcal_cblock ' data-bgcolor='#023151' data-smon='september' data-syr='2026' data-bub=''><span class='evo_start  evofxdrc'><em class='date'>21<\/em><em class='month'>sep<\/em><em class='time'>1:00 em<\/em><\/span><span class='evo_end only_time evofxdrc'><em class='time'>3:30 em<\/em><\/span><\/span><\/span><span class='evoet_c3 evoet_cx evcal_desc hide_eventtopdata '><span class='evoet_title evcal_desc2 evcal_event_title ' itemprop='name'>Detaljhandel och e-handel \u2013 vem vinner och vem f\u00f6rlorar?<\/span><span class='evoet_cy evoet_subtitle evo_below_title' ><span class='evcal_event_subtitle ' >AI, e-handel och framtidens detaljhandel<\/span><\/span><\/span><\/span><span class='evoet_data' style='display:none' data-d=\"{&quot;loc.n&quot;:&quot;&quot;,&quot;orgs&quot;:[],&quot;tags&quot;:{&quot;featured&quot;:&quot;Utvalt&quot;,&quot;vir&quot;:&quot;Virtuellt\\\/fysiskt evenemang&quot;}}\" data-bgc=\"#023151\" data-bggrad=\"\" ><\/span><\/a><\/p><div class='event_description evcal_eventcard ' style=\"display:none\"><div class='evocard_row'><div id='event_ftimage' class='evocard_box ftimage' data-c='' \n\t\t\t\t\tstyle=''><div class='evocard_main_image_hold' data-t='L\u00e4ser in bild..'><div class='evocard_main_image evo_img_triglb evocd_img_full evobr15 evobgsc evobgpc evodfx evofx_jc_c evofx_ai_c evofz48 full' style='height:400px; background-image:url();' data-f=\"https:\/\/itbranschen.com\/wp-content\/uploads\/2026\/08\/Svensk-polska-handelskammaren.jpg\" data-h=\"675\" data-w=\"1200\" data-ratio=\"0.5625\" data-event_id=\"33093\" data-ri=\"0\"  data-t='L\u00e4ser in bild..'><span style='height:400px; background-image:url(https:\/\/itbranschen.com\/wp-content\/uploads\/2026\/08\/Svensk-polska-handelskammaren.jpg)'><\/span><\/div><\/div><\/div><\/div><!-- row close --><div class='evocard_row'><div id='event_eventdetails' class='evocard_box eventdetails' data-c='' \n\t\t\t\t\tstyle=''><div class=\"evo_metarow_details evorow evcal_evdata_row evcal_event_details\">\n    <div class=\"event_excerpt\" style=\"display:none\"><h3 class=\"padb5 evo_h3\">Evenemangsdetaljer<\/h3><p>Detaljhandels- och e-handelssektorerna genomg\u00e5r en av de mest dramatiska f\u00f6r\u00e4ndringarna p\u00e5 \u00e5rtionden. F\u00f6r\u00e4ndringar i konsumentbeteende, tryck i leveranskedjorna, ny teknik och uppkomsten av AI-driven personalisering omformar hur varum\u00e4rken<\/p><\/div><span class='evcal_evdata_icons'><i class='fa fa-align-justify'><\/i><\/span>    <div class=\"evcal_evdata_cell \">\n        <div class=\"eventon_full_description\">\n            <h3 class=\"padb5 evo_h3\"><span class='evcal_evdata_icons'><i class='fa fa-align-justify'><\/i><\/span>Evenemangsdetaljer<\/h3>\n            <div class=\"eventon_desc_in\" itemprop=\"description\">\n                <p><\/p>\n<p class=\"wp-block-paragraph\">Detaljhandels- och e-handelssektorerna genomg\u00e5r en av de mest dramatiska f\u00f6r\u00e4ndringarna p\u00e5 \u00e5rtionden. F\u00f6r\u00e4ndringar i konsumentbeteende, tryck i leveranskedjorna, ny teknik och uppkomsten av AI-driven personalisering omformar hur varum\u00e4rken konkurrerar om uppm\u00e4rksamhet, lojalitet och marknadsandelar. Traditionella \u00e5terf\u00f6rs\u00e4ljare \u00e5teruppfinner sig sj\u00e4lva, digitalt orienterade akt\u00f6rer skalar aggressivt upp och helt nya aff\u00e4rsmodeller dyker upp.<\/p>\n<p><\/p>\n<p><\/p>\n<p class=\"wp-block-paragraph\">Under detta evenemang kommer vi att unders\u00f6ka vilka strategier som kommer att skilja morgondagens vinnare fr\u00e5n resten.<\/p>\n<p><\/p>\n<p><\/p>\n<p class=\"wp-block-paragraph\"><a href=\"https:\/\/itbranschen.com\/tag\/b2b-e-handel-sverige\/\" data-type=\"post_tag\" data-id=\"1251\">Detaljhandels- och e-handelssektorerna<\/a> genomg\u00e5r en av de mest dramatiska f\u00f6r\u00e4ndringarna p\u00e5 \u00e5rtionden.<\/p>\n<p><\/p>\n<p><\/p>\n<p class=\"wp-block-paragraph\">F\u00f6r\u00e4ndringar i konsumentbeteende, tryck i leveranskedjorna, ny teknik och \u00f6kningen av AI-driven personalisering omformar hur varum\u00e4rken konkurrerar om uppm\u00e4rksamhet, lojalitet och marknadsandelar.<\/p>\n<p><\/p>\n<p><\/p>\n<p class=\"wp-block-paragraph\">Traditionella \u00e5terf\u00f6rs\u00e4ljare \u00e5teruppfinner sig sj\u00e4lva, digitalt f\u00f6rst akt\u00f6rer skalar aggressivt upp och helt nya aff\u00e4rsmodeller dyker upp.<\/p>\n<p><\/p>\n<p><\/p>\n<p class=\"wp-block-paragraph\">Under detta evenemang kommer vi att unders\u00f6ka vilka strategier som kommer att skilja morgondagens vinnare fr\u00e5n resten.<\/p>\n<p><\/p>\n<p><\/p>\n<p class=\"wp-block-paragraph\"><a href=\"https:\/\/www.linkedin.com\/in\/katarzyna-moleda-enterculture\/\" target=\"_blank\" rel=\"noreferrer noopener\"><strong>Katarzyna Mol\u0119da<\/strong><\/a> , vice ordf\u00f6rande, <a href=\"https:\/\/www.linkedin.com\/company\/sphk\/\" target=\"_blank\" rel=\"noreferrer noopener\"><strong>Svensk-polska handelskammaren<\/strong><\/a> &#8211; V\u00e4lkomstord<\/p>\n<p><\/p>\n<p><\/p>\n<p class=\"wp-block-paragraph\"><a href=\"https:\/\/www.linkedin.com\/in\/micke-hermansson-236a43137\/en\/\" target=\"_blank\" rel=\"noreferrer noopener\"><strong>Mikael Hermansson<\/strong><\/a> , internationell huvudtalare, f\u00f6rfattare till 15 b\u00f6cker &#8211; Presentationsboosten: Hur du n\u00e5r ut till din kundbas<\/p>\n<p><\/p>\n<p><\/p>\n<p class=\"wp-block-paragraph\"><a href=\"https:\/\/www.linkedin.com\/in\/yvonnemagnusson\/\" target=\"_blank\" rel=\"noopener\"><strong>Yvonne Magnusson<\/strong><\/a> , VD, shiftretail@CFM AB &#8211; Den AI-drivna framtiden f\u00f6r detaljhandel: Att vinna i den agentiska handelns tids\u00e5lder<\/p>\n<p><\/p>\n<p><\/p>\n<p class=\"wp-block-paragraph\"><a href=\"https:\/\/www.linkedin.com\/in\/maciejbiesiada\/\" target=\"_blank\" rel=\"noreferrer noopener\"><strong>Maciej Biesiada<\/strong><\/a> , VD, <a href=\"https:\/\/www.linkedin.com\/company\/biesiada-invest\/\" target=\"_blank\" rel=\"noreferrer noopener\"><strong>Biesiada Invest<\/strong><\/a> &#8211; Boosting an Iconic Brand: Reinventing Duka for a New Era<\/p>\n<p><\/p>\n<p><\/p>\n<p class=\"wp-block-paragraph\"><a href=\"https:\/\/www.linkedin.com\/in\/aleksandra-gepert\/\" target=\"_blank\" rel=\"noreferrer noopener\"><strong>Aleksandra Gepert<\/strong><\/a> , Senior Consulting Lead, <a href=\"https:\/\/www.linkedin.com\/company\/clouds-on-mars\/\" target=\"_blank\" rel=\"noreferrer noopener\"><strong>Clouds On Mars<\/strong><\/a> &#8211; Att vinna detaljhandeln med AI b\u00f6rjar f\u00f6re AI: Data, ontologi och ledarskap som konkurrensf\u00f6rdelar<\/p>\n<p><\/p>\n<p><\/p>\n<p class=\"wp-block-paragraph\"><a href=\"https:\/\/www.linkedin.com\/in\/hannakarppi\/\" target=\"_blank\" rel=\"noopener\"><strong>Hanna Karppi<\/strong><\/a> , chef f\u00f6r digital inkludering, <a href=\"https:\/\/www.linkedin.com\/company\/nexer-digital\/\" target=\"_blank\" rel=\"noreferrer noopener\"><strong>Nexer Digital<\/strong><\/a> &#8211; Inkludering som en drivkraft f\u00f6r tillv\u00e4xt inom detaljhandel och e-handel<\/p>\n<p><\/p>\n<p><\/p>\n<p class=\"wp-block-paragraph\"><a href=\"https:\/\/www.linkedin.com\/in\/adam-morawski\/\" target=\"_blank\" rel=\"noreferrer noopener\"><strong>Adam Morawski<\/strong><\/a> , grundare <a href=\"https:\/\/www.linkedin.com\/company\/morawski-&amp;-partners-international-lawyers\/\" target=\"_blank\" rel=\"noreferrer noopener\"><strong>MORAWSKI &amp; PARTNERS Internationella advokater<\/strong><\/a> &#8211; Redo f\u00f6r detaljhandeln: Utl\u00e4ndska varum\u00e4rken etablerar sig i Polen. Fallstudie: 2 Lululemon-butiker \u00f6ppnar i Warszawa<\/p>\n<p><\/p>\n<p><\/p>\n<p class=\"wp-block-paragraph\">Paneldiskussion: N\u00e4sta detaljhandelsrevolution: Vad kommer att definiera framg\u00e5ng med bland andra: <a href=\"https:\/\/www.linkedin.com\/in\/ralucaresmerita\/\" target=\"_blank\" rel=\"noreferrer noopener\"><strong>Raluca T\u0103t\u0103ru\u0219anu<\/strong><\/a> , vice vd f\u00f6r f\u00f6rs\u00e4ljning EMEA&amp;APAC, <a href=\"https:\/\/www.linkedin.com\/company\/druidai\/\" target=\"_blank\" rel=\"noreferrer noopener\"><strong>Druid AI<\/strong><\/a> , <a href=\"https:\/\/www.linkedin.com\/in\/monika-ferreira\/\" target=\"_blank\" rel=\"noreferrer noopener\"><strong>Monika Ferreira<\/strong><\/a> , grundare, strategisk r\u00e5dgivare, Franchise 2.0 Growth &amp; Management Model Creator, Scaling Up Strategist, <a href=\"https:\/\/www.linkedin.com\/in\/pingis-ingegerd-anna-kristina-berg-hadenius-6935b427\/\" target=\"_blank\" rel=\"noreferrer noopener\"><strong>Pingis Ingegerd Anna Kristina Berg-Hadenius<\/strong><\/a> , styrelseordf\u00f6rande, <a href=\"https:\/\/www.linkedin.com\/company\/by-benson\/\" target=\"_blank\" rel=\"noreferrer noopener\"><strong>av Benson<\/strong><\/a> , e-handelsentrepren\u00f6r,<\/p>\n<p><\/p>\n<p><\/p>\n<p class=\"wp-block-paragraph\"><a href=\"https:\/\/www.linkedin.com\/in\/jacek-ziolkowski\/en\/\" target=\"_blank\" rel=\"noreferrer noopener\"><strong>Jacek Ziolkowski<\/strong><\/a> , <a href=\"https:\/\/www.linkedin.com\/in\/adamrogowski\/\" target=\"_blank\" rel=\"noreferrer noopener\"><strong>Adam Rogowski<\/strong><\/a> , Co-CEOs, <a href=\"https:\/\/www.linkedin.com\/company\/sphk\/\" target=\"_blank\" rel=\"noreferrer noopener\"><strong>Svensk-Polska Handelskammaren<\/strong><\/a> &#8211; &#8220;Avslutande kommentarer&#8221;<\/p>\n<p><\/p>\n<p><\/p>\n<h2 class=\"wp-block-heading\">N\u00e4tverkande<\/h2>\n<p><\/p>\n<p><\/p>\n<p class=\"wp-block-paragraph\">Moderator: <a href=\"https:\/\/www.linkedin.com\/in\/sofia-valentin-bb403814\/\" target=\"_blank\" rel=\"noreferrer noopener\"><strong>Sofia Valentin<\/strong><\/a> , VD, <a href=\"https:\/\/www.linkedin.com\/company\/joy-shop-ab\/\" target=\"_blank\" rel=\"noreferrer noopener\"><strong>JOY Shop<\/strong><\/a><br \/>E-marknadsf\u00f6ring: <a href=\"https:\/\/www.linkedin.com\/in\/jesper-regula\/\" target=\"_blank\" rel=\"noreferrer noopener\"><strong>Jesper Regula<\/strong><\/a> , e-marknadsf\u00f6ringschef, <a href=\"https:\/\/www.linkedin.com\/company\/sphk\/\" target=\"_blank\" rel=\"noreferrer noopener\"><strong>Svensk-polska handelskammaren<\/strong><\/a><\/p>\n<p><\/p>\n<p><\/p>\n<p class=\"wp-block-paragraph\"><strong>Detaljhandel och e-handel: vem vinner och vem f\u00f6rlorar? Ett kostnadsfritt evenemang<\/strong><\/p>\n<p><\/p>\n<p><\/p>\n<p class=\"wp-block-paragraph\">21 september 2026, kl. 13.00\u201315.30 CET<\/p>\n<p><\/p>\n<p><\/p>\n<p class=\"wp-block-paragraph\">Generator Stockholm, Torsgatan 10, samt online<\/p>\n<p><\/p>\n<p><\/p>\n<p class=\"wp-block-paragraph\"><strong>Anm\u00e4lan:<\/strong><\/p>\n<p><\/p>\n<p><\/p>\n<p class=\"wp-block-paragraph\"><strong>Personlig n\u00e4rvaro: <a href=\"https:\/\/lnkd.in\/dj2fBeDr\" target=\"_blank\" rel=\"noreferrer noopener sponsored\">https:\/\/lnkd.in\/dj2fBeDr<\/a><\/strong><\/p>\n<p><\/p>\n<p><\/p>\n<p class=\"wp-block-paragraph\"><strong>Online-n\u00e4rvaro: V\u00e4nligen registrera dig via LinkedIn.<\/strong><\/p>\n<p><\/p>\n<p><\/p>\n<p class=\"wp-block-paragraph\"><\/p>\n            <\/div>\n            <div class='clear'><\/div>        <\/div>\n    <\/div>\n<\/div><\/div><\/div><!-- row close --><div class='evocard_row'><div id='event_time' class='evocard_box time' data-c='' \n\t\t\t\t\tstyle=''><div class='evo_metarow_time evorow evcal_evdata_row evcal_evrow_sm '>\n\t\t<span class='evcal_evdata_icons'><i class='fa fa-clock'><\/i><\/span>\n\t\t<div class='evcal_evdata_cell'>\t\t\t\t\t\t\t\n\t\t\t<h3 class='evo_h3'><span class='evcal_evdata_icons'><i class='fa fa-clock'><\/i><\/span>Tid<\/h3><div><span class='evo_eventcard_time_t evogap5 evofxww'><span class=\"start\">september 21, 2026<\/span> <span class=\"stime\">1:00 em<\/span> - <span class=\"etime\">3:30 em<\/span><\/span><span class='evo_tz marr5'>(GMT+02:00)<\/span><\/div>\n\t\t<\/div>\n\t<\/div><\/div><\/div><!-- row close --><div class='evocard_row bx2 bx'><div id='event_learnmore' class='evocard_box learnmore' data-c='' \n\t\t\t\t\tstyle=''><div class='evo_metarow_learnM evo_metarow_learnmore evorow'>\n\t\t\t\t\t\t\t<a class=\"evcal_evdata_row evo_clik_row \" href=\"https:\/\/svenskpolska.se\/en\/events-en\/\" target=\"_blank\" rel=\"noopener\">\n\t\t\t\t\t\t\t\t<span class='evcal_evdata_icons'><i class='fa fa-link'><\/i><\/span>\n\t\t\t\t\t\t\t\t<h3 class='evo_h3'>\"L\u00e4s mer<\/h3>\n\t\t\t\t\t\t\t<\/a>\n\t\t\t\t\t\t\t<\/div><\/div><div id='event_addtocal' class='evocard_box addtocal' data-c='' \n\t\t\t\t\tstyle=''><div class='evo_metarow_ICS evorow evcal_evdata_row'>\n\t\t\t<span class='evcal_evdata_icons'><i class='fa fa-calendar-o'><\/i><\/span>\n\t\t\t<div class='evcal_evdata_cell'>\n\t\t\t\t<p><a href=\"https:\/\/itbranschen.com\/de\/export-events\/33093_0\/?key=f5ade1463c\" rel=\"nofollow\" class=\"evo_ics_nCal\" title=\"L\u00e4gg till i din kalender\">Kalender<\/a><a href=\"https:\/\/www.google.com\/calendar\/event?action=TEMPLATE&amp;text=Detaljhandel%20och%20e-handel%20%E2%80%93%20vem%20vinner%20och%20vem%20f%C3%B6rlorar%3F&amp;dates=20260921T110000Z\/20260921T133000Z&amp;ctz=Europe%2FStockholm&amp;details=Detaljhandel%20och%20e-handel%20%E2%80%93%20vem%20vinner%20och%20vem%20f%C3%B6rlorar%3F&amp;location=\" target=\"_blank\" rel=\"nofollow noopener\" class=\"evo_ics_gCal\" title=\"L\u00e4gg till i Google Kalender\">GoogleCal<\/a><\/p>\t\n\t\t\t<\/div>\n\t\t<\/div><\/div><\/div><!-- row close --><button class='evo_card_row_end evcal_close' title='\"St\u00e4ng evenemang'><\/button><\/div><div class='clear end'><\/div><\/div><div id=\"event_28422_0\" class=\"eventon_list_event evo_eventtop scheduled  event clrW event_28422_0\" data-event_id=\"28422\" data-ri=\"0r\" data-time=\"1790143200-1790175600\" data-colr=\"#37a1df\" itemscope itemtype='http:\/\/schema.org\/Event'><div class=\"evo_event_schema\" style=\"display:none\" ><a itemprop=\"url\" href=\"https:\/\/itbranschen.com\/de\/events\/snowflake-world-tour-stockholm\/\"><\/a><meta itemprop='image' content=\"https:\/\/itbranschen.com\/wp-content\/uploads\/2026\/07\/Snowflake-World-Tour-Stockholm-1.jpg\" \/><meta itemprop='startDate' content=\"2026-9-23T08:00+2:00\" \/><meta itemprop='endDate' content=\"2026-9-23T17:00+2:00\" \/><meta itemprop='eventStatus' content=\"https:\/\/schema.org\/EventScheduled\" \/><meta itemprop='eventAttendanceMode'   itemscope itemtype=\"https:\/\/schema.org\/OfflineEventAttendanceMode\"\/><div style=\"display:none\" itemprop=\"location\" itemscope itemtype=\"http:\/\/schema.org\/Place\"><span itemprop=\"name\">3Arena<\/span><span itemprop=\"address\" itemscope itemtype=\"http:\/\/schema.org\/PostalAddress\"><item itemprop=\"streetAddress\">Arenaslingan 14 (Entrance V), 121 77 Johanneshov<\/item><\/span><\/div><div itemprop=\"organizer\" itemscope=\"\" itemtype=\"http:\/\/schema.org\/Organization\"><meta itemprop=\"name\" content=\"Snowflake\">\n\t\t\t\t    \t<meta itemprop=\"url\" content=\"https:\/\/www.snowflake.com\"><\/div><div itemprop=\"performer\" itemscope=\"\" itemtype=\"http:\/\/schema.org\/Person\"><meta itemprop=\"name\" content=\"Snowflake\"><\/div><script type=\"application\/ld+json\">{\"@context\": \"http:\/\/schema.org\",\"@type\": \"Event\",\n\t\t\t\t\"@id\": \"event_28422_0\",\n\t\t\t\t\"eventAttendanceMode\":\"https:\/\/schema.org\/OfflineEventAttendanceMode\",\n\t\t\t\t\"eventStatus\":\"https:\/\/schema.org\/EventScheduled\",\n\t\t\t\t\"name\": \"Snowflake World Tour Stockholm\",\n\t\t\t\t\"url\": \"https:\/\/itbranschen.com\/de\/events\/snowflake-world-tour-stockholm\/\",\n\t\t\t\t\"startDate\": \"2026-9-23T08:00+2:00\",\n\t\t\t\t\"endDate\": \"2026-9-23T17:00+2:00\",\n\t\t\t\t\"image\":\"https:\/\/itbranschen.com\/wp-content\/uploads\/2026\/07\/Snowflake-World-Tour-Stockholm-1.jpg\", \n\t\t\t\t\"description\":\"<p><\/p> <p class=\"wp-block-paragraph\"><strong>Snowflake World Tour Stockholm \u00e4r en heldagskonferens med fokus p\u00e5 data, <a href='https:\/\/itbranschen.com\/category\/artificiell-intelligens\/'>artificiell intelligens<\/a>, analys och molninnovation. Evenemanget samlar beslutsfattare, IT-ledare, utvecklare, dataingenj\u00f6rer, arkitekter och <a href='https:\/\/itbranschen.com\/category\/artificiell-intelligens\/'>AI<\/a>-experter f\u00f6r att utforska hur organisationer kan accelerera sin digitala transformation med Snowflake <a href='https:\/\/itbranschen.com\/category\/artificiell-intelligens\/'>AI<\/a> Data <a href='https:\/\/itbranschen.com\/category\/moln-data\/'>Cloud<\/a>.<\/strong><\/p> <p><\/p> <p><\/p> <p class=\"wp-block-paragraph\">Programmet inneh\u00e5ller keynote-presentationer fr\u00e5n Snowflakes experter och kunder, tekniska breakout-sessioner, livedemonstrationer, kundcase och m\u00f6jligheter att n\u00e4tverka med teknikpartners och branschkollegor. Deltagarna f\u00e5r praktiska insikter inom artificiell intelligens, data engineering, datastyrning, <a href='https:\/\/itbranschen.com\/category\/cybersakerhet\/'>cybers\u00e4kerhet<\/a>, avancerad analys och moderna molnplattformar.<\/p> <p><\/p> <p><\/p> <p class=\"wp-block-paragraph\"><strong>H\u00f6jdpunkter<\/strong><\/p> <p><\/p> <p><\/p> <p class=\"wp-block-paragraph\">\u2022 Keynote-presentationer fr\u00e5n Snowflake och ledande kunder<br \/>\u2022 Sessioner om AI, Data <a href='https:\/\/itbranschen.com\/category\/moln-data\/'>Cloud<\/a>, dataanalys och data engineering<br \/>\u2022 Tekniska f\u00f6rdjupningar och produktdemonstrationer<br \/>\u2022 Kundcase och b\u00e4sta praxis fr\u00e5n ledande organisationer<br \/>\u2022 Partnerutst\u00e4llning och n\u00e4tverksm\u00f6jligheter<br \/>\u2022 Frukost, lunch och fika ing\u00e5r<\/p> <p><\/p> <p><\/p> <p class=\"wp-block-paragraph\"><strong>Evenemangsinformation<\/strong><\/p> <p><\/p> <p><\/p> <p class=\"wp-block-paragraph\">Datum: 23 september 2026<br \/>Tid: 08.00\u201318.30<br \/>Plats: 3Arena, Arenaslingan 14 (Entr\u00e9 V), 121 77 Johanneshov, Stockholm<\/p> <p><\/p> <p><\/p> <p class=\"wp-block-paragraph\"><strong>Mer information: <a href='https:\/\/www.snowflake.com\/en\/world-tour\/stockholm\/' target='_blank' rel='noreferrer noopener'>https:\/\/www.snowflake.com\/en\/world-tour\/stockholm\/<\/a><\/strong><\/p> <p><\/p> <p><\/p> <p class=\"wp-block-paragraph\"><\/p> \",\"location\":[{\"@type\":\"Place\",\"name\":\"3Arena\",\"address\":{\"@type\": \"PostalAddress\",\"streetAddress\":\"Arenaslingan 14 (Entrance V), 121 77 Johanneshov\"}}],\"organizer\":[{\"@type\":\"Organization\",\"name\":\"Snowflake\",\"url\":\"https:\/\/www.snowflake.com\"}],\"performer\":[{\"@type\":\"Person\",\"name\":\"Snowflake\"}]}<\/script><\/div>\n\t\t\t\t<p class=\"desc_trig_outter\" style=\"\"><a data-gmtrig=\"1\" data-exlk=\"0\" style=\"background-color: #37a1df;\" id=\"evc_179014320028422\" href=\"#\" class=\"desc_trig featured_event 1 sin_val evcal_list_a\" data-ux_val=\"3\" data-ux_val_mob=\"-\"  ><span class='evoet_in'><span class='evoet_c2 evoet_cx '><span class='evoet_dayblock evcal_cblock ' data-bgcolor='#37a1df' data-smon='september' data-syr='2026' data-bub=''><span class='evo_start  evofxdrc'><em class='date'>23<\/em><em class='month'>sep<\/em><em class='time'>8:00 fm<\/em><\/span><span class='evo_end only_time evofxdrc'><em class='time'>5:00 em<\/em><\/span><\/span><\/span><span class='evoet_c3 evoet_cx evcal_desc hide_eventtopdata '><span class='evoet_title evcal_desc2 evcal_event_title ' itemprop='name'>Snowflake World Tour Stockholm<\/span><span class='event_location_attrs evodni'  data-location_address=\"Arenaslingan 14 (Entrance V), 121 77 Johanneshov\" data-location_type=\"lonlat\" data-location_name=\"3Arena\" data-location_url=\"https:\/\/itbranschen.com\/de\/event-location\/3arena\/\" data-location_status=\"true\" data-locid=\"7475\" data-latlng=\"59.2906826,18.0850268\"><\/span><span class='evoet_cy evoet_subtitle evo_below_title' ><span class='evcal_event_subtitle ' >Att g\u00f6ra AI verklighet f\u00f6r f\u00f6retag<\/span><\/span><\/span><\/span><span class='evoet_data' style='display:none' data-d=\"{&quot;loc.n&quot;:&quot;3Arena&quot;,&quot;orgs&quot;:{&quot;7474&quot;:&quot;Snowflake&quot;},&quot;tags&quot;:{&quot;featured&quot;:&quot;Utvalt&quot;}}\" data-bgc=\"#37a1df\" data-bggrad=\"\" ><\/span><\/a><\/p><div class='event_description evcal_eventcard ' style=\"display:none\"><div class='evocard_row'><div id='event_ftimage' class='evocard_box ftimage' data-c='' \n\t\t\t\t\tstyle=''><div class='evocard_main_image_hold' data-t='L\u00e4ser in bild..'><div class='evocard_main_image evo_img_triglb evocd_img_full evobr15 evobgsc evobgpc evodfx evofx_jc_c evofx_ai_c evofz48 full' style='height:400px; background-image:url();' data-f=\"https:\/\/itbranschen.com\/wp-content\/uploads\/2026\/07\/Snowflake-World-Tour-Stockholm-1.jpg\" data-h=\"675\" data-w=\"1200\" data-ratio=\"0.5625\" data-event_id=\"28422\" data-ri=\"0\"  data-t='L\u00e4ser in bild..'><span style='height:400px; background-image:url(https:\/\/itbranschen.com\/wp-content\/uploads\/2026\/07\/Snowflake-World-Tour-Stockholm-1.jpg)'><\/span><\/div><\/div><\/div><\/div><!-- row close --><div class='evocard_row'><div id='event_eventdetails' class='evocard_box eventdetails' data-c='' \n\t\t\t\t\tstyle=''><div class=\"evo_metarow_details evorow evcal_evdata_row evcal_event_details\">\n    <div class=\"event_excerpt\" style=\"display:none\"><h3 class=\"padb5 evo_h3\">Evenemangsdetaljer<\/h3><p>Snowflake World Tour Stockholm \u00e4r en heldagskonferens med fokus p\u00e5 data, artificiell intelligens, analys och molninnovation. Evenemanget samlar beslutsfattare, IT-ledare, utvecklare, dataingenj\u00f6rer, arkitekter och AI-experter f\u00f6r<\/p><\/div><span class='evcal_evdata_icons'><i class='fa fa-align-justify'><\/i><\/span>    <div class=\"evcal_evdata_cell \">\n        <div class=\"eventon_full_description\">\n            <h3 class=\"padb5 evo_h3\"><span class='evcal_evdata_icons'><i class='fa fa-align-justify'><\/i><\/span>Evenemangsdetaljer<\/h3>\n            <div class=\"eventon_desc_in\" itemprop=\"description\">\n                <p><\/p>\n<p class=\"wp-block-paragraph\"><strong>Snowflake World Tour Stockholm \u00e4r en heldagskonferens med fokus p\u00e5 data, <a href=\"https:\/\/itbranschen.com\/category\/artificiell-intelligens\/\">artificiell intelligens<\/a>, analys och molninnovation. Evenemanget samlar beslutsfattare, IT-ledare, utvecklare, dataingenj\u00f6rer, arkitekter och <a href=\"https:\/\/itbranschen.com\/category\/artificiell-intelligens\/\">AI<\/a>-experter f\u00f6r att utforska hur organisationer kan accelerera sin digitala transformation med Snowflake <a href=\"https:\/\/itbranschen.com\/category\/artificiell-intelligens\/\">AI<\/a> Data <a href=\"https:\/\/itbranschen.com\/category\/moln-data\/\">Cloud<\/a>.<\/strong><\/p>\n<p><\/p>\n<p><\/p>\n<p class=\"wp-block-paragraph\">Programmet inneh\u00e5ller keynote-presentationer fr\u00e5n Snowflakes experter och kunder, tekniska breakout-sessioner, livedemonstrationer, kundcase och m\u00f6jligheter att n\u00e4tverka med teknikpartners och branschkollegor. Deltagarna f\u00e5r praktiska insikter inom artificiell intelligens, data engineering, datastyrning, <a href=\"https:\/\/itbranschen.com\/category\/cybersakerhet\/\">cybers\u00e4kerhet<\/a>, avancerad analys och moderna molnplattformar.<\/p>\n<p><\/p>\n<p><\/p>\n<p class=\"wp-block-paragraph\"><strong>H\u00f6jdpunkter<\/strong><\/p>\n<p><\/p>\n<p><\/p>\n<p class=\"wp-block-paragraph\">\u2022 Keynote-presentationer fr\u00e5n Snowflake och ledande kunder<br \/>\u2022 Sessioner om AI, Data <a href=\"https:\/\/itbranschen.com\/category\/moln-data\/\">Cloud<\/a>, dataanalys och data engineering<br \/>\u2022 Tekniska f\u00f6rdjupningar och produktdemonstrationer<br \/>\u2022 Kundcase och b\u00e4sta praxis fr\u00e5n ledande organisationer<br \/>\u2022 Partnerutst\u00e4llning och n\u00e4tverksm\u00f6jligheter<br \/>\u2022 Frukost, lunch och fika ing\u00e5r<\/p>\n<p><\/p>\n<p><\/p>\n<p class=\"wp-block-paragraph\"><strong>Evenemangsinformation<\/strong><\/p>\n<p><\/p>\n<p><\/p>\n<p class=\"wp-block-paragraph\">Datum: 23 september 2026<br \/>Tid: 08.00\u201318.30<br \/>Plats: 3Arena, Arenaslingan 14 (Entr\u00e9 V), 121 77 Johanneshov, Stockholm<\/p>\n<p><\/p>\n<p><\/p>\n<p class=\"wp-block-paragraph\"><strong>Mer information: <a href=\"https:\/\/www.snowflake.com\/en\/world-tour\/stockholm\/\" target=\"_blank\" rel=\"noreferrer noopener\">https:\/\/www.snowflake.com\/en\/world-tour\/stockholm\/<\/a><\/strong><\/p>\n<p><\/p>\n<p><\/p>\n<p class=\"wp-block-paragraph\"><\/p>\n            <\/div>\n            <div class='clear'><\/div>        <\/div>\n    <\/div>\n<\/div><\/div><\/div><!-- row close --><div class='evocard_row'><div id='event_health' class='evocard_box health' data-c='' \n\t\t\t\t\tstyle=''><div class='evo_metarow_health evorow evcal_evdata_row'>\n\t<span class='evcal_evdata_icons'><i class='fa fa-heartbeat'><\/i><\/span>\n\t<div class='evcal_evdata_cell'>\n\t\t<h3 class='evo_h3'>H\u00e4lsoriktlinjer f\u00f6r det h\u00e4r evenemanget<\/h3>\n\t\t<div class='evcal_cell'>\n\t\t\t<div class='evo_card_health_boxes'>\n\t\t\t<div class='evo_health_b_o'><div class='evo_health_b'><svg class='evo_svg_icon' enable-background='new 0 0 20 20' height='20' viewBox='0 0 512 512' width='20' xmlns='http:\/\/www.w3.org\/2000\/svg'><path d=\"m291.638 213.197c-2.93-2.929-7.678-2.929-10.607 0s-2.929 7.678 0 10.606l9.697 9.697h-69.454l9.697-9.697c2.929-2.929 2.929-7.678 0-10.606-2.93-2.929-7.678-2.929-10.607 0l-22.5 22.5c-2.929 2.929-2.929 7.678 0 10.606l22.5 22.5c1.465 1.464 3.385 2.197 5.304 2.197s3.839-.732 5.304-2.197c2.929-2.929 2.929-7.678 0-10.606l-9.697-9.697h69.454l-9.697 9.697c-2.929 2.929-2.929 7.678 0 10.606 1.465 1.464 3.385 2.197 5.304 2.197s3.839-.732 5.304-2.197l22.5-22.5c2.929-2.929 2.929-7.678 0-10.606z\"\/><path d=\"m143.167 150.5h-105.667c-20.678 0-37.5 16.822-37.5 37.5 0 4.142 3.357 7.5 7.5 7.5s7.5-3.358 7.5-7.5c0-12.407 10.094-22.5 22.5-22.5h105.667c12.406 0 22.5 10.093 22.5 22.5l-.001 121.5c0 3.991-3.225 7-7.5 7s-7.5-3.009-7.5-7v-121c0-4.142-3.357-7.5-7.5-7.5s-7.5 3.358-7.5 7.5v267.083c0 5.917-5.228 10.917-11.416 10.917-6.295 0-11.417-5.122-11.417-11.417v-146.083c0-4.142-3.357-7.5-7.5-7.5h-30c-4.143 0-7.5 3.358-7.5 7.5v146.083c0 6.295-5.121 11.417-11.416 11.417-6.188 0-11.417-4.999-11.417-10.917v-267.083c0-4.142-3.357-7.5-7.5-7.5s-7.5 3.358-7.5 7.5v120.5c0 4.136-3.364 7.5-7.5 7.5s-7.5-3.364-7.5-7.5v-91c0-4.142-3.357-7.5-7.5-7.5s-7.5 3.358-7.5 7.5v91c0 12.407 10.094 22.5 22.5 22.5 2.629 0 5.153-.458 7.5-1.29v125.374c0 14.291 11.851 25.917 26.417 25.917 14.565 0 26.416-11.851 26.416-26.417v-138.584h15v138.583c0 14.566 11.851 26.417 26.417 26.417 14.565 0 26.416-11.626 26.416-25.917v-125.296c2.337.784 4.857 1.213 7.5 1.213 12.617 0 22.5-9.664 22.5-22l.001-121.5c0-20.678-16.822-37.5-37.5-37.5z\"\/><path d=\"m90.005 135.5c28.948 0 52.5-23.551 52.5-52.5s-23.552-52.5-52.5-52.5-52.5 23.551-52.5 52.5 23.552 52.5 52.5 52.5zm0-90c20.678 0 37.5 16.822 37.5 37.5s-16.822 37.5-37.5 37.5-37.5-16.822-37.5-37.5 16.822-37.5 37.5-37.5z\"\/><path d=\"m474.5 150.5h-105.666c-20.678 0-37.5 16.822-37.5 37.5l-.001 121c0 12.407 10.094 22.5 22.5 22.5 2.629 0 5.153-.458 7.5-1.29v125.374c0 14.291 11.851 25.917 26.416 25.917 14.566 0 26.417-11.851 26.417-26.417v-138.584h15l.001 138.583c0 14.566 11.851 26.417 26.416 26.417 14.566 0 26.417-11.626 26.417-25.917v-125.296c2.337.784 4.858 1.213 7.5 1.213 12.617 0 22.5-9.664 22.5-22v-121.5c0-20.678-16.822-37.5-37.5-37.5zm22.5 159c0 3.991-3.225 7-7.5 7s-7.5-3.009-7.5-7c0-.011-.001-121-.001-121 0-4.142-3.357-7.5-7.5-7.5s-7.5 3.358-7.5 7.5l.001 267.083c0 5.917-5.229 10.917-11.417 10.917-6.295 0-11.416-5.122-11.416-11.417l-.001-146.083c0-4.142-3.357-7.5-7.5-7.5h-30c-1.989 0-3.896.79-5.304 2.197-1.406 1.406-2.196 3.314-2.196 5.303l.001 146.083c0 6.295-5.122 11.417-11.417 11.417-6.188 0-11.416-4.999-11.416-10.917l-.001-267.083c0-4.142-3.357-7.5-7.5-7.5s-7.5 3.358-7.5 7.5v120.491c0 4.144-3.365 7.509-7.5 7.509s-7.5-3.364-7.5-7.5l.001-121c0-12.407 10.094-22.5 22.5-22.5h105.666c12.406 0 22.5 10.093 22.5 22.5z\"\/><path d=\"m421.338 135.5c28.948 0 52.5-23.551 52.5-52.5s-23.552-52.5-52.5-52.5-52.5 23.551-52.5 52.5 23.552 52.5 52.5 52.5zm0-90c20.678 0 37.5 16.822 37.5 37.5s-16.822 37.5-37.5 37.5-37.5-16.822-37.5-37.5 16.822-37.5 37.5-37.5z\"\/><\/svg><span>Fysiskt avst\u00e5nd uppr\u00e4tth\u00e5lls<\/span>\n\t\t\t\t<\/div><\/div>\n\t\t\t<\/div>\n\n\t\t\t\t\t\t\t\n\n\t\t<\/div>\n\t<\/div>\n<\/div>\n<\/div><\/div><!-- row close --><div class='evocard_row bx2 bx'><div id='event_time' class='evocard_box time' data-c='' \n\t\t\t\t\tstyle=''><div class='evo_metarow_time evorow evcal_evdata_row evcal_evrow_sm '>\n\t\t<span class='evcal_evdata_icons'><i class='fa fa-clock'><\/i><\/span>\n\t\t<div class='evcal_evdata_cell'>\t\t\t\t\t\t\t\n\t\t\t<h3 class='evo_h3'><span class='evcal_evdata_icons'><i class='fa fa-clock'><\/i><\/span>Tid<\/h3><div><span class='evo_eventcard_time_t evogap5 evofxww'><span class=\"start\">september 23, 2026<\/span> <span class=\"stime\">8:00 fm<\/span> - <span class=\"etime\">5:00 em<\/span><\/span><span class='evo_tz marr5'>(GMT+02:00)<\/span><\/div>\n\t\t<\/div>\n\t<\/div><\/div><div id='event_location' class='evocard_box location' data-c='' \n\t\t\t\t\tstyle=''><div class='evcal_evdata_row evo_metarow_time_location evorow '>\n\t\t\n\t\t\t<span class='evcal_evdata_icons'><i class='fa fa-map-marker'><\/i><\/span>\n\t\t\t<div class='evcal_evdata_cell' data-loc_tax_id='7475'><h3 class='evo_h3 evodfx'><span class='evcal_evdata_icons'><i class='fa fa-map-marker'><\/i><\/span>Plats<\/h3><p class='evo_location_name evofwb evofz16i'>3Arena<\/p><p class='evo_location_address evodfxi evofxaic evogap10'>Arenaslingan 14 (Entrance V), 121 77 Johanneshov<button class='evo_copy_address evobuttonA evocurp evohoop7 evopad5' style='' data-txt='Arenaslingan 14 (Entrance V), 121 77 Johanneshov' data-t='Adressen har kopierats till urklipp!'><i class='far fa-copy evofz16i' title='Kopiera destinationsadress!' aria-label='Kopiera destinationsadress!'><\/i><\/button><\/p><div class='evo_event_loc_contacts evopadt5'>\n\t\t\t\t\t\t<p class='evo_location_contact'><a href='mailto:info@stockholmlive.com'>info@stockholmlive.com<\/a><\/p><\/div><div class='evodfx evofxdrr evogap10 evofxaic evomart20i'><div class=''><button class='evosp_trigger evobrn evoboxsn evobgclg20 evoff_2 evodfx evofxdrr evogap5 evofxaic evocurp evofwb evoHKx2 evoHbgclg30 evopad5-10i evobr10 evocl1i evofz14i' data-lbvals=\"{&quot;lbdata&quot;:{&quot;class&quot;:&quot;evo_location_lb_7475&quot;,&quot;additional_class&quot;:&quot;lb_max&quot;,&quot;title&quot;:&quot;3Arena&quot;},&quot;adata&quot;:{&quot;a&quot;:&quot;eventon_get_tax_card_content&quot;,&quot;end&quot;:&quot;client&quot;,&quot;data&quot;:{&quot;lang&quot;:&quot;L1&quot;,&quot;term_id&quot;:7475,&quot;tax&quot;:&quot;event_location&quot;,&quot;load_lbcontent&quot;:true}},&quot;uid&quot;:&quot;eventon_get_tax_card_content&quot;}\" data-d=\"{&quot;sp_id&quot;:&quot;evo_location_7475&quot;,&quot;adata&quot;:{&quot;a&quot;:&quot;eventon_get_tax_card_content&quot;,&quot;data&quot;:{&quot;eventid&quot;:28422,&quot;ri&quot;:0,&quot;term_id&quot;:7475,&quot;tax&quot;:&quot;event_location&quot;,&quot;load_lbcontent&quot;:true,&quot;lang&quot;:&quot;L1&quot;}},&quot;size&quot;:&quot;lar&quot;,&quot;fresh_content&quot;:true}\" >Andra evenemang<i class='fa fa-chevron-right evofz12i evokid evotrans' aria-hidden='true' style='margin-top:2px;'><\/i><\/button><\/div><\/div><\/div>\n\t\t\n\t<\/div><\/div><\/div><!-- row close --><div class='evocard_row bx2 bx'><div id='event_learnmore' class='evocard_box learnmore' data-c='' \n\t\t\t\t\tstyle=''><div class='evo_metarow_learnM evo_metarow_learnmore evorow'>\n\t\t\t\t\t\t\t<a class=\"evcal_evdata_row evo_clik_row \" href=\"https:\/\/www.snowflake.com\/en\/world-tour\/stockholm\/?utm_campaign=em--en-all-cus-no-ind-all&amp;utm_source=snowflake&amp;utm_medium=email&amp;utm_content=evp&amp;utm_cta=no-ind-cus-evp-html-event-promo-swtfy27-promo1-dm&amp;mkt_tok=MjUyLVJGTy0yMjcAAAGibm42EX9RQUEqnF4QRaa_8BOQeRCA5WTpC2H1v-ScvGVpD5e02FzJb9nEGD-5eIzenOIRVTTyP8kI5aB3JTjmg0gJ1MqTL8L0dZBCWR1R1tBYtqoEDA\" target=\"_blank\" rel=\"noopener\">\n\t\t\t\t\t\t\t\t<span class='evcal_evdata_icons'><i class='fa fa-link'><\/i><\/span>\n\t\t\t\t\t\t\t\t<h3 class='evo_h3'>\"L\u00e4s mer<\/h3>\n\t\t\t\t\t\t\t<\/a>\n\t\t\t\t\t\t\t<\/div><\/div><div id='event_addtocal' class='evocard_box addtocal' data-c='' \n\t\t\t\t\tstyle=''><div class='evo_metarow_ICS evorow evcal_evdata_row'>\n\t\t\t<span class='evcal_evdata_icons'><i class='fa fa-calendar-o'><\/i><\/span>\n\t\t\t<div class='evcal_evdata_cell'>\n\t\t\t\t<p><a href=\"https:\/\/itbranschen.com\/de\/export-events\/28422_0\/?key=f5ade1463c\" rel=\"nofollow\" class=\"evo_ics_nCal\" title=\"L\u00e4gg till i din kalender\">Kalender<\/a><a href=\"https:\/\/www.google.com\/calendar\/event?action=TEMPLATE&amp;text=Snowflake%20World%20Tour%20Stockholm&amp;dates=20260923T060000Z\/20260923T150000Z&amp;ctz=Europe%2FStockholm&amp;details=Snowflake%20World%20Tour%20Stockholm&amp;location=3Arena%20Arenaslingan%2014%20%28Entrance%20V%29%2C%20121%2077%20Johanneshov\" target=\"_blank\" rel=\"nofollow noopener\" class=\"evo_ics_gCal\" title=\"L\u00e4gg till i Google Kalender\">GoogleCal<\/a><\/p>\t\n\t\t\t<\/div>\n\t\t<\/div><\/div><\/div><!-- row close --><div class='evocard_row'><div id='event_organizer' class='evocard_box organizer' data-c='' \n\t\t\t\t\tstyle=''><div class='evo_metarow_organizer evorow evcal_evdata_row evcal_evrow_sm '>\n\t\t<span class='evcal_evdata_icons'><i class='fa fa-microphone'><\/i><\/span>\n\t\t<div class='evcal_evdata_cell'>\t\t\t\t\t\t\t\n\t\t\t<h3 class='evo_h3'>Arrang\u00f6r<\/h3><div class='evo_evdata_cell_content evodfx evofxww evofxdrr evogap30'><div class='evo_card_organizer evofx_1 evodfx evofxdrr evogap15'><p class='evo_data_val evo_card_organizer_image'>\n\t\t\t<img decoding=\"async\" class=\"evosp_trigger evo_curp evo_transit_all evo_trans_sc1_03 evo_boxsh_1\" data-d=\"{&quot;sp_id&quot;:&quot;evo_organizer_7474&quot;,&quot;adata&quot;:{&quot;a&quot;:&quot;eventon_get_tax_card_content&quot;,&quot;data&quot;:{&quot;eventid&quot;:28422,&quot;ri&quot;:0,&quot;term_id&quot;:7474,&quot;tax&quot;:&quot;event_organizer&quot;,&quot;load_lbcontent&quot;:true,&quot;lang&quot;:&quot;L1&quot;}},&quot;size&quot;:&quot;lar&quot;,&quot;fresh_content&quot;:true}\" src=\"https:\/\/itbranschen.com\/wp-content\/uploads\/2026\/07\/Snowflake-logo-300x300.png\" alt=\"Snowflake logotyp, global leverant\u00f6r av AI Data Cloud, dataplattformar och molnbaserad dataanalys.\" title=\"| IT-Branschen\"><\/p><div class='evodfx evofxdrc evofxjcfs'><h4 class='evo_org_name evo_h4 marb5 evottui evocl1i evopadb10i'><span class='evo_card_organizer_name_t marb5'><a target=\"_blank\" href=\"https:\/\/www.snowflake.com\" class=\"evocl1i\" rel=\"noopener\">Snowflake<\/a><\/span><\/h4><div class='evo_org_details'>Global ledare inom AI Data Cloud, molndataplattformar och analys som hj\u00e4lper organisationer att omvandla data till aff\u00e4rsv\u00e4rde.<button class='evo_organizer_more_trig evonobtn2 evobutton evoff_2 evobgclg30 evoHbgclg50 evoop7 evohoop10 evotrans evobr5 evomarl5 evofz12' style='    padding: 2px 5px;font-size: 11px;'>L\u00e4s mer.<\/button><\/div><div class='evo_org_details_full evodni'>Snowflake \u00e4r ett globalt mjukvaruf\u00f6retag och en ledande leverant\u00f6r av en molnbaserad AI Data Cloud-plattform som hj\u00e4lper organisationer att samla, hantera, analysera och dela data i stor skala. F\u00f6retaget g\u00f6r det m\u00f6jligt f\u00f6r verksamheter att bygga moderna dataplattformar, utveckla AI- och maskininl\u00e4rningsl\u00f6sningar samt skapa datadrivna applikationer utan att beh\u00f6va hantera den underliggande infrastrukturen. Plattformen fungerar s\u00f6ml\u00f6st \u00f6ver Amazon Web Services (AWS), Microsoft Azure och Google Cloud Platform, vilket ger kunder flexibilitet att arbeta i flera molnmilj\u00f6er samtidigt.\r\n\r\nSnowflakes AI Data Cloud f\u00f6renar data engineering, data warehousing, data lakes, analys, datadelning, applikationsutveckling och generativ AI i en gemensam plattform. Genom inbyggda funktioner f\u00f6r s\u00e4kerhet, datastyrning och samarbete kan organisationer dela och anv\u00e4nda data p\u00e5 ett kontrollerat s\u00e4tt, b\u00e5de internt och med externa partners. Plattformen anv\u00e4nds av f\u00f6retag inom bland annat finans, offentlig sektor, tillverkning, detaljhandel, h\u00e4lso- och sjukv\u00e5rd samt telekom f\u00f6r att accelerera innovation och fatta b\u00e4ttre aff\u00e4rsbeslut.\r\n\r\nSnowflake grundades 2012 och har sitt huvudkontor i Bozeman, Montana, USA. F\u00f6retaget har \u00f6ver 12 000 kunder v\u00e4rlden \u00f6ver och mer \u00e4n 10 000 medarbetare f\u00f6rdelade p\u00e5 \u00f6ver 40 kontor globalt. Snowflakes vision \u00e4r att skapa en v\u00e4rld d\u00e4r data och artificiell intelligens omvandlar m\u00f6jligheter till verklighet genom att ge organisationer en s\u00e4ker, skalbar och enhetlig plattform f\u00f6r framtidens datadrivna innovation<\/div><p class='evo_card_organizer_more'><a class=' evosp_trigger mart10 evodifx evofxdrr evogap5 evofxaic evocurp evofwb evoHKx2 evobgclg20 evoHbgclg40 evopad5-10i evobr10 evocl1i evofz14i' data-d=\"{&quot;sp_id&quot;:&quot;evo_organizer_7474&quot;,&quot;adata&quot;:{&quot;a&quot;:&quot;eventon_get_tax_card_content&quot;,&quot;data&quot;:{&quot;eventid&quot;:28422,&quot;ri&quot;:0,&quot;term_id&quot;:7474,&quot;tax&quot;:&quot;event_organizer&quot;,&quot;load_lbcontent&quot;:true,&quot;lang&quot;:&quot;L1&quot;}},&quot;size&quot;:&quot;lar&quot;,&quot;fresh_content&quot;:true}\" >L\u00e4s mer<i class='fa fa-chevron-right evofz12i evokid evotrans' aria-hidden='true' style='margin-top:2px;'><\/i><\/a><\/p><\/div><\/div><!-- evo_card_organizer--><\/div><\/div>\t<\/div><\/div><\/div><!-- row close --><div class='evocard_row'><div id='event_gmap' class='evocard_box gmap' data-c='' \n\t\t\t\t\tstyle=''><div class='evo_map evoposr evoh100p'><div class='evo_metarow_gmap evcal_evdata_row evorow evcal_gmaps evc17901432006a96d0d6f0bf628422_gmap place' id='evc17901432006a96d0d6f0bf628422_gmap' style='max-width:none' data-name=\"3Arena\" data-address=\"Arenaslingan 14 (Entrance V), 121 77 Johanneshov\" data-latlng=\"59.2906826,18.0850268\" data-location_type=\"place\" data-scroll=\"yes\" data-mty=\"roadmap\" data-zoom=\"14\" data-mapIcon=\"\" data-delay=\"400\" data-map_canvas_id=\"evc17901432006a96d0d6f0bf628422_gmap\" >\n\t\t<span class='evo_map_load_out evoposr evodb evobr15'>\n\t\t<i class='fa fa-location-dot evoposa'><\/i><span class='evo_map_load evoposr evodb'>\t\t\t\t\t\n\t\t\t\t\t<i class='a'><\/i>\n\t\t\t\t\t<i class='b'><\/i>\n\t\t\t\t\t<i class='c'><\/i>\n\t\t\t\t\t<i class='d'><\/i>\n\t\t\t\t\t<i class='e'><\/i>\n\t\t\t\t\t<i class='f'><\/i>\n\t\t\t\t<\/span><\/span>\n\t<\/div><div class='evo_gmap_bottom evoposa evobot0'><\/div><\/div><\/div><\/div><!-- row close --><div class='evocard_row'><div id='event_getdirection' class='evocard_box getdirection' data-c='' \n\t\t\t\t\tstyle=''><div class='evo_metarow_getDr evorow evcal_evdata_row evcal_evrow_sm getdirections'>\n\t\t<form action='https:\/\/maps.google.com\/maps' method='get' target='_blank'>\n\t\t\t<input type='hidden' name='daddr' value=\"59.2906826,18.0850268\"\/> \n\t\t\t<div class='evo_get_direction_content evofxdrr evofxww evogap10'>\n\t\t\t\t<span class='evogetdir_header evodfx evofxdrr evofxaic evogap10'>\n\t\t\t\t\t<i class='mainicon fa fa-route evofz24i' aria-hidden='true'><\/i> \n\t\t\t\t\t<h3 class='evo_h3 evopad0i' style='padding-bottom:5px;'>F\u00e5 v\u00e4gbeskrivning<\/h3>\n\t\t\t\t<\/span>\t\t\t\t<p class=''>How do you plan to get there?<\/p>\n\t\t\t\t<div class='evodfx evofxdrr evofxaic evogap5'>\n\t\t\t\t\t\t\t\t\t\t\t<a href=\"https:\/\/www.google.com\/maps\/dir\/?api=1&amp;origin=Current+Location&amp;destination=59.2906826%2C18.0850268&amp;travelmode=best\" target=\"_blank\" rel=\"noreferrer noopener\" aria-label=\"Best Route\" class=\"evodfx evofxdrr evogap5 evofxaic evocurp evohoop7o evofwb evoHKx2 evoHbgclg20 evopad10i evobr10 evocl1i evofz14i evonobtn\"><i class='fa fa-diamond-turn-right evotooltipfree' title='Best Route'><\/i><\/a>\t\t\t\t\t\t<a href=\"https:\/\/www.google.com\/maps\/dir\/?api=1&amp;origin=Current+Location&amp;destination=59.2906826%2C18.0850268&amp;travelmode=driving\" target=\"_blank\" rel=\"noreferrer noopener\" aria-label=\"Driving\" class=\"evodfx evofxdrr evogap5 evofxaic evocurp evohoop7o evofwb evoHKx2 evoHbgclg20 evopad10i evobr10 evocl1i evofz14i evonobtn\"><i class='fa fa-car evotooltipfree' title='Driving'><\/i><\/a>\t\t\t\t\t\t<a href=\"https:\/\/www.google.com\/maps\/dir\/?api=1&amp;origin=Current+Location&amp;destination=59.2906826%2C18.0850268&amp;travelmode=transit\" target=\"_blank\" rel=\"noreferrer noopener\" aria-label=\"Transit\" class=\"evodfx evofxdrr evogap5 evofxaic evocurp evohoop7o evofwb evoHKx2 evoHbgclg20 evopad10i evobr10 evocl1i evofz14i evonobtn\"><i class='fa fa-bus evotooltipfree' title='Transit'><\/i><\/a>\t\t\t\t\t\t<a href=\"https:\/\/www.google.com\/maps\/dir\/?api=1&amp;origin=Current+Location&amp;destination=59.2906826%2C18.0850268&amp;travelmode=walking\" target=\"_blank\" rel=\"noreferrer noopener\" aria-label=\"Walking\" class=\"evodfx evofxdrr evogap5 evofxaic evocurp evohoop7o evofwb evoHKx2 evoHbgclg20 evopad10i evobr10 evocl1i evofz14i evonobtn\"><i class='fa fa-person-walking evotooltipfree' title='Walking'><\/i><\/a>\t\t\t\t\t\t<a href=\"https:\/\/www.google.com\/maps\/dir\/?api=1&amp;origin=Current+Location&amp;destination=59.2906826%2C18.0850268&amp;travelmode=bicycling\" target=\"_blank\" rel=\"noreferrer noopener\" aria-label=\"Bicycling\" class=\"evodfx evofxdrr evogap5 evofxaic evocurp evohoop7o evofwb evoHKx2 evoHbgclg20 evopad10i evobr10 evocl1i evofz14i evonobtn\"><i class='fa fa-person-biking evotooltipfree' title='Bicycling'><\/i><\/a>\t\n\t\t\t\t<\/div>\n\n\t\t\t\t<\/div>\n\t\t<\/form>\n\t<\/div><\/div><\/div><!-- row close --><button class='evo_card_row_end evcal_close' title='\"St\u00e4ng evenemang'><\/button><\/div><div class='clear end'><\/div><\/div><div id=\"event_29848_0\" class=\"eventon_list_event evo_eventtop scheduled  event clrD event_29848_0\" data-event_id=\"29848\" data-ri=\"0r\" data-time=\"1791439200-1791471600\" data-colr=\"#39398f\" itemscope itemtype='http:\/\/schema.org\/Event'><div class=\"evo_event_schema\" style=\"display:none\" ><a itemprop=\"url\" href=\"https:\/\/itbranschen.com\/de\/events\/cybersecurity-summit-2026\/\"><\/a><meta itemprop='image' content=\"https:\/\/itbranschen.com\/wp-content\/uploads\/2026\/07\/CSS-banner.jpg\" \/><meta itemprop='startDate' content=\"2026-10-8T08:00+2:00\" \/><meta itemprop='endDate' content=\"2026-10-8T17:00+2:00\" \/><meta itemprop='eventStatus' content=\"https:\/\/schema.org\/EventScheduled\" \/><meta itemprop='eventAttendanceMode'   itemscope itemtype=\"https:\/\/schema.org\/MixedEventAttendanceMode\"\/><div style=\"display:none\" itemprop=\"location\" itemscope itemtype=\"http:\/\/schema.org\/Place\"><span itemprop=\"name\">Stockholm Waterfront Congress Centre<\/span><span itemprop=\"address\" itemscope itemtype=\"http:\/\/schema.org\/PostalAddress\"><item itemprop=\"streetAddress\">Nils Ericsons Plan 4<\/item><\/span><\/div><script type=\"application\/ld+json\">{\"@context\": \"http:\/\/schema.org\",\"@type\": \"Event\",\n\t\t\t\t\"@id\": \"event_29848_0\",\n\t\t\t\t\"eventAttendanceMode\":\"https:\/\/schema.org\/MixedEventAttendanceMode\",\n\t\t\t\t\"eventStatus\":\"https:\/\/schema.org\/EventScheduled\",\n\t\t\t\t\"name\": \"Cybersecurity Summit 2026\",\n\t\t\t\t\"url\": \"https:\/\/itbranschen.com\/de\/events\/cybersecurity-summit-2026\/\",\n\t\t\t\t\"startDate\": \"2026-10-8T08:00+2:00\",\n\t\t\t\t\"endDate\": \"2026-10-8T17:00+2:00\",\n\t\t\t\t\"image\":\"https:\/\/itbranschen.com\/wp-content\/uploads\/2026\/07\/CSS-banner.jpg\", \n\t\t\t\t\"description\":\"<p><\/p> <p class=\"wp-block-paragraph\"><strong>Cybersecurity Summit 2026<\/strong> \u00e4r Truesecs \u00e5rliga cybers\u00e4kerhetskonferens som turnerar genom Skandinavien. Under en heldag samlas IT- och s\u00e4kerhetsledare, tekniska experter och beslutsfattare f\u00f6r tekniska djupdykningar, livedemonstrationer och praktiska insikter om dagens och morgondagens hotlandskap.<\/p> <p><\/p> <p><\/p> <p class=\"wp-block-paragraph\">Deltagarna f\u00e5r ta del av offensiva och defensiva sessioner byggda p\u00e5 mer \u00e4n 120 000 timmars verklig incidenthantering, tillsammans med de senaste trenderna inom cyberhot och framv\u00e4xande AI-teknik. Programmet ger konkreta verktyg f\u00f6r att bygga motst\u00e5ndskraft, uppt\u00e4cka intr\u00e5ng snabbare och agera p\u00e5 cyberhot.<\/p> <p><\/p> <p><\/p> <p class=\"wp-block-paragraph\">Konferensen erbjuder ocks\u00e5 stora m\u00f6jligheter till n\u00e4tverkande med \u00f6ver 1 000 cybers\u00e4kerhetsprofessionella och CISO:er fr\u00e5n hela Norden. Summit h\u00e5lls i Ume\u00e5, Stockholm och K\u00f6penhamn samt online.<\/p> <p><\/p> <p><\/p> <p class=\"wp-block-paragraph\"><strong>Tisdag den 6 oktober \u2013 Ume\u00e5<\/strong><\/p> <p><\/p> <p><\/p> <p class=\"wp-block-paragraph\">Clarion Hotel Ume\u00e5<\/p> <p><\/p> <p><\/p> <p class=\"wp-block-paragraph\"><strong>Torsdag den 8 oktober \u2013 Stockholm<\/strong><\/p> <p><\/p> <p><\/p> <p class=\"wp-block-paragraph\">Waterfront, centrala Stockholm<\/p> <p><\/p> <p><\/p> <p class=\"wp-block-paragraph\"><strong>Onsdag den 21 oktober \u2013 K\u00f6penhamn &amp; Online<\/strong><\/p> <p><\/p> <p><\/p> <p class=\"wp-block-paragraph\">Imperial Cinema, K\u00f6penhamn samt live via livestream<\/p> <p><\/p> <p><\/p> <p class=\"wp-block-paragraph\"><strong><a href='https:\/\/www.truesec.com\/cybersecurity-summit'>https:\/\/www.truesec.com\/cybersecurity-summit<\/a><\/strong><\/p> <p><\/p> <p><\/p> <p class=\"wp-block-paragraph\"><\/p> \",\"location\":[{\"@type\":\"Place\",\"name\":\"Stockholm Waterfront Congress Centre\",\"address\":{\"@type\": \"PostalAddress\",\"streetAddress\":\"Nils Ericsons Plan 4\"}}]}<\/script><\/div>\n\t\t\t\t<p class=\"desc_trig_outter\" style=\"\"><a data-gmtrig=\"1\" data-exlk=\"1\"  target=\"_blank\" rel=\"noopener noreferrer\"style=\"background-color: #39398f;\" id=\"evc_179143920029848\" href=\"#\" class=\"desc_trig featured_event 1 sin_val evcal_list_a\" data-ux_val=\"3\" data-ux_val_mob=\"-\"  ><span class='evoet_in'><span class='evoet_c2 evoet_cx '><span class='evoet_dayblock evcal_cblock ' data-bgcolor='#39398f' data-smon='oktober' data-syr='2026' data-bub=''><span class='evo_start  evofxdrc'><em class='date'>08<\/em><em class='month'>okt<\/em><em class='time'>8:00 fm<\/em><\/span><span class='evo_end only_time evofxdrc'><em class='time'>5:00 em<\/em><\/span><\/span><\/span><span class='evoet_c3 evoet_cx evcal_desc hide_eventtopdata '><span class='evoet_title evcal_desc2 evcal_event_title ' itemprop='name'>Cybersecurity Summit 2026<\/span><span class='event_location_attrs evodni'  data-location_address=\"Nils Ericsons Plan 4\" data-location_type=\"lonlat\" data-location_name=\"Stockholm Waterfront Congress Centre\" data-location_url=\"https:\/\/itbranschen.com\/de\/event-location\/stockholm-waterfront-congress-centre\/\" data-location_status=\"true\" data-locid=\"7684\" data-latlng=\"59.3299581,18.0560312\"><\/span><span class='evoet_cy evoet_subtitle evo_below_title' ><span class='evcal_event_subtitle ' >Cybertrender, praktisk kunskap och taktiska insikter \u2013 en heldag f\u00f6r s\u00e4kerhetsproffs<\/span><\/span><\/span><\/span><span class='evoet_data' style='display:none' data-d=\"{&quot;loc.n&quot;:&quot;Stockholm Waterfront Congress Centre&quot;,&quot;orgs&quot;:[],&quot;tags&quot;:{&quot;featured&quot;:&quot;Utvalt&quot;,&quot;vir&quot;:&quot;Virtuellt\\\/fysiskt evenemang&quot;}}\" data-bgc=\"#39398f\" data-bggrad=\"\" ><\/span><\/a><\/p><div class='event_description evcal_eventcard ' style=\"display:none\"><div class='evocard_row'><div id='event_ftimage' class='evocard_box ftimage' data-c='' \n\t\t\t\t\tstyle=''><div class='evocard_main_image_hold' data-t='L\u00e4ser in bild..'><div class='evocard_main_image evo_img_triglb evocd_img_full evobr15 evobgsc evobgpc evodfx evofx_jc_c evofx_ai_c evofz48 full' style='height:400px; background-image:url();' data-f=\"https:\/\/itbranschen.com\/wp-content\/uploads\/2026\/07\/CSS-banner.jpg\" data-h=\"1292\" data-w=\"2500\" data-ratio=\"0.5168\" data-event_id=\"29848\" data-ri=\"0\"  data-t='L\u00e4ser in bild..'><span style='height:400px; background-image:url(https:\/\/itbranschen.com\/wp-content\/uploads\/2026\/07\/CSS-banner.jpg)'><\/span><\/div><\/div><\/div><\/div><!-- row close --><div class='evocard_row'><div id='event_eventdetails' class='evocard_box eventdetails' data-c='' \n\t\t\t\t\tstyle=''><div class=\"evo_metarow_details evorow evcal_evdata_row evcal_event_details\">\n    <div class=\"event_excerpt\" style=\"display:none\"><h3 class=\"padb5 evo_h3\">Evenemangsdetaljer<\/h3><p>Cybersecurity Summit 2026 \u00e4r Truesecs \u00e5rliga cybers\u00e4kerhetskonferens som turnerar genom Skandinavien. Under en heldag samlas IT- och s\u00e4kerhetsledare, tekniska experter och beslutsfattare f\u00f6r tekniska djupdykningar,<\/p><\/div><span class='evcal_evdata_icons'><i class='fa fa-align-justify'><\/i><\/span>    <div class=\"evcal_evdata_cell \">\n        <div class=\"eventon_full_description\">\n            <h3 class=\"padb5 evo_h3\"><span class='evcal_evdata_icons'><i class='fa fa-align-justify'><\/i><\/span>Evenemangsdetaljer<\/h3>\n            <div class=\"eventon_desc_in\" itemprop=\"description\">\n                <p><\/p>\n<p class=\"wp-block-paragraph\"><strong>Cybersecurity Summit 2026<\/strong> \u00e4r Truesecs \u00e5rliga cybers\u00e4kerhetskonferens som turnerar genom Skandinavien. Under en heldag samlas IT- och s\u00e4kerhetsledare, tekniska experter och beslutsfattare f\u00f6r tekniska djupdykningar, livedemonstrationer och praktiska insikter om dagens och morgondagens hotlandskap.<\/p>\n<p><\/p>\n<p><\/p>\n<p class=\"wp-block-paragraph\">Deltagarna f\u00e5r ta del av offensiva och defensiva sessioner byggda p\u00e5 mer \u00e4n 120 000 timmars verklig incidenthantering, tillsammans med de senaste trenderna inom cyberhot och framv\u00e4xande AI-teknik. Programmet ger konkreta verktyg f\u00f6r att bygga motst\u00e5ndskraft, uppt\u00e4cka intr\u00e5ng snabbare och agera p\u00e5 cyberhot.<\/p>\n<p><\/p>\n<p><\/p>\n<p class=\"wp-block-paragraph\">Konferensen erbjuder ocks\u00e5 stora m\u00f6jligheter till n\u00e4tverkande med \u00f6ver 1 000 cybers\u00e4kerhetsprofessionella och CISO:er fr\u00e5n hela Norden. Summit h\u00e5lls i Ume\u00e5, Stockholm och K\u00f6penhamn samt online.<\/p>\n<p><\/p>\n<p><\/p>\n<p class=\"wp-block-paragraph\"><strong>Tisdag den 6 oktober \u2013 Ume\u00e5<\/strong><\/p>\n<p><\/p>\n<p><\/p>\n<p class=\"wp-block-paragraph\">Clarion Hotel Ume\u00e5<\/p>\n<p><\/p>\n<p><\/p>\n<p class=\"wp-block-paragraph\"><strong>Torsdag den 8 oktober \u2013 Stockholm<\/strong><\/p>\n<p><\/p>\n<p><\/p>\n<p class=\"wp-block-paragraph\">Waterfront, centrala Stockholm<\/p>\n<p><\/p>\n<p><\/p>\n<p class=\"wp-block-paragraph\"><strong>Onsdag den 21 oktober \u2013 K\u00f6penhamn &amp; Online<\/strong><\/p>\n<p><\/p>\n<p><\/p>\n<p class=\"wp-block-paragraph\">Imperial Cinema, K\u00f6penhamn samt live via livestream<\/p>\n<p><\/p>\n<p><\/p>\n<p class=\"wp-block-paragraph\"><strong><a href=\"https:\/\/www.truesec.com\/cybersecurity-summit\" target=\"_blank\" rel=\"noopener\">https:\/\/www.truesec.com\/cybersecurity-summit<\/a><\/strong><\/p>\n<p><\/p>\n<p><\/p>\n<p class=\"wp-block-paragraph\"><\/p>\n            <\/div>\n            <div class='clear'><\/div>        <\/div>\n    <\/div>\n<\/div><\/div><\/div><!-- row close --><div class='evocard_row bx2 bx'><div id='event_time' class='evocard_box time' data-c='' \n\t\t\t\t\tstyle=''><div class='evo_metarow_time evorow evcal_evdata_row evcal_evrow_sm '>\n\t\t<span class='evcal_evdata_icons'><i class='fa fa-clock'><\/i><\/span>\n\t\t<div class='evcal_evdata_cell'>\t\t\t\t\t\t\t\n\t\t\t<h3 class='evo_h3'><span class='evcal_evdata_icons'><i class='fa fa-clock'><\/i><\/span>Tid<\/h3><div><span class='evo_eventcard_time_t evogap5 evofxww'><span class=\"start\">oktober 8, 2026<\/span> <span class=\"stime\">8:00 fm<\/span> - <span class=\"etime\">5:00 em<\/span><\/span><span class='evo_tz marr5'>(GMT+02:00)<\/span><\/div>\n\t\t<\/div>\n\t<\/div><\/div><div id='event_location' class='evocard_box location' data-c='' \n\t\t\t\t\tstyle=''><div class='evcal_evdata_row evo_metarow_time_location evorow '>\n\t\t\n\t\t\t<span class='evcal_evdata_icons'><i class='fa fa-map-marker'><\/i><\/span>\n\t\t\t<div class='evcal_evdata_cell' data-loc_tax_id='7684'><h3 class='evo_h3 evodfx'><span class='evcal_evdata_icons'><i class='fa fa-map-marker'><\/i><\/span><a class=\"evo_event_loc_link evocl1i\" target=\"_blank\" href=\"https:\/\/stockholmwaterfront.com\/\" rel=\"noopener\">Plats<\/a><\/h3><p class='evo_location_name evofwb evofz16i'><a class=\"evo_event_loc_link evocl1i\" target=\"_blank\" href=\"https:\/\/stockholmwaterfront.com\/\" rel=\"noopener\">Stockholm Waterfront Congress Centre<\/a><\/p><p class='evo_location_address evodfxi evofxaic evogap10'><a class=\"evo_event_loc_link evocl1i\" target=\"_blank\" href=\"https:\/\/stockholmwaterfront.com\/\" rel=\"noopener\">Nils Ericsons Plan 4<\/a><button class='evo_copy_address evobuttonA evocurp evohoop7 evopad5' style='' data-txt='Nils Ericsons Plan 4' data-t='Adressen har kopierats till urklipp!'><i class='far fa-copy evofz16i' title='Kopiera destinationsadress!' aria-label='Kopiera destinationsadress!'><\/i><\/button><\/p><div class='evo_event_loc_contacts evopadt5'>\n\t\t\t\t\t\t<p class='evo_location_contact'>+46 8 5050 6540 | <a href='mailto:meetings@stockholmwaterfront.com'>meetings@stockholmwaterfront.com<\/a><\/p><\/div><div class='evodfx evofxdrr evogap10 evofxaic evomart20i'><div class=''><button class='evosp_trigger evobrn evoboxsn evobgclg20 evoff_2 evodfx evofxdrr evogap5 evofxaic evocurp evofwb evoHKx2 evoHbgclg30 evopad5-10i evobr10 evocl1i evofz14i' data-lbvals=\"{&quot;lbdata&quot;:{&quot;class&quot;:&quot;evo_location_lb_7684&quot;,&quot;additional_class&quot;:&quot;lb_max&quot;,&quot;title&quot;:&quot;Stockholm Waterfront Congress Centre&quot;},&quot;adata&quot;:{&quot;a&quot;:&quot;eventon_get_tax_card_content&quot;,&quot;end&quot;:&quot;client&quot;,&quot;data&quot;:{&quot;lang&quot;:&quot;L1&quot;,&quot;term_id&quot;:7684,&quot;tax&quot;:&quot;event_location&quot;,&quot;load_lbcontent&quot;:true}},&quot;uid&quot;:&quot;eventon_get_tax_card_content&quot;}\" data-d=\"{&quot;sp_id&quot;:&quot;evo_location_7684&quot;,&quot;adata&quot;:{&quot;a&quot;:&quot;eventon_get_tax_card_content&quot;,&quot;data&quot;:{&quot;eventid&quot;:29848,&quot;ri&quot;:0,&quot;term_id&quot;:7684,&quot;tax&quot;:&quot;event_location&quot;,&quot;load_lbcontent&quot;:true,&quot;lang&quot;:&quot;L1&quot;}},&quot;size&quot;:&quot;lar&quot;,&quot;fresh_content&quot;:true}\" >Andra evenemang<i class='fa fa-chevron-right evofz12i evokid evotrans' aria-hidden='true' style='margin-top:2px;'><\/i><\/button><\/div><\/div><\/div>\n\t\t\n\t<\/div><\/div><\/div><!-- row close --><div class='evocard_row bx2 bx'><div id='event_learnmore' class='evocard_box learnmore' data-c='' \n\t\t\t\t\tstyle=''><div class='evo_metarow_learnM evo_metarow_learnmore evorow'>\n\t\t\t\t\t\t\t<a class=\"evcal_evdata_row evo_clik_row \" href=\"https:\/\/www.truesec.com\/cybersecurity-summit\" target=\"_blank\" rel=\"noopener\">\n\t\t\t\t\t\t\t\t<span class='evcal_evdata_icons'><i class='fa fa-link'><\/i><\/span>\n\t\t\t\t\t\t\t\t<h3 class='evo_h3'>\"L\u00e4s mer<\/h3>\n\t\t\t\t\t\t\t<\/a>\n\t\t\t\t\t\t\t<\/div><\/div><div id='event_addtocal' class='evocard_box addtocal' data-c='' \n\t\t\t\t\tstyle=''><div class='evo_metarow_ICS evorow evcal_evdata_row'>\n\t\t\t<span class='evcal_evdata_icons'><i class='fa fa-calendar-o'><\/i><\/span>\n\t\t\t<div class='evcal_evdata_cell'>\n\t\t\t\t<p><a href=\"https:\/\/itbranschen.com\/de\/export-events\/29848_0\/?key=f5ade1463c\" rel=\"nofollow\" class=\"evo_ics_nCal\" title=\"L\u00e4gg till i din kalender\">Kalender<\/a><a href=\"https:\/\/www.google.com\/calendar\/event?action=TEMPLATE&amp;text=Cybersecurity%20Summit%202026&amp;dates=20261008T060000Z\/20261008T150000Z&amp;ctz=Europe%2FStockholm&amp;details=Cybersecurity%20Summit%202026&amp;location=Stockholm%20Waterfront%20Congress%20Centre%20Nils%20Ericsons%20Plan%204\" target=\"_blank\" rel=\"nofollow noopener\" class=\"evo_ics_gCal\" title=\"L\u00e4gg till i Google Kalender\">GoogleCal<\/a><\/p>\t\n\t\t\t<\/div>\n\t\t<\/div><\/div><\/div><!-- row close --><div class='evocard_row'><div id='event_gmap' class='evocard_box gmap' data-c='' \n\t\t\t\t\tstyle=''><div class='evo_map evoposr evoh100p'><div class='evo_metarow_gmap evcal_evdata_row evorow evcal_gmaps evc17914392006a96d0d6f272429848_gmap place' id='evc17914392006a96d0d6f272429848_gmap' style='max-width:none' data-name=\"Stockholm Waterfront Congress Centre\" data-address=\"Nils Ericsons Plan 4\" data-latlng=\"59.3299581,18.0560312\" data-location_type=\"place\" data-scroll=\"yes\" data-mty=\"roadmap\" data-zoom=\"14\" data-mapIcon=\"\" data-delay=\"400\" data-map_canvas_id=\"evc17914392006a96d0d6f272429848_gmap\" >\n\t\t<span class='evo_map_load_out evoposr evodb evobr15'>\n\t\t<i class='fa fa-location-dot evoposa'><\/i><span class='evo_map_load evoposr evodb'>\t\t\t\t\t\n\t\t\t\t\t<i class='a'><\/i>\n\t\t\t\t\t<i class='b'><\/i>\n\t\t\t\t\t<i class='c'><\/i>\n\t\t\t\t\t<i class='d'><\/i>\n\t\t\t\t\t<i class='e'><\/i>\n\t\t\t\t\t<i class='f'><\/i>\n\t\t\t\t<\/span><\/span>\n\t<\/div><div class='evo_gmap_bottom evoposa evobot0'><\/div><\/div><\/div><\/div><!-- row close --><div class='evocard_row'><div id='event_getdirection' class='evocard_box getdirection' data-c='' \n\t\t\t\t\tstyle=''><div class='evo_metarow_getDr evorow evcal_evdata_row evcal_evrow_sm getdirections'>\n\t\t<form action='https:\/\/maps.google.com\/maps' method='get' target='_blank'>\n\t\t\t<input type='hidden' name='daddr' value=\"59.3299581,18.0560312\"\/> \n\t\t\t<div class='evo_get_direction_content evofxdrr evofxww evogap10'>\n\t\t\t\t<span class='evogetdir_header evodfx evofxdrr evofxaic evogap10'>\n\t\t\t\t\t<i class='mainicon fa fa-route evofz24i' aria-hidden='true'><\/i> \n\t\t\t\t\t<h3 class='evo_h3 evopad0i' style='padding-bottom:5px;'>F\u00e5 v\u00e4gbeskrivning<\/h3>\n\t\t\t\t<\/span>\t\t\t\t<p class=''>How do you plan to get there?<\/p>\n\t\t\t\t<div class='evodfx evofxdrr evofxaic evogap5'>\n\t\t\t\t\t\t\t\t\t\t\t<a href=\"https:\/\/www.google.com\/maps\/dir\/?api=1&amp;origin=Current+Location&amp;destination=59.3299581%2C18.0560312&amp;travelmode=best\" target=\"_blank\" rel=\"noreferrer noopener\" aria-label=\"Best Route\" class=\"evodfx evofxdrr evogap5 evofxaic evocurp evohoop7o evofwb evoHKx2 evoHbgclg20 evopad10i evobr10 evocl1i evofz14i evonobtn\"><i class='fa fa-diamond-turn-right evotooltipfree' title='Best Route'><\/i><\/a>\t\t\t\t\t\t<a href=\"https:\/\/www.google.com\/maps\/dir\/?api=1&amp;origin=Current+Location&amp;destination=59.3299581%2C18.0560312&amp;travelmode=driving\" target=\"_blank\" rel=\"noreferrer noopener\" aria-label=\"Driving\" class=\"evodfx evofxdrr evogap5 evofxaic evocurp evohoop7o evofwb evoHKx2 evoHbgclg20 evopad10i evobr10 evocl1i evofz14i evonobtn\"><i class='fa fa-car evotooltipfree' title='Driving'><\/i><\/a>\t\t\t\t\t\t<a href=\"https:\/\/www.google.com\/maps\/dir\/?api=1&amp;origin=Current+Location&amp;destination=59.3299581%2C18.0560312&amp;travelmode=transit\" target=\"_blank\" rel=\"noreferrer noopener\" aria-label=\"Transit\" class=\"evodfx evofxdrr evogap5 evofxaic evocurp evohoop7o evofwb evoHKx2 evoHbgclg20 evopad10i evobr10 evocl1i evofz14i evonobtn\"><i class='fa fa-bus evotooltipfree' title='Transit'><\/i><\/a>\t\t\t\t\t\t<a href=\"https:\/\/www.google.com\/maps\/dir\/?api=1&amp;origin=Current+Location&amp;destination=59.3299581%2C18.0560312&amp;travelmode=walking\" target=\"_blank\" rel=\"noreferrer noopener\" aria-label=\"Walking\" class=\"evodfx evofxdrr evogap5 evofxaic evocurp evohoop7o evofwb evoHKx2 evoHbgclg20 evopad10i evobr10 evocl1i evofz14i evonobtn\"><i class='fa fa-person-walking evotooltipfree' title='Walking'><\/i><\/a>\t\t\t\t\t\t<a href=\"https:\/\/www.google.com\/maps\/dir\/?api=1&amp;origin=Current+Location&amp;destination=59.3299581%2C18.0560312&amp;travelmode=bicycling\" target=\"_blank\" rel=\"noreferrer noopener\" aria-label=\"Bicycling\" class=\"evodfx evofxdrr evogap5 evofxaic evocurp evohoop7o evofwb evoHKx2 evoHbgclg20 evopad10i evobr10 evocl1i evofz14i evonobtn\"><i class='fa fa-person-biking evotooltipfree' title='Bicycling'><\/i><\/a>\t\n\t\t\t\t<\/div>\n\n\t\t\t\t<\/div>\n\t\t<\/form>\n\t<\/div><\/div><\/div><!-- row close --><button class='evo_card_row_end evcal_close' title='\"St\u00e4ng evenemang'><\/button><\/div><div class='clear end'><\/div><\/div><div id=\"event_28512_0\" class=\"eventon_list_event evo_eventtop scheduled  event clrD event_28512_0\" data-event_id=\"28512\" data-ri=\"0r\" data-time=\"1792274400-1792533599\" data-colr=\"#000000\" itemscope itemtype='http:\/\/schema.org\/Event'><div class=\"evo_event_schema\" style=\"display:none\" ><a itemprop=\"url\" href=\"https:\/\/itbranschen.com\/de\/events\/pax8-beyond-2026-copenhagen\/\"><\/a><meta itemprop='image' content=\"https:\/\/itbranschen.com\/wp-content\/uploads\/2026\/07\/PAX-BEYOND-COPENHAGEN.jpg\" \/><meta itemprop='startDate' content=\"2026-10-18\" \/><meta itemprop='endDate' content=\"2026-10-20\" \/><meta itemprop='eventStatus' content=\"https:\/\/schema.org\/EventScheduled\" \/><meta itemprop='eventAttendanceMode'   itemscope itemtype=\"https:\/\/schema.org\/OfflineEventAttendanceMode\"\/><div style=\"display:none\" itemprop=\"location\" itemscope itemtype=\"http:\/\/schema.org\/Place\"><span itemprop=\"name\">Bella Center Copenhagen<\/span><span itemprop=\"address\" itemscope itemtype=\"http:\/\/schema.org\/PostalAddress\"><item itemprop=\"streetAddress\">Center Boulevard 5 2300 Copenhagen<\/item><\/span><\/div><div itemprop=\"offers\" itemscope itemtype=\"http:\/\/schema.org\/Offer\">\n\t\t\t\t        <div class=\"event-price\" itemprop=\"price\" content=\"299\">299<\/div>\n\t\t\t\t        <meta itemprop=\"priceCurrency\" content=\"\u20ac\">\n\t\t\t\t        <meta itemprop=\"url\" content=\"https:\/\/itbranschen.com\/de\/events\/pax8-beyond-2026-copenhagen\/\">\n\t\t\t\t        <meta itemprop=\"availability\" content=\"http:\/\/schema.org\/InStock\">\n\t\t\t\t        <meta itemprop=\"validFrom\" content=\"2026-10-18\">\n\t\t\t\t    <\/div><div itemprop=\"organizer\" itemscope=\"\" itemtype=\"http:\/\/schema.org\/Organization\"><meta itemprop=\"name\" content=\"Pax8\">\n\t\t\t\t    \t<meta itemprop=\"url\" content=\"https:\/\/www.pax8.com\"><\/div><div itemprop=\"performer\" itemscope=\"\" itemtype=\"http:\/\/schema.org\/Person\"><meta itemprop=\"name\" content=\"Pax8\"><\/div><script type=\"application\/ld+json\">{\"@context\": \"http:\/\/schema.org\",\"@type\": \"Event\",\n\t\t\t\t\"@id\": \"event_28512_0\",\n\t\t\t\t\"eventAttendanceMode\":\"https:\/\/schema.org\/OfflineEventAttendanceMode\",\n\t\t\t\t\"eventStatus\":\"https:\/\/schema.org\/EventScheduled\",\n\t\t\t\t\"name\": \"PAX8 BEYOND 2026 COPENHAGEN\",\n\t\t\t\t\"url\": \"https:\/\/itbranschen.com\/de\/events\/pax8-beyond-2026-copenhagen\/\",\n\t\t\t\t\"startDate\": \"2026-10-18\",\n\t\t\t\t\"endDate\": \"2026-10-20\",\n\t\t\t\t\"image\":\"https:\/\/itbranschen.com\/wp-content\/uploads\/2026\/07\/PAX-BEYOND-COPENHAGEN.jpg\", \n\t\t\t\t\"description\":\"<p><\/p> <p class=\"wp-block-paragraph\"><strong><a href='https:\/\/www.pax8.com\/en-eu\/' target='_blank' rel='noreferrer noopener'>Pax8<\/a> Beyond EMEA 2026<\/strong> \u00e4r en av Europas fr\u00e4msta konferenser f\u00f6r MSP:er, IT-partners, molnleverant\u00f6rer och teknikf\u00f6retag. Under tre intensiva dagar samlas branschledare, experter och innovat\u00f6rer f\u00f6r att utforska framtidens <a href='https:\/\/itbranschen.com\/category\/moln-data\/'>molntj\u00e4nster<\/a>, <a href='https:\/\/itbranschen.com\/category\/cybersakerhet\/'>cybers\u00e4kerhet<\/a>, <a href='https:\/\/itbranschen.com\/category\/artificiell-intelligens\/'>artificiell intelligens<\/a>, automation och <a href='https:\/\/itbranschen.com\/category\/digitalisering\/'>digital transformation<\/a>.<\/p> <p><\/p> <p><\/p> <p class=\"wp-block-paragraph\">Evenemanget erbjuder inspirerande keynotes, tekniska breakout-sessioner, praktiska workshops och omfattande n\u00e4tverksm\u00f6jligheter. Deltagarna f\u00e5r ta del av de senaste innovationerna inom Pax8 Marketplace, tr\u00e4ffa ledande teknikleverant\u00f6rer och uppt\u00e4cka strategier som hj\u00e4lper f\u00f6retag att v\u00e4xa, effektivisera verksamheten och skapa nya aff\u00e4rsm\u00f6jligheter i en snabbt f\u00f6r\u00e4nderlig IT-marknad.<\/p> <p><\/p> <p><\/p> <figure class='wp-block-embed is-type-video is-provider-youtube wp-block-embed-youtube wp-embed-aspect-16-9 wp-has-aspect-ratio'> <div class='wp-block-embed__wrapper'> <iframe title='Pax8 Beyond EMEA 18 October 2026 \u2013 20 October' width='1200' height='675' src='https:\/\/www.youtube.com\/embed\/xSzlpU2SPb8?feature=oembed' frameborder='0' allow='accelerometer; autoplay; clipboard-write; encrypted-media; gyroscope; picture-in-picture; web-share' referrerpolicy='strict-origin-when-cross-origin' allowfullscreen><\/iframe> <\/div> <\/figure> <p><\/p> <p><\/p> <p class=\"wp-block-paragraph\">Oavsett om du \u00e4r MSP, \u00e5terf\u00f6rs\u00e4ljare, systemintegrat\u00f6r eller teknikpartner ger <a href='https:\/\/itbranschen.com\/tag\/pax8\/' data-type='post_tag' data-id='315'>Pax8 Beyond EMEA<\/a> en unik m\u00f6jlighet att bygga v\u00e4rdefulla relationer, utveckla din kompetens och f\u00e5 konkreta insikter om framtidens IT-ekosystem. Konferensen arrangeras p\u00e5 Bella Center i K\u00f6penhamn den <strong>18 till 20 oktober 2026<\/strong> och samlar tusentals deltagare fr\u00e5n hela EMEA-regionen.<\/p> <p><\/p> <p><\/p> <p class=\"wp-block-paragraph\"><strong>Bella Center Copenhagen<\/strong><br \/>Center Boulevard 5<br \/>2300 Copenhagen S<br \/>Denmark<\/p> <p><\/p> <p><\/p> <p class=\"wp-block-paragraph\"><a href='https:\/\/attend.pax8.com\/event\/emea-beyond-oct-2026\/register' target='_blank' rel='noreferrer noopener'><strong>https:\/\/attend.pax8.com\/event\/emea-beyond-oct-2026\/register<\/strong><\/a><\/p> <p><\/p> <p><\/p> <p class=\"wp-block-paragraph\"><\/p> \",\"location\":[{\"@type\":\"Place\",\"name\":\"Bella Center Copenhagen\",\"address\":{\"@type\": \"PostalAddress\",\"streetAddress\":\"Center Boulevard 5 2300 Copenhagen\"}}],\"organizer\":[{\"@type\":\"Organization\",\"name\":\"Pax8\",\"url\":\"https:\/\/www.pax8.com\"}],\"offers\":{\"@type\":\"Offer\",\"price\":\"299\",\"priceCurrency\":\"\u20ac\",\"availability\":\"http:\/\/schema.org\/InStock\",\"validFrom\":\"2026-10-18\",\"url\":\"https:\/\/itbranschen.com\/de\/events\/pax8-beyond-2026-copenhagen\/\"}}<\/script><\/div>\n\t\t\t\t<p class=\"desc_trig_outter\" style=\"\"><a data-gmtrig=\"1\" data-exlk=\"0\" style=\"background-color: #000000;\" id=\"evc_179227440028512\" href=\"#\" class=\"desc_trig featured_event 1 mul_val evcal_list_a allday\" data-ux_val=\"3\" data-ux_val_mob=\"-\"  ><span class='evoet_in'><span class='evoet_c2 evoet_cx '><span class='evoet_dayblock evcal_cblock ' data-bgcolor='#000000' data-smon='oktober' data-syr='2026' data-bub=''><span class='evo_start  evofxdrc'><em class='date'>18<\/em><em class='month'>okt<\/em><em class='time'>Hela dagen<\/em><\/span><span class='evo_end  evofxdrc'><em class='date'>20<\/em><\/span><\/span><\/span><span class='evoet_c3 evoet_cx evcal_desc hide_eventtopdata '><span class='evoet_title evcal_desc2 evcal_event_title ' itemprop='name'>PAX8 BEYOND 2026 COPENHAGEN<\/span><span class='event_location_attrs evodni'  data-location_address=\"Center Boulevard 5 2300 Copenhagen\" data-location_type=\"lonlat\" data-location_name=\"Bella Center Copenhagen\" data-location_url=\"https:\/\/itbranschen.com\/de\/event-location\/bella-center-copenhagen\/\" data-location_status=\"true\" data-locid=\"7525\" data-latlng=\"55.63801119999999,12.5788391\"><\/span><span class='evoet_cy evoet_subtitle evo_below_title' ><span class='evcal_event_subtitle ' >EMEA:s ledande konferens f\u00f6r MSP, molntj\u00e4nster, AI och cybers\u00e4kerhet<\/span><\/span><\/span><\/span><span class='evoet_data' style='display:none' data-d=\"{&quot;loc.n&quot;:&quot;Bella Center Copenhagen&quot;,&quot;orgs&quot;:{&quot;7524&quot;:&quot;Pax8&quot;},&quot;tags&quot;:{&quot;featured&quot;:&quot;Utvalt&quot;}}\" data-bgc=\"#000000\" data-bggrad=\"\" ><\/span><\/a><\/p><div class='event_description evcal_eventcard ' style=\"display:none\"><div class='evocard_row'><div id='event_ftimage' class='evocard_box ftimage' data-c='' \n\t\t\t\t\tstyle=''><div class='evocard_main_image_hold' data-t='L\u00e4ser in bild..'><div class='evocard_main_image evo_img_triglb evocd_img_full evobr15 evobgsc evobgpc evodfx evofx_jc_c evofx_ai_c evofz48 full' style='height:400px; background-image:url();' data-f=\"https:\/\/itbranschen.com\/wp-content\/uploads\/2026\/07\/PAX-BEYOND-COPENHAGEN.jpg\" data-h=\"675\" data-w=\"1200\" data-ratio=\"0.5625\" data-event_id=\"28512\" data-ri=\"0\"  data-t='L\u00e4ser in bild..'><span style='height:400px; background-image:url(https:\/\/itbranschen.com\/wp-content\/uploads\/2026\/07\/PAX-BEYOND-COPENHAGEN.jpg)'><\/span><\/div><\/div><\/div><\/div><!-- row close --><div class='evocard_row'><div id='event_eventdetails' class='evocard_box eventdetails' data-c='' \n\t\t\t\t\tstyle=''><div class=\"evo_metarow_details evorow evcal_evdata_row evcal_event_details\">\n    <div class=\"event_excerpt\" style=\"display:none\"><h3 class=\"padb5 evo_h3\">Evenemangsdetaljer<\/h3><p>Pax8 Beyond EMEA 2026 \u00e4r en av Europas fr\u00e4msta konferenser f\u00f6r MSP:er, IT-partners, molnleverant\u00f6rer och teknikf\u00f6retag. Under tre intensiva dagar samlas branschledare, experter och<\/p><\/div><span class='evcal_evdata_icons'><i class='fa fa-align-justify'><\/i><\/span>    <div class=\"evcal_evdata_cell \">\n        <div class=\"eventon_full_description\">\n            <h3 class=\"padb5 evo_h3\"><span class='evcal_evdata_icons'><i class='fa fa-align-justify'><\/i><\/span>Evenemangsdetaljer<\/h3>\n            <div class=\"eventon_desc_in\" itemprop=\"description\">\n                <p><\/p>\n<p class=\"wp-block-paragraph\"><strong><a href=\"https:\/\/www.pax8.com\/en-eu\/\" target=\"_blank\" rel=\"noreferrer noopener\">Pax8<\/a> Beyond EMEA 2026<\/strong> \u00e4r en av Europas fr\u00e4msta konferenser f\u00f6r MSP:er, IT-partners, molnleverant\u00f6rer och teknikf\u00f6retag. Under tre intensiva dagar samlas branschledare, experter och innovat\u00f6rer f\u00f6r att utforska framtidens <a href=\"https:\/\/itbranschen.com\/category\/moln-data\/\">molntj\u00e4nster<\/a>, <a href=\"https:\/\/itbranschen.com\/category\/cybersakerhet\/\">cybers\u00e4kerhet<\/a>, <a href=\"https:\/\/itbranschen.com\/category\/artificiell-intelligens\/\">artificiell intelligens<\/a>, automation och <a href=\"https:\/\/itbranschen.com\/category\/digitalisering\/\">digital transformation<\/a>.<\/p>\n<p><\/p>\n<p><\/p>\n<p class=\"wp-block-paragraph\">Evenemanget erbjuder inspirerande keynotes, tekniska breakout-sessioner, praktiska workshops och omfattande n\u00e4tverksm\u00f6jligheter. Deltagarna f\u00e5r ta del av de senaste innovationerna inom Pax8 Marketplace, tr\u00e4ffa ledande teknikleverant\u00f6rer och uppt\u00e4cka strategier som hj\u00e4lper f\u00f6retag att v\u00e4xa, effektivisera verksamheten och skapa nya aff\u00e4rsm\u00f6jligheter i en snabbt f\u00f6r\u00e4nderlig IT-marknad.<\/p>\n<p><\/p>\n<p><\/p>\n<figure class=\"wp-block-embed is-type-video is-provider-youtube wp-block-embed-youtube wp-embed-aspect-16-9 wp-has-aspect-ratio\">\n<div class=\"wp-block-embed__wrapper\">\n<iframe title=\"Pax8 Beyond EMEA 18 October 2026 \u2013 20 October\" width=\"1200\" height=\"675\" src=\"https:\/\/www.youtube.com\/embed\/xSzlpU2SPb8?feature=oembed\" frameborder=\"0\" allow=\"accelerometer; autoplay; clipboard-write; encrypted-media; gyroscope; picture-in-picture; web-share\" referrerpolicy=\"strict-origin-when-cross-origin\" allowfullscreen><\/iframe>\n<\/div>\n<\/figure>\n<p><\/p>\n<p><\/p>\n<p class=\"wp-block-paragraph\">Oavsett om du \u00e4r MSP, \u00e5terf\u00f6rs\u00e4ljare, systemintegrat\u00f6r eller teknikpartner ger <a href=\"https:\/\/itbranschen.com\/tag\/pax8\/\" data-type=\"post_tag\" data-id=\"315\">Pax8 Beyond EMEA<\/a> en unik m\u00f6jlighet att bygga v\u00e4rdefulla relationer, utveckla din kompetens och f\u00e5 konkreta insikter om framtidens IT-ekosystem. Konferensen arrangeras p\u00e5 Bella Center i K\u00f6penhamn den <strong>18 till 20 oktober 2026<\/strong> och samlar tusentals deltagare fr\u00e5n hela EMEA-regionen.<\/p>\n<p><\/p>\n<p><\/p>\n<p class=\"wp-block-paragraph\"><strong>Bella Center Copenhagen<\/strong><br \/>Center Boulevard 5<br \/>2300 Copenhagen S<br \/>Denmark<\/p>\n<p><\/p>\n<p><\/p>\n<p class=\"wp-block-paragraph\"><a href=\"https:\/\/attend.pax8.com\/event\/emea-beyond-oct-2026\/register\" target=\"_blank\" rel=\"noreferrer noopener\"><strong>https:\/\/attend.pax8.com\/event\/emea-beyond-oct-2026\/register<\/strong><\/a><\/p>\n<p><\/p>\n<p><\/p>\n<p class=\"wp-block-paragraph\"><\/p>\n            <\/div>\n            <div class='clear'><\/div>        <\/div>\n    <\/div>\n<\/div><\/div><\/div><!-- row close --><div class='evocard_row'><div id='event_health' class='evocard_box health' data-c='' \n\t\t\t\t\tstyle=''><div class='evo_metarow_health evorow evcal_evdata_row'>\n\t<span class='evcal_evdata_icons'><i class='fa fa-heartbeat'><\/i><\/span>\n\t<div class='evcal_evdata_cell'>\n\t\t<h3 class='evo_h3'>H\u00e4lsoriktlinjer f\u00f6r det h\u00e4r evenemanget<\/h3>\n\t\t<div class='evcal_cell'>\n\t\t\t<div class='evo_card_health_boxes'>\n\t\t\t<div class='evo_health_b_o'><div class='evo_health_b'><svg class='evo_svg_icon' enable-background='new 0 0 20 20' height='20' viewBox='0 0 512 512' width='20' xmlns='http:\/\/www.w3.org\/2000\/svg'><path d=\"m291.638 213.197c-2.93-2.929-7.678-2.929-10.607 0s-2.929 7.678 0 10.606l9.697 9.697h-69.454l9.697-9.697c2.929-2.929 2.929-7.678 0-10.606-2.93-2.929-7.678-2.929-10.607 0l-22.5 22.5c-2.929 2.929-2.929 7.678 0 10.606l22.5 22.5c1.465 1.464 3.385 2.197 5.304 2.197s3.839-.732 5.304-2.197c2.929-2.929 2.929-7.678 0-10.606l-9.697-9.697h69.454l-9.697 9.697c-2.929 2.929-2.929 7.678 0 10.606 1.465 1.464 3.385 2.197 5.304 2.197s3.839-.732 5.304-2.197l22.5-22.5c2.929-2.929 2.929-7.678 0-10.606z\"\/><path d=\"m143.167 150.5h-105.667c-20.678 0-37.5 16.822-37.5 37.5 0 4.142 3.357 7.5 7.5 7.5s7.5-3.358 7.5-7.5c0-12.407 10.094-22.5 22.5-22.5h105.667c12.406 0 22.5 10.093 22.5 22.5l-.001 121.5c0 3.991-3.225 7-7.5 7s-7.5-3.009-7.5-7v-121c0-4.142-3.357-7.5-7.5-7.5s-7.5 3.358-7.5 7.5v267.083c0 5.917-5.228 10.917-11.416 10.917-6.295 0-11.417-5.122-11.417-11.417v-146.083c0-4.142-3.357-7.5-7.5-7.5h-30c-4.143 0-7.5 3.358-7.5 7.5v146.083c0 6.295-5.121 11.417-11.416 11.417-6.188 0-11.417-4.999-11.417-10.917v-267.083c0-4.142-3.357-7.5-7.5-7.5s-7.5 3.358-7.5 7.5v120.5c0 4.136-3.364 7.5-7.5 7.5s-7.5-3.364-7.5-7.5v-91c0-4.142-3.357-7.5-7.5-7.5s-7.5 3.358-7.5 7.5v91c0 12.407 10.094 22.5 22.5 22.5 2.629 0 5.153-.458 7.5-1.29v125.374c0 14.291 11.851 25.917 26.417 25.917 14.565 0 26.416-11.851 26.416-26.417v-138.584h15v138.583c0 14.566 11.851 26.417 26.417 26.417 14.565 0 26.416-11.626 26.416-25.917v-125.296c2.337.784 4.857 1.213 7.5 1.213 12.617 0 22.5-9.664 22.5-22l.001-121.5c0-20.678-16.822-37.5-37.5-37.5z\"\/><path d=\"m90.005 135.5c28.948 0 52.5-23.551 52.5-52.5s-23.552-52.5-52.5-52.5-52.5 23.551-52.5 52.5 23.552 52.5 52.5 52.5zm0-90c20.678 0 37.5 16.822 37.5 37.5s-16.822 37.5-37.5 37.5-37.5-16.822-37.5-37.5 16.822-37.5 37.5-37.5z\"\/><path d=\"m474.5 150.5h-105.666c-20.678 0-37.5 16.822-37.5 37.5l-.001 121c0 12.407 10.094 22.5 22.5 22.5 2.629 0 5.153-.458 7.5-1.29v125.374c0 14.291 11.851 25.917 26.416 25.917 14.566 0 26.417-11.851 26.417-26.417v-138.584h15l.001 138.583c0 14.566 11.851 26.417 26.416 26.417 14.566 0 26.417-11.626 26.417-25.917v-125.296c2.337.784 4.858 1.213 7.5 1.213 12.617 0 22.5-9.664 22.5-22v-121.5c0-20.678-16.822-37.5-37.5-37.5zm22.5 159c0 3.991-3.225 7-7.5 7s-7.5-3.009-7.5-7c0-.011-.001-121-.001-121 0-4.142-3.357-7.5-7.5-7.5s-7.5 3.358-7.5 7.5l.001 267.083c0 5.917-5.229 10.917-11.417 10.917-6.295 0-11.416-5.122-11.416-11.417l-.001-146.083c0-4.142-3.357-7.5-7.5-7.5h-30c-1.989 0-3.896.79-5.304 2.197-1.406 1.406-2.196 3.314-2.196 5.303l.001 146.083c0 6.295-5.122 11.417-11.417 11.417-6.188 0-11.416-4.999-11.416-10.917l-.001-267.083c0-4.142-3.357-7.5-7.5-7.5s-7.5 3.358-7.5 7.5v120.491c0 4.144-3.365 7.509-7.5 7.509s-7.5-3.364-7.5-7.5l.001-121c0-12.407 10.094-22.5 22.5-22.5h105.666c12.406 0 22.5 10.093 22.5 22.5z\"\/><path d=\"m421.338 135.5c28.948 0 52.5-23.551 52.5-52.5s-23.552-52.5-52.5-52.5-52.5 23.551-52.5 52.5 23.552 52.5 52.5 52.5zm0-90c20.678 0 37.5 16.822 37.5 37.5s-16.822 37.5-37.5 37.5-37.5-16.822-37.5-37.5 16.822-37.5 37.5-37.5z\"\/><\/svg><span>Fysiskt avst\u00e5nd uppr\u00e4tth\u00e5lls<\/span>\n\t\t\t\t<\/div><\/div>\n\t\t\t<\/div>\n\n\t\t\t\t\t\t\t\n\n\t\t<\/div>\n\t<\/div>\n<\/div>\n<\/div><\/div><!-- row close --><div class='evocard_row bx2 bx'><div id='event_time' class='evocard_box time' data-c='' \n\t\t\t\t\tstyle=''><div class='evo_metarow_time evorow evcal_evdata_row evcal_evrow_sm '>\n\t\t<span class='evcal_evdata_icons'><i class='fa fa-clock'><\/i><\/span>\n\t\t<div class='evcal_evdata_cell'>\t\t\t\t\t\t\t\n\t\t\t<h3 class='evo_h3'><span class='evcal_evdata_icons'><i class='fa fa-clock'><\/i><\/span>Tid<\/h3><div><span class='evo_eventcard_time_t evogap5 evofxww'><span class=\"start\">oktober 18, 2026<\/span>  - <span class=\"end\">oktober 20, 2026<\/span> (Hela dagen)<\/span><span class='evo_tz marr5'>(GMT+02:00)<\/span><\/div>\n\t\t<\/div>\n\t<\/div><\/div><div id='event_location' class='evocard_box location' data-c='' \n\t\t\t\t\tstyle=''><div class='evcal_evdata_row evo_metarow_time_location evorow '>\n\t\t\n\t\t\t<span class='evcal_evdata_icons'><i class='fa fa-map-marker'><\/i><\/span>\n\t\t\t<div class='evcal_evdata_cell' data-loc_tax_id='7525'><h3 class='evo_h3 evodfx'><span class='evcal_evdata_icons'><i class='fa fa-map-marker'><\/i><\/span><a class=\"evo_event_loc_link evocl1i\" target=\"_blank\" href=\"https:\/\/bellacenter.dk\/en\" rel=\"noopener\">Plats<\/a><\/h3><p class='evo_location_name evofwb evofz16i'><a class=\"evo_event_loc_link evocl1i\" target=\"_blank\" href=\"https:\/\/bellacenter.dk\/en\" rel=\"noopener\">Bella Center Copenhagen<\/a><\/p><p class='evo_location_address evodfxi evofxaic evogap10'><a class=\"evo_event_loc_link evocl1i\" target=\"_blank\" href=\"https:\/\/bellacenter.dk\/en\" rel=\"noopener\">Center Boulevard 5 2300 Copenhagen<\/a><button class='evo_copy_address evobuttonA evocurp evohoop7 evopad5' style='' data-txt='Center Boulevard 5 2300 Copenhagen' data-t='Adressen har kopierats till urklipp!'><i class='far fa-copy evofz16i' title='Kopiera destinationsadress!' aria-label='Kopiera destinationsadress!'><\/i><\/button><\/p><div class='evo_event_loc_contacts evopadt5'>\n\t\t\t\t\t\t<p class='evo_location_contact'>+45 32 52 88 11 | <a href='mailto:bc@bellacenter.dk'>bc@bellacenter.dk<\/a><\/p><\/div><div class='evodfx evofxdrr evogap10 evofxaic evomart20i'><div class=''><button class='evosp_trigger evobrn evoboxsn evobgclg20 evoff_2 evodfx evofxdrr evogap5 evofxaic evocurp evofwb evoHKx2 evoHbgclg30 evopad5-10i evobr10 evocl1i evofz14i' data-lbvals=\"{&quot;lbdata&quot;:{&quot;class&quot;:&quot;evo_location_lb_7525&quot;,&quot;additional_class&quot;:&quot;lb_max&quot;,&quot;title&quot;:&quot;Bella Center Copenhagen&quot;},&quot;adata&quot;:{&quot;a&quot;:&quot;eventon_get_tax_card_content&quot;,&quot;end&quot;:&quot;client&quot;,&quot;data&quot;:{&quot;lang&quot;:&quot;L1&quot;,&quot;term_id&quot;:7525,&quot;tax&quot;:&quot;event_location&quot;,&quot;load_lbcontent&quot;:true}},&quot;uid&quot;:&quot;eventon_get_tax_card_content&quot;}\" data-d=\"{&quot;sp_id&quot;:&quot;evo_location_7525&quot;,&quot;adata&quot;:{&quot;a&quot;:&quot;eventon_get_tax_card_content&quot;,&quot;data&quot;:{&quot;eventid&quot;:28512,&quot;ri&quot;:0,&quot;term_id&quot;:7525,&quot;tax&quot;:&quot;event_location&quot;,&quot;load_lbcontent&quot;:true,&quot;lang&quot;:&quot;L1&quot;}},&quot;size&quot;:&quot;lar&quot;,&quot;fresh_content&quot;:true}\" >Andra evenemang<i class='fa fa-chevron-right evofz12i evokid evotrans' aria-hidden='true' style='margin-top:2px;'><\/i><\/button><\/div><\/div><\/div>\n\t\t\n\t<\/div><\/div><\/div><!-- row close --><div class='evocard_row bx2 bx'><div id='event_learnmore' class='evocard_box learnmore' data-c='' \n\t\t\t\t\tstyle=''><div class='evo_metarow_learnM evo_metarow_learnmore evorow'>\n\t\t\t\t\t\t\t<a class=\"evcal_evdata_row evo_clik_row \" href=\"https:\/\/www.pax8beyond.com\/emea\/\" target=\"_blank\" rel=\"noopener\">\n\t\t\t\t\t\t\t\t<span class='evcal_evdata_icons'><i class='fa fa-link'><\/i><\/span>\n\t\t\t\t\t\t\t\t<h3 class='evo_h3'>\"L\u00e4s mer<\/h3>\n\t\t\t\t\t\t\t<\/a>\n\t\t\t\t\t\t\t<\/div><\/div><div id='event_addtocal' class='evocard_box addtocal' data-c='' \n\t\t\t\t\tstyle=''><div class='evo_metarow_ICS evorow evcal_evdata_row'>\n\t\t\t<span class='evcal_evdata_icons'><i class='fa fa-calendar-o'><\/i><\/span>\n\t\t\t<div class='evcal_evdata_cell'>\n\t\t\t\t<p><a href=\"https:\/\/itbranschen.com\/de\/export-events\/28512_0\/?key=f5ade1463c\" rel=\"nofollow\" class=\"evo_ics_nCal\" title=\"L\u00e4gg till i din kalender\">Kalender<\/a><a href=\"https:\/\/www.google.com\/calendar\/event?action=TEMPLATE&amp;text=PAX8%20BEYOND%202026%20COPENHAGEN&amp;dates=20261017T220000Z\/20261020T215959Z&amp;ctz=Europe%2FStockholm&amp;details=PAX8%20BEYOND%202026%20COPENHAGEN&amp;location=Bella%20Center%20Copenhagen%20Center%20Boulevard%205%202300%20Copenhagen\" target=\"_blank\" rel=\"nofollow noopener\" class=\"evo_ics_gCal\" title=\"L\u00e4gg till i Google Kalender\">GoogleCal<\/a><\/p>\t\n\t\t\t<\/div>\n\t\t<\/div><\/div><\/div><!-- row close --><div class='evocard_row'><div id='event_organizer' class='evocard_box organizer' data-c='' \n\t\t\t\t\tstyle=''><div class='evo_metarow_organizer evorow evcal_evdata_row evcal_evrow_sm '>\n\t\t<span class='evcal_evdata_icons'><i class='fa fa-microphone'><\/i><\/span>\n\t\t<div class='evcal_evdata_cell'>\t\t\t\t\t\t\t\n\t\t\t<h3 class='evo_h3'>Arrang\u00f6r<\/h3><div class='evo_evdata_cell_content evodfx evofxww evofxdrr evogap30'><div class='evo_card_organizer evofx_1 evodfx evofxdrr evogap15'><p class='evo_data_val evo_card_organizer_image'>\n\t\t\t<img decoding=\"async\" class=\"evosp_trigger evo_curp evo_transit_all evo_trans_sc1_03 evo_boxsh_1\" data-d=\"{&quot;sp_id&quot;:&quot;evo_organizer_7524&quot;,&quot;adata&quot;:{&quot;a&quot;:&quot;eventon_get_tax_card_content&quot;,&quot;data&quot;:{&quot;eventid&quot;:28512,&quot;ri&quot;:0,&quot;term_id&quot;:7524,&quot;tax&quot;:&quot;event_organizer&quot;,&quot;load_lbcontent&quot;:true,&quot;lang&quot;:&quot;L1&quot;}},&quot;size&quot;:&quot;lar&quot;,&quot;fresh_content&quot;:true}\" src=\"https:\/\/itbranschen.com\/wp-content\/uploads\/2026\/07\/Pax-logo-300x300.jpg\" alt=\"Pax8 logotyp i vitt p\u00e5 svart bakgrund, officiell f\u00f6retagslogotyp f\u00f6r den globala molnmarknadsplatsen och arrang\u00f6ren av Pax8 Beyond EMEA.\" title=\"| IT-Branschen\"><\/p><div class='evodfx evofxdrc evofxjcfs'><h4 class='evo_org_name evo_h4 marb5 evottui evocl1i evopadb10i'><span class='evo_card_organizer_name_t marb5'><a target=\"_blank\" href=\"https:\/\/www.pax8.com\" class=\"evocl1i\" rel=\"noopener\">Pax8<\/a><\/span><\/h4><div class='evo_org_details'>Pax8 \u00e4r en ledande global marknadsplats f\u00f6r molntj\u00e4nster som hj\u00e4lper MSP:er och IT-partners att v\u00e4xa genom innovativa l\u00f6sningar inom moln, AI, cybers\u00e4kerhet och automation.<button class='evo_organizer_more_trig evonobtn2 evobutton evoff_2 evobgclg30 evoHbgclg50 evoop7 evohoop10 evotrans evobr5 evomarl5 evofz12' style='    padding: 2px 5px;font-size: 11px;'>L\u00e4s mer.<\/button><\/div><div class='evo_org_details_full evodni'>Pax8 \u00e4r en global leverant\u00f6r av en molnbaserad marknadsplats som f\u00f6renklar hur Managed Service Providers (MSP:er), \u00e5terf\u00f6rs\u00e4ljare och IT-partners k\u00f6per, s\u00e4ljer och hanterar molntj\u00e4nster. Genom en modern plattform erbjuder Pax8 tillg\u00e5ng till ledande teknikleverant\u00f6rer inom Microsoft, AWS, Google Cloud, cybers\u00e4kerhet, backup, AI och produktivitet.\r\n\r\nUt\u00f6ver sin marknadsplats \u00e4r Pax8 k\u00e4nt f\u00f6r sitt starka fokus p\u00e5 utbildning, partnerutveckling och aff\u00e4rstillv\u00e4xt. F\u00f6retaget arrangerar varje \u00e5r Pax8 Beyond, en av EMEA:s och Nordamerikas fr\u00e4msta konferenser f\u00f6r MSP:er och kanalpartners, d\u00e4r tusentals IT-professionella samlas f\u00f6r att ta del av innovationer, strategiska insikter och n\u00e4tverkande.<\/div><p class='evo_card_organizer_more'><a class=' evosp_trigger mart10 evodifx evofxdrr evogap5 evofxaic evocurp evofwb evoHKx2 evobgclg20 evoHbgclg40 evopad5-10i evobr10 evocl1i evofz14i' data-d=\"{&quot;sp_id&quot;:&quot;evo_organizer_7524&quot;,&quot;adata&quot;:{&quot;a&quot;:&quot;eventon_get_tax_card_content&quot;,&quot;data&quot;:{&quot;eventid&quot;:28512,&quot;ri&quot;:0,&quot;term_id&quot;:7524,&quot;tax&quot;:&quot;event_organizer&quot;,&quot;load_lbcontent&quot;:true,&quot;lang&quot;:&quot;L1&quot;}},&quot;size&quot;:&quot;lar&quot;,&quot;fresh_content&quot;:true}\" >L\u00e4s mer<i class='fa fa-chevron-right evofz12i evokid evotrans' aria-hidden='true' style='margin-top:2px;'><\/i><\/a><\/p><\/div><\/div><!-- evo_card_organizer--><\/div><\/div>\t<\/div><\/div><\/div><!-- row close --><div class='evocard_row'><div id='event_gmap' class='evocard_box gmap' data-c='' \n\t\t\t\t\tstyle=''><div class='evo_map evoposr evoh100p'><div class='evo_metarow_gmap evcal_evdata_row evorow evcal_gmaps evc17922744006a96d0d6f3f7628512_gmap place' id='evc17922744006a96d0d6f3f7628512_gmap' style='max-width:none' data-name=\"Bella Center Copenhagen\" data-address=\"Center Boulevard 5 2300 Copenhagen\" data-latlng=\"55.63801119999999,12.5788391\" data-location_type=\"place\" data-scroll=\"yes\" data-mty=\"roadmap\" data-zoom=\"14\" data-mapIcon=\"\" data-delay=\"400\" data-map_canvas_id=\"evc17922744006a96d0d6f3f7628512_gmap\" >\n\t\t<span class='evo_map_load_out evoposr evodb evobr15'>\n\t\t<i class='fa fa-location-dot evoposa'><\/i><span class='evo_map_load evoposr evodb'>\t\t\t\t\t\n\t\t\t\t\t<i class='a'><\/i>\n\t\t\t\t\t<i class='b'><\/i>\n\t\t\t\t\t<i class='c'><\/i>\n\t\t\t\t\t<i class='d'><\/i>\n\t\t\t\t\t<i class='e'><\/i>\n\t\t\t\t\t<i class='f'><\/i>\n\t\t\t\t<\/span><\/span>\n\t<\/div><div class='evo_gmap_bottom evoposa evobot0'><\/div><\/div><\/div><\/div><!-- row close --><div class='evocard_row'><div id='event_getdirection' class='evocard_box getdirection' data-c='' \n\t\t\t\t\tstyle=''><div class='evo_metarow_getDr evorow evcal_evdata_row evcal_evrow_sm getdirections'>\n\t\t<form action='https:\/\/maps.google.com\/maps' method='get' target='_blank'>\n\t\t\t<input type='hidden' name='daddr' value=\"Center Boulevard 5 2300 Copenhagen\"\/> \n\t\t\t<div class='evo_get_direction_content evofxdrr evofxww evogap10'>\n\t\t\t\t<span class='evogetdir_header evodfx evofxdrr evofxaic evogap10'>\n\t\t\t\t\t<i class='mainicon fa fa-route evofz24i' aria-hidden='true'><\/i> \n\t\t\t\t\t<h3 class='evo_h3 evopad0i' style='padding-bottom:5px;'>F\u00e5 v\u00e4gbeskrivning<\/h3>\n\t\t\t\t<\/span>\t\t\t\t<p class=''>How do you plan to get there?<\/p>\n\t\t\t\t<div class='evodfx evofxdrr evofxaic evogap5'>\n\t\t\t\t\t\t\t\t\t\t\t<a href=\"https:\/\/www.google.com\/maps\/dir\/?api=1&amp;origin=Current+Location&amp;destination=Center+Boulevard+5+2300+Copenhagen&amp;travelmode=best\" target=\"_blank\" rel=\"noreferrer noopener\" aria-label=\"Best Route\" class=\"evodfx evofxdrr evogap5 evofxaic evocurp evohoop7o evofwb evoHKx2 evoHbgclg20 evopad10i evobr10 evocl1i evofz14i evonobtn\"><i class='fa fa-diamond-turn-right evotooltipfree' title='Best Route'><\/i><\/a>\t\t\t\t\t\t<a href=\"https:\/\/www.google.com\/maps\/dir\/?api=1&amp;origin=Current+Location&amp;destination=Center+Boulevard+5+2300+Copenhagen&amp;travelmode=driving\" target=\"_blank\" rel=\"noreferrer noopener\" aria-label=\"Driving\" class=\"evodfx evofxdrr evogap5 evofxaic evocurp evohoop7o evofwb evoHKx2 evoHbgclg20 evopad10i evobr10 evocl1i evofz14i evonobtn\"><i class='fa fa-car evotooltipfree' title='Driving'><\/i><\/a>\t\t\t\t\t\t<a href=\"https:\/\/www.google.com\/maps\/dir\/?api=1&amp;origin=Current+Location&amp;destination=Center+Boulevard+5+2300+Copenhagen&amp;travelmode=transit\" target=\"_blank\" rel=\"noreferrer noopener\" aria-label=\"Transit\" class=\"evodfx evofxdrr evogap5 evofxaic evocurp evohoop7o evofwb evoHKx2 evoHbgclg20 evopad10i evobr10 evocl1i evofz14i evonobtn\"><i class='fa fa-bus evotooltipfree' title='Transit'><\/i><\/a>\t\t\t\t\t\t<a href=\"https:\/\/www.google.com\/maps\/dir\/?api=1&amp;origin=Current+Location&amp;destination=Center+Boulevard+5+2300+Copenhagen&amp;travelmode=walking\" target=\"_blank\" rel=\"noreferrer noopener\" aria-label=\"Walking\" class=\"evodfx evofxdrr evogap5 evofxaic evocurp evohoop7o evofwb evoHKx2 evoHbgclg20 evopad10i evobr10 evocl1i evofz14i evonobtn\"><i class='fa fa-person-walking evotooltipfree' title='Walking'><\/i><\/a>\t\t\t\t\t\t<a href=\"https:\/\/www.google.com\/maps\/dir\/?api=1&amp;origin=Current+Location&amp;destination=Center+Boulevard+5+2300+Copenhagen&amp;travelmode=bicycling\" target=\"_blank\" rel=\"noreferrer noopener\" aria-label=\"Bicycling\" class=\"evodfx evofxdrr evogap5 evofxaic evocurp evohoop7o evofwb evoHKx2 evoHbgclg20 evopad10i evobr10 evocl1i evofz14i evonobtn\"><i class='fa fa-person-biking evotooltipfree' title='Bicycling'><\/i><\/a>\t\n\t\t\t\t<\/div>\n\n\t\t\t\t<\/div>\n\t\t<\/form>\n\t<\/div><\/div><\/div><!-- row close --><button class='evo_card_row_end evcal_close' title='\"St\u00e4ng evenemang'><\/button><\/div><div class='clear end'><\/div><\/div><div id=\"event_28443_0\" class=\"eventon_list_event evo_eventtop scheduled  event clrD event_28443_0\" data-event_id=\"28443\" data-ri=\"0r\" data-time=\"1792447200-1792706399\" data-colr=\"#0647fb\" itemscope itemtype='http:\/\/schema.org\/Event'><div class=\"evo_event_schema\" style=\"display:none\" ><a itemprop=\"url\" href=\"https:\/\/itbranschen.com\/de\/events\/totalforsvarsmassan-2026\/\"><\/a><meta itemprop='image' content=\"https:\/\/itbranschen.com\/wp-content\/uploads\/2026\/07\/Totalforsvarsmassan.jpg\" \/><meta itemprop='startDate' content=\"2026-10-20\" \/><meta itemprop='endDate' content=\"2026-10-22\" \/><meta itemprop='eventStatus' content=\"https:\/\/schema.org\/EventScheduled\" \/><meta itemprop='eventAttendanceMode'   itemscope itemtype=\"https:\/\/schema.org\/OfflineEventAttendanceMode\"\/><div style=\"display:none\" itemprop=\"location\" itemscope itemtype=\"http:\/\/schema.org\/Place\"><span itemprop=\"name\">Stockholmsm\u00e4ssan<\/span><span itemprop=\"address\" itemscope itemtype=\"http:\/\/schema.org\/PostalAddress\"><item itemprop=\"streetAddress\">M\u00e4ssv\u00e4gen 1<\/item><\/span><\/div><div itemprop=\"organizer\" itemscope=\"\" itemtype=\"http:\/\/schema.org\/Organization\"><meta itemprop=\"name\" content=\"Stockholmsm\u00e4ssan\">\n\t\t\t\t    \t<\/div><div itemprop=\"performer\" itemscope=\"\" itemtype=\"http:\/\/schema.org\/Person\"><meta itemprop=\"name\" content=\"Stockholmsm\u00e4ssan\"><\/div><script type=\"application\/ld+json\">{\"@context\": \"http:\/\/schema.org\",\"@type\": \"Event\",\n\t\t\t\t\"@id\": \"event_28443_0\",\n\t\t\t\t\"eventAttendanceMode\":\"https:\/\/schema.org\/OfflineEventAttendanceMode\",\n\t\t\t\t\"eventStatus\":\"https:\/\/schema.org\/EventScheduled\",\n\t\t\t\t\"name\": \"Totalf\u00f6rsvarsm\u00e4ssan\",\n\t\t\t\t\"url\": \"https:\/\/itbranschen.com\/de\/events\/totalforsvarsmassan-2026\/\",\n\t\t\t\t\"startDate\": \"2026-10-20\",\n\t\t\t\t\"endDate\": \"2026-10-22\",\n\t\t\t\t\"image\":\"https:\/\/itbranschen.com\/wp-content\/uploads\/2026\/07\/Totalforsvarsmassan.jpg\", \n\t\t\t\t\"description\":\"<p><\/p> <p class=\"wp-block-paragraph\"><strong><a href='https:\/\/itbranschen.com\/tag\/totalforsvarsmassan\/' data-type='post_tag' data-id='2826'>Totalf\u00f6rsvarsm\u00e4ssan<\/a> \u00e4r Sveriges ledande m\u00f6tesplats f\u00f6r totalf\u00f6rsvar, samh\u00e4llss\u00e4kerhet och nationell beredskap. H\u00e4r samlas beslutsfattare, myndigheter, F\u00f6rsvarsmakten, n\u00e4ringslivet, kommuner, regioner, forskningsinstitut och teknikleverant\u00f6rer f\u00f6r att tillsammans st\u00e4rka Sveriges motst\u00e5ndskraft inf\u00f6r framtidens utmaningar.<\/strong><\/p> <p><\/p> <p><\/p> <p class=\"wp-block-paragraph\">I en tid d\u00e4r s\u00e4kerhetsl\u00e4get f\u00f6r\u00e4ndras snabbt spelar samverkan mellan civila och milit\u00e4ra akt\u00f6rer en avg\u00f6rande roll. Totalf\u00f6rsvarsm\u00e4ssan fungerar som en nationell plattform d\u00e4r kunskap, innovation och erfarenheter m\u00f6ts f\u00f6r att utveckla framtidens totalf\u00f6rsvar. Genom inspirerande f\u00f6rel\u00e4sningar, expertpaneler, utst\u00e4llningar och praktiska demonstrationer f\u00e5r bes\u00f6karna en unik inblick i de senaste l\u00f6sningarna inom f\u00f6rsvar, <a href='https:\/\/itbranschen.com\/category\/cybersakerhet\/'>cybers\u00e4kerhet<\/a>, kritisk infrastruktur, krisberedskap och civil motst\u00e5ndskraft.<\/p> <p><\/p> <p><\/p> <p class=\"wp-block-paragraph\">M\u00e4ssan arrangeras parallellt med <strong><a href='https:\/\/totalforsvarsmassan.se\/' target='_blank' data-schema-attribute='mentions' rel='noreferrer noopener sponsored'>SKYDD<\/a><\/strong>, Nordens ledande m\u00f6tesplats f\u00f6r s\u00e4kerhet, brandskydd och samh\u00e4llsskydd, vilket skapar en unik arena d\u00e4r hela s\u00e4kerhets- och beredskapsekosystemet samlas under samma tak.<\/p> <p><\/p> <p><\/p> <h2 class='wp-block-heading'>F\u00f6r utst\u00e4llare<\/h2> <p><\/p> <p><\/p> <p class=\"wp-block-paragraph\">Som utst\u00e4llare f\u00e5r du m\u00f6jlighet att m\u00f6ta en av Sveriges mest kvalificerade m\u00e5lgrupper inom totalf\u00f6rsvar och samh\u00e4llss\u00e4kerhet. H\u00e4r finns beslutsfattare fr\u00e5n statliga myndigheter, kommuner, regioner, F\u00f6rsvarsmakten, civilf\u00f6rsvaret, bl\u00e5ljusmyndigheter, offentlig sektor och ledande f\u00f6retag med ansvar f\u00f6r Sveriges s\u00e4kerhet och beredskap.<\/p> <p><\/p> <p><\/p> <p class=\"wp-block-paragraph\">M\u00e4ssan erbjuder en effektiv plattform f\u00f6r att:<\/p> <p><\/p> <p><\/p> <ul class='wp-block-list'><\/p> <li>Presentera nya produkter, tj\u00e4nster och innovationer.<\/li> <p><\/p> <p><\/p> <li>Bygga relationer med beslutsfattare och ink\u00f6pare.<\/li> <p><\/p> <p><\/p> <li>Identifiera nya aff\u00e4rsm\u00f6jligheter och strategiska partnerskap.<\/li> <p><\/p> <p><\/p> <li>St\u00e4rka varum\u00e4rket inom f\u00f6rsvars- och s\u00e4kerhetssektorn.<\/li> <p><\/p> <p><\/p> <li>Bidra till utvecklingen av Sveriges framtida totalf\u00f6rsvar.<\/li> <p><\/ul> <p><\/p> <p><\/p> <h2 class='wp-block-heading'>F\u00f6r bes\u00f6kare<\/h2> <p><\/p> <p><\/p> <p class=\"wp-block-paragraph\">Totalf\u00f6rsvarsm\u00e4ssan erbjuder tre dagar fyllda med kunskap, inspiration och n\u00e4tverkande. H\u00e4r m\u00f6ter du myndigheter, F\u00f6rsvarsmakten, s\u00e4kerhetsf\u00f6retag, teknikleverant\u00f6rer, forskningsorganisationer och frivilligorganisationer som tillsammans visar hur Sverige st\u00e4rker sin f\u00f6rm\u00e5ga att m\u00f6ta framtidens s\u00e4kerhetsutmaningar.<\/p> <p><\/p> <p><\/p> <p class=\"wp-block-paragraph\">Bes\u00f6kare f\u00e5r ta del av de senaste innovationerna inom:<\/p> <p><\/p> <p><\/p> <ul class='wp-block-list'><\/p> <li><a href='https:\/\/itbranschen.com\/category\/cybersakerhet\/'>Cybers\u00e4kerhet<\/a><\/li> <p><\/p> <p><\/p> <li><a href='https:\/\/itbranschen.com\/category\/artificiell-intelligens\/'>AI<\/a> och <a href='https:\/\/itbranschen.com\/category\/digitalisering\/'>digitalisering<\/a><\/li> <p><\/p> <p><\/p> <li>Kritisk infrastruktur<\/li> <p><\/p> <p><\/p> <li>Kommunikationssystem<\/li> <p><\/p> <p><\/p> <li>Krisledning och beredskap<\/li> <p><\/p> <p><\/p> <li>F\u00f6rsvarsteknik<\/li> <p><\/p> <p><\/p> <li>Civilf\u00f6rsvar<\/li> <p><\/p> <p><\/p> <li>Samh\u00e4llsskydd<\/li> <p><\/p> <p><\/p> <li>Logistik och f\u00f6rs\u00f6rjningsberedskap<\/li> <p><\/p> <p><\/p> <li>Dr\u00f6narteknik och autonoma system<\/li> <p><\/ul> <p><\/p> <p><\/p> <p class=\"wp-block-paragraph\">Oavsett om du arbetar inom offentlig sektor, n\u00e4ringslivet eller f\u00f6rsvarsindustrin ger m\u00e4ssan v\u00e4rdefulla insikter och m\u00f6jligheter att skapa nya samarbeten.<\/p> <p><\/p> <p><\/p> <h2 class='wp-block-heading'>Vad h\u00e4nder p\u00e5 m\u00e4ssan?<\/h2> <p><\/p> <p><\/p> <p class=\"wp-block-paragraph\">Under tre intensiva dagar erbjuds ett omfattande program med keynote-talare, paneldiskussioner, expertseminarier och framtidsspaningar fr\u00e5n n\u00e5gra av Sveriges fr\u00e4msta experter inom totalf\u00f6rsvar och samh\u00e4llss\u00e4kerhet.<\/p> <p><\/p> <p><\/p> <p class=\"wp-block-paragraph\">Programmet omfattar bland annat:<\/p> <p><\/p> <p><\/p> <ul class='wp-block-list'><\/p> <li>Aktuella omv\u00e4rldsanalyser och s\u00e4kerhetspolitiska perspektiv.<\/li> <p><\/p> <p><\/p> <li>Paneldiskussioner om Sveriges framtida totalf\u00f6rsvar.<\/li> <p><\/p> <p><\/p> <li>Tekniska demonstrationer och produktlanseringar.<\/li> <p><\/p> <p><\/p> <li>Seminarier om <a href='https:\/\/itbranschen.com\/category\/cybersakerhet\/'>cybers\u00e4kerhet<\/a>, <a href='https:\/\/itbranschen.com\/category\/artificiell-intelligens\/'>AI<\/a> och kritisk infrastruktur.<\/li> <p><\/p> <p><\/p> <li>N\u00e4tverkstr\u00e4ffar och aff\u00e4rsm\u00f6ten.<\/li> <p><\/p> <p><\/p> <li>Innovationsomr\u00e5den d\u00e4r nya l\u00f6sningar visas upp.<\/li> <p><\/p> <p><\/p> <li>M\u00f6jligheter att tr\u00e4ffa ledande myndigheter, f\u00f6retag och organisationer.<\/li> <p><\/ul> <p><\/p> <p><\/p> <p class=\"wp-block-paragraph\">Totalf\u00f6rsvarsm\u00e4ssan \u00e4r mer \u00e4n en traditionell m\u00e4ssa. Den \u00e4r en strategisk m\u00f6tesplats d\u00e4r kunskap, innovation och samverkan bidrar till att st\u00e4rka Sveriges s\u00e4kerhet, beredskap och motst\u00e5ndskraft inf\u00f6r framtidens utmaningar.<\/p> <p><\/p> \",\"location\":[{\"@type\":\"Place\",\"name\":\"Stockholmsm\u00e4ssan\",\"address\":{\"@type\": \"PostalAddress\",\"streetAddress\":\"M\u00e4ssv\u00e4gen 1\"}}],\"organizer\":[{\"@type\":\"Organization\",\"name\":\"Stockholmsm\u00e4ssan\"}]}<\/script><\/div>\n\t\t\t\t<p class=\"desc_trig_outter\" style=\"\"><a data-gmtrig=\"1\" data-exlk=\"0\" style=\"background-color: #0647fb;\" id=\"evc_179244720028443\" href=\"#\" class=\"desc_trig featured_event 1 mul_val evcal_list_a allday\" data-ux_val=\"3\" data-ux_val_mob=\"-\"  ><span class='evoet_in'><span class='evoet_c2 evoet_cx '><span class='evoet_dayblock evcal_cblock ' data-bgcolor='#0647fb' data-smon='oktober' data-syr='2026' data-bub=''><span class='evo_start  evofxdrc'><em class='date'>20<\/em><em class='month'>okt<\/em><em class='time'>Hela dagen<\/em><\/span><span class='evo_end  evofxdrc'><em class='date'>22<\/em><\/span><\/span><\/span><span class='evoet_c3 evoet_cx evcal_desc hide_eventtopdata '><span class='evoet_title evcal_desc2 evcal_event_title ' itemprop='name'>Totalf\u00f6rsvarsm\u00e4ssan<\/span><span class='event_location_attrs evodni'  data-location_address=\"M\u00e4ssv\u00e4gen 1\" data-location_type=\"lonlat\" data-location_name=\"Stockholmsm\u00e4ssan\" data-location_url=\"https:\/\/itbranschen.com\/de\/event-location\/stockholmsmassan\/\" data-location_status=\"true\" data-locid=\"7491\" data-latlng=\"59.2766079,18.0110314\"><\/span><span class='evoet_cy evoet_subtitle evo_below_title' ><span class='evcal_event_subtitle ' >Sveriges m\u00f6tesplats f\u00f6r totalf\u00f6rsvar, cybers\u00e4kerhet och samh\u00e4llsberedskap<\/span><\/span><\/span><\/span><span class='evoet_data' style='display:none' data-d=\"{&quot;loc.n&quot;:&quot;Stockholmsm\\u00e4ssan&quot;,&quot;orgs&quot;:{&quot;7492&quot;:&quot;Stockholmsm\\u00e4ssan&quot;},&quot;tags&quot;:{&quot;featured&quot;:&quot;Utvalt&quot;}}\" data-bgc=\"#0647fb\" data-bggrad=\"\" ><\/span><\/a><\/p><div class='event_description evcal_eventcard ' style=\"display:none\"><div class='evocard_row'><div id='event_ftimage' class='evocard_box ftimage' data-c='' \n\t\t\t\t\tstyle=''><div class='evocard_main_image_hold' data-t='L\u00e4ser in bild..'><div class='evocard_main_image evo_img_triglb evocd_img_full evobr15 evobgsc evobgpc evodfx evofx_jc_c evofx_ai_c evofz48 full' style='height:400px; background-image:url();' data-f=\"https:\/\/itbranschen.com\/wp-content\/uploads\/2026\/07\/Totalforsvarsmassan.jpg\" data-h=\"675\" data-w=\"1200\" data-ratio=\"0.5625\" data-event_id=\"28443\" data-ri=\"0\"  data-t='L\u00e4ser in bild..'><span style='height:400px; background-image:url(https:\/\/itbranschen.com\/wp-content\/uploads\/2026\/07\/Totalforsvarsmassan.jpg)'><\/span><\/div><\/div><\/div><\/div><!-- row close --><div class='evocard_row'><div id='event_eventdetails' class='evocard_box eventdetails' data-c='' \n\t\t\t\t\tstyle=''><div class=\"evo_metarow_details evorow evcal_evdata_row evcal_event_details\">\n    <div class=\"event_excerpt\" style=\"display:none\"><h3 class=\"padb5 evo_h3\">Evenemangsdetaljer<\/h3><p>Totalf\u00f6rsvarsm\u00e4ssan \u00e4r Sveriges ledande m\u00f6tesplats f\u00f6r totalf\u00f6rsvar, samh\u00e4llss\u00e4kerhet och nationell beredskap. H\u00e4r samlas beslutsfattare, myndigheter, F\u00f6rsvarsmakten, n\u00e4ringslivet, kommuner, regioner, forskningsinstitut och teknikleverant\u00f6rer f\u00f6r att tillsammans<\/p><\/div><span class='evcal_evdata_icons'><i class='fa fa-align-justify'><\/i><\/span>    <div class=\"evcal_evdata_cell \">\n        <div class=\"eventon_full_description\">\n            <h3 class=\"padb5 evo_h3\"><span class='evcal_evdata_icons'><i class='fa fa-align-justify'><\/i><\/span>Evenemangsdetaljer<\/h3>\n            <div class=\"eventon_desc_in\" itemprop=\"description\">\n                <p><\/p>\n<p class=\"wp-block-paragraph\"><strong><a href=\"https:\/\/itbranschen.com\/tag\/totalforsvarsmassan\/\" data-type=\"post_tag\" data-id=\"2826\">Totalf\u00f6rsvarsm\u00e4ssan<\/a> \u00e4r Sveriges ledande m\u00f6tesplats f\u00f6r totalf\u00f6rsvar, samh\u00e4llss\u00e4kerhet och nationell beredskap. H\u00e4r samlas beslutsfattare, myndigheter, F\u00f6rsvarsmakten, n\u00e4ringslivet, kommuner, regioner, forskningsinstitut och teknikleverant\u00f6rer f\u00f6r att tillsammans st\u00e4rka Sveriges motst\u00e5ndskraft inf\u00f6r framtidens utmaningar.<\/strong><\/p>\n<p><\/p>\n<p><\/p>\n<p class=\"wp-block-paragraph\">I en tid d\u00e4r s\u00e4kerhetsl\u00e4get f\u00f6r\u00e4ndras snabbt spelar samverkan mellan civila och milit\u00e4ra akt\u00f6rer en avg\u00f6rande roll. Totalf\u00f6rsvarsm\u00e4ssan fungerar som en nationell plattform d\u00e4r kunskap, innovation och erfarenheter m\u00f6ts f\u00f6r att utveckla framtidens totalf\u00f6rsvar. Genom inspirerande f\u00f6rel\u00e4sningar, expertpaneler, utst\u00e4llningar och praktiska demonstrationer f\u00e5r bes\u00f6karna en unik inblick i de senaste l\u00f6sningarna inom f\u00f6rsvar, <a href=\"https:\/\/itbranschen.com\/category\/cybersakerhet\/\">cybers\u00e4kerhet<\/a>, kritisk infrastruktur, krisberedskap och civil motst\u00e5ndskraft.<\/p>\n<p><\/p>\n<p><\/p>\n<p class=\"wp-block-paragraph\">M\u00e4ssan arrangeras parallellt med <strong><a href=\"https:\/\/totalforsvarsmassan.se\/\" target=\"_blank\" data-schema-attribute=\"mentions\" rel=\"noreferrer noopener sponsored\">SKYDD<\/a><\/strong>, Nordens ledande m\u00f6tesplats f\u00f6r s\u00e4kerhet, brandskydd och samh\u00e4llsskydd, vilket skapar en unik arena d\u00e4r hela s\u00e4kerhets- och beredskapsekosystemet samlas under samma tak.<\/p>\n<p><\/p>\n<p><\/p>\n<h2 class=\"wp-block-heading\">F\u00f6r utst\u00e4llare<\/h2>\n<p><\/p>\n<p><\/p>\n<p class=\"wp-block-paragraph\">Som utst\u00e4llare f\u00e5r du m\u00f6jlighet att m\u00f6ta en av Sveriges mest kvalificerade m\u00e5lgrupper inom totalf\u00f6rsvar och samh\u00e4llss\u00e4kerhet. H\u00e4r finns beslutsfattare fr\u00e5n statliga myndigheter, kommuner, regioner, F\u00f6rsvarsmakten, civilf\u00f6rsvaret, bl\u00e5ljusmyndigheter, offentlig sektor och ledande f\u00f6retag med ansvar f\u00f6r Sveriges s\u00e4kerhet och beredskap.<\/p>\n<p><\/p>\n<p><\/p>\n<p class=\"wp-block-paragraph\">M\u00e4ssan erbjuder en effektiv plattform f\u00f6r att:<\/p>\n<p><\/p>\n<p><\/p>\n<ul class=\"wp-block-list\"><\/p>\n<li>Presentera nya produkter, tj\u00e4nster och innovationer.<\/li>\n<p><\/p>\n<p><\/p>\n<li>Bygga relationer med beslutsfattare och ink\u00f6pare.<\/li>\n<p><\/p>\n<p><\/p>\n<li>Identifiera nya aff\u00e4rsm\u00f6jligheter och strategiska partnerskap.<\/li>\n<p><\/p>\n<p><\/p>\n<li>St\u00e4rka varum\u00e4rket inom f\u00f6rsvars- och s\u00e4kerhetssektorn.<\/li>\n<p><\/p>\n<p><\/p>\n<li>Bidra till utvecklingen av Sveriges framtida totalf\u00f6rsvar.<\/li>\n<p><\/ul>\n<p><\/p>\n<p><\/p>\n<h2 class=\"wp-block-heading\">F\u00f6r bes\u00f6kare<\/h2>\n<p><\/p>\n<p><\/p>\n<p class=\"wp-block-paragraph\">Totalf\u00f6rsvarsm\u00e4ssan erbjuder tre dagar fyllda med kunskap, inspiration och n\u00e4tverkande. H\u00e4r m\u00f6ter du myndigheter, F\u00f6rsvarsmakten, s\u00e4kerhetsf\u00f6retag, teknikleverant\u00f6rer, forskningsorganisationer och frivilligorganisationer som tillsammans visar hur Sverige st\u00e4rker sin f\u00f6rm\u00e5ga att m\u00f6ta framtidens s\u00e4kerhetsutmaningar.<\/p>\n<p><\/p>\n<p><\/p>\n<p class=\"wp-block-paragraph\">Bes\u00f6kare f\u00e5r ta del av de senaste innovationerna inom:<\/p>\n<p><\/p>\n<p><\/p>\n<ul class=\"wp-block-list\"><\/p>\n<li><a href=\"https:\/\/itbranschen.com\/category\/cybersakerhet\/\">Cybers\u00e4kerhet<\/a><\/li>\n<p><\/p>\n<p><\/p>\n<li><a href=\"https:\/\/itbranschen.com\/category\/artificiell-intelligens\/\">AI<\/a> och <a href=\"https:\/\/itbranschen.com\/category\/digitalisering\/\">digitalisering<\/a><\/li>\n<p><\/p>\n<p><\/p>\n<li>Kritisk infrastruktur<\/li>\n<p><\/p>\n<p><\/p>\n<li>Kommunikationssystem<\/li>\n<p><\/p>\n<p><\/p>\n<li>Krisledning och beredskap<\/li>\n<p><\/p>\n<p><\/p>\n<li>F\u00f6rsvarsteknik<\/li>\n<p><\/p>\n<p><\/p>\n<li>Civilf\u00f6rsvar<\/li>\n<p><\/p>\n<p><\/p>\n<li>Samh\u00e4llsskydd<\/li>\n<p><\/p>\n<p><\/p>\n<li>Logistik och f\u00f6rs\u00f6rjningsberedskap<\/li>\n<p><\/p>\n<p><\/p>\n<li>Dr\u00f6narteknik och autonoma system<\/li>\n<p><\/ul>\n<p><\/p>\n<p><\/p>\n<p class=\"wp-block-paragraph\">Oavsett om du arbetar inom offentlig sektor, n\u00e4ringslivet eller f\u00f6rsvarsindustrin ger m\u00e4ssan v\u00e4rdefulla insikter och m\u00f6jligheter att skapa nya samarbeten.<\/p>\n<p><\/p>\n<p><\/p>\n<h2 class=\"wp-block-heading\">Vad h\u00e4nder p\u00e5 m\u00e4ssan?<\/h2>\n<p><\/p>\n<p><\/p>\n<p class=\"wp-block-paragraph\">Under tre intensiva dagar erbjuds ett omfattande program med keynote-talare, paneldiskussioner, expertseminarier och framtidsspaningar fr\u00e5n n\u00e5gra av Sveriges fr\u00e4msta experter inom totalf\u00f6rsvar och samh\u00e4llss\u00e4kerhet.<\/p>\n<p><\/p>\n<p><\/p>\n<p class=\"wp-block-paragraph\">Programmet omfattar bland annat:<\/p>\n<p><\/p>\n<p><\/p>\n<ul class=\"wp-block-list\"><\/p>\n<li>Aktuella omv\u00e4rldsanalyser och s\u00e4kerhetspolitiska perspektiv.<\/li>\n<p><\/p>\n<p><\/p>\n<li>Paneldiskussioner om Sveriges framtida totalf\u00f6rsvar.<\/li>\n<p><\/p>\n<p><\/p>\n<li>Tekniska demonstrationer och produktlanseringar.<\/li>\n<p><\/p>\n<p><\/p>\n<li>Seminarier om <a href=\"https:\/\/itbranschen.com\/category\/cybersakerhet\/\">cybers\u00e4kerhet<\/a>, <a href=\"https:\/\/itbranschen.com\/category\/artificiell-intelligens\/\">AI<\/a> och kritisk infrastruktur.<\/li>\n<p><\/p>\n<p><\/p>\n<li>N\u00e4tverkstr\u00e4ffar och aff\u00e4rsm\u00f6ten.<\/li>\n<p><\/p>\n<p><\/p>\n<li>Innovationsomr\u00e5den d\u00e4r nya l\u00f6sningar visas upp.<\/li>\n<p><\/p>\n<p><\/p>\n<li>M\u00f6jligheter att tr\u00e4ffa ledande myndigheter, f\u00f6retag och organisationer.<\/li>\n<p><\/ul>\n<p><\/p>\n<p><\/p>\n<p class=\"wp-block-paragraph\">Totalf\u00f6rsvarsm\u00e4ssan \u00e4r mer \u00e4n en traditionell m\u00e4ssa. Den \u00e4r en strategisk m\u00f6tesplats d\u00e4r kunskap, innovation och samverkan bidrar till att st\u00e4rka Sveriges s\u00e4kerhet, beredskap och motst\u00e5ndskraft inf\u00f6r framtidens utmaningar.<\/p>\n<p><\/p>\n            <\/div>\n            <div class='clear'><\/div>        <\/div>\n    <\/div>\n<\/div><\/div><\/div><!-- row close --><div class='evocard_row bx2 bx'><div id='event_time' class='evocard_box time' data-c='' \n\t\t\t\t\tstyle=''><div class='evo_metarow_time evorow evcal_evdata_row evcal_evrow_sm '>\n\t\t<span class='evcal_evdata_icons'><i class='fa fa-clock'><\/i><\/span>\n\t\t<div class='evcal_evdata_cell'>\t\t\t\t\t\t\t\n\t\t\t<h3 class='evo_h3'><span class='evcal_evdata_icons'><i class='fa fa-clock'><\/i><\/span>Tid<\/h3><div><span class='evo_eventcard_time_t evogap5 evofxww'><span class=\"start\">oktober 20, 2026<\/span>  - <span class=\"end\">oktober 22, 2026<\/span> (Hela dagen)<\/span><span class='evo_tz marr5'>(GMT+02:00)<\/span><\/div>\n\t\t<\/div>\n\t<\/div><\/div><div id='event_location' class='evocard_box location' data-c='' \n\t\t\t\t\tstyle=''><div class='evcal_evdata_row evo_metarow_time_location evorow '>\n\t\t\n\t\t\t<span class='evcal_evdata_icons'><i class='fa fa-map-marker'><\/i><\/span>\n\t\t\t<div class='evcal_evdata_cell' data-loc_tax_id='7491'><h3 class='evo_h3 evodfx'><span class='evcal_evdata_icons'><i class='fa fa-map-marker'><\/i><\/span><a class=\"evo_event_loc_link evocl1i\" target=\"_blank\" href=\"https:\/\/totalforsvarsmassan.se\/\" rel=\"noopener\">Plats<\/a><\/h3><p class='evo_location_name evofwb evofz16i'><a class=\"evo_event_loc_link evocl1i\" target=\"_blank\" href=\"https:\/\/totalforsvarsmassan.se\/\" rel=\"noopener\">Stockholmsm\u00e4ssan<\/a><\/p><p class='evo_location_address evodfxi evofxaic evogap10'><a class=\"evo_event_loc_link evocl1i\" target=\"_blank\" href=\"https:\/\/totalforsvarsmassan.se\/\" rel=\"noopener\">M\u00e4ssv\u00e4gen 1<\/a><button class='evo_copy_address evobuttonA evocurp evohoop7 evopad5' style='' data-txt='M\u00e4ssv\u00e4gen 1' data-t='Adressen har kopierats till urklipp!'><i class='far fa-copy evofz16i' title='Kopiera destinationsadress!' aria-label='Kopiera destinationsadress!'><\/i><\/button><\/p><div class='evo_event_loc_contacts evopadt5'>\n\t\t\t\t\t\t<p class='evo_location_contact'>08 749 41 00 | <a href='mailto:info@stockholmsmassan.se'>info@stockholmsmassan.se<\/a><\/p><\/div><div class='evodfx evofxdrr evogap10 evofxaic evomart20i'><div class=''><button class='evosp_trigger evobrn evoboxsn evobgclg20 evoff_2 evodfx evofxdrr evogap5 evofxaic evocurp evofwb evoHKx2 evoHbgclg30 evopad5-10i evobr10 evocl1i evofz14i' data-lbvals=\"{&quot;lbdata&quot;:{&quot;class&quot;:&quot;evo_location_lb_7491&quot;,&quot;additional_class&quot;:&quot;lb_max&quot;,&quot;title&quot;:&quot;Stockholmsm\\u00e4ssan&quot;},&quot;adata&quot;:{&quot;a&quot;:&quot;eventon_get_tax_card_content&quot;,&quot;end&quot;:&quot;client&quot;,&quot;data&quot;:{&quot;lang&quot;:&quot;L1&quot;,&quot;term_id&quot;:7491,&quot;tax&quot;:&quot;event_location&quot;,&quot;load_lbcontent&quot;:true}},&quot;uid&quot;:&quot;eventon_get_tax_card_content&quot;}\" data-d=\"{&quot;sp_id&quot;:&quot;evo_location_7491&quot;,&quot;adata&quot;:{&quot;a&quot;:&quot;eventon_get_tax_card_content&quot;,&quot;data&quot;:{&quot;eventid&quot;:28443,&quot;ri&quot;:0,&quot;term_id&quot;:7491,&quot;tax&quot;:&quot;event_location&quot;,&quot;load_lbcontent&quot;:true,&quot;lang&quot;:&quot;L1&quot;}},&quot;size&quot;:&quot;lar&quot;,&quot;fresh_content&quot;:true}\" >Andra evenemang<i class='fa fa-chevron-right evofz12i evokid evotrans' aria-hidden='true' style='margin-top:2px;'><\/i><\/button><\/div><\/div><\/div>\n\t\t\n\t<\/div><\/div><\/div><!-- row close --><div class='evocard_row'><div id='event_addtocal' class='evocard_box addtocal' data-c='' \n\t\t\t\t\tstyle=''><div class='evo_metarow_ICS evorow evcal_evdata_row'>\n\t\t\t<span class='evcal_evdata_icons'><i class='fa fa-calendar-o'><\/i><\/span>\n\t\t\t<div class='evcal_evdata_cell'>\n\t\t\t\t<p><a href=\"https:\/\/itbranschen.com\/de\/export-events\/28443_0\/?key=f5ade1463c\" rel=\"nofollow\" class=\"evo_ics_nCal\" title=\"L\u00e4gg till i din kalender\">Kalender<\/a><a href=\"https:\/\/www.google.com\/calendar\/event?action=TEMPLATE&amp;text=Totalf%C3%B6rsvarsm%C3%A4ssan&amp;dates=20261019T220000Z\/20261022T215959Z&amp;ctz=Europe%2FStockholm&amp;details=Totalf%C3%B6rsvarsm%C3%A4ssan&amp;location=Stockholmsm%C3%A4ssan%20M%C3%A4ssv%C3%A4gen%201\" target=\"_blank\" rel=\"nofollow noopener\" class=\"evo_ics_gCal\" title=\"L\u00e4gg till i Google Kalender\">GoogleCal<\/a><\/p>\t\n\t\t\t<\/div>\n\t\t<\/div><\/div><\/div><!-- row close --><div class='evocard_row'><div id='event_organizer' class='evocard_box organizer' data-c='' \n\t\t\t\t\tstyle=''><div class='evo_metarow_organizer evorow evcal_evdata_row evcal_evrow_sm '>\n\t\t<span class='evcal_evdata_icons'><i class='fa fa-microphone'><\/i><\/span>\n\t\t<div class='evcal_evdata_cell'>\t\t\t\t\t\t\t\n\t\t\t<h3 class='evo_h3'>Arrang\u00f6r<\/h3><div class='evo_evdata_cell_content evodfx evofxww evofxdrr evogap30'><div class='evo_card_organizer evofx_1 evodfx evofxdrr evogap15'><p class='evo_data_val evo_card_organizer_image'>\n\t\t\t<img decoding=\"async\" class=\"evosp_trigger evo_curp evo_transit_all evo_trans_sc1_03 evo_boxsh_1\" data-d=\"{&quot;sp_id&quot;:&quot;evo_organizer_7492&quot;,&quot;adata&quot;:{&quot;a&quot;:&quot;eventon_get_tax_card_content&quot;,&quot;data&quot;:{&quot;eventid&quot;:28443,&quot;ri&quot;:0,&quot;term_id&quot;:7492,&quot;tax&quot;:&quot;event_organizer&quot;,&quot;load_lbcontent&quot;:true,&quot;lang&quot;:&quot;L1&quot;}},&quot;size&quot;:&quot;lar&quot;,&quot;fresh_content&quot;:true}\" src=\"https:\/\/itbranschen.com\/wp-content\/uploads\/2026\/07\/Stockholmsmassan-logo-1-300x300.png\" alt=\"Stockholmsm\u00e4ssans officiella logotyp, Nordens ledande arrang\u00f6r av internationella m\u00e4ssor, kongresser och konferenser.\" title=\"| IT-Branschen\"><\/p><div class='evodfx evofxdrc evofxjcfs'><h4 class='evo_org_name evo_h4 marb5 evottui evocl1i evopadb10i'><span class='evo_card_organizer_name_t marb5'><a target=\"_blank\" href=\"https:\/\/itbranschen.com\/de\/event-organizer\/stockholmsmassan\/\" class=\"evocl1i\">Stockholmsm\u00e4ssan<\/a><\/span><\/h4><div class='evo_org_details'>Nordens ledande arrang\u00f6r av internationella m\u00e4ssor, konferenser och m\u00f6tesplatser f\u00f6r n\u00e4ringsliv, innovation och samh\u00e4llsutveckling.<button class='evo_organizer_more_trig evonobtn2 evobutton evoff_2 evobgclg30 evoHbgclg50 evoop7 evohoop10 evotrans evobr5 evomarl5 evofz12' style='    padding: 2px 5px;font-size: 11px;'>L\u00e4s mer.<\/button><\/div><div class='evo_org_details_full evodni'>Stockholmsm\u00e4ssan \u00e4r Nordens st\u00f6rsta arrang\u00f6r av internationella m\u00e4ssor, kongresser och konferenser. Varje \u00e5r samlar anl\u00e4ggningen hundratusentals bes\u00f6kare, tusentals utst\u00e4llare och ledande beslutsfattare fr\u00e5n n\u00e4ringsliv, offentlig sektor, forskning och internationella organisationer.\r\n\r\nGenom ett brett utbud av branschledande evenemang skapar Stockholmsm\u00e4ssan m\u00f6tesplatser d\u00e4r innovation, aff\u00e4rsutveckling och kunskapsutbyte st\u00e5r i centrum. Inom omr\u00e5den som cybers\u00e4kerhet, totalf\u00f6rsvar, digitalisering, h\u00e5llbarhet, teknik och samh\u00e4llsutveckling erbjuder Stockholmsm\u00e4ssan en plattform d\u00e4r f\u00f6retag, myndigheter och organisationer kan m\u00f6tas, bygga relationer och forma framtidens l\u00f6sningar.\r\n\r\nSom arrang\u00f6r av bland annat SKYDD, Totalf\u00f6rsvarsm\u00e4ssan och ett stort antal internationella m\u00e4ssor spelar Stockholmsm\u00e4ssan en central roll i utvecklingen av Sveriges m\u00f6tes- och evenemangsindustri.<\/div><p class='evo_card_organizer_more'><a class=' evosp_trigger mart10 evodifx evofxdrr evogap5 evofxaic evocurp evofwb evoHKx2 evobgclg20 evoHbgclg40 evopad5-10i evobr10 evocl1i evofz14i' data-d=\"{&quot;sp_id&quot;:&quot;evo_organizer_7492&quot;,&quot;adata&quot;:{&quot;a&quot;:&quot;eventon_get_tax_card_content&quot;,&quot;data&quot;:{&quot;eventid&quot;:28443,&quot;ri&quot;:0,&quot;term_id&quot;:7492,&quot;tax&quot;:&quot;event_organizer&quot;,&quot;load_lbcontent&quot;:true,&quot;lang&quot;:&quot;L1&quot;}},&quot;size&quot;:&quot;lar&quot;,&quot;fresh_content&quot;:true}\" >L\u00e4s mer<i class='fa fa-chevron-right evofz12i evokid evotrans' aria-hidden='true' style='margin-top:2px;'><\/i><\/a><\/p><\/div><\/div><!-- evo_card_organizer--><\/div><\/div>\t<\/div><\/div><\/div><!-- row close --><div class='evocard_row'><div id='event_gmap' class='evocard_box gmap' data-c='' \n\t\t\t\t\tstyle=''><div class='evo_map evoposr evoh100p'><div class='evo_metarow_gmap evcal_evdata_row evorow evcal_gmaps evc17924472006a96d0d701b8428443_gmap place' id='evc17924472006a96d0d701b8428443_gmap' style='max-width:none' data-name=\"Stockholmsm\u00e4ssan\" data-address=\"M\u00e4ssv\u00e4gen 1\" data-latlng=\"59.2766079,18.0110314\" data-location_type=\"place\" data-scroll=\"yes\" data-mty=\"roadmap\" data-zoom=\"14\" data-mapIcon=\"\" data-delay=\"400\" data-map_canvas_id=\"evc17924472006a96d0d701b8428443_gmap\" >\n\t\t<span class='evo_map_load_out evoposr evodb evobr15'>\n\t\t<i class='fa fa-location-dot evoposa'><\/i><span class='evo_map_load evoposr evodb'>\t\t\t\t\t\n\t\t\t\t\t<i class='a'><\/i>\n\t\t\t\t\t<i class='b'><\/i>\n\t\t\t\t\t<i class='c'><\/i>\n\t\t\t\t\t<i class='d'><\/i>\n\t\t\t\t\t<i class='e'><\/i>\n\t\t\t\t\t<i class='f'><\/i>\n\t\t\t\t<\/span><\/span>\n\t<\/div><div class='evo_gmap_bottom evoposa evobot0'><\/div><\/div><\/div><\/div><!-- row close --><div class='evocard_row'><div id='event_getdirection' class='evocard_box getdirection' data-c='' \n\t\t\t\t\tstyle=''><div class='evo_metarow_getDr evorow evcal_evdata_row evcal_evrow_sm getdirections'>\n\t\t<form action='https:\/\/maps.google.com\/maps' method='get' target='_blank'>\n\t\t\t<input type='hidden' name='daddr' value=\"M\u00e4ssv\u00e4gen 1\"\/> \n\t\t\t<div class='evo_get_direction_content evofxdrr evofxww evogap10'>\n\t\t\t\t<span class='evogetdir_header evodfx evofxdrr evofxaic evogap10'>\n\t\t\t\t\t<i class='mainicon fa fa-route evofz24i' aria-hidden='true'><\/i> \n\t\t\t\t\t<h3 class='evo_h3 evopad0i' style='padding-bottom:5px;'>F\u00e5 v\u00e4gbeskrivning<\/h3>\n\t\t\t\t<\/span>\t\t\t\t<p class=''>How do you plan to get there?<\/p>\n\t\t\t\t<div class='evodfx evofxdrr evofxaic evogap5'>\n\t\t\t\t\t\t\t\t\t\t\t<a href=\"https:\/\/www.google.com\/maps\/dir\/?api=1&amp;origin=Current+Location&amp;destination=M%C3%A4ssv%C3%A4gen+1&amp;travelmode=best\" target=\"_blank\" rel=\"noreferrer noopener\" aria-label=\"Best Route\" class=\"evodfx evofxdrr evogap5 evofxaic evocurp evohoop7o evofwb evoHKx2 evoHbgclg20 evopad10i evobr10 evocl1i evofz14i evonobtn\"><i class='fa fa-diamond-turn-right evotooltipfree' title='Best Route'><\/i><\/a>\t\t\t\t\t\t<a href=\"https:\/\/www.google.com\/maps\/dir\/?api=1&amp;origin=Current+Location&amp;destination=M%C3%A4ssv%C3%A4gen+1&amp;travelmode=driving\" target=\"_blank\" rel=\"noreferrer noopener\" aria-label=\"Driving\" class=\"evodfx evofxdrr evogap5 evofxaic evocurp evohoop7o evofwb evoHKx2 evoHbgclg20 evopad10i evobr10 evocl1i evofz14i evonobtn\"><i class='fa fa-car evotooltipfree' title='Driving'><\/i><\/a>\t\t\t\t\t\t<a href=\"https:\/\/www.google.com\/maps\/dir\/?api=1&amp;origin=Current+Location&amp;destination=M%C3%A4ssv%C3%A4gen+1&amp;travelmode=transit\" target=\"_blank\" rel=\"noreferrer noopener\" aria-label=\"Transit\" class=\"evodfx evofxdrr evogap5 evofxaic evocurp evohoop7o evofwb evoHKx2 evoHbgclg20 evopad10i evobr10 evocl1i evofz14i evonobtn\"><i class='fa fa-bus evotooltipfree' title='Transit'><\/i><\/a>\t\t\t\t\t\t<a href=\"https:\/\/www.google.com\/maps\/dir\/?api=1&amp;origin=Current+Location&amp;destination=M%C3%A4ssv%C3%A4gen+1&amp;travelmode=walking\" target=\"_blank\" rel=\"noreferrer noopener\" aria-label=\"Walking\" class=\"evodfx evofxdrr evogap5 evofxaic evocurp evohoop7o evofwb evoHKx2 evoHbgclg20 evopad10i evobr10 evocl1i evofz14i evonobtn\"><i class='fa fa-person-walking evotooltipfree' title='Walking'><\/i><\/a>\t\t\t\t\t\t<a href=\"https:\/\/www.google.com\/maps\/dir\/?api=1&amp;origin=Current+Location&amp;destination=M%C3%A4ssv%C3%A4gen+1&amp;travelmode=bicycling\" target=\"_blank\" rel=\"noreferrer noopener\" aria-label=\"Bicycling\" class=\"evodfx evofxdrr evogap5 evofxaic evocurp evohoop7o evofwb evoHKx2 evoHbgclg20 evopad10i evobr10 evocl1i evofz14i evonobtn\"><i class='fa fa-person-biking evotooltipfree' title='Bicycling'><\/i><\/a>\t\n\t\t\t\t<\/div>\n\n\t\t\t\t<\/div>\n\t\t<\/form>\n\t<\/div><\/div><\/div><!-- row close --><button class='evo_card_row_end evcal_close' title='\"St\u00e4ng evenemang'><\/button><\/div><div class='clear end'><\/div><\/div><div id=\"event_29075_0\" class=\"eventon_list_event evo_eventtop scheduled  event clrW event_29075_0\" data-event_id=\"29075\" data-ri=\"0r\" data-time=\"1792648800-1792684800\" data-colr=\"#6cd7d2\" itemscope itemtype='http:\/\/schema.org\/Event'><div class=\"evo_event_schema\" style=\"display:none\" ><a itemprop=\"url\" href=\"https:\/\/itbranschen.com\/de\/events\/next-it-security-nordics-2026\/\"><\/a><meta itemprop='image' content=\"https:\/\/itbranschen.com\/wp-content\/uploads\/2026\/07\/Next-IT-Security-Nordics.jpg\" \/><meta itemprop='startDate' content=\"2026-10-22T08:00+2:00\" \/><meta itemprop='endDate' content=\"2026-10-22T18:00+2:00\" \/><meta itemprop='eventStatus' content=\"https:\/\/schema.org\/EventScheduled\" \/><meta itemprop='eventAttendanceMode'   itemscope itemtype=\"https:\/\/schema.org\/OfflineEventAttendanceMode\"\/><div style=\"display:none\" itemprop=\"location\" itemscope itemtype=\"http:\/\/schema.org\/Place\"><span itemprop=\"name\">Grand H\u00f4tel Stockholm<\/span><span itemprop=\"address\" itemscope itemtype=\"http:\/\/schema.org\/PostalAddress\"><item itemprop=\"streetAddress\">S\u00f6dra Blasieholmshamnen 8<\/item><\/span><\/div><div itemprop=\"offers\" itemscope itemtype=\"http:\/\/schema.org\/Offer\">\n\t\t\t\t        <div class=\"event-price\" itemprop=\"price\" content=\"990\">990<\/div>\n\t\t\t\t        <meta itemprop=\"priceCurrency\" content=\"\u20ac\">\n\t\t\t\t        <meta itemprop=\"url\" content=\"https:\/\/itbranschen.com\/de\/events\/next-it-security-nordics-2026\/\">\n\t\t\t\t        <meta itemprop=\"availability\" content=\"http:\/\/schema.org\/InStock\">\n\t\t\t\t        <meta itemprop=\"validFrom\" content=\"2026-10-22T08:00+2:00\">\n\t\t\t\t    <\/div><div itemprop=\"organizer\" itemscope=\"\" itemtype=\"http:\/\/schema.org\/Organization\"><meta itemprop=\"name\" content=\"Next IT Security\">\n\t\t\t\t    \t<meta itemprop=\"url\" content=\"https:\/\/nextitsecurity.com\/\"><\/div><div itemprop=\"performer\" itemscope=\"\" itemtype=\"http:\/\/schema.org\/Person\"><meta itemprop=\"name\" content=\"Next IT Security\"><\/div><script type=\"application\/ld+json\">{\"@context\": \"http:\/\/schema.org\",\"@type\": \"Event\",\n\t\t\t\t\"@id\": \"event_29075_0\",\n\t\t\t\t\"eventAttendanceMode\":\"https:\/\/schema.org\/OfflineEventAttendanceMode\",\n\t\t\t\t\"eventStatus\":\"https:\/\/schema.org\/EventScheduled\",\n\t\t\t\t\"name\": \"Next IT Security Nordics 2026\",\n\t\t\t\t\"url\": \"https:\/\/itbranschen.com\/de\/events\/next-it-security-nordics-2026\/\",\n\t\t\t\t\"startDate\": \"2026-10-22T08:00+2:00\",\n\t\t\t\t\"endDate\": \"2026-10-22T18:00+2:00\",\n\t\t\t\t\"image\":\"https:\/\/itbranschen.com\/wp-content\/uploads\/2026\/07\/Next-IT-Security-Nordics.jpg\", \n\t\t\t\t\"description\":\"<p><\/p> <p class=\"wp-block-paragraph\">Next IT Security Nordics 2026 \u00e4r ett exklusivt ledarskapsevent som samlar n\u00e5gra av Nordens och Europas fr\u00e4msta cybers\u00e4kerhetsledare f\u00f6r en heldag med strategiska diskussioner, erfarenhetsutbyte och n\u00e4tverkande p\u00e5 h\u00f6gsta niv\u00e5.<\/p> <p><\/p> <p><\/p> <p class=\"wp-block-paragraph\">Eventet \u00e4ger rum den <strong>22 oktober 2026<\/strong> p\u00e5 anrika <strong>Grand H\u00f4tel Stockholm<\/strong> och \u00e4r utformat som ett privat, inbjudningsbaserat forum f\u00f6r CISO, s\u00e4kerhetschefer, IT-ledare och andra seniora beslutsfattare. Med ett begr\u00e4nsat antal deltagare skapas en milj\u00f6 d\u00e4r varje m\u00f6te och varje diskussion \u00e4r relevant, konfidentiell och fokuserad p\u00e5 verkliga aff\u00e4rsutmaningar.<\/p> <p><\/p> <p><\/p> <p class=\"wp-block-paragraph\">Under dagen behandlas n\u00e5gra av de mest aktuella fr\u00e5gorna inom <a href='https:\/\/itbranschen.com\/category\/cybersakerhet\/'>cybers\u00e4kerhet<\/a> och digital motst\u00e5ndskraft. Programmet omfattar keynote-presentationer, expertpaneler, rundabordssamtal och individuella m\u00f6ten med ledande experter fr\u00e5n internationella organisationer, myndigheter och n\u00e4ringslivet.<\/p> <p><\/p> <p><\/p> <p class=\"wp-block-paragraph\"><strong>Bland \u00e5rets talare finns representanter fr\u00e5n bland annat INTERPOL, NATO Cooperative Cyber Defence Centre of Excellence (CCDCOE), Polismyndigheten, Sandvik, Alecta, RISE, BNP Paribas, Quinyx och flera andra ledande organisationer.<\/strong><\/p> <p><\/p> <p><\/p> <h3 class='wp-block-heading'>\u00c5rets huvudteman<\/h3> <p><\/p> <p><\/p> <p class=\"wp-block-paragraph\">\u2022 Nationell motst\u00e5ndskraft, regulatoriska krav och geopolitisk s\u00e4kerhet<\/p> <p><\/p> <p><\/p> <p class=\"wp-block-paragraph\">\u2022 Skydd av kritisk infrastruktur, OT-milj\u00f6er och leverant\u00f6rskedjor<\/p> <p><\/p> <p><\/p> <p class=\"wp-block-paragraph\">\u2022 <a href='https:\/\/itbranschen.com\/category\/artificiell-intelligens\/'>AI<\/a> Risk &amp; Governance<\/p> <p><\/p> <p><\/p> <p class=\"wp-block-paragraph\">\u2022 <a href='https:\/\/itbranschen.com\/category\/artificiell-intelligens\/'>AI<\/a>-driven <a href='https:\/\/itbranschen.com\/category\/cybersakerhet\/'>cybers\u00e4kerhet<\/a> och s\u00e4ker anv\u00e4ndning av <a href='https:\/\/itbranschen.com\/category\/artificiell-intelligens\/'>artificiell intelligens<\/a><\/p> <p><\/p> <p><\/p> <p class=\"wp-block-paragraph\">\u2022 Kompetensf\u00f6rs\u00f6rjning och framtidens cybers\u00e4kerhetsteam<\/p> <p><\/p> <p><\/p> <p class=\"wp-block-paragraph\">\u2022 Operativ motst\u00e5ndskraft och incidenthantering<\/p> <p><\/p> <p><\/p> <p class=\"wp-block-paragraph\">\u2022 Cyber governance och riskhantering<\/p> <p><\/p> <p><\/p> <p class=\"wp-block-paragraph\">Ut\u00f6ver konferensprogrammet erbjuds deltagarna strukturerade 1 till 1-m\u00f6ten, rundabordsdiskussioner samt en exklusiv Networking Dinner Cruise som avslutar dagen.<\/p> <p><\/p> <p><\/p> <p class=\"wp-block-paragraph\"><strong><a href='https:\/\/nextitsecurity.com\/' target='_blank' rel='noreferrer noopener'>Next IT Security Nordics<\/a><\/strong> riktar sig till organisationer som vill st\u00e4rka sin cybers\u00e4kerhetsstrategi, utbyta erfarenheter med branschkollegor och skapa v\u00e4rdefulla relationer med andra beslutsfattare inom Europas cybers\u00e4kerhetsekosystem.<\/p> <p><\/p> <p><\/p> <h3 class='wp-block-heading'>Praktisk information<\/h3> <p><\/p> <p><\/p> <p class=\"wp-block-paragraph\"><strong>Datum:<\/strong> 22 oktober 2026<\/p> <p><\/p> <p><\/p> <p class=\"wp-block-paragraph\"><strong>Tid:<\/strong> 08.00 till 18.00<\/p> <p><\/p> <p><\/p> <p class=\"wp-block-paragraph\"><strong>Plats:<\/strong> Grand H\u00f4tel Stockholm, Stockholm<\/p> <p><\/p> <p><\/p> <p class=\"wp-block-paragraph\"><strong>Format:<\/strong> Fysiskt heldagsevent<\/p> <p><\/p> <p><\/p> <p class=\"wp-block-paragraph\"><strong>Deltagare:<\/strong> Begr\u00e4nsat till cirka 150 s\u00e4kerhetsledare<\/p> <p><\/p> <p><\/p> <p class=\"wp-block-paragraph\"><strong>M\u00e5lgrupp:<\/strong> CISO, CIO, CTO, Heads of Security, IT Directors, Security Architects, Risk Managers och andra seniora beslutsfattare.<\/p> <p><\/p> <p><\/p> <p class=\"wp-block-paragraph\"><\/p> <p><\/p> <p class=\"wp-block-paragraph\"><\/p> \",\"location\":[{\"@type\":\"Place\",\"name\":\"Grand H\u00f4tel Stockholm\",\"address\":{\"@type\": \"PostalAddress\",\"streetAddress\":\"S\u00f6dra Blasieholmshamnen 8\"}}],\"organizer\":[{\"@type\":\"Organization\",\"name\":\"Next IT Security\",\"url\":\"https:\/\/nextitsecurity.com\/\"}],\"offers\":{\"@type\":\"Offer\",\"price\":\"990\",\"priceCurrency\":\"\u20ac\",\"availability\":\"http:\/\/schema.org\/InStock\",\"validFrom\":\"2026-10-22T08:00+2:00\",\"url\":\"https:\/\/itbranschen.com\/de\/events\/next-it-security-nordics-2026\/\"}}<\/script><\/div>\n\t\t\t\t<p class=\"desc_trig_outter\" style=\"\"><a data-gmtrig=\"1\" data-exlk=\"0\" style=\"background-color: #6cd7d2;\" id=\"evc_179264880029075\" href=\"#\" class=\"desc_trig featured_event 1 sin_val evcal_list_a\" data-ux_val=\"3\" data-ux_val_mob=\"-\"  ><span class='evoet_in'><span class='evoet_c2 evoet_cx '><span class='evoet_dayblock evcal_cblock ' data-bgcolor='#6cd7d2' data-smon='oktober' data-syr='2026' data-bub=''><span class='evo_start  evofxdrc'><em class='date'>22<\/em><em class='month'>okt<\/em><em class='time'>8:00 fm<\/em><\/span><span class='evo_end only_time evofxdrc'><em class='time'>6:00 em<\/em><\/span><\/span><\/span><span class='evoet_c3 evoet_cx evcal_desc hide_eventtopdata '><span class='evoet_title evcal_desc2 evcal_event_title ' itemprop='name'>Next IT Security Nordics 2026<\/span><span class='event_location_attrs evodni'  data-location_address=\"S\u00f6dra Blasieholmshamnen 8\" data-location_type=\"lonlat\" data-location_name=\"Grand H\u00f4tel Stockholm\" data-location_url=\"https:\/\/itbranschen.com\/de\/event-location\/grand-hotel-stockholm\/\" data-location_status=\"true\" data-locid=\"7710\" data-latlng=\"59.3296306,18.07548\"><\/span><span class='evoet_cy evoet_subtitle evo_below_title' ><span class='evcal_event_subtitle ' >Where Cybersecurity Leaders Connect and Decide What's Next<\/span><\/span><\/span><\/span><span class='evoet_data' style='display:none' data-d=\"{&quot;loc.n&quot;:&quot;Grand H\\u00f4tel Stockholm&quot;,&quot;orgs&quot;:{&quot;7711&quot;:&quot;Next IT Security&quot;},&quot;tags&quot;:{&quot;featured&quot;:&quot;Utvalt&quot;}}\" data-bgc=\"#6cd7d2\" data-bggrad=\"\" ><\/span><\/a><\/p><div class='event_description evcal_eventcard ' style=\"display:none\"><div class='evocard_row'><div id='event_ftimage' class='evocard_box ftimage' data-c='' \n\t\t\t\t\tstyle=''><div class='evocard_main_image_hold' data-t='L\u00e4ser in bild..'><div class='evocard_main_image evo_img_triglb evocd_img_full evobr15 evobgsc evobgpc evodfx evofx_jc_c evofx_ai_c evofz48 full' style='height:400px; background-image:url();' data-f=\"https:\/\/itbranschen.com\/wp-content\/uploads\/2026\/07\/Next-IT-Security-Nordics.jpg\" data-h=\"675\" data-w=\"1200\" data-ratio=\"0.5625\" data-event_id=\"29075\" data-ri=\"0\"  data-t='L\u00e4ser in bild..'><span style='height:400px; background-image:url(https:\/\/itbranschen.com\/wp-content\/uploads\/2026\/07\/Next-IT-Security-Nordics.jpg)'><\/span><\/div><\/div><\/div><\/div><!-- row close --><div class='evocard_row'><div id='event_eventdetails' class='evocard_box eventdetails' data-c='' \n\t\t\t\t\tstyle=''><div class=\"evo_metarow_details evorow evcal_evdata_row evcal_event_details\">\n    <div class=\"event_excerpt\" style=\"display:none\"><h3 class=\"padb5 evo_h3\">Evenemangsdetaljer<\/h3><p>Next IT Security Nordics 2026 \u00e4r ett exklusivt ledarskapsevent som samlar n\u00e5gra av Nordens och Europas fr\u00e4msta cybers\u00e4kerhetsledare f\u00f6r en heldag med strategiska diskussioner, erfarenhetsutbyte och n\u00e4tverkande p\u00e5<\/p><\/div><span class='evcal_evdata_icons'><i class='fa fa-align-justify'><\/i><\/span>    <div class=\"evcal_evdata_cell \">\n        <div class=\"eventon_full_description\">\n            <h3 class=\"padb5 evo_h3\"><span class='evcal_evdata_icons'><i class='fa fa-align-justify'><\/i><\/span>Evenemangsdetaljer<\/h3>\n            <div class=\"eventon_desc_in\" itemprop=\"description\">\n                <p><\/p>\n<p class=\"wp-block-paragraph\">Next IT Security Nordics 2026 \u00e4r ett exklusivt ledarskapsevent som samlar n\u00e5gra av Nordens och Europas fr\u00e4msta cybers\u00e4kerhetsledare f\u00f6r en heldag med strategiska diskussioner, erfarenhetsutbyte och n\u00e4tverkande p\u00e5 h\u00f6gsta niv\u00e5.<\/p>\n<p><\/p>\n<p><\/p>\n<p class=\"wp-block-paragraph\">Eventet \u00e4ger rum den <strong>22 oktober 2026<\/strong> p\u00e5 anrika <strong>Grand H\u00f4tel Stockholm<\/strong> och \u00e4r utformat som ett privat, inbjudningsbaserat forum f\u00f6r CISO, s\u00e4kerhetschefer, IT-ledare och andra seniora beslutsfattare. Med ett begr\u00e4nsat antal deltagare skapas en milj\u00f6 d\u00e4r varje m\u00f6te och varje diskussion \u00e4r relevant, konfidentiell och fokuserad p\u00e5 verkliga aff\u00e4rsutmaningar.<\/p>\n<p><\/p>\n<p><\/p>\n<p class=\"wp-block-paragraph\">Under dagen behandlas n\u00e5gra av de mest aktuella fr\u00e5gorna inom <a href=\"https:\/\/itbranschen.com\/category\/cybersakerhet\/\">cybers\u00e4kerhet<\/a> och digital motst\u00e5ndskraft. Programmet omfattar keynote-presentationer, expertpaneler, rundabordssamtal och individuella m\u00f6ten med ledande experter fr\u00e5n internationella organisationer, myndigheter och n\u00e4ringslivet.<\/p>\n<p><\/p>\n<p><\/p>\n<p class=\"wp-block-paragraph\"><strong>Bland \u00e5rets talare finns representanter fr\u00e5n bland annat INTERPOL, NATO Cooperative Cyber Defence Centre of Excellence (CCDCOE), Polismyndigheten, Sandvik, Alecta, RISE, BNP Paribas, Quinyx och flera andra ledande organisationer.<\/strong><\/p>\n<p><\/p>\n<p><\/p>\n<h3 class=\"wp-block-heading\">\u00c5rets huvudteman<\/h3>\n<p><\/p>\n<p><\/p>\n<p class=\"wp-block-paragraph\">\u2022 Nationell motst\u00e5ndskraft, regulatoriska krav och geopolitisk s\u00e4kerhet<\/p>\n<p><\/p>\n<p><\/p>\n<p class=\"wp-block-paragraph\">\u2022 Skydd av kritisk infrastruktur, OT-milj\u00f6er och leverant\u00f6rskedjor<\/p>\n<p><\/p>\n<p><\/p>\n<p class=\"wp-block-paragraph\">\u2022 <a href=\"https:\/\/itbranschen.com\/category\/artificiell-intelligens\/\">AI<\/a> Risk &amp; Governance<\/p>\n<p><\/p>\n<p><\/p>\n<p class=\"wp-block-paragraph\">\u2022 <a href=\"https:\/\/itbranschen.com\/category\/artificiell-intelligens\/\">AI<\/a>-driven <a href=\"https:\/\/itbranschen.com\/category\/cybersakerhet\/\">cybers\u00e4kerhet<\/a> och s\u00e4ker anv\u00e4ndning av <a href=\"https:\/\/itbranschen.com\/category\/artificiell-intelligens\/\">artificiell intelligens<\/a><\/p>\n<p><\/p>\n<p><\/p>\n<p class=\"wp-block-paragraph\">\u2022 Kompetensf\u00f6rs\u00f6rjning och framtidens cybers\u00e4kerhetsteam<\/p>\n<p><\/p>\n<p><\/p>\n<p class=\"wp-block-paragraph\">\u2022 Operativ motst\u00e5ndskraft och incidenthantering<\/p>\n<p><\/p>\n<p><\/p>\n<p class=\"wp-block-paragraph\">\u2022 Cyber governance och riskhantering<\/p>\n<p><\/p>\n<p><\/p>\n<p class=\"wp-block-paragraph\">Ut\u00f6ver konferensprogrammet erbjuds deltagarna strukturerade 1 till 1-m\u00f6ten, rundabordsdiskussioner samt en exklusiv Networking Dinner Cruise som avslutar dagen.<\/p>\n<p><\/p>\n<p><\/p>\n<p class=\"wp-block-paragraph\"><strong><a href=\"https:\/\/nextitsecurity.com\/\" target=\"_blank\" rel=\"noreferrer noopener\">Next IT Security Nordics<\/a><\/strong> riktar sig till organisationer som vill st\u00e4rka sin cybers\u00e4kerhetsstrategi, utbyta erfarenheter med branschkollegor och skapa v\u00e4rdefulla relationer med andra beslutsfattare inom Europas cybers\u00e4kerhetsekosystem.<\/p>\n<p><\/p>\n<p><\/p>\n<h3 class=\"wp-block-heading\">Praktisk information<\/h3>\n<p><\/p>\n<p><\/p>\n<p class=\"wp-block-paragraph\"><strong>Datum:<\/strong> 22 oktober 2026<\/p>\n<p><\/p>\n<p><\/p>\n<p class=\"wp-block-paragraph\"><strong>Tid:<\/strong> 08.00 till 18.00<\/p>\n<p><\/p>\n<p><\/p>\n<p class=\"wp-block-paragraph\"><strong>Plats:<\/strong> Grand H\u00f4tel Stockholm, Stockholm<\/p>\n<p><\/p>\n<p><\/p>\n<p class=\"wp-block-paragraph\"><strong>Format:<\/strong> Fysiskt heldagsevent<\/p>\n<p><\/p>\n<p><\/p>\n<p class=\"wp-block-paragraph\"><strong>Deltagare:<\/strong> Begr\u00e4nsat till cirka 150 s\u00e4kerhetsledare<\/p>\n<p><\/p>\n<p><\/p>\n<p class=\"wp-block-paragraph\"><strong>M\u00e5lgrupp:<\/strong> CISO, CIO, CTO, Heads of Security, IT Directors, Security Architects, Risk Managers och andra seniora beslutsfattare.<\/p>\n<p><\/p>\n<p><\/p>\n<p class=\"wp-block-paragraph\"><\/p>\n<p><\/p>\n<p class=\"wp-block-paragraph\"><\/p>\n            <\/div>\n            <div class='clear'><\/div>        <\/div>\n    <\/div>\n<\/div><\/div><\/div><!-- row close --><div class='evocard_row bx2 bx'><div id='event_time' class='evocard_box time' data-c='' \n\t\t\t\t\tstyle=''><div class='evo_metarow_time evorow evcal_evdata_row evcal_evrow_sm '>\n\t\t<span class='evcal_evdata_icons'><i class='fa fa-clock'><\/i><\/span>\n\t\t<div class='evcal_evdata_cell'>\t\t\t\t\t\t\t\n\t\t\t<h3 class='evo_h3'><span class='evcal_evdata_icons'><i class='fa fa-clock'><\/i><\/span>Tid<\/h3><div><span class='evo_eventcard_time_t evogap5 evofxww'><span class=\"start\">oktober 22, 2026<\/span> <span class=\"stime\">8:00 fm<\/span> - <span class=\"etime\">6:00 em<\/span><\/span><span class='evo_tz marr5'>(GMT+02:00)<\/span><span class='evo_time_dur evodfx evofxdrr evofxaic evoop5'><i class='fa fa-hourglass-half evofz14i evomarr10'><\/i>Varaktighet  10 Timmar<\/span><\/div>\n\t\t<\/div>\n\t<\/div><\/div><div id='event_location' class='evocard_box location' data-c='' \n\t\t\t\t\tstyle=''><div class='evcal_evdata_row evo_metarow_time_location evorow '>\n\t\t\n\t\t\t<span class='evcal_evdata_icons'><i class='fa fa-map-marker'><\/i><\/span>\n\t\t\t<div class='evcal_evdata_cell' data-loc_tax_id='7710'><h3 class='evo_h3 evodfx'><span class='evcal_evdata_icons'><i class='fa fa-map-marker'><\/i><\/span><a class=\"evo_event_loc_link evocl1i\" target=\"_blank\" href=\"https:\/\/grandhotel.se\/\" rel=\"noopener\">Plats<\/a><\/h3><p class='evo_location_name evofwb evofz16i'><a class=\"evo_event_loc_link evocl1i\" target=\"_blank\" href=\"https:\/\/grandhotel.se\/\" rel=\"noopener\">Grand H\u00f4tel Stockholm<\/a><\/p><p class='evo_location_address evodfxi evofxaic evogap10'><a class=\"evo_event_loc_link evocl1i\" target=\"_blank\" href=\"https:\/\/grandhotel.se\/\" rel=\"noopener\">S\u00f6dra Blasieholmshamnen 8<\/a><button class='evo_copy_address evobuttonA evocurp evohoop7 evopad5' style='' data-txt='S\u00f6dra Blasieholmshamnen 8' data-t='Adressen har kopierats till urklipp!'><i class='far fa-copy evofz16i' title='Kopiera destinationsadress!' aria-label='Kopiera destinationsadress!'><\/i><\/button><\/p><div class='evo_event_loc_contacts evopadt5'>\n\t\t\t\t\t\t<p class='evo_location_contact'>08 - 679 35 00 | <a href='mailto:info@grandhotel.se'>info@grandhotel.se<\/a><\/p><\/div><div class='evodfx evofxdrr evogap10 evofxaic evomart20i'><div class=''><button class='evosp_trigger evobrn evoboxsn evobgclg20 evoff_2 evodfx evofxdrr evogap5 evofxaic evocurp evofwb evoHKx2 evoHbgclg30 evopad5-10i evobr10 evocl1i evofz14i' data-lbvals=\"{&quot;lbdata&quot;:{&quot;class&quot;:&quot;evo_location_lb_7710&quot;,&quot;additional_class&quot;:&quot;lb_max&quot;,&quot;title&quot;:&quot;Grand H\\u00f4tel Stockholm&quot;},&quot;adata&quot;:{&quot;a&quot;:&quot;eventon_get_tax_card_content&quot;,&quot;end&quot;:&quot;client&quot;,&quot;data&quot;:{&quot;lang&quot;:&quot;L1&quot;,&quot;term_id&quot;:7710,&quot;tax&quot;:&quot;event_location&quot;,&quot;load_lbcontent&quot;:true}},&quot;uid&quot;:&quot;eventon_get_tax_card_content&quot;}\" data-d=\"{&quot;sp_id&quot;:&quot;evo_location_7710&quot;,&quot;adata&quot;:{&quot;a&quot;:&quot;eventon_get_tax_card_content&quot;,&quot;data&quot;:{&quot;eventid&quot;:29075,&quot;ri&quot;:0,&quot;term_id&quot;:7710,&quot;tax&quot;:&quot;event_location&quot;,&quot;load_lbcontent&quot;:true,&quot;lang&quot;:&quot;L1&quot;}},&quot;size&quot;:&quot;lar&quot;,&quot;fresh_content&quot;:true}\" >Andra evenemang<i class='fa fa-chevron-right evofz12i evokid evotrans' aria-hidden='true' style='margin-top:2px;'><\/i><\/button><\/div><\/div><\/div>\n\t\t\n\t<\/div><\/div><\/div><!-- row close --><div class='evocard_row bx2 bx'><div id='event_learnmore' class='evocard_box learnmore' data-c='' \n\t\t\t\t\tstyle=''><div class='evo_metarow_learnM evo_metarow_learnmore evorow'>\n\t\t\t\t\t\t\t<a class=\"evcal_evdata_row evo_clik_row \" href=\"https:\/\/nextitsecurity.com\/\" target=\"_blank\" rel=\"noopener\">\n\t\t\t\t\t\t\t\t<span class='evcal_evdata_icons'><i class='fa fa-link'><\/i><\/span>\n\t\t\t\t\t\t\t\t<h3 class='evo_h3'>\"L\u00e4s mer<\/h3>\n\t\t\t\t\t\t\t<\/a>\n\t\t\t\t\t\t\t<\/div><\/div><div id='event_addtocal' class='evocard_box addtocal' data-c='' \n\t\t\t\t\tstyle=''><div class='evo_metarow_ICS evorow evcal_evdata_row'>\n\t\t\t<span class='evcal_evdata_icons'><i class='fa fa-calendar-o'><\/i><\/span>\n\t\t\t<div class='evcal_evdata_cell'>\n\t\t\t\t<p><a href=\"https:\/\/itbranschen.com\/de\/export-events\/29075_0\/?key=f5ade1463c\" rel=\"nofollow\" class=\"evo_ics_nCal\" title=\"L\u00e4gg till i din kalender\">Kalender<\/a><a href=\"https:\/\/www.google.com\/calendar\/event?action=TEMPLATE&amp;text=Next%20IT%20Security%20Nordics%202026&amp;dates=20261022T060000Z\/20261022T160000Z&amp;ctz=Europe%2FStockholm&amp;details=Next%20IT%20Security%20Nordics%202026&amp;location=Grand%20H%C3%B4tel%20Stockholm%20S%C3%B6dra%20Blasieholmshamnen%208\" target=\"_blank\" rel=\"nofollow noopener\" class=\"evo_ics_gCal\" title=\"L\u00e4gg till i Google Kalender\">GoogleCal<\/a><\/p>\t\n\t\t\t<\/div>\n\t\t<\/div><\/div><\/div><!-- row close --><div class='evocard_row'><div id='event_organizer' class='evocard_box organizer' data-c='' \n\t\t\t\t\tstyle=''><div class='evo_metarow_organizer evorow evcal_evdata_row evcal_evrow_sm '>\n\t\t<span class='evcal_evdata_icons'><i class='fa fa-microphone'><\/i><\/span>\n\t\t<div class='evcal_evdata_cell'>\t\t\t\t\t\t\t\n\t\t\t<h3 class='evo_h3'>Arrang\u00f6r<\/h3><div class='evo_evdata_cell_content evodfx evofxww evofxdrr evogap30'><div class='evo_card_organizer evofx_1 evodfx evofxdrr evogap15'><p class='evo_data_val evo_card_organizer_image'>\n\t\t\t<img decoding=\"async\" class=\"evosp_trigger evo_curp evo_transit_all evo_trans_sc1_03 evo_boxsh_1\" data-d=\"{&quot;sp_id&quot;:&quot;evo_organizer_7711&quot;,&quot;adata&quot;:{&quot;a&quot;:&quot;eventon_get_tax_card_content&quot;,&quot;data&quot;:{&quot;eventid&quot;:29075,&quot;ri&quot;:0,&quot;term_id&quot;:7711,&quot;tax&quot;:&quot;event_organizer&quot;,&quot;load_lbcontent&quot;:true,&quot;lang&quot;:&quot;L1&quot;}},&quot;size&quot;:&quot;lar&quot;,&quot;fresh_content&quot;:true}\" src=\"https:\/\/itbranschen.com\/wp-content\/uploads\/2026\/07\/Next-IT-Security-logo-300x300.jpg\" alt=\"Next IT Security Nordics 2026 \u2013 Next IT Security Nordics 2026 | IT-Branschen\" title=\"| IT-Branschen\"><\/p><div class='evodfx evofxdrc evofxjcfs'><h4 class='evo_org_name evo_h4 marb5 evottui evocl1i evopadb10i'><span class='evo_card_organizer_name_t marb5'><a target=\"_blank\" href=\"https:\/\/nextitsecurity.com\/\" class=\"evocl1i\" rel=\"noopener\">Next IT Security<\/a><\/span><\/h4><div class='evo_org_details'>Next IT Security arrangerar exklusiva konferenser och ledarskapsevent inom cybers\u00e4kerhet d\u00e4r CISO:er, CIO:er, IT-ledare och s\u00e4kerhetsexperter m\u00f6ts f\u00f6r att diskutera framtidens cyberhot, AI, digital motst\u00e5ndskraft och strategiskt s\u00e4kerhetsarbete.<button class='evo_organizer_more_trig evonobtn2 evobutton evoff_2 evobgclg30 evoHbgclg50 evoop7 evohoop10 evotrans evobr5 evomarl5 evofz12' style='    padding: 2px 5px;font-size: 11px;'>L\u00e4s mer.<\/button><\/div><div class='evo_org_details_full evodni'>Next IT Security \u00e4r en europeisk arrang\u00f6r av exklusiva cybers\u00e4kerhetsevent som samlar n\u00e5gra av Europas fr\u00e4msta CISO:er, CIO:er, CTO:er, s\u00e4kerhetschefer och andra seniora beslutsfattare inom offentlig och privat sektor.\r\n\r\nOrganisationen fokuserar p\u00e5 att skapa m\u00f6tesplatser d\u00e4r strategiska diskussioner, erfarenhetsutbyte och n\u00e4tverkande st\u00e5r i centrum. Till skillnad fr\u00e5n traditionella m\u00e4ssor \u00e4r Next IT Securitys konferenser begr\u00e4nsade till ett mindre antal deltagare f\u00f6r att m\u00f6jligg\u00f6ra f\u00f6rdjupade samtal, rundabordssessioner och personliga m\u00f6ten mellan ledande beslutsfattare och teknikleverant\u00f6rer.\r\n\r\nEvenemangen behandlar aktuella \u00e4mnen som cybers\u00e4kerhet, AI, cyberresiliens, NIS2, DORA, skydd av kritisk infrastruktur, OT-s\u00e4kerhet, riskhantering och framtidens digitala hotbild. Next IT Security arrangerar konferenser i flera europeiska l\u00e4nder, d\u00e4ribland Sverige, Nederl\u00e4nderna, Tyskland och Serbien.<\/div><p class='evo_card_organizer_more'><a class=' evosp_trigger mart10 evodifx evofxdrr evogap5 evofxaic evocurp evofwb evoHKx2 evobgclg20 evoHbgclg40 evopad5-10i evobr10 evocl1i evofz14i' data-d=\"{&quot;sp_id&quot;:&quot;evo_organizer_7711&quot;,&quot;adata&quot;:{&quot;a&quot;:&quot;eventon_get_tax_card_content&quot;,&quot;data&quot;:{&quot;eventid&quot;:29075,&quot;ri&quot;:0,&quot;term_id&quot;:7711,&quot;tax&quot;:&quot;event_organizer&quot;,&quot;load_lbcontent&quot;:true,&quot;lang&quot;:&quot;L1&quot;}},&quot;size&quot;:&quot;lar&quot;,&quot;fresh_content&quot;:true}\" >L\u00e4s mer<i class='fa fa-chevron-right evofz12i evokid evotrans' aria-hidden='true' style='margin-top:2px;'><\/i><\/a><\/p><\/div><\/div><!-- evo_card_organizer--><\/div><\/div>\t<\/div><\/div><\/div><!-- row close --><div class='evocard_row'><div id='event_gmap' class='evocard_box gmap' data-c='' \n\t\t\t\t\tstyle=''><div class='evo_map evoposr evoh100p'><div class='evo_metarow_gmap evcal_evdata_row evorow evcal_gmaps evc17926488006a96d0d70396729075_gmap place' id='evc17926488006a96d0d70396729075_gmap' style='max-width:none' data-name=\"Grand H\u00f4tel Stockholm\" data-address=\"S\u00f6dra Blasieholmshamnen 8\" data-latlng=\"59.3296306,18.07548\" data-location_type=\"place\" data-scroll=\"yes\" data-mty=\"roadmap\" data-zoom=\"14\" data-mapIcon=\"\" data-delay=\"400\" data-map_canvas_id=\"evc17926488006a96d0d70396729075_gmap\" >\n\t\t<span class='evo_map_load_out evoposr evodb evobr15'>\n\t\t<i class='fa fa-location-dot evoposa'><\/i><span class='evo_map_load evoposr evodb'>\t\t\t\t\t\n\t\t\t\t\t<i class='a'><\/i>\n\t\t\t\t\t<i class='b'><\/i>\n\t\t\t\t\t<i class='c'><\/i>\n\t\t\t\t\t<i class='d'><\/i>\n\t\t\t\t\t<i class='e'><\/i>\n\t\t\t\t\t<i class='f'><\/i>\n\t\t\t\t<\/span><\/span>\n\t<\/div><div class='evo_gmap_bottom evoposa evobot0'><\/div><\/div><\/div><\/div><!-- row close --><div class='evocard_row'><div id='event_getdirection' class='evocard_box getdirection' data-c='' \n\t\t\t\t\tstyle=''><div class='evo_metarow_getDr evorow evcal_evdata_row evcal_evrow_sm getdirections'>\n\t\t<form action='https:\/\/maps.google.com\/maps' method='get' target='_blank'>\n\t\t\t<input type='hidden' name='daddr' value=\"S\u00f6dra Blasieholmshamnen 8\"\/> \n\t\t\t<div class='evo_get_direction_content evofxdrr evofxww evogap10'>\n\t\t\t\t<span class='evogetdir_header evodfx evofxdrr evofxaic evogap10'>\n\t\t\t\t\t<i class='mainicon fa fa-route evofz24i' aria-hidden='true'><\/i> \n\t\t\t\t\t<h3 class='evo_h3 evopad0i' style='padding-bottom:5px;'>F\u00e5 v\u00e4gbeskrivning<\/h3>\n\t\t\t\t<\/span>\t\t\t\t<p class=''>How do you plan to get there?<\/p>\n\t\t\t\t<div class='evodfx evofxdrr evofxaic evogap5'>\n\t\t\t\t\t\t\t\t\t\t\t<a href=\"https:\/\/www.google.com\/maps\/dir\/?api=1&amp;origin=Current+Location&amp;destination=S%C3%B6dra+Blasieholmshamnen+8&amp;travelmode=best\" target=\"_blank\" rel=\"noreferrer noopener\" aria-label=\"Best Route\" class=\"evodfx evofxdrr evogap5 evofxaic evocurp evohoop7o evofwb evoHKx2 evoHbgclg20 evopad10i evobr10 evocl1i evofz14i evonobtn\"><i class='fa fa-diamond-turn-right evotooltipfree' title='Best Route'><\/i><\/a>\t\t\t\t\t\t<a href=\"https:\/\/www.google.com\/maps\/dir\/?api=1&amp;origin=Current+Location&amp;destination=S%C3%B6dra+Blasieholmshamnen+8&amp;travelmode=driving\" target=\"_blank\" rel=\"noreferrer noopener\" aria-label=\"Driving\" class=\"evodfx evofxdrr evogap5 evofxaic evocurp evohoop7o evofwb evoHKx2 evoHbgclg20 evopad10i evobr10 evocl1i evofz14i evonobtn\"><i class='fa fa-car evotooltipfree' title='Driving'><\/i><\/a>\t\t\t\t\t\t<a href=\"https:\/\/www.google.com\/maps\/dir\/?api=1&amp;origin=Current+Location&amp;destination=S%C3%B6dra+Blasieholmshamnen+8&amp;travelmode=transit\" target=\"_blank\" rel=\"noreferrer noopener\" aria-label=\"Transit\" class=\"evodfx evofxdrr evogap5 evofxaic evocurp evohoop7o evofwb evoHKx2 evoHbgclg20 evopad10i evobr10 evocl1i evofz14i evonobtn\"><i class='fa fa-bus evotooltipfree' title='Transit'><\/i><\/a>\t\t\t\t\t\t<a href=\"https:\/\/www.google.com\/maps\/dir\/?api=1&amp;origin=Current+Location&amp;destination=S%C3%B6dra+Blasieholmshamnen+8&amp;travelmode=walking\" target=\"_blank\" rel=\"noreferrer noopener\" aria-label=\"Walking\" class=\"evodfx evofxdrr evogap5 evofxaic evocurp evohoop7o evofwb evoHKx2 evoHbgclg20 evopad10i evobr10 evocl1i evofz14i evonobtn\"><i class='fa fa-person-walking evotooltipfree' title='Walking'><\/i><\/a>\t\t\t\t\t\t<a href=\"https:\/\/www.google.com\/maps\/dir\/?api=1&amp;origin=Current+Location&amp;destination=S%C3%B6dra+Blasieholmshamnen+8&amp;travelmode=bicycling\" target=\"_blank\" rel=\"noreferrer noopener\" aria-label=\"Bicycling\" class=\"evodfx evofxdrr evogap5 evofxaic evocurp evohoop7o evofwb evoHKx2 evoHbgclg20 evopad10i evobr10 evocl1i evofz14i evonobtn\"><i class='fa fa-person-biking evotooltipfree' title='Bicycling'><\/i><\/a>\t\n\t\t\t\t<\/div>\n\n\t\t\t\t<\/div>\n\t\t<\/form>\n\t<\/div><\/div><\/div><!-- row close --><button class='evo_card_row_end evcal_close' title='\"St\u00e4ng evenemang'><\/button><\/div><div class='clear end'><\/div><\/div><div id=\"event_28977_0\" class=\"eventon_list_event evo_eventtop scheduled  event clrW event_28977_0\" data-event_id=\"28977\" data-ri=\"0r\" data-time=\"1793682000-1793725200\" data-colr=\"#ccab5d\" itemscope itemtype='http:\/\/schema.org\/Event'><div class=\"evo_event_schema\" style=\"display:none\" ><a itemprop=\"url\" href=\"https:\/\/itbranschen.com\/de\/events\/arrow-five-years-out-2026\/\"><\/a><meta itemprop='image' content=\"https:\/\/itbranschen.com\/wp-content\/uploads\/2026\/07\/Arrow-Five-Years-Out.jpg\" \/><meta itemprop='startDate' content=\"2026-11-3T06:00+2:00\" \/><meta itemprop='endDate' content=\"2026-11-3T18:00+2:00\" \/><meta itemprop='eventStatus' content=\"https:\/\/schema.org\/EventScheduled\" \/><meta itemprop='eventAttendanceMode'   itemscope itemtype=\"https:\/\/schema.org\/OfflineEventAttendanceMode\"\/><div style=\"display:none\" itemprop=\"location\" itemscope itemtype=\"http:\/\/schema.org\/Place\"><span itemprop=\"name\">Stockholm Waterfront Congress Centre<\/span><span itemprop=\"address\" itemscope itemtype=\"http:\/\/schema.org\/PostalAddress\"><item itemprop=\"streetAddress\">Nils Ericsons Plan 4<\/item><\/span><\/div><div itemprop=\"offers\" itemscope itemtype=\"http:\/\/schema.org\/Offer\">\n\t\t\t\t        <div class=\"event-price\" itemprop=\"price\" content=\"0.00\">0.00<\/div>\n\t\t\t\t        <meta itemprop=\"priceCurrency\" content=\"SEK\">\n\t\t\t\t        <meta itemprop=\"url\" content=\"https:\/\/itbranschen.com\/de\/events\/arrow-five-years-out-2026\/\">\n\t\t\t\t        <meta itemprop=\"availability\" content=\"http:\/\/schema.org\/InStock\">\n\t\t\t\t        <meta itemprop=\"validFrom\" content=\"2026-11-3T06:00+2:00\">\n\t\t\t\t    <\/div><div itemprop=\"organizer\" itemscope=\"\" itemtype=\"http:\/\/schema.org\/Organization\"><meta itemprop=\"name\" content=\"Arrow ECS Sverige\">\n\t\t\t\t    \t<meta itemprop=\"url\" content=\"https:\/\/secure-eugo.arrow.com\/fiveyearsout2026\"><\/div><div itemprop=\"performer\" itemscope=\"\" itemtype=\"http:\/\/schema.org\/Person\"><meta itemprop=\"name\" content=\"Arrow ECS Sverige\"><\/div><script type=\"application\/ld+json\">{\"@context\": \"http:\/\/schema.org\",\"@type\": \"Event\",\n\t\t\t\t\"@id\": \"event_28977_0\",\n\t\t\t\t\"eventAttendanceMode\":\"https:\/\/schema.org\/OfflineEventAttendanceMode\",\n\t\t\t\t\"eventStatus\":\"https:\/\/schema.org\/EventScheduled\",\n\t\t\t\t\"name\": \"Arrow Five Years Out 2026\",\n\t\t\t\t\"url\": \"https:\/\/itbranschen.com\/de\/events\/arrow-five-years-out-2026\/\",\n\t\t\t\t\"startDate\": \"2026-11-3T06:00+2:00\",\n\t\t\t\t\"endDate\": \"2026-11-3T18:00+2:00\",\n\t\t\t\t\"image\":\"https:\/\/itbranschen.com\/wp-content\/uploads\/2026\/07\/Arrow-Five-Years-Out.jpg\", \n\t\t\t\t\"description\":\"<p><\/p> <p class=\"wp-block-paragraph\"><strong>Arrow Five Years Out 2026<\/strong> \u00e4r Arrows \u00e5rliga flaggskeppsevent och en av Sveriges viktigaste m\u00f6tesplatser f\u00f6r IT-branschen. Under en inspirerande heldag samlas CIO:er, IT-chefer, beslutsfattare, tekniska experter, kanalpartners, \u00e5terf\u00f6rs\u00e4ljare, MSP:er och ledande teknikleverant\u00f6rer f\u00f6r att utforska de innovationer som kommer att forma verksamheter och aff\u00e4rer under de kommande fem \u00e5ren.<\/p> <p><\/p> <p><\/p> <p class=\"wp-block-paragraph\">\u00c5rets program fokuserar p\u00e5 n\u00e5gra av de mest aktuella teknikomr\u00e5dena, d\u00e4r <a href='https:\/\/itbranschen.com\/category\/artificiell-intelligens\/'>artificiell intelligens<\/a> och <a href='https:\/\/itbranschen.com\/category\/cybersakerhet\/'>cybers\u00e4kerhet<\/a> st\u00e5r i centrum tillsammans med <a href='https:\/\/itbranschen.com\/category\/moln-data\/'>molntj\u00e4nster<\/a>, <a href='https:\/\/itbranschen.com\/category\/datacenter\/'>datacenter<\/a>, datahantering, <a href='https:\/\/itbranschen.com\/category\/digitalisering\/'>digital transformation<\/a> och h\u00e5llbar innovation. Genom inspirerande keynotes, tekniska breakout-sessioner och praktiska kundcase f\u00e5r deltagarna konkreta insikter om hur ny teknik kan oms\u00e4ttas till aff\u00e4rsnytta och st\u00e4rka organisationers konkurrenskraft.<\/p> <p><\/p> <p><\/p> <p class=\"wp-block-paragraph\">Under dagen medverkar internationella talare, branschexperter och ledande teknikf\u00f6retag som delar sina erfarenheter kring <a href='https:\/\/itbranschen.com\/category\/artificiell-intelligens\/'>AI<\/a>, generativ <a href='https:\/\/itbranschen.com\/category\/artificiell-intelligens\/'>AI<\/a>, Microsoft Copilot, <a href='https:\/\/itbranschen.com\/category\/cybersakerhet\/'>cybers\u00e4kerhet<\/a>, hybridmoln, <a href='https:\/\/itbranschen.com\/category\/datacenter\/'>datacenter<\/a>, modern IT-infrastruktur och framtidens digitala arbetsplats. Bes\u00f6karna f\u00e5r dessutom m\u00f6jlighet att tr\u00e4ffa ett stort antal teknikpartners i Expo-omr\u00e5det, uppt\u00e4cka de senaste l\u00f6sningarna och skapa v\u00e4rdefulla kontakter med hela IT-ekosystemet.<\/p> <p><\/p> <p><\/p> <figure class='wp-block-embed is-type-video is-provider-youtube wp-block-embed-youtube wp-embed-aspect-16-9 wp-has-aspect-ratio'> <div class='wp-block-embed__wrapper'> <iframe title='Arrow Five Years Out 2026' width='1200' height='675' src='https:\/\/www.youtube.com\/embed\/9lAjwMSQzVk?feature=oembed' frameborder='0' allow='accelerometer; autoplay; clipboard-write; encrypted-media; gyroscope; picture-in-picture; web-share' referrerpolicy='strict-origin-when-cross-origin' allowfullscreen><\/iframe> <\/div> <\/figure> <p><\/p> <p><\/p> <p class=\"wp-block-paragraph\">Eventet erbjuder ett omfattande program med keynote-presentationer, parallella expertsp\u00e5r, produktdemonstrationer och n\u00e4tverkande. Med \u00f6ver 1 000 deltagare och ett stort antal utst\u00e4llare \u00e4r <strong><a href='https:\/\/itbranschen.com\/tag\/arrow\/' data-type='post_tag' data-id='304'>Arrow Five Years Out<\/a><\/strong> en unik m\u00f6tesplats f\u00f6r kunskapsutbyte, aff\u00e4rsutveckling och strategiska samarbeten inom den nordiska IT-marknaden.<\/p> <p><\/p> <p><\/p> <h3 class='wp-block-heading'>Fokusomr\u00e5den<\/h3> <p><\/p> <p><\/p> <ul class='wp-block-list'><\/p> <li>Artificiell intelligens (AI)<\/li> <p><\/p> <p><\/p> <li>Generativ AI och AI Copilots<\/li> <p><\/p> <p><\/p> <li><a href='https:\/\/itbranschen.com\/category\/cybersakerhet\/'>Cybers\u00e4kerhet<\/a> och cyberresiliens<\/li> <p><\/p> <p><\/p> <li><a href='https:\/\/itbranschen.com\/category\/moln-data\/'>Cloud<\/a> och Hybrid <a href='https:\/\/itbranschen.com\/category\/moln-data\/'>Cloud<\/a><\/li> <p><\/p> <p><\/p> <li><a href='https:\/\/itbranschen.com\/category\/datacenter\/'>Datacenter<\/a> och modern IT-infrastruktur<\/li> <p><\/p> <p><\/p> <li>Data och Analytics<\/li> <p><\/p> <p><\/p> <li><a href='https:\/\/itbranschen.com\/category\/digitalisering\/'>Digital transformation<\/a><\/li> <p><\/p> <p><\/p> <li>H\u00e5llbar innovation<\/li> <p><\/p> <p><\/p> <li>Enterprise IT<\/li> <p><\/p> <p><\/p> <li>Partnerekosystem och aff\u00e4rsutveckling<\/li> <p><\/ul> <p><\/p> <p><\/p> <h3 class='wp-block-heading'>Varf\u00f6r delta?<\/h3> <p><\/p> <p><\/p> <ul class='wp-block-list'><\/p> <li>Ta del av inspirerande internationella keynote-talare<\/li> <p><\/p> <p><\/p> <li>F\u00f6rdjupa dina kunskaper genom tekniska breakout-sessioner<\/li> <p><\/p> <p><\/p> <li>Uppt\u00e4ck de senaste innovationerna inom AI och cybers\u00e4kerhet<\/li> <p><\/p> <p><\/p> <li>Tr\u00e4ffa ledande teknikleverant\u00f6rer och IT-partners<\/li> <p><\/p> <p><\/p> <li>Bygg v\u00e4rdefulla aff\u00e4rskontakter med \u00f6ver 1 000 branschkollegor<\/li> <p><\/p> <p><\/p> <li>F\u00e5 konkreta strategier f\u00f6r att accelerera din digitala transformation<\/li> <p><\/p> <p><\/p> <li>Utforska framtidens IT-l\u00f6sningar och aff\u00e4rsm\u00f6jligheter<\/li> <p><\/ul> <p><\/p> <p><\/p> <p class=\"wp-block-paragraph\"><strong>Datum:<\/strong> 3 november 2026<br \/><strong>Tid:<\/strong> 08:00\u201318:00<br \/><strong>Plats:<\/strong> Stockholm Waterfront Congress Centre, Stockholm<br \/><strong>Arrang\u00f6r:<\/strong> <a href='https:\/\/www.arrow.com\/globalecs\/se\/' target='_blank' data-schema-attribute='mentions' rel='noreferrer noopener'>Arrow ECS Sverige<\/a><\/p> <p><\/p> <p><\/p> <p class=\"wp-block-paragraph\"><strong>Arrow Five Years Out 2026<\/strong> \u00e4r kostnadsfritt att delta p\u00e5, men antalet platser \u00e4r begr\u00e4nsat och f\u00f6ranm\u00e4lan kr\u00e4vs. Eventet passar alla som vill ligga steget f\u00f6re inom AI, cybers\u00e4kerhet, molntj\u00e4nster och framtidens digitala aff\u00e4rsutveckling.<\/p> <p><\/p> <p><\/p> <p class=\"wp-block-paragraph\"><\/p> \",\"location\":[{\"@type\":\"Place\",\"name\":\"Stockholm Waterfront Congress Centre\",\"address\":{\"@type\": \"PostalAddress\",\"streetAddress\":\"Nils Ericsons Plan 4\"}}],\"organizer\":[{\"@type\":\"Organization\",\"name\":\"Arrow ECS Sverige\",\"url\":\"https:\/\/secure-eugo.arrow.com\/fiveyearsout2026\"}],\"offers\":{\"@type\":\"Offer\",\"price\":\"0.00\",\"priceCurrency\":\"SEK\",\"availability\":\"http:\/\/schema.org\/InStock\",\"validFrom\":\"2026-11-3T06:00+2:00\",\"url\":\"https:\/\/itbranschen.com\/de\/events\/arrow-five-years-out-2026\/\"}}<\/script><\/div>\n\t\t\t\t<p class=\"desc_trig_outter\" style=\"\"><a data-gmtrig=\"1\" data-exlk=\"0\" style=\"background-color: #ccab5d;\" id=\"evc_179368200028977\" href=\"#\" class=\"desc_trig featured_event 1 sin_val evcal_list_a\" data-ux_val=\"3\" data-ux_val_mob=\"-\"  ><span class='evoet_in'><span class='evoet_c2 evoet_cx '><span class='evoet_dayblock evcal_cblock ' data-bgcolor='#ccab5d' data-smon='november' data-syr='2026' data-bub=''><span class='evo_start  evofxdrc'><em class='date'>03<\/em><em class='month'>nov<\/em><em class='time'>6:00 fm<\/em><\/span><span class='evo_end only_time evofxdrc'><em class='time'>6:00 em<\/em><\/span><\/span><\/span><span class='evoet_c3 evoet_cx evcal_desc hide_eventtopdata '><span class='evoet_title evcal_desc2 evcal_event_title ' itemprop='name'>Arrow Five Years Out 2026<\/span><span class='event_location_attrs evodni'  data-location_address=\"Nils Ericsons Plan 4\" data-location_type=\"lonlat\" data-location_name=\"Stockholm Waterfront Congress Centre\" data-location_url=\"https:\/\/itbranschen.com\/de\/event-location\/stockholm-waterfront-congress-centre\/\" data-location_status=\"true\" data-locid=\"7684\" data-latlng=\"59.3299581,18.0560312\"><\/span><span class='evoet_cy evoet_subtitle evo_below_title' ><span class='evcal_event_subtitle ' >Sveriges m\u00f6tesplats f\u00f6r AI, cybers\u00e4kerhet, moln och digital innovation<\/span><\/span><\/span><\/span><span class='evoet_data' style='display:none' data-d=\"{&quot;loc.n&quot;:&quot;Stockholm Waterfront Congress Centre&quot;,&quot;orgs&quot;:{&quot;7683&quot;:&quot;Arrow ECS Sverige&quot;},&quot;tags&quot;:{&quot;featured&quot;:&quot;Utvalt&quot;}}\" data-bgc=\"#ccab5d\" data-bggrad=\"\" ><\/span><\/a><\/p><div class='event_description evcal_eventcard ' style=\"display:none\"><div class='evocard_row'><div id='event_ftimage' class='evocard_box ftimage' data-c='' \n\t\t\t\t\tstyle=''><div class='evocard_main_image_hold' data-t='L\u00e4ser in bild..'><div class='evocard_main_image evo_img_triglb evocd_img_full evobr15 evobgsc evobgpc evodfx evofx_jc_c evofx_ai_c evofz48 full' style='height:400px; background-image:url();' data-f=\"https:\/\/itbranschen.com\/wp-content\/uploads\/2026\/07\/Arrow-Five-Years-Out.jpg\" data-h=\"675\" data-w=\"1200\" data-ratio=\"0.5625\" data-event_id=\"28977\" data-ri=\"0\"  data-t='L\u00e4ser in bild..'><span style='height:400px; background-image:url(https:\/\/itbranschen.com\/wp-content\/uploads\/2026\/07\/Arrow-Five-Years-Out.jpg)'><\/span><\/div><\/div><\/div><\/div><!-- row close --><div class='evocard_row'><div id='event_eventdetails' class='evocard_box eventdetails' data-c='' \n\t\t\t\t\tstyle=''><div class=\"evo_metarow_details evorow evcal_evdata_row evcal_event_details\">\n    <div class=\"event_excerpt\" style=\"display:none\"><h3 class=\"padb5 evo_h3\">Evenemangsdetaljer<\/h3><p>Arrow Five Years Out 2026 \u00e4r Arrows \u00e5rliga flaggskeppsevent och en av Sveriges viktigaste m\u00f6tesplatser f\u00f6r IT-branschen. Under en inspirerande heldag samlas CIO:er, IT-chefer, beslutsfattare, tekniska experter, kanalpartners,<\/p><\/div><span class='evcal_evdata_icons'><i class='fa fa-align-justify'><\/i><\/span>    <div class=\"evcal_evdata_cell \">\n        <div class=\"eventon_full_description\">\n            <h3 class=\"padb5 evo_h3\"><span class='evcal_evdata_icons'><i class='fa fa-align-justify'><\/i><\/span>Evenemangsdetaljer<\/h3>\n            <div class=\"eventon_desc_in\" itemprop=\"description\">\n                <p><\/p>\n<p class=\"wp-block-paragraph\"><strong>Arrow Five Years Out 2026<\/strong> \u00e4r Arrows \u00e5rliga flaggskeppsevent och en av Sveriges viktigaste m\u00f6tesplatser f\u00f6r IT-branschen. Under en inspirerande heldag samlas CIO:er, IT-chefer, beslutsfattare, tekniska experter, kanalpartners, \u00e5terf\u00f6rs\u00e4ljare, MSP:er och ledande teknikleverant\u00f6rer f\u00f6r att utforska de innovationer som kommer att forma verksamheter och aff\u00e4rer under de kommande fem \u00e5ren.<\/p>\n<p><\/p>\n<p><\/p>\n<p class=\"wp-block-paragraph\">\u00c5rets program fokuserar p\u00e5 n\u00e5gra av de mest aktuella teknikomr\u00e5dena, d\u00e4r <a href=\"https:\/\/itbranschen.com\/category\/artificiell-intelligens\/\">artificiell intelligens<\/a> och <a href=\"https:\/\/itbranschen.com\/category\/cybersakerhet\/\">cybers\u00e4kerhet<\/a> st\u00e5r i centrum tillsammans med <a href=\"https:\/\/itbranschen.com\/category\/moln-data\/\">molntj\u00e4nster<\/a>, <a href=\"https:\/\/itbranschen.com\/category\/datacenter\/\">datacenter<\/a>, datahantering, <a href=\"https:\/\/itbranschen.com\/category\/digitalisering\/\">digital transformation<\/a> och h\u00e5llbar innovation. Genom inspirerande keynotes, tekniska breakout-sessioner och praktiska kundcase f\u00e5r deltagarna konkreta insikter om hur ny teknik kan oms\u00e4ttas till aff\u00e4rsnytta och st\u00e4rka organisationers konkurrenskraft.<\/p>\n<p><\/p>\n<p><\/p>\n<p class=\"wp-block-paragraph\">Under dagen medverkar internationella talare, branschexperter och ledande teknikf\u00f6retag som delar sina erfarenheter kring <a href=\"https:\/\/itbranschen.com\/category\/artificiell-intelligens\/\">AI<\/a>, generativ <a href=\"https:\/\/itbranschen.com\/category\/artificiell-intelligens\/\">AI<\/a>, Microsoft Copilot, <a href=\"https:\/\/itbranschen.com\/category\/cybersakerhet\/\">cybers\u00e4kerhet<\/a>, hybridmoln, <a href=\"https:\/\/itbranschen.com\/category\/datacenter\/\">datacenter<\/a>, modern IT-infrastruktur och framtidens digitala arbetsplats. Bes\u00f6karna f\u00e5r dessutom m\u00f6jlighet att tr\u00e4ffa ett stort antal teknikpartners i Expo-omr\u00e5det, uppt\u00e4cka de senaste l\u00f6sningarna och skapa v\u00e4rdefulla kontakter med hela IT-ekosystemet.<\/p>\n<p><\/p>\n<p><\/p>\n<figure class=\"wp-block-embed is-type-video is-provider-youtube wp-block-embed-youtube wp-embed-aspect-16-9 wp-has-aspect-ratio\">\n<div class=\"wp-block-embed__wrapper\">\n<iframe title=\"Arrow Five Years Out 2026\" width=\"1200\" height=\"675\" src=\"https:\/\/www.youtube.com\/embed\/9lAjwMSQzVk?feature=oembed\" frameborder=\"0\" allow=\"accelerometer; autoplay; clipboard-write; encrypted-media; gyroscope; picture-in-picture; web-share\" referrerpolicy=\"strict-origin-when-cross-origin\" allowfullscreen><\/iframe>\n<\/div>\n<\/figure>\n<p><\/p>\n<p><\/p>\n<p class=\"wp-block-paragraph\">Eventet erbjuder ett omfattande program med keynote-presentationer, parallella expertsp\u00e5r, produktdemonstrationer och n\u00e4tverkande. Med \u00f6ver 1 000 deltagare och ett stort antal utst\u00e4llare \u00e4r <strong><a href=\"https:\/\/itbranschen.com\/tag\/arrow\/\" data-type=\"post_tag\" data-id=\"304\">Arrow Five Years Out<\/a><\/strong> en unik m\u00f6tesplats f\u00f6r kunskapsutbyte, aff\u00e4rsutveckling och strategiska samarbeten inom den nordiska IT-marknaden.<\/p>\n<p><\/p>\n<p><\/p>\n<h3 class=\"wp-block-heading\">Fokusomr\u00e5den<\/h3>\n<p><\/p>\n<p><\/p>\n<ul class=\"wp-block-list\"><\/p>\n<li>Artificiell intelligens (AI)<\/li>\n<p><\/p>\n<p><\/p>\n<li>Generativ AI och AI Copilots<\/li>\n<p><\/p>\n<p><\/p>\n<li><a href=\"https:\/\/itbranschen.com\/category\/cybersakerhet\/\">Cybers\u00e4kerhet<\/a> och cyberresiliens<\/li>\n<p><\/p>\n<p><\/p>\n<li><a href=\"https:\/\/itbranschen.com\/category\/moln-data\/\">Cloud<\/a> och Hybrid <a href=\"https:\/\/itbranschen.com\/category\/moln-data\/\">Cloud<\/a><\/li>\n<p><\/p>\n<p><\/p>\n<li><a href=\"https:\/\/itbranschen.com\/category\/datacenter\/\">Datacenter<\/a> och modern IT-infrastruktur<\/li>\n<p><\/p>\n<p><\/p>\n<li>Data och Analytics<\/li>\n<p><\/p>\n<p><\/p>\n<li><a href=\"https:\/\/itbranschen.com\/category\/digitalisering\/\">Digital transformation<\/a><\/li>\n<p><\/p>\n<p><\/p>\n<li>H\u00e5llbar innovation<\/li>\n<p><\/p>\n<p><\/p>\n<li>Enterprise IT<\/li>\n<p><\/p>\n<p><\/p>\n<li>Partnerekosystem och aff\u00e4rsutveckling<\/li>\n<p><\/ul>\n<p><\/p>\n<p><\/p>\n<h3 class=\"wp-block-heading\">Varf\u00f6r delta?<\/h3>\n<p><\/p>\n<p><\/p>\n<ul class=\"wp-block-list\"><\/p>\n<li>Ta del av inspirerande internationella keynote-talare<\/li>\n<p><\/p>\n<p><\/p>\n<li>F\u00f6rdjupa dina kunskaper genom tekniska breakout-sessioner<\/li>\n<p><\/p>\n<p><\/p>\n<li>Uppt\u00e4ck de senaste innovationerna inom AI och cybers\u00e4kerhet<\/li>\n<p><\/p>\n<p><\/p>\n<li>Tr\u00e4ffa ledande teknikleverant\u00f6rer och IT-partners<\/li>\n<p><\/p>\n<p><\/p>\n<li>Bygg v\u00e4rdefulla aff\u00e4rskontakter med \u00f6ver 1 000 branschkollegor<\/li>\n<p><\/p>\n<p><\/p>\n<li>F\u00e5 konkreta strategier f\u00f6r att accelerera din digitala transformation<\/li>\n<p><\/p>\n<p><\/p>\n<li>Utforska framtidens IT-l\u00f6sningar och aff\u00e4rsm\u00f6jligheter<\/li>\n<p><\/ul>\n<p><\/p>\n<p><\/p>\n<p class=\"wp-block-paragraph\"><strong>Datum:<\/strong> 3 november 2026<br \/><strong>Tid:<\/strong> 08:00\u201318:00<br \/><strong>Plats:<\/strong> Stockholm Waterfront Congress Centre, Stockholm<br \/><strong>Arrang\u00f6r:<\/strong> <a href=\"https:\/\/www.arrow.com\/globalecs\/se\/\" target=\"_blank\" data-schema-attribute=\"mentions\" rel=\"noreferrer noopener\">Arrow ECS Sverige<\/a><\/p>\n<p><\/p>\n<p><\/p>\n<p class=\"wp-block-paragraph\"><strong>Arrow Five Years Out 2026<\/strong> \u00e4r kostnadsfritt att delta p\u00e5, men antalet platser \u00e4r begr\u00e4nsat och f\u00f6ranm\u00e4lan kr\u00e4vs. Eventet passar alla som vill ligga steget f\u00f6re inom AI, cybers\u00e4kerhet, molntj\u00e4nster och framtidens digitala aff\u00e4rsutveckling.<\/p>\n<p><\/p>\n<p><\/p>\n<p class=\"wp-block-paragraph\"><\/p>\n            <\/div>\n            <div class='clear'><\/div>        <\/div>\n    <\/div>\n<\/div><\/div><\/div><!-- row close --><div class='evocard_row bx2 bx'><div id='event_time' class='evocard_box time' data-c='' \n\t\t\t\t\tstyle=''><div class='evo_metarow_time evorow evcal_evdata_row evcal_evrow_sm '>\n\t\t<span class='evcal_evdata_icons'><i class='fa fa-clock'><\/i><\/span>\n\t\t<div class='evcal_evdata_cell'>\t\t\t\t\t\t\t\n\t\t\t<h3 class='evo_h3'><span class='evcal_evdata_icons'><i class='fa fa-clock'><\/i><\/span>Tid<\/h3><div><span class='evo_eventcard_time_t evogap5 evofxww'><span class=\"start\">november 3, 2026<\/span> <span class=\"stime\">6:00 fm<\/span> - <span class=\"etime\">6:00 em<\/span><\/span><span class='evo_tz marr5'>(GMT+01:00)<\/span><\/div>\n\t\t<\/div>\n\t<\/div><\/div><div id='event_location' class='evocard_box location' data-c='' \n\t\t\t\t\tstyle=''><div class='evcal_evdata_row evo_metarow_time_location evorow '>\n\t\t\n\t\t\t<span class='evcal_evdata_icons'><i class='fa fa-map-marker'><\/i><\/span>\n\t\t\t<div class='evcal_evdata_cell' data-loc_tax_id='7684'><h3 class='evo_h3 evodfx'><span class='evcal_evdata_icons'><i class='fa fa-map-marker'><\/i><\/span><a class=\"evo_event_loc_link evocl1i\" target=\"_blank\" href=\"https:\/\/stockholmwaterfront.com\/\" rel=\"noopener\">Plats<\/a><\/h3><p class='evo_location_name evofwb evofz16i'><a class=\"evo_event_loc_link evocl1i\" target=\"_blank\" href=\"https:\/\/stockholmwaterfront.com\/\" rel=\"noopener\">Stockholm Waterfront Congress Centre<\/a><\/p><p class='evo_location_address evodfxi evofxaic evogap10'><a class=\"evo_event_loc_link evocl1i\" target=\"_blank\" href=\"https:\/\/stockholmwaterfront.com\/\" rel=\"noopener\">Nils Ericsons Plan 4<\/a><button class='evo_copy_address evobuttonA evocurp evohoop7 evopad5' style='' data-txt='Nils Ericsons Plan 4' data-t='Adressen har kopierats till urklipp!'><i class='far fa-copy evofz16i' title='Kopiera destinationsadress!' aria-label='Kopiera destinationsadress!'><\/i><\/button><\/p><div class='evo_event_loc_contacts evopadt5'>\n\t\t\t\t\t\t<p class='evo_location_contact'>+46 8 5050 6540 | <a href='mailto:meetings@stockholmwaterfront.com'>meetings@stockholmwaterfront.com<\/a><\/p><\/div><div class='evodfx evofxdrr evogap10 evofxaic evomart20i'><div class=''><button class='evosp_trigger evobrn evoboxsn evobgclg20 evoff_2 evodfx evofxdrr evogap5 evofxaic evocurp evofwb evoHKx2 evoHbgclg30 evopad5-10i evobr10 evocl1i evofz14i' data-lbvals=\"{&quot;lbdata&quot;:{&quot;class&quot;:&quot;evo_location_lb_7684&quot;,&quot;additional_class&quot;:&quot;lb_max&quot;,&quot;title&quot;:&quot;Stockholm Waterfront Congress Centre&quot;},&quot;adata&quot;:{&quot;a&quot;:&quot;eventon_get_tax_card_content&quot;,&quot;end&quot;:&quot;client&quot;,&quot;data&quot;:{&quot;lang&quot;:&quot;L1&quot;,&quot;term_id&quot;:7684,&quot;tax&quot;:&quot;event_location&quot;,&quot;load_lbcontent&quot;:true}},&quot;uid&quot;:&quot;eventon_get_tax_card_content&quot;}\" data-d=\"{&quot;sp_id&quot;:&quot;evo_location_7684&quot;,&quot;adata&quot;:{&quot;a&quot;:&quot;eventon_get_tax_card_content&quot;,&quot;data&quot;:{&quot;eventid&quot;:28977,&quot;ri&quot;:0,&quot;term_id&quot;:7684,&quot;tax&quot;:&quot;event_location&quot;,&quot;load_lbcontent&quot;:true,&quot;lang&quot;:&quot;L1&quot;}},&quot;size&quot;:&quot;lar&quot;,&quot;fresh_content&quot;:true}\" >Andra evenemang<i class='fa fa-chevron-right evofz12i evokid evotrans' aria-hidden='true' style='margin-top:2px;'><\/i><\/button><\/div><\/div><\/div>\n\t\t\n\t<\/div><\/div><\/div><!-- row close --><div class='evocard_row bx2 bx'><div id='event_learnmore' class='evocard_box learnmore' data-c='' \n\t\t\t\t\tstyle=''><div class='evo_metarow_learnM evo_metarow_learnmore evorow'>\n\t\t\t\t\t\t\t<a class=\"evcal_evdata_row evo_clik_row \" href=\"https:\/\/secure-eugo.arrow.com\/fiveyearsout2026?\" target=\"_blank\" rel=\"noopener\">\n\t\t\t\t\t\t\t\t<span class='evcal_evdata_icons'><i class='fa fa-link'><\/i><\/span>\n\t\t\t\t\t\t\t\t<h3 class='evo_h3'>\"L\u00e4s mer<\/h3>\n\t\t\t\t\t\t\t<\/a>\n\t\t\t\t\t\t\t<\/div><\/div><div id='event_addtocal' class='evocard_box addtocal' data-c='' \n\t\t\t\t\tstyle=''><div class='evo_metarow_ICS evorow evcal_evdata_row'>\n\t\t\t<span class='evcal_evdata_icons'><i class='fa fa-calendar-o'><\/i><\/span>\n\t\t\t<div class='evcal_evdata_cell'>\n\t\t\t\t<p><a href=\"https:\/\/itbranschen.com\/de\/export-events\/28977_0\/?key=f5ade1463c\" rel=\"nofollow\" class=\"evo_ics_nCal\" title=\"L\u00e4gg till i din kalender\">Kalender<\/a><a href=\"https:\/\/www.google.com\/calendar\/event?action=TEMPLATE&amp;text=Arrow%20Five%20Years%20Out%202026&amp;dates=20261103T050000Z\/20261103T170000Z&amp;ctz=Europe%2FStockholm&amp;details=Arrow%20Five%20Years%20Out%202026&amp;location=Stockholm%20Waterfront%20Congress%20Centre%20Nils%20Ericsons%20Plan%204\" target=\"_blank\" rel=\"nofollow noopener\" class=\"evo_ics_gCal\" title=\"L\u00e4gg till i Google Kalender\">GoogleCal<\/a><\/p>\t\n\t\t\t<\/div>\n\t\t<\/div><\/div><\/div><!-- row close --><div class='evocard_row'><div id='event_organizer' class='evocard_box organizer' data-c='' \n\t\t\t\t\tstyle=''><div class='evo_metarow_organizer evorow evcal_evdata_row evcal_evrow_sm '>\n\t\t<span class='evcal_evdata_icons'><i class='fa fa-microphone'><\/i><\/span>\n\t\t<div class='evcal_evdata_cell'>\t\t\t\t\t\t\t\n\t\t\t<h3 class='evo_h3'>Arrang\u00f6r<\/h3><div class='evo_evdata_cell_content evodfx evofxww evofxdrr evogap30'><div class='evo_card_organizer evofx_1 evodfx evofxdrr evogap15'><p class='evo_data_val evo_card_organizer_image'>\n\t\t\t<img decoding=\"async\" class=\"evosp_trigger evo_curp evo_transit_all evo_trans_sc1_03 evo_boxsh_1\" data-d=\"{&quot;sp_id&quot;:&quot;evo_organizer_7683&quot;,&quot;adata&quot;:{&quot;a&quot;:&quot;eventon_get_tax_card_content&quot;,&quot;data&quot;:{&quot;eventid&quot;:28977,&quot;ri&quot;:0,&quot;term_id&quot;:7683,&quot;tax&quot;:&quot;event_organizer&quot;,&quot;load_lbcontent&quot;:true,&quot;lang&quot;:&quot;L1&quot;}},&quot;size&quot;:&quot;lar&quot;,&quot;fresh_content&quot;:true}\" src=\"https:\/\/itbranschen.com\/wp-content\/uploads\/2026\/07\/arrow-logo-300x300.jpg\" alt=\"Arrow Five Years Out \u2013 Arrow Five Years Out 2026 | IT-Branschen\" title=\"| IT-Branschen\"><\/p><div class='evodfx evofxdrc evofxjcfs'><h4 class='evo_org_name evo_h4 marb5 evottui evocl1i evopadb10i'><span class='evo_card_organizer_name_t marb5'><a target=\"_blank\" href=\"https:\/\/secure-eugo.arrow.com\/fiveyearsout2026\" class=\"evocl1i\" rel=\"noopener\">Arrow ECS Sverige<\/a><\/span><\/h4><div class='evo_org_details'>Arrow ECS Sverige \u00e4r en ledande distribut\u00f6r av IT-l\u00f6sningar och en del av Arrow Electronics. F\u00f6retaget hj\u00e4lper \u00e5terf\u00f6rs\u00e4ljare, systemintegrat\u00f6rer och teknikpartners att accelerera digital transformation genom innovativa l\u00f6sningar inom AI, cybers\u00e4kerhet, molntj\u00e4nster och IT-infrastruktur.<button class='evo_organizer_more_trig evonobtn2 evobutton evoff_2 evobgclg30 evoHbgclg50 evoop7 evohoop10 evotrans evobr5 evomarl5 evofz12' style='    padding: 2px 5px;font-size: 11px;'>L\u00e4s mer.<\/button><\/div><div class='evo_org_details_full evodni'>Arrow ECS Sverige \u00e4r en av Nordens ledande teknikdistribut\u00f6rer och en del av Arrow Electronics, ett globalt Fortune 500-f\u00f6retag. Arrow samarbetar med v\u00e4rldsledande teknikleverant\u00f6rer och erbjuder l\u00f6sningar inom artificiell intelligens, cybers\u00e4kerhet, molntj\u00e4nster, datacenter, n\u00e4tverk, infrastruktur och digital transformation.\r\n\r\nGenom sitt omfattande partnern\u00e4tverk hj\u00e4lper Arrow f\u00f6retag, \u00e5terf\u00f6rs\u00e4ljare, MSP:er och systemintegrat\u00f6rer att utveckla nya aff\u00e4rsm\u00f6jligheter, accelerera innovation och implementera framtidens teknologier. Arrow Five Years Out \u00e4r f\u00f6retagets \u00e5rliga flaggskeppsevent d\u00e4r branschens ledande experter, kunder och partners samlas f\u00f6r att diskutera de tekniska trender som kommer att forma de kommande fem \u00e5ren.<\/div><p class='evo_card_organizer_more'><a class=' evosp_trigger mart10 evodifx evofxdrr evogap5 evofxaic evocurp evofwb evoHKx2 evobgclg20 evoHbgclg40 evopad5-10i evobr10 evocl1i evofz14i' data-d=\"{&quot;sp_id&quot;:&quot;evo_organizer_7683&quot;,&quot;adata&quot;:{&quot;a&quot;:&quot;eventon_get_tax_card_content&quot;,&quot;data&quot;:{&quot;eventid&quot;:28977,&quot;ri&quot;:0,&quot;term_id&quot;:7683,&quot;tax&quot;:&quot;event_organizer&quot;,&quot;load_lbcontent&quot;:true,&quot;lang&quot;:&quot;L1&quot;}},&quot;size&quot;:&quot;lar&quot;,&quot;fresh_content&quot;:true}\" >L\u00e4s mer<i class='fa fa-chevron-right evofz12i evokid evotrans' aria-hidden='true' style='margin-top:2px;'><\/i><\/a><\/p><\/div><\/div><!-- evo_card_organizer--><\/div><\/div>\t<\/div><\/div><\/div><!-- row close --><div class='evocard_row'><div id='event_gmap' class='evocard_box gmap' data-c='' \n\t\t\t\t\tstyle=''><div class='evo_map evoposr evoh100p'><div class='evo_metarow_gmap evcal_evdata_row evorow evcal_gmaps evc17936820006a96d0d70587928977_gmap place' id='evc17936820006a96d0d70587928977_gmap' style='max-width:none' data-name=\"Stockholm Waterfront Congress Centre\" data-address=\"Nils Ericsons Plan 4\" data-latlng=\"59.3299581,18.0560312\" data-location_type=\"place\" data-scroll=\"yes\" data-mty=\"roadmap\" data-zoom=\"14\" data-mapIcon=\"\" data-delay=\"400\" data-map_canvas_id=\"evc17936820006a96d0d70587928977_gmap\" >\n\t\t<span class='evo_map_load_out evoposr evodb evobr15'>\n\t\t<i class='fa fa-location-dot evoposa'><\/i><span class='evo_map_load evoposr evodb'>\t\t\t\t\t\n\t\t\t\t\t<i class='a'><\/i>\n\t\t\t\t\t<i class='b'><\/i>\n\t\t\t\t\t<i class='c'><\/i>\n\t\t\t\t\t<i class='d'><\/i>\n\t\t\t\t\t<i class='e'><\/i>\n\t\t\t\t\t<i class='f'><\/i>\n\t\t\t\t<\/span><\/span>\n\t<\/div><div class='evo_gmap_bottom evoposa evobot0'><\/div><\/div><\/div><\/div><!-- row close --><div class='evocard_row'><div id='event_getdirection' class='evocard_box getdirection' data-c='' \n\t\t\t\t\tstyle=''><div class='evo_metarow_getDr evorow evcal_evdata_row evcal_evrow_sm getdirections'>\n\t\t<form action='https:\/\/maps.google.com\/maps' method='get' target='_blank'>\n\t\t\t<input type='hidden' name='daddr' value=\"59.3299581,18.0560312\"\/> \n\t\t\t<div class='evo_get_direction_content evofxdrr evofxww evogap10'>\n\t\t\t\t<span class='evogetdir_header evodfx evofxdrr evofxaic evogap10'>\n\t\t\t\t\t<i class='mainicon fa fa-route evofz24i' aria-hidden='true'><\/i> \n\t\t\t\t\t<h3 class='evo_h3 evopad0i' style='padding-bottom:5px;'>F\u00e5 v\u00e4gbeskrivning<\/h3>\n\t\t\t\t<\/span>\t\t\t\t<p class=''>How do you plan to get there?<\/p>\n\t\t\t\t<div class='evodfx evofxdrr evofxaic evogap5'>\n\t\t\t\t\t\t\t\t\t\t\t<a href=\"https:\/\/www.google.com\/maps\/dir\/?api=1&amp;origin=Current+Location&amp;destination=59.3299581%2C18.0560312&amp;travelmode=best\" target=\"_blank\" rel=\"noreferrer noopener\" aria-label=\"Best Route\" class=\"evodfx evofxdrr evogap5 evofxaic evocurp evohoop7o evofwb evoHKx2 evoHbgclg20 evopad10i evobr10 evocl1i evofz14i evonobtn\"><i class='fa fa-diamond-turn-right evotooltipfree' title='Best Route'><\/i><\/a>\t\t\t\t\t\t<a href=\"https:\/\/www.google.com\/maps\/dir\/?api=1&amp;origin=Current+Location&amp;destination=59.3299581%2C18.0560312&amp;travelmode=driving\" target=\"_blank\" rel=\"noreferrer noopener\" aria-label=\"Driving\" class=\"evodfx evofxdrr evogap5 evofxaic evocurp evohoop7o evofwb evoHKx2 evoHbgclg20 evopad10i evobr10 evocl1i evofz14i evonobtn\"><i class='fa fa-car evotooltipfree' title='Driving'><\/i><\/a>\t\t\t\t\t\t<a href=\"https:\/\/www.google.com\/maps\/dir\/?api=1&amp;origin=Current+Location&amp;destination=59.3299581%2C18.0560312&amp;travelmode=transit\" target=\"_blank\" rel=\"noreferrer noopener\" aria-label=\"Transit\" class=\"evodfx evofxdrr evogap5 evofxaic evocurp evohoop7o evofwb evoHKx2 evoHbgclg20 evopad10i evobr10 evocl1i evofz14i evonobtn\"><i class='fa fa-bus evotooltipfree' title='Transit'><\/i><\/a>\t\t\t\t\t\t<a href=\"https:\/\/www.google.com\/maps\/dir\/?api=1&amp;origin=Current+Location&amp;destination=59.3299581%2C18.0560312&amp;travelmode=walking\" target=\"_blank\" rel=\"noreferrer noopener\" aria-label=\"Walking\" class=\"evodfx evofxdrr evogap5 evofxaic evocurp evohoop7o evofwb evoHKx2 evoHbgclg20 evopad10i evobr10 evocl1i evofz14i evonobtn\"><i class='fa fa-person-walking evotooltipfree' title='Walking'><\/i><\/a>\t\t\t\t\t\t<a href=\"https:\/\/www.google.com\/maps\/dir\/?api=1&amp;origin=Current+Location&amp;destination=59.3299581%2C18.0560312&amp;travelmode=bicycling\" target=\"_blank\" rel=\"noreferrer noopener\" aria-label=\"Bicycling\" class=\"evodfx evofxdrr evogap5 evofxaic evocurp evohoop7o evofwb evoHKx2 evoHbgclg20 evopad10i evobr10 evocl1i evofz14i evonobtn\"><i class='fa fa-person-biking evotooltipfree' title='Bicycling'><\/i><\/a>\t\n\t\t\t\t<\/div>\n\n\t\t\t\t<\/div>\n\t\t<\/form>\n\t<\/div><\/div><\/div><!-- row close --><button class='evo_card_row_end evcal_close' title='\"St\u00e4ng evenemang'><\/button><\/div><div class='clear end'><\/div><\/div><div id=\"event_28509_0\" class=\"eventon_list_event evo_eventtop scheduled  event clrD event_28509_0\" data-event_id=\"28509\" data-ri=\"0r\" data-time=\"1794466800-1794499200\" data-colr=\"#124d60\" itemscope itemtype='http:\/\/schema.org\/Event'><div class=\"evo_event_schema\" style=\"display:none\" ><a itemprop=\"url\" href=\"https:\/\/itbranschen.com\/de\/events\/radar-summit-stockholm-2026\/\"><\/a><meta itemprop='image' content=\"https:\/\/itbranschen.com\/wp-content\/uploads\/2026\/07\/RADAR-SUMMIT-STOCKHOLM.jpg\" \/><meta itemprop='startDate' content=\"2026-11-12T08:00+2:00\" \/><meta itemprop='endDate' content=\"2026-11-12T17:00+2:00\" \/><meta itemprop='eventStatus' content=\"https:\/\/schema.org\/EventScheduled\" \/><meta itemprop='eventAttendanceMode'   itemscope itemtype=\"https:\/\/schema.org\/OfflineEventAttendanceMode\"\/><div style=\"display:none\" itemprop=\"location\" itemscope itemtype=\"http:\/\/schema.org\/Place\"><span itemprop=\"name\">M\u00fcnchenbryggeriet<\/span><span itemprop=\"address\" itemscope itemtype=\"http:\/\/schema.org\/PostalAddress\"><item itemprop=\"streetAddress\">Torkel Knutssonsgatan 2<\/item><\/span><\/div><div itemprop=\"organizer\" itemscope=\"\" itemtype=\"http:\/\/schema.org\/Organization\"><meta itemprop=\"name\" content=\"Radar Group\">\n\t\t\t\t    \t<meta itemprop=\"url\" content=\"https:\/\/radargrp.com\/\"><\/div><div itemprop=\"performer\" itemscope=\"\" itemtype=\"http:\/\/schema.org\/Person\"><meta itemprop=\"name\" content=\"Radar Group\"><\/div><script type=\"application\/ld+json\">{\"@context\": \"http:\/\/schema.org\",\"@type\": \"Event\",\n\t\t\t\t\"@id\": \"event_28509_0\",\n\t\t\t\t\"eventAttendanceMode\":\"https:\/\/schema.org\/OfflineEventAttendanceMode\",\n\t\t\t\t\"eventStatus\":\"https:\/\/schema.org\/EventScheduled\",\n\t\t\t\t\"name\": \"RADAR SUMMIT STOCKHOLM 2026\",\n\t\t\t\t\"url\": \"https:\/\/itbranschen.com\/de\/events\/radar-summit-stockholm-2026\/\",\n\t\t\t\t\"startDate\": \"2026-11-12T08:00+2:00\",\n\t\t\t\t\"endDate\": \"2026-11-12T17:00+2:00\",\n\t\t\t\t\"image\":\"https:\/\/itbranschen.com\/wp-content\/uploads\/2026\/07\/RADAR-SUMMIT-STOCKHOLM.jpg\", \n\t\t\t\t\"description\":\"<p><\/p> <h3 class='wp-block-heading'>Om Radar Summit Stockholm 2026<\/h3> <p><\/p> <p><\/p> <p class=\"wp-block-paragraph\">Radar Summit Stockholm 2026 \u00e4r Nordens ledande m\u00f6tesplats f\u00f6r beslutsfattare inom IT, teknik och <a href='https:\/\/itbranschen.com\/category\/digitalisering\/'>digital transformation<\/a>. Under en heldag samlas CIO:er, CTO:er, IT-chefer, aff\u00e4rsledare, myndigheter och branschledande experter f\u00f6r att diskutera de strategiska fr\u00e5gor som formar framtidens digitala samh\u00e4lle.<\/p> <p><\/p> <p><\/p> <p class=\"wp-block-paragraph\">\u00c5rets tema fokuserar p\u00e5 hur organisationer kan navigera i en allt mer komplex v\u00e4rld d\u00e4r <a href='https:\/\/itbranschen.com\/category\/artificiell-intelligens\/'>artificiell intelligens<\/a>, geopolitik, <a href='https:\/\/itbranschen.com\/category\/cybersakerhet\/'>cybers\u00e4kerhet<\/a>, digital suver\u00e4nitet och innovation f\u00f6r\u00e4ndrar f\u00f6ruts\u00e4ttningarna f\u00f6r b\u00e5de offentlig och privat sektor. Deltagarna f\u00e5r ta del av analyser, framtidsspaningar, konkreta strategier och inspirerande keynote-f\u00f6rel\u00e4sningar som ger st\u00f6d f\u00f6r framtida aff\u00e4rs- och IT-beslut.<\/p> <p><\/p> <p><\/p> <p class=\"wp-block-paragraph\">Programmet belyser bland annat:<\/p> <p><\/p> <p><\/p> <ul class='wp-block-list'><\/p> <li><a href='https:\/\/itbranschen.com\/category\/artificiell-intelligens\/'>Artificiell intelligens<\/a> och n\u00e4sta generations digitala transformation<\/li> <p><\/p> <p><\/p> <li>Geopolitikens p\u00e5verkan p\u00e5 IT och digital infrastruktur<\/li> <p><\/p> <p><\/p> <li><a href='https:\/\/itbranschen.com\/category\/cybersakerhet\/'>Cybers\u00e4kerhet<\/a> och digital motst\u00e5ndskraft<\/li> <p><\/p> <p><\/p> <li>FinOps och effektiv styrning av IT-investeringar<\/li> <p><\/p> <p><\/p> <li>Innovation inom <a href='https:\/\/itbranschen.com\/category\/artificiell-intelligens\/'>AI<\/a>, kvantteknik och h\u00e5llbar teknik<\/li> <p><\/p> <p><\/p> <li>Ledarskap, f\u00f6r\u00e4ndringsf\u00f6rm\u00e5ga och framtidens organisationer<\/li> <p><\/ul> <p><\/p> <p><\/p> <p class=\"wp-block-paragraph\"><a href='https:\/\/itbranschen.com\/tag\/radar-group\/' data-type='post_tag' data-id='7507'>Radar Summit<\/a> erbjuder dessutom omfattande m\u00f6jligheter till n\u00e4tverkande med Sveriges ledande IT-beslutsfattare, teknikleverant\u00f6rer och branschexperter. Eventet \u00e4r en unik plattform f\u00f6r kunskapsutbyte, aff\u00e4rsutveckling och strategiska samarbeten inf\u00f6r kommande verksamhets\u00e5r.<\/p> <p><\/p> <p><\/p> <p class=\"wp-block-paragraph\"><strong>Datum:<\/strong> 12 november 2026<br \/><strong>Tid:<\/strong> 08:00\u201317:00<br \/><strong>Plats:<\/strong> M\u00fcnchenbryggeriet, Stockholm<\/p> <p><\/p> <p><\/p> <p class=\"wp-block-paragraph\"><a href='https:\/\/radar-summit-stockholm-2026.event.radargrp.com'><strong>https:\/\/radar-summit-stockholm-2026.event.radargrp.com<\/strong><\/a><\/p> <p><\/p> \",\"location\":[{\"@type\":\"Place\",\"name\":\"M\u00fcnchenbryggeriet\",\"address\":{\"@type\": \"PostalAddress\",\"streetAddress\":\"Torkel Knutssonsgatan 2\"}}],\"organizer\":[{\"@type\":\"Organization\",\"name\":\"Radar Group\",\"url\":\"https:\/\/radargrp.com\/\"}]}<\/script><\/div>\n\t\t\t\t<p class=\"desc_trig_outter\" style=\"\"><a data-gmtrig=\"1\" data-exlk=\"0\" style=\"background-color: #124d60;\" id=\"evc_179446680028509\" href=\"#\" class=\"desc_trig featured_event 1 sin_val evcal_list_a\" data-ux_val=\"3\" data-ux_val_mob=\"-\"  ><span class='evoet_in'><span class='evoet_c2 evoet_cx '><span class='evoet_dayblock evcal_cblock ' data-bgcolor='#124d60' data-smon='november' data-syr='2026' data-bub=''><span class='evo_start  evofxdrc'><em class='date'>12<\/em><em class='month'>nov<\/em><em class='time'>8:00 fm<\/em><\/span><span class='evo_end only_time evofxdrc'><em class='time'>5:00 em<\/em><\/span><\/span><\/span><span class='evoet_c3 evoet_cx evcal_desc hide_eventtopdata '><span class='evoet_title evcal_desc2 evcal_event_title ' itemprop='name'>RADAR SUMMIT STOCKHOLM 2026<\/span><span class='event_location_attrs evodni'  data-location_address=\"Torkel Knutssonsgatan 2\" data-location_type=\"lonlat\" data-location_name=\"M\u00fcnchenbryggeriet\" data-location_url=\"https:\/\/itbranschen.com\/de\/event-location\/munchenbryggeriet\/\" data-location_status=\"true\" data-locid=\"7516\" data-latlng=\"59.32078049999999,18.0556047\"><\/span><span class='evoet_cy evoet_subtitle evo_below_title' ><span class='evcal_event_subtitle ' >Nordens m\u00f6tesplats f\u00f6r framtidens IT-ledare<\/span><\/span><\/span><\/span><span class='evoet_data' style='display:none' data-d=\"{&quot;loc.n&quot;:&quot;M\\u00fcnchenbryggeriet&quot;,&quot;orgs&quot;:{&quot;7505&quot;:&quot;Radar Group&quot;},&quot;tags&quot;:{&quot;featured&quot;:&quot;Utvalt&quot;}}\" data-bgc=\"#124d60\" data-bggrad=\"\" ><\/span><\/a><\/p><div class='event_description evcal_eventcard ' style=\"display:none\"><div class='evocard_row'><div id='event_ftimage' class='evocard_box ftimage' data-c='' \n\t\t\t\t\tstyle=''><div class='evocard_main_image_hold' data-t='L\u00e4ser in bild..'><div class='evocard_main_image evo_img_triglb evocd_img_full evobr15 evobgsc evobgpc evodfx evofx_jc_c evofx_ai_c evofz48 full' style='height:400px; background-image:url();' data-f=\"https:\/\/itbranschen.com\/wp-content\/uploads\/2026\/07\/RADAR-SUMMIT-STOCKHOLM.jpg\" data-h=\"675\" data-w=\"1200\" data-ratio=\"0.5625\" data-event_id=\"28509\" data-ri=\"0\"  data-t='L\u00e4ser in bild..'><span style='height:400px; background-image:url(https:\/\/itbranschen.com\/wp-content\/uploads\/2026\/07\/RADAR-SUMMIT-STOCKHOLM.jpg)'><\/span><\/div><\/div><\/div><\/div><!-- row close --><div class='evocard_row'><div id='event_eventdetails' class='evocard_box eventdetails' data-c='' \n\t\t\t\t\tstyle=''><div class=\"evo_metarow_details evorow evcal_evdata_row evcal_event_details\">\n    <div class=\"event_excerpt\" style=\"display:none\"><h3 class=\"padb5 evo_h3\">Evenemangsdetaljer<\/h3><p>Om Radar Summit Stockholm 2026\n\n\nRadar Summit Stockholm 2026 \u00e4r Nordens ledande m\u00f6tesplats f\u00f6r beslutsfattare inom IT, teknik och digital transformation. Under<\/p><\/div><span class='evcal_evdata_icons'><i class='fa fa-align-justify'><\/i><\/span>    <div class=\"evcal_evdata_cell \">\n        <div class=\"eventon_full_description\">\n            <h3 class=\"padb5 evo_h3\"><span class='evcal_evdata_icons'><i class='fa fa-align-justify'><\/i><\/span>Evenemangsdetaljer<\/h3>\n            <div class=\"eventon_desc_in\" itemprop=\"description\">\n                <p><\/p>\n<h3 class=\"wp-block-heading\">Om Radar Summit Stockholm 2026<\/h3>\n<p><\/p>\n<p><\/p>\n<p class=\"wp-block-paragraph\">Radar Summit Stockholm 2026 \u00e4r Nordens ledande m\u00f6tesplats f\u00f6r beslutsfattare inom IT, teknik och <a href=\"https:\/\/itbranschen.com\/category\/digitalisering\/\">digital transformation<\/a>. Under en heldag samlas CIO:er, CTO:er, IT-chefer, aff\u00e4rsledare, myndigheter och branschledande experter f\u00f6r att diskutera de strategiska fr\u00e5gor som formar framtidens digitala samh\u00e4lle.<\/p>\n<p><\/p>\n<p><\/p>\n<p class=\"wp-block-paragraph\">\u00c5rets tema fokuserar p\u00e5 hur organisationer kan navigera i en allt mer komplex v\u00e4rld d\u00e4r <a href=\"https:\/\/itbranschen.com\/category\/artificiell-intelligens\/\">artificiell intelligens<\/a>, geopolitik, <a href=\"https:\/\/itbranschen.com\/category\/cybersakerhet\/\">cybers\u00e4kerhet<\/a>, digital suver\u00e4nitet och innovation f\u00f6r\u00e4ndrar f\u00f6ruts\u00e4ttningarna f\u00f6r b\u00e5de offentlig och privat sektor. Deltagarna f\u00e5r ta del av analyser, framtidsspaningar, konkreta strategier och inspirerande keynote-f\u00f6rel\u00e4sningar som ger st\u00f6d f\u00f6r framtida aff\u00e4rs- och IT-beslut.<\/p>\n<p><\/p>\n<p><\/p>\n<p class=\"wp-block-paragraph\">Programmet belyser bland annat:<\/p>\n<p><\/p>\n<p><\/p>\n<ul class=\"wp-block-list\"><\/p>\n<li><a href=\"https:\/\/itbranschen.com\/category\/artificiell-intelligens\/\">Artificiell intelligens<\/a> och n\u00e4sta generations digitala transformation<\/li>\n<p><\/p>\n<p><\/p>\n<li>Geopolitikens p\u00e5verkan p\u00e5 IT och digital infrastruktur<\/li>\n<p><\/p>\n<p><\/p>\n<li><a href=\"https:\/\/itbranschen.com\/category\/cybersakerhet\/\">Cybers\u00e4kerhet<\/a> och digital motst\u00e5ndskraft<\/li>\n<p><\/p>\n<p><\/p>\n<li>FinOps och effektiv styrning av IT-investeringar<\/li>\n<p><\/p>\n<p><\/p>\n<li>Innovation inom <a href=\"https:\/\/itbranschen.com\/category\/artificiell-intelligens\/\">AI<\/a>, kvantteknik och h\u00e5llbar teknik<\/li>\n<p><\/p>\n<p><\/p>\n<li>Ledarskap, f\u00f6r\u00e4ndringsf\u00f6rm\u00e5ga och framtidens organisationer<\/li>\n<p><\/ul>\n<p><\/p>\n<p><\/p>\n<p class=\"wp-block-paragraph\"><a href=\"https:\/\/itbranschen.com\/tag\/radar-group\/\" data-type=\"post_tag\" data-id=\"7507\">Radar Summit<\/a> erbjuder dessutom omfattande m\u00f6jligheter till n\u00e4tverkande med Sveriges ledande IT-beslutsfattare, teknikleverant\u00f6rer och branschexperter. Eventet \u00e4r en unik plattform f\u00f6r kunskapsutbyte, aff\u00e4rsutveckling och strategiska samarbeten inf\u00f6r kommande verksamhets\u00e5r.<\/p>\n<p><\/p>\n<p><\/p>\n<p class=\"wp-block-paragraph\"><strong>Datum:<\/strong> 12 november 2026<br \/><strong>Tid:<\/strong> 08:00\u201317:00<br \/><strong>Plats:<\/strong> M\u00fcnchenbryggeriet, Stockholm<\/p>\n<p><\/p>\n<p><\/p>\n<p class=\"wp-block-paragraph\"><a href=\"https:\/\/radar-summit-stockholm-2026.event.radargrp.com\" target=\"_blank\" rel=\"noopener\"><strong>https:\/\/radar-summit-stockholm-2026.event.radargrp.com<\/strong><\/a><\/p>\n<p><\/p>\n            <\/div>\n            <div class='clear'><\/div>        <\/div>\n    <\/div>\n<\/div><\/div><\/div><!-- row close --><div class='evocard_row bx2 bx'><div id='event_time' class='evocard_box time' data-c='' \n\t\t\t\t\tstyle=''><div class='evo_metarow_time evorow evcal_evdata_row evcal_evrow_sm '>\n\t\t<span class='evcal_evdata_icons'><i class='fa fa-clock'><\/i><\/span>\n\t\t<div class='evcal_evdata_cell'>\t\t\t\t\t\t\t\n\t\t\t<h3 class='evo_h3'><span class='evcal_evdata_icons'><i class='fa fa-clock'><\/i><\/span>Tid<\/h3><div><span class='evo_eventcard_time_t evogap5 evofxww'><span class=\"start\">november 12, 2026<\/span> <span class=\"stime\">8:00 fm<\/span> - <span class=\"etime\">5:00 em<\/span><\/span><span class='evo_tz marr5'>(GMT+01:00)<\/span><\/div>\n\t\t<\/div>\n\t<\/div><\/div><div id='event_location' class='evocard_box location' data-c='' \n\t\t\t\t\tstyle=''><div class='evcal_evdata_row evo_metarow_time_location evorow '>\n\t\t\n\t\t\t<span class='evcal_evdata_icons'><i class='fa fa-map-marker'><\/i><\/span>\n\t\t\t<div class='evcal_evdata_cell' data-loc_tax_id='7516'><h3 class='evo_h3 evodfx'><span class='evcal_evdata_icons'><i class='fa fa-map-marker'><\/i><\/span>Plats<\/h3><p class='evo_location_name evofwb evofz16i'>M\u00fcnchenbryggeriet<\/p><p class='evo_location_address evodfxi evofxaic evogap10'>Torkel Knutssonsgatan 2<button class='evo_copy_address evobuttonA evocurp evohoop7 evopad5' style='' data-txt='Torkel Knutssonsgatan 2' data-t='Adressen har kopierats till urklipp!'><i class='far fa-copy evofz16i' title='Kopiera destinationsadress!' aria-label='Kopiera destinationsadress!'><\/i><\/button><\/p><div class='evo_event_loc_contacts evopadt5'>\n\t\t\t\t\t\t<p class='evo_location_contact'>+46 8 658 20 00 | <a href='mailto:info@munchenbryggeriet.se'>info@munchenbryggeriet.se<\/a><\/p><\/div><div class='evodfx evofxdrr evogap10 evofxaic evomart20i'><div class=''><button class='evosp_trigger evobrn evoboxsn evobgclg20 evoff_2 evodfx evofxdrr evogap5 evofxaic evocurp evofwb evoHKx2 evoHbgclg30 evopad5-10i evobr10 evocl1i evofz14i' data-lbvals=\"{&quot;lbdata&quot;:{&quot;class&quot;:&quot;evo_location_lb_7516&quot;,&quot;additional_class&quot;:&quot;lb_max&quot;,&quot;title&quot;:&quot;M\\u00fcnchenbryggeriet&quot;},&quot;adata&quot;:{&quot;a&quot;:&quot;eventon_get_tax_card_content&quot;,&quot;end&quot;:&quot;client&quot;,&quot;data&quot;:{&quot;lang&quot;:&quot;L1&quot;,&quot;term_id&quot;:7516,&quot;tax&quot;:&quot;event_location&quot;,&quot;load_lbcontent&quot;:true}},&quot;uid&quot;:&quot;eventon_get_tax_card_content&quot;}\" data-d=\"{&quot;sp_id&quot;:&quot;evo_location_7516&quot;,&quot;adata&quot;:{&quot;a&quot;:&quot;eventon_get_tax_card_content&quot;,&quot;data&quot;:{&quot;eventid&quot;:28509,&quot;ri&quot;:0,&quot;term_id&quot;:7516,&quot;tax&quot;:&quot;event_location&quot;,&quot;load_lbcontent&quot;:true,&quot;lang&quot;:&quot;L1&quot;}},&quot;size&quot;:&quot;lar&quot;,&quot;fresh_content&quot;:true}\" >Andra evenemang<i class='fa fa-chevron-right evofz12i evokid evotrans' aria-hidden='true' style='margin-top:2px;'><\/i><\/button><\/div><\/div><\/div>\n\t\t\n\t<\/div><\/div><\/div><!-- row close --><div class='evocard_row bx2 bx'><div id='event_learnmore' class='evocard_box learnmore' data-c='' \n\t\t\t\t\tstyle=''><div class='evo_metarow_learnM evo_metarow_learnmore evorow'>\n\t\t\t\t\t\t\t<a class=\"evcal_evdata_row evo_clik_row \" href=\"https:\/\/radar-summit-stockholm-2026.event.radargrp.com\/\" target=\"_blank\" rel=\"noopener\">\n\t\t\t\t\t\t\t\t<span class='evcal_evdata_icons'><i class='fa fa-link'><\/i><\/span>\n\t\t\t\t\t\t\t\t<h3 class='evo_h3'>\"L\u00e4s mer<\/h3>\n\t\t\t\t\t\t\t<\/a>\n\t\t\t\t\t\t\t<\/div><\/div><div id='event_addtocal' class='evocard_box addtocal' data-c='' \n\t\t\t\t\tstyle=''><div class='evo_metarow_ICS evorow evcal_evdata_row'>\n\t\t\t<span class='evcal_evdata_icons'><i class='fa fa-calendar-o'><\/i><\/span>\n\t\t\t<div class='evcal_evdata_cell'>\n\t\t\t\t<p><a href=\"https:\/\/itbranschen.com\/de\/export-events\/28509_0\/?key=f5ade1463c\" rel=\"nofollow\" class=\"evo_ics_nCal\" title=\"L\u00e4gg till i din kalender\">Kalender<\/a><a href=\"https:\/\/www.google.com\/calendar\/event?action=TEMPLATE&amp;text=RADAR%20SUMMIT%20STOCKHOLM%202026&amp;dates=20261112T070000Z\/20261112T160000Z&amp;ctz=Europe%2FStockholm&amp;details=RADAR%20SUMMIT%20STOCKHOLM%202026&amp;location=M%C3%BCnchenbryggeriet%20Torkel%20Knutssonsgatan%202\" target=\"_blank\" rel=\"nofollow noopener\" class=\"evo_ics_gCal\" title=\"L\u00e4gg till i Google Kalender\">GoogleCal<\/a><\/p>\t\n\t\t\t<\/div>\n\t\t<\/div><\/div><\/div><!-- row close --><div class='evocard_row'><div id='event_organizer' class='evocard_box organizer' data-c='' \n\t\t\t\t\tstyle=''><div class='evo_metarow_organizer evorow evcal_evdata_row evcal_evrow_sm '>\n\t\t<span class='evcal_evdata_icons'><i class='fa fa-microphone'><\/i><\/span>\n\t\t<div class='evcal_evdata_cell'>\t\t\t\t\t\t\t\n\t\t\t<h3 class='evo_h3'>Arrang\u00f6r<\/h3><div class='evo_evdata_cell_content evodfx evofxww evofxdrr evogap30'><div class='evo_card_organizer evofx_1 evodfx evofxdrr evogap15'><p class='evo_data_val evo_card_organizer_image'>\n\t\t\t<img decoding=\"async\" class=\"evosp_trigger evo_curp evo_transit_all evo_trans_sc1_03 evo_boxsh_1\" data-d=\"{&quot;sp_id&quot;:&quot;evo_organizer_7505&quot;,&quot;adata&quot;:{&quot;a&quot;:&quot;eventon_get_tax_card_content&quot;,&quot;data&quot;:{&quot;eventid&quot;:28509,&quot;ri&quot;:0,&quot;term_id&quot;:7505,&quot;tax&quot;:&quot;event_organizer&quot;,&quot;load_lbcontent&quot;:true,&quot;lang&quot;:&quot;L1&quot;}},&quot;size&quot;:&quot;lar&quot;,&quot;fresh_content&quot;:true}\" src=\"https:\/\/itbranschen.com\/wp-content\/uploads\/2026\/07\/Radar-logo-300x300.jpg\" alt=\"Radar Group logo, nordiskt analys- och r\u00e5dgivningsf\u00f6retag inom IT, AI och digital transformation\" title=\"| IT-Branschen\"><\/p><div class='evodfx evofxdrc evofxjcfs'><h4 class='evo_org_name evo_h4 marb5 evottui evocl1i evopadb10i'><span class='evo_card_organizer_name_t marb5'><a target=\"_blank\" href=\"https:\/\/radargrp.com\/\" class=\"evocl1i\" rel=\"noopener\">Radar Group<\/a><\/span><\/h4><div class='evo_org_details'>Nordens ledande leverant\u00f6r av oberoende och datadrivna insikter, analyser, r\u00e5dgivning och evenemang f\u00f6r IT- och tekniksektorn.<button class='evo_organizer_more_trig evonobtn2 evobutton evoff_2 evobgclg30 evoHbgclg50 evoop7 evohoop10 evotrans evobr5 evomarl5 evofz12' style='    padding: 2px 5px;font-size: 11px;'>L\u00e4s mer.<\/button><\/div><div class='evo_org_details_full evodni'>Radar Group \u00e4r Nordens ledande leverant\u00f6r av lokala och oberoende datadrivna insikter f\u00f6r IT-ekosystemet. F\u00f6retaget hj\u00e4lper IT-beslutsfattare, leverant\u00f6rer och organisationer att fatta b\u00e4ttre aff\u00e4rsbeslut genom marknadsanalyser, rapporter, benchmarking, strategisk r\u00e5dgivning och branschevenemang.\r\n\r\nGenom sin egenutvecklade metodik och miljontals analyserade datapunkter erbjuder Radar marknadsinsikter och beslutsunderlag f\u00f6r b\u00e5de offentlig och privat sektor. N\u00e4tverket omfattar fler \u00e4n 14 000 medlemmar i Norden och st\u00f6djer organisationer i deras arbete med digital transformation, artificiell intelligens, cybers\u00e4kerhet, IT-strategi och innovation.\r\n\r\nRadar arrangerar \u00e4ven flera av Nordens mest uppskattade konferenser och m\u00f6tesplatser f\u00f6r CIO:er, CTO:er, IT-chefer och andra beslutsfattare inom teknik och digitalisering.<\/div><p class='evo_card_organizer_more'><a class=' evosp_trigger mart10 evodifx evofxdrr evogap5 evofxaic evocurp evofwb evoHKx2 evobgclg20 evoHbgclg40 evopad5-10i evobr10 evocl1i evofz14i' data-d=\"{&quot;sp_id&quot;:&quot;evo_organizer_7505&quot;,&quot;adata&quot;:{&quot;a&quot;:&quot;eventon_get_tax_card_content&quot;,&quot;data&quot;:{&quot;eventid&quot;:28509,&quot;ri&quot;:0,&quot;term_id&quot;:7505,&quot;tax&quot;:&quot;event_organizer&quot;,&quot;load_lbcontent&quot;:true,&quot;lang&quot;:&quot;L1&quot;}},&quot;size&quot;:&quot;lar&quot;,&quot;fresh_content&quot;:true}\" >L\u00e4s mer<i class='fa fa-chevron-right evofz12i evokid evotrans' aria-hidden='true' style='margin-top:2px;'><\/i><\/a><\/p><\/div><\/div><!-- evo_card_organizer--><\/div><\/div>\t<\/div><\/div><\/div><!-- row close --><div class='evocard_row'><div id='event_gmap' class='evocard_box gmap' data-c='' \n\t\t\t\t\tstyle=''><div class='evo_map evoposr evoh100p'><div class='evo_metarow_gmap evcal_evdata_row evorow evcal_gmaps evc17944668006a96d0d70776a28509_gmap place' id='evc17944668006a96d0d70776a28509_gmap' style='max-width:none' data-name=\"M\u00fcnchenbryggeriet\" data-address=\"Torkel Knutssonsgatan 2\" data-latlng=\"59.32078049999999,18.0556047\" data-location_type=\"place\" data-scroll=\"yes\" data-mty=\"roadmap\" data-zoom=\"14\" data-mapIcon=\"\" data-delay=\"400\" data-map_canvas_id=\"evc17944668006a96d0d70776a28509_gmap\" >\n\t\t<span class='evo_map_load_out evoposr evodb evobr15'>\n\t\t<i class='fa fa-location-dot evoposa'><\/i><span class='evo_map_load evoposr evodb'>\t\t\t\t\t\n\t\t\t\t\t<i class='a'><\/i>\n\t\t\t\t\t<i class='b'><\/i>\n\t\t\t\t\t<i class='c'><\/i>\n\t\t\t\t\t<i class='d'><\/i>\n\t\t\t\t\t<i class='e'><\/i>\n\t\t\t\t\t<i class='f'><\/i>\n\t\t\t\t<\/span><\/span>\n\t<\/div><div class='evo_gmap_bottom evoposa evobot0'><\/div><\/div><\/div><\/div><!-- row close --><div class='evocard_row'><div id='event_getdirection' class='evocard_box getdirection' data-c='' \n\t\t\t\t\tstyle=''><div class='evo_metarow_getDr evorow evcal_evdata_row evcal_evrow_sm getdirections'>\n\t\t<form action='https:\/\/maps.google.com\/maps' method='get' target='_blank'>\n\t\t\t<input type='hidden' name='daddr' value=\"Torkel Knutssonsgatan 2\"\/> \n\t\t\t<div class='evo_get_direction_content evofxdrr evofxww evogap10'>\n\t\t\t\t<span class='evogetdir_header evodfx evofxdrr evofxaic evogap10'>\n\t\t\t\t\t<i class='mainicon fa fa-route evofz24i' aria-hidden='true'><\/i> \n\t\t\t\t\t<h3 class='evo_h3 evopad0i' style='padding-bottom:5px;'>F\u00e5 v\u00e4gbeskrivning<\/h3>\n\t\t\t\t<\/span>\t\t\t\t<p class=''>How do you plan to get there?<\/p>\n\t\t\t\t<div class='evodfx evofxdrr evofxaic evogap5'>\n\t\t\t\t\t\t\t\t\t\t\t<a href=\"https:\/\/www.google.com\/maps\/dir\/?api=1&amp;origin=Current+Location&amp;destination=Torkel+Knutssonsgatan+2&amp;travelmode=best\" target=\"_blank\" rel=\"noreferrer noopener\" aria-label=\"Best Route\" class=\"evodfx evofxdrr evogap5 evofxaic evocurp evohoop7o evofwb evoHKx2 evoHbgclg20 evopad10i evobr10 evocl1i evofz14i evonobtn\"><i class='fa fa-diamond-turn-right evotooltipfree' title='Best Route'><\/i><\/a>\t\t\t\t\t\t<a href=\"https:\/\/www.google.com\/maps\/dir\/?api=1&amp;origin=Current+Location&amp;destination=Torkel+Knutssonsgatan+2&amp;travelmode=driving\" target=\"_blank\" rel=\"noreferrer noopener\" aria-label=\"Driving\" class=\"evodfx evofxdrr evogap5 evofxaic evocurp evohoop7o evofwb evoHKx2 evoHbgclg20 evopad10i evobr10 evocl1i evofz14i evonobtn\"><i class='fa fa-car evotooltipfree' title='Driving'><\/i><\/a>\t\t\t\t\t\t<a href=\"https:\/\/www.google.com\/maps\/dir\/?api=1&amp;origin=Current+Location&amp;destination=Torkel+Knutssonsgatan+2&amp;travelmode=transit\" target=\"_blank\" rel=\"noreferrer noopener\" aria-label=\"Transit\" class=\"evodfx evofxdrr evogap5 evofxaic evocurp evohoop7o evofwb evoHKx2 evoHbgclg20 evopad10i evobr10 evocl1i evofz14i evonobtn\"><i class='fa fa-bus evotooltipfree' title='Transit'><\/i><\/a>\t\t\t\t\t\t<a href=\"https:\/\/www.google.com\/maps\/dir\/?api=1&amp;origin=Current+Location&amp;destination=Torkel+Knutssonsgatan+2&amp;travelmode=walking\" target=\"_blank\" rel=\"noreferrer noopener\" aria-label=\"Walking\" class=\"evodfx evofxdrr evogap5 evofxaic evocurp evohoop7o evofwb evoHKx2 evoHbgclg20 evopad10i evobr10 evocl1i evofz14i evonobtn\"><i class='fa fa-person-walking evotooltipfree' title='Walking'><\/i><\/a>\t\t\t\t\t\t<a href=\"https:\/\/www.google.com\/maps\/dir\/?api=1&amp;origin=Current+Location&amp;destination=Torkel+Knutssonsgatan+2&amp;travelmode=bicycling\" target=\"_blank\" rel=\"noreferrer noopener\" aria-label=\"Bicycling\" class=\"evodfx evofxdrr evogap5 evofxaic evocurp evohoop7o evofwb evoHKx2 evoHbgclg20 evopad10i evobr10 evocl1i evofz14i evonobtn\"><i class='fa fa-person-biking evotooltipfree' title='Bicycling'><\/i><\/a>\t\n\t\t\t\t<\/div>\n\n\t\t\t\t<\/div>\n\t\t<\/form>\n\t<\/div><\/div><\/div><!-- row close --><button class='evo_card_row_end evcal_close' title='\"St\u00e4ng evenemang'><\/button><\/div><div class='clear end'><\/div><\/div><div id=\"event_30542_0\" class=\"eventon_list_event evo_eventtop scheduled  event clrD event_30542_0\" data-event_id=\"30542\" data-ri=\"0r\" data-time=\"1812232800-1812491999\" data-colr=\"#000000\" itemscope itemtype='http:\/\/schema.org\/Event'><div class=\"evo_event_schema\" style=\"display:none\" ><a itemprop=\"url\" href=\"https:\/\/itbranschen.com\/de\/events\/pax8-beyond-2027-san-diego\/\"><\/a><meta itemprop='image' content=\"https:\/\/itbranschen.com\/wp-content\/uploads\/2026\/08\/Pax-Beyond-San-Diego-June.jpg\" \/><meta itemprop='startDate' content=\"2027-6-6\" \/><meta itemprop='endDate' content=\"2027-6-8\" \/><meta itemprop='eventStatus' content=\"https:\/\/schema.org\/EventScheduled\" \/><meta itemprop='eventAttendanceMode'   itemscope itemtype=\"https:\/\/schema.org\/OfflineEventAttendanceMode\"\/><div style=\"display:none\" itemprop=\"location\" itemscope itemtype=\"http:\/\/schema.org\/Place\"><span itemprop=\"name\">Gaylord Pacific Resort &amp; Convention Center<\/span><span itemprop=\"address\" itemscope itemtype=\"http:\/\/schema.org\/PostalAddress\"><item itemprop=\"streetAddress\">1000 H Street<\/item><\/span><\/div><div itemprop=\"offers\" itemscope itemtype=\"http:\/\/schema.org\/Offer\">\n\t\t\t\t        <div class=\"event-price\" itemprop=\"price\" content=\"299\">299<\/div>\n\t\t\t\t        <meta itemprop=\"priceCurrency\" content=\"$\">\n\t\t\t\t        <meta itemprop=\"url\" content=\"https:\/\/itbranschen.com\/de\/events\/pax8-beyond-2027-san-diego\/\">\n\t\t\t\t        <meta itemprop=\"availability\" content=\"http:\/\/schema.org\/InStock\">\n\t\t\t\t        <meta itemprop=\"validFrom\" content=\"2027-6-6\">\n\t\t\t\t    <\/div><div itemprop=\"organizer\" itemscope=\"\" itemtype=\"http:\/\/schema.org\/Organization\"><meta itemprop=\"name\" content=\"Pax8\">\n\t\t\t\t    \t<meta itemprop=\"url\" content=\"https:\/\/www.pax8.com\"><\/div><div itemprop=\"performer\" itemscope=\"\" itemtype=\"http:\/\/schema.org\/Person\"><meta itemprop=\"name\" content=\"Pax8\"><\/div><script type=\"application\/ld+json\">{\"@context\": \"http:\/\/schema.org\",\"@type\": \"Event\",\n\t\t\t\t\"@id\": \"event_30542_0\",\n\t\t\t\t\"eventAttendanceMode\":\"https:\/\/schema.org\/OfflineEventAttendanceMode\",\n\t\t\t\t\"eventStatus\":\"https:\/\/schema.org\/EventScheduled\",\n\t\t\t\t\"name\": \"Pax8 Beyond 2027 San Diego\",\n\t\t\t\t\"url\": \"https:\/\/itbranschen.com\/de\/events\/pax8-beyond-2027-san-diego\/\",\n\t\t\t\t\"startDate\": \"2027-6-6\",\n\t\t\t\t\"endDate\": \"2027-6-8\",\n\t\t\t\t\"image\":\"https:\/\/itbranschen.com\/wp-content\/uploads\/2026\/08\/Pax-Beyond-San-Diego-June.jpg\", \n\t\t\t\t\"description\":\"<p><\/p> <p class=\"wp-block-paragraph\"><strong>Pax8 Beyond 2027<\/strong> \u00e4r Pax8:s globala flaggskeppskonferens och en av v\u00e4rldens mest betydelsefulla m\u00f6tesplatser f\u00f6r Managed Service Providers (MSP:er), IT-partners, systemintegrat\u00f6rer och ledande teknikleverant\u00f6rer. Under tre dagar samlas tusentals deltagare i San Diego f\u00f6r att utforska framtidens AI, cybers\u00e4kerhet, molntj\u00e4nster och den moderna partnerkanalen.<\/p> <p><\/p> <p><\/p> <p class=\"wp-block-paragraph\">Konferensen erbjuder mer \u00e4n 70 timmar av inspirerande inneh\u00e5ll med keynote-presentationer, paneldiskussioner, tekniska sessioner och praktiska workshops. Fokus ligger p\u00e5 hur AI och automatisering f\u00f6r\u00e4ndrar MSP-marknaden, hur partner kan skapa nya aff\u00e4rsm\u00f6jligheter och hur organisationer kan accelerera sin tillv\u00e4xt genom innovation och moderna molnplattformar.<\/p> <p><\/p> <p><div class=\"wp-block-image\"><\/p> <figure class=\"aligncenter\"><img title='Scott Chasin Onstage | IT-Branschen' src='https:\/\/www.pax8beyond.com\/wp-content\/uploads\/2026\/06\/scott-chasin-onstage.jpg' alt='Scott Chasin presenterar p\u00e5 scen p\u00e5 Pax8 Beyond 2026 i Salt Lake City' class='wp-image-10875'\/><\/figure> <p><\/div><\/p> <p><\/p> <p class=\"wp-block-paragraph\">Bes\u00f6kare f\u00e5r \u00e4ven tillg\u00e5ng till en omfattande Expo Hall d\u00e4r n\u00e5gra av v\u00e4rldens ledande teknikf\u00f6retag visar upp sina senaste l\u00f6sningar inom cybers\u00e4kerhet, identitet, molninfrastruktur, backup, endpoint management, AI och aff\u00e4rsapplikationer. Evenemanget erbjuder dessutom unika m\u00f6jligheter till n\u00e4tverkande med tusentals IT-professionella, leverant\u00f6rer och beslutsfattare fr\u00e5n hela v\u00e4rlden.<\/p> <p><\/p> <p><\/p> <p class=\"wp-block-paragraph\">P\u00e5 scen st\u00e5r Pax8:s ledningsgrupp tillsammans med internationellt erk\u00e4nda branschexperter och teknikledare som delar insikter om hur artificiell intelligens, agentbaserade l\u00f6sningar och n\u00e4sta generations molnteknik formar framtidens IT-kanal. Konferensen inneh\u00e5ller \u00e4ven exklusiva n\u00e4tverksevenemang, partneraktiviteter och prisutdelningen <strong>Pax8 Beyond Partner Awards<\/strong>, d\u00e4r framst\u00e5ende partner och leverant\u00f6rer uppm\u00e4rksammas f\u00f6r sina prestationer.<\/p> <p><\/p> <p><div class=\"wp-block-image\"><\/p> <figure class=\"aligncenter\"><img title='Beyond Salt Lake City Team | IT-Branschen' src='https:\/\/www.pax8beyond.com\/wp-content\/uploads\/2026\/06\/beyond-2026-salt-lake-city-team.jpg' alt='Pax8 Beyond 2027 San Diego | IT-Branschen' class='wp-image-10872'\/><\/figure> <p><\/div><\/p> <p><\/p> <p class=\"wp-block-paragraph\">F\u00f6r svenska MSP:er, \u00e5terf\u00f6rs\u00e4ljare, IT-konsulter och teknikleverant\u00f6rer \u00e4r <a href='https:\/\/itbranschen.com\/tag\/pax8\/' data-type='post_tag' data-id='315'>Pax8<\/a> Beyond 2027 en unik m\u00f6jlighet att bygga internationella relationer, ta del av de senaste marknadstrenderna och f\u00e5 konkreta strategier f\u00f6r att utveckla verksamheten i en AI-driven IT-bransch.<\/p> <p><\/p> <p><\/p> <p class=\"wp-block-paragraph\"><strong>Datum:<\/strong> 6\u20138 juni 2027<br \/><strong>Plats:<\/strong> Gaylord Pacific Resort &amp; Convention Center, Chula Vista (San Diego), Kalifornien, USA<br \/><strong>Spr\u00e5k:<\/strong> Engelska<br \/><strong>M\u00e5lgrupp:<\/strong> MSP:er, VAR:er, systemintegrat\u00f6rer, IT-konsulter, molnpartners, cybers\u00e4kerhetsspecialister, CIO:er, CTO:er, IT-chefer, teknikleverant\u00f6rer och beslutsfattare inom enterprise IT.<\/p> <p><\/p> <p><\/p> <p class=\"wp-block-paragraph\"><strong><a href='https:\/\/attend.pax8.com\/event\/us-beyond-jun-2027\/register' target='_blank' rel='noreferrer noopener'>REGISTRERA DIG F\u00d6R BEYOND 2027<\/a><\/strong><\/p> <p><\/p> <p><\/p> <p class=\"wp-block-paragraph\"><\/p> \",\"location\":[{\"@type\":\"Place\",\"name\":\"Gaylord Pacific Resort &amp; Convention Center\",\"address\":{\"@type\": \"PostalAddress\",\"streetAddress\":\"1000 H Street\"}}],\"organizer\":[{\"@type\":\"Organization\",\"name\":\"Pax8\",\"url\":\"https:\/\/www.pax8.com\"}],\"offers\":{\"@type\":\"Offer\",\"price\":\"299\",\"priceCurrency\":\"$\",\"availability\":\"http:\/\/schema.org\/InStock\",\"validFrom\":\"2027-6-6\",\"url\":\"https:\/\/itbranschen.com\/de\/events\/pax8-beyond-2027-san-diego\/\"}}<\/script><\/div>\n\t\t\t\t<p class=\"desc_trig_outter\" style=\"\"><a data-gmtrig=\"1\" data-exlk=\"0\" style=\"background-color: #000000;\" id=\"evc_181223280030542\" href=\"#\" class=\"desc_trig featured_event 1 mul_val evcal_list_a allday\" data-ux_val=\"3\" data-ux_val_mob=\"-\"  ><span class='evoet_in'><span class='evoet_c2 evoet_cx '><span class='evoet_dayblock evcal_cblock ' data-bgcolor='#000000' data-smon='juni' data-syr='2027' data-bub=''><span class='evo_start  evofxdrc'><em class='date'>06<\/em><em class='month'>juni<\/em><em class='time'>Hela dagen<\/em><\/span><span class='evo_end  evofxdrc'><em class='date'>08<\/em><\/span><\/span><\/span><span class='evoet_c3 evoet_cx evcal_desc hide_eventtopdata '><span class='evoet_title evcal_desc2 evcal_event_title ' itemprop='name'>Pax8 Beyond 2027 San Diego<\/span><span class='event_location_attrs evodni'  data-location_address=\"1000 H Street\" data-location_type=\"lonlat\" data-location_name=\"Gaylord Pacific Resort &amp; Convention Center\" data-location_url=\"https:\/\/itbranschen.com\/de\/event-location\/gaylord-pacific-resort-convention-center\/\" data-location_status=\"true\" data-locid=\"8271\" data-latlng=\"32.62859286829282,-117.10331809462562\"><\/span><span class='evoet_cy evoet_subtitle evo_below_title' ><span class='evcal_event_subtitle ' >Den globala konferensen f\u00f6r MSP:er, IT-partners och teknikledare<\/span><\/span><\/span><\/span><span class='evoet_data' style='display:none' data-d=\"{&quot;loc.n&quot;:&quot;Gaylord Pacific Resort &amp;amp; Convention Center&quot;,&quot;orgs&quot;:{&quot;7524&quot;:&quot;Pax8&quot;},&quot;tags&quot;:{&quot;featured&quot;:&quot;Utvalt&quot;}}\" data-bgc=\"#000000\" data-bggrad=\"\" ><\/span><\/a><\/p><div class='event_description evcal_eventcard ' style=\"display:none\"><div class='evocard_row'><div id='event_ftimage' class='evocard_box ftimage' data-c='' \n\t\t\t\t\tstyle=''><div class='evocard_main_image_hold' data-t='L\u00e4ser in bild..'><div class='evocard_main_image evo_img_triglb evocd_img_full evobr15 evobgsc evobgpc evodfx evofx_jc_c evofx_ai_c evofz48 full' style='height:400px; background-image:url();' data-f=\"https:\/\/itbranschen.com\/wp-content\/uploads\/2026\/08\/Pax-Beyond-San-Diego-June.jpg\" data-h=\"675\" data-w=\"1200\" data-ratio=\"0.5625\" data-event_id=\"30542\" data-ri=\"0\"  data-t='L\u00e4ser in bild..'><span style='height:400px; background-image:url(https:\/\/itbranschen.com\/wp-content\/uploads\/2026\/08\/Pax-Beyond-San-Diego-June.jpg)'><\/span><\/div><\/div><\/div><\/div><!-- row close --><div class='evocard_row'><div id='event_eventdetails' class='evocard_box eventdetails' data-c='' \n\t\t\t\t\tstyle=''><div class=\"evo_metarow_details evorow evcal_evdata_row evcal_event_details\">\n    <div class=\"event_excerpt\" style=\"display:none\"><h3 class=\"padb5 evo_h3\">Evenemangsdetaljer<\/h3><p>Pax8 Beyond 2027 \u00e4r Pax8:s globala flaggskeppskonferens och en av v\u00e4rldens mest betydelsefulla m\u00f6tesplatser f\u00f6r Managed Service Providers (MSP:er), IT-partners, systemintegrat\u00f6rer och ledande teknikleverant\u00f6rer. Under tre dagar samlas<\/p><\/div><span class='evcal_evdata_icons'><i class='fa fa-align-justify'><\/i><\/span>    <div class=\"evcal_evdata_cell \">\n        <div class=\"eventon_full_description\">\n            <h3 class=\"padb5 evo_h3\"><span class='evcal_evdata_icons'><i class='fa fa-align-justify'><\/i><\/span>Evenemangsdetaljer<\/h3>\n            <div class=\"eventon_desc_in\" itemprop=\"description\">\n                <p><\/p>\n<p class=\"wp-block-paragraph\"><strong>Pax8 Beyond 2027<\/strong> \u00e4r Pax8:s globala flaggskeppskonferens och en av v\u00e4rldens mest betydelsefulla m\u00f6tesplatser f\u00f6r Managed Service Providers (MSP:er), IT-partners, systemintegrat\u00f6rer och ledande teknikleverant\u00f6rer. Under tre dagar samlas tusentals deltagare i San Diego f\u00f6r att utforska framtidens AI, cybers\u00e4kerhet, molntj\u00e4nster och den moderna partnerkanalen.<\/p>\n<p><\/p>\n<p><\/p>\n<p class=\"wp-block-paragraph\">Konferensen erbjuder mer \u00e4n 70 timmar av inspirerande inneh\u00e5ll med keynote-presentationer, paneldiskussioner, tekniska sessioner och praktiska workshops. Fokus ligger p\u00e5 hur AI och automatisering f\u00f6r\u00e4ndrar MSP-marknaden, hur partner kan skapa nya aff\u00e4rsm\u00f6jligheter och hur organisationer kan accelerera sin tillv\u00e4xt genom innovation och moderna molnplattformar.<\/p>\n<p><\/p>\n<p><div class=\"wp-block-image\"><\/p>\n<figure class=\"aligncenter\"><img decoding=\"async\" title=\"Scott Chasin Onstage | IT-Branschen\" src=\"https:\/\/www.pax8beyond.com\/wp-content\/uploads\/2026\/06\/scott-chasin-onstage.jpg\" alt=\"Scott Chasin presenterar p\u00e5 scen p\u00e5 Pax8 Beyond 2026 i Salt Lake City\" class=\"wp-image-10875\"\/><\/figure>\n<p><\/div><\/p>\n<p><\/p>\n<p class=\"wp-block-paragraph\">Bes\u00f6kare f\u00e5r \u00e4ven tillg\u00e5ng till en omfattande Expo Hall d\u00e4r n\u00e5gra av v\u00e4rldens ledande teknikf\u00f6retag visar upp sina senaste l\u00f6sningar inom cybers\u00e4kerhet, identitet, molninfrastruktur, backup, endpoint management, AI och aff\u00e4rsapplikationer. Evenemanget erbjuder dessutom unika m\u00f6jligheter till n\u00e4tverkande med tusentals IT-professionella, leverant\u00f6rer och beslutsfattare fr\u00e5n hela v\u00e4rlden.<\/p>\n<p><\/p>\n<p><\/p>\n<p class=\"wp-block-paragraph\">P\u00e5 scen st\u00e5r Pax8:s ledningsgrupp tillsammans med internationellt erk\u00e4nda branschexperter och teknikledare som delar insikter om hur artificiell intelligens, agentbaserade l\u00f6sningar och n\u00e4sta generations molnteknik formar framtidens IT-kanal. Konferensen inneh\u00e5ller \u00e4ven exklusiva n\u00e4tverksevenemang, partneraktiviteter och prisutdelningen <strong>Pax8 Beyond Partner Awards<\/strong>, d\u00e4r framst\u00e5ende partner och leverant\u00f6rer uppm\u00e4rksammas f\u00f6r sina prestationer.<\/p>\n<p><\/p>\n<p><div class=\"wp-block-image\"><\/p>\n<figure class=\"aligncenter\"><img decoding=\"async\" title=\"Beyond Salt Lake City Team | IT-Branschen\" src=\"https:\/\/www.pax8beyond.com\/wp-content\/uploads\/2026\/06\/beyond-2026-salt-lake-city-team.jpg\" alt=\"Pax8 Beyond 2027 San Diego | IT-Branschen\" class=\"wp-image-10872\"\/><\/figure>\n<p><\/div><\/p>\n<p><\/p>\n<p class=\"wp-block-paragraph\">F\u00f6r svenska MSP:er, \u00e5terf\u00f6rs\u00e4ljare, IT-konsulter och teknikleverant\u00f6rer \u00e4r <a href=\"https:\/\/itbranschen.com\/tag\/pax8\/\" data-type=\"post_tag\" data-id=\"315\">Pax8<\/a> Beyond 2027 en unik m\u00f6jlighet att bygga internationella relationer, ta del av de senaste marknadstrenderna och f\u00e5 konkreta strategier f\u00f6r att utveckla verksamheten i en AI-driven IT-bransch.<\/p>\n<p><\/p>\n<p><\/p>\n<p class=\"wp-block-paragraph\"><strong>Datum:<\/strong> 6\u20138 juni 2027<br \/><strong>Plats:<\/strong> Gaylord Pacific Resort &amp; Convention Center, Chula Vista (San Diego), Kalifornien, USA<br \/><strong>Spr\u00e5k:<\/strong> Engelska<br \/><strong>M\u00e5lgrupp:<\/strong> MSP:er, VAR:er, systemintegrat\u00f6rer, IT-konsulter, molnpartners, cybers\u00e4kerhetsspecialister, CIO:er, CTO:er, IT-chefer, teknikleverant\u00f6rer och beslutsfattare inom enterprise IT.<\/p>\n<p><\/p>\n<p><\/p>\n<p class=\"wp-block-paragraph\"><strong><a href=\"https:\/\/attend.pax8.com\/event\/us-beyond-jun-2027\/register\" target=\"_blank\" rel=\"noreferrer noopener\">REGISTRERA DIG F\u00d6R BEYOND 2027<\/a><\/strong><\/p>\n<p><\/p>\n<p><\/p>\n<p class=\"wp-block-paragraph\"><\/p>\n            <\/div>\n            <div class='clear'><\/div>        <\/div>\n    <\/div>\n<\/div><\/div><\/div><!-- row close --><div class='evocard_row bx2 bx'><div id='event_time' class='evocard_box time' data-c='' \n\t\t\t\t\tstyle=''><div class='evo_metarow_time evorow evcal_evdata_row evcal_evrow_sm '>\n\t\t<span class='evcal_evdata_icons'><i class='fa fa-clock'><\/i><\/span>\n\t\t<div class='evcal_evdata_cell'>\t\t\t\t\t\t\t\n\t\t\t<h3 class='evo_h3'><span class='evcal_evdata_icons'><i class='fa fa-clock'><\/i><\/span>Tid<\/h3><div><span class='evo_eventcard_time_t evogap5 evofxww'><span class=\"start\">juni 6, 2027<\/span>  - <span class=\"end\">juni 8, 2027<\/span> (Hela dagen)<\/span><span class='evo_tz marr5'>(GMT+02:00)<\/span><\/div>\n\t\t<\/div>\n\t<\/div><\/div><div id='event_location' class='evocard_box location' data-c='' \n\t\t\t\t\tstyle=''><div class='evcal_evdata_row evo_metarow_time_location evorow '>\n\t\t\n\t\t\t<span class='evcal_evdata_icons'><i class='fa fa-map-marker'><\/i><\/span>\n\t\t\t<div class='evcal_evdata_cell' data-loc_tax_id='8271'><h3 class='evo_h3 evodfx'><span class='evcal_evdata_icons'><i class='fa fa-map-marker'><\/i><\/span><a class=\"evo_event_loc_link evocl1i\" target=\"_blank\" href=\"https:\/\/www.marriott.com\/en-us\/hotels\/sange-gaylord-pacific-resort-and-convention-center\/overview\/\" rel=\"noopener\">Plats<\/a><\/h3><p class='evo_location_name evofwb evofz16i'><a class=\"evo_event_loc_link evocl1i\" target=\"_blank\" href=\"https:\/\/www.marriott.com\/en-us\/hotels\/sange-gaylord-pacific-resort-and-convention-center\/overview\/\" rel=\"noopener\">Gaylord Pacific Resort &amp; Convention Center<\/a><\/p><p class='evo_location_address evodfxi evofxaic evogap10'><a class=\"evo_event_loc_link evocl1i\" target=\"_blank\" href=\"https:\/\/www.marriott.com\/en-us\/hotels\/sange-gaylord-pacific-resort-and-convention-center\/overview\/\" rel=\"noopener\">1000 H Street<\/a><button class='evo_copy_address evobuttonA evocurp evohoop7 evopad5' style='' data-txt='1000 H Street' data-t='Adressen har kopierats till urklipp!'><i class='far fa-copy evofz16i' title='Kopiera destinationsadress!' aria-label='Kopiera destinationsadress!'><\/i><\/button><\/p><div class='evodfx evofxdrr evogap10 evofxaic evomart20i'><div class=''><button class='evosp_trigger evobrn evoboxsn evobgclg20 evoff_2 evodfx evofxdrr evogap5 evofxaic evocurp evofwb evoHKx2 evoHbgclg30 evopad5-10i evobr10 evocl1i evofz14i' data-lbvals=\"{&quot;lbdata&quot;:{&quot;class&quot;:&quot;evo_location_lb_8271&quot;,&quot;additional_class&quot;:&quot;lb_max&quot;,&quot;title&quot;:&quot;Gaylord Pacific Resort &amp;amp; Convention Center&quot;},&quot;adata&quot;:{&quot;a&quot;:&quot;eventon_get_tax_card_content&quot;,&quot;end&quot;:&quot;client&quot;,&quot;data&quot;:{&quot;lang&quot;:&quot;L1&quot;,&quot;term_id&quot;:8271,&quot;tax&quot;:&quot;event_location&quot;,&quot;load_lbcontent&quot;:true}},&quot;uid&quot;:&quot;eventon_get_tax_card_content&quot;}\" data-d=\"{&quot;sp_id&quot;:&quot;evo_location_8271&quot;,&quot;adata&quot;:{&quot;a&quot;:&quot;eventon_get_tax_card_content&quot;,&quot;data&quot;:{&quot;eventid&quot;:30542,&quot;ri&quot;:0,&quot;term_id&quot;:8271,&quot;tax&quot;:&quot;event_location&quot;,&quot;load_lbcontent&quot;:true,&quot;lang&quot;:&quot;L1&quot;}},&quot;size&quot;:&quot;lar&quot;,&quot;fresh_content&quot;:true}\" >Andra evenemang<i class='fa fa-chevron-right evofz12i evokid evotrans' aria-hidden='true' style='margin-top:2px;'><\/i><\/button><\/div><\/div><\/div>\n\t\t\n\t<\/div><\/div><\/div><!-- row close --><div class='evocard_row bx2 bx'><div id='event_learnmore' class='evocard_box learnmore' data-c='' \n\t\t\t\t\tstyle=''><div class='evo_metarow_learnM evo_metarow_learnmore evorow'>\n\t\t\t\t\t\t\t<a class=\"evcal_evdata_row evo_clik_row \" href=\"https:\/\/www.pax8beyond.com\/\" target=\"_blank\" rel=\"noopener\">\n\t\t\t\t\t\t\t\t<span class='evcal_evdata_icons'><i class='fa fa-link'><\/i><\/span>\n\t\t\t\t\t\t\t\t<h3 class='evo_h3'>\"L\u00e4s mer<\/h3>\n\t\t\t\t\t\t\t<\/a>\n\t\t\t\t\t\t\t<\/div><\/div><div id='event_addtocal' class='evocard_box addtocal' data-c='' \n\t\t\t\t\tstyle=''><div class='evo_metarow_ICS evorow evcal_evdata_row'>\n\t\t\t<span class='evcal_evdata_icons'><i class='fa fa-calendar-o'><\/i><\/span>\n\t\t\t<div class='evcal_evdata_cell'>\n\t\t\t\t<p><a href=\"https:\/\/itbranschen.com\/de\/export-events\/30542_0\/?key=f5ade1463c\" rel=\"nofollow\" class=\"evo_ics_nCal\" title=\"L\u00e4gg till i din kalender\">Kalender<\/a><a href=\"https:\/\/www.google.com\/calendar\/event?action=TEMPLATE&amp;text=Pax8%20Beyond%202027%20San%20Diego&amp;dates=20270605T220000Z\/20270608T215959Z&amp;ctz=Europe%2FStockholm&amp;details=Pax8%20Beyond%202027%20San%20Diego&amp;location=Gaylord%20Pacific%20Resort%20%26%20Convention%20Center%201000%20H%20Street\" target=\"_blank\" rel=\"nofollow noopener\" class=\"evo_ics_gCal\" title=\"L\u00e4gg till i Google Kalender\">GoogleCal<\/a><\/p>\t\n\t\t\t<\/div>\n\t\t<\/div><\/div><\/div><!-- row close --><div class='evocard_row'><div id='event_organizer' class='evocard_box organizer' data-c='' \n\t\t\t\t\tstyle=''><div class='evo_metarow_organizer evorow evcal_evdata_row evcal_evrow_sm '>\n\t\t<span class='evcal_evdata_icons'><i class='fa fa-microphone'><\/i><\/span>\n\t\t<div class='evcal_evdata_cell'>\t\t\t\t\t\t\t\n\t\t\t<h3 class='evo_h3'>Arrang\u00f6r<\/h3><div class='evo_evdata_cell_content evodfx evofxww evofxdrr evogap30'><div class='evo_card_organizer evofx_1 evodfx evofxdrr evogap15'><p class='evo_data_val evo_card_organizer_image'>\n\t\t\t<img decoding=\"async\" class=\"evosp_trigger evo_curp evo_transit_all evo_trans_sc1_03 evo_boxsh_1\" data-d=\"{&quot;sp_id&quot;:&quot;evo_organizer_7524&quot;,&quot;adata&quot;:{&quot;a&quot;:&quot;eventon_get_tax_card_content&quot;,&quot;data&quot;:{&quot;eventid&quot;:30542,&quot;ri&quot;:0,&quot;term_id&quot;:7524,&quot;tax&quot;:&quot;event_organizer&quot;,&quot;load_lbcontent&quot;:true,&quot;lang&quot;:&quot;L1&quot;}},&quot;size&quot;:&quot;lar&quot;,&quot;fresh_content&quot;:true}\" src=\"https:\/\/itbranschen.com\/wp-content\/uploads\/2026\/07\/Pax-logo-300x300.jpg\" alt=\"Pax8 logotyp i vitt p\u00e5 svart bakgrund, officiell f\u00f6retagslogotyp f\u00f6r den globala molnmarknadsplatsen och arrang\u00f6ren av Pax8 Beyond EMEA.\" title=\"| IT-Branschen\"><\/p><div class='evodfx evofxdrc evofxjcfs'><h4 class='evo_org_name evo_h4 marb5 evottui evocl1i evopadb10i'><span class='evo_card_organizer_name_t marb5'><a target=\"_blank\" href=\"https:\/\/www.pax8.com\" class=\"evocl1i\" rel=\"noopener\">Pax8<\/a><\/span><\/h4><div class='evo_org_details'>Pax8 \u00e4r en ledande global marknadsplats f\u00f6r molntj\u00e4nster som hj\u00e4lper MSP:er och IT-partners att v\u00e4xa genom innovativa l\u00f6sningar inom moln, AI, cybers\u00e4kerhet och automation.<button class='evo_organizer_more_trig evonobtn2 evobutton evoff_2 evobgclg30 evoHbgclg50 evoop7 evohoop10 evotrans evobr5 evomarl5 evofz12' style='    padding: 2px 5px;font-size: 11px;'>L\u00e4s mer.<\/button><\/div><div class='evo_org_details_full evodni'>Pax8 \u00e4r en global leverant\u00f6r av en molnbaserad marknadsplats som f\u00f6renklar hur Managed Service Providers (MSP:er), \u00e5terf\u00f6rs\u00e4ljare och IT-partners k\u00f6per, s\u00e4ljer och hanterar molntj\u00e4nster. Genom en modern plattform erbjuder Pax8 tillg\u00e5ng till ledande teknikleverant\u00f6rer inom Microsoft, AWS, Google Cloud, cybers\u00e4kerhet, backup, AI och produktivitet.\r\n\r\nUt\u00f6ver sin marknadsplats \u00e4r Pax8 k\u00e4nt f\u00f6r sitt starka fokus p\u00e5 utbildning, partnerutveckling och aff\u00e4rstillv\u00e4xt. F\u00f6retaget arrangerar varje \u00e5r Pax8 Beyond, en av EMEA:s och Nordamerikas fr\u00e4msta konferenser f\u00f6r MSP:er och kanalpartners, d\u00e4r tusentals IT-professionella samlas f\u00f6r att ta del av innovationer, strategiska insikter och n\u00e4tverkande.<\/div><p class='evo_card_organizer_more'><a class=' evosp_trigger mart10 evodifx evofxdrr evogap5 evofxaic evocurp evofwb evoHKx2 evobgclg20 evoHbgclg40 evopad5-10i evobr10 evocl1i evofz14i' data-d=\"{&quot;sp_id&quot;:&quot;evo_organizer_7524&quot;,&quot;adata&quot;:{&quot;a&quot;:&quot;eventon_get_tax_card_content&quot;,&quot;data&quot;:{&quot;eventid&quot;:30542,&quot;ri&quot;:0,&quot;term_id&quot;:7524,&quot;tax&quot;:&quot;event_organizer&quot;,&quot;load_lbcontent&quot;:true,&quot;lang&quot;:&quot;L1&quot;}},&quot;size&quot;:&quot;lar&quot;,&quot;fresh_content&quot;:true}\" >L\u00e4s mer<i class='fa fa-chevron-right evofz12i evokid evotrans' aria-hidden='true' style='margin-top:2px;'><\/i><\/a><\/p><\/div><\/div><!-- evo_card_organizer--><\/div><\/div>\t<\/div><\/div><\/div><!-- row close --><div class='evocard_row'><div id='event_gmap' class='evocard_box gmap' data-c='' \n\t\t\t\t\tstyle=''><div class='evo_map evoposr evoh100p'><div class='evo_metarow_gmap evcal_evdata_row evorow evcal_gmaps evc18122328006a96d0d70939f30542_gmap place' id='evc18122328006a96d0d70939f30542_gmap' style='max-width:none' data-name=\"Gaylord Pacific Resort &amp; Convention Center\" data-address=\"1000 H Street\" data-latlng=\"32.62859286829282,-117.10331809462562\" data-location_type=\"place\" data-scroll=\"yes\" data-mty=\"roadmap\" data-zoom=\"14\" data-mapIcon=\"\" data-delay=\"400\" data-map_canvas_id=\"evc18122328006a96d0d70939f30542_gmap\" >\n\t\t<span class='evo_map_load_out evoposr evodb evobr15'>\n\t\t<i class='fa fa-location-dot evoposa'><\/i><span class='evo_map_load evoposr evodb'>\t\t\t\t\t\n\t\t\t\t\t<i class='a'><\/i>\n\t\t\t\t\t<i class='b'><\/i>\n\t\t\t\t\t<i class='c'><\/i>\n\t\t\t\t\t<i class='d'><\/i>\n\t\t\t\t\t<i class='e'><\/i>\n\t\t\t\t\t<i class='f'><\/i>\n\t\t\t\t<\/span><\/span>\n\t<\/div><div class='evo_gmap_bottom evoposa evobot0'><\/div><\/div><\/div><\/div><!-- row close --><div class='evocard_row'><div id='event_getdirection' class='evocard_box getdirection' data-c='' \n\t\t\t\t\tstyle=''><div class='evo_metarow_getDr evorow evcal_evdata_row evcal_evrow_sm getdirections'>\n\t\t<form action='https:\/\/maps.google.com\/maps' method='get' target='_blank'>\n\t\t\t<input type='hidden' name='daddr' value=\"1000 H Street\"\/> \n\t\t\t<div class='evo_get_direction_content evofxdrr evofxww evogap10'>\n\t\t\t\t<span class='evogetdir_header evodfx evofxdrr evofxaic evogap10'>\n\t\t\t\t\t<i class='mainicon fa fa-route evofz24i' aria-hidden='true'><\/i> \n\t\t\t\t\t<h3 class='evo_h3 evopad0i' style='padding-bottom:5px;'>F\u00e5 v\u00e4gbeskrivning<\/h3>\n\t\t\t\t<\/span>\t\t\t\t<p class=''>How do you plan to get there?<\/p>\n\t\t\t\t<div class='evodfx evofxdrr evofxaic evogap5'>\n\t\t\t\t\t\t\t\t\t\t\t<a href=\"https:\/\/www.google.com\/maps\/dir\/?api=1&amp;origin=Current+Location&amp;destination=1000+H+Street&amp;travelmode=best\" target=\"_blank\" rel=\"noreferrer noopener\" aria-label=\"Best Route\" class=\"evodfx evofxdrr evogap5 evofxaic evocurp evohoop7o evofwb evoHKx2 evoHbgclg20 evopad10i evobr10 evocl1i evofz14i evonobtn\"><i class='fa fa-diamond-turn-right evotooltipfree' title='Best Route'><\/i><\/a>\t\t\t\t\t\t<a href=\"https:\/\/www.google.com\/maps\/dir\/?api=1&amp;origin=Current+Location&amp;destination=1000+H+Street&amp;travelmode=driving\" target=\"_blank\" rel=\"noreferrer noopener\" aria-label=\"Driving\" class=\"evodfx evofxdrr evogap5 evofxaic evocurp evohoop7o evofwb evoHKx2 evoHbgclg20 evopad10i evobr10 evocl1i evofz14i evonobtn\"><i class='fa fa-car evotooltipfree' title='Driving'><\/i><\/a>\t\t\t\t\t\t<a href=\"https:\/\/www.google.com\/maps\/dir\/?api=1&amp;origin=Current+Location&amp;destination=1000+H+Street&amp;travelmode=transit\" target=\"_blank\" rel=\"noreferrer noopener\" aria-label=\"Transit\" class=\"evodfx evofxdrr evogap5 evofxaic evocurp evohoop7o evofwb evoHKx2 evoHbgclg20 evopad10i evobr10 evocl1i evofz14i evonobtn\"><i class='fa fa-bus evotooltipfree' title='Transit'><\/i><\/a>\t\t\t\t\t\t<a href=\"https:\/\/www.google.com\/maps\/dir\/?api=1&amp;origin=Current+Location&amp;destination=1000+H+Street&amp;travelmode=walking\" target=\"_blank\" rel=\"noreferrer noopener\" aria-label=\"Walking\" class=\"evodfx evofxdrr evogap5 evofxaic evocurp evohoop7o evofwb evoHKx2 evoHbgclg20 evopad10i evobr10 evocl1i evofz14i evonobtn\"><i class='fa fa-person-walking evotooltipfree' title='Walking'><\/i><\/a>\t\t\t\t\t\t<a href=\"https:\/\/www.google.com\/maps\/dir\/?api=1&amp;origin=Current+Location&amp;destination=1000+H+Street&amp;travelmode=bicycling\" target=\"_blank\" rel=\"noreferrer noopener\" aria-label=\"Bicycling\" class=\"evodfx evofxdrr evogap5 evofxaic evocurp evohoop7o evofwb evoHKx2 evoHbgclg20 evopad10i evobr10 evocl1i evofz14i evonobtn\"><i class='fa fa-person-biking evotooltipfree' title='Bicycling'><\/i><\/a>\t\n\t\t\t\t<\/div>\n\n\t\t\t\t<\/div>\n\t\t<\/form>\n\t<\/div><\/div><\/div><!-- row close --><button class='evo_card_row_end evcal_close' title='\"St\u00e4ng evenemang'><\/button><\/div><div class='clear end'><\/div><\/div>\t\t\t<\/div>\n\t\t\t<\/div><!-- evo_events_list_box -->\t\n\t\t\t<div class='clear'><\/div>\n\t\t\t\t\t \t<div id='evcal_footer' class='evo_bottom' style='display:none'>\n\t\t \t\t<div class='evo_cal_data' data-sc=\"{&quot;accord&quot;:&quot;no&quot;,&quot;bottom_nav&quot;:&quot;no&quot;,&quot;cal_id&quot;:&quot;&quot;,&quot;cal_init_nonajax&quot;:&quot;no&quot;,&quot;calendar_type&quot;:&quot;list&quot;,&quot;day_incre&quot;:0,&quot;ehover&quot;:&quot;def&quot;,&quot;ep_fields&quot;:&quot;&quot;,&quot;etc_override&quot;:&quot;no&quot;,&quot;evc_open&quot;:&quot;no&quot;,&quot;event_count&quot;:0,&quot;event_location&quot;:&quot;all&quot;,&quot;event_order&quot;:&quot;ASC&quot;,&quot;event_organizer&quot;:&quot;all&quot;,&quot;event_parts&quot;:&quot;no&quot;,&quot;event_past_future&quot;:&quot;future&quot;,&quot;event_status&quot;:&quot;all&quot;,&quot;event_tag&quot;:&quot;all&quot;,&quot;event_type&quot;:&quot;all&quot;,&quot;event_type_2&quot;:&quot;all&quot;,&quot;event_virtual&quot;:&quot;all&quot;,&quot;eventtop_date_style&quot;:0,&quot;eventtop_style&quot;:&quot;2&quot;,&quot;exp_jumper&quot;:&quot;no&quot;,&quot;exp_so&quot;:&quot;no&quot;,&quot;filter_relationship&quot;:&quot;AND&quot;,&quot;filter_show_set_only&quot;:&quot;no&quot;,&quot;filter_style&quot;:&quot;default&quot;,&quot;filter_type&quot;:&quot;default&quot;,&quot;filters&quot;:&quot;yes&quot;,&quot;fixed_day&quot;:&quot;1&quot;,&quot;fixed_month&quot;:&quot;9&quot;,&quot;fixed_year&quot;:&quot;2026&quot;,&quot;focus_end_date_range&quot;:&quot;1835477999&quot;,&quot;focus_start_date_range&quot;:&quot;1788213600&quot;,&quot;ft_event_priority&quot;:&quot;no&quot;,&quot;grid_ux&quot;:0,&quot;heat&quot;:&quot;no&quot;,&quot;hide_arrows&quot;:&quot;no&quot;,&quot;hide_cancels&quot;:&quot;no&quot;,&quot;hide_empty_months&quot;:&quot;yes&quot;,&quot;hide_end_time&quot;:&quot;no&quot;,&quot;hide_et_dn&quot;:&quot;no&quot;,&quot;hide_et_extra&quot;:&quot;no&quot;,&quot;hide_et_tags&quot;:&quot;no&quot;,&quot;hide_et_tl&quot;:&quot;no&quot;,&quot;hide_ft&quot;:&quot;no&quot;,&quot;hide_ft_img&quot;:&quot;no&quot;,&quot;hide_month_headers&quot;:&quot;yes&quot;,&quot;hide_mult_occur&quot;:&quot;no&quot;,&quot;hide_past&quot;:&quot;yes&quot;,&quot;hide_past_by&quot;:&quot;ee&quot;,&quot;hide_so&quot;:&quot;no&quot;,&quot;hide_sort_options&quot;:&quot;no&quot;,&quot;hover&quot;:&quot;number&quot;,&quot;ics&quot;:&quot;no&quot;,&quot;jumper&quot;:&quot;no&quot;,&quot;jumper_count&quot;:5,&quot;jumper_offset&quot;:&quot;0&quot;,&quot;lang&quot;:&quot;L1&quot;,&quot;layout_changer&quot;:&quot;no&quot;,&quot;livenow_bar&quot;:&quot;yes&quot;,&quot;load_fullmonth&quot;:&quot;no&quot;,&quot;mapformat&quot;:&quot;roadmap&quot;,&quot;mapiconurl&quot;:&quot;&quot;,&quot;maps_load&quot;:&quot;yes&quot;,&quot;mapscroll&quot;:&quot;true&quot;,&quot;mapzoom&quot;:&quot;14&quot;,&quot;members_only&quot;:&quot;no&quot;,&quot;ml_priority&quot;:&quot;no&quot;,&quot;ml_toend&quot;:&quot;no&quot;,&quot;mo1st&quot;:&quot;&quot;,&quot;month_incre&quot;:0,&quot;nexttogrid&quot;:&quot;no&quot;,&quot;number_of_months&quot;:&quot;18&quot;,&quot;only_ft&quot;:&quot;no&quot;,&quot;pec&quot;:&quot;&quot;,&quot;rss&quot;:&quot;no&quot;,&quot;s&quot;:&quot;&quot;,&quot;search&quot;:&quot;&quot;,&quot;search_all&quot;:&quot;no&quot;,&quot;sep_month&quot;:&quot;no&quot;,&quot;show_et_ft_img&quot;:&quot;no&quot;,&quot;show_limit&quot;:&quot;no&quot;,&quot;show_limit_ajax&quot;:&quot;no&quot;,&quot;show_limit_paged&quot;:1,&quot;show_limit_redir&quot;:&quot;&quot;,&quot;show_repeats&quot;:&quot;no&quot;,&quot;show_search&quot;:&quot;no&quot;,&quot;show_upcoming&quot;:0,&quot;show_year&quot;:&quot;no&quot;,&quot;social_share&quot;:&quot;no&quot;,&quot;sort_by&quot;:&quot;sort_date&quot;,&quot;style&quot;:&quot;&quot;,&quot;tile_bg&quot;:0,&quot;tile_bg_size&quot;:&quot;full&quot;,&quot;tile_count&quot;:2,&quot;tile_height&quot;:0,&quot;tile_style&quot;:0,&quot;tiles&quot;:&quot;no&quot;,&quot;ux_val&quot;:&quot;0&quot;,&quot;view_switcher&quot;:&quot;no&quot;,&quot;wpml_l1&quot;:&quot;&quot;,&quot;wpml_l2&quot;:&quot;&quot;,&quot;wpml_l3&quot;:&quot;&quot;,&quot;x_ids&quot;:&quot;&quot;,&quot;yl_priority&quot;:&quot;no&quot;,&quot;yl_toend&quot;:&quot;no&quot;,&quot;_cver&quot;:&quot;5.0.13&quot;}\" data-filter_data=\"[]\" data-nav_data=\"{&quot;month_title&quot;:&quot;&lt;p id=&#039;evcal_cur&#039; class=&#039;evo_month_title padr10&#039;&gt; september, 2026&lt;\\\/p&gt;&quot;,&quot;arrows&quot;:&quot;&lt;p class=&#039;evo_arrows&#039;&gt;\\n\\t\\t\\t\\t\\t&lt;button id=&#039;evcal_prev&#039; class=&#039;evcal_arrows evcal_btn_prev evodfx evofx_jc_c evofx_ai_c&#039; aria-label=&#039;F\\u00f6reg\\u00e5ende m\\u00e5nad&#039;&gt;&lt;i class=&#039;fa fa-chevron-left&#039; aria-hidden=&#039;true&#039;&gt;&lt;\\\/i&gt;&lt;\\\/button&gt;\\n\\t\\t\\t\\t\\t&lt;button id=&#039;evcal_next&#039; class=&#039;evcal_arrows evo_arrow_next evcal_btn_next evodfx evofx_jc_c evofx_ai_c&#039; aria-label=&#039;N\\u00e4sta m\\u00e5nad&#039;&gt;&lt;i class=&#039;fa fa-chevron-right&#039; aria-hidden=&#039;true&#039;&gt;&lt;\\\/i&gt;&lt;\\\/button&gt;\\n\\t\\t\\t\\t\\t&lt;\\\/p&gt;&quot;}\" data-od=\"{&quot;lang_no_events&quot;:&quot;Inga evenemang&quot;,&quot;cal_tz_offset&quot;:120,&quot;cal_tz&quot;:&quot;Europe\\\/Stockholm&quot;}\" ><\/div>\n\t\t \t\t<div class='evo_cal_events' data-events=\"\"><\/div>\n\t\t \t<\/div>\n\t\t\t\t\n\t\t\t\n\t\t\t\t\t\t<\/div><!-- EventON End -->\n\t\t\t<a class=\"itb-side-events__all\" href=\"https:\/\/itbranschen.com\/sv\/event-directory\/\">Se alla event \u2192<\/a><\/div><style>.itb-side-events{margin:0 0 26px}.itb-side-events__title{font-size:12px;font-weight:800;letter-spacing:.09em;text-transform:uppercase;color:#15151a;padding:0 0 8px;margin:0 0 12px;border-bottom:2px solid #ff282c}.itb-side-events .ajde_evcal_calendar,.itb-side-events .eventon_events_list,.itb-side-events #evcal_list{margin:0!important;padding:0!important;background:none!important;border:0!important;box-shadow:none!important}.itb-side-events .eventon_list_event:nth-of-type(n+6){display:none!important}.itb-side-events .eventon_list_event{margin:0 0 8px!important;border:0!important;background:none!important}.itb-side-events .desc_trig,.itb-side-events a.evcal_list_a{padding:9px 12px!important;min-height:0!important;border-radius:8px!important;box-shadow:0 1px 5px rgba(0,0,0,.10)!important}.itb-side-events .evoet_in{gap:3px!important}.itb-side-events .evcal_cblock .date{font-size:16px!important;line-height:1!important;font-weight:800!important}.itb-side-events .evcal_cblock .month{font-size:9px!important;letter-spacing:.04em}.itb-side-events .evcal_cblock .evo_end{display:none!important}.itb-side-events .evcal_event_title,.itb-side-events .evoet_title{font-size:12.5px!important;line-height:1.25!important;font-weight:700!important}.itb-side-events .evoet_subtitle,.itb-side-events .evo_below_title{font-size:10px!important;line-height:1.3!important;display:-webkit-box!important;-webkit-line-clamp:1!important;-webkit-box-orient:vertical!important;overflow:hidden!important}.itb-side-events .event_description,.itb-side-events .evcal_eventcard{display:none!important}.itb-side-events__all{display:block;text-align:center;padding:9px;margin-top:2px;font-size:11.5px;font-weight:800;letter-spacing:.05em;text-transform:uppercase;color:#ff282c;text-decoration:none}.itb-side-events__all:hover{text-decoration:underline}<\/style><\/div>\n\t\t\t\t\t\t<\/div>\n\t\t\t\t<\/div>\n\t\t\t\t<div class=\"elementor-element elementor-element-55d8324 elementor-widget elementor-widget-cs-tabs\" data-id=\"55d8324\" data-element_type=\"widget\" data-e-type=\"widget\" data-settings=\"{&quot;ekit_we_effect_on&quot;:&quot;none&quot;}\" data-widget_type=\"cs-tabs.default\">\n\t\t\t\t<div class=\"elementor-widget-container\">\n\t\t\t\t\t\n\t\t<section class=\"cs-posts cs-tabs cs-tabs-style-1 cs-posts__numbered\">\n\t\t\t<div class=\"cs-tabs__header\">\n\t\t\t\t\n\t\t\t\t\t<div class=\"cs-tabs__tab  cs-tabs__tab-active\">\n\t\t\t\t\t\tTrendigt nu\t\t\t\t\t<\/div>\n\n\t\t\t\t\t\n\t\t\t\t\t<div class=\"cs-tabs__tab \">\n\t\t\t\t\t\t\t\t\t\t\t<\/div>\n\n\t\t\t\t\t\n\t\t\t\t\t<div class=\"cs-tabs__tab \">\n\t\t\t\t\t\t\t\t\t\t\t<\/div>\n\n\t\t\t\t\t\t\t\t<\/div>\n\n\t\t\t\n\t\t\t\t\t<div class=\"cs-posts-area cs-posts-area-elementor  cs-posts-area-active\">\n\t\t\t\t\t\t<div class=\"cs-posts-area__outer\">\n\t\t\t\t\t\t\t<div class=\"cs-posts-area__main cs-posts-area__main-divider\" data-pc=\"1\" data-lt=\"1\" data-tb=\"1\" data-mb=\"1\">\n\t\t\t\t\t\t\t\t\n\n<article class=\"post-32908 post type-post status-publish format-standard has-post-thumbnail category-artificiell-intelligens tag-ai tag-ai-nyheter tag-ai-modeller-2 tag-ai-suveranitet tag-artificiell-intelligens tag-cocounsel-legal tag-enterprise-ai tag-generativ-ai tag-hugging-face tag-it-branschen-2 tag-it-branschen-ai-2 tag-it-kanalen-2 tag-it-nyheter tag-it-kanalen tag-juridisk-ai tag-legal-tech tag-llm tag-professionell-ai tag-reuters tag-thomson tag-thomson-reuters cs-entry cs-video-wrap\">\n\t<div class=\"cs-entry__outer cs-entry__outer-small cs-entry__outer-thumbnail-left cs-entry__outer-accent\">\n\n\t\t\t\t\t<div class=\"cs-entry__inner cs-entry__overlay cs-entry__thumbnail cs-overlay-ratio cs-ratio-square\">\n\n\t\t\t\t<div class=\"cs-overlay-background\">\n\t\t\t\t\t<img loading=\"lazy\" decoding=\"async\" width=\"332\" height=\"187\" src=\"https:\/\/itbranschen.com\/wp-content\/uploads\/2026\/08\/Thomson-Reuters-332x187.jpg\" class=\"attachment-csco-thumbnail-uncropped size-csco-thumbnail-uncropped wp-post-image\" alt=\"IT-Branschen\" srcset=\"https:\/\/itbranschen.com\/wp-content\/uploads\/2026\/08\/Thomson-Reuters-332x187.jpg 332w, https:\/\/itbranschen.com\/wp-content\/uploads\/2026\/08\/Thomson-Reuters-300x169.jpg 300w, https:\/\/itbranschen.com\/wp-content\/uploads\/2026\/08\/Thomson-Reuters-1024x576.jpg 1024w, https:\/\/itbranschen.com\/wp-content\/uploads\/2026\/08\/Thomson-Reuters-768x432.jpg 768w, https:\/\/itbranschen.com\/wp-content\/uploads\/2026\/08\/Thomson-Reuters-18x10.jpg 18w, https:\/\/itbranschen.com\/wp-content\/uploads\/2026\/08\/Thomson-Reuters-664x374.jpg 664w, https:\/\/itbranschen.com\/wp-content\/uploads\/2026\/08\/Thomson-Reuters-688x387.jpg 688w, https:\/\/itbranschen.com\/wp-content\/uploads\/2026\/08\/Thomson-Reuters-1044x587.jpg 1044w, https:\/\/itbranschen.com\/wp-content\/uploads\/2026\/08\/Thomson-Reuters.jpg 1200w\" sizes=\"(max-width: 332px) 100vw, 332px\" title=\"| IT-Branschen\">\t\t\t\t\t<img loading=\"lazy\" decoding=\"async\" width=\"332\" height=\"186\" src=\"https:\/\/itbranschen.com\/wp-content\/uploads\/2026\/08\/Thomson-Reuters-332x186.jpg\" class=\"attachment-csco-thumbnail size-csco-thumbnail wp-post-image\" alt=\"IT-Branschen\" srcset=\"https:\/\/itbranschen.com\/wp-content\/uploads\/2026\/08\/Thomson-Reuters-332x187.jpg 332w, https:\/\/itbranschen.com\/wp-content\/uploads\/2026\/08\/Thomson-Reuters-300x169.jpg 300w, https:\/\/itbranschen.com\/wp-content\/uploads\/2026\/08\/Thomson-Reuters-1024x576.jpg 1024w, https:\/\/itbranschen.com\/wp-content\/uploads\/2026\/08\/Thomson-Reuters-768x432.jpg 768w, https:\/\/itbranschen.com\/wp-content\/uploads\/2026\/08\/Thomson-Reuters-18x10.jpg 18w, https:\/\/itbranschen.com\/wp-content\/uploads\/2026\/08\/Thomson-Reuters-664x374.jpg 664w, https:\/\/itbranschen.com\/wp-content\/uploads\/2026\/08\/Thomson-Reuters-688x387.jpg 688w, https:\/\/itbranschen.com\/wp-content\/uploads\/2026\/08\/Thomson-Reuters-1044x587.jpg 1044w, https:\/\/itbranschen.com\/wp-content\/uploads\/2026\/08\/Thomson-Reuters.jpg 1200w\" sizes=\"(max-width: 332px) 100vw, 332px\" title=\"| IT-Branschen\">\t\t\t\t<\/div>\n\n\t\t\t\t\n\t\t\t\t\n\t\t\t\t<a href=\"https:\/\/itbranschen.com\/de\/thomson-reuters-ai-modell-thomson\/\" class=\"cs-overlay-link\" title=\"Thomson Reuters lanserar egen AI-modell efter investering p\u00e5 40 miljoner dollar\"><\/a>\n\t\t\t<\/div>\n\t\t\n\t\t<div class=\"cs-entry__inner cs-entry__content-wrapper\">\n\t\t\t<div class=\"cs-entry__content\">\n\n\t\t\t\t\n\t\t\t\t<h2 class=\"cs-entry__title\"><a href=\"https:\/\/itbranschen.com\/de\/thomson-reuters-ai-modell-thomson\/\">Thomson Reuters lanserar egen AI-modell efter investering p\u00e5 40 miljoner dollar<\/a><\/h2>\n\t\t\t\t\n\t\t\t\t\t\t\t<\/div>\n\t\t<\/div>\n\n\t<\/div>\n<\/article>\n\n\n<article class=\"post-32883 post type-post status-publish format-standard has-post-thumbnail category-cybersakerhet tag-api-sakerhet-2 tag-applikationssakerhet tag-appsec tag-autentisering tag-barracuda tag-cyberhot tag-cybersakerhet tag-dataskydd tag-informationssakerhet tag-it-branschen-2 tag-kryptering tag-sakerhetsbrister tag-sarbarheter tag-webbapplikationer tag-xss cs-entry cs-video-wrap\">\n\t<div class=\"cs-entry__outer cs-entry__outer-small cs-entry__outer-thumbnail-left cs-entry__outer-accent\">\n\n\t\t\t\t\t<div class=\"cs-entry__inner cs-entry__overlay cs-entry__thumbnail cs-overlay-ratio cs-ratio-square\">\n\n\t\t\t\t<div class=\"cs-overlay-background\">\n\t\t\t\t\t<img loading=\"lazy\" decoding=\"async\" width=\"332\" height=\"187\" src=\"https:\/\/itbranschen.com\/wp-content\/uploads\/2026\/08\/Ny-studie-En-genomsnittlig-webbapplikation-har-sakerhetsbrister-332x187.jpg\" class=\"attachment-csco-thumbnail-uncropped size-csco-thumbnail-uncropped wp-post-image\" alt=\"IT-Branschen\" srcset=\"https:\/\/itbranschen.com\/wp-content\/uploads\/2026\/08\/Ny-studie-En-genomsnittlig-webbapplikation-har-sakerhetsbrister-332x187.jpg 332w, https:\/\/itbranschen.com\/wp-content\/uploads\/2026\/08\/Ny-studie-En-genomsnittlig-webbapplikation-har-sakerhetsbrister-300x169.jpg 300w, https:\/\/itbranschen.com\/wp-content\/uploads\/2026\/08\/Ny-studie-En-genomsnittlig-webbapplikation-har-sakerhetsbrister-1024x576.jpg 1024w, https:\/\/itbranschen.com\/wp-content\/uploads\/2026\/08\/Ny-studie-En-genomsnittlig-webbapplikation-har-sakerhetsbrister-768x432.jpg 768w, https:\/\/itbranschen.com\/wp-content\/uploads\/2026\/08\/Ny-studie-En-genomsnittlig-webbapplikation-har-sakerhetsbrister-18x10.jpg 18w, https:\/\/itbranschen.com\/wp-content\/uploads\/2026\/08\/Ny-studie-En-genomsnittlig-webbapplikation-har-sakerhetsbrister-664x374.jpg 664w, https:\/\/itbranschen.com\/wp-content\/uploads\/2026\/08\/Ny-studie-En-genomsnittlig-webbapplikation-har-sakerhetsbrister-688x387.jpg 688w, https:\/\/itbranschen.com\/wp-content\/uploads\/2026\/08\/Ny-studie-En-genomsnittlig-webbapplikation-har-sakerhetsbrister-1044x587.jpg 1044w, https:\/\/itbranschen.com\/wp-content\/uploads\/2026\/08\/Ny-studie-En-genomsnittlig-webbapplikation-har-sakerhetsbrister.jpg 1200w\" sizes=\"(max-width: 332px) 100vw, 332px\" title=\"| IT-Branschen\">\t\t\t\t\t<img loading=\"lazy\" decoding=\"async\" width=\"332\" height=\"186\" src=\"https:\/\/itbranschen.com\/wp-content\/uploads\/2026\/08\/Ny-studie-En-genomsnittlig-webbapplikation-har-sakerhetsbrister-332x186.jpg\" class=\"attachment-csco-thumbnail size-csco-thumbnail wp-post-image\" alt=\"IT-Branschen\" srcset=\"https:\/\/itbranschen.com\/wp-content\/uploads\/2026\/08\/Ny-studie-En-genomsnittlig-webbapplikation-har-sakerhetsbrister-332x187.jpg 332w, https:\/\/itbranschen.com\/wp-content\/uploads\/2026\/08\/Ny-studie-En-genomsnittlig-webbapplikation-har-sakerhetsbrister-300x169.jpg 300w, https:\/\/itbranschen.com\/wp-content\/uploads\/2026\/08\/Ny-studie-En-genomsnittlig-webbapplikation-har-sakerhetsbrister-1024x576.jpg 1024w, https:\/\/itbranschen.com\/wp-content\/uploads\/2026\/08\/Ny-studie-En-genomsnittlig-webbapplikation-har-sakerhetsbrister-768x432.jpg 768w, https:\/\/itbranschen.com\/wp-content\/uploads\/2026\/08\/Ny-studie-En-genomsnittlig-webbapplikation-har-sakerhetsbrister-18x10.jpg 18w, https:\/\/itbranschen.com\/wp-content\/uploads\/2026\/08\/Ny-studie-En-genomsnittlig-webbapplikation-har-sakerhetsbrister-664x374.jpg 664w, https:\/\/itbranschen.com\/wp-content\/uploads\/2026\/08\/Ny-studie-En-genomsnittlig-webbapplikation-har-sakerhetsbrister-688x387.jpg 688w, https:\/\/itbranschen.com\/wp-content\/uploads\/2026\/08\/Ny-studie-En-genomsnittlig-webbapplikation-har-sakerhetsbrister-1044x587.jpg 1044w, https:\/\/itbranschen.com\/wp-content\/uploads\/2026\/08\/Ny-studie-En-genomsnittlig-webbapplikation-har-sakerhetsbrister.jpg 1200w\" sizes=\"(max-width: 332px) 100vw, 332px\" title=\"| IT-Branschen\">\t\t\t\t<\/div>\n\n\t\t\t\t\n\t\t\t\t\n\t\t\t\t<a href=\"https:\/\/itbranschen.com\/de\/webbapplikation-20-sakerhetsbrister\/\" class=\"cs-overlay-link\" title=\"Ny studie: En genomsnittlig webbapplikation har 20 s\u00e4kerhetsbrister\"><\/a>\n\t\t\t<\/div>\n\t\t\n\t\t<div class=\"cs-entry__inner cs-entry__content-wrapper\">\n\t\t\t<div class=\"cs-entry__content\">\n\n\t\t\t\t\n\t\t\t\t<h2 class=\"cs-entry__title\"><a href=\"https:\/\/itbranschen.com\/de\/webbapplikation-20-sakerhetsbrister\/\">Ny studie: En genomsnittlig webbapplikation har 20 s\u00e4kerhetsbrister<\/a><\/h2>\n\t\t\t\t\n\t\t\t\t\t\t\t<\/div>\n\t\t<\/div>\n\n\t<\/div>\n<\/article>\n\n\n<article class=\"post-32868 post type-post status-publish format-standard has-post-thumbnail category-nyheter category-artificiell-intelligens tag-ai-nyheter tag-ai-sok-2 tag-aio tag-chatgpt tag-gemini tag-generativ-ai tag-geo tag-hybrid tag-it-branschen-2 tag-it-kanalen-2 tag-it-nyheter tag-it-branschen tag-it-kanalen tag-kommunikation tag-multiply tag-perplexity tag-pr tag-sokoptimering cs-entry cs-video-wrap\">\n\t<div class=\"cs-entry__outer cs-entry__outer-small cs-entry__outer-thumbnail-left cs-entry__outer-accent\">\n\n\t\t\t\t\t<div class=\"cs-entry__inner cs-entry__overlay cs-entry__thumbnail cs-overlay-ratio cs-ratio-square\">\n\n\t\t\t\t<div class=\"cs-overlay-background\">\n\t\t\t\t\t<img loading=\"lazy\" decoding=\"async\" width=\"332\" height=\"187\" src=\"https:\/\/itbranschen.com\/wp-content\/uploads\/2026\/08\/Multiply-Hybrid-332x187.jpg\" class=\"attachment-csco-thumbnail-uncropped size-csco-thumbnail-uncropped wp-post-image\" alt=\"IT-Branschen\" srcset=\"https:\/\/itbranschen.com\/wp-content\/uploads\/2026\/08\/Multiply-Hybrid-332x187.jpg 332w, https:\/\/itbranschen.com\/wp-content\/uploads\/2026\/08\/Multiply-Hybrid-300x169.jpg 300w, https:\/\/itbranschen.com\/wp-content\/uploads\/2026\/08\/Multiply-Hybrid-1024x576.jpg 1024w, https:\/\/itbranschen.com\/wp-content\/uploads\/2026\/08\/Multiply-Hybrid-768x432.jpg 768w, https:\/\/itbranschen.com\/wp-content\/uploads\/2026\/08\/Multiply-Hybrid-18x10.jpg 18w, https:\/\/itbranschen.com\/wp-content\/uploads\/2026\/08\/Multiply-Hybrid-664x374.jpg 664w, https:\/\/itbranschen.com\/wp-content\/uploads\/2026\/08\/Multiply-Hybrid-688x387.jpg 688w, https:\/\/itbranschen.com\/wp-content\/uploads\/2026\/08\/Multiply-Hybrid-1044x587.jpg 1044w, https:\/\/itbranschen.com\/wp-content\/uploads\/2026\/08\/Multiply-Hybrid.jpg 1200w\" sizes=\"(max-width: 332px) 100vw, 332px\" title=\"| IT-Branschen\">\t\t\t\t\t<img loading=\"lazy\" decoding=\"async\" width=\"332\" height=\"186\" src=\"https:\/\/itbranschen.com\/wp-content\/uploads\/2026\/08\/Multiply-Hybrid-332x186.jpg\" class=\"attachment-csco-thumbnail size-csco-thumbnail wp-post-image\" alt=\"IT-Branschen\" srcset=\"https:\/\/itbranschen.com\/wp-content\/uploads\/2026\/08\/Multiply-Hybrid-332x187.jpg 332w, https:\/\/itbranschen.com\/wp-content\/uploads\/2026\/08\/Multiply-Hybrid-300x169.jpg 300w, https:\/\/itbranschen.com\/wp-content\/uploads\/2026\/08\/Multiply-Hybrid-1024x576.jpg 1024w, https:\/\/itbranschen.com\/wp-content\/uploads\/2026\/08\/Multiply-Hybrid-768x432.jpg 768w, https:\/\/itbranschen.com\/wp-content\/uploads\/2026\/08\/Multiply-Hybrid-18x10.jpg 18w, https:\/\/itbranschen.com\/wp-content\/uploads\/2026\/08\/Multiply-Hybrid-664x374.jpg 664w, https:\/\/itbranschen.com\/wp-content\/uploads\/2026\/08\/Multiply-Hybrid-688x387.jpg 688w, https:\/\/itbranschen.com\/wp-content\/uploads\/2026\/08\/Multiply-Hybrid-1044x587.jpg 1044w, https:\/\/itbranschen.com\/wp-content\/uploads\/2026\/08\/Multiply-Hybrid.jpg 1200w\" sizes=\"(max-width: 332px) 100vw, 332px\" title=\"| IT-Branschen\">\t\t\t\t<\/div>\n\n\t\t\t\t\n\t\t\t\t\n\t\t\t\t<a href=\"https:\/\/itbranschen.com\/de\/multiply-hybrid-geo-agent\/\" class=\"cs-overlay-link\" title=\"Multiply och Hybrid utvecklar AI-agent som visar hur varum\u00e4rken syns i AI-s\u00f6k\"><\/a>\n\t\t\t<\/div>\n\t\t\n\t\t<div class=\"cs-entry__inner cs-entry__content-wrapper\">\n\t\t\t<div class=\"cs-entry__content\">\n\n\t\t\t\t\n\t\t\t\t<h2 class=\"cs-entry__title\"><a href=\"https:\/\/itbranschen.com\/de\/multiply-hybrid-geo-agent\/\">Multiply och Hybrid utvecklar AI-agent som visar hur varum\u00e4rken syns i AI-s\u00f6k<\/a><\/h2>\n\t\t\t\t\n\t\t\t\t\t\t\t<\/div>\n\t\t<\/div>\n\n\t<\/div>\n<\/article>\n\n\n<article class=\"post-33095 post type-post status-publish format-standard has-post-thumbnail category-ai-governance tag-agentic-ai tag-ai-compliance tag-ai-governance tag-ai-agenter tag-ai-forordningen-2 tag-ai-sakerhet tag-artikel-50 tag-datastyrning tag-datasuveranitet tag-enterprise-ai tag-eu-ai-act tag-it-branschen tag-it-kanalen tag-it-kanalen-nyheter tag-it-kanalen-com tag-itkanalen tag-itkanalen-se tag-responsible-ai tag-verifierbar-ai tag-vortiq-x cs-entry cs-video-wrap\">\n\t<div class=\"cs-entry__outer cs-entry__outer-small cs-entry__outer-thumbnail-left cs-entry__outer-accent\">\n\n\t\t\t\t\t<div class=\"cs-entry__inner cs-entry__overlay cs-entry__thumbnail cs-overlay-ratio cs-ratio-square\">\n\n\t\t\t\t<div class=\"cs-overlay-background\">\n\t\t\t\t\t<img loading=\"lazy\" decoding=\"async\" width=\"332\" height=\"187\" src=\"https:\/\/itbranschen.com\/wp-content\/uploads\/2026\/08\/raymond-steen-artikel-332x187.jpg\" class=\"attachment-csco-thumbnail-uncropped size-csco-thumbnail-uncropped wp-post-image\" alt=\"EU kr\u00e4ver synligare AI. VORTIQ-X vill g\u00f6ra mandatet bakom handlingen verifierbart | IT-Branschen\" srcset=\"https:\/\/itbranschen.com\/wp-content\/uploads\/2026\/08\/raymond-steen-artikel-332x187.jpg 332w, https:\/\/itbranschen.com\/wp-content\/uploads\/2026\/08\/raymond-steen-artikel-300x169.jpg 300w, https:\/\/itbranschen.com\/wp-content\/uploads\/2026\/08\/raymond-steen-artikel-1024x576.jpg 1024w, https:\/\/itbranschen.com\/wp-content\/uploads\/2026\/08\/raymond-steen-artikel-768x432.jpg 768w, https:\/\/itbranschen.com\/wp-content\/uploads\/2026\/08\/raymond-steen-artikel-18x10.jpg 18w, https:\/\/itbranschen.com\/wp-content\/uploads\/2026\/08\/raymond-steen-artikel-664x374.jpg 664w, https:\/\/itbranschen.com\/wp-content\/uploads\/2026\/08\/raymond-steen-artikel-688x387.jpg 688w, https:\/\/itbranschen.com\/wp-content\/uploads\/2026\/08\/raymond-steen-artikel-1044x587.jpg 1044w, https:\/\/itbranschen.com\/wp-content\/uploads\/2026\/08\/raymond-steen-artikel.jpg 1200w\" sizes=\"(max-width: 332px) 100vw, 332px\" title=\"| IT-Branschen\">\t\t\t\t\t<img loading=\"lazy\" decoding=\"async\" width=\"332\" height=\"186\" src=\"https:\/\/itbranschen.com\/wp-content\/uploads\/2026\/08\/raymond-steen-artikel-332x186.jpg\" class=\"attachment-csco-thumbnail size-csco-thumbnail wp-post-image\" alt=\"EU kr\u00e4ver synligare AI. VORTIQ-X vill g\u00f6ra mandatet bakom handlingen verifierbart | IT-Branschen\" srcset=\"https:\/\/itbranschen.com\/wp-content\/uploads\/2026\/08\/raymond-steen-artikel-332x187.jpg 332w, https:\/\/itbranschen.com\/wp-content\/uploads\/2026\/08\/raymond-steen-artikel-300x169.jpg 300w, https:\/\/itbranschen.com\/wp-content\/uploads\/2026\/08\/raymond-steen-artikel-1024x576.jpg 1024w, https:\/\/itbranschen.com\/wp-content\/uploads\/2026\/08\/raymond-steen-artikel-768x432.jpg 768w, https:\/\/itbranschen.com\/wp-content\/uploads\/2026\/08\/raymond-steen-artikel-18x10.jpg 18w, https:\/\/itbranschen.com\/wp-content\/uploads\/2026\/08\/raymond-steen-artikel-664x374.jpg 664w, https:\/\/itbranschen.com\/wp-content\/uploads\/2026\/08\/raymond-steen-artikel-688x387.jpg 688w, https:\/\/itbranschen.com\/wp-content\/uploads\/2026\/08\/raymond-steen-artikel-1044x587.jpg 1044w, https:\/\/itbranschen.com\/wp-content\/uploads\/2026\/08\/raymond-steen-artikel.jpg 1200w\" sizes=\"(max-width: 332px) 100vw, 332px\" title=\"| IT-Branschen\">\t\t\t\t<\/div>\n\n\t\t\t\t\n\t\t\t\t\n\t\t\t\t<a href=\"https:\/\/itbranschen.com\/de\/artikel-50-vortiq-x-ai-mandat\/\" class=\"cs-overlay-link\" title=\"EU kr\u00e4ver synligare AI. VORTIQ-X vill g\u00f6ra mandatet bakom handlingen verifierbart\"><\/a>\n\t\t\t<\/div>\n\t\t\n\t\t<div class=\"cs-entry__inner cs-entry__content-wrapper\">\n\t\t\t<div class=\"cs-entry__content\">\n\n\t\t\t\t\n\t\t\t\t<h2 class=\"cs-entry__title\"><a href=\"https:\/\/itbranschen.com\/de\/artikel-50-vortiq-x-ai-mandat\/\">EU kr\u00e4ver synligare AI. VORTIQ-X vill g\u00f6ra mandatet bakom handlingen verifierbart<\/a><\/h2>\n\t\t\t\t\n\t\t\t\t\t\t\t<\/div>\n\t\t<\/div>\n\n\t<\/div>\n<\/article>\n\t\t\t\t\t\t\t<\/div>\n\t\t\t\t\t\t<\/div>\n\t\t\t\t\t<\/div>\n\n\t\t\t\t\t\n\t\t\t\t\t<div class=\"cs-posts-area cs-posts-area-elementor \">\n\t\t\t\t\t\t<div class=\"cs-posts-area__outer\">\n\t\t\t\t\t\t\t<div class=\"cs-posts-area__main cs-posts-area__main-divider\" data-pc=\"1\" data-lt=\"1\" data-tb=\"1\" data-mb=\"1\">\n\t\t\t\t\t\t\t\t\n\n<article class=\"post-33178 post type-post status-publish format-standard has-post-thumbnail category-artificiell-intelligens tag-advise tag-ai tag-artificiell-intelligens tag-business-central tag-business-intelligence tag-ekonomistyrning tag-finansiell-analys tag-finansiell-intelligens tag-fintech tag-fortnox tag-it-branschen-2 tag-it-kanalen-2 tag-it-nyheter tag-it-branschen tag-it-kanalen tag-norden tag-nyheter tag-roger-ai tag-sverige tag-tillvaxtforetag tag-visma cs-entry cs-video-wrap\">\n\t<div class=\"cs-entry__outer cs-entry__outer-small cs-entry__outer-thumbnail-left cs-entry__outer-accent\">\n\n\t\t\t\t\t<div class=\"cs-entry__inner cs-entry__overlay cs-entry__thumbnail cs-overlay-ratio cs-ratio-square\">\n\n\t\t\t\t<div class=\"cs-overlay-background\">\n\t\t\t\t\t<img fetchpriority=\"high\" decoding=\"async\" width=\"332\" height=\"187\" src=\"https:\/\/itbranschen.com\/wp-content\/uploads\/2026\/09\/Advise-tar-in-kapital-for-att-erbjuda-svenska-foretag-plattform-for-finansiell-intelligens-332x187.jpg\" class=\"attachment-csco-thumbnail-uncropped size-csco-thumbnail-uncropped wp-post-image\" alt=\"Advise tar in 28 miljoner och lanserar AI-plattform i Sverige | IT-Branschen\" srcset=\"https:\/\/itbranschen.com\/wp-content\/uploads\/2026\/09\/Advise-tar-in-kapital-for-att-erbjuda-svenska-foretag-plattform-for-finansiell-intelligens-332x187.jpg 332w, https:\/\/itbranschen.com\/wp-content\/uploads\/2026\/09\/Advise-tar-in-kapital-for-att-erbjuda-svenska-foretag-plattform-for-finansiell-intelligens-300x169.jpg 300w, https:\/\/itbranschen.com\/wp-content\/uploads\/2026\/09\/Advise-tar-in-kapital-for-att-erbjuda-svenska-foretag-plattform-for-finansiell-intelligens-1024x576.jpg 1024w, https:\/\/itbranschen.com\/wp-content\/uploads\/2026\/09\/Advise-tar-in-kapital-for-att-erbjuda-svenska-foretag-plattform-for-finansiell-intelligens-768x432.jpg 768w, https:\/\/itbranschen.com\/wp-content\/uploads\/2026\/09\/Advise-tar-in-kapital-for-att-erbjuda-svenska-foretag-plattform-for-finansiell-intelligens-18x10.jpg 18w, https:\/\/itbranschen.com\/wp-content\/uploads\/2026\/09\/Advise-tar-in-kapital-for-att-erbjuda-svenska-foretag-plattform-for-finansiell-intelligens-664x374.jpg 664w, https:\/\/itbranschen.com\/wp-content\/uploads\/2026\/09\/Advise-tar-in-kapital-for-att-erbjuda-svenska-foretag-plattform-for-finansiell-intelligens-688x387.jpg 688w, https:\/\/itbranschen.com\/wp-content\/uploads\/2026\/09\/Advise-tar-in-kapital-for-att-erbjuda-svenska-foretag-plattform-for-finansiell-intelligens-1044x587.jpg 1044w, https:\/\/itbranschen.com\/wp-content\/uploads\/2026\/09\/Advise-tar-in-kapital-for-att-erbjuda-svenska-foretag-plattform-for-finansiell-intelligens.jpg 1200w\" sizes=\"(max-width: 332px) 100vw, 332px\" title=\"| IT-Branschen\">\t\t\t\t\t<img loading=\"lazy\" decoding=\"async\" width=\"332\" height=\"186\" src=\"https:\/\/itbranschen.com\/wp-content\/uploads\/2026\/09\/Advise-tar-in-kapital-for-att-erbjuda-svenska-foretag-plattform-for-finansiell-intelligens-332x186.jpg\" class=\"attachment-csco-thumbnail size-csco-thumbnail wp-post-image\" alt=\"Advise tar in 28 miljoner och lanserar AI-plattform i Sverige | IT-Branschen\" srcset=\"https:\/\/itbranschen.com\/wp-content\/uploads\/2026\/09\/Advise-tar-in-kapital-for-att-erbjuda-svenska-foretag-plattform-for-finansiell-intelligens-332x187.jpg 332w, https:\/\/itbranschen.com\/wp-content\/uploads\/2026\/09\/Advise-tar-in-kapital-for-att-erbjuda-svenska-foretag-plattform-for-finansiell-intelligens-300x169.jpg 300w, https:\/\/itbranschen.com\/wp-content\/uploads\/2026\/09\/Advise-tar-in-kapital-for-att-erbjuda-svenska-foretag-plattform-for-finansiell-intelligens-1024x576.jpg 1024w, https:\/\/itbranschen.com\/wp-content\/uploads\/2026\/09\/Advise-tar-in-kapital-for-att-erbjuda-svenska-foretag-plattform-for-finansiell-intelligens-768x432.jpg 768w, https:\/\/itbranschen.com\/wp-content\/uploads\/2026\/09\/Advise-tar-in-kapital-for-att-erbjuda-svenska-foretag-plattform-for-finansiell-intelligens-18x10.jpg 18w, https:\/\/itbranschen.com\/wp-content\/uploads\/2026\/09\/Advise-tar-in-kapital-for-att-erbjuda-svenska-foretag-plattform-for-finansiell-intelligens-664x374.jpg 664w, https:\/\/itbranschen.com\/wp-content\/uploads\/2026\/09\/Advise-tar-in-kapital-for-att-erbjuda-svenska-foretag-plattform-for-finansiell-intelligens-688x387.jpg 688w, https:\/\/itbranschen.com\/wp-content\/uploads\/2026\/09\/Advise-tar-in-kapital-for-att-erbjuda-svenska-foretag-plattform-for-finansiell-intelligens-1044x587.jpg 1044w, https:\/\/itbranschen.com\/wp-content\/uploads\/2026\/09\/Advise-tar-in-kapital-for-att-erbjuda-svenska-foretag-plattform-for-finansiell-intelligens.jpg 1200w\" sizes=\"(max-width: 332px) 100vw, 332px\" title=\"| IT-Branschen\">\t\t\t\t<\/div>\n\n\t\t\t\t\n\t\t\t\t\n\t\t\t\t<a href=\"https:\/\/itbranschen.com\/de\/advise-ai-plattform-sverige\/\" class=\"cs-overlay-link\" title=\"Advise tar in 28 miljoner och lanserar AI-plattform i Sverige\"><\/a>\n\t\t\t<\/div>\n\t\t\n\t\t<div class=\"cs-entry__inner cs-entry__content-wrapper\">\n\t\t\t<div class=\"cs-entry__content\">\n\n\t\t\t\t\n\t\t\t\t<h2 class=\"cs-entry__title\"><a href=\"https:\/\/itbranschen.com\/de\/advise-ai-plattform-sverige\/\">Advise tar in 28 miljoner och lanserar AI-plattform i Sverige<\/a><\/h2>\n\t\t\t\t\n\t\t\t\t\t\t\t<\/div>\n\t\t<\/div>\n\n\t<\/div>\n<\/article>\n\n\n<article class=\"post-33163 post type-post status-publish format-standard has-post-thumbnail category-artificiell-intelligens tag-agent-gateway tag-ai tag-ai-agenter tag-ai-infrastruktur tag-datasakerhet tag-enterprise-ai-2-8 tag-foretags-ai-2 tag-generativ-ai tag-gpu tag-hybrid-cloud tag-it-branschen-2 tag-it-kanalen-2 tag-it-nyheter tag-it-branschen tag-it-kanalen tag-kostnadsstyrning tag-llm tag-norden tag-nutanix tag-nutanix-enterprise-ai tag-nyheter tag-privat-inferens tag-private-ai tag-sprakmodeller tag-tokenbudget tag-tokenomics cs-entry cs-video-wrap\">\n\t<div class=\"cs-entry__outer cs-entry__outer-small cs-entry__outer-thumbnail-left cs-entry__outer-accent\">\n\n\t\t\t\t\t<div class=\"cs-entry__inner cs-entry__overlay cs-entry__thumbnail cs-overlay-ratio cs-ratio-square\">\n\n\t\t\t\t<div class=\"cs-overlay-background\">\n\t\t\t\t\t<img decoding=\"async\" width=\"332\" height=\"187\" src=\"https:\/\/itbranschen.com\/wp-content\/uploads\/2026\/08\/Mats-Ericson-332x187.jpg\" class=\"attachment-csco-thumbnail-uncropped size-csco-thumbnail-uncropped wp-post-image\" alt=\"Mats Ericson, regionchef f\u00f6r Norden och Baltikum p\u00e5 Nutanix, leder f\u00f6retagets satsning p\u00e5 hybrid multicloud, AI och cloud native i den nordiska och baltiska marknaden.\" srcset=\"https:\/\/itbranschen.com\/wp-content\/uploads\/2026\/08\/Mats-Ericson-332x187.jpg 332w, https:\/\/itbranschen.com\/wp-content\/uploads\/2026\/08\/Mats-Ericson-300x169.jpg 300w, https:\/\/itbranschen.com\/wp-content\/uploads\/2026\/08\/Mats-Ericson-1024x576.jpg 1024w, https:\/\/itbranschen.com\/wp-content\/uploads\/2026\/08\/Mats-Ericson-768x432.jpg 768w, https:\/\/itbranschen.com\/wp-content\/uploads\/2026\/08\/Mats-Ericson-18x10.jpg 18w, https:\/\/itbranschen.com\/wp-content\/uploads\/2026\/08\/Mats-Ericson-664x374.jpg 664w, https:\/\/itbranschen.com\/wp-content\/uploads\/2026\/08\/Mats-Ericson-688x387.jpg 688w, https:\/\/itbranschen.com\/wp-content\/uploads\/2026\/08\/Mats-Ericson-1044x587.jpg 1044w, https:\/\/itbranschen.com\/wp-content\/uploads\/2026\/08\/Mats-Ericson.jpg 1200w\" sizes=\"(max-width: 332px) 100vw, 332px\" title=\"| IT-Branschen\">\t\t\t\t\t<img loading=\"lazy\" decoding=\"async\" width=\"332\" height=\"186\" src=\"https:\/\/itbranschen.com\/wp-content\/uploads\/2026\/08\/Mats-Ericson-332x186.jpg\" class=\"attachment-csco-thumbnail size-csco-thumbnail wp-post-image\" alt=\"Mats Ericson, regionchef f\u00f6r Norden och Baltikum p\u00e5 Nutanix, leder f\u00f6retagets satsning p\u00e5 hybrid multicloud, AI och cloud native i den nordiska och baltiska marknaden.\" srcset=\"https:\/\/itbranschen.com\/wp-content\/uploads\/2026\/08\/Mats-Ericson-332x187.jpg 332w, https:\/\/itbranschen.com\/wp-content\/uploads\/2026\/08\/Mats-Ericson-300x169.jpg 300w, https:\/\/itbranschen.com\/wp-content\/uploads\/2026\/08\/Mats-Ericson-1024x576.jpg 1024w, https:\/\/itbranschen.com\/wp-content\/uploads\/2026\/08\/Mats-Ericson-768x432.jpg 768w, https:\/\/itbranschen.com\/wp-content\/uploads\/2026\/08\/Mats-Ericson-18x10.jpg 18w, https:\/\/itbranschen.com\/wp-content\/uploads\/2026\/08\/Mats-Ericson-664x374.jpg 664w, https:\/\/itbranschen.com\/wp-content\/uploads\/2026\/08\/Mats-Ericson-688x387.jpg 688w, https:\/\/itbranschen.com\/wp-content\/uploads\/2026\/08\/Mats-Ericson-1044x587.jpg 1044w, https:\/\/itbranschen.com\/wp-content\/uploads\/2026\/08\/Mats-Ericson.jpg 1200w\" sizes=\"(max-width: 332px) 100vw, 332px\" title=\"| IT-Branschen\">\t\t\t\t<\/div>\n\n\t\t\t\t\n\t\t\t\t\n\t\t\t\t<a href=\"https:\/\/itbranschen.com\/de\/nutanix-enterprise-ai-2-8-ai-kostnader\/\" class=\"cs-overlay-link\" title=\"Nutanix stryper AI kostnadsfestbranschen\"><\/a>\n\t\t\t<\/div>\n\t\t\n\t\t<div class=\"cs-entry__inner cs-entry__content-wrapper\">\n\t\t\t<div class=\"cs-entry__content\">\n\n\t\t\t\t\n\t\t\t\t<h2 class=\"cs-entry__title\"><a href=\"https:\/\/itbranschen.com\/de\/nutanix-enterprise-ai-2-8-ai-kostnader\/\">Nutanix stryper AI kostnadsfestbranschen<\/a><\/h2>\n\t\t\t\t\n\t\t\t\t\t\t\t<\/div>\n\t\t<\/div>\n\n\t<\/div>\n<\/article>\n\n\n<article class=\"post-33143 post type-post status-publish format-standard has-post-thumbnail category-nyheter tag-ai-nyheter tag-archer-8-ultra tag-berlin tag-connectivity tag-deco-8-ultra tag-ifa-2026 tag-it-branschen-2 tag-it-branschen tag-it-kanalen tag-mesh tag-natverk tag-nyheter tag-router tag-smart-home tag-stabilityengine tag-tp-link tag-tradlost-natverk tag-wi-fi tag-wi-fi-8 tag-wlan cs-entry cs-video-wrap\">\n\t<div class=\"cs-entry__outer cs-entry__outer-small cs-entry__outer-thumbnail-left cs-entry__outer-accent\">\n\n\t\t\t\t\t<div class=\"cs-entry__inner cs-entry__overlay cs-entry__thumbnail cs-overlay-ratio cs-ratio-square\">\n\n\t\t\t\t<div class=\"cs-overlay-background\">\n\t\t\t\t\t<img loading=\"lazy\" decoding=\"async\" width=\"332\" height=\"187\" src=\"https:\/\/itbranschen.com\/wp-content\/uploads\/2026\/09\/TP-Link-presenterar-nya-Wi-Fi-332x187.jpg\" class=\"attachment-csco-thumbnail-uncropped size-csco-thumbnail-uncropped wp-post-image\" alt=\"TP-Link presenterar nya Wi-Fi 8-produkter p\u00e5 IFA 2026 | IT-Branschen\" srcset=\"https:\/\/itbranschen.com\/wp-content\/uploads\/2026\/09\/TP-Link-presenterar-nya-Wi-Fi-332x187.jpg 332w, https:\/\/itbranschen.com\/wp-content\/uploads\/2026\/09\/TP-Link-presenterar-nya-Wi-Fi-300x169.jpg 300w, https:\/\/itbranschen.com\/wp-content\/uploads\/2026\/09\/TP-Link-presenterar-nya-Wi-Fi-1024x576.jpg 1024w, https:\/\/itbranschen.com\/wp-content\/uploads\/2026\/09\/TP-Link-presenterar-nya-Wi-Fi-768x432.jpg 768w, https:\/\/itbranschen.com\/wp-content\/uploads\/2026\/09\/TP-Link-presenterar-nya-Wi-Fi-18x10.jpg 18w, https:\/\/itbranschen.com\/wp-content\/uploads\/2026\/09\/TP-Link-presenterar-nya-Wi-Fi-664x374.jpg 664w, https:\/\/itbranschen.com\/wp-content\/uploads\/2026\/09\/TP-Link-presenterar-nya-Wi-Fi-688x387.jpg 688w, https:\/\/itbranschen.com\/wp-content\/uploads\/2026\/09\/TP-Link-presenterar-nya-Wi-Fi-1044x587.jpg 1044w, https:\/\/itbranschen.com\/wp-content\/uploads\/2026\/09\/TP-Link-presenterar-nya-Wi-Fi.jpg 1200w\" sizes=\"(max-width: 332px) 100vw, 332px\" title=\"| IT-Branschen\">\t\t\t\t\t<img loading=\"lazy\" decoding=\"async\" width=\"332\" height=\"186\" src=\"https:\/\/itbranschen.com\/wp-content\/uploads\/2026\/09\/TP-Link-presenterar-nya-Wi-Fi-332x186.jpg\" class=\"attachment-csco-thumbnail size-csco-thumbnail wp-post-image\" alt=\"TP-Link presenterar nya Wi-Fi 8-produkter p\u00e5 IFA 2026 | IT-Branschen\" srcset=\"https:\/\/itbranschen.com\/wp-content\/uploads\/2026\/09\/TP-Link-presenterar-nya-Wi-Fi-332x187.jpg 332w, https:\/\/itbranschen.com\/wp-content\/uploads\/2026\/09\/TP-Link-presenterar-nya-Wi-Fi-300x169.jpg 300w, https:\/\/itbranschen.com\/wp-content\/uploads\/2026\/09\/TP-Link-presenterar-nya-Wi-Fi-1024x576.jpg 1024w, https:\/\/itbranschen.com\/wp-content\/uploads\/2026\/09\/TP-Link-presenterar-nya-Wi-Fi-768x432.jpg 768w, https:\/\/itbranschen.com\/wp-content\/uploads\/2026\/09\/TP-Link-presenterar-nya-Wi-Fi-18x10.jpg 18w, https:\/\/itbranschen.com\/wp-content\/uploads\/2026\/09\/TP-Link-presenterar-nya-Wi-Fi-664x374.jpg 664w, https:\/\/itbranschen.com\/wp-content\/uploads\/2026\/09\/TP-Link-presenterar-nya-Wi-Fi-688x387.jpg 688w, https:\/\/itbranschen.com\/wp-content\/uploads\/2026\/09\/TP-Link-presenterar-nya-Wi-Fi-1044x587.jpg 1044w, https:\/\/itbranschen.com\/wp-content\/uploads\/2026\/09\/TP-Link-presenterar-nya-Wi-Fi.jpg 1200w\" sizes=\"(max-width: 332px) 100vw, 332px\" title=\"| IT-Branschen\">\t\t\t\t<\/div>\n\n\t\t\t\t\n\t\t\t\t\n\t\t\t\t<a href=\"https:\/\/itbranschen.com\/de\/tp-link-archer-8-ultra-deco-8-ultra-wifi-8\/\" class=\"cs-overlay-link\" title=\"TP-Link presenterar nya Wi-Fi 8-produkter p\u00e5 IFA 2026\"><\/a>\n\t\t\t<\/div>\n\t\t\n\t\t<div class=\"cs-entry__inner cs-entry__content-wrapper\">\n\t\t\t<div class=\"cs-entry__content\">\n\n\t\t\t\t\n\t\t\t\t<h2 class=\"cs-entry__title\"><a href=\"https:\/\/itbranschen.com\/de\/tp-link-archer-8-ultra-deco-8-ultra-wifi-8\/\">TP-Link presenterar nya Wi-Fi 8-produkter p\u00e5 IFA 2026<\/a><\/h2>\n\t\t\t\t\n\t\t\t\t\t\t\t<\/div>\n\t\t<\/div>\n\n\t<\/div>\n<\/article>\n\n\n<article class=\"post-33077 post type-post status-publish format-standard has-post-thumbnail category-karriar tag-affarsutveckling tag-b2b tag-cco tag-gibon tag-gibongruppen tag-it-branschen-2 tag-it-kanalen-2 tag-it-branschen tag-it-kanalen tag-katrin-lindahl-wallin tag-kundvarde tag-ledarskap tag-marknadsforing tag-tillvaxt tag-tjanstepaketering tag-yvonne-dahlberg cs-entry cs-video-wrap\">\n\t<div class=\"cs-entry__outer cs-entry__outer-small cs-entry__outer-thumbnail-left cs-entry__outer-accent\">\n\n\t\t\t\t\t<div class=\"cs-entry__inner cs-entry__overlay cs-entry__thumbnail cs-overlay-ratio cs-ratio-square\">\n\n\t\t\t\t<div class=\"cs-overlay-background\">\n\t\t\t\t\t<img loading=\"lazy\" decoding=\"async\" width=\"332\" height=\"187\" src=\"https:\/\/itbranschen.com\/wp-content\/uploads\/2026\/08\/Yvonne-Dahlberg-332x187.jpg\" class=\"attachment-csco-thumbnail-uncropped size-csco-thumbnail-uncropped wp-post-image\" alt=\"IT-Branschen\" srcset=\"https:\/\/itbranschen.com\/wp-content\/uploads\/2026\/08\/Yvonne-Dahlberg-332x187.jpg 332w, https:\/\/itbranschen.com\/wp-content\/uploads\/2026\/08\/Yvonne-Dahlberg-300x169.jpg 300w, https:\/\/itbranschen.com\/wp-content\/uploads\/2026\/08\/Yvonne-Dahlberg-1024x576.jpg 1024w, https:\/\/itbranschen.com\/wp-content\/uploads\/2026\/08\/Yvonne-Dahlberg-768x432.jpg 768w, https:\/\/itbranschen.com\/wp-content\/uploads\/2026\/08\/Yvonne-Dahlberg-18x10.jpg 18w, https:\/\/itbranschen.com\/wp-content\/uploads\/2026\/08\/Yvonne-Dahlberg-664x374.jpg 664w, https:\/\/itbranschen.com\/wp-content\/uploads\/2026\/08\/Yvonne-Dahlberg-688x387.jpg 688w, https:\/\/itbranschen.com\/wp-content\/uploads\/2026\/08\/Yvonne-Dahlberg-1044x587.jpg 1044w, https:\/\/itbranschen.com\/wp-content\/uploads\/2026\/08\/Yvonne-Dahlberg.jpg 1200w\" sizes=\"(max-width: 332px) 100vw, 332px\" title=\"| IT-Branschen\">\t\t\t\t\t<img loading=\"lazy\" decoding=\"async\" width=\"332\" height=\"186\" src=\"https:\/\/itbranschen.com\/wp-content\/uploads\/2026\/08\/Yvonne-Dahlberg-332x186.jpg\" class=\"attachment-csco-thumbnail size-csco-thumbnail wp-post-image\" alt=\"IT-Branschen\" srcset=\"https:\/\/itbranschen.com\/wp-content\/uploads\/2026\/08\/Yvonne-Dahlberg-332x187.jpg 332w, https:\/\/itbranschen.com\/wp-content\/uploads\/2026\/08\/Yvonne-Dahlberg-300x169.jpg 300w, https:\/\/itbranschen.com\/wp-content\/uploads\/2026\/08\/Yvonne-Dahlberg-1024x576.jpg 1024w, https:\/\/itbranschen.com\/wp-content\/uploads\/2026\/08\/Yvonne-Dahlberg-768x432.jpg 768w, https:\/\/itbranschen.com\/wp-content\/uploads\/2026\/08\/Yvonne-Dahlberg-18x10.jpg 18w, https:\/\/itbranschen.com\/wp-content\/uploads\/2026\/08\/Yvonne-Dahlberg-664x374.jpg 664w, https:\/\/itbranschen.com\/wp-content\/uploads\/2026\/08\/Yvonne-Dahlberg-688x387.jpg 688w, https:\/\/itbranschen.com\/wp-content\/uploads\/2026\/08\/Yvonne-Dahlberg-1044x587.jpg 1044w, https:\/\/itbranschen.com\/wp-content\/uploads\/2026\/08\/Yvonne-Dahlberg.jpg 1200w\" sizes=\"(max-width: 332px) 100vw, 332px\" title=\"| IT-Branschen\">\t\t\t\t<\/div>\n\n\t\t\t\t\n\t\t\t\t\n\t\t\t\t<a href=\"https:\/\/itbranschen.com\/de\/yvonne-dahlberg-cco-gibongruppen\/\" class=\"cs-overlay-link\" title=\"Yvonne Dahlberg blir ny CCO f\u00f6r Gibongruppen\"><\/a>\n\t\t\t<\/div>\n\t\t\n\t\t<div class=\"cs-entry__inner cs-entry__content-wrapper\">\n\t\t\t<div class=\"cs-entry__content\">\n\n\t\t\t\t\n\t\t\t\t<h2 class=\"cs-entry__title\"><a href=\"https:\/\/itbranschen.com\/de\/yvonne-dahlberg-cco-gibongruppen\/\">Yvonne Dahlberg blir ny CCO f\u00f6r Gibongruppen<\/a><\/h2>\n\t\t\t\t\n\t\t\t\t\t\t\t<\/div>\n\t\t<\/div>\n\n\t<\/div>\n<\/article>\n\t\t\t\t\t\t\t<\/div>\n\t\t\t\t\t\t<\/div>\n\t\t\t\t\t<\/div>\n\n\t\t\t\t\t\n\t\t\t\t\t<div class=\"cs-posts-area cs-posts-area-elementor \">\n\t\t\t\t\t\t<div class=\"cs-posts-area__outer\">\n\t\t\t\t\t\t\t<div class=\"cs-posts-area__main cs-posts-area__main-divider\" data-pc=\"1\" data-lt=\"1\" data-tb=\"1\" data-mb=\"1\">\n\t\t\t\t\t\t\t\t\n\n<article class=\"post-33178 post type-post status-publish format-standard has-post-thumbnail category-artificiell-intelligens tag-advise tag-ai tag-artificiell-intelligens tag-business-central tag-business-intelligence tag-ekonomistyrning tag-finansiell-analys tag-finansiell-intelligens tag-fintech tag-fortnox tag-it-branschen-2 tag-it-kanalen-2 tag-it-nyheter tag-it-branschen tag-it-kanalen tag-norden tag-nyheter tag-roger-ai tag-sverige tag-tillvaxtforetag tag-visma cs-entry cs-video-wrap\">\n\t<div class=\"cs-entry__outer cs-entry__outer-small cs-entry__outer-thumbnail-left cs-entry__outer-accent\">\n\n\t\t\t\t\t<div class=\"cs-entry__inner cs-entry__overlay cs-entry__thumbnail cs-overlay-ratio cs-ratio-square\">\n\n\t\t\t\t<div class=\"cs-overlay-background\">\n\t\t\t\t\t<img fetchpriority=\"high\" decoding=\"async\" width=\"332\" height=\"187\" src=\"https:\/\/itbranschen.com\/wp-content\/uploads\/2026\/09\/Advise-tar-in-kapital-for-att-erbjuda-svenska-foretag-plattform-for-finansiell-intelligens-332x187.jpg\" class=\"attachment-csco-thumbnail-uncropped size-csco-thumbnail-uncropped wp-post-image\" alt=\"Advise tar in 28 miljoner och lanserar AI-plattform i Sverige | IT-Branschen\" srcset=\"https:\/\/itbranschen.com\/wp-content\/uploads\/2026\/09\/Advise-tar-in-kapital-for-att-erbjuda-svenska-foretag-plattform-for-finansiell-intelligens-332x187.jpg 332w, https:\/\/itbranschen.com\/wp-content\/uploads\/2026\/09\/Advise-tar-in-kapital-for-att-erbjuda-svenska-foretag-plattform-for-finansiell-intelligens-300x169.jpg 300w, https:\/\/itbranschen.com\/wp-content\/uploads\/2026\/09\/Advise-tar-in-kapital-for-att-erbjuda-svenska-foretag-plattform-for-finansiell-intelligens-1024x576.jpg 1024w, https:\/\/itbranschen.com\/wp-content\/uploads\/2026\/09\/Advise-tar-in-kapital-for-att-erbjuda-svenska-foretag-plattform-for-finansiell-intelligens-768x432.jpg 768w, https:\/\/itbranschen.com\/wp-content\/uploads\/2026\/09\/Advise-tar-in-kapital-for-att-erbjuda-svenska-foretag-plattform-for-finansiell-intelligens-18x10.jpg 18w, https:\/\/itbranschen.com\/wp-content\/uploads\/2026\/09\/Advise-tar-in-kapital-for-att-erbjuda-svenska-foretag-plattform-for-finansiell-intelligens-664x374.jpg 664w, https:\/\/itbranschen.com\/wp-content\/uploads\/2026\/09\/Advise-tar-in-kapital-for-att-erbjuda-svenska-foretag-plattform-for-finansiell-intelligens-688x387.jpg 688w, https:\/\/itbranschen.com\/wp-content\/uploads\/2026\/09\/Advise-tar-in-kapital-for-att-erbjuda-svenska-foretag-plattform-for-finansiell-intelligens-1044x587.jpg 1044w, https:\/\/itbranschen.com\/wp-content\/uploads\/2026\/09\/Advise-tar-in-kapital-for-att-erbjuda-svenska-foretag-plattform-for-finansiell-intelligens.jpg 1200w\" sizes=\"(max-width: 332px) 100vw, 332px\" title=\"| IT-Branschen\">\t\t\t\t\t<img loading=\"lazy\" decoding=\"async\" width=\"332\" height=\"186\" src=\"https:\/\/itbranschen.com\/wp-content\/uploads\/2026\/09\/Advise-tar-in-kapital-for-att-erbjuda-svenska-foretag-plattform-for-finansiell-intelligens-332x186.jpg\" class=\"attachment-csco-thumbnail size-csco-thumbnail wp-post-image\" alt=\"Advise tar in 28 miljoner och lanserar AI-plattform i Sverige | IT-Branschen\" srcset=\"https:\/\/itbranschen.com\/wp-content\/uploads\/2026\/09\/Advise-tar-in-kapital-for-att-erbjuda-svenska-foretag-plattform-for-finansiell-intelligens-332x187.jpg 332w, https:\/\/itbranschen.com\/wp-content\/uploads\/2026\/09\/Advise-tar-in-kapital-for-att-erbjuda-svenska-foretag-plattform-for-finansiell-intelligens-300x169.jpg 300w, https:\/\/itbranschen.com\/wp-content\/uploads\/2026\/09\/Advise-tar-in-kapital-for-att-erbjuda-svenska-foretag-plattform-for-finansiell-intelligens-1024x576.jpg 1024w, https:\/\/itbranschen.com\/wp-content\/uploads\/2026\/09\/Advise-tar-in-kapital-for-att-erbjuda-svenska-foretag-plattform-for-finansiell-intelligens-768x432.jpg 768w, https:\/\/itbranschen.com\/wp-content\/uploads\/2026\/09\/Advise-tar-in-kapital-for-att-erbjuda-svenska-foretag-plattform-for-finansiell-intelligens-18x10.jpg 18w, https:\/\/itbranschen.com\/wp-content\/uploads\/2026\/09\/Advise-tar-in-kapital-for-att-erbjuda-svenska-foretag-plattform-for-finansiell-intelligens-664x374.jpg 664w, https:\/\/itbranschen.com\/wp-content\/uploads\/2026\/09\/Advise-tar-in-kapital-for-att-erbjuda-svenska-foretag-plattform-for-finansiell-intelligens-688x387.jpg 688w, https:\/\/itbranschen.com\/wp-content\/uploads\/2026\/09\/Advise-tar-in-kapital-for-att-erbjuda-svenska-foretag-plattform-for-finansiell-intelligens-1044x587.jpg 1044w, https:\/\/itbranschen.com\/wp-content\/uploads\/2026\/09\/Advise-tar-in-kapital-for-att-erbjuda-svenska-foretag-plattform-for-finansiell-intelligens.jpg 1200w\" sizes=\"(max-width: 332px) 100vw, 332px\" title=\"| IT-Branschen\">\t\t\t\t<\/div>\n\n\t\t\t\t\n\t\t\t\t\n\t\t\t\t<a href=\"https:\/\/itbranschen.com\/de\/advise-ai-plattform-sverige\/\" class=\"cs-overlay-link\" title=\"Advise tar in 28 miljoner och lanserar AI-plattform i Sverige\"><\/a>\n\t\t\t<\/div>\n\t\t\n\t\t<div class=\"cs-entry__inner cs-entry__content-wrapper\">\n\t\t\t<div class=\"cs-entry__content\">\n\n\t\t\t\t\n\t\t\t\t<h2 class=\"cs-entry__title\"><a href=\"https:\/\/itbranschen.com\/de\/advise-ai-plattform-sverige\/\">Advise tar in 28 miljoner och lanserar AI-plattform i Sverige<\/a><\/h2>\n\t\t\t\t\n\t\t\t\t\t\t\t<\/div>\n\t\t<\/div>\n\n\t<\/div>\n<\/article>\n\n\n<article class=\"post-33163 post type-post status-publish format-standard has-post-thumbnail category-artificiell-intelligens tag-agent-gateway tag-ai tag-ai-agenter tag-ai-infrastruktur tag-datasakerhet tag-enterprise-ai-2-8 tag-foretags-ai-2 tag-generativ-ai tag-gpu tag-hybrid-cloud tag-it-branschen-2 tag-it-kanalen-2 tag-it-nyheter tag-it-branschen tag-it-kanalen tag-kostnadsstyrning tag-llm tag-norden tag-nutanix tag-nutanix-enterprise-ai tag-nyheter tag-privat-inferens tag-private-ai tag-sprakmodeller tag-tokenbudget tag-tokenomics cs-entry cs-video-wrap\">\n\t<div class=\"cs-entry__outer cs-entry__outer-small cs-entry__outer-thumbnail-left cs-entry__outer-accent\">\n\n\t\t\t\t\t<div class=\"cs-entry__inner cs-entry__overlay cs-entry__thumbnail cs-overlay-ratio cs-ratio-square\">\n\n\t\t\t\t<div class=\"cs-overlay-background\">\n\t\t\t\t\t<img decoding=\"async\" width=\"332\" height=\"187\" src=\"https:\/\/itbranschen.com\/wp-content\/uploads\/2026\/08\/Mats-Ericson-332x187.jpg\" class=\"attachment-csco-thumbnail-uncropped size-csco-thumbnail-uncropped wp-post-image\" alt=\"Mats Ericson, regionchef f\u00f6r Norden och Baltikum p\u00e5 Nutanix, leder f\u00f6retagets satsning p\u00e5 hybrid multicloud, AI och cloud native i den nordiska och baltiska marknaden.\" srcset=\"https:\/\/itbranschen.com\/wp-content\/uploads\/2026\/08\/Mats-Ericson-332x187.jpg 332w, https:\/\/itbranschen.com\/wp-content\/uploads\/2026\/08\/Mats-Ericson-300x169.jpg 300w, https:\/\/itbranschen.com\/wp-content\/uploads\/2026\/08\/Mats-Ericson-1024x576.jpg 1024w, https:\/\/itbranschen.com\/wp-content\/uploads\/2026\/08\/Mats-Ericson-768x432.jpg 768w, https:\/\/itbranschen.com\/wp-content\/uploads\/2026\/08\/Mats-Ericson-18x10.jpg 18w, https:\/\/itbranschen.com\/wp-content\/uploads\/2026\/08\/Mats-Ericson-664x374.jpg 664w, https:\/\/itbranschen.com\/wp-content\/uploads\/2026\/08\/Mats-Ericson-688x387.jpg 688w, https:\/\/itbranschen.com\/wp-content\/uploads\/2026\/08\/Mats-Ericson-1044x587.jpg 1044w, https:\/\/itbranschen.com\/wp-content\/uploads\/2026\/08\/Mats-Ericson.jpg 1200w\" sizes=\"(max-width: 332px) 100vw, 332px\" title=\"| IT-Branschen\">\t\t\t\t\t<img loading=\"lazy\" decoding=\"async\" width=\"332\" height=\"186\" src=\"https:\/\/itbranschen.com\/wp-content\/uploads\/2026\/08\/Mats-Ericson-332x186.jpg\" class=\"attachment-csco-thumbnail size-csco-thumbnail wp-post-image\" alt=\"Mats Ericson, regionchef f\u00f6r Norden och Baltikum p\u00e5 Nutanix, leder f\u00f6retagets satsning p\u00e5 hybrid multicloud, AI och cloud native i den nordiska och baltiska marknaden.\" srcset=\"https:\/\/itbranschen.com\/wp-content\/uploads\/2026\/08\/Mats-Ericson-332x187.jpg 332w, https:\/\/itbranschen.com\/wp-content\/uploads\/2026\/08\/Mats-Ericson-300x169.jpg 300w, https:\/\/itbranschen.com\/wp-content\/uploads\/2026\/08\/Mats-Ericson-1024x576.jpg 1024w, https:\/\/itbranschen.com\/wp-content\/uploads\/2026\/08\/Mats-Ericson-768x432.jpg 768w, https:\/\/itbranschen.com\/wp-content\/uploads\/2026\/08\/Mats-Ericson-18x10.jpg 18w, https:\/\/itbranschen.com\/wp-content\/uploads\/2026\/08\/Mats-Ericson-664x374.jpg 664w, https:\/\/itbranschen.com\/wp-content\/uploads\/2026\/08\/Mats-Ericson-688x387.jpg 688w, https:\/\/itbranschen.com\/wp-content\/uploads\/2026\/08\/Mats-Ericson-1044x587.jpg 1044w, https:\/\/itbranschen.com\/wp-content\/uploads\/2026\/08\/Mats-Ericson.jpg 1200w\" sizes=\"(max-width: 332px) 100vw, 332px\" title=\"| IT-Branschen\">\t\t\t\t<\/div>\n\n\t\t\t\t\n\t\t\t\t\n\t\t\t\t<a href=\"https:\/\/itbranschen.com\/de\/nutanix-enterprise-ai-2-8-ai-kostnader\/\" class=\"cs-overlay-link\" title=\"Nutanix stryper AI kostnadsfestbranschen\"><\/a>\n\t\t\t<\/div>\n\t\t\n\t\t<div class=\"cs-entry__inner cs-entry__content-wrapper\">\n\t\t\t<div class=\"cs-entry__content\">\n\n\t\t\t\t\n\t\t\t\t<h2 class=\"cs-entry__title\"><a href=\"https:\/\/itbranschen.com\/de\/nutanix-enterprise-ai-2-8-ai-kostnader\/\">Nutanix stryper AI kostnadsfestbranschen<\/a><\/h2>\n\t\t\t\t\n\t\t\t\t\t\t\t<\/div>\n\t\t<\/div>\n\n\t<\/div>\n<\/article>\n\n\n<article class=\"post-33143 post type-post status-publish format-standard has-post-thumbnail category-nyheter tag-ai-nyheter tag-archer-8-ultra tag-berlin tag-connectivity tag-deco-8-ultra tag-ifa-2026 tag-it-branschen-2 tag-it-branschen tag-it-kanalen tag-mesh tag-natverk tag-nyheter tag-router tag-smart-home tag-stabilityengine tag-tp-link tag-tradlost-natverk tag-wi-fi tag-wi-fi-8 tag-wlan cs-entry cs-video-wrap\">\n\t<div class=\"cs-entry__outer cs-entry__outer-small cs-entry__outer-thumbnail-left cs-entry__outer-accent\">\n\n\t\t\t\t\t<div class=\"cs-entry__inner cs-entry__overlay cs-entry__thumbnail cs-overlay-ratio cs-ratio-square\">\n\n\t\t\t\t<div class=\"cs-overlay-background\">\n\t\t\t\t\t<img loading=\"lazy\" decoding=\"async\" width=\"332\" height=\"187\" src=\"https:\/\/itbranschen.com\/wp-content\/uploads\/2026\/09\/TP-Link-presenterar-nya-Wi-Fi-332x187.jpg\" class=\"attachment-csco-thumbnail-uncropped size-csco-thumbnail-uncropped wp-post-image\" alt=\"TP-Link presenterar nya Wi-Fi 8-produkter p\u00e5 IFA 2026 | IT-Branschen\" srcset=\"https:\/\/itbranschen.com\/wp-content\/uploads\/2026\/09\/TP-Link-presenterar-nya-Wi-Fi-332x187.jpg 332w, https:\/\/itbranschen.com\/wp-content\/uploads\/2026\/09\/TP-Link-presenterar-nya-Wi-Fi-300x169.jpg 300w, https:\/\/itbranschen.com\/wp-content\/uploads\/2026\/09\/TP-Link-presenterar-nya-Wi-Fi-1024x576.jpg 1024w, https:\/\/itbranschen.com\/wp-content\/uploads\/2026\/09\/TP-Link-presenterar-nya-Wi-Fi-768x432.jpg 768w, https:\/\/itbranschen.com\/wp-content\/uploads\/2026\/09\/TP-Link-presenterar-nya-Wi-Fi-18x10.jpg 18w, https:\/\/itbranschen.com\/wp-content\/uploads\/2026\/09\/TP-Link-presenterar-nya-Wi-Fi-664x374.jpg 664w, https:\/\/itbranschen.com\/wp-content\/uploads\/2026\/09\/TP-Link-presenterar-nya-Wi-Fi-688x387.jpg 688w, https:\/\/itbranschen.com\/wp-content\/uploads\/2026\/09\/TP-Link-presenterar-nya-Wi-Fi-1044x587.jpg 1044w, https:\/\/itbranschen.com\/wp-content\/uploads\/2026\/09\/TP-Link-presenterar-nya-Wi-Fi.jpg 1200w\" sizes=\"(max-width: 332px) 100vw, 332px\" title=\"| IT-Branschen\">\t\t\t\t\t<img loading=\"lazy\" decoding=\"async\" width=\"332\" height=\"186\" src=\"https:\/\/itbranschen.com\/wp-content\/uploads\/2026\/09\/TP-Link-presenterar-nya-Wi-Fi-332x186.jpg\" class=\"attachment-csco-thumbnail size-csco-thumbnail wp-post-image\" alt=\"TP-Link presenterar nya Wi-Fi 8-produkter p\u00e5 IFA 2026 | IT-Branschen\" srcset=\"https:\/\/itbranschen.com\/wp-content\/uploads\/2026\/09\/TP-Link-presenterar-nya-Wi-Fi-332x187.jpg 332w, https:\/\/itbranschen.com\/wp-content\/uploads\/2026\/09\/TP-Link-presenterar-nya-Wi-Fi-300x169.jpg 300w, https:\/\/itbranschen.com\/wp-content\/uploads\/2026\/09\/TP-Link-presenterar-nya-Wi-Fi-1024x576.jpg 1024w, https:\/\/itbranschen.com\/wp-content\/uploads\/2026\/09\/TP-Link-presenterar-nya-Wi-Fi-768x432.jpg 768w, https:\/\/itbranschen.com\/wp-content\/uploads\/2026\/09\/TP-Link-presenterar-nya-Wi-Fi-18x10.jpg 18w, https:\/\/itbranschen.com\/wp-content\/uploads\/2026\/09\/TP-Link-presenterar-nya-Wi-Fi-664x374.jpg 664w, https:\/\/itbranschen.com\/wp-content\/uploads\/2026\/09\/TP-Link-presenterar-nya-Wi-Fi-688x387.jpg 688w, https:\/\/itbranschen.com\/wp-content\/uploads\/2026\/09\/TP-Link-presenterar-nya-Wi-Fi-1044x587.jpg 1044w, https:\/\/itbranschen.com\/wp-content\/uploads\/2026\/09\/TP-Link-presenterar-nya-Wi-Fi.jpg 1200w\" sizes=\"(max-width: 332px) 100vw, 332px\" title=\"| IT-Branschen\">\t\t\t\t<\/div>\n\n\t\t\t\t\n\t\t\t\t\n\t\t\t\t<a href=\"https:\/\/itbranschen.com\/de\/tp-link-archer-8-ultra-deco-8-ultra-wifi-8\/\" class=\"cs-overlay-link\" title=\"TP-Link presenterar nya Wi-Fi 8-produkter p\u00e5 IFA 2026\"><\/a>\n\t\t\t<\/div>\n\t\t\n\t\t<div class=\"cs-entry__inner cs-entry__content-wrapper\">\n\t\t\t<div class=\"cs-entry__content\">\n\n\t\t\t\t\n\t\t\t\t<h2 class=\"cs-entry__title\"><a href=\"https:\/\/itbranschen.com\/de\/tp-link-archer-8-ultra-deco-8-ultra-wifi-8\/\">TP-Link presenterar nya Wi-Fi 8-produkter p\u00e5 IFA 2026<\/a><\/h2>\n\t\t\t\t\n\t\t\t\t\t\t\t<\/div>\n\t\t<\/div>\n\n\t<\/div>\n<\/article>\n\n\n<article class=\"post-33077 post type-post status-publish format-standard has-post-thumbnail category-karriar tag-affarsutveckling tag-b2b tag-cco tag-gibon tag-gibongruppen tag-it-branschen-2 tag-it-kanalen-2 tag-it-branschen tag-it-kanalen tag-katrin-lindahl-wallin tag-kundvarde tag-ledarskap tag-marknadsforing tag-tillvaxt tag-tjanstepaketering tag-yvonne-dahlberg cs-entry cs-video-wrap\">\n\t<div class=\"cs-entry__outer cs-entry__outer-small cs-entry__outer-thumbnail-left cs-entry__outer-accent\">\n\n\t\t\t\t\t<div class=\"cs-entry__inner cs-entry__overlay cs-entry__thumbnail cs-overlay-ratio cs-ratio-square\">\n\n\t\t\t\t<div class=\"cs-overlay-background\">\n\t\t\t\t\t<img loading=\"lazy\" decoding=\"async\" width=\"332\" height=\"187\" src=\"https:\/\/itbranschen.com\/wp-content\/uploads\/2026\/08\/Yvonne-Dahlberg-332x187.jpg\" class=\"attachment-csco-thumbnail-uncropped size-csco-thumbnail-uncropped wp-post-image\" alt=\"IT-Branschen\" srcset=\"https:\/\/itbranschen.com\/wp-content\/uploads\/2026\/08\/Yvonne-Dahlberg-332x187.jpg 332w, https:\/\/itbranschen.com\/wp-content\/uploads\/2026\/08\/Yvonne-Dahlberg-300x169.jpg 300w, https:\/\/itbranschen.com\/wp-content\/uploads\/2026\/08\/Yvonne-Dahlberg-1024x576.jpg 1024w, https:\/\/itbranschen.com\/wp-content\/uploads\/2026\/08\/Yvonne-Dahlberg-768x432.jpg 768w, https:\/\/itbranschen.com\/wp-content\/uploads\/2026\/08\/Yvonne-Dahlberg-18x10.jpg 18w, https:\/\/itbranschen.com\/wp-content\/uploads\/2026\/08\/Yvonne-Dahlberg-664x374.jpg 664w, https:\/\/itbranschen.com\/wp-content\/uploads\/2026\/08\/Yvonne-Dahlberg-688x387.jpg 688w, https:\/\/itbranschen.com\/wp-content\/uploads\/2026\/08\/Yvonne-Dahlberg-1044x587.jpg 1044w, https:\/\/itbranschen.com\/wp-content\/uploads\/2026\/08\/Yvonne-Dahlberg.jpg 1200w\" sizes=\"(max-width: 332px) 100vw, 332px\" title=\"| IT-Branschen\">\t\t\t\t\t<img loading=\"lazy\" decoding=\"async\" width=\"332\" height=\"186\" src=\"https:\/\/itbranschen.com\/wp-content\/uploads\/2026\/08\/Yvonne-Dahlberg-332x186.jpg\" class=\"attachment-csco-thumbnail size-csco-thumbnail wp-post-image\" alt=\"IT-Branschen\" srcset=\"https:\/\/itbranschen.com\/wp-content\/uploads\/2026\/08\/Yvonne-Dahlberg-332x187.jpg 332w, https:\/\/itbranschen.com\/wp-content\/uploads\/2026\/08\/Yvonne-Dahlberg-300x169.jpg 300w, https:\/\/itbranschen.com\/wp-content\/uploads\/2026\/08\/Yvonne-Dahlberg-1024x576.jpg 1024w, https:\/\/itbranschen.com\/wp-content\/uploads\/2026\/08\/Yvonne-Dahlberg-768x432.jpg 768w, https:\/\/itbranschen.com\/wp-content\/uploads\/2026\/08\/Yvonne-Dahlberg-18x10.jpg 18w, https:\/\/itbranschen.com\/wp-content\/uploads\/2026\/08\/Yvonne-Dahlberg-664x374.jpg 664w, https:\/\/itbranschen.com\/wp-content\/uploads\/2026\/08\/Yvonne-Dahlberg-688x387.jpg 688w, https:\/\/itbranschen.com\/wp-content\/uploads\/2026\/08\/Yvonne-Dahlberg-1044x587.jpg 1044w, https:\/\/itbranschen.com\/wp-content\/uploads\/2026\/08\/Yvonne-Dahlberg.jpg 1200w\" sizes=\"(max-width: 332px) 100vw, 332px\" title=\"| IT-Branschen\">\t\t\t\t<\/div>\n\n\t\t\t\t\n\t\t\t\t\n\t\t\t\t<a href=\"https:\/\/itbranschen.com\/de\/yvonne-dahlberg-cco-gibongruppen\/\" class=\"cs-overlay-link\" title=\"Yvonne Dahlberg blir ny CCO f\u00f6r Gibongruppen\"><\/a>\n\t\t\t<\/div>\n\t\t\n\t\t<div class=\"cs-entry__inner cs-entry__content-wrapper\">\n\t\t\t<div class=\"cs-entry__content\">\n\n\t\t\t\t\n\t\t\t\t<h2 class=\"cs-entry__title\"><a href=\"https:\/\/itbranschen.com\/de\/yvonne-dahlberg-cco-gibongruppen\/\">Yvonne Dahlberg blir ny CCO f\u00f6r Gibongruppen<\/a><\/h2>\n\t\t\t\t\n\t\t\t\t\t\t\t<\/div>\n\t\t<\/div>\n\n\t<\/div>\n<\/article>\n\t\t\t\t\t\t\t<\/div>\n\t\t\t\t\t\t<\/div>\n\t\t\t\t\t<\/div>\n\n\t\t\t\t\t\n\t\t<\/section>\n\n\t\t\t\t\t\t<\/div>\n\t\t\t\t<\/div>\n\t\t\t\t<\/div>\n\t\t\t\t<\/div>\n\t\t\t\t<\/div>\n\t\t\t\t<div class=\"elementor-element elementor-element-a72a216 cs-dividerhorizontal cs-divider-tablethorizontal cs-divider-mobilehorizontal elementor-widget elementor-widget-cs-divider\" data-id=\"a72a216\" data-element_type=\"widget\" data-e-type=\"widget\" data-settings=\"{&quot;ekit_we_effect_on&quot;:&quot;none&quot;}\" data-widget_type=\"cs-divider.default\">\n\t\t\t\t<div class=\"elementor-widget-container\">\n\t\t\t\t\t\t\t<section class=\"cs-divider cs-divider-horizontal\"><\/section>\n\t\t\t\t\t\t<\/div>\n\t\t\t\t<\/div>\n\t\t\t\t<div class=\"elementor-element elementor-element-9e43095 elementor-widget elementor-widget-wp-widget-advads_ad_widget\" data-id=\"9e43095\" data-element_type=\"widget\" data-e-type=\"widget\" data-settings=\"{&quot;ekit_we_effect_on&quot;:&quot;none&quot;}\" data-widget_type=\"wp-widget-advads_ad_widget.default\">\n\t\t\t\t<div class=\"elementor-widget-container\">\n\t\t\t\t\t<div id=\"itbra-slider-5009\" class=\"custom-slider itbra-slider-3620666361 itbra-slider\"><ul><li><div id=\"itbra-1128159518\" style=\"clear: both;\"><figure style=\"position:relative;width:100%;max-width:1440px;margin:0 auto 50px auto;\">\r\n\r\n  <a href=\"https:\/\/italy.cybertechconference.com\/Media_Partners_Registration\/?utm_source=IT-Branschen&amp;utm_medium=display&amp;utm_campaign=cybertech_europe_2026\" target=\"_blank\" rel=\"noopener noreferrer\">\r\n    <img loading=\"lazy\"\r\n      src=\"https:\/\/itbranschen.com\/wp-content\/uploads\/2026\/07\/banner-slider-rome-cyber-tech-europe-Italy-Rome.jpg\"\r\n      alt=\"Cybertech Europe 2026 cybersecurity conference in Rome with IT-Branschen as Official Media Partner\"\r\n      title=\"Cybertech Europe 2026 Official Media Partner | IT-Branschen\"\r\n      loading=\"lazy\"\r\n      decoding=\"async\"\r\n      width=\"1440\"\r\n      height=\"323\"\r\n      style=\"width:100%;height:auto;display:block;border-radius:4px;\"\r\n    >\r\n  <\/a>\r\n\r\n  <figcaption style=\"display:none;\">\r\n    Cybertech Europe 2026 is one of Europe's leading cybersecurity conferences, bringing together cybersecurity leaders, government officials, technology innovators, startups, investors, and enterprise decision-makers in Rome. IT-Branschen serves as an Official Media Partner, providing event coverage, executive interviews, industry insights, and cybersecurity news for Nordic and European audiences.\r\n  <\/figcaption>\r\n\r\n  <div style=\"\r\n    position:absolute;\r\n    bottom:-18px;\r\n    left:0;\r\n    font-size:12px;\r\n    background:#fff;\r\n    padding:4px 10px;\r\n    border-radius:0 0 4px 4px;\r\n    font-weight:700;\r\n    color:#000;\r\n    box-shadow:0 1px 3px rgba(0,0,0,.15);\r\n  \">\r\n    ANNONS\r\n  <\/div>\r\n\r\n<\/figure><\/div><br style=\"clear: both; display: block; float: none;\"\/><\/li><li><div id=\"itbra-2045470851\" style=\"clear: both;\"><figure style=\"position:relative;width:100%;max-width:1440px;margin:0 auto 50px auto;\">\r\n\r\n  <a href=\"https:\/\/www.youtube.com\/@MagicChats\/videos\" target=\"_blank\" rel=\"noopener sponsored\">\r\n    <img\r\n      src=\"https:\/\/itbranschen.com\/wp-content\/uploads\/2026\/07\/maciek-szczesniak-magic-chats-youtube.jpg\"\r\n      alt=\"Maciek Szczesniak featured on IT-Branschen Wire Channel Magic Chats podcast banner\"\r\n      title=\"Maciek Szczesniak | Magic Chats Podcast | IT-Branschen Wire Channel\"\r\n      loading=\"lazy\"\r\n      decoding=\"async\"\r\n      style=\"width:100%;height:auto;display:block;border-radius:4px;\"\r\n    >\r\n  <\/a>\r\n\r\n  <figcaption style=\"display:none;\">\r\n    Maciek Szczesniak appears on IT-Branschen Wire Channel Magic Chats, discussing leadership, innovation, digital transformation, and business services.\r\n  <\/figcaption>\r\n\r\n  <div style=\"\r\n    position:absolute;\r\n    bottom:-18px;\r\n    left:0;\r\n    font-size:12px;\r\n    background:#fff;\r\n    padding:4px 10px;\r\n    border-radius:0 0 4px 4px;\r\n    font-weight:700;\r\n    color:#000;\r\n    box-shadow:0 1px 3px rgba(0,0,0,.15);\r\n  \">\r\n    SPONSRAD\r\n  <\/div>\r\n\r\n<\/figure><\/div><br style=\"clear: both; display: block; float: none;\"\/><\/li><li><div id=\"itbra-2345558359\" style=\"clear: both;\"><figure style=\"position:relative;width:100%;max-width:1440px;margin:0 auto 50px auto;\">\r\n\r\n  <a href=\"https:\/\/vortiqxconsilium.com\/\" target=\"_blank\" rel=\"sponsored noopener noreferrer\">\r\n    <img loading=\"lazy\"\r\n      src=\"https:\/\/itbranschen.com\/wp-content\/uploads\/2026\/07\/Vortiq-x-slider.jpg\"\r\n      alt=\"VORTIQ-X AI Governance hj\u00e4lper f\u00f6retag att omvandla AI till styrbart och verifierbart aff\u00e4rsv\u00e4rde.\"\r\n      title=\"VORTIQ-X AI Governance | Fr\u00e5n tokenekonomi till styrbart aff\u00e4rsv\u00e4rde\"\r\n      loading=\"lazy\"\r\n      decoding=\"async\"\r\n      width=\"1440\"\r\n      height=\"323\"\r\n      style=\"width:100%;height:auto;display:block;border-radius:4px;\"\r\n    >\r\n  <\/a>\r\n\r\n  <figcaption style=\"display:none;\">\r\n    VORTIQ-X \u00e4r en AI Governance-plattform som hj\u00e4lper organisationer att styra, verifiera och skapa m\u00e4tbart aff\u00e4rsv\u00e4rde fr\u00e5n AI. Plattformen fokuserar p\u00e5 transparens, regelefterlevnad, AI-styrning och effektiv anv\u00e4ndning av AI i verksamhetskritiska processer.\r\n  <\/figcaption>\r\n\r\n  <div style=\"\r\n    position:absolute;\r\n    bottom:-18px;\r\n    left:0;\r\n    font-size:12px;\r\n    background:#fff;\r\n    padding:4px 10px;\r\n    border-radius:0 0 4px 4px;\r\n    font-weight:700;\r\n    color:#000;\r\n    box-shadow:0 1px 3px rgba(0,0,0,.15);\r\n  \">\r\n    ANNONS\r\n  <\/div>\r\n\r\n<\/figure><\/div><br style=\"clear: both; display: block; float: none;\"\/><\/li><li><div id=\"itbra-3347971448\" style=\"clear: both;\"><figure style=\"position:relative;width:100%;max-width:1440px;margin:0 auto 50px auto;\">\r\n\r\n  <a href=\"https:\/\/itbranschen.com\/sv\/om-oss-it-branschen\/\" target=\"_blank\" rel=\"noopener\">\r\n    <img loading=\"lazy\"\r\n      src=\"https:\/\/itbranschen.com\/wp-content\/uploads\/2026\/07\/IT-Branschen-banner-orange.jpg\"\r\n      alt=\"IT-Branschen Nordic technology media platform covering cybersecurity, cloud, AI, digital transformation, channel, MSP and enterprise IT news\"\r\n      title=\"IT-Branschen | Nordic Technology, Cybersecurity and Enterprise IT Media\"\r\n      loading=\"lazy\"\r\n      decoding=\"async\"\r\n      width=\"1440\"\r\n      height=\"323\"\r\n      style=\"width:100%;height:auto;display:block;border-radius:4px;\"\r\n    >\r\n  <\/a>\r\n\r\n  <figcaption style=\"display:none;\">\r\n    IT-Branschen is a leading Nordic technology media platform covering cybersecurity news, artificial intelligence, cloud computing, enterprise IT, digital transformation, managed services, channel partners, software development, telecommunications, data centers, IT infrastructure, technology leadership, business innovation, and emerging technologies. Through executive interviews, industry analysis, event coverage, thought leadership, product launches, vendor updates, and market insights, IT-Branschen connects technology decision-makers, CIOs, CISOs, CTOs, IT managers, MSPs, resellers, distributors, technology vendors, startups, and enterprise organizations across Sweden, Norway, Denmark, Finland, and Europe. Coverage includes cybersecurity trends, AI adoption, cloud strategy, enterprise software, networking, digital infrastructure, sustainability, compliance, governance, risk management, automation, data analytics, and future technology developments.\r\n  <\/figcaption>\r\n\r\n  <div style=\"\r\n    position:absolute;\r\n    bottom:-18px;\r\n    left:0;\r\n    font-size:12px;\r\n    background:#fff;\r\n    padding:4px 10px;\r\n    border-radius:0 0 4px 4px;\r\n    font-weight:700;\r\n    color:#000;\r\n    box-shadow:0 1px 3px rgba(0,0,0,.15);\r\n  \">\r\n    EGET INNEH\u00c5LL\r\n  <\/div>\r\n\r\n<\/figure><\/div><br style=\"clear: both; display: block; float: none;\"\/><\/li><\/ul><\/div><script>( window.advanced_ads_ready || jQuery( document ).ready ).call( null, function() {var $itbraslider3620666361 = jQuery( \".itbra-slider-3620666361\" );$itbraslider3620666361.on( \"unslider.ready\", function() { jQuery( \"div.custom-slider ul li\" ).css( \"display\", \"block\" ); });$itbraslider3620666361.unslider({ delay:15000, autoplay:true, nav:false, arrows:false, infinite:true });$itbraslider3620666361.on(\"mouseover\", function() {$itbraslider3620666361.unslider(\"stop\");}).on(\"mouseout\", function() {$itbraslider3620666361.unslider(\"start\");});});<\/script>\t\t\t\t<\/div>\n\t\t\t\t<\/div>\n\t\t\t\t\t<\/div>\n\t\t\t\t<\/div>\n\t\t<div class=\"elementor-element elementor-element-6e6960e e-flex e-con-boxed e-con e-parent\" data-id=\"6e6960e\" data-element_type=\"container\" data-e-type=\"container\">\n\t\t\t\t\t<div class=\"e-con-inner\">\n\t\t\t\t<div class=\"elementor-element elementor-element-5e3d635 elementor-widget elementor-widget-cs-heading\" data-id=\"5e3d635\" data-element_type=\"widget\" data-e-type=\"widget\" data-settings=\"{&quot;ekit_we_effect_on&quot;:&quot;none&quot;}\" data-widget_type=\"cs-heading.default\">\n\t\t\t\t<div class=\"elementor-widget-container\">\n\t\t\t\t\t\t\t\t\t\t<section class=\"cs-heading\">\n\t\t\t\t<div class=\"cs-heading__container \">\n\t\t\t\t\t<h2 class=\"cs-heading__content\">\n\t\t\t\t\t\tCybers\u00e4kerhet\t\t\t\t\t<\/h2>\n\n\t\t\t\t\t\t\t\t\t\t\t<a class=\"cs-heading__link\" href=\"https:\/\/itbranschen.com\/category\/cybersakerhet\/\" target=\"_self\">\n\t\t\t\t\t\t\t<span>\t\n\t\t\t\t\t\t\t\tUppt\u00e4ck allt\t\t\t\t\t\t\t<\/span>\n\t\t\t\t\t\t<\/a>\n\t\t\t\t\t\t\t\t\t<\/div>\n\t\t\t<\/section>\n\t\t\t\t\t\t\t\t<\/div>\n\t\t\t\t<\/div>\n\t\t<div class=\"elementor-element elementor-element-9e741f5 e-con-full e-flex e-con e-child\" data-id=\"9e741f5\" data-element_type=\"container\" data-e-type=\"container\">\n\t\t<div class=\"elementor-element elementor-element-acf4d4d e-con-full e-flex e-con e-child\" data-id=\"acf4d4d\" data-element_type=\"container\" data-e-type=\"container\">\n\t\t\t\t<div class=\"elementor-element elementor-element-c538ffe elementor-widget elementor-widget-cs-posts\" data-id=\"c538ffe\" data-element_type=\"widget\" data-e-type=\"widget\" data-settings=\"{&quot;ekit_we_effect_on&quot;:&quot;none&quot;}\" data-widget_type=\"cs-posts.default\">\n\t\t\t\t<div class=\"elementor-widget-container\">\n\t\t\t\t\t\t\t\t<section class=\"cs-posts cs-posts__standard\">\n\t\t\t\t\t\t\t\t\t\t<div class=\"cs-posts-area cs-posts-area-elementor \" data-posts-area=\"\">\n\t\t\t\t\t\t\t<div class=\"cs-posts-area__outer\">\n\t\t\t\t\t\t\t\t<div\n\t\t\t\t\t\t\t\tclass=\"cs-posts-area__main\"\n\t\t\t\t\t\t\t\tdata-pc=\"1\"\n\t\t\t\t\t\t\t\tdata-lt=\"1\"\n\t\t\t\t\t\t\t\tdata-tb=\"1\"\n\t\t\t\t\t\t\t\tdata-mb=\"1\"\n\t\t\t\t\t\t\t\t>\n\t\t\t\t\t\t\t\t\t\n<article class=\"post-32926 post type-post status-publish format-standard has-post-thumbnail category-artificiell-intelligens tag-ai tag-ai-nyheter tag-ai-plattform-2 tag-artificiell-intelligens tag-cybersakerhet tag-edge-ai tag-edge-computing tag-foretag tag-industriell-ai tag-it-branschen-2 tag-it-kanalen-2 tag-it-nyheter tag-it-branschen tag-it-kanalen tag-itkanalen tag-johan-risch tag-moor-holding tag-nordisk-it-media tag-nyheter tag-professional-services tag-ronald-meuwsen tag-stefan-mansby tag-stream-analyze tag-svensk-it-nyhetssajt tag-sverige tag-tech-tidningen tag-uppsala tag-vanessa-lofving cs-entry cs-video-wrap\">\n\t<div class=\"cs-entry__outer\">\n\t\t\t\t\t<div class=\"cs-entry__inner cs-entry__overlay cs-entry__thumbnail cs-overlay-ratio cs-ratio-landscape-16-9\">\n\n\t\t\t\t<div class=\"cs-overlay-background\">\n\t\t\t\t\t<img loading=\"lazy\" decoding=\"async\" width=\"332\" height=\"187\" src=\"https:\/\/itbranschen.com\/wp-content\/uploads\/2026\/08\/Stream-Analyze-332x187.jpg\" class=\"attachment-csco-thumbnail-uncropped size-csco-thumbnail-uncropped wp-post-image\" alt=\"IT-Branschen\" srcset=\"https:\/\/itbranschen.com\/wp-content\/uploads\/2026\/08\/Stream-Analyze-332x187.jpg 332w, https:\/\/itbranschen.com\/wp-content\/uploads\/2026\/08\/Stream-Analyze-300x169.jpg 300w, https:\/\/itbranschen.com\/wp-content\/uploads\/2026\/08\/Stream-Analyze-1024x576.jpg 1024w, https:\/\/itbranschen.com\/wp-content\/uploads\/2026\/08\/Stream-Analyze-768x432.jpg 768w, https:\/\/itbranschen.com\/wp-content\/uploads\/2026\/08\/Stream-Analyze-18x10.jpg 18w, https:\/\/itbranschen.com\/wp-content\/uploads\/2026\/08\/Stream-Analyze-664x374.jpg 664w, https:\/\/itbranschen.com\/wp-content\/uploads\/2026\/08\/Stream-Analyze-688x387.jpg 688w, https:\/\/itbranschen.com\/wp-content\/uploads\/2026\/08\/Stream-Analyze-1044x587.jpg 1044w, https:\/\/itbranschen.com\/wp-content\/uploads\/2026\/08\/Stream-Analyze.jpg 1200w\" sizes=\"(max-width: 332px) 100vw, 332px\" title=\"| IT-Branschen\">\t\t\t\t\t<img loading=\"lazy\" decoding=\"async\" width=\"1044\" height=\"587\" src=\"https:\/\/itbranschen.com\/wp-content\/uploads\/2026\/08\/Stream-Analyze-1044x587.jpg\" class=\"attachment-csco-large size-csco-large wp-post-image\" alt=\"IT-Branschen\" srcset=\"https:\/\/itbranschen.com\/wp-content\/uploads\/2026\/08\/Stream-Analyze-1044x587.jpg 1044w, https:\/\/itbranschen.com\/wp-content\/uploads\/2026\/08\/Stream-Analyze-300x169.jpg 300w, https:\/\/itbranschen.com\/wp-content\/uploads\/2026\/08\/Stream-Analyze-1024x576.jpg 1024w, https:\/\/itbranschen.com\/wp-content\/uploads\/2026\/08\/Stream-Analyze-768x432.jpg 768w, https:\/\/itbranschen.com\/wp-content\/uploads\/2026\/08\/Stream-Analyze-18x10.jpg 18w, https:\/\/itbranschen.com\/wp-content\/uploads\/2026\/08\/Stream-Analyze-332x187.jpg 332w, https:\/\/itbranschen.com\/wp-content\/uploads\/2026\/08\/Stream-Analyze-664x374.jpg 664w, https:\/\/itbranschen.com\/wp-content\/uploads\/2026\/08\/Stream-Analyze-688x387.jpg 688w, https:\/\/itbranschen.com\/wp-content\/uploads\/2026\/08\/Stream-Analyze.jpg 1200w\" sizes=\"(max-width: 1044px) 100vw, 1044px\" title=\"| IT-Branschen\">\t\t\t\t<\/div>\n\n\t\t\t\t\n\t\t\t\t\n\t\t\t\t<a href=\"https:\/\/itbranschen.com\/de\/johan-risch-cto-stream-analyze\/\" class=\"cs-overlay-link\" title=\"Medgrundaren Johan Risch tillbaka som CTO n\u00e4r Stream Analyze bygger ut sin kommersiella organisation\"><\/a>\n\t\t\t<\/div>\n\t\t\n\t\t<div class=\"cs-entry__inner cs-entry__content\">\n\n\t\t\t<div class=\"cs-entry__post-meta\" ><div class=\"cs-meta-category\"><ul class=\"post-categories\">\n\t<li><a href=\"https:\/\/itbranschen.com\/de\/category\/artificiell-intelligens\/\" rel=\"category tag\">Artificiell intelligens<\/a><\/li><\/ul><\/div><\/div>\n\t\t\t<h2 class=\"cs-entry__title\"><a href=\"https:\/\/itbranschen.com\/de\/johan-risch-cto-stream-analyze\/\">Medgrundaren Johan Risch tillbaka som CTO n\u00e4r Stream Analyze bygger ut sin kommersiella organisation<\/a><\/h2>\n\t\t\t\t\t\t\t\t<div class=\"cs-entry__excerpt\">\n\t\t\t\t\t\t\u200b\ufeffStream Analyze f\u00f6rst\u00e4rker sitt team med medgrundaren Johan Risch som CTO och nya experter som ska driva aff\u00e4rsutveckling och professional&hellip;\t\t\t\t\t<\/div>\n\t\t\t\t\t\n\t\t\t<div class=\"cs-entry__post-meta\" ><div class=\"cs-meta-author\"><span class=\"cs-meta-author-by\">by<\/span><a class=\"cs-meta-author-link url fn n\" href=\"https:\/\/itbranschen.com\/de\"><span class=\"cs-meta-author-name\">IT-Branschen<\/span><\/a><\/div><div class=\"cs-meta-date\">August 26, 2026<\/div><\/div>\t\t<\/div>\n\t<\/div>\n<\/article>\n\n<article class=\"post-32825 post type-post status-publish format-standard has-post-thumbnail category-artificiell-intelligens tag-ai-act tag-ai-styrning-2 tag-artificiell-intelligens tag-eu tag-it-kanalen-nyheter-2 tag-it-nyheter tag-it-kanalen tag-itkanalen tag-itkanalen-se tag-kanalen-sverige tag-msp tag-nyheter tag-pax8 tag-regelefterlevnad cs-entry cs-video-wrap\">\n\t<div class=\"cs-entry__outer\">\n\t\t\t\t\t<div class=\"cs-entry__inner cs-entry__overlay cs-entry__thumbnail cs-overlay-ratio cs-ratio-landscape-16-9\">\n\n\t\t\t\t<div class=\"cs-overlay-background\">\n\t\t\t\t\t<img loading=\"lazy\" decoding=\"async\" width=\"332\" height=\"187\" src=\"https:\/\/itbranschen.com\/wp-content\/uploads\/2026\/08\/Pax-AI-regler-332x187.jpg\" class=\"attachment-csco-thumbnail-uncropped size-csco-thumbnail-uncropped wp-post-image\" alt=\"Pax8: EU:s AI-regler \u00f6ppnar en ny tj\u00e4nstemarknad f\u00f6r MSP:er | IT-Branschen\" srcset=\"https:\/\/itbranschen.com\/wp-content\/uploads\/2026\/08\/Pax-AI-regler-332x187.jpg 332w, https:\/\/itbranschen.com\/wp-content\/uploads\/2026\/08\/Pax-AI-regler-300x169.jpg 300w, https:\/\/itbranschen.com\/wp-content\/uploads\/2026\/08\/Pax-AI-regler-1024x576.jpg 1024w, https:\/\/itbranschen.com\/wp-content\/uploads\/2026\/08\/Pax-AI-regler-768x432.jpg 768w, https:\/\/itbranschen.com\/wp-content\/uploads\/2026\/08\/Pax-AI-regler-18x10.jpg 18w, https:\/\/itbranschen.com\/wp-content\/uploads\/2026\/08\/Pax-AI-regler-664x374.jpg 664w, https:\/\/itbranschen.com\/wp-content\/uploads\/2026\/08\/Pax-AI-regler-688x387.jpg 688w, https:\/\/itbranschen.com\/wp-content\/uploads\/2026\/08\/Pax-AI-regler-1044x587.jpg 1044w, https:\/\/itbranschen.com\/wp-content\/uploads\/2026\/08\/Pax-AI-regler.jpg 1200w\" sizes=\"(max-width: 332px) 100vw, 332px\" title=\"| IT-Branschen\">\t\t\t\t\t<img loading=\"lazy\" decoding=\"async\" width=\"1044\" height=\"587\" src=\"https:\/\/itbranschen.com\/wp-content\/uploads\/2026\/08\/Pax-AI-regler-1044x587.jpg\" class=\"attachment-csco-large size-csco-large wp-post-image\" alt=\"Pax8: EU:s AI-regler \u00f6ppnar en ny tj\u00e4nstemarknad f\u00f6r MSP:er | IT-Branschen\" srcset=\"https:\/\/itbranschen.com\/wp-content\/uploads\/2026\/08\/Pax-AI-regler-1044x587.jpg 1044w, https:\/\/itbranschen.com\/wp-content\/uploads\/2026\/08\/Pax-AI-regler-300x169.jpg 300w, https:\/\/itbranschen.com\/wp-content\/uploads\/2026\/08\/Pax-AI-regler-1024x576.jpg 1024w, https:\/\/itbranschen.com\/wp-content\/uploads\/2026\/08\/Pax-AI-regler-768x432.jpg 768w, https:\/\/itbranschen.com\/wp-content\/uploads\/2026\/08\/Pax-AI-regler-18x10.jpg 18w, https:\/\/itbranschen.com\/wp-content\/uploads\/2026\/08\/Pax-AI-regler-332x187.jpg 332w, https:\/\/itbranschen.com\/wp-content\/uploads\/2026\/08\/Pax-AI-regler-664x374.jpg 664w, https:\/\/itbranschen.com\/wp-content\/uploads\/2026\/08\/Pax-AI-regler-688x387.jpg 688w, https:\/\/itbranschen.com\/wp-content\/uploads\/2026\/08\/Pax-AI-regler.jpg 1200w\" sizes=\"(max-width: 1044px) 100vw, 1044px\" title=\"| IT-Branschen\">\t\t\t\t<\/div>\n\n\t\t\t\t\n\t\t\t\t\n\t\t\t\t<a href=\"https:\/\/itbranschen.com\/de\/pax8-ai-styrning\/\" class=\"cs-overlay-link\" title=\"Pax8: EU:s AI-regler \u00f6ppnar en ny tj\u00e4nstemarknad f\u00f6r MSP:er\"><\/a>\n\t\t\t<\/div>\n\t\t\n\t\t<div class=\"cs-entry__inner cs-entry__content\">\n\n\t\t\t<div class=\"cs-entry__post-meta\" ><div class=\"cs-meta-category\"><ul class=\"post-categories\">\n\t<li><a href=\"https:\/\/itbranschen.com\/de\/category\/artificiell-intelligens\/\" rel=\"category tag\">Artificiell intelligens<\/a><\/li><\/ul><\/div><\/div>\n\t\t\t<h2 class=\"cs-entry__title\"><a href=\"https:\/\/itbranschen.com\/de\/pax8-ai-styrning\/\">Pax8: EU:s AI-regler \u00f6ppnar en ny tj\u00e4nstemarknad f\u00f6r MSP:er<\/a><\/h2>\n\t\t\t\t\t\t\t\t<div class=\"cs-entry__excerpt\">\n\t\t\t\t\t\t\u200b\ufeffMed EU:s nya AI-f\u00f6rordning erbjuder Pax8 perspektiv f\u00f6r MSP:er att paketera AI-styrning som en \u00e5terkommande tj\u00e4nst, vilket m\u00f6ter f\u00f6retags&hellip;\t\t\t\t\t<\/div>\n\t\t\t\t\t\n\t\t\t<div class=\"cs-entry__post-meta\" ><div class=\"cs-meta-author\"><span class=\"cs-meta-author-by\">by<\/span><a class=\"cs-meta-author-link url fn n\" href=\"https:\/\/itbranschen.com\/de\"><span class=\"cs-meta-author-name\">Mario Leif Birger Hansen<\/span><\/a><\/div><div class=\"cs-meta-date\">August 24, 2026<\/div><\/div>\t\t<\/div>\n\t<\/div>\n<\/article>\n\t\t\t\t\t\t\t\t<\/div>\n\t\t\t\t\t\t\t<\/div>\n\t\t\t\t\t\t<\/div>\n\t\t\t\t\t\t\t\t<\/section>\n\t\t\t\t\t\t<\/div>\n\t\t\t\t<\/div>\n\t\t\t\t<\/div>\n\t\t\t\t<div class=\"elementor-element elementor-element-a0649d9 cs-dividervertical cs-divider-tablethorizontal cs-divider-mobilehorizontal elementor-widget elementor-widget-cs-divider\" data-id=\"a0649d9\" data-element_type=\"widget\" data-e-type=\"widget\" data-settings=\"{&quot;ekit_we_effect_on&quot;:&quot;none&quot;}\" data-widget_type=\"cs-divider.default\">\n\t\t\t\t<div class=\"elementor-widget-container\">\n\t\t\t\t\t\t\t<section class=\"cs-divider cs-divider-vertical\"><\/section>\n\t\t\t\t\t\t<\/div>\n\t\t\t\t<\/div>\n\t\t<div class=\"elementor-element elementor-element-3ae392b e-con-full e-flex e-con e-child\" data-id=\"3ae392b\" data-element_type=\"container\" data-e-type=\"container\">\n\t\t<div class=\"elementor-element elementor-element-bcbbe84 e-con-full e-flex e-con e-child\" data-id=\"bcbbe84\" data-element_type=\"container\" data-e-type=\"container\">\n\t\t<div class=\"elementor-element elementor-element-c80f509 e-con-full e-flex e-con e-child\" data-id=\"c80f509\" data-element_type=\"container\" data-e-type=\"container\">\n\t\t\t\t<div class=\"elementor-element elementor-element-937f05c elementor-widget-mobile__width-inherit elementor-widget elementor-widget-cs-posts\" data-id=\"937f05c\" data-element_type=\"widget\" data-e-type=\"widget\" data-settings=\"{&quot;ekit_we_effect_on&quot;:&quot;none&quot;}\" data-widget_type=\"cs-posts.default\">\n\t\t\t\t<div class=\"elementor-widget-container\">\n\t\t\t\t\t\t\t\t<section class=\"cs-posts cs-posts__standard\">\n\t\t\t\t\t\t\t\t\t\t<div class=\"cs-posts-area cs-posts-area-elementor \" data-posts-area=\"\">\n\t\t\t\t\t\t\t<div class=\"cs-posts-area__outer\">\n\t\t\t\t\t\t\t\t<div\n\t\t\t\t\t\t\t\tclass=\"cs-posts-area__main\"\n\t\t\t\t\t\t\t\tdata-pc=\"1\"\n\t\t\t\t\t\t\t\tdata-lt=\"1\"\n\t\t\t\t\t\t\t\tdata-tb=\"1\"\n\t\t\t\t\t\t\t\tdata-mb=\"1\"\n\t\t\t\t\t\t\t\t>\n\t\t\t\t\t\t\t\t\t\n<article class=\"post-32811 post type-post status-publish format-standard has-post-thumbnail category-artificiell-intelligens tag-ai tag-artificiell-intelligens tag-automation tag-data tag-datakvalitet tag-digitalisering tag-enterprise-ai tag-ifs tag-industri-4-0 tag-industriell-ai tag-it-branschen-2 tag-it-nyheter tag-it-branschen tag-it-kanalen tag-leveranskedja tag-norden tag-nyheter tag-prediktivt-underhall tag-svensk-industri tag-sverige cs-entry cs-video-wrap\">\n\t<div class=\"cs-entry__outer\">\n\t\t\n\t\t<div class=\"cs-entry__inner cs-entry__content\">\n\n\t\t\t<div class=\"cs-entry__post-meta\" ><div class=\"cs-meta-category\"><ul class=\"post-categories\">\n\t<li><a href=\"https:\/\/itbranschen.com\/de\/category\/artificiell-intelligens\/\" rel=\"category tag\">Artificiell intelligens<\/a><\/li><\/ul><\/div><\/div>\n\t\t\t<h2 class=\"cs-entry__title\"><a href=\"https:\/\/itbranschen.com\/de\/ai-svenska-industriforetag-pilotstadiet\/\">85 procent av svenska industrif\u00f6retag har \u00e4nnu inte tagit AI bortom pilotstadiet<\/a><\/h2>\n\t\t\t\n\t\t\t<div class=\"cs-entry__post-meta\" ><div class=\"cs-meta-author\"><span class=\"cs-meta-author-by\">by<\/span><a class=\"cs-meta-author-link url fn n\" href=\"https:\/\/itbranschen.com\/de\"><span class=\"cs-meta-author-name\">IT-Branschen<\/span><\/a><\/div><div class=\"cs-meta-date\">August 24, 2026<\/div><\/div>\t\t<\/div>\n\t<\/div>\n<\/article>\n\n<article class=\"post-32796 post type-post status-publish format-standard has-post-thumbnail category-cybersakerhet tag-ai-sakerhet tag-check-point-software tag-cyberattacker tag-cyberhot tag-cybersakerhet tag-dataskydd tag-finanssektorn tag-generativ-ai tag-informationssakerhet tag-it-kanalen-nyheter-2 tag-it-branschen tag-it-kanalen tag-it-kanalen-com tag-it-sakerhet tag-itkanalen-se tag-norden tag-nyheter tag-offentlig-sektor tag-ransomware tag-sjukvard tag-sverige cs-entry cs-video-wrap\">\n\t<div class=\"cs-entry__outer\">\n\t\t\n\t\t<div class=\"cs-entry__inner cs-entry__content\">\n\n\t\t\t<div class=\"cs-entry__post-meta\" ><div class=\"cs-meta-category\"><ul class=\"post-categories\">\n\t<li><a href=\"https:\/\/itbranschen.com\/de\/category\/cybersakerhet\/\" rel=\"category tag\">Cybers\u00e4kerhet<\/a><\/li><\/ul><\/div><\/div>\n\t\t\t<h2 class=\"cs-entry__title\"><a href=\"https:\/\/itbranschen.com\/de\/cyberattacker-sverige-okar-norden\/\">Cyberattacker mot svenska verksamheter \u00f6kar mest i Norden<\/a><\/h2>\n\t\t\t\n\t\t\t<div class=\"cs-entry__post-meta\" ><div class=\"cs-meta-author\"><span class=\"cs-meta-author-by\">by<\/span><a class=\"cs-meta-author-link url fn n\" href=\"https:\/\/itbranschen.com\/de\"><span class=\"cs-meta-author-name\">IT-Branschen<\/span><\/a><\/div><div class=\"cs-meta-date\">August 24, 2026<\/div><\/div>\t\t<\/div>\n\t<\/div>\n<\/article>\n\n<article class=\"post-32781 post type-post status-publish format-standard has-post-thumbnail category-ledarskap tag-affarsutveckling tag-ai tag-business-technology tag-digital-transformation tag-it-branschen-2 tag-it-konsult-2 tag-itkanalen tag-ledarskap tag-mikael-ekman tag-nexer-group tag-nyheter-sverige tag-orange-business tag-sofigate tag-sverige tag-tcs tag-tietoevry tag-verksamhetstransformation cs-entry cs-video-wrap\">\n\t<div class=\"cs-entry__outer\">\n\t\t\n\t\t<div class=\"cs-entry__inner cs-entry__content\">\n\n\t\t\t<div class=\"cs-entry__post-meta\" ><div class=\"cs-meta-category\"><ul class=\"post-categories\">\n\t<li><a href=\"https:\/\/itbranschen.com\/de\/category\/ledarskap\/\" rel=\"category tag\">Ledarskap<\/a><\/li><\/ul><\/div><\/div>\n\t\t\t<h2 class=\"cs-entry__title\"><a href=\"https:\/\/itbranschen.com\/de\/mikael-ekman-sofigate-sverigechef\/\">Sofigate utser Mikael Ekman till Sverigechef\u00a0<\/a><\/h2>\n\t\t\t\n\t\t\t<div class=\"cs-entry__post-meta\" ><div class=\"cs-meta-author\"><span class=\"cs-meta-author-by\">by<\/span><a class=\"cs-meta-author-link url fn n\" href=\"https:\/\/itbranschen.com\/de\"><span class=\"cs-meta-author-name\">Sandra \u00c5str\u00f6m<\/span><\/a><\/div><div class=\"cs-meta-date\">August 24, 2026<\/div><\/div>\t\t<\/div>\n\t<\/div>\n<\/article>\n\n<article class=\"post-32760 post type-post status-publish format-standard has-post-thumbnail category-fordon-och-mobilitet category-artificiell-intelligens tag-99x tag-ai tag-ai-nyheter-sverige tag-bilhandel tag-carcare tag-digitalisering tag-fordonsdata tag-fordonshandel tag-it-branschen-2 tag-it-nyheter tag-it-branschen tag-it-kanalen tag-itbranschen tag-itkanalen tag-lagerhantering tag-mjukvaruutveckling tag-nyheter tag-saas cs-entry cs-video-wrap\">\n\t<div class=\"cs-entry__outer\">\n\t\t\n\t\t<div class=\"cs-entry__inner cs-entry__content\">\n\n\t\t\t<div class=\"cs-entry__post-meta\" ><div class=\"cs-meta-category\"><ul class=\"post-categories\">\n\t<li><a href=\"https:\/\/itbranschen.com\/de\/category\/fordon-och-mobilitet\/\" rel=\"category tag\">Fordon och mobilitet<\/a><\/li>\n\t<li><a href=\"https:\/\/itbranschen.com\/de\/category\/artificiell-intelligens\/\" rel=\"category tag\">Artificiell intelligens<\/a><\/li><\/ul><\/div><\/div>\n\t\t\t<h2 class=\"cs-entry__title\"><a href=\"https:\/\/itbranschen.com\/de\/carcare-99x-ai-fordonshandel\/\">Svenska SaaS-succ\u00e9n Carcare och techj\u00e4tten 99x i nytt partnerskap &#8211; ska l\u00f6sa bilhandelns miljardproblem med AI<\/a><\/h2>\n\t\t\t\n\t\t\t<div class=\"cs-entry__post-meta\" ><div class=\"cs-meta-author\"><span class=\"cs-meta-author-by\">by<\/span><a class=\"cs-meta-author-link url fn n\" href=\"https:\/\/itbranschen.com\/de\"><span class=\"cs-meta-author-name\">IT-Branschen<\/span><\/a><\/div><div class=\"cs-meta-date\">August 24, 2026<\/div><\/div>\t\t<\/div>\n\t<\/div>\n<\/article>\n\t\t\t\t\t\t\t\t<\/div>\n\t\t\t\t\t\t\t<\/div>\n\t\t\t\t\t\t<\/div>\n\t\t\t\t\t\t\t\t<\/section>\n\t\t\t\t\t\t<\/div>\n\t\t\t\t<\/div>\n\t\t\t\t<\/div>\n\t\t<div class=\"elementor-element elementor-element-96e7459 e-con-full e-flex e-con e-child\" data-id=\"96e7459\" data-element_type=\"container\" data-e-type=\"container\">\n\t\t\t\t<div class=\"elementor-element elementor-element-ec44ad2 elementor-widget elementor-widget-wp-widget-advads_ad_widget\" data-id=\"ec44ad2\" data-element_type=\"widget\" data-e-type=\"widget\" data-settings=\"{&quot;ekit_we_effect_on&quot;:&quot;none&quot;}\" data-widget_type=\"wp-widget-advads_ad_widget.default\">\n\t\t\t\t<div class=\"elementor-widget-container\">\n\t\t\t\t\t<div id=\"itbra-slider-4053\" class=\"custom-slider itbra-slider-4121041052 itbra-slider\"><ul><li><div id=\"itbra-3694894589\" style=\"margin-left: auto;margin-right: auto;text-align: center;clear: both;\"><div style=\"position: relative; display: inline-block; width:100%; max-width:300px;\">\r\n\r\n  <a href=\"https:\/\/itbranschen.com\/om-oss-it-branschen\/\" target=\"_blank\" rel=\"noopener\">\r\n    <img decoding=\"async\" alt=\"IT-Branschen, l\u00e5t dina id\u00e9er lyfta med nordisk B2B-media\" src=\"https:\/\/itbranschen.com\/wp-content\/uploads\/2026\/07\/ITB-Nordic-3.jpg\" style=\"width:100%; height:auto; display:block;\" title=\"| IT-Branschen\">\r\n  <\/a>\r\n\r\n  <div style=\"\r\n    position:absolute;\r\n    bottom:8px;\r\n    left:8px;\r\n    font-size:11px;\r\n    background:rgba(255,255,255,0.9);\r\n    padding:3px 7px;\r\n    border-radius:3px;\r\n    font-weight:600;\r\n    letter-spacing:0.5px;\r\n  \">\r\n    EGET INNEH\u00c5LL\r\n  <\/div>\r\n\r\n<\/div><\/div><br style=\"clear: both; display: block; float: none;\"\/><\/li><li><div id=\"itbra-4177743375\" style=\"margin-left: auto;margin-right: auto;text-align: center;clear: both;\"><div style=\"position: relative; display: inline-block; width:100%; max-width:300px;\">\r\n\r\n  <a href=\"https:\/\/interflexgroup.se\/\" target=\"_blank\" rel=\"sponsored noopener\">\r\n    <img decoding=\"async\" alt=\"InterFlex Group, partner f\u00f6r leverant\u00f6rer i IT-branschen, annons\" title=\"Interflex Group Banner | IT-Branschen\" src=\"https:\/\/itbranschen.com\/wp-content\/uploads\/2026\/07\/ITB-Nordic-1.jpg\" style=\"width:100%; height:auto; display:block;\">\r\n  <\/a>\r\n\r\n  <div style=\"\r\n    position:absolute;\r\n    bottom:8px;\r\n    left:8px;\r\n    font-size:11px;\r\n    background:rgba(255,255,255,0.9);\r\n    padding:3px 7px;\r\n    border-radius:3px;\r\n    font-weight:600;\r\n    letter-spacing:0.5px;\r\n  \">\r\n    ANNONS\r\n  <\/div>\r\n\r\n<\/div><\/div><br style=\"clear: both; display: block; float: none;\"\/><\/li><li><div id=\"itbra-2334795913\" style=\"margin-left: auto;margin-right: auto;text-align: center;clear: both;\"><div style=\"position: relative; display: inline-block; width:100%; max-width:300px;\">\r\n\r\n  <a href=\"https:\/\/itbranschen.com\/om-oss-it-branschen\/\" target=\"_blank\" rel=\"noopener\">\r\n    <img decoding=\"async\" alt=\"IT-Branschen, \u00f6ka din synlighet med nordisk B2B-media\" src=\"https:\/\/itbranschen.com\/wp-content\/uploads\/2026\/07\/ITB-Nordic-4.jpg\" style=\"width:100%; height:auto; display:block;\" title=\"| IT-Branschen\">\r\n  <\/a>\r\n\r\n  <div style=\"\r\n    position:absolute;\r\n    bottom:8px;\r\n    left:8px;\r\n    font-size:11px;\r\n    background:rgba(255,255,255,0.9);\r\n    padding:3px 7px;\r\n    border-radius:3px;\r\n    font-weight:600;\r\n    letter-spacing:0.5px;\r\n  \">\r\n    EGET INNEH\u00c5LL\r\n  <\/div>\r\n\r\n<\/div><\/div><br style=\"clear: both; display: block; float: none;\"\/><\/li><li><div id=\"itbra-576545785\" style=\"margin-left: auto;margin-right: auto;text-align: center;clear: both;\"><div style=\"position: relative; display: inline-block; width:100%; max-width:300px;\">\r\n\r\n  <a href=\"https:\/\/vortiqxconsilium.com\/\" target=\"_blank\" rel=\"sponsored noopener noreferrer\">\r\n    <img decoding=\"async\"\r\n      src=\"https:\/\/itbranschen.com\/wp-content\/uploads\/2026\/07\/VORTIQ-X-banner.jpg\"\r\n      alt=\"VORTIQ-X AI Governance som omvandlar tokenekonomi till styrbart aff\u00e4rsv\u00e4rde.\"\r\n      title=\"VORTIQ-X AI Governance | Fr\u00e5n tokenekonomi till styrbart aff\u00e4rsv\u00e4rde\"\r\n      style=\"width:100%; height:auto; display:block;\"\r\n    >\r\n  <\/a>\r\n\r\n  <div style=\"\r\n    position:absolute;\r\n    bottom:8px;\r\n    left:8px;\r\n    font-size:11px;\r\n    background:rgba(255,255,255,0.9);\r\n    padding:3px 7px;\r\n    border-radius:3px;\r\n    font-weight:600;\r\n    letter-spacing:0.5px;\r\n  \">\r\n    ANNONS\r\n  <\/div>\r\n\r\n<\/div><\/div><br style=\"clear: both; display: block; float: none;\"\/><\/li><li><div id=\"itbra-3274366163\" style=\"margin-left: auto;margin-right: auto;text-align: center;clear: both;\"><div style=\"position: relative; display: inline-block; width:100%; max-width:300px;\">\r\n\r\n  <a href=\"https:\/\/www.journeyofficial.eu\/products\/loc8-versa-magsafe-money-clip-wallet-stand\" target=\"_blank\" rel=\"sponsored nofollow noopener\">\r\n \r\n    <img decoding=\"async\" alt=\"Journey LOC8 VERSA | IT-Branschen\" title=\"Journey Banner | IT-Branschen\" src=\"https:\/\/itbranschen.com\/wp-content\/uploads\/2026\/07\/JOURNEY-LOC-Versa.jpg\" style=\"width:100%; height:auto; display:block;\">\r\n  <\/a>\r\n\r\n  <div style=\"\r\n    position:absolute;\r\n    bottom:8px;\r\n    left:8px;\r\n    font-size:11px;\r\n    background:rgba(255,255,255,0.9);\r\n    padding:3px 7px;\r\n    border-radius:3px;\r\n    font-weight:600;\r\n    letter-spacing:0.5px;\r\n  \">\r\n    ANNONS\r\n  <\/div>\r\n\r\n<\/div><\/div><br style=\"clear: both; display: block; float: none;\"\/><\/li><li><div id=\"itbra-3741839716\" style=\"margin-left: auto;margin-right: auto;text-align: center;clear: both;\"><div style=\"position: relative; display: inline-block; width:100%; max-width:300px;\">\r\n\r\n  <a href=\"https:\/\/www.youtube.com\/@MagicChats\/videos\" target=\"_blank\" rel=\"sponsored noopener\">\r\n    <img decoding=\"async\" \r\n      alt=\"Magic Chats YouTube Channel | IT-Branschen\" \r\n      title=\"Magic Chats YouTube Channel | IT-Branschen\" \r\n      src=\"https:\/\/itbranschen.com\/wp-content\/uploads\/2026\/07\/Magic-Chats-Maciek-Szczesniak-youtube.jpg\" \r\n      style=\"width:100%; height:auto; display:block;\"\r\n    >\r\n  <\/a>\r\n\r\n  <div style=\"\r\n    position:absolute;\r\n    bottom:8px;\r\n    left:8px;\r\n    font-size:11px;\r\n    background:rgba(255,255,255,0.9);\r\n    padding:3px 7px;\r\n    border-radius:3px;\r\n    font-weight:600;\r\n    letter-spacing:0.5px;\r\n    color:#000;\r\n    z-index:10;\r\n  \">\r\n    SPONSRAD\r\n  <\/div>\r\n\r\n<\/div><\/div><br style=\"clear: both; display: block; float: none;\"\/><\/li><li><div id=\"itbra-2838779392\" style=\"margin-left: auto;margin-right: auto;text-align: center;clear: both;\"><div style=\"position: relative; display: inline-block; width:100%; max-width:300px;\">\r\n\r\n  <a href=\"https:\/\/italy.cybertechconference.com\/Media_Partners_Registration\/?utm_source=IT-Branschen&amp;utm_medium=display&amp;utm_campaign=cybertech_europe_2026\" target=\"_blank\" rel=\"noopener noreferrer\">\r\n    <img decoding=\"async\" \r\n      src=\"https:\/\/itbranschen.com\/wp-content\/uploads\/2026\/08\/Cybertech-Europe-IT-Branschen-Official-Partner-x.jpg\"\r\n      alt=\"Cybertech Europe 2026 i Rom med IT-Branschen som officiell mediepartner\"\r\n      title=\"Cybertech Europe 2026 Rome Official Media Partner Banner | IT-Branschen\"\r\n      style=\"width:100%; height:auto; display:block;\"\r\n    >\r\n  <\/a>\r\n\r\n  <div style=\"\r\n    position:absolute;\r\n    bottom:8px;\r\n    left:8px;\r\n    font-size:11px;\r\n    background:rgba(255,255,255,0.9);\r\n    padding:3px 7px;\r\n    border-radius:3px;\r\n    font-weight:600;\r\n    letter-spacing:0.5px;\r\n  \">\r\n    ANNONS\r\n  <\/div>\r\n\r\n<\/div><\/div><br style=\"clear: both; display: block; float: none;\"\/><\/li><\/ul><\/div><script>( window.advanced_ads_ready || jQuery( document ).ready ).call( null, function() {var $itbraslider4121041052 = jQuery( \".itbra-slider-4121041052\" );$itbraslider4121041052.on( \"unslider.ready\", function() { jQuery( \"div.custom-slider ul li\" ).css( \"display\", \"block\" ); });$itbraslider4121041052.unslider({ delay:15000, autoplay:true, nav:false, arrows:false, infinite:true });$itbraslider4121041052.on(\"mouseover\", function() {$itbraslider4121041052.unslider(\"stop\");}).on(\"mouseout\", function() {$itbraslider4121041052.unslider(\"start\");});});<\/script>\t\t\t\t<\/div>\n\t\t\t\t<\/div>\n\t\t\t\t<\/div>\n\t\t\t\t<\/div>\n\t\t\t\t<div class=\"elementor-element elementor-element-6f0d2a9 cs-dividerhorizontal cs-divider-tablethorizontal cs-divider-mobilehorizontal elementor-widget elementor-widget-cs-divider\" data-id=\"6f0d2a9\" data-element_type=\"widget\" data-e-type=\"widget\" data-settings=\"{&quot;ekit_we_effect_on&quot;:&quot;none&quot;}\" data-widget_type=\"cs-divider.default\">\n\t\t\t\t<div class=\"elementor-widget-container\">\n\t\t\t\t\t\t\t<section class=\"cs-divider cs-divider-horizontal\"><\/section>\n\t\t\t\t\t\t<\/div>\n\t\t\t\t<\/div>\n\t\t<div class=\"elementor-element elementor-element-62b1577 e-con-full e-flex e-con e-child\" data-id=\"62b1577\" data-element_type=\"container\" data-e-type=\"container\">\n\t\t\t\t<div class=\"elementor-element elementor-element-3c86f46 elementor-widget elementor-widget-cs-posts\" data-id=\"3c86f46\" data-element_type=\"widget\" data-e-type=\"widget\" data-settings=\"{&quot;ekit_we_effect_on&quot;:&quot;none&quot;}\" data-widget_type=\"cs-posts.default\">\n\t\t\t\t<div class=\"elementor-widget-container\">\n\t\t\t\t\t\t\t\t<section class=\"cs-posts cs-posts__standard\">\n\t\t\t\t\t\t\t\t\t\t<div class=\"cs-posts-area cs-posts-area-elementor \" data-posts-area=\"\">\n\t\t\t\t\t\t\t<div class=\"cs-posts-area__outer\">\n\t\t\t\t\t\t\t\t<div\n\t\t\t\t\t\t\t\tclass=\"cs-posts-area__main cs-posts-area__main-divider\"\n\t\t\t\t\t\t\t\tdata-pc=\"2\"\n\t\t\t\t\t\t\t\tdata-lt=\"2\"\n\t\t\t\t\t\t\t\tdata-tb=\"2\"\n\t\t\t\t\t\t\t\tdata-mb=\"1\"\n\t\t\t\t\t\t\t\t>\n\t\t\t\t\t\t\t\t\t\n<article class=\"post-32739 post type-post status-publish format-standard has-post-thumbnail category-cybersakerhet tag-ai-nyheter tag-azure tag-azure-cli tag-conditional-access tag-credential-spraying tag-cyberattacker tag-cybersakerhet tag-huntress tag-identitetssakerhet tag-it-branschen-nyheter tag-it-kanalen-2 tag-it-nyheter tag-it-branschen tag-it-kanalen tag-it-kanalen-nyheter tag-it-kanalen-com tag-itkanalen-se tag-mfa tag-microsoft tag-microsoft-365 tag-microsoft-entra-id tag-molnsakerhet tag-multifaktorautentisering tag-nyheter tag-nyheter-it-kanalen tag-password-spraying tag-ropc tag-zero-trust cs-entry cs-video-wrap\">\n\t<div class=\"cs-entry__outer\">\n\t\t\n\t\t<div class=\"cs-entry__inner cs-entry__content\">\n\n\t\t\t<div class=\"cs-entry__post-meta\" ><div class=\"cs-meta-category\"><ul class=\"post-categories\">\n\t<li><a href=\"https:\/\/itbranschen.com\/de\/category\/cybersakerhet\/\" rel=\"category tag\">Cybers\u00e4kerhet<\/a><\/li><\/ul><\/div><\/div>\n\t\t\t<h2 class=\"cs-entry__title\"><a href=\"https:\/\/itbranschen.com\/de\/passwordattacker-microsoft-365-mfa\/\">Passwordattacker \u00f6kar 155 g\u00e5nger \u2013 MFA-luckor \u00f6ppnar d\u00f6rren till Microsoft 365<\/a><\/h2>\n\t\t\t\n\t\t\t<div class=\"cs-entry__post-meta\" ><div class=\"cs-meta-author\"><span class=\"cs-meta-author-by\">by<\/span><a class=\"cs-meta-author-link url fn n\" href=\"https:\/\/itbranschen.com\/de\"><span class=\"cs-meta-author-name\">IT-Branschen<\/span><\/a><\/div><div class=\"cs-meta-date\">August 24, 2026<\/div><\/div>\t\t<\/div>\n\t<\/div>\n<\/article>\n\n<article class=\"post-32709 post type-post status-publish format-standard has-post-thumbnail category-ledarskap category-nyheter tag-ai-infrastruktur tag-atnorth tag-camilla-oleary tag-colocation tag-datacenter tag-digital-infrastruktur tag-emea tag-hpc tag-imasons tag-imwomen tag-infrastructure-masons tag-kompetensforsorjning tag-norden tag-solleftea tag-stockholm cs-entry cs-video-wrap\">\n\t<div class=\"cs-entry__outer\">\n\t\t\n\t\t<div class=\"cs-entry__inner cs-entry__content\">\n\n\t\t\t<div class=\"cs-entry__post-meta\" ><div class=\"cs-meta-category\"><ul class=\"post-categories\">\n\t<li><a href=\"https:\/\/itbranschen.com\/de\/category\/ledarskap\/\" rel=\"category tag\">Ledarskap<\/a><\/li>\n\t<li><a href=\"https:\/\/itbranschen.com\/de\/category\/nyheter\/\" rel=\"category tag\">Nyheter<\/a><\/li><\/ul><\/div><\/div>\n\t\t\t<h2 class=\"cs-entry__title\"><a href=\"https:\/\/itbranschen.com\/de\/camilla-oleary-atnorth-imwomen\/\">atNorths Camilla O\u2019Leary f\u00e5r ledarroll i europeisk satsning f\u00f6r kvinnor inom digital infrastruktur<\/a><\/h2>\n\t\t\t\n\t\t\t<div class=\"cs-entry__post-meta\" ><div class=\"cs-meta-author\"><span class=\"cs-meta-author-by\">by<\/span><a class=\"cs-meta-author-link url fn n\" href=\"https:\/\/itbranschen.com\/de\"><span class=\"cs-meta-author-name\">Mateo Sandstr\u00f6m<\/span><\/a><\/div><div class=\"cs-meta-date\">August 21, 2026<\/div><\/div>\t\t<\/div>\n\t<\/div>\n<\/article>\n\n<article class=\"post-32694 post type-post status-publish format-standard has-post-thumbnail category-nyheter tag-danmark tag-data tag-digitalisering tag-gs1 tag-gs1-denmark tag-it-branchen tag-it-branschen-2 tag-it-kanalen-2 tag-it-nyheter tag-it-branchen-2 tag-it-branschen tag-it-kanalen-com tag-itkanalen tag-itkanalen-se tag-ledarskap tag-louise-zingenberg tag-nyheter tag-sparbarhet tag-standardisering tag-vision-2030 cs-entry cs-video-wrap\">\n\t<div class=\"cs-entry__outer\">\n\t\t\n\t\t<div class=\"cs-entry__inner cs-entry__content\">\n\n\t\t\t<div class=\"cs-entry__post-meta\" ><div class=\"cs-meta-category\"><ul class=\"post-categories\">\n\t<li><a href=\"https:\/\/itbranschen.com\/de\/category\/nyheter\/\" rel=\"category tag\">Nyheter<\/a><\/li><\/ul><\/div><\/div>\n\t\t\t<h2 class=\"cs-entry__title\"><a href=\"https:\/\/itbranschen.com\/de\/louise-zingenberg-vd-gs1-denmark\/\">Louise Zingenberg blir ny vd f\u00f6r GS1 Denmark<\/a><\/h2>\n\t\t\t\n\t\t\t<div class=\"cs-entry__post-meta\" ><div class=\"cs-meta-author\"><span class=\"cs-meta-author-by\">by<\/span><a class=\"cs-meta-author-link url fn n\" href=\"https:\/\/itbranschen.com\/de\"><span class=\"cs-meta-author-name\">IT-Branschen<\/span><\/a><\/div><div class=\"cs-meta-date\">August 21, 2026<\/div><\/div>\t\t<\/div>\n\t<\/div>\n<\/article>\n\n<article class=\"post-32665 post type-post status-publish format-standard has-post-thumbnail category-artificiell-intelligens tag-ai tag-ai-agenter tag-ai-kodning-2 tag-anthropic tag-chatgpt tag-claude-code tag-enterprise-ai tag-generativ-ai tag-github-copilot tag-it-branschen-nyheter tag-it-kanalen-nyheter-2 tag-it-kanalen tag-itkanalen-se tag-mjukvaruutveckling tag-openai tag-programmering tag-salesforce tag-slack tag-slack-code tag-utvecklare cs-entry cs-video-wrap\">\n\t<div class=\"cs-entry__outer\">\n\t\t\n\t\t<div class=\"cs-entry__inner cs-entry__content\">\n\n\t\t\t<div class=\"cs-entry__post-meta\" ><div class=\"cs-meta-category\"><ul class=\"post-categories\">\n\t<li><a href=\"https:\/\/itbranschen.com\/de\/category\/artificiell-intelligens\/\" rel=\"category tag\">Artificiell intelligens<\/a><\/li><\/ul><\/div><\/div>\n\t\t\t<h2 class=\"cs-entry__title\"><a href=\"https:\/\/itbranschen.com\/de\/slack-code-ai-kodning\/\">Nu blir AI-kodningen ett lagarbete i Slack<\/a><\/h2>\n\t\t\t\n\t\t\t<div class=\"cs-entry__post-meta\" ><div class=\"cs-meta-author\"><span class=\"cs-meta-author-by\">by<\/span><a class=\"cs-meta-author-link url fn n\" href=\"https:\/\/itbranschen.com\/de\"><span class=\"cs-meta-author-name\">IT-Branschen<\/span><\/a><\/div><div class=\"cs-meta-date\">August 21, 2026<\/div><\/div>\t\t<\/div>\n\t<\/div>\n<\/article>\n\n<article class=\"post-32652 post type-post status-publish format-standard has-post-thumbnail category-digitalisering tag-ai tag-artificiell-intelligens tag-data tag-digital-marknadsforing tag-digitalisering tag-e-postmarknadsforing tag-it-branschen-nyheter tag-it-kanalen-2 tag-it-branschen tag-konsumenter tag-kundupplevelse tag-marknadsforing tag-martech tag-nyheter tag-optimizely tag-personalisering tag-storbritannien tag-varumarken cs-entry cs-video-wrap\">\n\t<div class=\"cs-entry__outer\">\n\t\t\n\t\t<div class=\"cs-entry__inner cs-entry__content\">\n\n\t\t\t<div class=\"cs-entry__post-meta\" ><div class=\"cs-meta-category\"><ul class=\"post-categories\">\n\t<li><a href=\"https:\/\/itbranschen.com\/de\/category\/digitalisering\/\" rel=\"category tag\">Digitalisering<\/a><\/li><\/ul><\/div><\/div>\n\t\t\t<h2 class=\"cs-entry__title\"><a href=\"https:\/\/itbranschen.com\/de\/britter-irrelevant-marknadsforing\/\">Tre av fyra britter f\u00e5r irrelevant marknadsf\u00f6ring<\/a><\/h2>\n\t\t\t\n\t\t\t<div class=\"cs-entry__post-meta\" ><div class=\"cs-meta-author\"><span class=\"cs-meta-author-by\">by<\/span><a class=\"cs-meta-author-link url fn n\" href=\"https:\/\/itbranschen.com\/de\"><span class=\"cs-meta-author-name\">IT-Branschen<\/span><\/a><\/div><div class=\"cs-meta-date\">August 21, 2026<\/div><\/div>\t\t<\/div>\n\t<\/div>\n<\/article>\n\n<article class=\"post-32641 post type-post status-publish format-standard has-post-thumbnail category-cybersakerhet category-nyheter tag-cybersakerhet tag-dataintrang tag-datalacka tag-finland tag-gdpr tag-identitetsstold tag-incidenthantering tag-inission tag-inission-power tag-it-nyheter tag-it-branschen tag-it-kanalen tag-itbranschen tag-nyheter tag-personuppgifter tag-ransomware tag-traficom cs-entry cs-video-wrap\">\n\t<div class=\"cs-entry__outer\">\n\t\t\n\t\t<div class=\"cs-entry__inner cs-entry__content\">\n\n\t\t\t<div class=\"cs-entry__post-meta\" ><div class=\"cs-meta-category\"><ul class=\"post-categories\">\n\t<li><a href=\"https:\/\/itbranschen.com\/de\/category\/cybersakerhet\/\" rel=\"category tag\">Cybers\u00e4kerhet<\/a><\/li>\n\t<li><a href=\"https:\/\/itbranschen.com\/de\/category\/nyheter\/\" rel=\"category tag\">Nyheter<\/a><\/li><\/ul><\/div><\/div>\n\t\t\t<h2 class=\"cs-entry__title\"><a href=\"https:\/\/itbranschen.com\/de\/inission-power-ransomware-personuppgifter\/\">Dataintr\u00e5ng hos Inission Power (tidigare Enedo)<\/a><\/h2>\n\t\t\t\n\t\t\t<div class=\"cs-entry__post-meta\" ><div class=\"cs-meta-author\"><span class=\"cs-meta-author-by\">by<\/span><a class=\"cs-meta-author-link url fn n\" href=\"https:\/\/itbranschen.com\/de\"><span class=\"cs-meta-author-name\">Sandra \u00c5str\u00f6m<\/span><\/a><\/div><div class=\"cs-meta-date\">August 20, 2026<\/div><\/div>\t\t<\/div>\n\t<\/div>\n<\/article>\n\n<article class=\"post-32622 post type-post status-publish format-standard has-post-thumbnail category-hallbarhet tag-atea tag-aterbruk tag-atervinning-2 tag-barn-och-unga tag-cirkular-it-2 tag-datasakerhet tag-goitloop tag-hallbarhet tag-hjarnfonden tag-it-branschen-2 tag-it-kanalen-2 tag-it-kanalen-nyheter-2 tag-it-branschen tag-it-kanalen tag-it-utrustning tag-itkanalen tag-livscykelhantering tag-nyheter tag-one-for-good tag-psykisk-halsa tag-stockholm tag-uppsala cs-entry cs-video-wrap\">\n\t<div class=\"cs-entry__outer\">\n\t\t\n\t\t<div class=\"cs-entry__inner cs-entry__content\">\n\n\t\t\t<div class=\"cs-entry__post-meta\" ><div class=\"cs-meta-category\"><ul class=\"post-categories\">\n\t<li><a href=\"https:\/\/itbranschen.com\/de\/category\/hallbarhet\/\" rel=\"category tag\">H\u00e5llbarhet<\/a><\/li><\/ul><\/div><\/div>\n\t\t\t<h2 class=\"cs-entry__title\"><a href=\"https:\/\/itbranschen.com\/de\/atea-hjarnfonden\/\">Gammal it blir till forskning n\u00e4r Atea inleder samarbete med Hj\u00e4rnfonden<\/a><\/h2>\n\t\t\t\n\t\t\t<div class=\"cs-entry__post-meta\" ><div class=\"cs-meta-author\"><span class=\"cs-meta-author-by\">by<\/span><a class=\"cs-meta-author-link url fn n\" href=\"https:\/\/itbranschen.com\/de\"><span class=\"cs-meta-author-name\">IT-Branschen<\/span><\/a><\/div><div class=\"cs-meta-date\">August 20, 2026<\/div><\/div>\t\t<\/div>\n\t<\/div>\n<\/article>\n\n<article class=\"post-32608 post type-post status-publish format-standard has-post-thumbnail category-cybersakerhet tag-android tag-banktrojan tag-bluetooth tag-cybersakerhet tag-datastold tag-e-legitimation tag-it-branschen-2 tag-it-branschen tag-it-kanalen-nyheter tag-manic tag-mobil-sakerhet tag-natbank tag-skadlig-kod tag-spionprogram tag-threatfabric tag-wi-fi-direct cs-entry cs-video-wrap\">\n\t<div class=\"cs-entry__outer\">\n\t\t\n\t\t<div class=\"cs-entry__inner cs-entry__content\">\n\n\t\t\t<div class=\"cs-entry__post-meta\" ><div class=\"cs-meta-category\"><ul class=\"post-categories\">\n\t<li><a href=\"https:\/\/itbranschen.com\/de\/category\/cybersakerhet\/\" rel=\"category tag\">Cybers\u00e4kerhet<\/a><\/li><\/ul><\/div><\/div>\n\t\t\t<h2 class=\"cs-entry__title\"><a href=\"https:\/\/itbranschen.com\/de\/manic-android-skadlig-kod\/\">Ny Android-skadlig kod angriper banker och e-legitimationer<\/a><\/h2>\n\t\t\t\n\t\t\t<div class=\"cs-entry__post-meta\" ><div class=\"cs-meta-author\"><span class=\"cs-meta-author-by\">by<\/span><a class=\"cs-meta-author-link url fn n\" href=\"https:\/\/itbranschen.com\/de\"><span class=\"cs-meta-author-name\">Mateo Sandstr\u00f6m<\/span><\/a><\/div><div class=\"cs-meta-date\">August 20, 2026<\/div><\/div>\t\t<\/div>\n\t<\/div>\n<\/article>\n\t\t\t\t\t\t\t\t<\/div>\n\t\t\t\t\t\t\t<\/div>\n\t\t\t\t\t\t<\/div>\n\t\t\t\t\t\t\t\t<\/section>\n\t\t\t\t\t\t<\/div>\n\t\t\t\t<\/div>\n\t\t\t\t<\/div>\n\t\t\t\t<\/div>\n\t\t\t\t<\/div>\n\t\t\t\t<div class=\"elementor-element elementor-element-8aefb3a cs-dividerhorizontal cs-divider-tablethorizontal cs-divider-mobilehorizontal elementor-widget elementor-widget-cs-divider\" data-id=\"8aefb3a\" data-element_type=\"widget\" data-e-type=\"widget\" data-settings=\"{&quot;ekit_we_effect_on&quot;:&quot;none&quot;}\" data-widget_type=\"cs-divider.default\">\n\t\t\t\t<div class=\"elementor-widget-container\">\n\t\t\t\t\t\t\t<section class=\"cs-divider cs-divider-horizontal\"><\/section>\n\t\t\t\t\t\t<\/div>\n\t\t\t\t<\/div>\n\t\t\t\t<div class=\"elementor-element elementor-element-224f68a elementor-widget elementor-widget-wp-widget-advads_ad_widget\" data-id=\"224f68a\" data-element_type=\"widget\" data-e-type=\"widget\" data-settings=\"{&quot;ekit_we_effect_on&quot;:&quot;none&quot;}\" data-widget_type=\"wp-widget-advads_ad_widget.default\">\n\t\t\t\t<div class=\"elementor-widget-container\">\n\t\t\t\t\t<div id=\"itbra-slider-5009\" class=\"custom-slider itbra-slider-3729196193 itbra-slider\"><ul><li><div id=\"itbra-2345558359\" style=\"clear: both;\"><figure style=\"position:relative;width:100%;max-width:1440px;margin:0 auto 50px auto;\">\r\n\r\n  <a href=\"https:\/\/vortiqxconsilium.com\/\" target=\"_blank\" rel=\"sponsored noopener noreferrer\">\r\n    <img loading=\"lazy\"\r\n      src=\"https:\/\/itbranschen.com\/wp-content\/uploads\/2026\/07\/Vortiq-x-slider.jpg\"\r\n      alt=\"VORTIQ-X AI Governance hj\u00e4lper f\u00f6retag att omvandla AI till styrbart och verifierbart aff\u00e4rsv\u00e4rde.\"\r\n      title=\"VORTIQ-X AI Governance | Fr\u00e5n tokenekonomi till styrbart aff\u00e4rsv\u00e4rde\"\r\n      loading=\"lazy\"\r\n      decoding=\"async\"\r\n      width=\"1440\"\r\n      height=\"323\"\r\n      style=\"width:100%;height:auto;display:block;border-radius:4px;\"\r\n    >\r\n  <\/a>\r\n\r\n  <figcaption style=\"display:none;\">\r\n    VORTIQ-X \u00e4r en AI Governance-plattform som hj\u00e4lper organisationer att styra, verifiera och skapa m\u00e4tbart aff\u00e4rsv\u00e4rde fr\u00e5n AI. Plattformen fokuserar p\u00e5 transparens, regelefterlevnad, AI-styrning och effektiv anv\u00e4ndning av AI i verksamhetskritiska processer.\r\n  <\/figcaption>\r\n\r\n  <div style=\"\r\n    position:absolute;\r\n    bottom:-18px;\r\n    left:0;\r\n    font-size:12px;\r\n    background:#fff;\r\n    padding:4px 10px;\r\n    border-radius:0 0 4px 4px;\r\n    font-weight:700;\r\n    color:#000;\r\n    box-shadow:0 1px 3px rgba(0,0,0,.15);\r\n  \">\r\n    ANNONS\r\n  <\/div>\r\n\r\n<\/figure><\/div><br style=\"clear: both; display: block; float: none;\"\/><\/li><li><div id=\"itbra-1128159518\" style=\"clear: both;\"><figure style=\"position:relative;width:100%;max-width:1440px;margin:0 auto 50px auto;\">\r\n\r\n  <a href=\"https:\/\/italy.cybertechconference.com\/Media_Partners_Registration\/?utm_source=IT-Branschen&amp;utm_medium=display&amp;utm_campaign=cybertech_europe_2026\" target=\"_blank\" rel=\"noopener noreferrer\">\r\n    <img loading=\"lazy\"\r\n      src=\"https:\/\/itbranschen.com\/wp-content\/uploads\/2026\/07\/banner-slider-rome-cyber-tech-europe-Italy-Rome.jpg\"\r\n      alt=\"Cybertech Europe 2026 cybersecurity conference in Rome with IT-Branschen as Official Media Partner\"\r\n      title=\"Cybertech Europe 2026 Official Media Partner | IT-Branschen\"\r\n      loading=\"lazy\"\r\n      decoding=\"async\"\r\n      width=\"1440\"\r\n      height=\"323\"\r\n      style=\"width:100%;height:auto;display:block;border-radius:4px;\"\r\n    >\r\n  <\/a>\r\n\r\n  <figcaption style=\"display:none;\">\r\n    Cybertech Europe 2026 is one of Europe's leading cybersecurity conferences, bringing together cybersecurity leaders, government officials, technology innovators, startups, investors, and enterprise decision-makers in Rome. IT-Branschen serves as an Official Media Partner, providing event coverage, executive interviews, industry insights, and cybersecurity news for Nordic and European audiences.\r\n  <\/figcaption>\r\n\r\n  <div style=\"\r\n    position:absolute;\r\n    bottom:-18px;\r\n    left:0;\r\n    font-size:12px;\r\n    background:#fff;\r\n    padding:4px 10px;\r\n    border-radius:0 0 4px 4px;\r\n    font-weight:700;\r\n    color:#000;\r\n    box-shadow:0 1px 3px rgba(0,0,0,.15);\r\n  \">\r\n    ANNONS\r\n  <\/div>\r\n\r\n<\/figure><\/div><br style=\"clear: both; display: block; float: none;\"\/><\/li><li><div id=\"itbra-3347971448\" style=\"clear: both;\"><figure style=\"position:relative;width:100%;max-width:1440px;margin:0 auto 50px auto;\">\r\n\r\n  <a href=\"https:\/\/itbranschen.com\/sv\/om-oss-it-branschen\/\" target=\"_blank\" rel=\"noopener\">\r\n    <img loading=\"lazy\"\r\n      src=\"https:\/\/itbranschen.com\/wp-content\/uploads\/2026\/07\/IT-Branschen-banner-orange.jpg\"\r\n      alt=\"IT-Branschen Nordic technology media platform covering cybersecurity, cloud, AI, digital transformation, channel, MSP and enterprise IT news\"\r\n      title=\"IT-Branschen | Nordic Technology, Cybersecurity and Enterprise IT Media\"\r\n      loading=\"lazy\"\r\n      decoding=\"async\"\r\n      width=\"1440\"\r\n      height=\"323\"\r\n      style=\"width:100%;height:auto;display:block;border-radius:4px;\"\r\n    >\r\n  <\/a>\r\n\r\n  <figcaption style=\"display:none;\">\r\n    IT-Branschen is a leading Nordic technology media platform covering cybersecurity news, artificial intelligence, cloud computing, enterprise IT, digital transformation, managed services, channel partners, software development, telecommunications, data centers, IT infrastructure, technology leadership, business innovation, and emerging technologies. Through executive interviews, industry analysis, event coverage, thought leadership, product launches, vendor updates, and market insights, IT-Branschen connects technology decision-makers, CIOs, CISOs, CTOs, IT managers, MSPs, resellers, distributors, technology vendors, startups, and enterprise organizations across Sweden, Norway, Denmark, Finland, and Europe. Coverage includes cybersecurity trends, AI adoption, cloud strategy, enterprise software, networking, digital infrastructure, sustainability, compliance, governance, risk management, automation, data analytics, and future technology developments.\r\n  <\/figcaption>\r\n\r\n  <div style=\"\r\n    position:absolute;\r\n    bottom:-18px;\r\n    left:0;\r\n    font-size:12px;\r\n    background:#fff;\r\n    padding:4px 10px;\r\n    border-radius:0 0 4px 4px;\r\n    font-weight:700;\r\n    color:#000;\r\n    box-shadow:0 1px 3px rgba(0,0,0,.15);\r\n  \">\r\n    EGET INNEH\u00c5LL\r\n  <\/div>\r\n\r\n<\/figure><\/div><br style=\"clear: both; display: block; float: none;\"\/><\/li><li><div id=\"itbra-2045470851\" style=\"clear: both;\"><figure style=\"position:relative;width:100%;max-width:1440px;margin:0 auto 50px auto;\">\r\n\r\n  <a href=\"https:\/\/www.youtube.com\/@MagicChats\/videos\" target=\"_blank\" rel=\"noopener sponsored\">\r\n    <img\r\n      src=\"https:\/\/itbranschen.com\/wp-content\/uploads\/2026\/07\/maciek-szczesniak-magic-chats-youtube.jpg\"\r\n      alt=\"Maciek Szczesniak featured on IT-Branschen Wire Channel Magic Chats podcast banner\"\r\n      title=\"Maciek Szczesniak | Magic Chats Podcast | IT-Branschen Wire Channel\"\r\n      loading=\"lazy\"\r\n      decoding=\"async\"\r\n      style=\"width:100%;height:auto;display:block;border-radius:4px;\"\r\n    >\r\n  <\/a>\r\n\r\n  <figcaption style=\"display:none;\">\r\n    Maciek Szczesniak appears on IT-Branschen Wire Channel Magic Chats, discussing leadership, innovation, digital transformation, and business services.\r\n  <\/figcaption>\r\n\r\n  <div style=\"\r\n    position:absolute;\r\n    bottom:-18px;\r\n    left:0;\r\n    font-size:12px;\r\n    background:#fff;\r\n    padding:4px 10px;\r\n    border-radius:0 0 4px 4px;\r\n    font-weight:700;\r\n    color:#000;\r\n    box-shadow:0 1px 3px rgba(0,0,0,.15);\r\n  \">\r\n    SPONSRAD\r\n  <\/div>\r\n\r\n<\/figure><\/div><br style=\"clear: both; display: block; float: none;\"\/><\/li><\/ul><\/div><script>( window.advanced_ads_ready || jQuery( document ).ready ).call( null, function() {var $itbraslider3729196193 = jQuery( \".itbra-slider-3729196193\" );$itbraslider3729196193.on( \"unslider.ready\", function() { jQuery( \"div.custom-slider ul li\" ).css( \"display\", \"block\" ); });$itbraslider3729196193.unslider({ delay:15000, autoplay:true, nav:false, arrows:false, infinite:true });$itbraslider3729196193.on(\"mouseover\", function() {$itbraslider3729196193.unslider(\"stop\");}).on(\"mouseout\", function() {$itbraslider3729196193.unslider(\"start\");});});<\/script>\t\t\t\t<\/div>\n\t\t\t\t<\/div>\n\t\t\t\t\t<\/div>\n\t\t\t\t<\/div>\n\t\t<div class=\"elementor-element elementor-element-0f7a4d8 e-flex e-con-boxed e-con e-parent\" data-id=\"0f7a4d8\" data-element_type=\"container\" data-e-type=\"container\">\n\t\t\t\t\t<div class=\"e-con-inner\">\n\t\t\t\t<div class=\"elementor-element elementor-element-8db45e3 elementor-widget elementor-widget-cs-heading\" data-id=\"8db45e3\" data-element_type=\"widget\" data-e-type=\"widget\" data-settings=\"{&quot;ekit_we_effect_on&quot;:&quot;none&quot;}\" data-widget_type=\"cs-heading.default\">\n\t\t\t\t<div class=\"elementor-widget-container\">\n\t\t\t\t\t\t\t\t\t\t<section class=\"cs-heading\">\n\t\t\t\t<div class=\"cs-heading__container \">\n\t\t\t\t\t<h2 class=\"cs-heading__content\">\n\t\t\t\t\t\tFintech\t\t\t\t\t<\/h2>\n\n\t\t\t\t\t\t\t\t\t\t\t<a class=\"cs-heading__link\" href=\"https:\/\/itbranschen.com\/category\/fintech\/\" target=\"_self\">\n\t\t\t\t\t\t\t<span>\t\n\t\t\t\t\t\t\t\tUppt\u00e4ck allt\t\t\t\t\t\t\t<\/span>\n\t\t\t\t\t\t<\/a>\n\t\t\t\t\t\t\t\t\t<\/div>\n\t\t\t<\/section>\n\t\t\t\t\t\t\t\t<\/div>\n\t\t\t\t<\/div>\n\t\t\t\t<div class=\"elementor-element elementor-element-dce3a79 elementor-widget elementor-widget-cs-posts\" data-id=\"dce3a79\" data-element_type=\"widget\" data-e-type=\"widget\" data-settings=\"{&quot;ekit_we_effect_on&quot;:&quot;none&quot;}\" data-widget_type=\"cs-posts.default\">\n\t\t\t\t<div class=\"elementor-widget-container\">\n\t\t\t\t\t\t\t\t<section class=\"cs-posts cs-posts__standard\">\n\t\t\t\t\t\t\t\t\t\t<div class=\"cs-posts-area cs-posts-area-elementor \" data-posts-area=\"\">\n\t\t\t\t\t\t\t<div class=\"cs-posts-area__outer\">\n\t\t\t\t\t\t\t\t<div\n\t\t\t\t\t\t\t\tclass=\"cs-posts-area__main\"\n\t\t\t\t\t\t\t\tdata-pc=\"2\"\n\t\t\t\t\t\t\t\tdata-lt=\"2\"\n\t\t\t\t\t\t\t\tdata-tb=\"1\"\n\t\t\t\t\t\t\t\tdata-mb=\"1\"\n\t\t\t\t\t\t\t\t>\n\t\t\t\t\t\t\t\t\t\n<article class=\"post-28330 post type-post status-publish format-standard has-post-thumbnail category-nyheter category-finans category-fintech category-foretag tag-advisa tag-adyen tag-affarsnyheter tag-affarsvarlden tag-anyfin tag-axo-finans tag-banker tag-banking-news tag-betalningar tag-breakit tag-business-growth tag-capgemini tag-cio-sweden tag-commercial-excellence tag-commercial-strategy tag-compricer tag-computer-sweden tag-dagens-industri tag-digital-banking tag-digital-transformation tag-embedded-finance tag-enklare tag-executive-appointment tag-executive-leadership tag-financial-technology tag-finansbranschen tag-finansiella-tjanster tag-finanswatch tag-finextra tag-fintech tag-fintech-news tag-fintech-sverige tag-foretagsnyheter tag-fredrik-carlson tag-freedom-finance tag-froda tag-it-media-group tag-it-branschen tag-it-kanalen tag-klarna tag-kommersiell-utveckling tag-konsumentlan tag-kreditkort tag-kreditmarknaden tag-lan-2 tag-laneformedling tag-lanejamforelse tag-ledarskap tag-lendo tag-lunar tag-managing-director tag-mastercard tag-norden tag-nordic-banking tag-nordic-fintech tag-nordisk-fintech tag-northmill-bank tag-ny-chef tag-ny-vd tag-open-banking tag-payments tag-privatekonomi tag-qred tag-realtid tag-rekrytering tag-sambla-group tag-stripe tag-svensk-fintech tag-sverige tag-techsverige tag-the-paypers tag-tink tag-trustly tag-visa tag-yabie tag-zmarta cs-entry cs-video-wrap\">\n\t<div class=\"cs-entry__outer\">\n\t\t\t\t\t<div class=\"cs-entry__inner cs-entry__overlay cs-entry__thumbnail cs-overlay-ratio cs-ratio-landscape-16-9\">\n\n\t\t\t\t<div class=\"cs-overlay-background\">\n\t\t\t\t\t<img loading=\"lazy\" decoding=\"async\" width=\"332\" height=\"187\" src=\"https:\/\/itbranschen.com\/wp-content\/uploads\/2026\/07\/Sambla-Group-appoints-Fredrik-Carlson-as-Managing-Director-Sweden-332x187.jpg\" class=\"attachment-csco-thumbnail-uncropped size-csco-thumbnail-uncropped wp-post-image\" alt=\"Sambla Group utser Fredrik Carlson till Managing Director f\u00f6r Sverige f\u00f6r att leda bolagets fortsatta tillv\u00e4xt och kommersiella utveckling.\" srcset=\"https:\/\/itbranschen.com\/wp-content\/uploads\/2026\/07\/Sambla-Group-appoints-Fredrik-Carlson-as-Managing-Director-Sweden-332x187.jpg 332w, https:\/\/itbranschen.com\/wp-content\/uploads\/2026\/07\/Sambla-Group-appoints-Fredrik-Carlson-as-Managing-Director-Sweden-300x169.jpg 300w, https:\/\/itbranschen.com\/wp-content\/uploads\/2026\/07\/Sambla-Group-appoints-Fredrik-Carlson-as-Managing-Director-Sweden-1024x576.jpg 1024w, https:\/\/itbranschen.com\/wp-content\/uploads\/2026\/07\/Sambla-Group-appoints-Fredrik-Carlson-as-Managing-Director-Sweden-768x432.jpg 768w, https:\/\/itbranschen.com\/wp-content\/uploads\/2026\/07\/Sambla-Group-appoints-Fredrik-Carlson-as-Managing-Director-Sweden-18x10.jpg 18w, https:\/\/itbranschen.com\/wp-content\/uploads\/2026\/07\/Sambla-Group-appoints-Fredrik-Carlson-as-Managing-Director-Sweden-664x374.jpg 664w, https:\/\/itbranschen.com\/wp-content\/uploads\/2026\/07\/Sambla-Group-appoints-Fredrik-Carlson-as-Managing-Director-Sweden-688x387.jpg 688w, https:\/\/itbranschen.com\/wp-content\/uploads\/2026\/07\/Sambla-Group-appoints-Fredrik-Carlson-as-Managing-Director-Sweden-1044x587.jpg 1044w, https:\/\/itbranschen.com\/wp-content\/uploads\/2026\/07\/Sambla-Group-appoints-Fredrik-Carlson-as-Managing-Director-Sweden.jpg 1200w\" sizes=\"(max-width: 332px) 100vw, 332px\" title=\"| IT-Branschen\">\t\t\t\t\t<img loading=\"lazy\" decoding=\"async\" width=\"1044\" height=\"587\" src=\"https:\/\/itbranschen.com\/wp-content\/uploads\/2026\/07\/Sambla-Group-appoints-Fredrik-Carlson-as-Managing-Director-Sweden-1044x587.jpg\" class=\"attachment-csco-large size-csco-large wp-post-image\" alt=\"Sambla Group utser Fredrik Carlson till Managing Director f\u00f6r Sverige f\u00f6r att leda bolagets fortsatta tillv\u00e4xt och kommersiella utveckling.\" srcset=\"https:\/\/itbranschen.com\/wp-content\/uploads\/2026\/07\/Sambla-Group-appoints-Fredrik-Carlson-as-Managing-Director-Sweden-1044x587.jpg 1044w, https:\/\/itbranschen.com\/wp-content\/uploads\/2026\/07\/Sambla-Group-appoints-Fredrik-Carlson-as-Managing-Director-Sweden-300x169.jpg 300w, https:\/\/itbranschen.com\/wp-content\/uploads\/2026\/07\/Sambla-Group-appoints-Fredrik-Carlson-as-Managing-Director-Sweden-1024x576.jpg 1024w, https:\/\/itbranschen.com\/wp-content\/uploads\/2026\/07\/Sambla-Group-appoints-Fredrik-Carlson-as-Managing-Director-Sweden-768x432.jpg 768w, https:\/\/itbranschen.com\/wp-content\/uploads\/2026\/07\/Sambla-Group-appoints-Fredrik-Carlson-as-Managing-Director-Sweden-18x10.jpg 18w, https:\/\/itbranschen.com\/wp-content\/uploads\/2026\/07\/Sambla-Group-appoints-Fredrik-Carlson-as-Managing-Director-Sweden-332x187.jpg 332w, https:\/\/itbranschen.com\/wp-content\/uploads\/2026\/07\/Sambla-Group-appoints-Fredrik-Carlson-as-Managing-Director-Sweden-664x374.jpg 664w, https:\/\/itbranschen.com\/wp-content\/uploads\/2026\/07\/Sambla-Group-appoints-Fredrik-Carlson-as-Managing-Director-Sweden-688x387.jpg 688w, https:\/\/itbranschen.com\/wp-content\/uploads\/2026\/07\/Sambla-Group-appoints-Fredrik-Carlson-as-Managing-Director-Sweden.jpg 1200w\" sizes=\"(max-width: 1044px) 100vw, 1044px\" title=\"| IT-Branschen\">\t\t\t\t<\/div>\n\n\t\t\t\t\n\t\t\t\t\n\t\t\t\t<a href=\"https:\/\/itbranschen.com\/de\/fredrik-carlson-sambla-group\/\" class=\"cs-overlay-link\" title=\"Sambla Group utser Fredrik Carlson till Managing Director f\u00f6r Sverige\"><\/a>\n\t\t\t<\/div>\n\t\t\n\t\t<div class=\"cs-entry__inner cs-entry__content\">\n\n\t\t\t<div class=\"cs-entry__post-meta\" ><div class=\"cs-meta-category\"><ul class=\"post-categories\">\n\t<li><a href=\"https:\/\/itbranschen.com\/de\/category\/nyheter\/\" rel=\"category tag\">Nyheter<\/a><\/li>\n\t<li><a href=\"https:\/\/itbranschen.com\/de\/category\/finans\/\" rel=\"category tag\">Finans<\/a><\/li>\n\t<li><a href=\"https:\/\/itbranschen.com\/de\/category\/fintech\/\" rel=\"category tag\">Fintech<\/a><\/li>\n\t<li><a href=\"https:\/\/itbranschen.com\/de\/category\/foretag\/\" rel=\"category tag\">F\u00f6retag<\/a><\/li><\/ul><\/div><\/div>\n\t\t\t<h2 class=\"cs-entry__title\"><a href=\"https:\/\/itbranschen.com\/de\/fredrik-carlson-sambla-group\/\">Sambla Group utser Fredrik Carlson till Managing Director f\u00f6r Sverige<\/a><\/h2>\n\t\t\t\t\t\t\t\t<div class=\"cs-entry__excerpt\">\n\t\t\t\t\t\t\u200b\ufeffFredrik Carlson tar \u00f6ver ledarskapet f\u00f6r Sambla Groups svenska verksamhet med fokus p\u00e5 att accelerera tillv\u00e4xt, st\u00e4rka partnerskap och f\u00f6rfina erbjudandet inom l\u00e5n och privatekonomi.\ufeff\u200b\t\t\t\t\t<\/div>\n\t\t\t\t\t\n\t\t\t<div class=\"cs-entry__post-meta\" ><div class=\"cs-meta-author\"><span class=\"cs-meta-author-by\">by<\/span><a class=\"cs-meta-author-link url fn n\" href=\"https:\/\/itbranschen.com\/de\"><span class=\"cs-meta-author-name\">Angelica Hagelberg<\/span><\/a><\/div><div class=\"cs-meta-date\">Juli 7, 2026<\/div><\/div>\t\t<\/div>\n\t<\/div>\n<\/article>\n\n<article class=\"post-27570 post type-post status-publish format-standard has-post-thumbnail category-nyheter category-finans category-fintech tag-affarssystem-2 tag-ai-automation-foretag tag-ai-inom-ekonomi tag-ai-nyheter tag-artificiell-intelligens tag-artificiell-intelligens-sverige tag-automation tag-automation-foretag tag-business-intelligence tag-cfo-outlook-2026 tag-cfo-sverige tag-collectia tag-collectia-group tag-datadriven-ekonomi tag-datadriven-verksamhet tag-digital-ekonomi tag-digital-transformation tag-digitalisering tag-ekonomi-ai tag-ekonomichefer tag-ekonomifunktion tag-ekonomistyrning tag-enterprise-ai tag-finans-it tag-finansautomation tag-finanssektorn-sverige tag-fintech tag-fintech-sverige tag-foretagsfinans tag-foretagsnyheter-sverige tag-intelligent-automation tag-it-branschen-2 tag-it-media-sverige tag-it-nyheter tag-it-kanal-2 tag-it-kanalen tag-it-kanalen-sverige tag-it-kanalen-se tag-kredithantering tag-nordisk-ekonomi tag-nordisk-it-media tag-riskhantering cs-entry cs-video-wrap\">\n\t<div class=\"cs-entry__outer\">\n\t\t\t\t\t<div class=\"cs-entry__inner cs-entry__overlay cs-entry__thumbnail cs-overlay-ratio cs-ratio-landscape-16-9\">\n\n\t\t\t\t<div class=\"cs-overlay-background\">\n\t\t\t\t\t<img loading=\"lazy\" decoding=\"async\" width=\"332\" height=\"187\" src=\"https:\/\/itbranschen.com\/wp-content\/uploads\/2026\/06\/Collectia-Group-332x187.jpg\" class=\"attachment-csco-thumbnail-uncropped size-csco-thumbnail-uncropped wp-post-image\" alt=\"Svenska ekonomiledare leder AI-utvecklingen i Norden enligt Collectia Groups CFO Outlook 2026.\" srcset=\"https:\/\/itbranschen.com\/wp-content\/uploads\/2026\/06\/Collectia-Group-332x187.jpg 332w, https:\/\/itbranschen.com\/wp-content\/uploads\/2026\/06\/Collectia-Group-300x169.jpg 300w, https:\/\/itbranschen.com\/wp-content\/uploads\/2026\/06\/Collectia-Group-1024x576.jpg 1024w, https:\/\/itbranschen.com\/wp-content\/uploads\/2026\/06\/Collectia-Group-768x432.jpg 768w, https:\/\/itbranschen.com\/wp-content\/uploads\/2026\/06\/Collectia-Group-18x10.jpg 18w, https:\/\/itbranschen.com\/wp-content\/uploads\/2026\/06\/Collectia-Group-664x374.jpg 664w, https:\/\/itbranschen.com\/wp-content\/uploads\/2026\/06\/Collectia-Group-688x387.jpg 688w, https:\/\/itbranschen.com\/wp-content\/uploads\/2026\/06\/Collectia-Group-1044x587.jpg 1044w, https:\/\/itbranschen.com\/wp-content\/uploads\/2026\/06\/Collectia-Group.jpg 1200w\" sizes=\"(max-width: 332px) 100vw, 332px\" title=\"| IT-Branschen\">\t\t\t\t\t<img loading=\"lazy\" decoding=\"async\" width=\"1044\" height=\"587\" src=\"https:\/\/itbranschen.com\/wp-content\/uploads\/2026\/06\/Collectia-Group-1044x587.jpg\" class=\"attachment-csco-large size-csco-large wp-post-image\" alt=\"Svenska ekonomiledare leder AI-utvecklingen i Norden enligt Collectia Groups CFO Outlook 2026.\" srcset=\"https:\/\/itbranschen.com\/wp-content\/uploads\/2026\/06\/Collectia-Group-1044x587.jpg 1044w, https:\/\/itbranschen.com\/wp-content\/uploads\/2026\/06\/Collectia-Group-300x169.jpg 300w, https:\/\/itbranschen.com\/wp-content\/uploads\/2026\/06\/Collectia-Group-1024x576.jpg 1024w, https:\/\/itbranschen.com\/wp-content\/uploads\/2026\/06\/Collectia-Group-768x432.jpg 768w, https:\/\/itbranschen.com\/wp-content\/uploads\/2026\/06\/Collectia-Group-18x10.jpg 18w, https:\/\/itbranschen.com\/wp-content\/uploads\/2026\/06\/Collectia-Group-332x187.jpg 332w, https:\/\/itbranschen.com\/wp-content\/uploads\/2026\/06\/Collectia-Group-664x374.jpg 664w, https:\/\/itbranschen.com\/wp-content\/uploads\/2026\/06\/Collectia-Group-688x387.jpg 688w, https:\/\/itbranschen.com\/wp-content\/uploads\/2026\/06\/Collectia-Group.jpg 1200w\" sizes=\"(max-width: 1044px) 100vw, 1044px\" title=\"| IT-Branschen\">\t\t\t\t<\/div>\n\n\t\t\t\t\n\t\t\t\t\n\t\t\t\t<a href=\"https:\/\/itbranschen.com\/de\/svenska-ekonomifunktioner-ai-nordeuropa\/\" class=\"cs-overlay-link\" title=\"Svenska ekonomiteam leder Nordeuropa n\u00e4r det g\u00e4ller inb\u00e4ddad AI\"><\/a>\n\t\t\t<\/div>\n\t\t\n\t\t<div class=\"cs-entry__inner cs-entry__content\">\n\n\t\t\t<div class=\"cs-entry__post-meta\" ><div class=\"cs-meta-category\"><ul class=\"post-categories\">\n\t<li><a href=\"https:\/\/itbranschen.com\/de\/category\/nyheter\/\" rel=\"category tag\">Nyheter<\/a><\/li>\n\t<li><a href=\"https:\/\/itbranschen.com\/de\/category\/finans\/\" rel=\"category tag\">Finans<\/a><\/li>\n\t<li><a href=\"https:\/\/itbranschen.com\/de\/category\/fintech\/\" rel=\"category tag\">Fintech<\/a><\/li><\/ul><\/div><\/div>\n\t\t\t<h2 class=\"cs-entry__title\"><a href=\"https:\/\/itbranschen.com\/de\/svenska-ekonomifunktioner-ai-nordeuropa\/\">Svenska ekonomiteam leder Nordeuropa n\u00e4r det g\u00e4ller inb\u00e4ddad AI<\/a><\/h2>\n\t\t\t\t\t\t\t\t<div class=\"cs-entry__excerpt\">\n\t\t\t\t\t\t\u200b\ufeffSvenska ekonomiteam ligger i framkant i Nordeuropa med AI integrerat i k\u00e4rnprocesser och datadriven kredithantering, samtidigt som de balanserar teknologi med en realistisk syn p\u00e5 riskhantering.\ufeff\u200b\t\t\t\t\t<\/div>\n\t\t\t\t\t\n\t\t\t<div class=\"cs-entry__post-meta\" ><div class=\"cs-meta-author\"><span class=\"cs-meta-author-by\">by<\/span><a class=\"cs-meta-author-link url fn n\" href=\"https:\/\/itbranschen.com\/de\"><span class=\"cs-meta-author-name\">Mateo Sandstr\u00f6m<\/span><\/a><\/div><div class=\"cs-meta-date\">Juni 25, 2026<\/div><\/div>\t\t<\/div>\n\t<\/div>\n<\/article>\n\t\t\t\t\t\t\t\t<\/div>\n\t\t\t\t\t\t\t<\/div>\n\t\t\t\t\t\t<\/div>\n\t\t\t\t\t\t\t\t<\/section>\n\t\t\t\t\t\t<\/div>\n\t\t\t\t<\/div>\n\t\t\t\t<div class=\"elementor-element elementor-element-285929e cs-dividerhorizontal cs-divider-tablethorizontal cs-divider-mobilehorizontal elementor-widget elementor-widget-cs-divider\" data-id=\"285929e\" data-element_type=\"widget\" data-e-type=\"widget\" data-settings=\"{&quot;ekit_we_effect_on&quot;:&quot;none&quot;}\" data-widget_type=\"cs-divider.default\">\n\t\t\t\t<div class=\"elementor-widget-container\">\n\t\t\t\t\t\t\t<section class=\"cs-divider cs-divider-horizontal\"><\/section>\n\t\t\t\t\t\t<\/div>\n\t\t\t\t<\/div>\n\t\t\t\t<div class=\"elementor-element elementor-element-2aa8bd9 elementor-widget elementor-widget-wp-widget-advads_ad_widget\" data-id=\"2aa8bd9\" data-element_type=\"widget\" data-e-type=\"widget\" data-settings=\"{&quot;ekit_we_effect_on&quot;:&quot;none&quot;}\" data-widget_type=\"wp-widget-advads_ad_widget.default\">\n\t\t\t\t<div class=\"elementor-widget-container\">\n\t\t\t\t\t<div id=\"itbra-slider-5009\" class=\"custom-slider itbra-slider-94134819 itbra-slider\"><ul><li><div id=\"itbra-2345558359\" style=\"clear: both;\"><figure style=\"position:relative;width:100%;max-width:1440px;margin:0 auto 50px auto;\">\r\n\r\n  <a href=\"https:\/\/vortiqxconsilium.com\/\" target=\"_blank\" rel=\"sponsored noopener noreferrer\">\r\n    <img loading=\"lazy\"\r\n      src=\"https:\/\/itbranschen.com\/wp-content\/uploads\/2026\/07\/Vortiq-x-slider.jpg\"\r\n      alt=\"VORTIQ-X AI Governance hj\u00e4lper f\u00f6retag att omvandla AI till styrbart och verifierbart aff\u00e4rsv\u00e4rde.\"\r\n      title=\"VORTIQ-X AI Governance | Fr\u00e5n tokenekonomi till styrbart aff\u00e4rsv\u00e4rde\"\r\n      loading=\"lazy\"\r\n      decoding=\"async\"\r\n      width=\"1440\"\r\n      height=\"323\"\r\n      style=\"width:100%;height:auto;display:block;border-radius:4px;\"\r\n    >\r\n  <\/a>\r\n\r\n  <figcaption style=\"display:none;\">\r\n    VORTIQ-X \u00e4r en AI Governance-plattform som hj\u00e4lper organisationer att styra, verifiera och skapa m\u00e4tbart aff\u00e4rsv\u00e4rde fr\u00e5n AI. Plattformen fokuserar p\u00e5 transparens, regelefterlevnad, AI-styrning och effektiv anv\u00e4ndning av AI i verksamhetskritiska processer.\r\n  <\/figcaption>\r\n\r\n  <div style=\"\r\n    position:absolute;\r\n    bottom:-18px;\r\n    left:0;\r\n    font-size:12px;\r\n    background:#fff;\r\n    padding:4px 10px;\r\n    border-radius:0 0 4px 4px;\r\n    font-weight:700;\r\n    color:#000;\r\n    box-shadow:0 1px 3px rgba(0,0,0,.15);\r\n  \">\r\n    ANNONS\r\n  <\/div>\r\n\r\n<\/figure><\/div><br style=\"clear: both; display: block; float: none;\"\/><\/li><li><div id=\"itbra-2045470851\" style=\"clear: both;\"><figure style=\"position:relative;width:100%;max-width:1440px;margin:0 auto 50px auto;\">\r\n\r\n  <a href=\"https:\/\/www.youtube.com\/@MagicChats\/videos\" target=\"_blank\" rel=\"noopener sponsored\">\r\n    <img\r\n      src=\"https:\/\/itbranschen.com\/wp-content\/uploads\/2026\/07\/maciek-szczesniak-magic-chats-youtube.jpg\"\r\n      alt=\"Maciek Szczesniak featured on IT-Branschen Wire Channel Magic Chats podcast banner\"\r\n      title=\"Maciek Szczesniak | Magic Chats Podcast | IT-Branschen Wire Channel\"\r\n      loading=\"lazy\"\r\n      decoding=\"async\"\r\n      style=\"width:100%;height:auto;display:block;border-radius:4px;\"\r\n    >\r\n  <\/a>\r\n\r\n  <figcaption style=\"display:none;\">\r\n    Maciek Szczesniak appears on IT-Branschen Wire Channel Magic Chats, discussing leadership, innovation, digital transformation, and business services.\r\n  <\/figcaption>\r\n\r\n  <div style=\"\r\n    position:absolute;\r\n    bottom:-18px;\r\n    left:0;\r\n    font-size:12px;\r\n    background:#fff;\r\n    padding:4px 10px;\r\n    border-radius:0 0 4px 4px;\r\n    font-weight:700;\r\n    color:#000;\r\n    box-shadow:0 1px 3px rgba(0,0,0,.15);\r\n  \">\r\n    SPONSRAD\r\n  <\/div>\r\n\r\n<\/figure><\/div><br style=\"clear: both; display: block; float: none;\"\/><\/li><li><div id=\"itbra-3347971448\" style=\"clear: both;\"><figure style=\"position:relative;width:100%;max-width:1440px;margin:0 auto 50px auto;\">\r\n\r\n  <a href=\"https:\/\/itbranschen.com\/sv\/om-oss-it-branschen\/\" target=\"_blank\" rel=\"noopener\">\r\n    <img loading=\"lazy\"\r\n      src=\"https:\/\/itbranschen.com\/wp-content\/uploads\/2026\/07\/IT-Branschen-banner-orange.jpg\"\r\n      alt=\"IT-Branschen Nordic technology media platform covering cybersecurity, cloud, AI, digital transformation, channel, MSP and enterprise IT news\"\r\n      title=\"IT-Branschen | Nordic Technology, Cybersecurity and Enterprise IT Media\"\r\n      loading=\"lazy\"\r\n      decoding=\"async\"\r\n      width=\"1440\"\r\n      height=\"323\"\r\n      style=\"width:100%;height:auto;display:block;border-radius:4px;\"\r\n    >\r\n  <\/a>\r\n\r\n  <figcaption style=\"display:none;\">\r\n    IT-Branschen is a leading Nordic technology media platform covering cybersecurity news, artificial intelligence, cloud computing, enterprise IT, digital transformation, managed services, channel partners, software development, telecommunications, data centers, IT infrastructure, technology leadership, business innovation, and emerging technologies. Through executive interviews, industry analysis, event coverage, thought leadership, product launches, vendor updates, and market insights, IT-Branschen connects technology decision-makers, CIOs, CISOs, CTOs, IT managers, MSPs, resellers, distributors, technology vendors, startups, and enterprise organizations across Sweden, Norway, Denmark, Finland, and Europe. Coverage includes cybersecurity trends, AI adoption, cloud strategy, enterprise software, networking, digital infrastructure, sustainability, compliance, governance, risk management, automation, data analytics, and future technology developments.\r\n  <\/figcaption>\r\n\r\n  <div style=\"\r\n    position:absolute;\r\n    bottom:-18px;\r\n    left:0;\r\n    font-size:12px;\r\n    background:#fff;\r\n    padding:4px 10px;\r\n    border-radius:0 0 4px 4px;\r\n    font-weight:700;\r\n    color:#000;\r\n    box-shadow:0 1px 3px rgba(0,0,0,.15);\r\n  \">\r\n    EGET INNEH\u00c5LL\r\n  <\/div>\r\n\r\n<\/figure><\/div><br style=\"clear: both; display: block; float: none;\"\/><\/li><li><div id=\"itbra-1128159518\" style=\"clear: both;\"><figure style=\"position:relative;width:100%;max-width:1440px;margin:0 auto 50px auto;\">\r\n\r\n  <a href=\"https:\/\/italy.cybertechconference.com\/Media_Partners_Registration\/?utm_source=IT-Branschen&amp;utm_medium=display&amp;utm_campaign=cybertech_europe_2026\" target=\"_blank\" rel=\"noopener noreferrer\">\r\n    <img loading=\"lazy\"\r\n      src=\"https:\/\/itbranschen.com\/wp-content\/uploads\/2026\/07\/banner-slider-rome-cyber-tech-europe-Italy-Rome.jpg\"\r\n      alt=\"Cybertech Europe 2026 cybersecurity conference in Rome with IT-Branschen as Official Media Partner\"\r\n      title=\"Cybertech Europe 2026 Official Media Partner | IT-Branschen\"\r\n      loading=\"lazy\"\r\n      decoding=\"async\"\r\n      width=\"1440\"\r\n      height=\"323\"\r\n      style=\"width:100%;height:auto;display:block;border-radius:4px;\"\r\n    >\r\n  <\/a>\r\n\r\n  <figcaption style=\"display:none;\">\r\n    Cybertech Europe 2026 is one of Europe's leading cybersecurity conferences, bringing together cybersecurity leaders, government officials, technology innovators, startups, investors, and enterprise decision-makers in Rome. IT-Branschen serves as an Official Media Partner, providing event coverage, executive interviews, industry insights, and cybersecurity news for Nordic and European audiences.\r\n  <\/figcaption>\r\n\r\n  <div style=\"\r\n    position:absolute;\r\n    bottom:-18px;\r\n    left:0;\r\n    font-size:12px;\r\n    background:#fff;\r\n    padding:4px 10px;\r\n    border-radius:0 0 4px 4px;\r\n    font-weight:700;\r\n    color:#000;\r\n    box-shadow:0 1px 3px rgba(0,0,0,.15);\r\n  \">\r\n    ANNONS\r\n  <\/div>\r\n\r\n<\/figure><\/div><br style=\"clear: both; display: block; float: none;\"\/><\/li><\/ul><\/div><script>( window.advanced_ads_ready || jQuery( document ).ready ).call( null, function() {var $itbraslider94134819 = jQuery( \".itbra-slider-94134819\" );$itbraslider94134819.on( \"unslider.ready\", function() { jQuery( \"div.custom-slider ul li\" ).css( \"display\", \"block\" ); });$itbraslider94134819.unslider({ delay:15000, autoplay:true, nav:false, arrows:false, infinite:true });$itbraslider94134819.on(\"mouseover\", function() {$itbraslider94134819.unslider(\"stop\");}).on(\"mouseout\", function() {$itbraslider94134819.unslider(\"start\");});});<\/script>\t\t\t\t<\/div>\n\t\t\t\t<\/div>\n\t\t\t\t\t<\/div>\n\t\t\t\t<\/div>\n\t\t<div class=\"elementor-element elementor-element-3395b36 e-con-full e-flex e-con e-parent\" data-id=\"3395b36\" data-element_type=\"container\" data-e-type=\"container\" data-settings=\"{&quot;background_background&quot;:&quot;classic&quot;}\">\n\t\t\t\t<div class=\"elementor-element elementor-element-10c9197 elementor-widget elementor-widget-cs-heading\" data-id=\"10c9197\" data-element_type=\"widget\" data-e-type=\"widget\" data-settings=\"{&quot;ekit_we_effect_on&quot;:&quot;none&quot;}\" data-widget_type=\"cs-heading.default\">\n\t\t\t\t<div class=\"elementor-widget-container\">\n\t\t\t\t\t\t\t\t\t\t<section class=\"cs-heading cs-heading-background\">\n\t\t\t\t<div class=\"cs-heading__container cs-container\">\n\t\t\t\t\t<h2 class=\"cs-heading__content\">\n\t\t\t\t\t\tPopul\u00e4rt just nu\t\t\t\t\t<\/h2>\n\n\t\t\t\t\t\t\t\t\t<\/div>\n\t\t\t<\/section>\n\t\t\t\t\t\t\t\t<\/div>\n\t\t\t\t<\/div>\n\t\t\t\t<div class=\"elementor-element elementor-element-dfe85ba elementor-widget elementor-widget-cs-posts\" data-id=\"dfe85ba\" data-element_type=\"widget\" data-e-type=\"widget\" data-settings=\"{&quot;ekit_we_effect_on&quot;:&quot;none&quot;}\" data-widget_type=\"cs-posts.default\">\n\t\t\t\t<div class=\"elementor-widget-container\">\n\t\t\t\t\t\t\t\t<section class=\"cs-posts cs-posts__numbered cs-posts-background\">\n\t\t\t\t\t\t\t\t\t\t<div class=\"cs-posts-area cs-posts-area-elementor cs-container\" data-posts-area=\"\">\n\t\t\t\t\t\t\t<div class=\"cs-posts-area__outer\">\n\t\t\t\t\t\t\t\t<div\n\t\t\t\t\t\t\t\tclass=\"cs-posts-area__main\"\n\t\t\t\t\t\t\t\tdata-pc=\"5\"\n\t\t\t\t\t\t\t\tdata-lt=\"3\"\n\t\t\t\t\t\t\t\tdata-tb=\"2\"\n\t\t\t\t\t\t\t\tdata-mb=\"1\"\n\t\t\t\t\t\t\t\t>\n\t\t\t\t\t\t\t\t\t\n\n<article class=\"post-32591 post type-post status-publish format-standard has-post-thumbnail category-artificiell-intelligens tag-ai tag-ai-for-actual-work tag-ai-agenter tag-ai-kompetens-2 tag-ai-utbildning-2 tag-artificiell-intelligens tag-automation tag-digitalisering tag-enterprise-ai tag-framtidens-arbetsliv tag-generativ-ai tag-hr-tech tag-it-branschen-2 tag-it-kanalen-2 tag-it-branschen tag-it-kanalen tag-itkanalen tag-kompetensutveckling tag-remote cs-entry cs-video-wrap\">\n\t<div class=\"cs-entry__outer cs-entry__outer-accent\">\n\n\t\t\n\t\t<div class=\"cs-entry__inner cs-entry__content-wrapper\">\n\t\t\t<div class=\"cs-entry__content\">\n\n\t\t\t\t<div class=\"cs-entry__post-meta\" ><div class=\"cs-meta-category\"><ul class=\"post-categories\">\n\t<li><a href=\"https:\/\/itbranschen.com\/de\/category\/artificiell-intelligens\/\" rel=\"category tag\">Artificiell intelligens<\/a><\/li><\/ul><\/div><\/div>\n\t\t\t\t<h2 class=\"cs-entry__title\"><a href=\"https:\/\/itbranschen.com\/de\/remote-ai-utbildning-gratis\/\">Remote skapade egen tj\u00e4nst f\u00f6r att utbilda sina 2 000 medarbetare i AI: nu blir den gratis f\u00f6r alla<\/a><\/h2>\n\t\t\t\t\n\t\t\t\t<div class=\"cs-entry__post-meta\" ><div class=\"cs-meta-author\"><span class=\"cs-meta-author-by\">by<\/span><a class=\"cs-meta-author-link url fn n\" href=\"https:\/\/itbranschen.com\/de\"><span class=\"cs-meta-author-name\">IT-Branschen<\/span><\/a><\/div><\/div>\t\t\t<\/div>\n\t\t<\/div>\n\n\t<\/div>\n<\/article>\n\n\n<article class=\"post-32566 post type-post status-publish format-standard has-post-thumbnail category-cybersakerhet tag-cmvp tag-compliance tag-cybersakerhet tag-fips-140-2 tag-fips-140-3 tag-informationssakerhet tag-it-branschen-2 tag-it-branschen-nyheter tag-it-kanalen-2 tag-it-kanalen tag-it-sakerhet tag-kryptering tag-kryptografi tag-nist tag-openssl tag-regelefterlevnad cs-entry cs-video-wrap\">\n\t<div class=\"cs-entry__outer cs-entry__outer-accent\">\n\n\t\t\n\t\t<div class=\"cs-entry__inner cs-entry__content-wrapper\">\n\t\t\t<div class=\"cs-entry__content\">\n\n\t\t\t\t<div class=\"cs-entry__post-meta\" ><div class=\"cs-meta-category\"><ul class=\"post-categories\">\n\t<li><a href=\"https:\/\/itbranschen.com\/de\/category\/cybersakerhet\/\" rel=\"category tag\">Cybers\u00e4kerhet<\/a><\/li><\/ul><\/div><\/div>\n\t\t\t\t<h2 class=\"cs-entry__title\"><a href=\"https:\/\/itbranschen.com\/de\/openssl-fips-140-2-fips-140-3\/\">OpenSSL: FIPS 140-2 g\u00e5r mot sitt slut \u2013 f\u00f6retag b\u00f6r f\u00f6rbereda \u00f6verg\u00e5ngen till FIPS 140-3<\/a><\/h2>\n\t\t\t\t\n\t\t\t\t<div class=\"cs-entry__post-meta\" ><div class=\"cs-meta-author\"><span class=\"cs-meta-author-by\">by<\/span><a class=\"cs-meta-author-link url fn n\" href=\"https:\/\/itbranschen.com\/de\"><span class=\"cs-meta-author-name\">IT-Branschen<\/span><\/a><\/div><\/div>\t\t\t<\/div>\n\t\t<\/div>\n\n\t<\/div>\n<\/article>\n\n\n<article class=\"post-32527 post type-post status-publish format-standard has-post-thumbnail category-artificiell-intelligens tag-affarsnyheter tag-ai tag-ai-agenter tag-ai-kostnader tag-ai-modeller-2 tag-anthropic tag-artificiell-intelligens tag-cortex-ai-gateway tag-deepseek tag-deepseek-v4-flash tag-dynamic-model-routing tag-enterprise-ai tag-generativ-ai tag-glm-5-3 tag-google tag-it-branschen-2 tag-it-branschen tag-it-kanalen tag-mistral tag-nyheter tag-nyheter-it-kanalen tag-openai tag-snowflake tag-snowflake-coco tag-snowflake-cortex-ai tag-snowflake-cowork cs-entry cs-video-wrap\">\n\t<div class=\"cs-entry__outer cs-entry__outer-accent\">\n\n\t\t\n\t\t<div class=\"cs-entry__inner cs-entry__content-wrapper\">\n\t\t\t<div class=\"cs-entry__content\">\n\n\t\t\t\t<div class=\"cs-entry__post-meta\" ><div class=\"cs-meta-category\"><ul class=\"post-categories\">\n\t<li><a href=\"https:\/\/itbranschen.com\/de\/category\/artificiell-intelligens\/\" rel=\"category tag\">Artificiell intelligens<\/a><\/li><\/ul><\/div><\/div>\n\t\t\t\t<h2 class=\"cs-entry__title\"><a href=\"https:\/\/itbranschen.com\/de\/snowflake-dynamisk-modellstyrning\/\">Snowflake lanserar dynamisk modellstyrning \u2013 ska s\u00e4nka AI-kostnaderna f\u00f6r f\u00f6retag<\/a><\/h2>\n\t\t\t\t\n\t\t\t\t<div class=\"cs-entry__post-meta\" ><div class=\"cs-meta-author\"><span class=\"cs-meta-author-by\">by<\/span><a class=\"cs-meta-author-link url fn n\" href=\"https:\/\/itbranschen.com\/de\"><span class=\"cs-meta-author-name\">IT-Branschen<\/span><\/a><\/div><\/div>\t\t\t<\/div>\n\t\t<\/div>\n\n\t<\/div>\n<\/article>\n\n\n<article class=\"post-32520 post type-post status-publish format-standard has-post-thumbnail category-cybersakerhet category-moln-data tag-affarskontinuitet tag-ai tag-backup tag-cloud-rewind tag-cloud-security tag-commvault tag-cyber-recovery tag-cyberresiliens tag-cybersakerhet tag-dataskydd tag-disaster-recovery tag-foretags-it-2 tag-it-sakerhet tag-microsoft tag-microsoft-azure tag-molnsakerhet tag-molntjanster tag-ransomware cs-entry cs-video-wrap\">\n\t<div class=\"cs-entry__outer cs-entry__outer-accent\">\n\n\t\t\n\t\t<div class=\"cs-entry__inner cs-entry__content-wrapper\">\n\t\t\t<div class=\"cs-entry__content\">\n\n\t\t\t\t<div class=\"cs-entry__post-meta\" ><div class=\"cs-meta-category\"><ul class=\"post-categories\">\n\t<li><a href=\"https:\/\/itbranschen.com\/de\/category\/cybersakerhet\/\" rel=\"category tag\">Cybers\u00e4kerhet<\/a><\/li>\n\t<li><a href=\"https:\/\/itbranschen.com\/de\/category\/moln-data\/\" rel=\"category tag\">Moln &amp; Data<\/a><\/li><\/ul><\/div><\/div>\n\t\t\t\t<h2 class=\"cs-entry__title\"><a href=\"https:\/\/itbranschen.com\/de\/commvault-cloud-rewind-azure\/\">Commvault st\u00e4rker Cloud Rewind med ut\u00f6kat st\u00f6d f\u00f6r Microsoft Azure<\/a><\/h2>\n\t\t\t\t\n\t\t\t\t<div class=\"cs-entry__post-meta\" ><div class=\"cs-meta-author\"><span class=\"cs-meta-author-by\">by<\/span><a class=\"cs-meta-author-link url fn n\" href=\"https:\/\/itbranschen.com\/de\"><span class=\"cs-meta-author-name\">IT-Branschen<\/span><\/a><\/div><\/div>\t\t\t<\/div>\n\t\t<\/div>\n\n\t<\/div>\n<\/article>\n\n\n<article class=\"post-32398 post type-post status-publish format-standard has-post-thumbnail category-digitalisering category-nyheter tag-ai tag-automatisering tag-customer-experience tag-cx tag-digital-sjalvservice tag-digitalisering tag-finansiella-tjanster tag-forsakring tag-halso-och-sjukvard-2 tag-it-kanalen-nyheter-2 tag-it-nyheter tag-it-branschen tag-it-kanalen tag-it-kanalen-nyheter tag-itbranschen tag-konsumentbeteende tag-kundkommunikation tag-kundservice tag-kundupplevelse tag-nyheter tag-offentlig-sektor tag-sjalvservice tag-smart-communications tag-toluna cs-entry cs-video-wrap\">\n\t<div class=\"cs-entry__outer cs-entry__outer-accent\">\n\n\t\t\n\t\t<div class=\"cs-entry__inner cs-entry__content-wrapper\">\n\t\t\t<div class=\"cs-entry__content\">\n\n\t\t\t\t<div class=\"cs-entry__post-meta\" ><div class=\"cs-meta-category\"><ul class=\"post-categories\">\n\t<li><a href=\"https:\/\/itbranschen.com\/de\/category\/digitalisering\/\" rel=\"category tag\">Digitalisering<\/a><\/li>\n\t<li><a href=\"https:\/\/itbranschen.com\/de\/category\/nyheter\/\" rel=\"category tag\">Nyheter<\/a><\/li><\/ul><\/div><\/div>\n\t\t\t\t<h2 class=\"cs-entry__title\"><a href=\"https:\/\/itbranschen.com\/de\/svenskar-digital-sjalvservice\/\">Var tredje svensk undviker att ringa f\u00f6retag \u2013 &#8220;f\u00f6r stressigt&#8221;<\/a><\/h2>\n\t\t\t\t\n\t\t\t\t<div class=\"cs-entry__post-meta\" ><div class=\"cs-meta-author\"><span class=\"cs-meta-author-by\">by<\/span><a class=\"cs-meta-author-link url fn n\" href=\"https:\/\/itbranschen.com\/de\"><span class=\"cs-meta-author-name\">IT-Branschen<\/span><\/a><\/div><\/div>\t\t\t<\/div>\n\t\t<\/div>\n\n\t<\/div>\n<\/article>\n\t\t\t\t\t\t\t\t<\/div>\n\t\t\t\t\t\t\t<\/div>\n\t\t\t\t\t\t<\/div>\n\t\t\t\t\t\t\t\t<\/section>\n\t\t\t\t\t\t<\/div>\n\t\t\t\t<\/div>\n\t\t\t\t<\/div>\n\t\t<div class=\"elementor-element elementor-element-e41fe0e e-flex e-con-boxed e-con e-parent\" data-id=\"e41fe0e\" data-element_type=\"container\" data-e-type=\"container\">\n\t\t\t\t\t<div class=\"e-con-inner\">\n\t\t\t\t<div class=\"elementor-element elementor-element-bbaf193 elementor-widget elementor-widget-cs-heading\" data-id=\"bbaf193\" data-element_type=\"widget\" data-e-type=\"widget\" data-settings=\"{&quot;ekit_we_effect_on&quot;:&quot;none&quot;}\" data-widget_type=\"cs-heading.default\">\n\t\t\t\t<div class=\"elementor-widget-container\">\n\t\t\t\t\t\t\t\t\t\t<section class=\"cs-heading\">\n\t\t\t\t<div class=\"cs-heading__container \">\n\t\t\t\t\t<h2 class=\"cs-heading__content\">\n\t\t\t\t\t\tMest l\u00e4sta\t\t\t\t\t<\/h2>\n\n\t\t\t\t\t\t\t\t\t<\/div>\n\t\t\t<\/section>\n\t\t\t\t\t\t\t\t<\/div>\n\t\t\t\t<\/div>\n\t\t\t\t<div class=\"elementor-element elementor-element-cce7d52 elementor-widget elementor-widget-cs-posts\" data-id=\"cce7d52\" data-element_type=\"widget\" data-e-type=\"widget\" data-settings=\"{&quot;ekit_we_effect_on&quot;:&quot;none&quot;}\" data-widget_type=\"cs-posts.default\">\n\t\t\t\t<div class=\"elementor-widget-container\">\n\t\t\t\t\t\t\t\t<section class=\"cs-posts cs-posts__tile\">\n\t\t\t\t\t\t\t\t\t\t<div class=\"cs-posts-area cs-posts-area-elementor \" data-posts-area=\"\">\n\t\t\t\t\t\t\t<div class=\"cs-posts-area__outer\">\n\t\t\t\t\t\t\t\t<div\n\t\t\t\t\t\t\t\tclass=\"cs-posts-area__main\"\n\t\t\t\t\t\t\t\tdata-pc=\"3\"\n\t\t\t\t\t\t\t\tdata-lt=\"3\"\n\t\t\t\t\t\t\t\tdata-tb=\"1\"\n\t\t\t\t\t\t\t\tdata-mb=\"1\"\n\t\t\t\t\t\t\t\t>\n\t\t\t\t\t\t\t\t\t\n<article class=\"post-32368 post type-post status-publish format-standard has-post-thumbnail category-artificiell-intelligens tag-ai tag-ai-agenter tag-artificiell-intelligens tag-custom-software tag-digitalisering tag-emergent tag-enterprise-software tag-low-code-2 tag-mjukvara tag-mjukvaruutveckling tag-no-code tag-saas tag-smaforetag tag-smb tag-vibe-coding cs-entry cs-video-wrap\">\n\t<div\n\tclass=\"cs-entry__outer cs-entry__overlay cs-overlay-ratio cs-ratio-landscape-16-9\"\n\tdata-scheme=\"inverse\"\n\t>\n\n\t\t<div class=\"cs-entry__inner cs-entry__thumbnail cs-entry__tile\">\n\n\t\t\t<div class=\"cs-overlay-background\">\n\t\t\t\t\t\t\t\t\t<img loading=\"lazy\" decoding=\"async\" width=\"332\" height=\"187\" src=\"https:\/\/itbranschen.com\/wp-content\/uploads\/2026\/08\/Emergent-332x187.jpg\" class=\"attachment-csco-thumbnail-uncropped size-csco-thumbnail-uncropped wp-post-image\" alt=\"Age of Custom Software Index 2026: Emergent granskar f\u00f6retagens anv\u00e4ndning av skr\u00e4ddarsydd mjukvara | IT-Branschen\" srcset=\"https:\/\/itbranschen.com\/wp-content\/uploads\/2026\/08\/Emergent-332x187.jpg 332w, https:\/\/itbranschen.com\/wp-content\/uploads\/2026\/08\/Emergent-300x169.jpg 300w, https:\/\/itbranschen.com\/wp-content\/uploads\/2026\/08\/Emergent-1024x576.jpg 1024w, https:\/\/itbranschen.com\/wp-content\/uploads\/2026\/08\/Emergent-768x432.jpg 768w, https:\/\/itbranschen.com\/wp-content\/uploads\/2026\/08\/Emergent-18x10.jpg 18w, https:\/\/itbranschen.com\/wp-content\/uploads\/2026\/08\/Emergent-664x374.jpg 664w, https:\/\/itbranschen.com\/wp-content\/uploads\/2026\/08\/Emergent-688x387.jpg 688w, https:\/\/itbranschen.com\/wp-content\/uploads\/2026\/08\/Emergent-1044x587.jpg 1044w, https:\/\/itbranschen.com\/wp-content\/uploads\/2026\/08\/Emergent.jpg 1200w\" sizes=\"(max-width: 332px) 100vw, 332px\" title=\"| IT-Branschen\">\t\t\t\t\t<img loading=\"lazy\" decoding=\"async\" width=\"1044\" height=\"587\" src=\"https:\/\/itbranschen.com\/wp-content\/uploads\/2026\/08\/Emergent-1044x587.jpg\" class=\"attachment-csco-large size-csco-large wp-post-image\" alt=\"Age of Custom Software Index 2026: Emergent granskar f\u00f6retagens anv\u00e4ndning av skr\u00e4ddarsydd mjukvara | IT-Branschen\" srcset=\"https:\/\/itbranschen.com\/wp-content\/uploads\/2026\/08\/Emergent-1044x587.jpg 1044w, https:\/\/itbranschen.com\/wp-content\/uploads\/2026\/08\/Emergent-300x169.jpg 300w, https:\/\/itbranschen.com\/wp-content\/uploads\/2026\/08\/Emergent-1024x576.jpg 1024w, https:\/\/itbranschen.com\/wp-content\/uploads\/2026\/08\/Emergent-768x432.jpg 768w, https:\/\/itbranschen.com\/wp-content\/uploads\/2026\/08\/Emergent-18x10.jpg 18w, https:\/\/itbranschen.com\/wp-content\/uploads\/2026\/08\/Emergent-332x187.jpg 332w, https:\/\/itbranschen.com\/wp-content\/uploads\/2026\/08\/Emergent-664x374.jpg 664w, https:\/\/itbranschen.com\/wp-content\/uploads\/2026\/08\/Emergent-688x387.jpg 688w, https:\/\/itbranschen.com\/wp-content\/uploads\/2026\/08\/Emergent.jpg 1200w\" sizes=\"(max-width: 1044px) 100vw, 1044px\" title=\"| IT-Branschen\">\t\t\t\t\t\t\t<\/div>\n\n\t\t\t\n\t\t\t\n\t\t<\/div>\n\n\t\t<div class=\"cs-entry__inner cs-entry__content cs-overlay-content\">\n\n\t\t\t<div class=\"cs-entry__post-meta\" ><div class=\"cs-meta-category\"><ul class=\"post-categories\">\n\t<li><a href=\"https:\/\/itbranschen.com\/de\/category\/artificiell-intelligens\/\" rel=\"category tag\">Artificiell intelligens<\/a><\/li><\/ul><\/div><\/div>\n\t\t\t<h2 class=\"cs-entry__title\">Age of Custom Software Index 2026: Emergent granskar f\u00f6retagens anv\u00e4ndning av skr\u00e4ddarsydd mjukvara<\/h2>\n\t\t\t\n\t\t\t<div class=\"cs-entry__post-meta\" ><div class=\"cs-meta-author\"><span class=\"cs-meta-author-by\">by<\/span><a class=\"cs-meta-author-link url fn n\" href=\"https:\/\/itbranschen.com\/de\"><span class=\"cs-meta-author-name\">IT-Branschen<\/span><\/a><\/div><div class=\"cs-meta-date\">August 19, 2026<\/div><\/div>\t\t<\/div>\n\n\t\t<a class=\"cs-overlay-link\" href=\"https:\/\/itbranschen.com\/de\/ai-smaforetag-bygger-egen-mjukvara\/\" title=\"Age of Custom Software Index 2026: Emergent granskar f\u00f6retagens anv\u00e4ndning av skr\u00e4ddarsydd mjukvara\"><\/a>\n\t<\/div>\n<\/article>\n\n<article class=\"post-32351 post type-post status-publish format-standard has-post-thumbnail category-cybersakerhet category-nyheter tag-aterforsaljare tag-carahsoft tag-cybersakerhet tag-distributorer tag-identitetssakerhet tag-it-branschen-2 tag-it-kanalen-nyheter-2 tag-it-branschen tag-it-kanalen tag-it-kanalen-sverige tag-itkanalen tag-midmarket tag-molnsakerhet tag-msp tag-mssp tag-partnerprogram tag-ransomware tag-smb tag-zero-trust tag-zero-trust-exchange tag-zscaler cs-entry cs-video-wrap\">\n\t<div\n\tclass=\"cs-entry__outer cs-entry__overlay cs-overlay-ratio cs-ratio-landscape-16-9\"\n\tdata-scheme=\"inverse\"\n\t>\n\n\t\t<div class=\"cs-entry__inner cs-entry__thumbnail cs-entry__tile\">\n\n\t\t\t<div class=\"cs-overlay-background\">\n\t\t\t\t\t\t\t\t\t<img loading=\"lazy\" decoding=\"async\" width=\"332\" height=\"187\" src=\"https:\/\/itbranschen.com\/wp-content\/uploads\/2026\/08\/Zscaler-Carahsoft-332x187.jpg\" class=\"attachment-csco-thumbnail-uncropped size-csco-thumbnail-uncropped wp-post-image\" alt=\"Zscaler och Carahsoft breddar Zero Trust-satsning mot mindre f\u00f6retag | IT-Branschen\" srcset=\"https:\/\/itbranschen.com\/wp-content\/uploads\/2026\/08\/Zscaler-Carahsoft-332x187.jpg 332w, https:\/\/itbranschen.com\/wp-content\/uploads\/2026\/08\/Zscaler-Carahsoft-300x169.jpg 300w, https:\/\/itbranschen.com\/wp-content\/uploads\/2026\/08\/Zscaler-Carahsoft-1024x576.jpg 1024w, https:\/\/itbranschen.com\/wp-content\/uploads\/2026\/08\/Zscaler-Carahsoft-768x432.jpg 768w, https:\/\/itbranschen.com\/wp-content\/uploads\/2026\/08\/Zscaler-Carahsoft-18x10.jpg 18w, https:\/\/itbranschen.com\/wp-content\/uploads\/2026\/08\/Zscaler-Carahsoft-664x374.jpg 664w, https:\/\/itbranschen.com\/wp-content\/uploads\/2026\/08\/Zscaler-Carahsoft-688x387.jpg 688w, https:\/\/itbranschen.com\/wp-content\/uploads\/2026\/08\/Zscaler-Carahsoft-1044x587.jpg 1044w, https:\/\/itbranschen.com\/wp-content\/uploads\/2026\/08\/Zscaler-Carahsoft.jpg 1200w\" sizes=\"(max-width: 332px) 100vw, 332px\" title=\"| IT-Branschen\">\t\t\t\t\t<img loading=\"lazy\" decoding=\"async\" width=\"1044\" height=\"587\" src=\"https:\/\/itbranschen.com\/wp-content\/uploads\/2026\/08\/Zscaler-Carahsoft-1044x587.jpg\" class=\"attachment-csco-large size-csco-large wp-post-image\" alt=\"Zscaler och Carahsoft breddar Zero Trust-satsning mot mindre f\u00f6retag | IT-Branschen\" srcset=\"https:\/\/itbranschen.com\/wp-content\/uploads\/2026\/08\/Zscaler-Carahsoft-1044x587.jpg 1044w, https:\/\/itbranschen.com\/wp-content\/uploads\/2026\/08\/Zscaler-Carahsoft-300x169.jpg 300w, https:\/\/itbranschen.com\/wp-content\/uploads\/2026\/08\/Zscaler-Carahsoft-1024x576.jpg 1024w, https:\/\/itbranschen.com\/wp-content\/uploads\/2026\/08\/Zscaler-Carahsoft-768x432.jpg 768w, https:\/\/itbranschen.com\/wp-content\/uploads\/2026\/08\/Zscaler-Carahsoft-18x10.jpg 18w, https:\/\/itbranschen.com\/wp-content\/uploads\/2026\/08\/Zscaler-Carahsoft-332x187.jpg 332w, https:\/\/itbranschen.com\/wp-content\/uploads\/2026\/08\/Zscaler-Carahsoft-664x374.jpg 664w, https:\/\/itbranschen.com\/wp-content\/uploads\/2026\/08\/Zscaler-Carahsoft-688x387.jpg 688w, https:\/\/itbranschen.com\/wp-content\/uploads\/2026\/08\/Zscaler-Carahsoft.jpg 1200w\" sizes=\"(max-width: 1044px) 100vw, 1044px\" title=\"| IT-Branschen\">\t\t\t\t\t\t\t<\/div>\n\n\t\t\t\n\t\t\t\n\t\t<\/div>\n\n\t\t<div class=\"cs-entry__inner cs-entry__content cs-overlay-content\">\n\n\t\t\t<div class=\"cs-entry__post-meta\" ><div class=\"cs-meta-category\"><ul class=\"post-categories\">\n\t<li><a href=\"https:\/\/itbranschen.com\/de\/category\/cybersakerhet\/\" rel=\"category tag\">Cybers\u00e4kerhet<\/a><\/li>\n\t<li><a href=\"https:\/\/itbranschen.com\/de\/category\/nyheter\/\" rel=\"category tag\">Nyheter<\/a><\/li><\/ul><\/div><\/div>\n\t\t\t<h2 class=\"cs-entry__title\">Zscaler och Carahsoft breddar Zero Trust-satsning mot mindre f\u00f6retag<\/h2>\n\t\t\t\n\t\t\t<div class=\"cs-entry__post-meta\" ><div class=\"cs-meta-author\"><span class=\"cs-meta-author-by\">by<\/span><a class=\"cs-meta-author-link url fn n\" href=\"https:\/\/itbranschen.com\/de\"><span class=\"cs-meta-author-name\">Sandra \u00c5str\u00f6m<\/span><\/a><\/div><div class=\"cs-meta-date\">August 19, 2026<\/div><\/div>\t\t<\/div>\n\n\t\t<a class=\"cs-overlay-link\" href=\"https:\/\/itbranschen.com\/de\/zscaler-carahsoft-zero-trust-smb\/\" title=\"Zscaler och Carahsoft breddar Zero Trust-satsning mot mindre f\u00f6retag\"><\/a>\n\t<\/div>\n<\/article>\n\n<article class=\"post-32337 post type-post status-publish format-standard has-post-thumbnail category-moln-data tag-ai-infrastruktur tag-brookfield tag-datasakerhet tag-digital-suveranitet tag-molntjanster tag-offentlig-sektor tag-publitech tag-suverant-moln tag-sverige tag-telia tag-telia-cygate tag-visma cs-entry cs-video-wrap\">\n\t<div\n\tclass=\"cs-entry__outer cs-entry__overlay cs-overlay-ratio cs-ratio-landscape-16-9\"\n\tdata-scheme=\"inverse\"\n\t>\n\n\t\t<div class=\"cs-entry__inner cs-entry__thumbnail cs-entry__tile\">\n\n\t\t\t<div class=\"cs-overlay-background\">\n\t\t\t\t\t\t\t\t\t<img loading=\"lazy\" decoding=\"async\" width=\"332\" height=\"187\" src=\"https:\/\/itbranschen.com\/wp-content\/uploads\/2026\/08\/telia-cygate-partnerskap-332x187.jpg\" class=\"attachment-csco-thumbnail-uncropped size-csco-thumbnail-uncropped wp-post-image\" alt=\"Telia Cygate och Visma ing\u00e5r avtal om svensk datasuver\u00e4nitet | IT-Branschen\" srcset=\"https:\/\/itbranschen.com\/wp-content\/uploads\/2026\/08\/telia-cygate-partnerskap-332x187.jpg 332w, https:\/\/itbranschen.com\/wp-content\/uploads\/2026\/08\/telia-cygate-partnerskap-300x169.jpg 300w, https:\/\/itbranschen.com\/wp-content\/uploads\/2026\/08\/telia-cygate-partnerskap-1024x576.jpg 1024w, https:\/\/itbranschen.com\/wp-content\/uploads\/2026\/08\/telia-cygate-partnerskap-768x432.jpg 768w, https:\/\/itbranschen.com\/wp-content\/uploads\/2026\/08\/telia-cygate-partnerskap-18x10.jpg 18w, https:\/\/itbranschen.com\/wp-content\/uploads\/2026\/08\/telia-cygate-partnerskap-664x374.jpg 664w, https:\/\/itbranschen.com\/wp-content\/uploads\/2026\/08\/telia-cygate-partnerskap-688x387.jpg 688w, https:\/\/itbranschen.com\/wp-content\/uploads\/2026\/08\/telia-cygate-partnerskap-1044x587.jpg 1044w, https:\/\/itbranschen.com\/wp-content\/uploads\/2026\/08\/telia-cygate-partnerskap.jpg 1200w\" sizes=\"(max-width: 332px) 100vw, 332px\" title=\"| IT-Branschen\">\t\t\t\t\t<img loading=\"lazy\" decoding=\"async\" width=\"1044\" height=\"587\" src=\"https:\/\/itbranschen.com\/wp-content\/uploads\/2026\/08\/telia-cygate-partnerskap-1044x587.jpg\" class=\"attachment-csco-large size-csco-large wp-post-image\" alt=\"Telia Cygate och Visma ing\u00e5r avtal om svensk datasuver\u00e4nitet | IT-Branschen\" srcset=\"https:\/\/itbranschen.com\/wp-content\/uploads\/2026\/08\/telia-cygate-partnerskap-1044x587.jpg 1044w, https:\/\/itbranschen.com\/wp-content\/uploads\/2026\/08\/telia-cygate-partnerskap-300x169.jpg 300w, https:\/\/itbranschen.com\/wp-content\/uploads\/2026\/08\/telia-cygate-partnerskap-1024x576.jpg 1024w, https:\/\/itbranschen.com\/wp-content\/uploads\/2026\/08\/telia-cygate-partnerskap-768x432.jpg 768w, https:\/\/itbranschen.com\/wp-content\/uploads\/2026\/08\/telia-cygate-partnerskap-18x10.jpg 18w, https:\/\/itbranschen.com\/wp-content\/uploads\/2026\/08\/telia-cygate-partnerskap-332x187.jpg 332w, https:\/\/itbranschen.com\/wp-content\/uploads\/2026\/08\/telia-cygate-partnerskap-664x374.jpg 664w, https:\/\/itbranschen.com\/wp-content\/uploads\/2026\/08\/telia-cygate-partnerskap-688x387.jpg 688w, https:\/\/itbranschen.com\/wp-content\/uploads\/2026\/08\/telia-cygate-partnerskap.jpg 1200w\" sizes=\"(max-width: 1044px) 100vw, 1044px\" title=\"| IT-Branschen\">\t\t\t\t\t\t\t<\/div>\n\n\t\t\t\n\t\t\t\n\t\t<\/div>\n\n\t\t<div class=\"cs-entry__inner cs-entry__content cs-overlay-content\">\n\n\t\t\t<div class=\"cs-entry__post-meta\" ><div class=\"cs-meta-category\"><ul class=\"post-categories\">\n\t<li><a href=\"https:\/\/itbranschen.com\/de\/category\/moln-data\/\" rel=\"category tag\">Moln &amp; Data<\/a><\/li><\/ul><\/div><\/div>\n\t\t\t<h2 class=\"cs-entry__title\">Telia Cygate och Visma ing\u00e5r avtal om svensk datasuver\u00e4nitet<\/h2>\n\t\t\t\n\t\t\t<div class=\"cs-entry__post-meta\" ><div class=\"cs-meta-author\"><span class=\"cs-meta-author-by\">by<\/span><a class=\"cs-meta-author-link url fn n\" href=\"https:\/\/itbranschen.com\/de\"><span class=\"cs-meta-author-name\">IT-Branschen<\/span><\/a><\/div><div class=\"cs-meta-date\">August 19, 2026<\/div><\/div>\t\t<\/div>\n\n\t\t<a class=\"cs-overlay-link\" href=\"https:\/\/itbranschen.com\/de\/visma-telia-cygate-suveran-molndrift\/\" title=\"Telia Cygate och Visma ing\u00e5r avtal om svensk datasuver\u00e4nitet\"><\/a>\n\t<\/div>\n<\/article>\n\t\t\t\t\t\t\t\t<\/div>\n\t\t\t\t\t\t\t<\/div>\n\t\t\t\t\t\t<\/div>\n\t\t\t\t\t\t\t\t<\/section>\n\t\t\t\t\t\t<\/div>\n\t\t\t\t<\/div>\n\t\t\t\t<div class=\"elementor-element elementor-element-6b5fac3 cs-dividerhorizontal cs-divider-tablethorizontal cs-divider-mobilehorizontal elementor-widget elementor-widget-cs-divider\" data-id=\"6b5fac3\" data-element_type=\"widget\" data-e-type=\"widget\" data-settings=\"{&quot;ekit_we_effect_on&quot;:&quot;none&quot;}\" data-widget_type=\"cs-divider.default\">\n\t\t\t\t<div class=\"elementor-widget-container\">\n\t\t\t\t\t\t\t<section class=\"cs-divider cs-divider-horizontal\"><\/section>\n\t\t\t\t\t\t<\/div>\n\t\t\t\t<\/div>\n\t\t\t\t<div class=\"elementor-element elementor-element-67dbf4a elementor-widget elementor-widget-cs-posts\" data-id=\"67dbf4a\" data-element_type=\"widget\" data-e-type=\"widget\" data-settings=\"{&quot;ekit_we_effect_on&quot;:&quot;none&quot;}\" data-widget_type=\"cs-posts.default\">\n\t\t\t\t<div class=\"elementor-widget-container\">\n\t\t\t\t\t\t\t\t<section class=\"cs-posts cs-posts__horizontal\">\n\t\t\t\t\t\t\t\t\t\t<div class=\"cs-posts-area cs-posts-area-elementor \" data-posts-area=\"\">\n\t\t\t\t\t\t\t<div class=\"cs-posts-area__outer\">\n\t\t\t\t\t\t\t\t<div\n\t\t\t\t\t\t\t\tclass=\"cs-posts-area__main cs-posts-area__main-divider\"\n\t\t\t\t\t\t\t\tdata-pc=\"3\"\n\t\t\t\t\t\t\t\tdata-lt=\"3\"\n\t\t\t\t\t\t\t\tdata-tb=\"2\"\n\t\t\t\t\t\t\t\tdata-mb=\"1\"\n\t\t\t\t\t\t\t\t>\n\t\t\t\t\t\t\t\t\t\n<article class=\"post-32293 post type-post status-publish format-standard has-post-thumbnail category-artificiell-intelligens tag-ai tag-ciso tag-cyberrisk tag-cybersakerhet tag-generativ-ai tag-it-branschen-nyheter tag-it-kanalen-2 tag-it-branschen tag-it-kanalen-nyheter tag-metacompliance tag-natfiske tag-nyheter tag-nyheter-it-kanalen tag-sakerhetsmedvetenhet tag-social-manipulation-2 cs-entry cs-video-wrap\">\n\t<div class=\"cs-entry__outer cs-entry__outer-small cs-entry__outer-thumbnail-left\">\n\t\t\t\t\t<div class=\"cs-entry__inner cs-entry__overlay cs-entry__thumbnail cs-overlay-ratio cs-ratio-square\">\n\n\t\t\t\t<div class=\"cs-overlay-background\">\n\t\t\t\t\t<img loading=\"lazy\" decoding=\"async\" width=\"332\" height=\"187\" src=\"https:\/\/itbranschen.com\/wp-content\/uploads\/2026\/08\/Ny-studie-procent-av-CISO-anser-att-ledningen-underskattar-den-manskliga-cyberrisken-332x187.jpg\" class=\"attachment-csco-thumbnail-uncropped size-csco-thumbnail-uncropped wp-post-image\" alt=\"Ny studie: 78 procent av CISO anser att ledningen underskattar den m\u00e4nskliga cyberrisken | IT-Branschen\" srcset=\"https:\/\/itbranschen.com\/wp-content\/uploads\/2026\/08\/Ny-studie-procent-av-CISO-anser-att-ledningen-underskattar-den-manskliga-cyberrisken-332x187.jpg 332w, https:\/\/itbranschen.com\/wp-content\/uploads\/2026\/08\/Ny-studie-procent-av-CISO-anser-att-ledningen-underskattar-den-manskliga-cyberrisken-300x169.jpg 300w, https:\/\/itbranschen.com\/wp-content\/uploads\/2026\/08\/Ny-studie-procent-av-CISO-anser-att-ledningen-underskattar-den-manskliga-cyberrisken-1024x576.jpg 1024w, https:\/\/itbranschen.com\/wp-content\/uploads\/2026\/08\/Ny-studie-procent-av-CISO-anser-att-ledningen-underskattar-den-manskliga-cyberrisken-768x432.jpg 768w, https:\/\/itbranschen.com\/wp-content\/uploads\/2026\/08\/Ny-studie-procent-av-CISO-anser-att-ledningen-underskattar-den-manskliga-cyberrisken-18x10.jpg 18w, https:\/\/itbranschen.com\/wp-content\/uploads\/2026\/08\/Ny-studie-procent-av-CISO-anser-att-ledningen-underskattar-den-manskliga-cyberrisken-664x374.jpg 664w, https:\/\/itbranschen.com\/wp-content\/uploads\/2026\/08\/Ny-studie-procent-av-CISO-anser-att-ledningen-underskattar-den-manskliga-cyberrisken-688x387.jpg 688w, https:\/\/itbranschen.com\/wp-content\/uploads\/2026\/08\/Ny-studie-procent-av-CISO-anser-att-ledningen-underskattar-den-manskliga-cyberrisken-1044x587.jpg 1044w, https:\/\/itbranschen.com\/wp-content\/uploads\/2026\/08\/Ny-studie-procent-av-CISO-anser-att-ledningen-underskattar-den-manskliga-cyberrisken.jpg 1200w\" sizes=\"(max-width: 332px) 100vw, 332px\" title=\"| IT-Branschen\">\t\t\t\t\t<img loading=\"lazy\" decoding=\"async\" width=\"72\" height=\"72\" src=\"https:\/\/itbranschen.com\/wp-content\/uploads\/2026\/08\/Ny-studie-procent-av-CISO-anser-att-ledningen-underskattar-den-manskliga-cyberrisken-72x72.jpg\" class=\"attachment-csco-small size-csco-small wp-post-image\" alt=\"Ny studie: 78 procent av CISO anser att ledningen underskattar den m\u00e4nskliga cyberrisken | IT-Branschen\" srcset=\"https:\/\/itbranschen.com\/wp-content\/uploads\/2026\/08\/Ny-studie-procent-av-CISO-anser-att-ledningen-underskattar-den-manskliga-cyberrisken-72x72.jpg 72w, https:\/\/itbranschen.com\/wp-content\/uploads\/2026\/08\/Ny-studie-procent-av-CISO-anser-att-ledningen-underskattar-den-manskliga-cyberrisken-150x150.jpg 150w, https:\/\/itbranschen.com\/wp-content\/uploads\/2026\/08\/Ny-studie-procent-av-CISO-anser-att-ledningen-underskattar-den-manskliga-cyberrisken-80x80.jpg 80w, https:\/\/itbranschen.com\/wp-content\/uploads\/2026\/08\/Ny-studie-procent-av-CISO-anser-att-ledningen-underskattar-den-manskliga-cyberrisken-144x144.jpg 144w\" sizes=\"(max-width: 72px) 100vw, 72px\" title=\"| IT-Branschen\">\t\t\t\t<\/div>\n\n\t\t\t\t\n\t\t\t\t\n\t\t\t\t<a href=\"https:\/\/itbranschen.com\/de\/78-procent-av-cisoerna-ledningen-underskattar-cyberrisken\/\" class=\"cs-overlay-link\" title=\"Ny studie: 78 procent av CISO anser att ledningen underskattar den m\u00e4nskliga cyberrisken\"><\/a>\n\t\t\t<\/div>\n\t\t\n\t\t<div class=\"cs-entry__inner cs-entry__content cs-entry__content-horizontal\">\n\t\t\t<div class=\"cs-entry__post-meta\" ><div class=\"cs-meta-category\"><ul class=\"post-categories\">\n\t<li><a href=\"https:\/\/itbranschen.com\/de\/category\/artificiell-intelligens\/\" rel=\"category tag\">Artificiell intelligens<\/a><\/li><\/ul><\/div><\/div>\n\t\t\t<h2 class=\"cs-entry__title\"><a href=\"https:\/\/itbranschen.com\/de\/78-procent-av-cisoerna-ledningen-underskattar-cyberrisken\/\">Ny studie: 78 procent av CISO anser att ledningen underskattar den m\u00e4nskliga cyberrisken<\/a><\/h2>\n\t\t\t\n\t\t\t<div class=\"cs-entry__post-meta\" ><div class=\"cs-meta-author\"><span class=\"cs-meta-author-by\">by<\/span><a class=\"cs-meta-author-link url fn n\" href=\"https:\/\/itbranschen.com\/de\"><span class=\"cs-meta-author-name\">Sandra \u00c5str\u00f6m<\/span><\/a><\/div><\/div>\t\t<\/div>\n\t<\/div>\n<\/article>\n\n<article class=\"post-32278 post type-post status-publish format-standard has-post-thumbnail category-artificiell-intelligens tag-agentbaserad-ai tag-ai-agenter tag-ai-implementering tag-ai-investeringar-2 tag-ai-modeller-2 tag-ai-strategi-2 tag-ai-styrning-2 tag-ai-transformation-2 tag-baltikum tag-datakvalitet tag-datasakerhet tag-david-pontoppidan tag-digitalisering tag-foretags-ai-2 tag-generativ-ai tag-it-nyheter tag-it-branschen tag-it-kanalen-nyheter tag-it-kanalen-sverige tag-itbranschen tag-norden tag-oxford-economics tag-sap tag-sap-nordic-baltic cs-entry cs-video-wrap\">\n\t<div class=\"cs-entry__outer cs-entry__outer-small cs-entry__outer-thumbnail-left\">\n\t\t\t\t\t<div class=\"cs-entry__inner cs-entry__overlay cs-entry__thumbnail cs-overlay-ratio cs-ratio-square\">\n\n\t\t\t\t<div class=\"cs-overlay-background\">\n\t\t\t\t\t<img loading=\"lazy\" decoding=\"async\" width=\"332\" height=\"187\" src=\"https:\/\/itbranschen.com\/wp-content\/uploads\/2026\/08\/SAP-Halften-av-foretagen-saknar-kontroll-over-sina-AI-agenter-332x187.jpg\" class=\"attachment-csco-thumbnail-uncropped size-csco-thumbnail-uncropped wp-post-image\" alt=\"H\u00e4lften av f\u00f6retagen saknar kontroll \u00f6ver sina AI-agenter | IT-Branschen\" srcset=\"https:\/\/itbranschen.com\/wp-content\/uploads\/2026\/08\/SAP-Halften-av-foretagen-saknar-kontroll-over-sina-AI-agenter-332x187.jpg 332w, https:\/\/itbranschen.com\/wp-content\/uploads\/2026\/08\/SAP-Halften-av-foretagen-saknar-kontroll-over-sina-AI-agenter-300x169.jpg 300w, https:\/\/itbranschen.com\/wp-content\/uploads\/2026\/08\/SAP-Halften-av-foretagen-saknar-kontroll-over-sina-AI-agenter-1024x576.jpg 1024w, https:\/\/itbranschen.com\/wp-content\/uploads\/2026\/08\/SAP-Halften-av-foretagen-saknar-kontroll-over-sina-AI-agenter-768x432.jpg 768w, https:\/\/itbranschen.com\/wp-content\/uploads\/2026\/08\/SAP-Halften-av-foretagen-saknar-kontroll-over-sina-AI-agenter-18x10.jpg 18w, https:\/\/itbranschen.com\/wp-content\/uploads\/2026\/08\/SAP-Halften-av-foretagen-saknar-kontroll-over-sina-AI-agenter-664x374.jpg 664w, https:\/\/itbranschen.com\/wp-content\/uploads\/2026\/08\/SAP-Halften-av-foretagen-saknar-kontroll-over-sina-AI-agenter-688x387.jpg 688w, https:\/\/itbranschen.com\/wp-content\/uploads\/2026\/08\/SAP-Halften-av-foretagen-saknar-kontroll-over-sina-AI-agenter-1044x587.jpg 1044w, https:\/\/itbranschen.com\/wp-content\/uploads\/2026\/08\/SAP-Halften-av-foretagen-saknar-kontroll-over-sina-AI-agenter.jpg 1200w\" sizes=\"(max-width: 332px) 100vw, 332px\" title=\"| IT-Branschen\">\t\t\t\t\t<img loading=\"lazy\" decoding=\"async\" width=\"72\" height=\"72\" src=\"https:\/\/itbranschen.com\/wp-content\/uploads\/2026\/08\/SAP-Halften-av-foretagen-saknar-kontroll-over-sina-AI-agenter-72x72.jpg\" class=\"attachment-csco-small size-csco-small wp-post-image\" alt=\"H\u00e4lften av f\u00f6retagen saknar kontroll \u00f6ver sina AI-agenter | IT-Branschen\" srcset=\"https:\/\/itbranschen.com\/wp-content\/uploads\/2026\/08\/SAP-Halften-av-foretagen-saknar-kontroll-over-sina-AI-agenter-72x72.jpg 72w, https:\/\/itbranschen.com\/wp-content\/uploads\/2026\/08\/SAP-Halften-av-foretagen-saknar-kontroll-over-sina-AI-agenter-150x150.jpg 150w, https:\/\/itbranschen.com\/wp-content\/uploads\/2026\/08\/SAP-Halften-av-foretagen-saknar-kontroll-over-sina-AI-agenter-80x80.jpg 80w, https:\/\/itbranschen.com\/wp-content\/uploads\/2026\/08\/SAP-Halften-av-foretagen-saknar-kontroll-over-sina-AI-agenter-144x144.jpg 144w\" sizes=\"(max-width: 72px) 100vw, 72px\" title=\"| IT-Branschen\">\t\t\t\t<\/div>\n\n\t\t\t\t\n\t\t\t\t\n\t\t\t\t<a href=\"https:\/\/itbranschen.com\/de\/fa-foretag-ar-redo-for-ai-agenter\/\" class=\"cs-overlay-link\" title=\"H\u00e4lften av f\u00f6retagen saknar kontroll \u00f6ver sina AI-agenter\"><\/a>\n\t\t\t<\/div>\n\t\t\n\t\t<div class=\"cs-entry__inner cs-entry__content cs-entry__content-horizontal\">\n\t\t\t<div class=\"cs-entry__post-meta\" ><div class=\"cs-meta-category\"><ul class=\"post-categories\">\n\t<li><a href=\"https:\/\/itbranschen.com\/de\/category\/artificiell-intelligens\/\" rel=\"category tag\">Artificiell intelligens<\/a><\/li><\/ul><\/div><\/div>\n\t\t\t<h2 class=\"cs-entry__title\"><a href=\"https:\/\/itbranschen.com\/de\/fa-foretag-ar-redo-for-ai-agenter\/\">H\u00e4lften av f\u00f6retagen saknar kontroll \u00f6ver sina AI-agenter<\/a><\/h2>\n\t\t\t\n\t\t\t<div class=\"cs-entry__post-meta\" ><div class=\"cs-meta-author\"><span class=\"cs-meta-author-by\">by<\/span><a class=\"cs-meta-author-link url fn n\" href=\"https:\/\/itbranschen.com\/de\"><span class=\"cs-meta-author-name\">IT-Branschen<\/span><\/a><\/div><\/div>\t\t<\/div>\n\t<\/div>\n<\/article>\n\n<article class=\"post-32259 post type-post status-publish format-standard has-post-thumbnail category-ai-governance tag-ai-governance tag-ai-i-produktion tag-ai-nyheter tag-ai-agenter tag-ai-infrastruktur tag-authorized-demand tag-it-kanalen-nyheter-2 tag-it-branschen tag-it-kanalen tag-itbranschen tag-nyheter tag-nyheter-it-kanalen tag-styrning-av-ai tag-suveran-ai tag-verksamhetskritisk-ai tag-vortiq-x cs-entry cs-video-wrap\">\n\t<div class=\"cs-entry__outer cs-entry__outer-small cs-entry__outer-thumbnail-left\">\n\t\t\t\t\t<div class=\"cs-entry__inner cs-entry__overlay cs-entry__thumbnail cs-overlay-ratio cs-ratio-square\">\n\n\t\t\t\t<div class=\"cs-overlay-background\">\n\t\t\t\t\t<img loading=\"lazy\" decoding=\"async\" width=\"332\" height=\"187\" src=\"https:\/\/itbranschen.com\/wp-content\/uploads\/2026\/08\/raymond-steen-authorized-demand-vortiq-x-332x187.jpg\" class=\"attachment-csco-thumbnail-uncropped size-csco-thumbnail-uncropped wp-post-image\" alt=\"VORTIQ-X lanserar ett nytt m\u00e5tt f\u00f6r AI-marknaden: Authorized Demand, inte tokenvolym | IT-Branschen\" srcset=\"https:\/\/itbranschen.com\/wp-content\/uploads\/2026\/08\/raymond-steen-authorized-demand-vortiq-x-332x187.jpg 332w, https:\/\/itbranschen.com\/wp-content\/uploads\/2026\/08\/raymond-steen-authorized-demand-vortiq-x-300x169.jpg 300w, https:\/\/itbranschen.com\/wp-content\/uploads\/2026\/08\/raymond-steen-authorized-demand-vortiq-x-1024x576.jpg 1024w, https:\/\/itbranschen.com\/wp-content\/uploads\/2026\/08\/raymond-steen-authorized-demand-vortiq-x-768x432.jpg 768w, https:\/\/itbranschen.com\/wp-content\/uploads\/2026\/08\/raymond-steen-authorized-demand-vortiq-x-18x10.jpg 18w, https:\/\/itbranschen.com\/wp-content\/uploads\/2026\/08\/raymond-steen-authorized-demand-vortiq-x-664x374.jpg 664w, https:\/\/itbranschen.com\/wp-content\/uploads\/2026\/08\/raymond-steen-authorized-demand-vortiq-x-688x387.jpg 688w, https:\/\/itbranschen.com\/wp-content\/uploads\/2026\/08\/raymond-steen-authorized-demand-vortiq-x-1044x587.jpg 1044w, https:\/\/itbranschen.com\/wp-content\/uploads\/2026\/08\/raymond-steen-authorized-demand-vortiq-x.jpg 1200w\" sizes=\"(max-width: 332px) 100vw, 332px\" title=\"| IT-Branschen\">\t\t\t\t\t<img loading=\"lazy\" decoding=\"async\" width=\"72\" height=\"72\" src=\"https:\/\/itbranschen.com\/wp-content\/uploads\/2026\/08\/raymond-steen-authorized-demand-vortiq-x-72x72.jpg\" class=\"attachment-csco-small size-csco-small wp-post-image\" alt=\"VORTIQ-X lanserar ett nytt m\u00e5tt f\u00f6r AI-marknaden: Authorized Demand, inte tokenvolym | IT-Branschen\" srcset=\"https:\/\/itbranschen.com\/wp-content\/uploads\/2026\/08\/raymond-steen-authorized-demand-vortiq-x-72x72.jpg 72w, https:\/\/itbranschen.com\/wp-content\/uploads\/2026\/08\/raymond-steen-authorized-demand-vortiq-x-150x150.jpg 150w, https:\/\/itbranschen.com\/wp-content\/uploads\/2026\/08\/raymond-steen-authorized-demand-vortiq-x-80x80.jpg 80w, https:\/\/itbranschen.com\/wp-content\/uploads\/2026\/08\/raymond-steen-authorized-demand-vortiq-x-144x144.jpg 144w\" sizes=\"(max-width: 72px) 100vw, 72px\" title=\"| IT-Branschen\">\t\t\t\t<\/div>\n\n\t\t\t\t\n\t\t\t\t\n\t\t\t\t<a href=\"https:\/\/itbranschen.com\/de\/authorized-demand-ai-marknaden\/\" class=\"cs-overlay-link\" title=\"VORTIQ-X lanserar ett nytt m\u00e5tt f\u00f6r AI-marknaden: Authorized Demand, inte tokenvolym\"><\/a>\n\t\t\t<\/div>\n\t\t\n\t\t<div class=\"cs-entry__inner cs-entry__content cs-entry__content-horizontal\">\n\t\t\t<div class=\"cs-entry__post-meta\" ><div class=\"cs-meta-category\"><ul class=\"post-categories\">\n\t<li><a href=\"https:\/\/itbranschen.com\/de\/category\/ai-governance\/\" rel=\"category tag\">AI Governance<\/a><\/li><\/ul><\/div><\/div>\n\t\t\t<h2 class=\"cs-entry__title\"><a href=\"https:\/\/itbranschen.com\/de\/authorized-demand-ai-marknaden\/\">VORTIQ-X lanserar ett nytt m\u00e5tt f\u00f6r AI-marknaden: Authorized Demand, inte tokenvolym<\/a><\/h2>\n\t\t\t\n\t\t\t<div class=\"cs-entry__post-meta\" ><div class=\"cs-meta-author\"><span class=\"cs-meta-author-by\">by<\/span><a class=\"cs-meta-author-link url fn n\" href=\"https:\/\/itbranschen.com\/de\"><span class=\"cs-meta-author-name\">Mario Leif Birger Hansen<\/span><\/a><\/div><\/div>\t\t<\/div>\n\t<\/div>\n<\/article>\n\n<article class=\"post-32249 post type-post status-publish format-standard has-post-thumbnail category-nyheter category-cybersakerhet tag-bandlagring tag-cristie-s3-2-tape tag-cyberaterstallning tag-it-branschen tag-it-kanalen tag-it-kanalen-nyheter tag-it-kanalen-com tag-itbranschen tag-itbranschen-com tag-itkanalen-sverige tag-itkanalen-se tag-langtidslagring tag-nyheter tag-ransomware tag-rubrik tag-s3 cs-entry cs-video-wrap\">\n\t<div class=\"cs-entry__outer cs-entry__outer-small cs-entry__outer-thumbnail-left\">\n\t\t\t\t\t<div class=\"cs-entry__inner cs-entry__overlay cs-entry__thumbnail cs-overlay-ratio cs-ratio-square\">\n\n\t\t\t\t<div class=\"cs-overlay-background\">\n\t\t\t\t\t<img loading=\"lazy\" decoding=\"async\" width=\"332\" height=\"187\" src=\"https:\/\/itbranschen.com\/wp-content\/uploads\/2026\/08\/Cristie-Recovery-Solution-powered-by-Rubrik-med-S-332x187.jpg\" class=\"attachment-csco-thumbnail-uncropped size-csco-thumbnail-uncropped wp-post-image\" alt=\"Cristie kompletterar Cristie Recovery Solution powered by Rubrik med S3-till-bandlagring | IT-Branschen\" srcset=\"https:\/\/itbranschen.com\/wp-content\/uploads\/2026\/08\/Cristie-Recovery-Solution-powered-by-Rubrik-med-S-332x187.jpg 332w, https:\/\/itbranschen.com\/wp-content\/uploads\/2026\/08\/Cristie-Recovery-Solution-powered-by-Rubrik-med-S-300x169.jpg 300w, https:\/\/itbranschen.com\/wp-content\/uploads\/2026\/08\/Cristie-Recovery-Solution-powered-by-Rubrik-med-S-1024x576.jpg 1024w, https:\/\/itbranschen.com\/wp-content\/uploads\/2026\/08\/Cristie-Recovery-Solution-powered-by-Rubrik-med-S-768x432.jpg 768w, https:\/\/itbranschen.com\/wp-content\/uploads\/2026\/08\/Cristie-Recovery-Solution-powered-by-Rubrik-med-S-18x10.jpg 18w, https:\/\/itbranschen.com\/wp-content\/uploads\/2026\/08\/Cristie-Recovery-Solution-powered-by-Rubrik-med-S-664x374.jpg 664w, https:\/\/itbranschen.com\/wp-content\/uploads\/2026\/08\/Cristie-Recovery-Solution-powered-by-Rubrik-med-S-688x387.jpg 688w, https:\/\/itbranschen.com\/wp-content\/uploads\/2026\/08\/Cristie-Recovery-Solution-powered-by-Rubrik-med-S-1044x587.jpg 1044w, https:\/\/itbranschen.com\/wp-content\/uploads\/2026\/08\/Cristie-Recovery-Solution-powered-by-Rubrik-med-S.jpg 1200w\" sizes=\"(max-width: 332px) 100vw, 332px\" title=\"| IT-Branschen\">\t\t\t\t\t<img loading=\"lazy\" decoding=\"async\" width=\"72\" height=\"72\" src=\"https:\/\/itbranschen.com\/wp-content\/uploads\/2026\/08\/Cristie-Recovery-Solution-powered-by-Rubrik-med-S-72x72.jpg\" class=\"attachment-csco-small size-csco-small wp-post-image\" alt=\"Cristie kompletterar Cristie Recovery Solution powered by Rubrik med S3-till-bandlagring | IT-Branschen\" srcset=\"https:\/\/itbranschen.com\/wp-content\/uploads\/2026\/08\/Cristie-Recovery-Solution-powered-by-Rubrik-med-S-72x72.jpg 72w, https:\/\/itbranschen.com\/wp-content\/uploads\/2026\/08\/Cristie-Recovery-Solution-powered-by-Rubrik-med-S-150x150.jpg 150w, https:\/\/itbranschen.com\/wp-content\/uploads\/2026\/08\/Cristie-Recovery-Solution-powered-by-Rubrik-med-S-80x80.jpg 80w, https:\/\/itbranschen.com\/wp-content\/uploads\/2026\/08\/Cristie-Recovery-Solution-powered-by-Rubrik-med-S-144x144.jpg 144w\" sizes=\"(max-width: 72px) 100vw, 72px\" title=\"| IT-Branschen\">\t\t\t\t<\/div>\n\n\t\t\t\t\n\t\t\t\t\n\t\t\t\t<a href=\"https:\/\/itbranschen.com\/de\/cristie-s3-2-tape-fysiskt-isolerad-bandlagring\/\" class=\"cs-overlay-link\" title=\"Cristie kompletterar Cristie Recovery Solution powered by Rubrik med S3-till-bandlagring\"><\/a>\n\t\t\t<\/div>\n\t\t\n\t\t<div class=\"cs-entry__inner cs-entry__content cs-entry__content-horizontal\">\n\t\t\t<div class=\"cs-entry__post-meta\" ><div class=\"cs-meta-category\"><ul class=\"post-categories\">\n\t<li><a href=\"https:\/\/itbranschen.com\/de\/category\/nyheter\/\" rel=\"category tag\">Nyheter<\/a><\/li>\n\t<li><a href=\"https:\/\/itbranschen.com\/de\/category\/cybersakerhet\/\" rel=\"category tag\">Cybers\u00e4kerhet<\/a><\/li><\/ul><\/div><\/div>\n\t\t\t<h2 class=\"cs-entry__title\"><a href=\"https:\/\/itbranschen.com\/de\/cristie-s3-2-tape-fysiskt-isolerad-bandlagring\/\">Cristie kompletterar Cristie Recovery Solution powered by Rubrik med S3-till-bandlagring<\/a><\/h2>\n\t\t\t\n\t\t\t<div class=\"cs-entry__post-meta\" ><div class=\"cs-meta-author\"><span class=\"cs-meta-author-by\">by<\/span><a class=\"cs-meta-author-link url fn n\" href=\"https:\/\/itbranschen.com\/de\"><span class=\"cs-meta-author-name\">IT-Branschen<\/span><\/a><\/div><\/div>\t\t<\/div>\n\t<\/div>\n<\/article>\n\n<article class=\"post-32199 post type-post status-publish format-standard has-post-thumbnail category-nyheter category-karriar tag-ap1 tag-danske-bank tag-danske-bank-sverige tag-forsta-ap-fonden tag-kaupthing-bank tag-kommunikationschef tag-linda-fagerlund tag-rekrytering tag-sara-christensen tag-strategisk-kommunikation tag-swedbank cs-entry cs-video-wrap\">\n\t<div class=\"cs-entry__outer cs-entry__outer-small cs-entry__outer-thumbnail-left\">\n\t\t\t\t\t<div class=\"cs-entry__inner cs-entry__overlay cs-entry__thumbnail cs-overlay-ratio cs-ratio-square\">\n\n\t\t\t\t<div class=\"cs-overlay-background\">\n\t\t\t\t\t<img loading=\"lazy\" decoding=\"async\" width=\"332\" height=\"187\" src=\"https:\/\/itbranschen.com\/wp-content\/uploads\/2026\/08\/Sara-Christensen-332x187.jpg\" class=\"attachment-csco-thumbnail-uncropped size-csco-thumbnail-uncropped wp-post-image\" alt=\"Sara Christensen ny kommunikationschef f\u00f6r Danske Bank Sverige | IT-Branschen\" srcset=\"https:\/\/itbranschen.com\/wp-content\/uploads\/2026\/08\/Sara-Christensen-332x187.jpg 332w, https:\/\/itbranschen.com\/wp-content\/uploads\/2026\/08\/Sara-Christensen-300x169.jpg 300w, https:\/\/itbranschen.com\/wp-content\/uploads\/2026\/08\/Sara-Christensen-1024x576.jpg 1024w, https:\/\/itbranschen.com\/wp-content\/uploads\/2026\/08\/Sara-Christensen-768x432.jpg 768w, https:\/\/itbranschen.com\/wp-content\/uploads\/2026\/08\/Sara-Christensen-18x10.jpg 18w, https:\/\/itbranschen.com\/wp-content\/uploads\/2026\/08\/Sara-Christensen-664x374.jpg 664w, https:\/\/itbranschen.com\/wp-content\/uploads\/2026\/08\/Sara-Christensen-688x387.jpg 688w, https:\/\/itbranschen.com\/wp-content\/uploads\/2026\/08\/Sara-Christensen-1044x587.jpg 1044w, https:\/\/itbranschen.com\/wp-content\/uploads\/2026\/08\/Sara-Christensen.jpg 1200w\" sizes=\"(max-width: 332px) 100vw, 332px\" title=\"| IT-Branschen\">\t\t\t\t\t<img loading=\"lazy\" decoding=\"async\" width=\"72\" height=\"72\" src=\"https:\/\/itbranschen.com\/wp-content\/uploads\/2026\/08\/Sara-Christensen-72x72.jpg\" class=\"attachment-csco-small size-csco-small wp-post-image\" alt=\"Sara Christensen ny kommunikationschef f\u00f6r Danske Bank Sverige | IT-Branschen\" srcset=\"https:\/\/itbranschen.com\/wp-content\/uploads\/2026\/08\/Sara-Christensen-72x72.jpg 72w, https:\/\/itbranschen.com\/wp-content\/uploads\/2026\/08\/Sara-Christensen-150x150.jpg 150w, https:\/\/itbranschen.com\/wp-content\/uploads\/2026\/08\/Sara-Christensen-80x80.jpg 80w, https:\/\/itbranschen.com\/wp-content\/uploads\/2026\/08\/Sara-Christensen-144x144.jpg 144w\" sizes=\"(max-width: 72px) 100vw, 72px\" title=\"| IT-Branschen\">\t\t\t\t<\/div>\n\n\t\t\t\t\n\t\t\t\t\n\t\t\t\t<a href=\"https:\/\/itbranschen.com\/de\/sara-christensen-danske-bank\/\" class=\"cs-overlay-link\" title=\"Sara Christensen ny kommunikationschef f\u00f6r Danske Bank Sverige\"><\/a>\n\t\t\t<\/div>\n\t\t\n\t\t<div class=\"cs-entry__inner cs-entry__content cs-entry__content-horizontal\">\n\t\t\t<div class=\"cs-entry__post-meta\" ><div class=\"cs-meta-category\"><ul class=\"post-categories\">\n\t<li><a href=\"https:\/\/itbranschen.com\/de\/category\/nyheter\/\" rel=\"category tag\">Nyheter<\/a><\/li>\n\t<li><a href=\"https:\/\/itbranschen.com\/de\/category\/karriar\/\" rel=\"category tag\">Karri\u00e4r<\/a><\/li><\/ul><\/div><\/div>\n\t\t\t<h2 class=\"cs-entry__title\"><a href=\"https:\/\/itbranschen.com\/de\/sara-christensen-danske-bank\/\">Sara Christensen ny kommunikationschef f\u00f6r Danske Bank Sverige<\/a><\/h2>\n\t\t\t\n\t\t\t<div class=\"cs-entry__post-meta\" ><div class=\"cs-meta-author\"><span class=\"cs-meta-author-by\">by<\/span><a class=\"cs-meta-author-link url fn n\" href=\"https:\/\/itbranschen.com\/de\"><span class=\"cs-meta-author-name\">Angelica Hagelberg<\/span><\/a><\/div><\/div>\t\t<\/div>\n\t<\/div>\n<\/article>\n\n<article class=\"post-32181 post type-post status-publish format-standard has-post-thumbnail category-partnerskap tag-consid tag-consid-excellerate tag-cybersakerhet tag-informationssakerhet tag-kompetensutveckling tag-mikrolarande tag-nimblr tag-nis2 tag-partnerskap tag-phishing tag-sakerhetsmedvetenhet tag-sakerhetsutbildning tag-smishing cs-entry cs-video-wrap\">\n\t<div class=\"cs-entry__outer cs-entry__outer-small cs-entry__outer-thumbnail-left\">\n\t\t\t\t\t<div class=\"cs-entry__inner cs-entry__overlay cs-entry__thumbnail cs-overlay-ratio cs-ratio-square\">\n\n\t\t\t\t<div class=\"cs-overlay-background\">\n\t\t\t\t\t<img loading=\"lazy\" decoding=\"async\" width=\"332\" height=\"187\" src=\"https:\/\/itbranschen.com\/wp-content\/uploads\/2026\/08\/Consid-och-Nimblr-332x187.jpg\" class=\"attachment-csco-thumbnail-uncropped size-csco-thumbnail-uncropped wp-post-image\" alt=\"Consid och Nimblr st\u00e4rker s\u00e4kerhetsmedvetenheten genom nytt partnerskap | IT-Branschen\" srcset=\"https:\/\/itbranschen.com\/wp-content\/uploads\/2026\/08\/Consid-och-Nimblr-332x187.jpg 332w, https:\/\/itbranschen.com\/wp-content\/uploads\/2026\/08\/Consid-och-Nimblr-300x169.jpg 300w, https:\/\/itbranschen.com\/wp-content\/uploads\/2026\/08\/Consid-och-Nimblr-1024x576.jpg 1024w, https:\/\/itbranschen.com\/wp-content\/uploads\/2026\/08\/Consid-och-Nimblr-768x432.jpg 768w, https:\/\/itbranschen.com\/wp-content\/uploads\/2026\/08\/Consid-och-Nimblr-18x10.jpg 18w, https:\/\/itbranschen.com\/wp-content\/uploads\/2026\/08\/Consid-och-Nimblr-664x374.jpg 664w, https:\/\/itbranschen.com\/wp-content\/uploads\/2026\/08\/Consid-och-Nimblr-688x387.jpg 688w, https:\/\/itbranschen.com\/wp-content\/uploads\/2026\/08\/Consid-och-Nimblr-1044x587.jpg 1044w, https:\/\/itbranschen.com\/wp-content\/uploads\/2026\/08\/Consid-och-Nimblr.jpg 1200w\" sizes=\"(max-width: 332px) 100vw, 332px\" title=\"| IT-Branschen\">\t\t\t\t\t<img loading=\"lazy\" decoding=\"async\" width=\"72\" height=\"72\" src=\"https:\/\/itbranschen.com\/wp-content\/uploads\/2026\/08\/Consid-och-Nimblr-72x72.jpg\" class=\"attachment-csco-small size-csco-small wp-post-image\" alt=\"Consid och Nimblr st\u00e4rker s\u00e4kerhetsmedvetenheten genom nytt partnerskap | IT-Branschen\" srcset=\"https:\/\/itbranschen.com\/wp-content\/uploads\/2026\/08\/Consid-och-Nimblr-72x72.jpg 72w, https:\/\/itbranschen.com\/wp-content\/uploads\/2026\/08\/Consid-och-Nimblr-150x150.jpg 150w, https:\/\/itbranschen.com\/wp-content\/uploads\/2026\/08\/Consid-och-Nimblr-80x80.jpg 80w, https:\/\/itbranschen.com\/wp-content\/uploads\/2026\/08\/Consid-och-Nimblr-144x144.jpg 144w\" sizes=\"(max-width: 72px) 100vw, 72px\" title=\"| IT-Branschen\">\t\t\t\t<\/div>\n\n\t\t\t\t\n\t\t\t\t\n\t\t\t\t<a href=\"https:\/\/itbranschen.com\/de\/consid-och-nimblr-starker-sakerhetsmedvetenheten-genom-nytt-partnerskap\/\" class=\"cs-overlay-link\" title=\"Consid och Nimblr st\u00e4rker s\u00e4kerhetsmedvetenheten genom nytt partnerskap\"><\/a>\n\t\t\t<\/div>\n\t\t\n\t\t<div class=\"cs-entry__inner cs-entry__content cs-entry__content-horizontal\">\n\t\t\t<div class=\"cs-entry__post-meta\" ><div class=\"cs-meta-category\"><ul class=\"post-categories\">\n\t<li><a href=\"https:\/\/itbranschen.com\/de\/category\/partnerskap\/\" rel=\"category tag\">Partnerskap<\/a><\/li><\/ul><\/div><\/div>\n\t\t\t<h2 class=\"cs-entry__title\"><a href=\"https:\/\/itbranschen.com\/de\/consid-och-nimblr-starker-sakerhetsmedvetenheten-genom-nytt-partnerskap\/\">Consid och Nimblr st\u00e4rker s\u00e4kerhetsmedvetenheten genom nytt partnerskap<\/a><\/h2>\n\t\t\t\n\t\t\t<div class=\"cs-entry__post-meta\" ><div class=\"cs-meta-author\"><span class=\"cs-meta-author-by\">by<\/span><a class=\"cs-meta-author-link url fn n\" href=\"https:\/\/itbranschen.com\/de\"><span class=\"cs-meta-author-name\">Sandra \u00c5str\u00f6m<\/span><\/a><\/div><\/div>\t\t<\/div>\n\t<\/div>\n<\/article>\n\t\t\t\t\t\t\t\t<\/div>\n\t\t\t\t\t\t\t<\/div>\n\t\t\t\t\t\t<\/div>\n\t\t\t\t\t\t\t\t<\/section>\n\t\t\t\t\t\t<\/div>\n\t\t\t\t<\/div>\n\t\t\t\t<div class=\"elementor-element elementor-element-d5d3928 cs-dividerhorizontal cs-divider-tablethorizontal cs-divider-mobilehorizontal elementor-widget elementor-widget-cs-divider\" data-id=\"d5d3928\" data-element_type=\"widget\" data-e-type=\"widget\" data-settings=\"{&quot;ekit_we_effect_on&quot;:&quot;none&quot;}\" data-widget_type=\"cs-divider.default\">\n\t\t\t\t<div class=\"elementor-widget-container\">\n\t\t\t\t\t\t\t<section class=\"cs-divider cs-divider-horizontal\"><\/section>\n\t\t\t\t\t\t<\/div>\n\t\t\t\t<\/div>\n\t\t\t\t<div class=\"elementor-element elementor-element-37a60ed elementor-widget elementor-widget-wp-widget-advads_ad_widget\" data-id=\"37a60ed\" data-element_type=\"widget\" data-e-type=\"widget\" data-settings=\"{&quot;ekit_we_effect_on&quot;:&quot;none&quot;}\" data-widget_type=\"wp-widget-advads_ad_widget.default\">\n\t\t\t\t<div class=\"elementor-widget-container\">\n\t\t\t\t\t<div id=\"itbra-slider-5009\" class=\"custom-slider itbra-slider-2188058505 itbra-slider\"><ul><li><div id=\"itbra-3347971448\" style=\"clear: both;\"><figure style=\"position:relative;width:100%;max-width:1440px;margin:0 auto 50px auto;\">\r\n\r\n  <a href=\"https:\/\/itbranschen.com\/sv\/om-oss-it-branschen\/\" target=\"_blank\" rel=\"noopener\">\r\n    <img loading=\"lazy\"\r\n      src=\"https:\/\/itbranschen.com\/wp-content\/uploads\/2026\/07\/IT-Branschen-banner-orange.jpg\"\r\n      alt=\"IT-Branschen Nordic technology media platform covering cybersecurity, cloud, AI, digital transformation, channel, MSP and enterprise IT news\"\r\n      title=\"IT-Branschen | Nordic Technology, Cybersecurity and Enterprise IT Media\"\r\n      loading=\"lazy\"\r\n      decoding=\"async\"\r\n      width=\"1440\"\r\n      height=\"323\"\r\n      style=\"width:100%;height:auto;display:block;border-radius:4px;\"\r\n    >\r\n  <\/a>\r\n\r\n  <figcaption style=\"display:none;\">\r\n    IT-Branschen is a leading Nordic technology media platform covering cybersecurity news, artificial intelligence, cloud computing, enterprise IT, digital transformation, managed services, channel partners, software development, telecommunications, data centers, IT infrastructure, technology leadership, business innovation, and emerging technologies. Through executive interviews, industry analysis, event coverage, thought leadership, product launches, vendor updates, and market insights, IT-Branschen connects technology decision-makers, CIOs, CISOs, CTOs, IT managers, MSPs, resellers, distributors, technology vendors, startups, and enterprise organizations across Sweden, Norway, Denmark, Finland, and Europe. Coverage includes cybersecurity trends, AI adoption, cloud strategy, enterprise software, networking, digital infrastructure, sustainability, compliance, governance, risk management, automation, data analytics, and future technology developments.\r\n  <\/figcaption>\r\n\r\n  <div style=\"\r\n    position:absolute;\r\n    bottom:-18px;\r\n    left:0;\r\n    font-size:12px;\r\n    background:#fff;\r\n    padding:4px 10px;\r\n    border-radius:0 0 4px 4px;\r\n    font-weight:700;\r\n    color:#000;\r\n    box-shadow:0 1px 3px rgba(0,0,0,.15);\r\n  \">\r\n    EGET INNEH\u00c5LL\r\n  <\/div>\r\n\r\n<\/figure><\/div><br style=\"clear: both; display: block; float: none;\"\/><\/li><li><div id=\"itbra-2045470851\" style=\"clear: both;\"><figure style=\"position:relative;width:100%;max-width:1440px;margin:0 auto 50px auto;\">\r\n\r\n  <a href=\"https:\/\/www.youtube.com\/@MagicChats\/videos\" target=\"_blank\" rel=\"noopener sponsored\">\r\n    <img\r\n      src=\"https:\/\/itbranschen.com\/wp-content\/uploads\/2026\/07\/maciek-szczesniak-magic-chats-youtube.jpg\"\r\n      alt=\"Maciek Szczesniak featured on IT-Branschen Wire Channel Magic Chats podcast banner\"\r\n      title=\"Maciek Szczesniak | Magic Chats Podcast | IT-Branschen Wire Channel\"\r\n      loading=\"lazy\"\r\n      decoding=\"async\"\r\n      style=\"width:100%;height:auto;display:block;border-radius:4px;\"\r\n    >\r\n  <\/a>\r\n\r\n  <figcaption style=\"display:none;\">\r\n    Maciek Szczesniak appears on IT-Branschen Wire Channel Magic Chats, discussing leadership, innovation, digital transformation, and business services.\r\n  <\/figcaption>\r\n\r\n  <div style=\"\r\n    position:absolute;\r\n    bottom:-18px;\r\n    left:0;\r\n    font-size:12px;\r\n    background:#fff;\r\n    padding:4px 10px;\r\n    border-radius:0 0 4px 4px;\r\n    font-weight:700;\r\n    color:#000;\r\n    box-shadow:0 1px 3px rgba(0,0,0,.15);\r\n  \">\r\n    SPONSRAD\r\n  <\/div>\r\n\r\n<\/figure><\/div><br style=\"clear: both; display: block; float: none;\"\/><\/li><li><div id=\"itbra-1128159518\" style=\"clear: both;\"><figure style=\"position:relative;width:100%;max-width:1440px;margin:0 auto 50px auto;\">\r\n\r\n  <a href=\"https:\/\/italy.cybertechconference.com\/Media_Partners_Registration\/?utm_source=IT-Branschen&amp;utm_medium=display&amp;utm_campaign=cybertech_europe_2026\" target=\"_blank\" rel=\"noopener noreferrer\">\r\n    <img loading=\"lazy\"\r\n      src=\"https:\/\/itbranschen.com\/wp-content\/uploads\/2026\/07\/banner-slider-rome-cyber-tech-europe-Italy-Rome.jpg\"\r\n      alt=\"Cybertech Europe 2026 cybersecurity conference in Rome with IT-Branschen as Official Media Partner\"\r\n      title=\"Cybertech Europe 2026 Official Media Partner | IT-Branschen\"\r\n      loading=\"lazy\"\r\n      decoding=\"async\"\r\n      width=\"1440\"\r\n      height=\"323\"\r\n      style=\"width:100%;height:auto;display:block;border-radius:4px;\"\r\n    >\r\n  <\/a>\r\n\r\n  <figcaption style=\"display:none;\">\r\n    Cybertech Europe 2026 is one of Europe's leading cybersecurity conferences, bringing together cybersecurity leaders, government officials, technology innovators, startups, investors, and enterprise decision-makers in Rome. IT-Branschen serves as an Official Media Partner, providing event coverage, executive interviews, industry insights, and cybersecurity news for Nordic and European audiences.\r\n  <\/figcaption>\r\n\r\n  <div style=\"\r\n    position:absolute;\r\n    bottom:-18px;\r\n    left:0;\r\n    font-size:12px;\r\n    background:#fff;\r\n    padding:4px 10px;\r\n    border-radius:0 0 4px 4px;\r\n    font-weight:700;\r\n    color:#000;\r\n    box-shadow:0 1px 3px rgba(0,0,0,.15);\r\n  \">\r\n    ANNONS\r\n  <\/div>\r\n\r\n<\/figure><\/div><br style=\"clear: both; display: block; float: none;\"\/><\/li><li><div id=\"itbra-2345558359\" style=\"clear: both;\"><figure style=\"position:relative;width:100%;max-width:1440px;margin:0 auto 50px auto;\">\r\n\r\n  <a href=\"https:\/\/vortiqxconsilium.com\/\" target=\"_blank\" rel=\"sponsored noopener noreferrer\">\r\n    <img loading=\"lazy\"\r\n      src=\"https:\/\/itbranschen.com\/wp-content\/uploads\/2026\/07\/Vortiq-x-slider.jpg\"\r\n      alt=\"VORTIQ-X AI Governance hj\u00e4lper f\u00f6retag att omvandla AI till styrbart och verifierbart aff\u00e4rsv\u00e4rde.\"\r\n      title=\"VORTIQ-X AI Governance | Fr\u00e5n tokenekonomi till styrbart aff\u00e4rsv\u00e4rde\"\r\n      loading=\"lazy\"\r\n      decoding=\"async\"\r\n      width=\"1440\"\r\n      height=\"323\"\r\n      style=\"width:100%;height:auto;display:block;border-radius:4px;\"\r\n    >\r\n  <\/a>\r\n\r\n  <figcaption style=\"display:none;\">\r\n    VORTIQ-X \u00e4r en AI Governance-plattform som hj\u00e4lper organisationer att styra, verifiera och skapa m\u00e4tbart aff\u00e4rsv\u00e4rde fr\u00e5n AI. Plattformen fokuserar p\u00e5 transparens, regelefterlevnad, AI-styrning och effektiv anv\u00e4ndning av AI i verksamhetskritiska processer.\r\n  <\/figcaption>\r\n\r\n  <div style=\"\r\n    position:absolute;\r\n    bottom:-18px;\r\n    left:0;\r\n    font-size:12px;\r\n    background:#fff;\r\n    padding:4px 10px;\r\n    border-radius:0 0 4px 4px;\r\n    font-weight:700;\r\n    color:#000;\r\n    box-shadow:0 1px 3px rgba(0,0,0,.15);\r\n  \">\r\n    ANNONS\r\n  <\/div>\r\n\r\n<\/figure><\/div><br style=\"clear: both; display: block; float: none;\"\/><\/li><\/ul><\/div><script>( window.advanced_ads_ready || jQuery( document ).ready ).call( null, function() {var $itbraslider2188058505 = jQuery( \".itbra-slider-2188058505\" );$itbraslider2188058505.on( \"unslider.ready\", function() { jQuery( \"div.custom-slider ul li\" ).css( \"display\", \"block\" ); });$itbraslider2188058505.unslider({ delay:15000, autoplay:true, nav:false, arrows:false, infinite:true });$itbraslider2188058505.on(\"mouseover\", function() {$itbraslider2188058505.unslider(\"stop\");}).on(\"mouseout\", function() {$itbraslider2188058505.unslider(\"start\");});});<\/script>\t\t\t\t<\/div>\n\t\t\t\t<\/div>\n\t\t\t\t\t<\/div>\n\t\t\t\t<\/div>\n\t\t<div class=\"elementor-element elementor-element-cd0e69b e-flex e-con-boxed e-con e-parent\" data-id=\"cd0e69b\" data-element_type=\"container\" data-e-type=\"container\">\n\t\t\t\t\t<div class=\"e-con-inner\">\n\t\t\t\t<div class=\"elementor-element elementor-element-cb828a3 elementor-widget elementor-widget-cs-heading\" data-id=\"cb828a3\" data-element_type=\"widget\" data-e-type=\"widget\" data-settings=\"{&quot;ekit_we_effect_on&quot;:&quot;none&quot;}\" data-widget_type=\"cs-heading.default\">\n\t\t\t\t<div class=\"elementor-widget-container\">\n\t\t\t\t\t\t\t\t\t\t<section class=\"cs-heading\">\n\t\t\t\t<div class=\"cs-heading__container \">\n\t\t\t\t\t<h2 class=\"cs-heading__content\">\n\t\t\t\t\t\tFinans\t\t\t\t\t<\/h2>\n\n\t\t\t\t\t\t\t\t\t\t\t<a class=\"cs-heading__link\" href=\"https:\/\/itbranschen.com\/category\/finans\/\" target=\"_self\">\n\t\t\t\t\t\t\t<span>\t\n\t\t\t\t\t\t\t\tUppt\u00e4ck allt\t\t\t\t\t\t\t<\/span>\n\t\t\t\t\t\t<\/a>\n\t\t\t\t\t\t\t\t\t<\/div>\n\t\t\t<\/section>\n\t\t\t\t\t\t\t\t<\/div>\n\t\t\t\t<\/div>\n\t\t<div class=\"elementor-element elementor-element-d5f38f1 e-con-full e-flex e-con e-child\" data-id=\"d5f38f1\" data-element_type=\"container\" data-e-type=\"container\">\n\t\t<div class=\"elementor-element elementor-element-ff094bc e-con-full e-flex e-con e-child\" data-id=\"ff094bc\" data-element_type=\"container\" data-e-type=\"container\">\n\t\t\t\t<div class=\"elementor-element elementor-element-498514c elementor-widget elementor-widget-cs-posts\" data-id=\"498514c\" data-element_type=\"widget\" data-e-type=\"widget\" data-settings=\"{&quot;ekit_we_effect_on&quot;:&quot;none&quot;}\" data-widget_type=\"cs-posts.default\">\n\t\t\t\t<div class=\"elementor-widget-container\">\n\t\t\t\t\t\t\t\t<section class=\"cs-posts cs-posts__standard\">\n\t\t\t\t\t\t\t\t\t\t<div class=\"cs-posts-area cs-posts-area-elementor \" data-posts-area=\"\">\n\t\t\t\t\t\t\t<div class=\"cs-posts-area__outer\">\n\t\t\t\t\t\t\t\t<div\n\t\t\t\t\t\t\t\tclass=\"cs-posts-area__main\"\n\t\t\t\t\t\t\t\tdata-pc=\"1\"\n\t\t\t\t\t\t\t\tdata-lt=\"1\"\n\t\t\t\t\t\t\t\tdata-tb=\"1\"\n\t\t\t\t\t\t\t\tdata-mb=\"1\"\n\t\t\t\t\t\t\t\t>\n\t\t\t\t\t\t\t\t\t\n<article class=\"post-32122 post type-post status-publish format-standard has-post-thumbnail category-cybersakerhet tag-ai-sakerhet tag-crowdstrike tag-cybersakerhet tag-msp tag-mssp tag-nord-security tag-pax8 tag-smaforetag tag-td-synnex tag-westcon-comstor cs-entry cs-video-wrap\">\n\t<div class=\"cs-entry__outer\">\n\t\t\t\t\t<div class=\"cs-entry__inner cs-entry__overlay cs-entry__thumbnail cs-overlay-ratio cs-ratio-landscape-16-9\">\n\n\t\t\t\t<div class=\"cs-overlay-background\">\n\t\t\t\t\t<img loading=\"lazy\" decoding=\"async\" width=\"332\" height=\"187\" src=\"https:\/\/itbranschen.com\/wp-content\/uploads\/2026\/08\/CrowdStrike-tar-Project-QuiltWorks-332x187.jpg\" class=\"attachment-csco-thumbnail-uncropped size-csco-thumbnail-uncropped wp-post-image\" alt=\"CrowdStrike tar Project QuiltWorks till SMB-marknaden | IT-Branschen\" srcset=\"https:\/\/itbranschen.com\/wp-content\/uploads\/2026\/08\/CrowdStrike-tar-Project-QuiltWorks-332x187.jpg 332w, https:\/\/itbranschen.com\/wp-content\/uploads\/2026\/08\/CrowdStrike-tar-Project-QuiltWorks-300x169.jpg 300w, https:\/\/itbranschen.com\/wp-content\/uploads\/2026\/08\/CrowdStrike-tar-Project-QuiltWorks-1024x577.jpg 1024w, https:\/\/itbranschen.com\/wp-content\/uploads\/2026\/08\/CrowdStrike-tar-Project-QuiltWorks-768x433.jpg 768w, https:\/\/itbranschen.com\/wp-content\/uploads\/2026\/08\/CrowdStrike-tar-Project-QuiltWorks-18x10.jpg 18w, https:\/\/itbranschen.com\/wp-content\/uploads\/2026\/08\/CrowdStrike-tar-Project-QuiltWorks-664x374.jpg 664w, https:\/\/itbranschen.com\/wp-content\/uploads\/2026\/08\/CrowdStrike-tar-Project-QuiltWorks-688x388.jpg 688w, https:\/\/itbranschen.com\/wp-content\/uploads\/2026\/08\/CrowdStrike-tar-Project-QuiltWorks-1044x588.jpg 1044w, https:\/\/itbranschen.com\/wp-content\/uploads\/2026\/08\/CrowdStrike-tar-Project-QuiltWorks.jpg 1200w\" sizes=\"(max-width: 332px) 100vw, 332px\" title=\"| IT-Branschen\">\t\t\t\t\t<img loading=\"lazy\" decoding=\"async\" width=\"1044\" height=\"587\" src=\"https:\/\/itbranschen.com\/wp-content\/uploads\/2026\/08\/CrowdStrike-tar-Project-QuiltWorks-1044x587.jpg\" class=\"attachment-csco-large size-csco-large wp-post-image\" alt=\"CrowdStrike tar Project QuiltWorks till SMB-marknaden | IT-Branschen\" srcset=\"https:\/\/itbranschen.com\/wp-content\/uploads\/2026\/08\/CrowdStrike-tar-Project-QuiltWorks-1044x588.jpg 1044w, https:\/\/itbranschen.com\/wp-content\/uploads\/2026\/08\/CrowdStrike-tar-Project-QuiltWorks-300x169.jpg 300w, https:\/\/itbranschen.com\/wp-content\/uploads\/2026\/08\/CrowdStrike-tar-Project-QuiltWorks-1024x577.jpg 1024w, https:\/\/itbranschen.com\/wp-content\/uploads\/2026\/08\/CrowdStrike-tar-Project-QuiltWorks-768x433.jpg 768w, https:\/\/itbranschen.com\/wp-content\/uploads\/2026\/08\/CrowdStrike-tar-Project-QuiltWorks-18x10.jpg 18w, https:\/\/itbranschen.com\/wp-content\/uploads\/2026\/08\/CrowdStrike-tar-Project-QuiltWorks-332x187.jpg 332w, https:\/\/itbranschen.com\/wp-content\/uploads\/2026\/08\/CrowdStrike-tar-Project-QuiltWorks-664x374.jpg 664w, https:\/\/itbranschen.com\/wp-content\/uploads\/2026\/08\/CrowdStrike-tar-Project-QuiltWorks-688x388.jpg 688w, https:\/\/itbranschen.com\/wp-content\/uploads\/2026\/08\/CrowdStrike-tar-Project-QuiltWorks.jpg 1200w\" sizes=\"(max-width: 1044px) 100vw, 1044px\" title=\"| IT-Branschen\">\t\t\t\t<\/div>\n\n\t\t\t\t\n\t\t\t\t\n\t\t\t\t<a href=\"https:\/\/itbranschen.com\/de\/crowdstrike-pax8-quiltworks-ai-sakerhet-smb\/\" class=\"cs-overlay-link\" title=\"CrowdStrike tar Project QuiltWorks till SMB-marknaden\"><\/a>\n\t\t\t<\/div>\n\t\t\n\t\t<div class=\"cs-entry__inner cs-entry__content\">\n\n\t\t\t<div class=\"cs-entry__post-meta\" ><div class=\"cs-meta-category\"><ul class=\"post-categories\">\n\t<li><a href=\"https:\/\/itbranschen.com\/de\/category\/cybersakerhet\/\" rel=\"category tag\">Cybers\u00e4kerhet<\/a><\/li><\/ul><\/div><\/div>\n\t\t\t<h2 class=\"cs-entry__title\"><a href=\"https:\/\/itbranschen.com\/de\/crowdstrike-pax8-quiltworks-ai-sakerhet-smb\/\">CrowdStrike tar Project QuiltWorks till SMB-marknaden<\/a><\/h2>\n\t\t\t\t\t\t\t\t<div class=\"cs-entry__excerpt\">\n\t\t\t\t\t\t\u200b\ufeffCrowdStrike utvidgar Project QuiltWorks f\u00f6r sm\u00e5 och medelstora f\u00f6retag genom samarbeten med distribut\u00f6rer och MSP:er f\u00f6r att m\u00f6ta den \u00f6kade risken med AI-baserade cyberattacker.\ufeff\u200b\t\t\t\t\t<\/div>\n\t\t\t\t\t\n\t\t\t<div class=\"cs-entry__post-meta\" ><div class=\"cs-meta-author\"><span class=\"cs-meta-author-by\">by<\/span><a class=\"cs-meta-author-link url fn n\" href=\"https:\/\/itbranschen.com\/de\"><span class=\"cs-meta-author-name\">Sandra \u00c5str\u00f6m<\/span><\/a><\/div><div class=\"cs-meta-date\">August 14, 2026<\/div><\/div>\t\t<\/div>\n\t<\/div>\n<\/article>\n\t\t\t\t\t\t\t\t<\/div>\n\t\t\t\t\t\t\t<\/div>\n\t\t\t\t\t\t<\/div>\n\t\t\t\t\t\t\t\t<\/section>\n\t\t\t\t\t\t<\/div>\n\t\t\t\t<\/div>\n\t\t\t\t<\/div>\n\t\t\t\t<div class=\"elementor-element elementor-element-452f55e cs-dividervertical cs-divider-tablethorizontal cs-divider-mobilehorizontal elementor-widget elementor-widget-cs-divider\" data-id=\"452f55e\" data-element_type=\"widget\" data-e-type=\"widget\" data-settings=\"{&quot;ekit_we_effect_on&quot;:&quot;none&quot;}\" data-widget_type=\"cs-divider.default\">\n\t\t\t\t<div class=\"elementor-widget-container\">\n\t\t\t\t\t\t\t<section class=\"cs-divider cs-divider-vertical\"><\/section>\n\t\t\t\t\t\t<\/div>\n\t\t\t\t<\/div>\n\t\t<div class=\"elementor-element elementor-element-2c32e04 e-con-full e-flex e-con e-child\" data-id=\"2c32e04\" data-element_type=\"container\" data-e-type=\"container\">\n\t\t\t\t<div class=\"elementor-element elementor-element-c4c2635 elementor-widget elementor-widget-cs-posts\" data-id=\"c4c2635\" data-element_type=\"widget\" data-e-type=\"widget\" data-settings=\"{&quot;ekit_we_effect_on&quot;:&quot;none&quot;}\" data-widget_type=\"cs-posts.default\">\n\t\t\t\t<div class=\"elementor-widget-container\">\n\t\t\t\t\t\t\t\t<section class=\"cs-posts cs-posts__horizontal\">\n\t\t\t\t\t\t\t\t\t\t<div class=\"cs-posts-area cs-posts-area-elementor \" data-posts-area=\"\">\n\t\t\t\t\t\t\t<div class=\"cs-posts-area__outer\">\n\t\t\t\t\t\t\t\t<div\n\t\t\t\t\t\t\t\tclass=\"cs-posts-area__main cs-posts-area__main-divider\"\n\t\t\t\t\t\t\t\tdata-pc=\"1\"\n\t\t\t\t\t\t\t\tdata-lt=\"2\"\n\t\t\t\t\t\t\t\tdata-tb=\"1\"\n\t\t\t\t\t\t\t\tdata-mb=\"1\"\n\t\t\t\t\t\t\t\t>\n\t\t\t\t\t\t\t\t\t\n<article class=\"post-32059 post type-post status-publish format-standard has-post-thumbnail category-cybersakerhet category-nyheter tag-cyberpilot tag-cybersakerhet tag-dach tag-datasuveranitet tag-e-postkryptering tag-e-postsakerhet tag-europeisk-cybersakerhet tag-human-risk-management tag-it-sakerhet tag-lea-partners tag-pgp tag-phishing tag-phishing-simulering tag-s-mime tag-security-awareness-training tag-seppmail cs-entry cs-video-wrap\">\n\t<div class=\"cs-entry__outer cs-entry__outer-medium cs-entry__outer-thumbnail-right\">\n\t\t\t\t\t<div class=\"cs-entry__inner cs-entry__overlay cs-entry__thumbnail cs-overlay-ratio cs-ratio-landscape-16-9\">\n\n\t\t\t\t<div class=\"cs-overlay-background\">\n\t\t\t\t\t<img loading=\"lazy\" decoding=\"async\" width=\"332\" height=\"187\" src=\"https:\/\/itbranschen.com\/wp-content\/uploads\/2026\/08\/CyberPilot-founders-332x187.jpg\" class=\"attachment-csco-thumbnail-uncropped size-csco-thumbnail-uncropped wp-post-image\" alt=\"CyberPilot \u00e4r nu en del av SEPPmail AG | IT-Branschen\" srcset=\"https:\/\/itbranschen.com\/wp-content\/uploads\/2026\/08\/CyberPilot-founders-332x187.jpg 332w, https:\/\/itbranschen.com\/wp-content\/uploads\/2026\/08\/CyberPilot-founders-300x169.jpg 300w, https:\/\/itbranschen.com\/wp-content\/uploads\/2026\/08\/CyberPilot-founders-1024x576.jpg 1024w, https:\/\/itbranschen.com\/wp-content\/uploads\/2026\/08\/CyberPilot-founders-768x432.jpg 768w, https:\/\/itbranschen.com\/wp-content\/uploads\/2026\/08\/CyberPilot-founders-18x10.jpg 18w, https:\/\/itbranschen.com\/wp-content\/uploads\/2026\/08\/CyberPilot-founders-664x374.jpg 664w, https:\/\/itbranschen.com\/wp-content\/uploads\/2026\/08\/CyberPilot-founders-688x387.jpg 688w, https:\/\/itbranschen.com\/wp-content\/uploads\/2026\/08\/CyberPilot-founders-1044x587.jpg 1044w, https:\/\/itbranschen.com\/wp-content\/uploads\/2026\/08\/CyberPilot-founders.jpg 1200w\" sizes=\"(max-width: 332px) 100vw, 332px\" title=\"| IT-Branschen\">\t\t\t\t\t<img loading=\"lazy\" decoding=\"async\" width=\"332\" height=\"186\" src=\"https:\/\/itbranschen.com\/wp-content\/uploads\/2026\/08\/CyberPilot-founders-332x186.jpg\" class=\"attachment-csco-thumbnail size-csco-thumbnail wp-post-image\" alt=\"CyberPilot \u00e4r nu en del av SEPPmail AG | IT-Branschen\" srcset=\"https:\/\/itbranschen.com\/wp-content\/uploads\/2026\/08\/CyberPilot-founders-332x187.jpg 332w, https:\/\/itbranschen.com\/wp-content\/uploads\/2026\/08\/CyberPilot-founders-300x169.jpg 300w, https:\/\/itbranschen.com\/wp-content\/uploads\/2026\/08\/CyberPilot-founders-1024x576.jpg 1024w, https:\/\/itbranschen.com\/wp-content\/uploads\/2026\/08\/CyberPilot-founders-768x432.jpg 768w, https:\/\/itbranschen.com\/wp-content\/uploads\/2026\/08\/CyberPilot-founders-18x10.jpg 18w, https:\/\/itbranschen.com\/wp-content\/uploads\/2026\/08\/CyberPilot-founders-664x374.jpg 664w, https:\/\/itbranschen.com\/wp-content\/uploads\/2026\/08\/CyberPilot-founders-688x387.jpg 688w, https:\/\/itbranschen.com\/wp-content\/uploads\/2026\/08\/CyberPilot-founders-1044x587.jpg 1044w, https:\/\/itbranschen.com\/wp-content\/uploads\/2026\/08\/CyberPilot-founders.jpg 1200w\" sizes=\"(max-width: 332px) 100vw, 332px\" title=\"| IT-Branschen\">\t\t\t\t<\/div>\n\n\t\t\t\t\n\t\t\t\t\n\t\t\t\t<a href=\"https:\/\/itbranschen.com\/de\/seppmail-forvarvar-cyberpilot\/\" class=\"cs-overlay-link\" title=\"CyberPilot \u00e4r nu en del av SEPPmail AG\"><\/a>\n\t\t\t<\/div>\n\t\t\n\t\t<div class=\"cs-entry__inner cs-entry__content cs-entry__content-horizontal\">\n\t\t\t<div class=\"cs-entry__post-meta\" ><div class=\"cs-meta-category\"><ul class=\"post-categories\">\n\t<li><a href=\"https:\/\/itbranschen.com\/de\/category\/cybersakerhet\/\" rel=\"category tag\">Cybers\u00e4kerhet<\/a><\/li>\n\t<li><a href=\"https:\/\/itbranschen.com\/de\/category\/nyheter\/\" rel=\"category tag\">Nyheter<\/a><\/li><\/ul><\/div><\/div>\n\t\t\t<h2 class=\"cs-entry__title\"><a href=\"https:\/\/itbranschen.com\/de\/seppmail-forvarvar-cyberpilot\/\">CyberPilot \u00e4r nu en del av SEPPmail AG<\/a><\/h2>\n\t\t\t\n\t\t\t<div class=\"cs-entry__post-meta\" ><div class=\"cs-meta-author\"><span class=\"cs-meta-author-by\">by<\/span><a class=\"cs-meta-author-link url fn n\" href=\"https:\/\/itbranschen.com\/de\"><span class=\"cs-meta-author-name\">Sandra \u00c5str\u00f6m<\/span><\/a><\/div><div class=\"cs-meta-date\">August 13, 2026<\/div><\/div>\t\t<\/div>\n\t<\/div>\n<\/article>\n\n<article class=\"post-32045 post type-post status-publish format-standard has-post-thumbnail category-artificiell-intelligens tag-ai-agenter tag-artificiell-intelligens tag-data tag-datastyrning tag-generativ-ai tag-google-cloud tag-it-branschen-2 tag-it-branschen-nyheter tag-it-nyheter tag-it-branschen tag-mit-technology-review-insights tag-molntjanster cs-entry cs-video-wrap\">\n\t<div class=\"cs-entry__outer cs-entry__outer-medium cs-entry__outer-thumbnail-right\">\n\t\t\t\t\t<div class=\"cs-entry__inner cs-entry__overlay cs-entry__thumbnail cs-overlay-ratio cs-ratio-landscape-16-9\">\n\n\t\t\t\t<div class=\"cs-overlay-background\">\n\t\t\t\t\t<img loading=\"lazy\" decoding=\"async\" width=\"332\" height=\"187\" src=\"https:\/\/itbranschen.com\/wp-content\/uploads\/2026\/08\/Skalning-av-AI-agenter-med-tillforlitlig-data-Nya-resultat-fran-MIT-Technology-Review-Insights-332x187.jpg\" class=\"attachment-csco-thumbnail-uncropped size-csco-thumbnail-uncropped wp-post-image\" alt=\"Tillf\u00f6rlitliga data avg\u00f6r om AI-agenter kan skalas | IT-Branschen\" srcset=\"https:\/\/itbranschen.com\/wp-content\/uploads\/2026\/08\/Skalning-av-AI-agenter-med-tillforlitlig-data-Nya-resultat-fran-MIT-Technology-Review-Insights-332x187.jpg 332w, https:\/\/itbranschen.com\/wp-content\/uploads\/2026\/08\/Skalning-av-AI-agenter-med-tillforlitlig-data-Nya-resultat-fran-MIT-Technology-Review-Insights-300x169.jpg 300w, https:\/\/itbranschen.com\/wp-content\/uploads\/2026\/08\/Skalning-av-AI-agenter-med-tillforlitlig-data-Nya-resultat-fran-MIT-Technology-Review-Insights-1024x576.jpg 1024w, https:\/\/itbranschen.com\/wp-content\/uploads\/2026\/08\/Skalning-av-AI-agenter-med-tillforlitlig-data-Nya-resultat-fran-MIT-Technology-Review-Insights-768x432.jpg 768w, https:\/\/itbranschen.com\/wp-content\/uploads\/2026\/08\/Skalning-av-AI-agenter-med-tillforlitlig-data-Nya-resultat-fran-MIT-Technology-Review-Insights-18x10.jpg 18w, https:\/\/itbranschen.com\/wp-content\/uploads\/2026\/08\/Skalning-av-AI-agenter-med-tillforlitlig-data-Nya-resultat-fran-MIT-Technology-Review-Insights-664x374.jpg 664w, https:\/\/itbranschen.com\/wp-content\/uploads\/2026\/08\/Skalning-av-AI-agenter-med-tillforlitlig-data-Nya-resultat-fran-MIT-Technology-Review-Insights-688x387.jpg 688w, https:\/\/itbranschen.com\/wp-content\/uploads\/2026\/08\/Skalning-av-AI-agenter-med-tillforlitlig-data-Nya-resultat-fran-MIT-Technology-Review-Insights-1044x587.jpg 1044w, https:\/\/itbranschen.com\/wp-content\/uploads\/2026\/08\/Skalning-av-AI-agenter-med-tillforlitlig-data-Nya-resultat-fran-MIT-Technology-Review-Insights.jpg 1200w\" sizes=\"(max-width: 332px) 100vw, 332px\" title=\"| IT-Branschen\">\t\t\t\t\t<img loading=\"lazy\" decoding=\"async\" width=\"332\" height=\"186\" src=\"https:\/\/itbranschen.com\/wp-content\/uploads\/2026\/08\/Skalning-av-AI-agenter-med-tillforlitlig-data-Nya-resultat-fran-MIT-Technology-Review-Insights-332x186.jpg\" class=\"attachment-csco-thumbnail size-csco-thumbnail wp-post-image\" alt=\"Tillf\u00f6rlitliga data avg\u00f6r om AI-agenter kan skalas | IT-Branschen\" srcset=\"https:\/\/itbranschen.com\/wp-content\/uploads\/2026\/08\/Skalning-av-AI-agenter-med-tillforlitlig-data-Nya-resultat-fran-MIT-Technology-Review-Insights-332x187.jpg 332w, https:\/\/itbranschen.com\/wp-content\/uploads\/2026\/08\/Skalning-av-AI-agenter-med-tillforlitlig-data-Nya-resultat-fran-MIT-Technology-Review-Insights-300x169.jpg 300w, https:\/\/itbranschen.com\/wp-content\/uploads\/2026\/08\/Skalning-av-AI-agenter-med-tillforlitlig-data-Nya-resultat-fran-MIT-Technology-Review-Insights-1024x576.jpg 1024w, https:\/\/itbranschen.com\/wp-content\/uploads\/2026\/08\/Skalning-av-AI-agenter-med-tillforlitlig-data-Nya-resultat-fran-MIT-Technology-Review-Insights-768x432.jpg 768w, https:\/\/itbranschen.com\/wp-content\/uploads\/2026\/08\/Skalning-av-AI-agenter-med-tillforlitlig-data-Nya-resultat-fran-MIT-Technology-Review-Insights-18x10.jpg 18w, https:\/\/itbranschen.com\/wp-content\/uploads\/2026\/08\/Skalning-av-AI-agenter-med-tillforlitlig-data-Nya-resultat-fran-MIT-Technology-Review-Insights-664x374.jpg 664w, https:\/\/itbranschen.com\/wp-content\/uploads\/2026\/08\/Skalning-av-AI-agenter-med-tillforlitlig-data-Nya-resultat-fran-MIT-Technology-Review-Insights-688x387.jpg 688w, https:\/\/itbranschen.com\/wp-content\/uploads\/2026\/08\/Skalning-av-AI-agenter-med-tillforlitlig-data-Nya-resultat-fran-MIT-Technology-Review-Insights-1044x587.jpg 1044w, https:\/\/itbranschen.com\/wp-content\/uploads\/2026\/08\/Skalning-av-AI-agenter-med-tillforlitlig-data-Nya-resultat-fran-MIT-Technology-Review-Insights.jpg 1200w\" sizes=\"(max-width: 332px) 100vw, 332px\" title=\"| IT-Branschen\">\t\t\t\t<\/div>\n\n\t\t\t\t\n\t\t\t\t\n\t\t\t\t<a href=\"https:\/\/itbranschen.com\/de\/tillforlitliga-data-avgor-om-ai-agenter-kan-skalas\/\" class=\"cs-overlay-link\" title=\"Tillf\u00f6rlitliga data avg\u00f6r om AI-agenter kan skalas\"><\/a>\n\t\t\t<\/div>\n\t\t\n\t\t<div class=\"cs-entry__inner cs-entry__content cs-entry__content-horizontal\">\n\t\t\t<div class=\"cs-entry__post-meta\" ><div class=\"cs-meta-category\"><ul class=\"post-categories\">\n\t<li><a href=\"https:\/\/itbranschen.com\/de\/category\/artificiell-intelligens\/\" rel=\"category tag\">Artificiell intelligens<\/a><\/li><\/ul><\/div><\/div>\n\t\t\t<h2 class=\"cs-entry__title\"><a href=\"https:\/\/itbranschen.com\/de\/tillforlitliga-data-avgor-om-ai-agenter-kan-skalas\/\">Tillf\u00f6rlitliga data avg\u00f6r om AI-agenter kan skalas<\/a><\/h2>\n\t\t\t\n\t\t\t<div class=\"cs-entry__post-meta\" ><div class=\"cs-meta-author\"><span class=\"cs-meta-author-by\">by<\/span><a class=\"cs-meta-author-link url fn n\" href=\"https:\/\/itbranschen.com\/de\"><span class=\"cs-meta-author-name\">Mateo Sandstr\u00f6m<\/span><\/a><\/div><div class=\"cs-meta-date\">August 13, 2026<\/div><\/div>\t\t<\/div>\n\t<\/div>\n<\/article>\n\t\t\t\t\t\t\t\t<\/div>\n\t\t\t\t\t\t\t<\/div>\n\t\t\t\t\t\t<\/div>\n\t\t\t\t\t\t\t\t<\/section>\n\t\t\t\t\t\t<\/div>\n\t\t\t\t<\/div>\n\t\t\t\t<div class=\"elementor-element elementor-element-a26caa9 cs-dividerhorizontal cs-divider-tablethorizontal cs-divider-mobilehorizontal elementor-widget elementor-widget-cs-divider\" data-id=\"a26caa9\" data-element_type=\"widget\" data-e-type=\"widget\" data-settings=\"{&quot;ekit_we_effect_on&quot;:&quot;none&quot;}\" data-widget_type=\"cs-divider.default\">\n\t\t\t\t<div class=\"elementor-widget-container\">\n\t\t\t\t\t\t\t<section class=\"cs-divider cs-divider-horizontal\"><\/section>\n\t\t\t\t\t\t<\/div>\n\t\t\t\t<\/div>\n\t\t\t\t<div class=\"elementor-element elementor-element-6410fc0 elementor-widget elementor-widget-cs-posts\" data-id=\"6410fc0\" data-element_type=\"widget\" data-e-type=\"widget\" data-settings=\"{&quot;ekit_we_effect_on&quot;:&quot;none&quot;}\" data-widget_type=\"cs-posts.default\">\n\t\t\t\t<div class=\"elementor-widget-container\">\n\t\t\t\t\t\t\t\t<section class=\"cs-posts cs-posts__standard\">\n\t\t\t\t\t\t\t\t\t\t<div class=\"cs-posts-area cs-posts-area-elementor \" data-posts-area=\"\">\n\t\t\t\t\t\t\t<div class=\"cs-posts-area__outer\">\n\t\t\t\t\t\t\t\t<div\n\t\t\t\t\t\t\t\tclass=\"cs-posts-area__main cs-posts-area__main-divider\"\n\t\t\t\t\t\t\t\tdata-pc=\"2\"\n\t\t\t\t\t\t\t\tdata-lt=\"2\"\n\t\t\t\t\t\t\t\tdata-tb=\"2\"\n\t\t\t\t\t\t\t\tdata-mb=\"1\"\n\t\t\t\t\t\t\t\t>\n\t\t\t\t\t\t\t\t\t\n<article class=\"post-33178 post type-post status-publish format-standard has-post-thumbnail category-artificiell-intelligens tag-advise tag-ai tag-artificiell-intelligens tag-business-central tag-business-intelligence tag-ekonomistyrning tag-finansiell-analys tag-finansiell-intelligens tag-fintech tag-fortnox tag-it-branschen-2 tag-it-kanalen-2 tag-it-nyheter tag-it-branschen tag-it-kanalen tag-norden tag-nyheter tag-roger-ai tag-sverige tag-tillvaxtforetag tag-visma cs-entry cs-video-wrap\">\n\t<div class=\"cs-entry__outer\">\n\t\t\n\t\t<div class=\"cs-entry__inner cs-entry__content\">\n\n\t\t\t<div class=\"cs-entry__post-meta\" ><div class=\"cs-meta-category\"><ul class=\"post-categories\">\n\t<li><a href=\"https:\/\/itbranschen.com\/de\/category\/artificiell-intelligens\/\" rel=\"category tag\">Artificiell intelligens<\/a><\/li><\/ul><\/div><\/div>\n\t\t\t<h2 class=\"cs-entry__title\"><a href=\"https:\/\/itbranschen.com\/de\/advise-ai-plattform-sverige\/\">Advise tar in 28 miljoner och lanserar AI-plattform i Sverige<\/a><\/h2>\n\t\t\t\n\t\t\t<div class=\"cs-entry__post-meta\" ><div class=\"cs-meta-author\"><span class=\"cs-meta-author-by\">by<\/span><a class=\"cs-meta-author-link url fn n\" href=\"https:\/\/itbranschen.com\/de\"><span class=\"cs-meta-author-name\">IT-Branschen<\/span><\/a><\/div><div class=\"cs-meta-date\">September 1, 2026<\/div><\/div>\t\t<\/div>\n\t<\/div>\n<\/article>\n\n<article class=\"post-33163 post type-post status-publish format-standard has-post-thumbnail category-artificiell-intelligens tag-agent-gateway tag-ai tag-ai-agenter tag-ai-infrastruktur tag-datasakerhet tag-enterprise-ai-2-8 tag-foretags-ai-2 tag-generativ-ai tag-gpu tag-hybrid-cloud tag-it-branschen-2 tag-it-kanalen-2 tag-it-nyheter tag-it-branschen tag-it-kanalen tag-kostnadsstyrning tag-llm tag-norden tag-nutanix tag-nutanix-enterprise-ai tag-nyheter tag-privat-inferens tag-private-ai tag-sprakmodeller tag-tokenbudget tag-tokenomics cs-entry cs-video-wrap\">\n\t<div class=\"cs-entry__outer\">\n\t\t\n\t\t<div class=\"cs-entry__inner cs-entry__content\">\n\n\t\t\t<div class=\"cs-entry__post-meta\" ><div class=\"cs-meta-category\"><ul class=\"post-categories\">\n\t<li><a href=\"https:\/\/itbranschen.com\/de\/category\/artificiell-intelligens\/\" rel=\"category tag\">Artificiell intelligens<\/a><\/li><\/ul><\/div><\/div>\n\t\t\t<h2 class=\"cs-entry__title\"><a href=\"https:\/\/itbranschen.com\/de\/nutanix-enterprise-ai-2-8-ai-kostnader\/\">Nutanix stryper AI kostnadsfestbranschen<\/a><\/h2>\n\t\t\t\n\t\t\t<div class=\"cs-entry__post-meta\" ><div class=\"cs-meta-author\"><span class=\"cs-meta-author-by\">by<\/span><a class=\"cs-meta-author-link url fn n\" href=\"https:\/\/itbranschen.com\/de\"><span class=\"cs-meta-author-name\">IT-Branschen<\/span><\/a><\/div><div class=\"cs-meta-date\">September 1, 2026<\/div><\/div>\t\t<\/div>\n\t<\/div>\n<\/article>\n\n<article class=\"post-33143 post type-post status-publish format-standard has-post-thumbnail category-nyheter tag-ai-nyheter tag-archer-8-ultra tag-berlin tag-connectivity tag-deco-8-ultra tag-ifa-2026 tag-it-branschen-2 tag-it-branschen tag-it-kanalen tag-mesh tag-natverk tag-nyheter tag-router tag-smart-home tag-stabilityengine tag-tp-link tag-tradlost-natverk tag-wi-fi tag-wi-fi-8 tag-wlan cs-entry cs-video-wrap\">\n\t<div class=\"cs-entry__outer\">\n\t\t\n\t\t<div class=\"cs-entry__inner cs-entry__content\">\n\n\t\t\t<div class=\"cs-entry__post-meta\" ><div class=\"cs-meta-category\"><ul class=\"post-categories\">\n\t<li><a href=\"https:\/\/itbranschen.com\/de\/category\/nyheter\/\" rel=\"category tag\">Nyheter<\/a><\/li><\/ul><\/div><\/div>\n\t\t\t<h2 class=\"cs-entry__title\"><a href=\"https:\/\/itbranschen.com\/de\/tp-link-archer-8-ultra-deco-8-ultra-wifi-8\/\">TP-Link presenterar nya Wi-Fi 8-produkter p\u00e5 IFA 2026<\/a><\/h2>\n\t\t\t\n\t\t\t<div class=\"cs-entry__post-meta\" ><div class=\"cs-meta-author\"><span class=\"cs-meta-author-by\">by<\/span><a class=\"cs-meta-author-link url fn n\" href=\"https:\/\/itbranschen.com\/de\"><span class=\"cs-meta-author-name\">IT-Branschen<\/span><\/a><\/div><div class=\"cs-meta-date\">September 1, 2026<\/div><\/div>\t\t<\/div>\n\t<\/div>\n<\/article>\n\n<article class=\"post-33077 post type-post status-publish format-standard has-post-thumbnail category-karriar tag-affarsutveckling tag-b2b tag-cco tag-gibon tag-gibongruppen tag-it-branschen-2 tag-it-kanalen-2 tag-it-branschen tag-it-kanalen tag-katrin-lindahl-wallin tag-kundvarde tag-ledarskap tag-marknadsforing tag-tillvaxt tag-tjanstepaketering tag-yvonne-dahlberg cs-entry cs-video-wrap\">\n\t<div class=\"cs-entry__outer\">\n\t\t\n\t\t<div class=\"cs-entry__inner cs-entry__content\">\n\n\t\t\t<div class=\"cs-entry__post-meta\" ><div class=\"cs-meta-category\"><ul class=\"post-categories\">\n\t<li><a href=\"https:\/\/itbranschen.com\/de\/category\/karriar\/\" rel=\"category tag\">Karri\u00e4r<\/a><\/li><\/ul><\/div><\/div>\n\t\t\t<h2 class=\"cs-entry__title\"><a href=\"https:\/\/itbranschen.com\/de\/yvonne-dahlberg-cco-gibongruppen\/\">Yvonne Dahlberg blir ny CCO f\u00f6r Gibongruppen<\/a><\/h2>\n\t\t\t\n\t\t\t<div class=\"cs-entry__post-meta\" ><div class=\"cs-meta-author\"><span class=\"cs-meta-author-by\">by<\/span><a class=\"cs-meta-author-link url fn n\" href=\"https:\/\/itbranschen.com\/de\"><span class=\"cs-meta-author-name\">IT-Branschen<\/span><\/a><\/div><div class=\"cs-meta-date\">August 28, 2026<\/div><\/div>\t\t<\/div>\n\t<\/div>\n<\/article>\n\t\t\t\t\t\t\t\t<\/div>\n\t\t\t\t\t\t\t<\/div>\n\t\t\t\t\t\t<\/div>\n\t\t\t\t\t\t\t\t<\/section>\n\t\t\t\t\t\t<\/div>\n\t\t\t\t<\/div>\n\t\t\t\t<\/div>\n\t\t\t\t<\/div>\n\t\t\t\t<div class=\"elementor-element elementor-element-8fbc9c9 cs-dividerhorizontal cs-divider-tablethorizontal cs-divider-mobilehorizontal elementor-widget elementor-widget-cs-divider\" data-id=\"8fbc9c9\" data-element_type=\"widget\" data-e-type=\"widget\" data-settings=\"{&quot;ekit_we_effect_on&quot;:&quot;none&quot;}\" data-widget_type=\"cs-divider.default\">\n\t\t\t\t<div class=\"elementor-widget-container\">\n\t\t\t\t\t\t\t<section class=\"cs-divider cs-divider-horizontal\"><\/section>\n\t\t\t\t\t\t<\/div>\n\t\t\t\t<\/div>\n\t\t\t\t\t<\/div>\n\t\t\t\t<\/div>\n\t\t<div class=\"elementor-element elementor-element-f79cada e-flex e-con-boxed e-con e-parent\" data-id=\"f79cada\" data-element_type=\"container\" data-e-type=\"container\">\n\t\t\t\t\t<div class=\"e-con-inner\">\n\t\t\t\t<div class=\"elementor-element elementor-element-343c9ba elementor-widget elementor-widget-cs-subscribe\" data-id=\"343c9ba\" data-element_type=\"widget\" data-e-type=\"widget\" data-settings=\"{&quot;ekit_we_effect_on&quot;:&quot;none&quot;}\" data-widget_type=\"cs-subscribe.default\">\n\t\t\t\t<div class=\"elementor-widget-container\">\n\t\t\t\t\t\n\t\t<section class=\"cs-subscribe-elementor cs-subscribe-elementor-type-1\">\n\n\t\t\t<div class=\"cs-subscribe__content\">\n\t\t\t\t\t\t\t\t\t<div class=\"cs-subscribe__header\">\n\t\t\t\t\t\t<h2 class=\"cs-subscribe__heading\">\n\t\t\t\t\t\t\tH\u00e5ll dig uppdaterad med de viktigaste nyheterna!\t\t\t\t\t\t<\/h2>\n\t\t\t\t\t<\/div>\n\t\t\t\t\n\t\t\t\t<form class=\"cs-subscribe__form\" action=\"http:\/\/eepurl.com\/iCcyF-\/\" method=\"post\" target=\"_blank\" novalidate>\n\t\t\t\t\t<div class=\"cs-subscribe__form-group\" data-scheme=\"light\">\n\t\t\t\t\t\t<input type=\"email\" placeholder=\"E-mail\" name=\"EMAIL\" required>\n\n\t\t\t\t\t\t\n\t\t\t\t\t\t<button type=\"submit\" value=\"Prenumerera\" name=\"subscribe\">Prenumerera<\/button>\n\t\t\t\t\t<\/div>\n\n\t\t\t\t\t\t\t\t\t\t\t<div class=\"cs-subscribe__description\">\n\t\t\t\t\t\t\t<p>Genom att trycka p\u00e5 knappen Prenumerera bekr\u00e4ftar du att du har l\u00e4st och godk\u00e4nner v\u00e5r\u00a0integritetspolicy\u00a0och\u00a0anv\u00e4ndarvillkor<\/p>\t\t\t\t\t\t<\/div>\n\t\t\t\t\t\t\t\t\t<\/form>\n\t\t\t<\/div>\n\n\t\t\t\n\t\t<\/section>\n\n\t\t\t\t\t\t<\/div>\n\t\t\t\t<\/div>\n\t\t\t\t<div class=\"elementor-element elementor-element-96c9bac elementor-widget elementor-widget-shortcode\" data-id=\"96c9bac\" data-element_type=\"widget\" data-e-type=\"widget\" data-settings=\"{&quot;ekit_we_effect_on&quot;:&quot;none&quot;}\" data-widget_type=\"shortcode.default\">\n\t\t\t\t<div class=\"elementor-widget-container\">\n\t\t\t\t\t\t\t<div class=\"elementor-shortcode\">\r\n\t\t<section class=\"itb-home-authors\">\r\n\r\n\t\t\t<div class=\"itb-home-authors-head\">\r\n\r\n\t\t\t\t<div>\r\n\r\n\t\t\t\t\t<div\r\n\t\t\t\t\t\tclass=\"itb-home-authors-kicker\"\r\n\t\t\t\t\t>\r\n\t\t\t\t\t\tIT-BRANSCHEN\r\n\t\t\t\t\t<\/div>\r\n\r\n\t\t\t\t\t<h2>\r\n\t\t\t\t\t\tM\u00f6t redaktionen\r\n\t\t\t\t\t<\/h2>\r\n\r\n\t\t\t\t\t<p>\r\n\t\t\t\t\t\tPersonerna bakom IT-Branschens\r\n\t\t\t\t\t\tredaktionella bevakning.\r\n\t\t\t\t\t<\/p>\r\n\r\n\t\t\t\t<\/div>\r\n\r\n\t\t\t\t<a class=\"itb-home-authors-main-link\" href=\"https:\/\/itbranschen.com\/de\/redaktionen\/\">\r\n\r\n\t\t\t\t\tSe hela redaktionen \u2192\r\n\r\n\t\t\t\t<\/a>\r\n\r\n\t\t\t<\/div>\r\n\r\n\t\t\t<div class=\"itb-home-authors-grid\">\r\n\r\n\t\t\t\t\r\n\t\t\t\t\t\r\n\t\t\t\t\t<article\r\n\t\t\t\t\t\tclass=\"itb-home-author\"\r\n\t\t\t\t\t>\r\n\r\n\t\t\t\t\t\t<a class=\"itb-home-author-photo-link\" href=\"https:\/\/itbranschen.com\/de\/redaktionen\/andreas-wallin\/\">\r\n\r\n\t\t\t\t\t\t\t<img alt=\"IT-Branschen Editorial Byline | IT-Branschen\" title=\"IT-Branschen\"\r\n\t\t\t\t\t\t\t\tclass=\"itb-home-author-photo\"\r\n\t\t\t\t\t\t\t\tsrc=\"https:\/\/itbranschen.com\/wp-content\/uploads\/2026\/08\/Andreas-Wallin.jpg\"\r\n\t\t\t\t\t\t\t\talt=\"Andreas Wallin\"\r\n\t\t\t\t\t\t\t\tloading=\"lazy\"\r\n\t\t\t\t\t\t\t\/>\r\n\r\n\t\t\t\t\t\t<\/a>\r\n\r\n\t\t\t\t\t\t<div\r\n\t\t\t\t\t\t\tclass=\"itb-home-author-info\"\r\n\t\t\t\t\t\t>\r\n\r\n\t\t\t\t\t\t\t<h3>\r\n\r\n\t\t\t\t\t\t\t\t<a href=\"https:\/\/itbranschen.com\/de\/redaktionen\/andreas-wallin\/\">\r\n\r\n\t\t\t\t\t\t\t\t\tAndreas Wallin\r\n\t\t\t\t\t\t\t\t<\/a>\r\n\r\n\t\t\t\t\t\t\t<\/h3>\r\n\r\n\t\t\t\t\t\t\t<div\r\n\t\t\t\t\t\t\t\tclass=\"itb-home-author-name-rule\"\r\n\t\t\t\t\t\t\t\taria-hidden=\"true\"\r\n\t\t\t\t\t\t\t><\/div>\r\n\r\n\t\t\t\t\t\t\t\r\n\t\t\t\t\t\t\t\t<div\r\n\t\t\t\t\t\t\t\t\tclass=\"itb-home-author-role\"\r\n\t\t\t\t\t\t\t\t>\r\n\r\n\t\t\t\t\t\t\t\t\tRedakt\u00f6r \u2013 AI &amp; Enterprise Software\r\n\t\t\t\t\t\t\t\t<\/div>\r\n\r\n\t\t\t\t\t\t\t\r\n\t\t\t\t\t\t\t<a class=\"itb-home-author-link\" href=\"https:\/\/itbranschen.com\/de\/redaktionen\/andreas-wallin\/\">\r\n\r\n\t\t\t\t\t\t\t\tSe artiklar \u2192\r\n\r\n\t\t\t\t\t\t\t<\/a>\r\n\r\n\t\t\t\t\t\t<\/div>\r\n\r\n\t\t\t\t\t<\/article>\r\n\r\n\t\t\t\t\r\n\t\t\t\t\t\r\n\t\t\t\t\t<article\r\n\t\t\t\t\t\tclass=\"itb-home-author\"\r\n\t\t\t\t\t>\r\n\r\n\t\t\t\t\t\t<a class=\"itb-home-author-photo-link\" href=\"https:\/\/itbranschen.com\/de\/redaktionen\/angelica-hagelberg\/\">\r\n\r\n\t\t\t\t\t\t\t<img alt=\"IT-Branschen Editorial Byline | IT-Branschen\" title=\"IT-Branschen\"\r\n\t\t\t\t\t\t\t\tclass=\"itb-home-author-photo\"\r\n\t\t\t\t\t\t\t\tsrc=\"https:\/\/itbranschen.com\/wp-content\/uploads\/2026\/08\/Angelica-Hagelberg.jpg\"\r\n\t\t\t\t\t\t\t\talt=\"Angelica Hagelberg\"\r\n\t\t\t\t\t\t\t\tloading=\"lazy\"\r\n\t\t\t\t\t\t\t\/>\r\n\r\n\t\t\t\t\t\t<\/a>\r\n\r\n\t\t\t\t\t\t<div\r\n\t\t\t\t\t\t\tclass=\"itb-home-author-info\"\r\n\t\t\t\t\t\t>\r\n\r\n\t\t\t\t\t\t\t<h3>\r\n\r\n\t\t\t\t\t\t\t\t<a href=\"https:\/\/itbranschen.com\/de\/redaktionen\/angelica-hagelberg\/\">\r\n\r\n\t\t\t\t\t\t\t\t\tAngelica Hagelberg\r\n\t\t\t\t\t\t\t\t<\/a>\r\n\r\n\t\t\t\t\t\t\t<\/h3>\r\n\r\n\t\t\t\t\t\t\t<div\r\n\t\t\t\t\t\t\t\tclass=\"itb-home-author-name-rule\"\r\n\t\t\t\t\t\t\t\taria-hidden=\"true\"\r\n\t\t\t\t\t\t\t><\/div>\r\n\r\n\t\t\t\t\t\t\t\r\n\t\t\t\t\t\t\t\t<div\r\n\t\t\t\t\t\t\t\t\tclass=\"itb-home-author-role\"\r\n\t\t\t\t\t\t\t\t>\r\n\r\n\t\t\t\t\t\t\t\t\tRedakt\u00f6r \u2013 Offentlig sektor &amp; Fintech\r\n\t\t\t\t\t\t\t\t<\/div>\r\n\r\n\t\t\t\t\t\t\t\r\n\t\t\t\t\t\t\t<a class=\"itb-home-author-link\" href=\"https:\/\/itbranschen.com\/de\/redaktionen\/angelica-hagelberg\/\">\r\n\r\n\t\t\t\t\t\t\t\tSe artiklar \u2192\r\n\r\n\t\t\t\t\t\t\t<\/a>\r\n\r\n\t\t\t\t\t\t<\/div>\r\n\r\n\t\t\t\t\t<\/article>\r\n\r\n\t\t\t\t\r\n\t\t\t\t\t\r\n\t\t\t\t\t<article\r\n\t\t\t\t\t\tclass=\"itb-home-author\"\r\n\t\t\t\t\t>\r\n\r\n\t\t\t\t\t\t<a class=\"itb-home-author-photo-link\" href=\"https:\/\/itbranschen.com\/de\/redaktionen\/anna-dalberg\/\">\r\n\r\n\t\t\t\t\t\t\t<img alt=\"IT-Branschen Editorial Byline | IT-Branschen\" title=\"IT-Branschen\"\r\n\t\t\t\t\t\t\t\tclass=\"itb-home-author-photo\"\r\n\t\t\t\t\t\t\t\tsrc=\"https:\/\/itbranschen.com\/wp-content\/uploads\/2026\/08\/Anna-Dalberg.jpg\"\r\n\t\t\t\t\t\t\t\talt=\"Anna Dalberg\"\r\n\t\t\t\t\t\t\t\tloading=\"lazy\"\r\n\t\t\t\t\t\t\t\/>\r\n\r\n\t\t\t\t\t\t<\/a>\r\n\r\n\t\t\t\t\t\t<div\r\n\t\t\t\t\t\t\tclass=\"itb-home-author-info\"\r\n\t\t\t\t\t\t>\r\n\r\n\t\t\t\t\t\t\t<h3>\r\n\r\n\t\t\t\t\t\t\t\t<a href=\"https:\/\/itbranschen.com\/de\/redaktionen\/anna-dalberg\/\">\r\n\r\n\t\t\t\t\t\t\t\t\tAnna Dalberg\r\n\t\t\t\t\t\t\t\t<\/a>\r\n\r\n\t\t\t\t\t\t\t<\/h3>\r\n\r\n\t\t\t\t\t\t\t<div\r\n\t\t\t\t\t\t\t\tclass=\"itb-home-author-name-rule\"\r\n\t\t\t\t\t\t\t\taria-hidden=\"true\"\r\n\t\t\t\t\t\t\t><\/div>\r\n\r\n\t\t\t\t\t\t\t\r\n\t\t\t\t\t\t\t\t<div\r\n\t\t\t\t\t\t\t\t\tclass=\"itb-home-author-role\"\r\n\t\t\t\t\t\t\t\t>\r\n\r\n\t\t\t\t\t\t\t\t\tRedakt\u00f6r \u2013 Telekom &amp; N\u00e4tverk\r\n\t\t\t\t\t\t\t\t<\/div>\r\n\r\n\t\t\t\t\t\t\t\r\n\t\t\t\t\t\t\t<a class=\"itb-home-author-link\" href=\"https:\/\/itbranschen.com\/de\/redaktionen\/anna-dalberg\/\">\r\n\r\n\t\t\t\t\t\t\t\tSe artiklar \u2192\r\n\r\n\t\t\t\t\t\t\t<\/a>\r\n\r\n\t\t\t\t\t\t<\/div>\r\n\r\n\t\t\t\t\t<\/article>\r\n\r\n\t\t\t\t\r\n\t\t\t\t\t\r\n\t\t\t\t\t<article\r\n\t\t\t\t\t\tclass=\"itb-home-author\"\r\n\t\t\t\t\t>\r\n\r\n\t\t\t\t\t\t<a class=\"itb-home-author-photo-link\" href=\"https:\/\/itbranschen.com\/de\/redaktionen\/camilla-nyberg\/\">\r\n\r\n\t\t\t\t\t\t\t<img alt=\"IT-Branschen Editorial Byline | IT-Branschen\" title=\"IT-Branschen\"\r\n\t\t\t\t\t\t\t\tclass=\"itb-home-author-photo\"\r\n\t\t\t\t\t\t\t\tsrc=\"https:\/\/itbranschen.com\/wp-content\/uploads\/2026\/08\/Camilla-Nyberg.jpg\"\r\n\t\t\t\t\t\t\t\talt=\"Camilla Nyberg\"\r\n\t\t\t\t\t\t\t\tloading=\"lazy\"\r\n\t\t\t\t\t\t\t\/>\r\n\r\n\t\t\t\t\t\t<\/a>\r\n\r\n\t\t\t\t\t\t<div\r\n\t\t\t\t\t\t\tclass=\"itb-home-author-info\"\r\n\t\t\t\t\t\t>\r\n\r\n\t\t\t\t\t\t\t<h3>\r\n\r\n\t\t\t\t\t\t\t\t<a href=\"https:\/\/itbranschen.com\/de\/redaktionen\/camilla-nyberg\/\">\r\n\r\n\t\t\t\t\t\t\t\t\tCamilla Nyberg\r\n\t\t\t\t\t\t\t\t<\/a>\r\n\r\n\t\t\t\t\t\t\t<\/h3>\r\n\r\n\t\t\t\t\t\t\t<div\r\n\t\t\t\t\t\t\t\tclass=\"itb-home-author-name-rule\"\r\n\t\t\t\t\t\t\t\taria-hidden=\"true\"\r\n\t\t\t\t\t\t\t><\/div>\r\n\r\n\t\t\t\t\t\t\t\r\n\t\t\t\t\t\t\t\t<div\r\n\t\t\t\t\t\t\t\t\tclass=\"itb-home-author-role\"\r\n\t\t\t\t\t\t\t\t>\r\n\r\n\t\t\t\t\t\t\t\t\tRedakt\u00f6r \u2013 Data &amp; Analys\r\n\t\t\t\t\t\t\t\t<\/div>\r\n\r\n\t\t\t\t\t\t\t\r\n\t\t\t\t\t\t\t<a class=\"itb-home-author-link\" href=\"https:\/\/itbranschen.com\/de\/redaktionen\/camilla-nyberg\/\">\r\n\r\n\t\t\t\t\t\t\t\tSe artiklar \u2192\r\n\r\n\t\t\t\t\t\t\t<\/a>\r\n\r\n\t\t\t\t\t\t<\/div>\r\n\r\n\t\t\t\t\t<\/article>\r\n\r\n\t\t\t\t\r\n\t\t\t\t\t\r\n\t\t\t\t\t<article\r\n\t\t\t\t\t\tclass=\"itb-home-author\"\r\n\t\t\t\t\t>\r\n\r\n\t\t\t\t\t\t<a class=\"itb-home-author-photo-link\" href=\"https:\/\/itbranschen.com\/de\/redaktionen\/mario-leif-birger-hansen\/\">\r\n\r\n\t\t\t\t\t\t\t<img alt=\"IT-Branschen Editorial Byline | IT-Branschen\" title=\"IT-Branschen\"\r\n\t\t\t\t\t\t\t\tclass=\"itb-home-author-photo\"\r\n\t\t\t\t\t\t\t\tsrc=\"https:\/\/itbranschen.com\/wp-content\/uploads\/2026\/08\/mario-hansen-portrait.png\"\r\n\t\t\t\t\t\t\t\talt=\"Mario Leif Birger Hansen\"\r\n\t\t\t\t\t\t\t\tloading=\"lazy\"\r\n\t\t\t\t\t\t\t\/>\r\n\r\n\t\t\t\t\t\t<\/a>\r\n\r\n\t\t\t\t\t\t<div\r\n\t\t\t\t\t\t\tclass=\"itb-home-author-info\"\r\n\t\t\t\t\t\t>\r\n\r\n\t\t\t\t\t\t\t<h3>\r\n\r\n\t\t\t\t\t\t\t\t<a href=\"https:\/\/itbranschen.com\/de\/redaktionen\/mario-leif-birger-hansen\/\">\r\n\r\n\t\t\t\t\t\t\t\t\tMario Leif Birger Hansen\r\n\t\t\t\t\t\t\t\t<\/a>\r\n\r\n\t\t\t\t\t\t\t<\/h3>\r\n\r\n\t\t\t\t\t\t\t<div\r\n\t\t\t\t\t\t\t\tclass=\"itb-home-author-name-rule\"\r\n\t\t\t\t\t\t\t\taria-hidden=\"true\"\r\n\t\t\t\t\t\t\t><\/div>\r\n\r\n\t\t\t\t\t\t\t\r\n\t\t\t\t\t\t\t\t<div\r\n\t\t\t\t\t\t\t\t\tclass=\"itb-home-author-role\"\r\n\t\t\t\t\t\t\t\t>\r\n\r\n\t\t\t\t\t\t\t\t\tChefredakt\u00f6r &amp; Medgrundare\r\n\t\t\t\t\t\t\t\t<\/div>\r\n\r\n\t\t\t\t\t\t\t\r\n\t\t\t\t\t\t\t<a class=\"itb-home-author-link\" href=\"https:\/\/itbranschen.com\/de\/redaktionen\/mario-leif-birger-hansen\/\">\r\n\r\n\t\t\t\t\t\t\t\tSe artiklar \u2192\r\n\r\n\t\t\t\t\t\t\t<\/a>\r\n\r\n\t\t\t\t\t\t<\/div>\r\n\r\n\t\t\t\t\t<\/article>\r\n\r\n\t\t\t\t\r\n\t\t\t\t\t\r\n\t\t\t\t\t<article\r\n\t\t\t\t\t\tclass=\"itb-home-author\"\r\n\t\t\t\t\t>\r\n\r\n\t\t\t\t\t\t<a class=\"itb-home-author-photo-link\" href=\"https:\/\/itbranschen.com\/de\/redaktionen\/mateo-sandstrom\/\">\r\n\r\n\t\t\t\t\t\t\t<img alt=\"IT-Branschen Editorial Byline | IT-Branschen\" title=\"IT-Branschen\"\r\n\t\t\t\t\t\t\t\tclass=\"itb-home-author-photo\"\r\n\t\t\t\t\t\t\t\tsrc=\"https:\/\/itbranschen.com\/wp-content\/uploads\/2026\/08\/Mateo-Sanstrom.jpg\"\r\n\t\t\t\t\t\t\t\talt=\"Mateo Sandstr\u00f6m\"\r\n\t\t\t\t\t\t\t\tloading=\"lazy\"\r\n\t\t\t\t\t\t\t\/>\r\n\r\n\t\t\t\t\t\t<\/a>\r\n\r\n\t\t\t\t\t\t<div\r\n\t\t\t\t\t\t\tclass=\"itb-home-author-info\"\r\n\t\t\t\t\t\t>\r\n\r\n\t\t\t\t\t\t\t<h3>\r\n\r\n\t\t\t\t\t\t\t\t<a href=\"https:\/\/itbranschen.com\/de\/redaktionen\/mateo-sandstrom\/\">\r\n\r\n\t\t\t\t\t\t\t\t\tMateo Sandstr\u00f6m\r\n\t\t\t\t\t\t\t\t<\/a>\r\n\r\n\t\t\t\t\t\t\t<\/h3>\r\n\r\n\t\t\t\t\t\t\t<div\r\n\t\t\t\t\t\t\t\tclass=\"itb-home-author-name-rule\"\r\n\t\t\t\t\t\t\t\taria-hidden=\"true\"\r\n\t\t\t\t\t\t\t><\/div>\r\n\r\n\t\t\t\t\t\t\t\r\n\t\t\t\t\t\t\t\t<div\r\n\t\t\t\t\t\t\t\t\tclass=\"itb-home-author-role\"\r\n\t\t\t\t\t\t\t\t>\r\n\r\n\t\t\t\t\t\t\t\t\tChefsredakt\u00f6r\r\n\t\t\t\t\t\t\t\t<\/div>\r\n\r\n\t\t\t\t\t\t\t\r\n\t\t\t\t\t\t\t<a class=\"itb-home-author-link\" href=\"https:\/\/itbranschen.com\/de\/redaktionen\/mateo-sandstrom\/\">\r\n\r\n\t\t\t\t\t\t\t\tSe artiklar \u2192\r\n\r\n\t\t\t\t\t\t\t<\/a>\r\n\r\n\t\t\t\t\t\t<\/div>\r\n\r\n\t\t\t\t\t<\/article>\r\n\r\n\t\t\t\t\r\n\t\t\t\t\t\r\n\t\t\t\t\t<article\r\n\t\t\t\t\t\tclass=\"itb-home-author\"\r\n\t\t\t\t\t>\r\n\r\n\t\t\t\t\t\t<a class=\"itb-home-author-photo-link\" href=\"https:\/\/itbranschen.com\/de\/redaktionen\/sandra-astrom\/\">\r\n\r\n\t\t\t\t\t\t\t<img alt=\"IT-Branschen Editorial Byline | IT-Branschen\" title=\"IT-Branschen\"\r\n\t\t\t\t\t\t\t\tclass=\"itb-home-author-photo\"\r\n\t\t\t\t\t\t\t\tsrc=\"https:\/\/itbranschen.com\/wp-content\/uploads\/2026\/08\/Sandra-Astrom.jpg\"\r\n\t\t\t\t\t\t\t\talt=\"Sandra \u00c5str\u00f6m\"\r\n\t\t\t\t\t\t\t\tloading=\"lazy\"\r\n\t\t\t\t\t\t\t\/>\r\n\r\n\t\t\t\t\t\t<\/a>\r\n\r\n\t\t\t\t\t\t<div\r\n\t\t\t\t\t\t\tclass=\"itb-home-author-info\"\r\n\t\t\t\t\t\t>\r\n\r\n\t\t\t\t\t\t\t<h3>\r\n\r\n\t\t\t\t\t\t\t\t<a href=\"https:\/\/itbranschen.com\/de\/redaktionen\/sandra-astrom\/\">\r\n\r\n\t\t\t\t\t\t\t\t\tSandra \u00c5str\u00f6m\r\n\t\t\t\t\t\t\t\t<\/a>\r\n\r\n\t\t\t\t\t\t\t<\/h3>\r\n\r\n\t\t\t\t\t\t\t<div\r\n\t\t\t\t\t\t\t\tclass=\"itb-home-author-name-rule\"\r\n\t\t\t\t\t\t\t\taria-hidden=\"true\"\r\n\t\t\t\t\t\t\t><\/div>\r\n\r\n\t\t\t\t\t\t\t\r\n\t\t\t\t\t\t\t\t<div\r\n\t\t\t\t\t\t\t\t\tclass=\"itb-home-author-role\"\r\n\t\t\t\t\t\t\t\t>\r\n\r\n\t\t\t\t\t\t\t\t\tSenior redakt\u00f6r \u2013 Cybers\u00e4kerhet\r\n\t\t\t\t\t\t\t\t<\/div>\r\n\r\n\t\t\t\t\t\t\t\r\n\t\t\t\t\t\t\t<a class=\"itb-home-author-link\" href=\"https:\/\/itbranschen.com\/de\/redaktionen\/sandra-astrom\/\">\r\n\r\n\t\t\t\t\t\t\t\tSe artiklar \u2192\r\n\r\n\t\t\t\t\t\t\t<\/a>\r\n\r\n\t\t\t\t\t\t<\/div>\r\n\r\n\t\t\t\t\t<\/article>\r\n\r\n\t\t\t\t\r\n\t\t\t\t\t\r\n\t\t\t\t\t<article\r\n\t\t\t\t\t\tclass=\"itb-home-author\"\r\n\t\t\t\t\t>\r\n\r\n\t\t\t\t\t\t<a class=\"itb-home-author-photo-link\" href=\"https:\/\/itbranschen.com\/de\/redaktionen\/tomas-almgren\/\">\r\n\r\n\t\t\t\t\t\t\t<img alt=\"IT-Branschen Editorial Byline | IT-Branschen\" title=\"IT-Branschen\"\r\n\t\t\t\t\t\t\t\tclass=\"itb-home-author-photo\"\r\n\t\t\t\t\t\t\t\tsrc=\"https:\/\/itbranschen.com\/wp-content\/uploads\/2026\/08\/Tomas-Almgren.jpg\"\r\n\t\t\t\t\t\t\t\talt=\"Tomas Almgren\"\r\n\t\t\t\t\t\t\t\tloading=\"lazy\"\r\n\t\t\t\t\t\t\t\/>\r\n\r\n\t\t\t\t\t\t<\/a>\r\n\r\n\t\t\t\t\t\t<div\r\n\t\t\t\t\t\t\tclass=\"itb-home-author-info\"\r\n\t\t\t\t\t\t>\r\n\r\n\t\t\t\t\t\t\t<h3>\r\n\r\n\t\t\t\t\t\t\t\t<a href=\"https:\/\/itbranschen.com\/de\/redaktionen\/tomas-almgren\/\">\r\n\r\n\t\t\t\t\t\t\t\t\tTomas Almgren\r\n\t\t\t\t\t\t\t\t<\/a>\r\n\r\n\t\t\t\t\t\t\t<\/h3>\r\n\r\n\t\t\t\t\t\t\t<div\r\n\t\t\t\t\t\t\t\tclass=\"itb-home-author-name-rule\"\r\n\t\t\t\t\t\t\t\taria-hidden=\"true\"\r\n\t\t\t\t\t\t\t><\/div>\r\n\r\n\t\t\t\t\t\t\t\r\n\t\t\t\t\t\t\t\t<div\r\n\t\t\t\t\t\t\t\t\tclass=\"itb-home-author-role\"\r\n\t\t\t\t\t\t\t\t>\r\n\r\n\t\t\t\t\t\t\t\t\tRedakt\u00f6r \u2013 Moln &amp; Infrastruktur\r\n\t\t\t\t\t\t\t\t<\/div>\r\n\r\n\t\t\t\t\t\t\t\r\n\t\t\t\t\t\t\t<a class=\"itb-home-author-link\" href=\"https:\/\/itbranschen.com\/de\/redaktionen\/tomas-almgren\/\">\r\n\r\n\t\t\t\t\t\t\t\tSe artiklar \u2192\r\n\r\n\t\t\t\t\t\t\t<\/a>\r\n\r\n\t\t\t\t\t\t<\/div>\r\n\r\n\t\t\t\t\t<\/article>\r\n\r\n\t\t\t\t\r\n\t\t\t<\/div>\r\n\r\n\t\t<\/section>\r\n\r\n\t\t<\/div>\n\t\t\t\t\t\t<\/div>\n\t\t\t\t<\/div>\n\t\t\t\t\t<\/div>\n\t\t\t\t<\/div>\n\t\t<div class=\"elementor-element elementor-element-aec7441 e-flex e-con-boxed e-con e-parent\" data-id=\"aec7441\" data-element_type=\"container\" data-e-type=\"container\">\n\t\t\t\t\t<div class=\"e-con-inner\">\n\t\t\t\t<div class=\"elementor-element elementor-element-c86cc9a elementor-widget elementor-widget-cs-heading\" data-id=\"c86cc9a\" data-element_type=\"widget\" data-e-type=\"widget\" data-settings=\"{&quot;ekit_we_effect_on&quot;:&quot;none&quot;}\" data-widget_type=\"cs-heading.default\">\n\t\t\t\t<div class=\"elementor-widget-container\">\n\t\t\t\t\t\t\t\t\t\t<section class=\"cs-heading\">\n\t\t\t\t<div class=\"cs-heading__container \">\n\t\t\t\t\t<h2 class=\"cs-heading__content\">\n\t\t\t\t\t\tTeknik\t\t\t\t\t<\/h2>\n\n\t\t\t\t\t\t\t\t\t\t\t<a class=\"cs-heading__link\" href=\"https:\/\/itbranschen.com\/category\/teknik\/\" target=\"_self\">\n\t\t\t\t\t\t\t<span>\t\n\t\t\t\t\t\t\t\tUppt\u00e4ck allt\t\t\t\t\t\t\t<\/span>\n\t\t\t\t\t\t<\/a>\n\t\t\t\t\t\t\t\t\t<\/div>\n\t\t\t<\/section>\n\t\t\t\t\t\t\t\t<\/div>\n\t\t\t\t<\/div>\n\t\t<div class=\"elementor-element elementor-element-88dc57d e-con-full e-flex e-con e-child\" data-id=\"88dc57d\" data-element_type=\"container\" data-e-type=\"container\">\n\t\t<div class=\"elementor-element elementor-element-304be8e e-con-full e-flex e-con e-child\" data-id=\"304be8e\" data-element_type=\"container\" data-e-type=\"container\">\n\t\t\t\t<div class=\"elementor-element elementor-element-2182ff3 elementor-widget elementor-widget-cs-posts\" data-id=\"2182ff3\" data-element_type=\"widget\" data-e-type=\"widget\" data-settings=\"{&quot;ekit_we_effect_on&quot;:&quot;none&quot;}\" data-widget_type=\"cs-posts.default\">\n\t\t\t\t<div class=\"elementor-widget-container\">\n\t\t\t\t\t\t\t\t<section class=\"cs-posts cs-posts__standard\">\n\t\t\t\t\t\t\t\t\t\t<div class=\"cs-posts-area cs-posts-area-elementor \" data-posts-area=\"\">\n\t\t\t\t\t\t\t<div class=\"cs-posts-area__outer\">\n\t\t\t\t\t\t\t\t<div\n\t\t\t\t\t\t\t\tclass=\"cs-posts-area__main\"\n\t\t\t\t\t\t\t\tdata-pc=\"1\"\n\t\t\t\t\t\t\t\tdata-lt=\"1\"\n\t\t\t\t\t\t\t\tdata-tb=\"1\"\n\t\t\t\t\t\t\t\tdata-mb=\"1\"\n\t\t\t\t\t\t\t\t>\n\t\t\t\t\t\t\t\t\t\n<article class=\"post-32007 post type-post status-publish format-standard has-post-thumbnail category-artificiell-intelligens tag-ai tag-ai-agenter tag-ai-sakerhet tag-akerhetsautomation tag-artificiell-intelligens tag-autonoma-ai-agenter tag-autonomous-ai tag-ciso tag-cyberattack tag-cyberattacker tag-cyberforsvar tag-cyberhot tag-cybersakerhet tag-generativ-ai tag-informationssakerhet tag-it-sakerhet tag-kritisk-infrastruktur tag-nation-state-attacks tag-taiwan tag-threat-intelligence cs-entry cs-video-wrap\">\n\t<div class=\"cs-entry__outer\">\n\t\t\t\t\t<div class=\"cs-entry__inner cs-entry__overlay cs-entry__thumbnail cs-overlay-ratio cs-ratio-landscape-16-9\">\n\n\t\t\t\t<div class=\"cs-overlay-background\">\n\t\t\t\t\t<img loading=\"lazy\" decoding=\"async\" width=\"332\" height=\"187\" src=\"https:\/\/itbranschen.com\/wp-content\/uploads\/2026\/08\/Autonoma-AI-agenter-anvandes-i-cyberattack-mot-Taiwan-332x187.jpg\" class=\"attachment-csco-thumbnail-uncropped size-csco-thumbnail-uncropped wp-post-image\" alt=\"Autonoma AI-agenter anv\u00e4ndes i cyberattack mot Taiwan \u2013 ny niv\u00e5 av automatiserade hot | IT-Branschen\" srcset=\"https:\/\/itbranschen.com\/wp-content\/uploads\/2026\/08\/Autonoma-AI-agenter-anvandes-i-cyberattack-mot-Taiwan-332x187.jpg 332w, https:\/\/itbranschen.com\/wp-content\/uploads\/2026\/08\/Autonoma-AI-agenter-anvandes-i-cyberattack-mot-Taiwan-300x169.jpg 300w, https:\/\/itbranschen.com\/wp-content\/uploads\/2026\/08\/Autonoma-AI-agenter-anvandes-i-cyberattack-mot-Taiwan-1024x576.jpg 1024w, https:\/\/itbranschen.com\/wp-content\/uploads\/2026\/08\/Autonoma-AI-agenter-anvandes-i-cyberattack-mot-Taiwan-768x432.jpg 768w, https:\/\/itbranschen.com\/wp-content\/uploads\/2026\/08\/Autonoma-AI-agenter-anvandes-i-cyberattack-mot-Taiwan-18x10.jpg 18w, https:\/\/itbranschen.com\/wp-content\/uploads\/2026\/08\/Autonoma-AI-agenter-anvandes-i-cyberattack-mot-Taiwan-664x374.jpg 664w, https:\/\/itbranschen.com\/wp-content\/uploads\/2026\/08\/Autonoma-AI-agenter-anvandes-i-cyberattack-mot-Taiwan-688x387.jpg 688w, https:\/\/itbranschen.com\/wp-content\/uploads\/2026\/08\/Autonoma-AI-agenter-anvandes-i-cyberattack-mot-Taiwan-1044x587.jpg 1044w, https:\/\/itbranschen.com\/wp-content\/uploads\/2026\/08\/Autonoma-AI-agenter-anvandes-i-cyberattack-mot-Taiwan.jpg 1200w\" sizes=\"(max-width: 332px) 100vw, 332px\" title=\"| IT-Branschen\">\t\t\t\t\t<img loading=\"lazy\" decoding=\"async\" width=\"1044\" height=\"587\" src=\"https:\/\/itbranschen.com\/wp-content\/uploads\/2026\/08\/Autonoma-AI-agenter-anvandes-i-cyberattack-mot-Taiwan-1044x587.jpg\" class=\"attachment-csco-large size-csco-large wp-post-image\" alt=\"Autonoma AI-agenter anv\u00e4ndes i cyberattack mot Taiwan \u2013 ny niv\u00e5 av automatiserade hot | IT-Branschen\" srcset=\"https:\/\/itbranschen.com\/wp-content\/uploads\/2026\/08\/Autonoma-AI-agenter-anvandes-i-cyberattack-mot-Taiwan-1044x587.jpg 1044w, https:\/\/itbranschen.com\/wp-content\/uploads\/2026\/08\/Autonoma-AI-agenter-anvandes-i-cyberattack-mot-Taiwan-300x169.jpg 300w, https:\/\/itbranschen.com\/wp-content\/uploads\/2026\/08\/Autonoma-AI-agenter-anvandes-i-cyberattack-mot-Taiwan-1024x576.jpg 1024w, https:\/\/itbranschen.com\/wp-content\/uploads\/2026\/08\/Autonoma-AI-agenter-anvandes-i-cyberattack-mot-Taiwan-768x432.jpg 768w, https:\/\/itbranschen.com\/wp-content\/uploads\/2026\/08\/Autonoma-AI-agenter-anvandes-i-cyberattack-mot-Taiwan-18x10.jpg 18w, https:\/\/itbranschen.com\/wp-content\/uploads\/2026\/08\/Autonoma-AI-agenter-anvandes-i-cyberattack-mot-Taiwan-332x187.jpg 332w, https:\/\/itbranschen.com\/wp-content\/uploads\/2026\/08\/Autonoma-AI-agenter-anvandes-i-cyberattack-mot-Taiwan-664x374.jpg 664w, https:\/\/itbranschen.com\/wp-content\/uploads\/2026\/08\/Autonoma-AI-agenter-anvandes-i-cyberattack-mot-Taiwan-688x387.jpg 688w, https:\/\/itbranschen.com\/wp-content\/uploads\/2026\/08\/Autonoma-AI-agenter-anvandes-i-cyberattack-mot-Taiwan.jpg 1200w\" sizes=\"(max-width: 1044px) 100vw, 1044px\" title=\"| IT-Branschen\">\t\t\t\t<\/div>\n\n\t\t\t\t\n\t\t\t\t\n\t\t\t\t<a href=\"https:\/\/itbranschen.com\/de\/ai-agenter-cyberattack-taiwan\/\" class=\"cs-overlay-link\" title=\"Autonoma AI-agenter anv\u00e4ndes i cyberattack mot Taiwan \u2013 ny niv\u00e5 av automatiserade hot\"><\/a>\n\t\t\t<\/div>\n\t\t\n\t\t<div class=\"cs-entry__inner cs-entry__content\">\n\n\t\t\t<div class=\"cs-entry__post-meta\" ><div class=\"cs-meta-category\"><ul class=\"post-categories\">\n\t<li><a href=\"https:\/\/itbranschen.com\/de\/category\/artificiell-intelligens\/\" rel=\"category tag\">Artificiell intelligens<\/a><\/li><\/ul><\/div><\/div>\n\t\t\t<h2 class=\"cs-entry__title\"><a href=\"https:\/\/itbranschen.com\/de\/ai-agenter-cyberattack-taiwan\/\">Autonoma AI-agenter anv\u00e4ndes i cyberattack mot Taiwan \u2013 ny niv\u00e5 av automatiserade hot<\/a><\/h2>\n\t\t\t\t\t\t\t\t<div class=\"cs-entry__excerpt\">\n\t\t\t\t\t\t\u200b\ufeffEn cyberattack mot Taiwan anv\u00e4nde autonoma AI-agenter som parallellt kartlade och attackerade myndighetssystem, vilket visar hur AI f\u00f6r\u00e4ndrar hotlandskapet fr\u00e5n automatisering till autonomt&hellip;\t\t\t\t\t<\/div>\n\t\t\t\t\t\n\t\t\t<div class=\"cs-entry__post-meta\" ><div class=\"cs-meta-author\"><span class=\"cs-meta-author-by\">by<\/span><a class=\"cs-meta-author-link url fn n\" href=\"https:\/\/itbranschen.com\/de\"><span class=\"cs-meta-author-name\">Sandra \u00c5str\u00f6m<\/span><\/a><\/div><div class=\"cs-meta-date\">August 12, 2026<\/div><\/div>\t\t<\/div>\n\t<\/div>\n<\/article>\n\t\t\t\t\t\t\t\t<\/div>\n\t\t\t\t\t\t\t<\/div>\n\t\t\t\t\t\t<\/div>\n\t\t\t\t\t\t\t\t<\/section>\n\t\t\t\t\t\t<\/div>\n\t\t\t\t<\/div>\n\t\t\t\t<\/div>\n\t\t\t\t<div class=\"elementor-element elementor-element-cc8e85b cs-dividervertical cs-divider-tablethorizontal cs-divider-mobilehorizontal elementor-widget elementor-widget-cs-divider\" data-id=\"cc8e85b\" data-element_type=\"widget\" data-e-type=\"widget\" data-settings=\"{&quot;ekit_we_effect_on&quot;:&quot;none&quot;}\" data-widget_type=\"cs-divider.default\">\n\t\t\t\t<div class=\"elementor-widget-container\">\n\t\t\t\t\t\t\t<section class=\"cs-divider cs-divider-vertical\"><\/section>\n\t\t\t\t\t\t<\/div>\n\t\t\t\t<\/div>\n\t\t<div class=\"elementor-element elementor-element-7ec4952 e-con-full e-flex e-con e-child\" data-id=\"7ec4952\" data-element_type=\"container\" data-e-type=\"container\">\n\t\t\t\t<div class=\"elementor-element elementor-element-0d5e317 elementor-widget elementor-widget-cs-posts\" data-id=\"0d5e317\" data-element_type=\"widget\" data-e-type=\"widget\" data-settings=\"{&quot;ekit_we_effect_on&quot;:&quot;none&quot;}\" data-widget_type=\"cs-posts.default\">\n\t\t\t\t<div class=\"elementor-widget-container\">\n\t\t\t\t\t\t\t\t<section class=\"cs-posts cs-posts__horizontal\">\n\t\t\t\t\t\t\t\t\t\t<div class=\"cs-posts-area cs-posts-area-elementor \" data-posts-area=\"\">\n\t\t\t\t\t\t\t<div class=\"cs-posts-area__outer\">\n\t\t\t\t\t\t\t\t<div\n\t\t\t\t\t\t\t\tclass=\"cs-posts-area__main cs-posts-area__main-divider\"\n\t\t\t\t\t\t\t\tdata-pc=\"1\"\n\t\t\t\t\t\t\t\tdata-lt=\"2\"\n\t\t\t\t\t\t\t\tdata-tb=\"1\"\n\t\t\t\t\t\t\t\tdata-mb=\"1\"\n\t\t\t\t\t\t\t\t>\n\t\t\t\t\t\t\t\t\t\n<article class=\"post-31991 post type-post status-publish format-standard has-post-thumbnail category-artificiell-intelligens tag-ai tag-ai-infrastruktur tag-ai-suveranitet tag-artificiell-intelligens tag-datacenter tag-dataresidens tag-enterprise-ai tag-european-compute-units tag-europeisk-ai tag-generativ-ai tag-gpu tag-mistral tag-mistral-ai tag-mistral-compute tag-molninfrastruktur tag-open-source-ai tag-open-weight-models tag-regional-inferens tag-sovereign-ai cs-entry cs-video-wrap\">\n\t<div class=\"cs-entry__outer cs-entry__outer-medium cs-entry__outer-thumbnail-right\">\n\t\t\t\t\t<div class=\"cs-entry__inner cs-entry__overlay cs-entry__thumbnail cs-overlay-ratio cs-ratio-landscape-16-9\">\n\n\t\t\t\t<div class=\"cs-overlay-background\">\n\t\t\t\t\t<img loading=\"lazy\" decoding=\"async\" width=\"332\" height=\"187\" src=\"https:\/\/itbranschen.com\/wp-content\/uploads\/2026\/08\/Mistral-AI-332x187.jpg\" class=\"attachment-csco-thumbnail-uncropped size-csco-thumbnail-uncropped wp-post-image\" alt=\"Mistral st\u00e4rker Europas AI-suver\u00e4nitet med regional inferens och ny infrastruktur | IT-Branschen\" srcset=\"https:\/\/itbranschen.com\/wp-content\/uploads\/2026\/08\/Mistral-AI-332x187.jpg 332w, https:\/\/itbranschen.com\/wp-content\/uploads\/2026\/08\/Mistral-AI-300x169.jpg 300w, https:\/\/itbranschen.com\/wp-content\/uploads\/2026\/08\/Mistral-AI-1024x576.jpg 1024w, https:\/\/itbranschen.com\/wp-content\/uploads\/2026\/08\/Mistral-AI-768x432.jpg 768w, https:\/\/itbranschen.com\/wp-content\/uploads\/2026\/08\/Mistral-AI-18x10.jpg 18w, https:\/\/itbranschen.com\/wp-content\/uploads\/2026\/08\/Mistral-AI-664x374.jpg 664w, https:\/\/itbranschen.com\/wp-content\/uploads\/2026\/08\/Mistral-AI-688x387.jpg 688w, https:\/\/itbranschen.com\/wp-content\/uploads\/2026\/08\/Mistral-AI-1044x587.jpg 1044w, https:\/\/itbranschen.com\/wp-content\/uploads\/2026\/08\/Mistral-AI.jpg 1200w\" sizes=\"(max-width: 332px) 100vw, 332px\" title=\"| IT-Branschen\">\t\t\t\t\t<img loading=\"lazy\" decoding=\"async\" width=\"332\" height=\"186\" src=\"https:\/\/itbranschen.com\/wp-content\/uploads\/2026\/08\/Mistral-AI-332x186.jpg\" class=\"attachment-csco-thumbnail size-csco-thumbnail wp-post-image\" alt=\"Mistral st\u00e4rker Europas AI-suver\u00e4nitet med regional inferens och ny infrastruktur | IT-Branschen\" srcset=\"https:\/\/itbranschen.com\/wp-content\/uploads\/2026\/08\/Mistral-AI-332x187.jpg 332w, https:\/\/itbranschen.com\/wp-content\/uploads\/2026\/08\/Mistral-AI-300x169.jpg 300w, https:\/\/itbranschen.com\/wp-content\/uploads\/2026\/08\/Mistral-AI-1024x576.jpg 1024w, https:\/\/itbranschen.com\/wp-content\/uploads\/2026\/08\/Mistral-AI-768x432.jpg 768w, https:\/\/itbranschen.com\/wp-content\/uploads\/2026\/08\/Mistral-AI-18x10.jpg 18w, https:\/\/itbranschen.com\/wp-content\/uploads\/2026\/08\/Mistral-AI-664x374.jpg 664w, https:\/\/itbranschen.com\/wp-content\/uploads\/2026\/08\/Mistral-AI-688x387.jpg 688w, https:\/\/itbranschen.com\/wp-content\/uploads\/2026\/08\/Mistral-AI-1044x587.jpg 1044w, https:\/\/itbranschen.com\/wp-content\/uploads\/2026\/08\/Mistral-AI.jpg 1200w\" sizes=\"(max-width: 332px) 100vw, 332px\" title=\"| IT-Branschen\">\t\t\t\t<\/div>\n\n\t\t\t\t\n\t\t\t\t\n\t\t\t\t<a href=\"https:\/\/itbranschen.com\/de\/mistral-europeisk-ai-suveranitet\/\" class=\"cs-overlay-link\" title=\"Mistral st\u00e4rker Europas AI-suver\u00e4nitet med regional inferens och ny infrastruktur\"><\/a>\n\t\t\t<\/div>\n\t\t\n\t\t<div class=\"cs-entry__inner cs-entry__content cs-entry__content-horizontal\">\n\t\t\t<div class=\"cs-entry__post-meta\" ><div class=\"cs-meta-category\"><ul class=\"post-categories\">\n\t<li><a href=\"https:\/\/itbranschen.com\/de\/category\/artificiell-intelligens\/\" rel=\"category tag\">Artificiell intelligens<\/a><\/li><\/ul><\/div><\/div>\n\t\t\t<h2 class=\"cs-entry__title\"><a href=\"https:\/\/itbranschen.com\/de\/mistral-europeisk-ai-suveranitet\/\">Mistral st\u00e4rker Europas AI-suver\u00e4nitet med regional inferens och ny infrastruktur<\/a><\/h2>\n\t\t\t\n\t\t\t<div class=\"cs-entry__post-meta\" ><div class=\"cs-meta-author\"><span class=\"cs-meta-author-by\">by<\/span><a class=\"cs-meta-author-link url fn n\" href=\"https:\/\/itbranschen.com\/de\"><span class=\"cs-meta-author-name\">Andreas Wallin<\/span><\/a><\/div><div class=\"cs-meta-date\">August 12, 2026<\/div><\/div>\t\t<\/div>\n\t<\/div>\n<\/article>\n\n<article class=\"post-31977 post type-post status-publish format-standard has-post-thumbnail category-cybersakerhet tag-cve-2026-68820 tag-cybersakerhet tag-fudmodule tag-it-sakerhet tag-lazarus tag-microsoft tag-patch-tuesday tag-sakerhetsuppdatering tag-sarbarheter tag-windows tag-windows-10 tag-windows-11 tag-zero-day-2 cs-entry cs-video-wrap\">\n\t<div class=\"cs-entry__outer cs-entry__outer-medium cs-entry__outer-thumbnail-right\">\n\t\t\t\t\t<div class=\"cs-entry__inner cs-entry__overlay cs-entry__thumbnail cs-overlay-ratio cs-ratio-landscape-16-9\">\n\n\t\t\t\t<div class=\"cs-overlay-background\">\n\t\t\t\t\t<img loading=\"lazy\" decoding=\"async\" width=\"332\" height=\"187\" src=\"https:\/\/itbranschen.com\/wp-content\/uploads\/2026\/08\/Microsoft-tapper-till-sakerhetshal-\u2013-tre-zero-days-i-augustiuppdateringen-332x187.jpg\" class=\"attachment-csco-thumbnail-uncropped size-csco-thumbnail-uncropped wp-post-image\" alt=\"Microsoft t\u00e4pper till 400 s\u00e4kerhetsh\u00e5l \u2013 tre zero-days i augustiuppdateringen | IT-Branschen\" srcset=\"https:\/\/itbranschen.com\/wp-content\/uploads\/2026\/08\/Microsoft-tapper-till-sakerhetshal-\u2013-tre-zero-days-i-augustiuppdateringen-332x187.jpg 332w, https:\/\/itbranschen.com\/wp-content\/uploads\/2026\/08\/Microsoft-tapper-till-sakerhetshal-\u2013-tre-zero-days-i-augustiuppdateringen-300x169.jpg 300w, https:\/\/itbranschen.com\/wp-content\/uploads\/2026\/08\/Microsoft-tapper-till-sakerhetshal-\u2013-tre-zero-days-i-augustiuppdateringen-1024x576.jpg 1024w, https:\/\/itbranschen.com\/wp-content\/uploads\/2026\/08\/Microsoft-tapper-till-sakerhetshal-\u2013-tre-zero-days-i-augustiuppdateringen-768x432.jpg 768w, https:\/\/itbranschen.com\/wp-content\/uploads\/2026\/08\/Microsoft-tapper-till-sakerhetshal-\u2013-tre-zero-days-i-augustiuppdateringen-18x10.jpg 18w, https:\/\/itbranschen.com\/wp-content\/uploads\/2026\/08\/Microsoft-tapper-till-sakerhetshal-\u2013-tre-zero-days-i-augustiuppdateringen-664x374.jpg 664w, https:\/\/itbranschen.com\/wp-content\/uploads\/2026\/08\/Microsoft-tapper-till-sakerhetshal-\u2013-tre-zero-days-i-augustiuppdateringen-688x387.jpg 688w, https:\/\/itbranschen.com\/wp-content\/uploads\/2026\/08\/Microsoft-tapper-till-sakerhetshal-\u2013-tre-zero-days-i-augustiuppdateringen-1044x587.jpg 1044w, https:\/\/itbranschen.com\/wp-content\/uploads\/2026\/08\/Microsoft-tapper-till-sakerhetshal-\u2013-tre-zero-days-i-augustiuppdateringen.jpg 1200w\" sizes=\"(max-width: 332px) 100vw, 332px\" title=\"| IT-Branschen\">\t\t\t\t\t<img loading=\"lazy\" decoding=\"async\" width=\"332\" height=\"186\" src=\"https:\/\/itbranschen.com\/wp-content\/uploads\/2026\/08\/Microsoft-tapper-till-sakerhetshal-\u2013-tre-zero-days-i-augustiuppdateringen-332x186.jpg\" class=\"attachment-csco-thumbnail size-csco-thumbnail wp-post-image\" alt=\"Microsoft t\u00e4pper till 400 s\u00e4kerhetsh\u00e5l \u2013 tre zero-days i augustiuppdateringen | IT-Branschen\" srcset=\"https:\/\/itbranschen.com\/wp-content\/uploads\/2026\/08\/Microsoft-tapper-till-sakerhetshal-\u2013-tre-zero-days-i-augustiuppdateringen-332x187.jpg 332w, https:\/\/itbranschen.com\/wp-content\/uploads\/2026\/08\/Microsoft-tapper-till-sakerhetshal-\u2013-tre-zero-days-i-augustiuppdateringen-300x169.jpg 300w, https:\/\/itbranschen.com\/wp-content\/uploads\/2026\/08\/Microsoft-tapper-till-sakerhetshal-\u2013-tre-zero-days-i-augustiuppdateringen-1024x576.jpg 1024w, https:\/\/itbranschen.com\/wp-content\/uploads\/2026\/08\/Microsoft-tapper-till-sakerhetshal-\u2013-tre-zero-days-i-augustiuppdateringen-768x432.jpg 768w, https:\/\/itbranschen.com\/wp-content\/uploads\/2026\/08\/Microsoft-tapper-till-sakerhetshal-\u2013-tre-zero-days-i-augustiuppdateringen-18x10.jpg 18w, https:\/\/itbranschen.com\/wp-content\/uploads\/2026\/08\/Microsoft-tapper-till-sakerhetshal-\u2013-tre-zero-days-i-augustiuppdateringen-664x374.jpg 664w, https:\/\/itbranschen.com\/wp-content\/uploads\/2026\/08\/Microsoft-tapper-till-sakerhetshal-\u2013-tre-zero-days-i-augustiuppdateringen-688x387.jpg 688w, https:\/\/itbranschen.com\/wp-content\/uploads\/2026\/08\/Microsoft-tapper-till-sakerhetshal-\u2013-tre-zero-days-i-augustiuppdateringen-1044x587.jpg 1044w, https:\/\/itbranschen.com\/wp-content\/uploads\/2026\/08\/Microsoft-tapper-till-sakerhetshal-\u2013-tre-zero-days-i-augustiuppdateringen.jpg 1200w\" sizes=\"(max-width: 332px) 100vw, 332px\" title=\"| IT-Branschen\">\t\t\t\t<\/div>\n\n\t\t\t\t\n\t\t\t\t\n\t\t\t\t<a href=\"https:\/\/itbranschen.com\/de\/microsoft-patch-tuesday-augusti-2026\/\" class=\"cs-overlay-link\" title=\"Microsoft t\u00e4pper till 400 s\u00e4kerhetsh\u00e5l \u2013 tre zero-days i augustiuppdateringen\"><\/a>\n\t\t\t<\/div>\n\t\t\n\t\t<div class=\"cs-entry__inner cs-entry__content cs-entry__content-horizontal\">\n\t\t\t<div class=\"cs-entry__post-meta\" ><div class=\"cs-meta-category\"><ul class=\"post-categories\">\n\t<li><a href=\"https:\/\/itbranschen.com\/de\/category\/cybersakerhet\/\" rel=\"category tag\">Cybers\u00e4kerhet<\/a><\/li><\/ul><\/div><\/div>\n\t\t\t<h2 class=\"cs-entry__title\"><a href=\"https:\/\/itbranschen.com\/de\/microsoft-patch-tuesday-augusti-2026\/\">Microsoft t\u00e4pper till 400 s\u00e4kerhetsh\u00e5l \u2013 tre zero-days i augustiuppdateringen<\/a><\/h2>\n\t\t\t\n\t\t\t<div class=\"cs-entry__post-meta\" ><div class=\"cs-meta-author\"><span class=\"cs-meta-author-by\">by<\/span><a class=\"cs-meta-author-link url fn n\" href=\"https:\/\/itbranschen.com\/de\"><span class=\"cs-meta-author-name\">Sandra \u00c5str\u00f6m<\/span><\/a><\/div><div class=\"cs-meta-date\">August 12, 2026<\/div><\/div>\t\t<\/div>\n\t<\/div>\n<\/article>\n\t\t\t\t\t\t\t\t<\/div>\n\t\t\t\t\t\t\t<\/div>\n\t\t\t\t\t\t<\/div>\n\t\t\t\t\t\t\t\t<\/section>\n\t\t\t\t\t\t<\/div>\n\t\t\t\t<\/div>\n\t\t\t\t<div class=\"elementor-element elementor-element-ba619f9 cs-dividerhorizontal cs-divider-tablethorizontal cs-divider-mobilehorizontal elementor-widget elementor-widget-cs-divider\" data-id=\"ba619f9\" data-element_type=\"widget\" data-e-type=\"widget\" data-settings=\"{&quot;ekit_we_effect_on&quot;:&quot;none&quot;}\" data-widget_type=\"cs-divider.default\">\n\t\t\t\t<div class=\"elementor-widget-container\">\n\t\t\t\t\t\t\t<section class=\"cs-divider cs-divider-horizontal\"><\/section>\n\t\t\t\t\t\t<\/div>\n\t\t\t\t<\/div>\n\t\t\t\t<div class=\"elementor-element elementor-element-1923eb5 elementor-widget elementor-widget-cs-posts\" data-id=\"1923eb5\" data-element_type=\"widget\" data-e-type=\"widget\" data-settings=\"{&quot;ekit_we_effect_on&quot;:&quot;none&quot;}\" data-widget_type=\"cs-posts.default\">\n\t\t\t\t<div class=\"elementor-widget-container\">\n\t\t\t\t\t\t\t\t<section class=\"cs-posts cs-posts__standard\">\n\t\t\t\t\t\t\t\t\t\t<div class=\"cs-posts-area cs-posts-area-elementor \" data-posts-area=\"\">\n\t\t\t\t\t\t\t<div class=\"cs-posts-area__outer\">\n\t\t\t\t\t\t\t\t<div\n\t\t\t\t\t\t\t\tclass=\"cs-posts-area__main cs-posts-area__main-divider\"\n\t\t\t\t\t\t\t\tdata-pc=\"2\"\n\t\t\t\t\t\t\t\tdata-lt=\"2\"\n\t\t\t\t\t\t\t\tdata-tb=\"2\"\n\t\t\t\t\t\t\t\tdata-mb=\"1\"\n\t\t\t\t\t\t\t\t>\n\t\t\t\t\t\t\t\t\t\n<article class=\"post-31952 post type-post status-publish format-standard has-post-thumbnail category-artificiell-intelligens category-digitalisering tag-adobe tag-agentisk-ai tag-ai tag-akzonobel tag-artificiell-intelligens tag-automation tag-b2b tag-datadriven-verksamhet tag-digital-kundupplevelse tag-digitalisering tag-ericsson tag-franck-attia tag-grundfos tag-industri-4-0 tag-it-nyheter tag-it-nyheter-nordics tag-it-branschen tag-it-kanalen tag-it-kanalen-sverige tag-it-kanalen-com tag-itbranschen tag-itkanalen tag-itkanalen-se tag-kunddata tag-kundupplevelse tag-martech tag-personalisering tag-svensk-industri tag-tillverkningsindustri cs-entry cs-video-wrap\">\n\t<div class=\"cs-entry__outer\">\n\t\t\n\t\t<div class=\"cs-entry__inner cs-entry__content\">\n\n\t\t\t<div class=\"cs-entry__post-meta\" ><div class=\"cs-meta-category\"><ul class=\"post-categories\">\n\t<li><a href=\"https:\/\/itbranschen.com\/de\/category\/artificiell-intelligens\/\" rel=\"category tag\">Artificiell intelligens<\/a><\/li>\n\t<li><a href=\"https:\/\/itbranschen.com\/de\/category\/digitalisering\/\" rel=\"category tag\">Digitalisering<\/a><\/li><\/ul><\/div><\/div>\n\t\t\t<h2 class=\"cs-entry__title\"><a href=\"https:\/\/itbranschen.com\/de\/qa-med-franck-attia-nordenchef-adobe\/\">Q&amp;A med Franck Attia, Nordenchef, Adobe:<\/a><\/h2>\n\t\t\t\n\t\t\t<div class=\"cs-entry__post-meta\" ><div class=\"cs-meta-author\"><span class=\"cs-meta-author-by\">by<\/span><a class=\"cs-meta-author-link url fn n\" href=\"https:\/\/itbranschen.com\/de\"><span class=\"cs-meta-author-name\">Mateo Sandstr\u00f6m<\/span><\/a><\/div><div class=\"cs-meta-date\">August 12, 2026<\/div><\/div>\t\t<\/div>\n\t<\/div>\n<\/article>\n\n<article class=\"post-31923 post type-post status-publish format-standard has-post-thumbnail category-digital-vard-och-valfardsteknik tag-aidn tag-arendalsuka tag-cyberresiliens tag-cybersakerhet tag-digital-beredskap tag-digital-halsa tag-halso-och-sjukvard-2 tag-kontinuitetsplanering tag-norden tag-offentlig-sektor cs-entry cs-video-wrap\">\n\t<div class=\"cs-entry__outer\">\n\t\t\n\t\t<div class=\"cs-entry__inner cs-entry__content\">\n\n\t\t\t<div class=\"cs-entry__post-meta\" ><div class=\"cs-meta-category\"><ul class=\"post-categories\">\n\t<li><a href=\"https:\/\/itbranschen.com\/de\/category\/digital-vard-och-valfardsteknik\/\" rel=\"category tag\">Digital v\u00e5rd och v\u00e4lf\u00e4rdsteknik<\/a><\/li><\/ul><\/div><\/div>\n\t\t\t<h2 class=\"cs-entry__title\"><a href=\"https:\/\/itbranschen.com\/de\/digital-halsoberedskap-norge\/\">72 timmar utan patientdata \u2013 Norge testar sin digitala h\u00e4lsoberedskap<\/a><\/h2>\n\t\t\t\n\t\t\t<div class=\"cs-entry__post-meta\" ><div class=\"cs-meta-author\"><span class=\"cs-meta-author-by\">by<\/span><a class=\"cs-meta-author-link url fn n\" href=\"https:\/\/itbranschen.com\/de\"><span class=\"cs-meta-author-name\">Angelica Hagelberg<\/span><\/a><\/div><div class=\"cs-meta-date\">August 11, 2026<\/div><\/div>\t\t<\/div>\n\t<\/div>\n<\/article>\n\n<article class=\"post-31907 post type-post status-publish format-standard has-post-thumbnail category-partnerskap-distributorer tag-compliance tag-cyberresiliens tag-cybersakerhet tag-gridheart tag-it-branschen-2 tag-it-branschen tag-it-kanalen tag-it-kanalen-com tag-it-sector tag-itbranschen tag-itkanalen tag-kanalpartner tag-msp tag-norden tag-opentext-cybersecurity tag-sakerhetsportfolj tag-smb cs-entry cs-video-wrap\">\n\t<div class=\"cs-entry__outer\">\n\t\t\n\t\t<div class=\"cs-entry__inner cs-entry__content\">\n\n\t\t\t<div class=\"cs-entry__post-meta\" ><div class=\"cs-meta-category\"><ul class=\"post-categories\">\n\t<li><a href=\"https:\/\/itbranschen.com\/de\/category\/partnerskap-distributorer\/\" rel=\"category tag\">Partnerskap &amp; Distribut\u00f6rer<\/a><\/li><\/ul><\/div><\/div>\n\t\t\t<h2 class=\"cs-entry__title\"><a href=\"https:\/\/itbranschen.com\/de\/gridheart-opentext-cybersecurity\/\">Gridheart ing\u00e5r partnerskap med OpenText Cybersecurity f\u00f6r att erbjuda nordiska MSP:er en omfattande s\u00e4kerhetsportf\u00f6lj<\/a><\/h2>\n\t\t\t\n\t\t\t<div class=\"cs-entry__post-meta\" ><div class=\"cs-meta-author\"><span class=\"cs-meta-author-by\">by<\/span><a class=\"cs-meta-author-link url fn n\" href=\"https:\/\/itbranschen.com\/de\"><span class=\"cs-meta-author-name\">Mateo Sandstr\u00f6m<\/span><\/a><\/div><div class=\"cs-meta-date\">August 11, 2026<\/div><\/div>\t\t<\/div>\n\t<\/div>\n<\/article>\n\n<article class=\"post-31892 post type-post status-publish format-standard has-post-thumbnail category-arbetsmarknad-och-kompetens tag-ai-omstallning tag-artificiell-intelligens tag-forandringsledning tag-framtidens-kompetenser tag-it-branschen-2 tag-it-branschen tag-it-kanalen tag-it-kanalen-com tag-it-sector tag-itbranschen tag-itkanalen tag-kompetensutveckling tag-ledarskap tag-martin-lindahl tag-pearson tag-projektledning tag-servicenow tag-workforce-skills-forecast-2026 cs-entry cs-video-wrap\">\n\t<div class=\"cs-entry__outer\">\n\t\t\n\t\t<div class=\"cs-entry__inner cs-entry__content\">\n\n\t\t\t<div class=\"cs-entry__post-meta\" ><div class=\"cs-meta-category\"><ul class=\"post-categories\">\n\t<li><a href=\"https:\/\/itbranschen.com\/de\/category\/arbetsmarknad-och-kompetens\/\" rel=\"category tag\">Arbetsmarknad och kompetens<\/a><\/li><\/ul><\/div><\/div>\n\t\t\t<h2 class=\"cs-entry__title\"><a href=\"https:\/\/itbranschen.com\/de\/ai-omstallning-kraver-fler-projektledare\/\">Ny prognos: Sveriges AI-omst\u00e4llning kr\u00e4ver fler projektledare \u00e4n kodare<\/a><\/h2>\n\t\t\t\n\t\t\t<div class=\"cs-entry__post-meta\" ><div class=\"cs-meta-author\"><span class=\"cs-meta-author-by\">by<\/span><a class=\"cs-meta-author-link url fn n\" href=\"https:\/\/itbranschen.com\/de\"><span class=\"cs-meta-author-name\">Mario Leif Birger Hansen<\/span><\/a><\/div><div class=\"cs-meta-date\">August 11, 2026<\/div><\/div>\t\t<\/div>\n\t<\/div>\n<\/article>\n\t\t\t\t\t\t\t\t<\/div>\n\t\t\t\t\t\t\t<\/div>\n\t\t\t\t\t\t<\/div>\n\t\t\t\t\t\t\t\t<\/section>\n\t\t\t\t\t\t<\/div>\n\t\t\t\t<\/div>\n\t\t\t\t<\/div>\n\t\t\t\t<\/div>\n\t\t\t\t<div class=\"elementor-element elementor-element-b22c1e2 cs-dividerhorizontal cs-divider-tablethorizontal cs-divider-mobilehorizontal elementor-widget elementor-widget-cs-divider\" data-id=\"b22c1e2\" data-element_type=\"widget\" data-e-type=\"widget\" data-settings=\"{&quot;ekit_we_effect_on&quot;:&quot;none&quot;}\" data-widget_type=\"cs-divider.default\">\n\t\t\t\t<div class=\"elementor-widget-container\">\n\t\t\t\t\t\t\t<section class=\"cs-divider cs-divider-horizontal\"><\/section>\n\t\t\t\t\t\t<\/div>\n\t\t\t\t<\/div>\n\t\t\t\t\t<\/div>\n\t\t\t\t<\/div>\n\t\t<div class=\"elementor-element elementor-element-c6e48e8 e-flex e-con-boxed e-con e-parent\" data-id=\"c6e48e8\" data-element_type=\"container\" data-e-type=\"container\">\n\t\t\t\t\t<div class=\"e-con-inner\">\n\t\t\t\t<div class=\"elementor-element elementor-element-a8a9f6b elementor-widget elementor-widget-cs-heading\" data-id=\"a8a9f6b\" data-element_type=\"widget\" data-e-type=\"widget\" data-settings=\"{&quot;ekit_we_effect_on&quot;:&quot;none&quot;}\" data-widget_type=\"cs-heading.default\">\n\t\t\t\t<div class=\"elementor-widget-container\">\n\t\t\t\t\t\t\t\t\t\t<section class=\"cs-heading\">\n\t\t\t\t<div class=\"cs-heading__container \">\n\t\t\t\t\t<h2 class=\"cs-heading__content\">\n\t\t\t\t\t\tMest diskuterade\t\t\t\t\t<\/h2>\n\n\t\t\t\t\t\t\t\t\t<\/div>\n\t\t\t<\/section>\n\t\t\t\t\t\t\t\t<\/div>\n\t\t\t\t<\/div>\n\t\t\t\t<div class=\"elementor-element elementor-element-cb256d4 elementor-widget elementor-widget-cs-posts\" data-id=\"cb256d4\" data-element_type=\"widget\" data-e-type=\"widget\" data-settings=\"{&quot;ekit_we_effect_on&quot;:&quot;none&quot;}\" data-widget_type=\"cs-posts.default\">\n\t\t\t\t<div class=\"elementor-widget-container\">\n\t\t\t\t\t\t\t\t<section class=\"cs-posts cs-posts__standard\">\n\t\t\t\t\t\t\t\t\t\t<div class=\"cs-posts-area cs-posts-area-elementor \" data-posts-area=\"\">\n\t\t\t\t\t\t\t<div class=\"cs-posts-area__outer\">\n\t\t\t\t\t\t\t\t<div\n\t\t\t\t\t\t\t\tclass=\"cs-posts-area__main\"\n\t\t\t\t\t\t\t\tdata-pc=\"4\"\n\t\t\t\t\t\t\t\tdata-lt=\"2\"\n\t\t\t\t\t\t\t\tdata-tb=\"2\"\n\t\t\t\t\t\t\t\tdata-mb=\"1\"\n\t\t\t\t\t\t\t\t>\n\t\t\t\t\t\t\t\t\t\n<article class=\"post-31876 post type-post status-publish format-standard has-post-thumbnail category-nyheter category-affarssystem-och-erp tag-beneering tag-e-procurement tag-erp-integration-2 tag-forandringsledning tag-inkopsplattform tag-inkopsprocesser tag-intake-och-orchestration tag-it-branschen-2 tag-it-branschen tag-it-kanalen tag-it-kanalen-com tag-it-sector tag-itbranschen tag-itkanalen cs-entry cs-video-wrap\">\n\t<div class=\"cs-entry__outer\">\n\t\t\t\t\t<div class=\"cs-entry__inner cs-entry__overlay cs-entry__thumbnail cs-overlay-ratio cs-ratio-landscape-16-9\">\n\n\t\t\t\t<div class=\"cs-overlay-background\">\n\t\t\t\t\t<img loading=\"lazy\" decoding=\"async\" width=\"332\" height=\"187\" src=\"https:\/\/itbranschen.com\/wp-content\/uploads\/2026\/08\/beneering-inkopsplattform-featured-x-332x187.jpg\" class=\"attachment-csco-thumbnail-uncropped size-csco-thumbnail-uncropped wp-post-image\" alt=\"BeNeering \u2013 digital ink\u00f6psplattform med fem steg f\u00f6r en lyckad lansering\" srcset=\"https:\/\/itbranschen.com\/wp-content\/uploads\/2026\/08\/beneering-inkopsplattform-featured-x-332x187.jpg 332w, https:\/\/itbranschen.com\/wp-content\/uploads\/2026\/08\/beneering-inkopsplattform-featured-x-300x169.jpg 300w, https:\/\/itbranschen.com\/wp-content\/uploads\/2026\/08\/beneering-inkopsplattform-featured-x-1024x576.jpg 1024w, https:\/\/itbranschen.com\/wp-content\/uploads\/2026\/08\/beneering-inkopsplattform-featured-x-768x432.jpg 768w, https:\/\/itbranschen.com\/wp-content\/uploads\/2026\/08\/beneering-inkopsplattform-featured-x-18x10.jpg 18w, https:\/\/itbranschen.com\/wp-content\/uploads\/2026\/08\/beneering-inkopsplattform-featured-x-664x374.jpg 664w, https:\/\/itbranschen.com\/wp-content\/uploads\/2026\/08\/beneering-inkopsplattform-featured-x-688x387.jpg 688w, https:\/\/itbranschen.com\/wp-content\/uploads\/2026\/08\/beneering-inkopsplattform-featured-x-1044x587.jpg 1044w, https:\/\/itbranschen.com\/wp-content\/uploads\/2026\/08\/beneering-inkopsplattform-featured-x.jpg 1200w\" sizes=\"(max-width: 332px) 100vw, 332px\" title=\"| IT-Branschen\">\t\t\t\t\t<img loading=\"lazy\" decoding=\"async\" width=\"688\" height=\"387\" src=\"https:\/\/itbranschen.com\/wp-content\/uploads\/2026\/08\/beneering-inkopsplattform-featured-x-688x387.jpg\" class=\"attachment-csco-medium size-csco-medium wp-post-image\" alt=\"BeNeering \u2013 digital ink\u00f6psplattform med fem steg f\u00f6r en lyckad lansering\" srcset=\"https:\/\/itbranschen.com\/wp-content\/uploads\/2026\/08\/beneering-inkopsplattform-featured-x-688x387.jpg 688w, https:\/\/itbranschen.com\/wp-content\/uploads\/2026\/08\/beneering-inkopsplattform-featured-x-300x169.jpg 300w, https:\/\/itbranschen.com\/wp-content\/uploads\/2026\/08\/beneering-inkopsplattform-featured-x-1024x576.jpg 1024w, https:\/\/itbranschen.com\/wp-content\/uploads\/2026\/08\/beneering-inkopsplattform-featured-x-768x432.jpg 768w, https:\/\/itbranschen.com\/wp-content\/uploads\/2026\/08\/beneering-inkopsplattform-featured-x-18x10.jpg 18w, https:\/\/itbranschen.com\/wp-content\/uploads\/2026\/08\/beneering-inkopsplattform-featured-x-332x187.jpg 332w, https:\/\/itbranschen.com\/wp-content\/uploads\/2026\/08\/beneering-inkopsplattform-featured-x-664x374.jpg 664w, https:\/\/itbranschen.com\/wp-content\/uploads\/2026\/08\/beneering-inkopsplattform-featured-x-1044x587.jpg 1044w, https:\/\/itbranschen.com\/wp-content\/uploads\/2026\/08\/beneering-inkopsplattform-featured-x.jpg 1200w\" sizes=\"(max-width: 688px) 100vw, 688px\" title=\"| IT-Branschen\">\t\t\t\t<\/div>\n\n\t\t\t\t\n\t\t\t\t\n\t\t\t\t<a href=\"https:\/\/itbranschen.com\/de\/lansering-av-inkopsplattform\/\" class=\"cs-overlay-link\" title=\"Lyckad lansering av nya ink\u00f6psplattformar \u2013 fem avg\u00f6rande framg\u00e5ngsfaktorer\"><\/a>\n\t\t\t<\/div>\n\t\t\n\t\t<div class=\"cs-entry__inner cs-entry__content\">\n\n\t\t\t<div class=\"cs-entry__post-meta\" ><div class=\"cs-meta-category\"><ul class=\"post-categories\">\n\t<li><a href=\"https:\/\/itbranschen.com\/de\/category\/nyheter\/\" rel=\"category tag\">Nyheter<\/a><\/li>\n\t<li><a href=\"https:\/\/itbranschen.com\/de\/category\/affarssystem-och-erp\/\" rel=\"category tag\">Aff\u00e4rssystem och ERP<\/a><\/li><\/ul><\/div><\/div>\n\t\t\t<h2 class=\"cs-entry__title\"><a href=\"https:\/\/itbranschen.com\/de\/lansering-av-inkopsplattform\/\">Lyckad lansering av nya ink\u00f6psplattformar \u2013 fem avg\u00f6rande framg\u00e5ngsfaktorer<\/a><\/h2>\n\t\t\t\n\t\t\t<div class=\"cs-entry__post-meta\" ><div class=\"cs-meta-author\"><span class=\"cs-meta-author-by\">by<\/span><a class=\"cs-meta-author-link url fn n\" href=\"https:\/\/itbranschen.com\/de\"><span class=\"cs-meta-author-name\">Mateo Sandstr\u00f6m<\/span><\/a><\/div><div class=\"cs-meta-date\">August 11, 2026<\/div><\/div>\t\t<\/div>\n\t<\/div>\n<\/article>\n\n<article class=\"post-31856 post type-post status-publish format-standard has-post-thumbnail category-cybersakerhet tag-ai-first tag-artificiell-intelligens tag-cybersakerhet tag-fastly tag-finanssektorn tag-it-branschen-2 tag-it-branschen tag-it-kanalen tag-it-kanalen-com tag-it-sector tag-itbranschen tag-itkanalen tag-itkanalen-se tag-marshall-erwin tag-nordiska-finansbolag tag-sakerhetsincidenter tag-shadow-ai cs-entry cs-video-wrap\">\n\t<div class=\"cs-entry__outer\">\n\t\t\t\t\t<div class=\"cs-entry__inner cs-entry__overlay cs-entry__thumbnail cs-overlay-ratio cs-ratio-landscape-16-9\">\n\n\t\t\t\t<div class=\"cs-overlay-background\">\n\t\t\t\t\t<img loading=\"lazy\" decoding=\"async\" width=\"332\" height=\"187\" src=\"https:\/\/itbranschen.com\/wp-content\/uploads\/2026\/08\/fastly-marshall-erwin-ai-security-premium-v-x-332x187.jpg\" class=\"attachment-csco-thumbnail-uncropped size-csco-thumbnail-uncropped wp-post-image\" alt=\"Marshall Erwin, s\u00e4kerhetschef p\u00e5 Fastly, med Fastlys officiella vita logotyp och grafisk cybers\u00e4kerhetsmilj\u00f6\" srcset=\"https:\/\/itbranschen.com\/wp-content\/uploads\/2026\/08\/fastly-marshall-erwin-ai-security-premium-v-x-332x187.jpg 332w, https:\/\/itbranschen.com\/wp-content\/uploads\/2026\/08\/fastly-marshall-erwin-ai-security-premium-v-x-300x169.jpg 300w, https:\/\/itbranschen.com\/wp-content\/uploads\/2026\/08\/fastly-marshall-erwin-ai-security-premium-v-x-1024x576.jpg 1024w, https:\/\/itbranschen.com\/wp-content\/uploads\/2026\/08\/fastly-marshall-erwin-ai-security-premium-v-x-768x432.jpg 768w, https:\/\/itbranschen.com\/wp-content\/uploads\/2026\/08\/fastly-marshall-erwin-ai-security-premium-v-x-18x10.jpg 18w, https:\/\/itbranschen.com\/wp-content\/uploads\/2026\/08\/fastly-marshall-erwin-ai-security-premium-v-x-664x374.jpg 664w, https:\/\/itbranschen.com\/wp-content\/uploads\/2026\/08\/fastly-marshall-erwin-ai-security-premium-v-x-688x387.jpg 688w, https:\/\/itbranschen.com\/wp-content\/uploads\/2026\/08\/fastly-marshall-erwin-ai-security-premium-v-x-1044x587.jpg 1044w, https:\/\/itbranschen.com\/wp-content\/uploads\/2026\/08\/fastly-marshall-erwin-ai-security-premium-v-x.jpg 1200w\" sizes=\"(max-width: 332px) 100vw, 332px\" title=\"| IT-Branschen\">\t\t\t\t\t<img loading=\"lazy\" decoding=\"async\" width=\"688\" height=\"387\" src=\"https:\/\/itbranschen.com\/wp-content\/uploads\/2026\/08\/fastly-marshall-erwin-ai-security-premium-v-x-688x387.jpg\" class=\"attachment-csco-medium size-csco-medium wp-post-image\" alt=\"Marshall Erwin, s\u00e4kerhetschef p\u00e5 Fastly, med Fastlys officiella vita logotyp och grafisk cybers\u00e4kerhetsmilj\u00f6\" srcset=\"https:\/\/itbranschen.com\/wp-content\/uploads\/2026\/08\/fastly-marshall-erwin-ai-security-premium-v-x-688x387.jpg 688w, https:\/\/itbranschen.com\/wp-content\/uploads\/2026\/08\/fastly-marshall-erwin-ai-security-premium-v-x-300x169.jpg 300w, https:\/\/itbranschen.com\/wp-content\/uploads\/2026\/08\/fastly-marshall-erwin-ai-security-premium-v-x-1024x576.jpg 1024w, https:\/\/itbranschen.com\/wp-content\/uploads\/2026\/08\/fastly-marshall-erwin-ai-security-premium-v-x-768x432.jpg 768w, https:\/\/itbranschen.com\/wp-content\/uploads\/2026\/08\/fastly-marshall-erwin-ai-security-premium-v-x-18x10.jpg 18w, https:\/\/itbranschen.com\/wp-content\/uploads\/2026\/08\/fastly-marshall-erwin-ai-security-premium-v-x-332x187.jpg 332w, https:\/\/itbranschen.com\/wp-content\/uploads\/2026\/08\/fastly-marshall-erwin-ai-security-premium-v-x-664x374.jpg 664w, https:\/\/itbranschen.com\/wp-content\/uploads\/2026\/08\/fastly-marshall-erwin-ai-security-premium-v-x-1044x587.jpg 1044w, https:\/\/itbranschen.com\/wp-content\/uploads\/2026\/08\/fastly-marshall-erwin-ai-security-premium-v-x.jpg 1200w\" sizes=\"(max-width: 688px) 100vw, 688px\" title=\"| IT-Branschen\">\t\t\t\t<\/div>\n\n\t\t\t\t\n\t\t\t\t\n\t\t\t\t<a href=\"https:\/\/itbranschen.com\/de\/ny-studie-nordiska-ai-drivna-finansbolag-drabbas-hardast-av-sakerhetsincidenter\/\" class=\"cs-overlay-link\" title=\"Ny studie: Nordiska AI-drivna finansbolag drabbas h\u00e5rdast av s\u00e4kerhetsincidenter\"><\/a>\n\t\t\t<\/div>\n\t\t\n\t\t<div class=\"cs-entry__inner cs-entry__content\">\n\n\t\t\t<div class=\"cs-entry__post-meta\" ><div class=\"cs-meta-category\"><ul class=\"post-categories\">\n\t<li><a href=\"https:\/\/itbranschen.com\/de\/category\/cybersakerhet\/\" rel=\"category tag\">Cybers\u00e4kerhet<\/a><\/li><\/ul><\/div><\/div>\n\t\t\t<h2 class=\"cs-entry__title\"><a href=\"https:\/\/itbranschen.com\/de\/ny-studie-nordiska-ai-drivna-finansbolag-drabbas-hardast-av-sakerhetsincidenter\/\">Ny studie: Nordiska AI-drivna finansbolag drabbas h\u00e5rdast av s\u00e4kerhetsincidenter<\/a><\/h2>\n\t\t\t\n\t\t\t<div class=\"cs-entry__post-meta\" ><div class=\"cs-meta-author\"><span class=\"cs-meta-author-by\">by<\/span><a class=\"cs-meta-author-link url fn n\" href=\"https:\/\/itbranschen.com\/de\"><span class=\"cs-meta-author-name\">Sandra \u00c5str\u00f6m<\/span><\/a><\/div><div class=\"cs-meta-date\">August 11, 2026<\/div><\/div>\t\t<\/div>\n\t<\/div>\n<\/article>\n\n<article class=\"post-31839 post type-post status-publish format-standard has-post-thumbnail category-cybersakerhet tag-aitm tag-barracuda-networks tag-e-postsakerhet tag-fido2 tag-ics tag-kalenderinbjudningar tag-mfa tag-natfiske tag-qr-koder tag-webauthn cs-entry cs-video-wrap\">\n\t<div class=\"cs-entry__outer\">\n\t\t\t\t\t<div class=\"cs-entry__inner cs-entry__overlay cs-entry__thumbnail cs-overlay-ratio cs-ratio-landscape-16-9\">\n\n\t\t\t\t<div class=\"cs-overlay-background\">\n\t\t\t\t\t<img loading=\"lazy\" decoding=\"async\" width=\"332\" height=\"187\" src=\"https:\/\/itbranschen.com\/wp-content\/uploads\/2026\/08\/barracuda-kalendernatfiske-feature-v-x-332x187.jpg\" class=\"attachment-csco-thumbnail-uncropped size-csco-thumbnail-uncropped wp-post-image\" alt=\"Barracuda Networks varnar f\u00f6r n\u00e4tfiske via kalenderinbjudningar med skadliga QR-koder och l\u00e4nkar\" srcset=\"https:\/\/itbranschen.com\/wp-content\/uploads\/2026\/08\/barracuda-kalendernatfiske-feature-v-x-332x187.jpg 332w, https:\/\/itbranschen.com\/wp-content\/uploads\/2026\/08\/barracuda-kalendernatfiske-feature-v-x-300x169.jpg 300w, https:\/\/itbranschen.com\/wp-content\/uploads\/2026\/08\/barracuda-kalendernatfiske-feature-v-x-1024x576.jpg 1024w, https:\/\/itbranschen.com\/wp-content\/uploads\/2026\/08\/barracuda-kalendernatfiske-feature-v-x-768x432.jpg 768w, https:\/\/itbranschen.com\/wp-content\/uploads\/2026\/08\/barracuda-kalendernatfiske-feature-v-x-18x10.jpg 18w, https:\/\/itbranschen.com\/wp-content\/uploads\/2026\/08\/barracuda-kalendernatfiske-feature-v-x-664x374.jpg 664w, https:\/\/itbranschen.com\/wp-content\/uploads\/2026\/08\/barracuda-kalendernatfiske-feature-v-x-688x387.jpg 688w, https:\/\/itbranschen.com\/wp-content\/uploads\/2026\/08\/barracuda-kalendernatfiske-feature-v-x-1044x587.jpg 1044w, https:\/\/itbranschen.com\/wp-content\/uploads\/2026\/08\/barracuda-kalendernatfiske-feature-v-x.jpg 1200w\" sizes=\"(max-width: 332px) 100vw, 332px\" title=\"| IT-Branschen\">\t\t\t\t\t<img loading=\"lazy\" decoding=\"async\" width=\"688\" height=\"387\" src=\"https:\/\/itbranschen.com\/wp-content\/uploads\/2026\/08\/barracuda-kalendernatfiske-feature-v-x-688x387.jpg\" class=\"attachment-csco-medium size-csco-medium wp-post-image\" alt=\"Barracuda Networks varnar f\u00f6r n\u00e4tfiske via kalenderinbjudningar med skadliga QR-koder och l\u00e4nkar\" srcset=\"https:\/\/itbranschen.com\/wp-content\/uploads\/2026\/08\/barracuda-kalendernatfiske-feature-v-x-688x387.jpg 688w, https:\/\/itbranschen.com\/wp-content\/uploads\/2026\/08\/barracuda-kalendernatfiske-feature-v-x-300x169.jpg 300w, https:\/\/itbranschen.com\/wp-content\/uploads\/2026\/08\/barracuda-kalendernatfiske-feature-v-x-1024x576.jpg 1024w, https:\/\/itbranschen.com\/wp-content\/uploads\/2026\/08\/barracuda-kalendernatfiske-feature-v-x-768x432.jpg 768w, https:\/\/itbranschen.com\/wp-content\/uploads\/2026\/08\/barracuda-kalendernatfiske-feature-v-x-18x10.jpg 18w, https:\/\/itbranschen.com\/wp-content\/uploads\/2026\/08\/barracuda-kalendernatfiske-feature-v-x-332x187.jpg 332w, https:\/\/itbranschen.com\/wp-content\/uploads\/2026\/08\/barracuda-kalendernatfiske-feature-v-x-664x374.jpg 664w, https:\/\/itbranschen.com\/wp-content\/uploads\/2026\/08\/barracuda-kalendernatfiske-feature-v-x-1044x587.jpg 1044w, https:\/\/itbranschen.com\/wp-content\/uploads\/2026\/08\/barracuda-kalendernatfiske-feature-v-x.jpg 1200w\" sizes=\"(max-width: 688px) 100vw, 688px\" title=\"| IT-Branschen\">\t\t\t\t<\/div>\n\n\t\t\t\t\n\t\t\t\t\n\t\t\t\t<a href=\"https:\/\/itbranschen.com\/de\/natfiske-via-kalenderinbjudningar-okar-barracuda-varnar-for-dolda-ics-attacker\/\" class=\"cs-overlay-link\" title=\"N\u00e4tfiske via kalenderinbjudningar \u00f6kar \u2013 Barracuda varnar f\u00f6r dolda .ics-attacker\"><\/a>\n\t\t\t<\/div>\n\t\t\n\t\t<div class=\"cs-entry__inner cs-entry__content\">\n\n\t\t\t<div class=\"cs-entry__post-meta\" ><div class=\"cs-meta-category\"><ul class=\"post-categories\">\n\t<li><a href=\"https:\/\/itbranschen.com\/de\/category\/cybersakerhet\/\" rel=\"category tag\">Cybers\u00e4kerhet<\/a><\/li><\/ul><\/div><\/div>\n\t\t\t<h2 class=\"cs-entry__title\"><a href=\"https:\/\/itbranschen.com\/de\/natfiske-via-kalenderinbjudningar-okar-barracuda-varnar-for-dolda-ics-attacker\/\">N\u00e4tfiske via kalenderinbjudningar \u00f6kar \u2013 Barracuda varnar f\u00f6r dolda .ics-attacker<\/a><\/h2>\n\t\t\t\n\t\t\t<div class=\"cs-entry__post-meta\" ><div class=\"cs-meta-author\"><span class=\"cs-meta-author-by\">by<\/span><a class=\"cs-meta-author-link url fn n\" href=\"https:\/\/itbranschen.com\/de\"><span class=\"cs-meta-author-name\">IT-Branschen<\/span><\/a><\/div><div class=\"cs-meta-date\">August 11, 2026<\/div><\/div>\t\t<\/div>\n\t<\/div>\n<\/article>\n\n<article class=\"post-31821 post type-post status-publish format-standard has-post-thumbnail category-cybersakerhet category-moln-data tag-atkomstkontroll tag-cybersakerhet tag-fysisk-sakerhet tag-genetec tag-hybridmiljoer tag-interoperabilitet tag-molnsakerhet tag-offline-las tag-oss-standard-offline tag-security-center tag-security-center-saas cs-entry cs-video-wrap\">\n\t<div class=\"cs-entry__outer\">\n\t\t\t\t\t<div class=\"cs-entry__inner cs-entry__overlay cs-entry__thumbnail cs-overlay-ratio cs-ratio-landscape-16-9\">\n\n\t\t\t\t<div class=\"cs-overlay-background\">\n\t\t\t\t\t<img loading=\"lazy\" decoding=\"async\" width=\"332\" height=\"187\" src=\"https:\/\/itbranschen.com\/wp-content\/uploads\/2026\/08\/genetec-official-logo-x-332x187.jpg\" class=\"attachment-csco-thumbnail-uncropped size-csco-thumbnail-uncropped wp-post-image\" alt=\"Genetec-logotyp f\u00f6r artikel om offline \u00e5tkomstkontroll\" srcset=\"https:\/\/itbranschen.com\/wp-content\/uploads\/2026\/08\/genetec-official-logo-x-332x187.jpg 332w, https:\/\/itbranschen.com\/wp-content\/uploads\/2026\/08\/genetec-official-logo-x-300x169.jpg 300w, https:\/\/itbranschen.com\/wp-content\/uploads\/2026\/08\/genetec-official-logo-x-1024x576.jpg 1024w, https:\/\/itbranschen.com\/wp-content\/uploads\/2026\/08\/genetec-official-logo-x-768x432.jpg 768w, https:\/\/itbranschen.com\/wp-content\/uploads\/2026\/08\/genetec-official-logo-x-18x10.jpg 18w, https:\/\/itbranschen.com\/wp-content\/uploads\/2026\/08\/genetec-official-logo-x-664x374.jpg 664w, https:\/\/itbranschen.com\/wp-content\/uploads\/2026\/08\/genetec-official-logo-x-688x387.jpg 688w, https:\/\/itbranschen.com\/wp-content\/uploads\/2026\/08\/genetec-official-logo-x-1044x587.jpg 1044w, https:\/\/itbranschen.com\/wp-content\/uploads\/2026\/08\/genetec-official-logo-x.jpg 1200w\" sizes=\"(max-width: 332px) 100vw, 332px\" title=\"| IT-Branschen\">\t\t\t\t\t<img loading=\"lazy\" decoding=\"async\" width=\"688\" height=\"387\" src=\"https:\/\/itbranschen.com\/wp-content\/uploads\/2026\/08\/genetec-official-logo-x-688x387.jpg\" class=\"attachment-csco-medium size-csco-medium wp-post-image\" alt=\"Genetec-logotyp f\u00f6r artikel om offline \u00e5tkomstkontroll\" srcset=\"https:\/\/itbranschen.com\/wp-content\/uploads\/2026\/08\/genetec-official-logo-x-688x387.jpg 688w, https:\/\/itbranschen.com\/wp-content\/uploads\/2026\/08\/genetec-official-logo-x-300x169.jpg 300w, https:\/\/itbranschen.com\/wp-content\/uploads\/2026\/08\/genetec-official-logo-x-1024x576.jpg 1024w, https:\/\/itbranschen.com\/wp-content\/uploads\/2026\/08\/genetec-official-logo-x-768x432.jpg 768w, https:\/\/itbranschen.com\/wp-content\/uploads\/2026\/08\/genetec-official-logo-x-18x10.jpg 18w, https:\/\/itbranschen.com\/wp-content\/uploads\/2026\/08\/genetec-official-logo-x-332x187.jpg 332w, https:\/\/itbranschen.com\/wp-content\/uploads\/2026\/08\/genetec-official-logo-x-664x374.jpg 664w, https:\/\/itbranschen.com\/wp-content\/uploads\/2026\/08\/genetec-official-logo-x-1044x587.jpg 1044w, https:\/\/itbranschen.com\/wp-content\/uploads\/2026\/08\/genetec-official-logo-x.jpg 1200w\" sizes=\"(max-width: 688px) 100vw, 688px\" title=\"| IT-Branschen\">\t\t\t\t<\/div>\n\n\t\t\t\t\n\t\t\t\t\n\t\t\t\t<a href=\"https:\/\/itbranschen.com\/de\/security-center-saas-offline-atkomstkontroll\/\" class=\"cs-overlay-link\" title=\"Genetec ut\u00f6kar st\u00f6det f\u00f6r offline \u00e5tkomstkontroll i molnet, lokala installationer och hybridinstallationer\"><\/a>\n\t\t\t<\/div>\n\t\t\n\t\t<div class=\"cs-entry__inner cs-entry__content\">\n\n\t\t\t<div class=\"cs-entry__post-meta\" ><div class=\"cs-meta-category\"><ul class=\"post-categories\">\n\t<li><a href=\"https:\/\/itbranschen.com\/de\/category\/cybersakerhet\/\" rel=\"category tag\">Cybers\u00e4kerhet<\/a><\/li>\n\t<li><a href=\"https:\/\/itbranschen.com\/de\/category\/moln-data\/\" rel=\"category tag\">Moln &amp; Data<\/a><\/li><\/ul><\/div><\/div>\n\t\t\t<h2 class=\"cs-entry__title\"><a href=\"https:\/\/itbranschen.com\/de\/security-center-saas-offline-atkomstkontroll\/\">Genetec ut\u00f6kar st\u00f6det f\u00f6r offline \u00e5tkomstkontroll i molnet, lokala installationer och hybridinstallationer<\/a><\/h2>\n\t\t\t\n\t\t\t<div class=\"cs-entry__post-meta\" ><div class=\"cs-meta-author\"><span class=\"cs-meta-author-by\">by<\/span><a class=\"cs-meta-author-link url fn n\" href=\"https:\/\/itbranschen.com\/de\"><span class=\"cs-meta-author-name\">Sandra \u00c5str\u00f6m<\/span><\/a><\/div><div class=\"cs-meta-date\">August 11, 2026<\/div><\/div>\t\t<\/div>\n\t<\/div>\n<\/article>\n\t\t\t\t\t\t\t\t<\/div>\n\t\t\t\t\t\t\t<\/div>\n\t\t\t\t\t\t<\/div>\n\t\t\t\t\t\t\t\t<\/section>\n\t\t\t\t\t\t<\/div>\n\t\t\t\t<\/div>\n\t\t\t\t<div class=\"elementor-element elementor-element-f549152 cs-dividerhorizontal cs-divider-tablethorizontal cs-divider-mobilehorizontal elementor-widget elementor-widget-cs-divider\" data-id=\"f549152\" data-element_type=\"widget\" data-e-type=\"widget\" data-settings=\"{&quot;ekit_we_effect_on&quot;:&quot;none&quot;}\" data-widget_type=\"cs-divider.default\">\n\t\t\t\t<div class=\"elementor-widget-container\">\n\t\t\t\t\t\t\t<section class=\"cs-divider cs-divider-horizontal\"><\/section>\n\t\t\t\t\t\t<\/div>\n\t\t\t\t<\/div>\n\t\t\t\t<div class=\"elementor-element elementor-element-f28a039 elementor-widget elementor-widget-cs-posts\" data-id=\"f28a039\" data-element_type=\"widget\" data-e-type=\"widget\" data-settings=\"{&quot;ekit_we_effect_on&quot;:&quot;none&quot;}\" data-widget_type=\"cs-posts.default\">\n\t\t\t\t<div class=\"elementor-widget-container\">\n\t\t\t\t\t\t\t\t<section class=\"cs-posts cs-posts__standard\">\n\t\t\t\t\t\t\t\t\t\t<div class=\"cs-posts-area cs-posts-area-elementor \" data-posts-area=\"\">\n\t\t\t\t\t\t\t<div class=\"cs-posts-area__outer\">\n\t\t\t\t\t\t\t\t<div\n\t\t\t\t\t\t\t\tclass=\"cs-posts-area__main cs-posts-area__main-divider\"\n\t\t\t\t\t\t\t\tdata-pc=\"4\"\n\t\t\t\t\t\t\t\tdata-lt=\"2\"\n\t\t\t\t\t\t\t\tdata-tb=\"2\"\n\t\t\t\t\t\t\t\tdata-mb=\"1\"\n\t\t\t\t\t\t\t\t>\n\t\t\t\t\t\t\t\t\t\n<article class=\"post-31675 post type-post status-publish format-standard has-post-thumbnail category-cybersakerhet tag-ai tag-ai-agenter tag-apt tag-cyberattacker tag-cybersakerhet tag-generativ-ai tag-hotaktorer tag-identitetssakerhet tag-iran tag-leverantorskedja tag-molnsakerhet tag-nordkorea tag-ot-sakerhet tag-sarbarheter tag-trend-micro tag-trendai cs-entry cs-video-wrap\">\n\t<div class=\"cs-entry__outer\">\n\t\t\n\t\t<div class=\"cs-entry__inner cs-entry__content\">\n\n\t\t\t<div class=\"cs-entry__post-meta\" ><div class=\"cs-meta-category\"><ul class=\"post-categories\">\n\t<li><a href=\"https:\/\/itbranschen.com\/de\/category\/cybersakerhet\/\" rel=\"category tag\">Cybers\u00e4kerhet<\/a><\/li><\/ul><\/div><\/div>\n\t\t\t<h2 class=\"cs-entry__title\"><a href=\"https:\/\/itbranschen.com\/de\/ai-agenter-statsstodda-cyberattacker\/\">AI-agenter f\u00e5r en aktiv roll i statsst\u00f6dda cyberattacker<\/a><\/h2>\n\t\t\t\n\t\t\t<div class=\"cs-entry__post-meta\" ><div class=\"cs-meta-author\"><span class=\"cs-meta-author-by\">by<\/span><a class=\"cs-meta-author-link url fn n\" href=\"https:\/\/itbranschen.com\/de\"><span class=\"cs-meta-author-name\">Sandra \u00c5str\u00f6m<\/span><\/a><\/div><\/div>\t\t<\/div>\n\t<\/div>\n<\/article>\n\n<article class=\"post-31627 post type-post status-publish format-standard has-post-thumbnail category-artificiell-intelligens category-cybersakerhet category-enterprise-software category-intervjuer tag-agentisk-ai tag-ai tag-ai-governance tag-ai-infrastruktur tag-ai-sakerhet tag-ai-styrning-2 tag-autonoma-agenter tag-befogenhet tag-cio tag-ciso tag-cto tag-cybersakerhet tag-digital-suveranitet tag-enterprise-ai tag-eu-ai-act tag-governance tag-intervju tag-it-branschen tag-raymond-steen tag-vortiq-x cs-entry cs-video-wrap\">\n\t<div class=\"cs-entry__outer\">\n\t\t\n\t\t<div class=\"cs-entry__inner cs-entry__content\">\n\n\t\t\t<div class=\"cs-entry__post-meta\" ><div class=\"cs-meta-category\"><ul class=\"post-categories\">\n\t<li><a href=\"https:\/\/itbranschen.com\/de\/category\/artificiell-intelligens\/\" rel=\"category tag\">Artificiell intelligens<\/a><\/li>\n\t<li><a href=\"https:\/\/itbranschen.com\/de\/category\/cybersakerhet\/\" rel=\"category tag\">Cybers\u00e4kerhet<\/a><\/li>\n\t<li><a href=\"https:\/\/itbranschen.com\/de\/category\/enterprise-software\/\" rel=\"category tag\">Enterprise Software<\/a><\/li>\n\t<li><a href=\"https:\/\/itbranschen.com\/de\/category\/intervjuer\/\" rel=\"category tag\">Intervjuer<\/a><\/li><\/ul><\/div><\/div>\n\t\t\t<h2 class=\"cs-entry__title\"><a href=\"https:\/\/itbranschen.com\/de\/raymond-steen-ai-befogenhet-vortiq-x\/\">Raymond Steen: AI beh\u00f6ver befogenhet, inte bara intelligens<\/a><\/h2>\n\t\t\t\n\t\t\t<div class=\"cs-entry__post-meta\" ><div class=\"cs-meta-author\"><span class=\"cs-meta-author-by\">by<\/span><a class=\"cs-meta-author-link url fn n\" href=\"https:\/\/itbranschen.com\/de\"><span class=\"cs-meta-author-name\">Mateo Sandstr\u00f6m<\/span><\/a><\/div><\/div>\t\t<\/div>\n\t<\/div>\n<\/article>\n\n<article class=\"post-30936 post type-post status-publish format-standard has-post-thumbnail category-affarssystem-och-erp tag-2030-strategi tag-affarssystem-2 tag-ai-forstarkta-affarssystem tag-b2b-it tag-chief-operating-officer tag-coo tag-customer-success tag-digital-transformation tag-enterprise-software tag-erp tag-finastra tag-implementation tag-it-branschen-2 tag-it-kanalen-2 tag-it-kanalen-nyheter-2 tag-it-kanalen-sverige-2 tag-it-kanalen-se-2 tag-it-branschen tag-it-drift tag-it-kanalen tag-it-kanalen-nyheter tag-it-kanalen-sverige tag-itkanalen-sverige tag-kundvard tag-onboarding tag-simon-paris tag-stuart-nash tag-success4u tag-unit4 tag-verksamhetsutveckling cs-entry cs-video-wrap\">\n\t<div class=\"cs-entry__outer\">\n\t\t\n\t\t<div class=\"cs-entry__inner cs-entry__content\">\n\n\t\t\t<div class=\"cs-entry__post-meta\" ><div class=\"cs-meta-category\"><ul class=\"post-categories\">\n\t<li><a href=\"https:\/\/itbranschen.com\/de\/category\/affarssystem-och-erp\/\" rel=\"category tag\">Aff\u00e4rssystem och ERP<\/a><\/li><\/ul><\/div><\/div>\n\t\t\t<h2 class=\"cs-entry__title\"><a href=\"https:\/\/itbranschen.com\/de\/unit4-stuart-nash-coo\/\">Unit4 rekryterar Stuart Nash som Chief Operating Officer<\/a><\/h2>\n\t\t\t\n\t\t\t<div class=\"cs-entry__post-meta\" ><div class=\"cs-meta-author\"><span class=\"cs-meta-author-by\">by<\/span><a class=\"cs-meta-author-link url fn n\" href=\"https:\/\/itbranschen.com\/de\"><span class=\"cs-meta-author-name\">Mateo Sandstr\u00f6m<\/span><\/a><\/div><\/div>\t\t<\/div>\n\t<\/div>\n<\/article>\n\n<article class=\"post-30587 post type-post status-publish format-standard has-post-thumbnail category-nyheter tag-ateranvandbar-identitet tag-autentisering tag-compliance tag-cybersakerhet tag-digital-identitet tag-digital-planbok tag-digital-transformation tag-digital-trust tag-eidas-2-0 tag-elektronisk-signering tag-enterprise-security tag-europa tag-identitetsverifiering tag-identity-wallet tag-it-branschen-2 tag-it-kanalen-2 tag-it-kanalen-nyheter-2 tag-it-branschen tag-it-kanalen tag-kyc tag-nyheter tag-signicat tag-trusttech cs-entry cs-video-wrap\">\n\t<div class=\"cs-entry__outer\">\n\t\t\n\t\t<div class=\"cs-entry__inner cs-entry__content\">\n\n\t\t\t<div class=\"cs-entry__post-meta\" ><div class=\"cs-meta-category\"><ul class=\"post-categories\">\n\t<li><a href=\"https:\/\/itbranschen.com\/de\/category\/nyheter\/\" rel=\"category tag\">Nyheter<\/a><\/li><\/ul><\/div><\/div>\n\t\t\t<h2 class=\"cs-entry__title\"><a href=\"https:\/\/itbranschen.com\/de\/signicat-trusttech-ateranvandbar-digital-identitet-europa\/\">Signicat och TrustTech lanserar \u00e5teranv\u00e4ndbar digital identitet f\u00f6r europeiska f\u00f6retag<\/a><\/h2>\n\t\t\t\n\t\t\t<div class=\"cs-entry__post-meta\" ><div class=\"cs-meta-author\"><span class=\"cs-meta-author-by\">by<\/span><a class=\"cs-meta-author-link url fn n\" href=\"https:\/\/itbranschen.com\/de\"><span class=\"cs-meta-author-name\">Mario Leif Birger Hansen<\/span><\/a><\/div><\/div>\t\t<\/div>\n\t<\/div>\n<\/article>\n\t\t\t\t\t\t\t\t<\/div>\n\t\t\t\t\t\t\t<\/div>\n\t\t\t\t\t\t<\/div>\n\t\t\t\t\t\t\t\t<\/section>\n\t\t\t\t\t\t<\/div>\n\t\t\t\t<\/div>\n\t\t\t\t<div class=\"elementor-element elementor-element-4b32d49 cs-dividerhorizontal cs-divider-tablethorizontal cs-divider-mobilehorizontal elementor-widget elementor-widget-cs-divider\" data-id=\"4b32d49\" data-element_type=\"widget\" data-e-type=\"widget\" data-settings=\"{&quot;ekit_we_effect_on&quot;:&quot;none&quot;}\" data-widget_type=\"cs-divider.default\">\n\t\t\t\t<div class=\"elementor-widget-container\">\n\t\t\t\t\t\t\t<section class=\"cs-divider cs-divider-horizontal\"><\/section>\n\t\t\t\t\t\t<\/div>\n\t\t\t\t<\/div>\n\t\t\t\t<div class=\"elementor-element elementor-element-10ff8ac elementor-widget elementor-widget-wp-widget-advads_ad_widget\" data-id=\"10ff8ac\" data-element_type=\"widget\" data-e-type=\"widget\" data-settings=\"{&quot;ekit_we_effect_on&quot;:&quot;none&quot;}\" data-widget_type=\"wp-widget-advads_ad_widget.default\">\n\t\t\t\t<div class=\"elementor-widget-container\">\n\t\t\t\t\t<div id=\"itbra-slider-5009\" class=\"custom-slider itbra-slider-247151301 itbra-slider\"><ul><li><div id=\"itbra-3347971448\" style=\"clear: both;\"><figure style=\"position:relative;width:100%;max-width:1440px;margin:0 auto 50px auto;\">\r\n\r\n  <a href=\"https:\/\/itbranschen.com\/sv\/om-oss-it-branschen\/\" target=\"_blank\" rel=\"noopener\">\r\n    <img loading=\"lazy\"\r\n      src=\"https:\/\/itbranschen.com\/wp-content\/uploads\/2026\/07\/IT-Branschen-banner-orange.jpg\"\r\n      alt=\"IT-Branschen Nordic technology media platform covering cybersecurity, cloud, AI, digital transformation, channel, MSP and enterprise IT news\"\r\n      title=\"IT-Branschen | Nordic Technology, Cybersecurity and Enterprise IT Media\"\r\n      loading=\"lazy\"\r\n      decoding=\"async\"\r\n      width=\"1440\"\r\n      height=\"323\"\r\n      style=\"width:100%;height:auto;display:block;border-radius:4px;\"\r\n    >\r\n  <\/a>\r\n\r\n  <figcaption style=\"display:none;\">\r\n    IT-Branschen is a leading Nordic technology media platform covering cybersecurity news, artificial intelligence, cloud computing, enterprise IT, digital transformation, managed services, channel partners, software development, telecommunications, data centers, IT infrastructure, technology leadership, business innovation, and emerging technologies. Through executive interviews, industry analysis, event coverage, thought leadership, product launches, vendor updates, and market insights, IT-Branschen connects technology decision-makers, CIOs, CISOs, CTOs, IT managers, MSPs, resellers, distributors, technology vendors, startups, and enterprise organizations across Sweden, Norway, Denmark, Finland, and Europe. Coverage includes cybersecurity trends, AI adoption, cloud strategy, enterprise software, networking, digital infrastructure, sustainability, compliance, governance, risk management, automation, data analytics, and future technology developments.\r\n  <\/figcaption>\r\n\r\n  <div style=\"\r\n    position:absolute;\r\n    bottom:-18px;\r\n    left:0;\r\n    font-size:12px;\r\n    background:#fff;\r\n    padding:4px 10px;\r\n    border-radius:0 0 4px 4px;\r\n    font-weight:700;\r\n    color:#000;\r\n    box-shadow:0 1px 3px rgba(0,0,0,.15);\r\n  \">\r\n    EGET INNEH\u00c5LL\r\n  <\/div>\r\n\r\n<\/figure><\/div><br style=\"clear: both; display: block; float: none;\"\/><\/li><li><div id=\"itbra-1128159518\" style=\"clear: both;\"><figure style=\"position:relative;width:100%;max-width:1440px;margin:0 auto 50px auto;\">\r\n\r\n  <a href=\"https:\/\/italy.cybertechconference.com\/Media_Partners_Registration\/?utm_source=IT-Branschen&amp;utm_medium=display&amp;utm_campaign=cybertech_europe_2026\" target=\"_blank\" rel=\"noopener noreferrer\">\r\n    <img loading=\"lazy\"\r\n      src=\"https:\/\/itbranschen.com\/wp-content\/uploads\/2026\/07\/banner-slider-rome-cyber-tech-europe-Italy-Rome.jpg\"\r\n      alt=\"Cybertech Europe 2026 cybersecurity conference in Rome with IT-Branschen as Official Media Partner\"\r\n      title=\"Cybertech Europe 2026 Official Media Partner | IT-Branschen\"\r\n      loading=\"lazy\"\r\n      decoding=\"async\"\r\n      width=\"1440\"\r\n      height=\"323\"\r\n      style=\"width:100%;height:auto;display:block;border-radius:4px;\"\r\n    >\r\n  <\/a>\r\n\r\n  <figcaption style=\"display:none;\">\r\n    Cybertech Europe 2026 is one of Europe's leading cybersecurity conferences, bringing together cybersecurity leaders, government officials, technology innovators, startups, investors, and enterprise decision-makers in Rome. IT-Branschen serves as an Official Media Partner, providing event coverage, executive interviews, industry insights, and cybersecurity news for Nordic and European audiences.\r\n  <\/figcaption>\r\n\r\n  <div style=\"\r\n    position:absolute;\r\n    bottom:-18px;\r\n    left:0;\r\n    font-size:12px;\r\n    background:#fff;\r\n    padding:4px 10px;\r\n    border-radius:0 0 4px 4px;\r\n    font-weight:700;\r\n    color:#000;\r\n    box-shadow:0 1px 3px rgba(0,0,0,.15);\r\n  \">\r\n    ANNONS\r\n  <\/div>\r\n\r\n<\/figure><\/div><br style=\"clear: both; display: block; float: none;\"\/><\/li><li><div id=\"itbra-2045470851\" style=\"clear: both;\"><figure style=\"position:relative;width:100%;max-width:1440px;margin:0 auto 50px auto;\">\r\n\r\n  <a href=\"https:\/\/www.youtube.com\/@MagicChats\/videos\" target=\"_blank\" rel=\"noopener sponsored\">\r\n    <img\r\n      src=\"https:\/\/itbranschen.com\/wp-content\/uploads\/2026\/07\/maciek-szczesniak-magic-chats-youtube.jpg\"\r\n      alt=\"Maciek Szczesniak featured on IT-Branschen Wire Channel Magic Chats podcast banner\"\r\n      title=\"Maciek Szczesniak | Magic Chats Podcast | IT-Branschen Wire Channel\"\r\n      loading=\"lazy\"\r\n      decoding=\"async\"\r\n      style=\"width:100%;height:auto;display:block;border-radius:4px;\"\r\n    >\r\n  <\/a>\r\n\r\n  <figcaption style=\"display:none;\">\r\n    Maciek Szczesniak appears on IT-Branschen Wire Channel Magic Chats, discussing leadership, innovation, digital transformation, and business services.\r\n  <\/figcaption>\r\n\r\n  <div style=\"\r\n    position:absolute;\r\n    bottom:-18px;\r\n    left:0;\r\n    font-size:12px;\r\n    background:#fff;\r\n    padding:4px 10px;\r\n    border-radius:0 0 4px 4px;\r\n    font-weight:700;\r\n    color:#000;\r\n    box-shadow:0 1px 3px rgba(0,0,0,.15);\r\n  \">\r\n    SPONSRAD\r\n  <\/div>\r\n\r\n<\/figure><\/div><br style=\"clear: both; display: block; float: none;\"\/><\/li><li><div id=\"itbra-2345558359\" style=\"clear: both;\"><figure style=\"position:relative;width:100%;max-width:1440px;margin:0 auto 50px auto;\">\r\n\r\n  <a href=\"https:\/\/vortiqxconsilium.com\/\" target=\"_blank\" rel=\"sponsored noopener noreferrer\">\r\n    <img loading=\"lazy\"\r\n      src=\"https:\/\/itbranschen.com\/wp-content\/uploads\/2026\/07\/Vortiq-x-slider.jpg\"\r\n      alt=\"VORTIQ-X AI Governance hj\u00e4lper f\u00f6retag att omvandla AI till styrbart och verifierbart aff\u00e4rsv\u00e4rde.\"\r\n      title=\"VORTIQ-X AI Governance | Fr\u00e5n tokenekonomi till styrbart aff\u00e4rsv\u00e4rde\"\r\n      loading=\"lazy\"\r\n      decoding=\"async\"\r\n      width=\"1440\"\r\n      height=\"323\"\r\n      style=\"width:100%;height:auto;display:block;border-radius:4px;\"\r\n    >\r\n  <\/a>\r\n\r\n  <figcaption style=\"display:none;\">\r\n    VORTIQ-X \u00e4r en AI Governance-plattform som hj\u00e4lper organisationer att styra, verifiera och skapa m\u00e4tbart aff\u00e4rsv\u00e4rde fr\u00e5n AI. Plattformen fokuserar p\u00e5 transparens, regelefterlevnad, AI-styrning och effektiv anv\u00e4ndning av AI i verksamhetskritiska processer.\r\n  <\/figcaption>\r\n\r\n  <div style=\"\r\n    position:absolute;\r\n    bottom:-18px;\r\n    left:0;\r\n    font-size:12px;\r\n    background:#fff;\r\n    padding:4px 10px;\r\n    border-radius:0 0 4px 4px;\r\n    font-weight:700;\r\n    color:#000;\r\n    box-shadow:0 1px 3px rgba(0,0,0,.15);\r\n  \">\r\n    ANNONS\r\n  <\/div>\r\n\r\n<\/figure><\/div><br style=\"clear: both; display: block; float: none;\"\/><\/li><\/ul><\/div><script>( window.advanced_ads_ready || jQuery( document ).ready ).call( null, function() {var $itbraslider247151301 = jQuery( \".itbra-slider-247151301\" );$itbraslider247151301.on( \"unslider.ready\", function() { jQuery( \"div.custom-slider ul li\" ).css( \"display\", \"block\" ); });$itbraslider247151301.unslider({ delay:15000, autoplay:true, nav:false, arrows:false, infinite:true });$itbraslider247151301.on(\"mouseover\", function() {$itbraslider247151301.unslider(\"stop\");}).on(\"mouseout\", function() {$itbraslider247151301.unslider(\"start\");});});<\/script>\t\t\t\t<\/div>\n\t\t\t\t<\/div>\n\t\t\t\t\t<\/div>\n\t\t\t\t<\/div>\n\t\t\t\t<\/div>\n\t\t","protected":false},"excerpt":{"rendered":"\u200b\ufeffSignicat och TrustTechs nya samarbete m\u00f6jligg\u00f6r \u00e5teranv\u00e4ndning av digitala identiteter via privata pl\u00e5nb\u00f6cker, n\u00e5got som effektiviserar onboarding och autentisering i europeiska f\u00f6retag innan eIDAS 2.0 implementeras fullt ut.\ufeff\u200b","protected":false},"author":1,"featured_media":12861,"parent":0,"menu_order":0,"comment_status":"closed","ping_status":"closed","template":"elementor_header_footer","meta":{"postBodyCss":"","postBodyMargin":[],"postBodyPadding":[],"postBodyBackground":{"backgroundType":"classic","gradient":""},"csco_display_header_overlay":false,"csco_singular_sidebar":"disabled","csco_page_header_type":"none","csco_page_load_nextpost":"","csco_post_video_location":[],"csco_post_video_location_hash":"","csco_post_video_url":"","csco_post_video_bg_start_time":0,"csco_post_video_bg_end_time":0,"footnotes":""},"class_list":["post-6","page","type-page","status-publish","has-post-thumbnail","cs-entry","cs-video-wrap"],"_links":{"self":[{"href":"https:\/\/itbranschen.com\/de\/wp-json\/wp\/v2\/pages\/6","targetHints":{"allow":["GET"]}}],"collection":[{"href":"https:\/\/itbranschen.com\/de\/wp-json\/wp\/v2\/pages"}],"about":[{"href":"https:\/\/itbranschen.com\/de\/wp-json\/wp\/v2\/types\/page"}],"author":[{"embeddable":true,"href":"https:\/\/itbranschen.com\/de\/wp-json\/wp\/v2\/users\/1"}],"replies":[{"embeddable":true,"href":"https:\/\/itbranschen.com\/de\/wp-json\/wp\/v2\/comments?post=6"}],"version-history":[{"count":0,"href":"https:\/\/itbranschen.com\/de\/wp-json\/wp\/v2\/pages\/6\/revisions"}],"wp:featuredmedia":[{"embeddable":true,"href":"https:\/\/itbranschen.com\/de\/wp-json\/wp\/v2\/media\/12861"}],"wp:attachment":[{"href":"https:\/\/itbranschen.com\/de\/wp-json\/wp\/v2\/media?parent=6"}],"curies":[{"name":"wp","href":"https:\/\/api.w.org\/{rel}","templated":true}]}}