{"id":28443,"date":"2026-07-09T22:43:22","date_gmt":"2026-07-09T20:43:22","guid":{"rendered":"https:\/\/itbranschen.com\/?post_type=ajde_events&#038;p=28443"},"modified":"2026-07-24T14:52:07","modified_gmt":"2026-07-24T12:52:07","slug":"gesamtverteidigungsmasse-2026","status":"publish","type":"ajde_events","link":"https:\/\/itbranschen.com\/de\/events\/totalforsvarsmassan-2026\/","title":{"rendered":"Total Defense Fair"},"content":{"rendered":"<p class=\"wp-block-paragraph\"><strong><a href=\"https:\/\/itbranschen.com\/tag\/totalforsvarsmassan\/\" data-type=\"post_tag\" data-id=\"2826\">Total Defense Fair<\/a> ist Schwedens f\u00fchrender Treffpunkt f\u00fcr umfassende Verteidigung, gesellschaftliche Sicherheit und nationale Vorsorge. Hier treffen sich Entscheidungstr\u00e4ger, Beh\u00f6rden, die Streitkr\u00e4fte, die Wirtschaft, Kommunen, Regionen, Forschungsinstitute und Technologieanbieter, um gemeinsam Schwedens Widerstandsf\u00e4higkeit gegen\u00fcber zuk\u00fcnftigen Herausforderungen zu st\u00e4rken.<\/strong><\/p>\n\n\n\n<p class=\"wp-block-paragraph\">In Zeiten sich rasant ver\u00e4ndernder Sicherheitslage spielt die Zusammenarbeit zwischen zivilen und milit\u00e4rischen Akteuren eine entscheidende Rolle. Die Messe \u201eTotal Defence\u201c dient als nationale Plattform, auf der Wissen, Innovation und Erfahrung zusammenkommen, um die umfassende Verteidigung der Zukunft zu entwickeln. Durch inspirierende Vortr\u00e4ge, Expertenrunden, Ausstellungen und praktische Vorf\u00fchrungen erhalten die Besucher einzigartige Einblicke in die neuesten Verteidigungsl\u00f6sungen., <a href=\"https:\/\/itbranschen.com\/category\/cybersakerhet\/\">Cybersicherheit<\/a>, kritische Infrastruktur, Notfallvorsorge und zivile Widerstandsf\u00e4higkeit.<\/p>\n\n\n\n<p class=\"wp-block-paragraph\">Die Messe wird parallel organisiert mit <strong><a href=\"https:\/\/totalforsvarsmassan.se\/\" target=\"_blank\" data-schema-attribute=\"mentions\" rel=\"noreferrer noopener sponsored\">SCHUTZ<\/a><\/strong>, der f\u00fchrende Treffpunkt der nordischen Region f\u00fcr Sicherheit, Brandschutz und Katastrophenschutz, der eine einzigartige Arena schafft, in der das gesamte \u00d6kosystem der Sicherheits- und Notfallvorsorge unter einem Dach vereint ist.<\/p>\n\n\n\n<h2 class=\"wp-block-heading\">F\u00fcr Aussteller<\/h2>\n\n\n\n<p class=\"wp-block-paragraph\">Als Aussteller haben Sie die M\u00f6glichkeit, eine der qualifiziertesten Zielgruppen Schwedens im Bereich Verteidigung und \u00f6ffentliche Sicherheit zu erreichen. Hier treffen Sie auf Entscheidungstr\u00e4ger von Regierungsbeh\u00f6rden, Kommunen, Regionen, den Streitkr\u00e4ften, dem Zivilschutz, Rettungsdiensten, dem \u00f6ffentlichen Sektor und f\u00fchrenden Unternehmen, die f\u00fcr Schwedens Sicherheit und Katastrophenschutz verantwortlich sind.<\/p>\n\n\n\n<p class=\"wp-block-paragraph\">Die Messe bietet eine effektive Plattform f\u00fcr:<\/p>\n\n\n\n<ul class=\"wp-block-list\">\n<li>Neue Produkte, Dienstleistungen und Innovationen vorstellen.<\/li>\n\n\n\n<li>Kn\u00fcpfen Sie Beziehungen zu Entscheidungstr\u00e4gern und Eink\u00e4ufern.<\/li>\n\n\n\n<li>Neue Gesch\u00e4ftsm\u00f6glichkeiten und strategische Partnerschaften identifizieren.<\/li>\n\n\n\n<li>Die Marke im Verteidigungs- und Sicherheitssektor st\u00e4rken.<\/li>\n\n\n\n<li>Leisten Sie einen Beitrag zur Entwicklung der zuk\u00fcnftigen Gesamtverteidigung Schwedens.<\/li>\n<\/ul>\n\n\n\n<h2 class=\"wp-block-heading\">F\u00fcr Besucher<\/h2>\n\n\n\n<p class=\"wp-block-paragraph\">Die Messe \u201eTotal Defence\u201c bietet drei Tage voller Wissen, Inspiration und Networking. Hier treffen Sie Vertreter von Beh\u00f6rden, Streitkr\u00e4ften, Sicherheitsunternehmen, Technologieanbietern, Forschungseinrichtungen und gemeinn\u00fctzigen Organisationen, die gemeinsam zeigen, wie Schweden seine F\u00e4higkeit st\u00e4rkt, k\u00fcnftigen Sicherheitsherausforderungen zu begegnen.<\/p>\n\n\n\n<p class=\"wp-block-paragraph\">Besucher k\u00f6nnen die neuesten Innovationen in folgenden Bereichen besichtigen:<\/p>\n\n\n\n<ul class=\"wp-block-list\">\n<li><a href=\"https:\/\/itbranschen.com\/category\/cybersakerhet\/\">Cybersicherheit<\/a><\/li>\n\n\n\n<li><a href=\"https:\/\/itbranschen.com\/category\/artificiell-intelligens\/\">KI<\/a> Und <a href=\"https:\/\/itbranschen.com\/category\/digitalisering\/\">Digitalisierung<\/a><\/li>\n\n\n\n<li>Kritische Infrastruktur<\/li>\n\n\n\n<li>Kommunikationssystem<\/li>\n\n\n\n<li>Krisenmanagement und -vorsorge<\/li>\n\n\n\n<li>Verteidigungstechnologie<\/li>\n\n\n\n<li>Zivilschutz<\/li>\n\n\n\n<li>Gemeinschaftsschutz<\/li>\n\n\n\n<li>Logistik und Lieferkette<\/li>\n\n\n\n<li>Drohnentechnologie und autonome Systeme<\/li>\n<\/ul>\n\n\n\n<p class=\"wp-block-paragraph\">Egal ob Sie im \u00f6ffentlichen Sektor, in der Wirtschaft oder in der Verteidigungsindustrie t\u00e4tig sind, die Messe bietet wertvolle Einblicke und M\u00f6glichkeiten zur Schaffung neuer Kooperationen.<\/p>\n\n\n\n<h2 class=\"wp-block-heading\">Was passiert auf dem Jahrmarkt?<\/h2>\n\n\n\n<p class=\"wp-block-paragraph\">\u00dcber drei intensive Tage wird ein umfangreiches Programm mit Hauptrednern, Podiumsdiskussionen, Expertenseminaren und Zukunftsprognosen von einigen der f\u00fchrenden schwedischen Experten f\u00fcr Gesamtverteidigung und gesellschaftliche Sicherheit angeboten.<\/p>\n\n\n\n<p class=\"wp-block-paragraph\">Das Programm umfasst unter anderem:<\/p>\n\n\n\n<ul class=\"wp-block-list\">\n<li>Aktuelle globale Analysen und sicherheitspolitische Perspektiven.<\/li>\n\n\n\n<li>Podiumsdiskussionen \u00fcber Schwedens k\u00fcnftige Gesamtverteidigung.<\/li>\n\n\n\n<li>Technische Vorf\u00fchrungen und Produkteinf\u00fchrungen.<\/li>\n\n\n\n<li>Seminare \u00fcber <a href=\"https:\/\/itbranschen.com\/category\/cybersakerhet\/\">Cybersicherheit<\/a>, <a href=\"https:\/\/itbranschen.com\/category\/artificiell-intelligens\/\">KI<\/a> und kritische Infrastrukturen.<\/li>\n\n\n\n<li>Netzwerkveranstaltungen und Gesch\u00e4ftstreffen.<\/li>\n\n\n\n<li>Innovationsbereiche, in denen neue L\u00f6sungen pr\u00e4sentiert werden.<\/li>\n\n\n\n<li>M\u00f6glichkeiten zum Austausch mit f\u00fchrenden Autorit\u00e4ten, Unternehmen und Organisationen.<\/li>\n<\/ul>\n\n\n\n<p class=\"wp-block-paragraph\">Die Messe f\u00fcr Gesamtverteidigung ist mehr als eine traditionelle Messe. Sie ist ein strategischer Treffpunkt, an dem Wissen, Innovation und Zusammenarbeit dazu beitragen, Schwedens Sicherheit, Vorsorge und Widerstandsf\u00e4higkeit gegen\u00fcber zuk\u00fcnftigen Herausforderungen zu st\u00e4rken.<\/p>","protected":false},"author":1,"featured_media":28444,"menu_order":0,"comment_status":"closed","ping_status":"closed","template":"","meta":[],"tags":[24,1422,7488,5165,3711,31,1145,3019,3427,2827,7489,2790,5633,1731,588,2185,3018,1340,2783,5163,7487,2179,2823,7,2824,5162,2826,5632],"event_type":[7490],"event_type_2":[],"class_list":["post-28443","ajde_events","type-ajde_events","status-publish","has-post-thumbnail","tag-ai","tag-artificiell-intelligens","tag-blaljus","tag-civilforsvar","tag-cyberforsvar","tag-cybersakerhet","tag-digitalisering","tag-forsvarsindustri","tag-forsvarsmakten","tag-forsvarsteknik","tag-it-branschen-3","tag-kommuner","tag-krisberedskap","tag-kritisk-infrastruktur","tag-msb","tag-myndigheter","tag-nationell-sakerhet","tag-offentlig-sektor","tag-regioner","tag-sakerhetsbranschen","tag-sakerhetsteknik","tag-samhallssakerhet","tag-skydd","tag-stockholm","tag-stockholmsmassan","tag-totalforsvar","tag-totalforsvarsmassan","tag-totalforsvarsmassan-2026","event_location-stockholmsmassan","event_organizer-stockholmsmassan","event_type-massa","cs-entry","cs-video-wrap"],"_links":{"self":[{"href":"https:\/\/itbranschen.com\/de\/wp-json\/wp\/v2\/ajde_events\/28443","targetHints":{"allow":["GET"]}}],"collection":[{"href":"https:\/\/itbranschen.com\/de\/wp-json\/wp\/v2\/ajde_events"}],"about":[{"href":"https:\/\/itbranschen.com\/de\/wp-json\/wp\/v2\/types\/ajde_events"}],"author":[{"embeddable":true,"href":"https:\/\/itbranschen.com\/de\/wp-json\/wp\/v2\/users\/1"}],"replies":[{"embeddable":true,"href":"https:\/\/itbranschen.com\/de\/wp-json\/wp\/v2\/comments?post=28443"}],"wp:featuredmedia":[{"embeddable":true,"href":"https:\/\/itbranschen.com\/de\/wp-json\/wp\/v2\/media\/28444"}],"wp:attachment":[{"href":"https:\/\/itbranschen.com\/de\/wp-json\/wp\/v2\/media?parent=28443"}],"wp:term":[{"taxonomy":"post_tag","embeddable":true,"href":"https:\/\/itbranschen.com\/de\/wp-json\/wp\/v2\/tags?post=28443"},{"taxonomy":"event_type","embeddable":true,"href":"https:\/\/itbranschen.com\/de\/wp-json\/wp\/v2\/event_type?post=28443"},{"taxonomy":"event_type_2","embeddable":true,"href":"https:\/\/itbranschen.com\/de\/wp-json\/wp\/v2\/event_type_2?post=28443"}],"curies":[{"name":"wp","href":"https:\/\/api.w.org\/{rel}","templated":true}]}}